{"id":7363,"date":"2020-09-15T17:25:28","date_gmt":"2020-09-15T15:25:28","guid":{"rendered":"https:\/\/lamostradevalencia.com\/?page_id=7363"},"modified":"2020-11-17T17:19:16","modified_gmt":"2020-11-17T15:19:16","slug":"seances-speciales","status":"publish","type":"page","link":"https:\/\/lamostradevalencia.com\/fr\/edition-2020\/seances-speciales\/","title":{"rendered":"S\u00e9ances sp\u00e9ciales"},"content":{"rendered":"<div class=\"wpb-content-wrapper\"><p>[vc_row css=\u00a0\u00bb.vc_custom_1605626092891{padding-top: 90px !important;padding-right: 40px !important;padding-left: 40px !important;}\u00a0\u00bb][vc_column]<div class=\"edgtf-portfolio-list-holder edgtf-pl-gallery  edgtf-large-space edgtf-pl-three-columns edgtf-pl-standard-shader    edgtf-pl-pag-no-pagination     \"  data-type=gallery data-space-between-items=large data-number-of-items=-1 data-image-proportions=full data-enable-fixed-proportions=no data-enable-image-shadow=no data-category=seances-speciales-2020 data-orderby=date data-order=ASC data-item-style=standard-shader data-enable-title=yes data-title-tag=h4 data-enable-category=yes data-enable-count-images=yes data-enable-excerpt=no data-excerpt-length=20 data-pagination-type=no-pagination data-filter=no data-filter-order-by=name data-enable-article-animation=no data-portfolio-slider-on=no data-enable-loop=yes data-enable-autoplay=yes data-slider-speed=5000 data-slider-speed-animation=600 data-enable-navigation=yes data-enable-pagination=yes data-max-num-pages=0 data-next-page=2>\n\t\t<div class=\"edgtf-pl-inner edgtf-outer-space  clearfix\">\n\t\t<article class=\"edgtf-pl-item edgtf-item-space  post-8111 portfolio-item type-portfolio-item status-publish has-post-thumbnail hentry portfolio-category-festival-2020-fr portfolio-category-seances-speciales-2020 portfolio-tag-cine-valenciano-fr portfolio-tag-mostra-de-valencia-fr portfolio-tag-sesiones-especiales-fr portfolio-tag-un-cercle-en-laigua-fr portfolio-tag-vicent-monsonis-fr portfolio-tag-william-shakespeare-fr\">\n\t<div class=\"edgtf-pl-item-inner\">\n\t\t<div class=\"edgtf-pli-image\">\n\t<img loading=\"lazy\" decoding=\"async\" width=\"2560\" height=\"1073\" src=\"https:\/\/lamostradevalencia.com\/wp-content\/uploads\/2020\/09\/Un-cercle-2-scaled.jpg\" class=\"attachment-full size-full wp-post-image\" alt=\"\" srcset=\"https:\/\/lamostradevalencia.com\/wp-content\/uploads\/2020\/09\/Un-cercle-2-scaled.jpg 2560w, https:\/\/lamostradevalencia.com\/wp-content\/uploads\/2020\/09\/Un-cercle-2-300x126.jpg 300w, https:\/\/lamostradevalencia.com\/wp-content\/uploads\/2020\/09\/Un-cercle-2-1024x429.jpg 1024w, https:\/\/lamostradevalencia.com\/wp-content\/uploads\/2020\/09\/Un-cercle-2-768x322.jpg 768w, https:\/\/lamostradevalencia.com\/wp-content\/uploads\/2020\/09\/Un-cercle-2-1536x644.jpg 1536w\" sizes=\"auto, (max-width: 2560px) 100vw, 2560px\" \/><\/div>\n<div class=\"edgtf-pli-text-holder\" >\n\t<div class=\"edgtf-pli-text-wrapper\">\n\t\t<div class=\"edgtf-pli-text\">\n\t\t\t\t<h4 itemprop=\"name\" class=\"edgtf-pli-title entry-title\" >\n\t\tUN CERCLE EN L\u2019AIGUA\t<\/h4>\n\n\t\t\t\t\t<div class=\"edgtf-pli-category-holder\">\n\t\t\t\t\t\t\t<a itemprop=\"url\" class=\"edgtf-pli-category\" href=\"https:\/\/lamostradevalencia.com\/fr\/portfolio-category\/festival-2020-fr\/\">Festival 2020<\/a>\n\t\t\t\t\t\t\t<a itemprop=\"url\" class=\"edgtf-pli-category\" href=\"https:\/\/lamostradevalencia.com\/fr\/portfolio-category\/seances-speciales-2020\/\">S\u00e9ances sp\u00e9ciales 2020<\/a>\n\t\t\t\t\t<\/div>\n\t\n\t\t\t\n\t\t\t\t\t<\/div>\n\t<\/div>\n<\/div>\n\t\t<a itemprop=\"url\" class=\"edgtf-pli-link edgtf-block-drag-link\" href=\"https:\/\/lamostradevalencia.com\/fr\/peliculas\/un-cercle-en-laigua\/\" target=\"_self\"><\/a>\n\t<\/div>\n<\/article><article class=\"edgtf-pl-item edgtf-item-space  post-8127 portfolio-item type-portfolio-item status-publish has-post-thumbnail hentry portfolio-category-festival-2020-fr portfolio-category-seances-speciales-2020 portfolio-tag-cine-valenciano-fr portfolio-tag-miguel-angel-font-bisier-fr portfolio-tag-mostra-de-valencia-fr portfolio-tag-sesiones-especiales-fr portfolio-tag-swing-la-vida-dun-secret-fr portfolio-tag-world-premiere-fr\">\n\t<div class=\"edgtf-pl-item-inner\">\n\t\t<div class=\"edgtf-pli-image\">\n\t<img loading=\"lazy\" decoding=\"async\" width=\"2560\" height=\"1633\" src=\"https:\/\/lamostradevalencia.com\/wp-content\/uploads\/2020\/09\/Swing-1-scaled.jpg\" class=\"attachment-full size-full wp-post-image\" alt=\"\" srcset=\"https:\/\/lamostradevalencia.com\/wp-content\/uploads\/2020\/09\/Swing-1-scaled.jpg 2560w, https:\/\/lamostradevalencia.com\/wp-content\/uploads\/2020\/09\/Swing-1-300x191.jpg 300w, https:\/\/lamostradevalencia.com\/wp-content\/uploads\/2020\/09\/Swing-1-1024x653.jpg 1024w, https:\/\/lamostradevalencia.com\/wp-content\/uploads\/2020\/09\/Swing-1-768x490.jpg 768w, https:\/\/lamostradevalencia.com\/wp-content\/uploads\/2020\/09\/Swing-1-1536x980.jpg 1536w\" sizes=\"auto, (max-width: 2560px) 100vw, 2560px\" \/><\/div>\n<div class=\"edgtf-pli-text-holder\" >\n\t<div class=\"edgtf-pli-text-wrapper\">\n\t\t<div class=\"edgtf-pli-text\">\n\t\t\t\t<h4 itemprop=\"name\" class=\"edgtf-pli-title entry-title\" >\n\t\tSWING, LA VIDA D\u2019UN SECRET\t<\/h4>\n\n\t\t\t\t\t<div class=\"edgtf-pli-category-holder\">\n\t\t\t\t\t\t\t<a itemprop=\"url\" class=\"edgtf-pli-category\" href=\"https:\/\/lamostradevalencia.com\/fr\/portfolio-category\/festival-2020-fr\/\">Festival 2020<\/a>\n\t\t\t\t\t\t\t<a itemprop=\"url\" class=\"edgtf-pli-category\" href=\"https:\/\/lamostradevalencia.com\/fr\/portfolio-category\/seances-speciales-2020\/\">S\u00e9ances sp\u00e9ciales 2020<\/a>\n\t\t\t\t\t<\/div>\n\t\n\t\t\t\n\t\t\t\t\t<\/div>\n\t<\/div>\n<\/div>\n\t\t<a itemprop=\"url\" class=\"edgtf-pli-link edgtf-block-drag-link\" href=\"https:\/\/lamostradevalencia.com\/fr\/peliculas\/swing-la-vida-dun-secret\/\" target=\"_self\"><\/a>\n\t<\/div>\n<\/article><article class=\"edgtf-pl-item edgtf-item-space  post-8143 portfolio-item type-portfolio-item status-publish has-post-thumbnail hentry portfolio-category-festival-2020-fr portfolio-category-seances-speciales-2020 portfolio-tag-cine-valenciano-fr portfolio-tag-labenvinguda-fr portfolio-tag-mostra-de-valencia-fr portfolio-tag-pablo-peris-fr portfolio-tag-sesiones-especiales-fr\">\n\t<div class=\"edgtf-pl-item-inner\">\n\t\t<div class=\"edgtf-pli-image\">\n\t<img loading=\"lazy\" decoding=\"async\" width=\"2560\" height=\"1068\" src=\"https:\/\/lamostradevalencia.com\/wp-content\/uploads\/2020\/09\/La-benvinguda-scaled.jpg\" class=\"attachment-full size-full wp-post-image\" alt=\"\" srcset=\"https:\/\/lamostradevalencia.com\/wp-content\/uploads\/2020\/09\/La-benvinguda-scaled.jpg 2560w, https:\/\/lamostradevalencia.com\/wp-content\/uploads\/2020\/09\/La-benvinguda-300x125.jpg 300w, https:\/\/lamostradevalencia.com\/wp-content\/uploads\/2020\/09\/La-benvinguda-1024x427.jpg 1024w, https:\/\/lamostradevalencia.com\/wp-content\/uploads\/2020\/09\/La-benvinguda-768x320.jpg 768w, https:\/\/lamostradevalencia.com\/wp-content\/uploads\/2020\/09\/La-benvinguda-1536x641.jpg 1536w\" sizes=\"auto, (max-width: 2560px) 100vw, 2560px\" \/><\/div>\n<div class=\"edgtf-pli-text-holder\" >\n\t<div class=\"edgtf-pli-text-wrapper\">\n\t\t<div class=\"edgtf-pli-text\">\n\t\t\t\t<h4 itemprop=\"name\" class=\"edgtf-pli-title entry-title\" >\n\t\tLA BENVINGUDA\t<\/h4>\n\n\t\t\t\t\t<div class=\"edgtf-pli-category-holder\">\n\t\t\t\t\t\t\t<a itemprop=\"url\" class=\"edgtf-pli-category\" href=\"https:\/\/lamostradevalencia.com\/fr\/portfolio-category\/festival-2020-fr\/\">Festival 2020<\/a>\n\t\t\t\t\t\t\t<a itemprop=\"url\" class=\"edgtf-pli-category\" href=\"https:\/\/lamostradevalencia.com\/fr\/portfolio-category\/seances-speciales-2020\/\">S\u00e9ances sp\u00e9ciales 2020<\/a>\n\t\t\t\t\t<\/div>\n\t\n\t\t\t\n\t\t\t\t\t<\/div>\n\t<\/div>\n<\/div>\n\t\t<a itemprop=\"url\" class=\"edgtf-pli-link edgtf-block-drag-link\" href=\"https:\/\/lamostradevalencia.com\/fr\/peliculas\/la-benvinguda\/\" target=\"_self\"><\/a>\n\t<\/div>\n<\/article><article class=\"edgtf-pl-item edgtf-item-space  post-8154 portfolio-item type-portfolio-item status-publish has-post-thumbnail hentry portfolio-category-festival-2020-fr portfolio-category-seances-speciales-2020 portfolio-tag-cine-valenciano-fr portfolio-tag-documental-fr portfolio-tag-la-receta-del-equilibrio-fr portfolio-tag-mari-carmen-banyuls-fr portfolio-tag-mostra-de-valencia-fr portfolio-tag-oscar-bernacer-fr portfolio-tag-ricard-camarena-fr portfolio-tag-sesiones-especiales-fr\">\n\t<div class=\"edgtf-pl-item-inner\">\n\t\t<div class=\"edgtf-pli-image\">\n\t<img loading=\"lazy\" decoding=\"async\" width=\"1920\" height=\"803\" src=\"https:\/\/lamostradevalencia.com\/wp-content\/uploads\/2020\/09\/La-Receta-del-Equilibrio.jpg\" class=\"attachment-full size-full wp-post-image\" alt=\"\" srcset=\"https:\/\/lamostradevalencia.com\/wp-content\/uploads\/2020\/09\/La-Receta-del-Equilibrio.jpg 1920w, https:\/\/lamostradevalencia.com\/wp-content\/uploads\/2020\/09\/La-Receta-del-Equilibrio-300x125.jpg 300w, https:\/\/lamostradevalencia.com\/wp-content\/uploads\/2020\/09\/La-Receta-del-Equilibrio-1024x428.jpg 1024w, https:\/\/lamostradevalencia.com\/wp-content\/uploads\/2020\/09\/La-Receta-del-Equilibrio-768x321.jpg 768w, https:\/\/lamostradevalencia.com\/wp-content\/uploads\/2020\/09\/La-Receta-del-Equilibrio-1536x642.jpg 1536w\" sizes=\"auto, (max-width: 1920px) 100vw, 1920px\" \/><\/div>\n<div class=\"edgtf-pli-text-holder\" >\n\t<div class=\"edgtf-pli-text-wrapper\">\n\t\t<div class=\"edgtf-pli-text\">\n\t\t\t\t<h4 itemprop=\"name\" class=\"edgtf-pli-title entry-title\" >\n\t\tLA RECETA DEL EQUILIBRIO\t<\/h4>\n\n\t\t\t\t\t<div class=\"edgtf-pli-category-holder\">\n\t\t\t\t\t\t\t<a itemprop=\"url\" class=\"edgtf-pli-category\" href=\"https:\/\/lamostradevalencia.com\/fr\/portfolio-category\/festival-2020-fr\/\">Festival 2020<\/a>\n\t\t\t\t\t\t\t<a itemprop=\"url\" class=\"edgtf-pli-category\" href=\"https:\/\/lamostradevalencia.com\/fr\/portfolio-category\/seances-speciales-2020\/\">S\u00e9ances sp\u00e9ciales 2020<\/a>\n\t\t\t\t\t<\/div>\n\t\n\t\t\t\n\t\t\t\t\t<\/div>\n\t<\/div>\n<\/div>\n\t\t<a itemprop=\"url\" class=\"edgtf-pli-link edgtf-block-drag-link\" href=\"https:\/\/lamostradevalencia.com\/fr\/peliculas\/la-receta-del-equilibrio\/\" target=\"_self\"><\/a>\n\t<\/div>\n<\/article><article class=\"edgtf-pl-item edgtf-item-space  post-8165 portfolio-item type-portfolio-item status-publish has-post-thumbnail hentry portfolio-category-festival-2020-fr portfolio-category-seances-speciales-2020 portfolio-tag-cine-valenciano-fr portfolio-tag-documental-fr portfolio-tag-ignacio-estrela-fr portfolio-tag-josep-segrelles-fr portfolio-tag-mostra-de-valencia-fr portfolio-tag-segrelles-illustrador-universal-fr portfolio-tag-sesiones-especiales-fr\">\n\t<div class=\"edgtf-pl-item-inner\">\n\t\t<div class=\"edgtf-pli-image\">\n\t<img loading=\"lazy\" decoding=\"async\" width=\"2560\" height=\"1706\" src=\"https:\/\/lamostradevalencia.com\/wp-content\/uploads\/2020\/09\/Segrelles-2-scaled.jpg\" class=\"attachment-full size-full wp-post-image\" alt=\"\" srcset=\"https:\/\/lamostradevalencia.com\/wp-content\/uploads\/2020\/09\/Segrelles-2-scaled.jpg 2560w, https:\/\/lamostradevalencia.com\/wp-content\/uploads\/2020\/09\/Segrelles-2-300x200.jpg 300w, https:\/\/lamostradevalencia.com\/wp-content\/uploads\/2020\/09\/Segrelles-2-1024x683.jpg 1024w, https:\/\/lamostradevalencia.com\/wp-content\/uploads\/2020\/09\/Segrelles-2-768x512.jpg 768w, https:\/\/lamostradevalencia.com\/wp-content\/uploads\/2020\/09\/Segrelles-2-1536x1024.jpg 1536w\" sizes=\"auto, (max-width: 2560px) 100vw, 2560px\" \/><\/div>\n<div class=\"edgtf-pli-text-holder\" >\n\t<div class=\"edgtf-pli-text-wrapper\">\n\t\t<div class=\"edgtf-pli-text\">\n\t\t\t\t<h4 itemprop=\"name\" class=\"edgtf-pli-title entry-title\" >\n\t\tSEGRELLES. IL\u00b7LUSTRADOR UNIVERSAL\t<\/h4>\n\n\t\t\t\t\t<div class=\"edgtf-pli-category-holder\">\n\t\t\t\t\t\t\t<a itemprop=\"url\" class=\"edgtf-pli-category\" href=\"https:\/\/lamostradevalencia.com\/fr\/portfolio-category\/festival-2020-fr\/\">Festival 2020<\/a>\n\t\t\t\t\t\t\t<a itemprop=\"url\" class=\"edgtf-pli-category\" href=\"https:\/\/lamostradevalencia.com\/fr\/portfolio-category\/seances-speciales-2020\/\">S\u00e9ances sp\u00e9ciales 2020<\/a>\n\t\t\t\t\t<\/div>\n\t\n\t\t\t\n\t\t\t\t\t<\/div>\n\t<\/div>\n<\/div>\n\t\t<a itemprop=\"url\" class=\"edgtf-pli-link edgtf-block-drag-link\" href=\"https:\/\/lamostradevalencia.com\/fr\/peliculas\/segrelles-il%c2%b7lustrador-universal\/\" target=\"_self\"><\/a>\n\t<\/div>\n<\/article><article class=\"edgtf-pl-item edgtf-item-space  post-8181 portfolio-item type-portfolio-item status-publish has-post-thumbnail hentry portfolio-category-festival-2020-fr portfolio-category-seances-speciales-2020 portfolio-tag-madamecurie-fr portfolio-tag-marjane-satrapi-fr portfolio-tag-mostra-de-valencia-fr portfolio-tag-sesiones-especiales-fr\">\n\t<div class=\"edgtf-pl-item-inner\">\n\t\t<div class=\"edgtf-pli-image\">\n\t<img loading=\"lazy\" decoding=\"async\" width=\"1200\" height=\"762\" src=\"https:\/\/lamostradevalencia.com\/wp-content\/uploads\/2020\/09\/Madame-Curie-2.jpg\" class=\"attachment-full size-full wp-post-image\" alt=\"\" srcset=\"https:\/\/lamostradevalencia.com\/wp-content\/uploads\/2020\/09\/Madame-Curie-2.jpg 1200w, https:\/\/lamostradevalencia.com\/wp-content\/uploads\/2020\/09\/Madame-Curie-2-300x191.jpg 300w, https:\/\/lamostradevalencia.com\/wp-content\/uploads\/2020\/09\/Madame-Curie-2-1024x650.jpg 1024w, https:\/\/lamostradevalencia.com\/wp-content\/uploads\/2020\/09\/Madame-Curie-2-768x488.jpg 768w\" sizes=\"auto, (max-width: 1200px) 100vw, 1200px\" \/><\/div>\n<div class=\"edgtf-pli-text-holder\" >\n\t<div class=\"edgtf-pli-text-wrapper\">\n\t\t<div class=\"edgtf-pli-text\">\n\t\t\t\t<h4 itemprop=\"name\" class=\"edgtf-pli-title entry-title\" >\n\t\tMADAME CURIE\t<\/h4>\n\n\t\t\t\t\t<div class=\"edgtf-pli-category-holder\">\n\t\t\t\t\t\t\t<a itemprop=\"url\" class=\"edgtf-pli-category\" href=\"https:\/\/lamostradevalencia.com\/fr\/portfolio-category\/festival-2020-fr\/\">Festival 2020<\/a>\n\t\t\t\t\t\t\t<a itemprop=\"url\" class=\"edgtf-pli-category\" href=\"https:\/\/lamostradevalencia.com\/fr\/portfolio-category\/seances-speciales-2020\/\">S\u00e9ances sp\u00e9ciales 2020<\/a>\n\t\t\t\t\t<\/div>\n\t\n\t\t\t\n\t\t\t\t\t<\/div>\n\t<\/div>\n<\/div>\n\t\t<a itemprop=\"url\" class=\"edgtf-pli-link edgtf-block-drag-link\" href=\"https:\/\/lamostradevalencia.com\/fr\/peliculas\/madame-curie\/\" target=\"_self\"><\/a>\n\t<\/div>\n<\/article><article class=\"edgtf-pl-item edgtf-item-space  post-8197 portfolio-item type-portfolio-item status-publish has-post-thumbnail hentry portfolio-category-festival-2020-fr portfolio-category-seances-speciales-2020 portfolio-tag-lovingwallada-fr portfolio-tag-mostra-de-valencia-fr portfolio-tag-nacer-khemir-fr portfolio-tag-sesiones-especiales-fr\">\n\t<div class=\"edgtf-pl-item-inner\">\n\t\t<div class=\"edgtf-pli-image\">\n\t<img loading=\"lazy\" decoding=\"async\" width=\"1440\" height=\"900\" src=\"https:\/\/lamostradevalencia.com\/wp-content\/uploads\/2020\/09\/Loving-Wallada-1.png\" class=\"attachment-full size-full wp-post-image\" alt=\"\" srcset=\"https:\/\/lamostradevalencia.com\/wp-content\/uploads\/2020\/09\/Loving-Wallada-1.png 1440w, https:\/\/lamostradevalencia.com\/wp-content\/uploads\/2020\/09\/Loving-Wallada-1-300x188.png 300w, https:\/\/lamostradevalencia.com\/wp-content\/uploads\/2020\/09\/Loving-Wallada-1-1024x640.png 1024w, https:\/\/lamostradevalencia.com\/wp-content\/uploads\/2020\/09\/Loving-Wallada-1-768x480.png 768w\" sizes=\"auto, (max-width: 1440px) 100vw, 1440px\" \/><\/div>\n<div class=\"edgtf-pli-text-holder\" >\n\t<div class=\"edgtf-pli-text-wrapper\">\n\t\t<div class=\"edgtf-pli-text\">\n\t\t\t\t<h4 itemprop=\"name\" class=\"edgtf-pli-title entry-title\" >\n\t\tLOVING WALLADA\t<\/h4>\n\n\t\t\t\t\t<div class=\"edgtf-pli-category-holder\">\n\t\t\t\t\t\t\t<a itemprop=\"url\" class=\"edgtf-pli-category\" href=\"https:\/\/lamostradevalencia.com\/fr\/portfolio-category\/festival-2020-fr\/\">Festival 2020<\/a>\n\t\t\t\t\t\t\t<a itemprop=\"url\" class=\"edgtf-pli-category\" href=\"https:\/\/lamostradevalencia.com\/fr\/portfolio-category\/seances-speciales-2020\/\">S\u00e9ances sp\u00e9ciales 2020<\/a>\n\t\t\t\t\t<\/div>\n\t\n\t\t\t\n\t\t\t\t\t<\/div>\n\t<\/div>\n<\/div>\n\t\t<a itemprop=\"url\" class=\"edgtf-pli-link edgtf-block-drag-link\" href=\"https:\/\/lamostradevalencia.com\/fr\/peliculas\/loving-wallada\/\" target=\"_self\"><\/a>\n\t<\/div>\n<\/article><article class=\"edgtf-pl-item edgtf-item-space  post-8213 portfolio-item type-portfolio-item status-publish has-post-thumbnail hentry portfolio-category-festival-2020-fr portfolio-category-seances-speciales-2020 portfolio-tag-agustin-rubio-alcover-fr portfolio-tag-cine-valenciano-fr portfolio-tag-la-desvida-fr portfolio-tag-mostra-de-valencia-fr portfolio-tag-non-living-fr portfolio-tag-sesiones-especiales-fr\">\n\t<div class=\"edgtf-pl-item-inner\">\n\t\t<div class=\"edgtf-pli-image\">\n\t<img loading=\"lazy\" decoding=\"async\" width=\"1440\" height=\"900\" src=\"https:\/\/lamostradevalencia.com\/wp-content\/uploads\/2020\/09\/La-desvida.jpg\" class=\"attachment-full size-full wp-post-image\" alt=\"\" srcset=\"https:\/\/lamostradevalencia.com\/wp-content\/uploads\/2020\/09\/La-desvida.jpg 1440w, https:\/\/lamostradevalencia.com\/wp-content\/uploads\/2020\/09\/La-desvida-300x188.jpg 300w, https:\/\/lamostradevalencia.com\/wp-content\/uploads\/2020\/09\/La-desvida-1024x640.jpg 1024w, https:\/\/lamostradevalencia.com\/wp-content\/uploads\/2020\/09\/La-desvida-768x480.jpg 768w\" sizes=\"auto, (max-width: 1440px) 100vw, 1440px\" \/><\/div>\n<div class=\"edgtf-pli-text-holder\" >\n\t<div class=\"edgtf-pli-text-wrapper\">\n\t\t<div class=\"edgtf-pli-text\">\n\t\t\t\t<h4 itemprop=\"name\" class=\"edgtf-pli-title entry-title\" >\n\t\tLA DESVIDA\t<\/h4>\n\n\t\t\t\t\t<div class=\"edgtf-pli-category-holder\">\n\t\t\t\t\t\t\t<a itemprop=\"url\" class=\"edgtf-pli-category\" href=\"https:\/\/lamostradevalencia.com\/fr\/portfolio-category\/festival-2020-fr\/\">Festival 2020<\/a>\n\t\t\t\t\t\t\t<a itemprop=\"url\" class=\"edgtf-pli-category\" href=\"https:\/\/lamostradevalencia.com\/fr\/portfolio-category\/seances-speciales-2020\/\">S\u00e9ances sp\u00e9ciales 2020<\/a>\n\t\t\t\t\t<\/div>\n\t\n\t\t\t\n\t\t\t\t\t<\/div>\n\t<\/div>\n<\/div>\n\t\t<a itemprop=\"url\" class=\"edgtf-pli-link edgtf-block-drag-link\" href=\"https:\/\/lamostradevalencia.com\/fr\/peliculas\/la-desvida\/\" target=\"_self\"><\/a>\n\t<\/div>\n<\/article><article class=\"edgtf-pl-item edgtf-item-space  post-8224 portfolio-item type-portfolio-item status-publish has-post-thumbnail hentry portfolio-category-festival-2020-fr portfolio-category-seances-speciales-2020 portfolio-tag-cine-valenciano-fr portfolio-tag-laultimacena-fr portfolio-tag-maria-s-torregrosa-fr portfolio-tag-mostra-de-valencia-fr portfolio-tag-sesiones-especiales-fr portfolio-tag-toni-agusti-fr\">\n\t<div class=\"edgtf-pl-item-inner\">\n\t\t<div class=\"edgtf-pli-image\">\n\t<img loading=\"lazy\" decoding=\"async\" width=\"1920\" height=\"1038\" src=\"https:\/\/lamostradevalencia.com\/wp-content\/uploads\/2020\/09\/\u00daltima-cena-1.jpg\" class=\"attachment-full size-full wp-post-image\" alt=\"\" srcset=\"https:\/\/lamostradevalencia.com\/wp-content\/uploads\/2020\/09\/\u00daltima-cena-1.jpg 1920w, https:\/\/lamostradevalencia.com\/wp-content\/uploads\/2020\/09\/\u00daltima-cena-1-300x162.jpg 300w, https:\/\/lamostradevalencia.com\/wp-content\/uploads\/2020\/09\/\u00daltima-cena-1-1024x554.jpg 1024w, https:\/\/lamostradevalencia.com\/wp-content\/uploads\/2020\/09\/\u00daltima-cena-1-768x415.jpg 768w, https:\/\/lamostradevalencia.com\/wp-content\/uploads\/2020\/09\/\u00daltima-cena-1-1536x830.jpg 1536w\" sizes=\"auto, (max-width: 1920px) 100vw, 1920px\" \/><\/div>\n<div class=\"edgtf-pli-text-holder\" >\n\t<div class=\"edgtf-pli-text-wrapper\">\n\t\t<div class=\"edgtf-pli-text\">\n\t\t\t\t<h4 itemprop=\"name\" class=\"edgtf-pli-title entry-title\" >\n\t\tLA \u00daLTIMA CENA\t<\/h4>\n\n\t\t\t\t\t<div class=\"edgtf-pli-category-holder\">\n\t\t\t\t\t\t\t<a itemprop=\"url\" class=\"edgtf-pli-category\" href=\"https:\/\/lamostradevalencia.com\/fr\/portfolio-category\/festival-2020-fr\/\">Festival 2020<\/a>\n\t\t\t\t\t\t\t<a itemprop=\"url\" class=\"edgtf-pli-category\" href=\"https:\/\/lamostradevalencia.com\/fr\/portfolio-category\/seances-speciales-2020\/\">S\u00e9ances sp\u00e9ciales 2020<\/a>\n\t\t\t\t\t<\/div>\n\t\n\t\t\t\n\t\t\t\t\t<\/div>\n\t<\/div>\n<\/div>\n\t\t<a itemprop=\"url\" class=\"edgtf-pli-link edgtf-block-drag-link\" href=\"https:\/\/lamostradevalencia.com\/fr\/peliculas\/la-ultima-cena\/\" target=\"_self\"><\/a>\n\t<\/div>\n<\/article><article class=\"edgtf-pl-item edgtf-item-space  post-8240 portfolio-item type-portfolio-item status-publish has-post-thumbnail hentry portfolio-category-festival-2020-fr portfolio-category-seances-speciales-2020 portfolio-tag-gabriele-muccino-fr portfolio-tag-mostra-de-valencia-fr portfolio-tag-nuestros-mejores-anos-fr portfolio-tag-sesiones-especiales-fr\">\n\t<div class=\"edgtf-pl-item-inner\">\n\t\t<div class=\"edgtf-pli-image\">\n\t<img loading=\"lazy\" decoding=\"async\" width=\"2560\" height=\"1708\" src=\"https:\/\/lamostradevalencia.com\/wp-content\/uploads\/2020\/09\/Nuestros-mejores-a\u00f1os-1-scaled.jpg\" class=\"attachment-full size-full wp-post-image\" alt=\"\" srcset=\"https:\/\/lamostradevalencia.com\/wp-content\/uploads\/2020\/09\/Nuestros-mejores-a\u00f1os-1-scaled.jpg 2560w, https:\/\/lamostradevalencia.com\/wp-content\/uploads\/2020\/09\/Nuestros-mejores-a\u00f1os-1-300x200.jpg 300w, https:\/\/lamostradevalencia.com\/wp-content\/uploads\/2020\/09\/Nuestros-mejores-a\u00f1os-1-1024x683.jpg 1024w, https:\/\/lamostradevalencia.com\/wp-content\/uploads\/2020\/09\/Nuestros-mejores-a\u00f1os-1-768x513.jpg 768w, https:\/\/lamostradevalencia.com\/wp-content\/uploads\/2020\/09\/Nuestros-mejores-a\u00f1os-1-1536x1025.jpg 1536w\" sizes=\"auto, (max-width: 2560px) 100vw, 2560px\" \/><\/div>\n<div class=\"edgtf-pli-text-holder\" >\n\t<div class=\"edgtf-pli-text-wrapper\">\n\t\t<div class=\"edgtf-pli-text\">\n\t\t\t\t<h4 itemprop=\"name\" class=\"edgtf-pli-title entry-title\" >\n\t\tNUESTROS MEJORES A\u00d1OS\t<\/h4>\n\n\t\t\t\t\t<div class=\"edgtf-pli-category-holder\">\n\t\t\t\t\t\t\t<a itemprop=\"url\" class=\"edgtf-pli-category\" href=\"https:\/\/lamostradevalencia.com\/fr\/portfolio-category\/festival-2020-fr\/\">Festival 2020<\/a>\n\t\t\t\t\t\t\t<a itemprop=\"url\" class=\"edgtf-pli-category\" href=\"https:\/\/lamostradevalencia.com\/fr\/portfolio-category\/seances-speciales-2020\/\">S\u00e9ances sp\u00e9ciales 2020<\/a>\n\t\t\t\t\t<\/div>\n\t\n\t\t\t\n\t\t\t\t\t<\/div>\n\t<\/div>\n<\/div>\n\t\t<a itemprop=\"url\" class=\"edgtf-pli-link edgtf-block-drag-link\" href=\"https:\/\/lamostradevalencia.com\/fr\/peliculas\/nuestros-mejores-anos\/\" target=\"_self\"><\/a>\n\t<\/div>\n<\/article><article class=\"edgtf-pl-item edgtf-item-space  post-8905 portfolio-item type-portfolio-item status-publish has-post-thumbnail hentry portfolio-category-festival-2020-fr portfolio-category-seances-speciales-2020 portfolio-tag-antonio-lopez-fr portfolio-tag-dia-del-patrimonio-cinematografico-fr portfolio-tag-documental-fr portfolio-tag-el-sol-del-membrillo-fr portfolio-tag-filmoteca-fr portfolio-tag-mostra-de-valencia-fr portfolio-tag-sesion-especial-fr portfolio-tag-victor-erice-fr\">\n\t<div class=\"edgtf-pl-item-inner\">\n\t\t<div class=\"edgtf-pli-image\">\n\t<img loading=\"lazy\" decoding=\"async\" width=\"1500\" height=\"1092\" src=\"https:\/\/lamostradevalencia.com\/wp-content\/uploads\/2020\/10\/El-sol-del-membrillo.jpg\" class=\"attachment-full size-full wp-post-image\" alt=\"\" srcset=\"https:\/\/lamostradevalencia.com\/wp-content\/uploads\/2020\/10\/El-sol-del-membrillo.jpg 1500w, https:\/\/lamostradevalencia.com\/wp-content\/uploads\/2020\/10\/El-sol-del-membrillo-300x218.jpg 300w, https:\/\/lamostradevalencia.com\/wp-content\/uploads\/2020\/10\/El-sol-del-membrillo-1024x745.jpg 1024w, https:\/\/lamostradevalencia.com\/wp-content\/uploads\/2020\/10\/El-sol-del-membrillo-768x559.jpg 768w\" sizes=\"auto, (max-width: 1500px) 100vw, 1500px\" \/><\/div>\n<div class=\"edgtf-pli-text-holder\" >\n\t<div class=\"edgtf-pli-text-wrapper\">\n\t\t<div class=\"edgtf-pli-text\">\n\t\t\t\t<h4 itemprop=\"name\" class=\"edgtf-pli-title entry-title\" >\n\t\tEL SOL DEL MEMBRILLO\t<\/h4>\n\n\t\t\t\t\t<div class=\"edgtf-pli-category-holder\">\n\t\t\t\t\t\t\t<a itemprop=\"url\" class=\"edgtf-pli-category\" href=\"https:\/\/lamostradevalencia.com\/fr\/portfolio-category\/festival-2020-fr\/\">Festival 2020<\/a>\n\t\t\t\t\t\t\t<a itemprop=\"url\" class=\"edgtf-pli-category\" href=\"https:\/\/lamostradevalencia.com\/fr\/portfolio-category\/seances-speciales-2020\/\">S\u00e9ances sp\u00e9ciales 2020<\/a>\n\t\t\t\t\t<\/div>\n\t\n\t\t\t\n\t\t\t\t\t<\/div>\n\t<\/div>\n<\/div>\n\t\t<a itemprop=\"url\" class=\"edgtf-pli-link edgtf-block-drag-link\" href=\"https:\/\/lamostradevalencia.com\/fr\/peliculas\/el-sol-del-membrillo\/\" target=\"_self\"><\/a>\n\t<\/div>\n<\/article>\t<\/div>\n\t\n\t<\/div>[\/vc_column][\/vc_row][vc_row disable_element=\u00a0\u00bbyes\u00a0\u00bb][vc_column]<div class=\"templatera_shortcode\"><style type=\"text\/css\" data-type=\"vc_shortcodes-default-css\">.vc_do_custom_heading{margin-bottom:0.625rem;margin-top:0;}<\/style><style type=\"text\/css\" data-type=\"vc_shortcodes-custom-css\">.vc_custom_1600184094996{padding-top: 100px !important;padding-bottom: 100px !important;}<\/style><div class=\"vc_row wpb_row vc_row-fluid vc_custom_1600184094996\" ><div class=\"wpb_column vc_column_container vc_col-sm-12\"><div class=\"vc_column-inner\"><div class=\"wpb_wrapper\"><h2 style=\"text-align: center\" class=\"vc_custom_heading vc_do_custom_heading\" >Coming soon...<\/h2><\/div><\/div><\/div><\/div><\/div>[\/vc_column][\/vc_row]<\/p>\n<\/div>","protected":false},"excerpt":{"rendered":"EL SOL DEL MEMBRILLO Espa\u00f1a. 1991. Color. 132' S\u00e9ances sp\u00e9ciales Victor Erice filme \u00e0 Antonio L\u00f3pez en train d'essayer de peindre, pendant la saison de [...]","protected":false},"author":1,"featured_media":0,"parent":7560,"menu_order":9,"comment_status":"closed","ping_status":"closed","template":"full-width.php","meta":{"_uag_custom_page_level_css":"","_jet_sm_ready_style":"","_jet_sm_style":"","_jet_sm_controls_values":"","_jet_sm_fonts_collection":"","_jet_sm_fonts_links":"","footnotes":""},"class_list":["post-7363","page","type-page","status-publish","hentry"],"yoast_head":"<!-- This site is optimized with the Yoast SEO plugin v27.5 - https:\/\/yoast.com\/product\/yoast-seo-wordpress\/ -->\n<title>S\u00e9ances sp\u00e9ciales - Mostra de Val\u00e8ncia<\/title>\n<meta name=\"robots\" content=\"index, follow, max-snippet:-1, max-image-preview:large, max-video-preview:-1\" \/>\n<link rel=\"canonical\" href=\"https:\/\/lamostradevalencia.com\/fr\/edition-2020\/seances-speciales\/\" \/>\n<meta property=\"og:locale\" content=\"fr_FR\" \/>\n<meta property=\"og:type\" content=\"article\" \/>\n<meta property=\"og:title\" content=\"S\u00e9ances sp\u00e9ciales - Mostra de Val\u00e8ncia\" \/>\n<meta property=\"og:url\" content=\"https:\/\/lamostradevalencia.com\/fr\/edition-2020\/seances-speciales\/\" \/>\n<meta property=\"og:site_name\" content=\"Mostra de Val\u00e8ncia\" \/>\n<meta property=\"article:modified_time\" content=\"2020-11-17T15:19:16+00:00\" \/>\n<meta name=\"twitter:card\" content=\"summary_large_image\" \/>\n<script type=\"application\/ld+json\" class=\"yoast-schema-graph\">{\"@context\":\"https:\\\/\\\/schema.org\",\"@graph\":[{\"@type\":\"WebPage\",\"@id\":\"https:\\\/\\\/lamostradevalencia.com\\\/fr\\\/edition-2020\\\/seances-speciales\\\/\",\"url\":\"https:\\\/\\\/lamostradevalencia.com\\\/fr\\\/edition-2020\\\/seances-speciales\\\/\",\"name\":\"S\u00e9ances sp\u00e9ciales - Mostra de Val\u00e8ncia\",\"isPartOf\":{\"@id\":\"https:\\\/\\\/lamostradevalencia.com\\\/fr\\\/#website\"},\"datePublished\":\"2020-09-15T15:25:28+00:00\",\"dateModified\":\"2020-11-17T15:19:16+00:00\",\"breadcrumb\":{\"@id\":\"https:\\\/\\\/lamostradevalencia.com\\\/fr\\\/edition-2020\\\/seances-speciales\\\/#breadcrumb\"},\"inLanguage\":\"fr-FR\",\"potentialAction\":[{\"@type\":\"ReadAction\",\"target\":[\"https:\\\/\\\/lamostradevalencia.com\\\/fr\\\/edition-2020\\\/seances-speciales\\\/\"]}]},{\"@type\":\"BreadcrumbList\",\"@id\":\"https:\\\/\\\/lamostradevalencia.com\\\/fr\\\/edition-2020\\\/seances-speciales\\\/#breadcrumb\",\"itemListElement\":[{\"@type\":\"ListItem\",\"position\":1,\"name\":\"Portada\",\"item\":\"https:\\\/\\\/lamostradevalencia.com\\\/fr\\\/\"},{\"@type\":\"ListItem\",\"position\":2,\"name\":\"\u00c9dition 2020\",\"item\":\"https:\\\/\\\/lamostradevalencia.com\\\/fr\\\/edition-2020\\\/\"},{\"@type\":\"ListItem\",\"position\":3,\"name\":\"S\u00e9ances sp\u00e9ciales\"}]},{\"@type\":\"WebSite\",\"@id\":\"https:\\\/\\\/lamostradevalencia.com\\\/fr\\\/#website\",\"url\":\"https:\\\/\\\/lamostradevalencia.com\\\/fr\\\/\",\"name\":\"Mostra de Val\u00e8ncia\",\"description\":\"Cinema del Mediterrani\",\"potentialAction\":[{\"@type\":\"SearchAction\",\"target\":{\"@type\":\"EntryPoint\",\"urlTemplate\":\"https:\\\/\\\/lamostradevalencia.com\\\/fr\\\/?s={search_term_string}\"},\"query-input\":{\"@type\":\"PropertyValueSpecification\",\"valueRequired\":true,\"valueName\":\"search_term_string\"}}],\"inLanguage\":\"fr-FR\"}]}<\/script>\n<!-- \/ Yoast SEO plugin. -->","yoast_head_json":{"title":"S\u00e9ances sp\u00e9ciales - Mostra de Val\u00e8ncia","robots":{"index":"index","follow":"follow","max-snippet":"max-snippet:-1","max-image-preview":"max-image-preview:large","max-video-preview":"max-video-preview:-1"},"canonical":"https:\/\/lamostradevalencia.com\/fr\/edition-2020\/seances-speciales\/","og_locale":"fr_FR","og_type":"article","og_title":"S\u00e9ances sp\u00e9ciales - Mostra de Val\u00e8ncia","og_url":"https:\/\/lamostradevalencia.com\/fr\/edition-2020\/seances-speciales\/","og_site_name":"Mostra de Val\u00e8ncia","article_modified_time":"2020-11-17T15:19:16+00:00","twitter_card":"summary_large_image","schema":{"@context":"https:\/\/schema.org","@graph":[{"@type":"WebPage","@id":"https:\/\/lamostradevalencia.com\/fr\/edition-2020\/seances-speciales\/","url":"https:\/\/lamostradevalencia.com\/fr\/edition-2020\/seances-speciales\/","name":"S\u00e9ances sp\u00e9ciales - Mostra de Val\u00e8ncia","isPartOf":{"@id":"https:\/\/lamostradevalencia.com\/fr\/#website"},"datePublished":"2020-09-15T15:25:28+00:00","dateModified":"2020-11-17T15:19:16+00:00","breadcrumb":{"@id":"https:\/\/lamostradevalencia.com\/fr\/edition-2020\/seances-speciales\/#breadcrumb"},"inLanguage":"fr-FR","potentialAction":[{"@type":"ReadAction","target":["https:\/\/lamostradevalencia.com\/fr\/edition-2020\/seances-speciales\/"]}]},{"@type":"BreadcrumbList","@id":"https:\/\/lamostradevalencia.com\/fr\/edition-2020\/seances-speciales\/#breadcrumb","itemListElement":[{"@type":"ListItem","position":1,"name":"Portada","item":"https:\/\/lamostradevalencia.com\/fr\/"},{"@type":"ListItem","position":2,"name":"\u00c9dition 2020","item":"https:\/\/lamostradevalencia.com\/fr\/edition-2020\/"},{"@type":"ListItem","position":3,"name":"S\u00e9ances sp\u00e9ciales"}]},{"@type":"WebSite","@id":"https:\/\/lamostradevalencia.com\/fr\/#website","url":"https:\/\/lamostradevalencia.com\/fr\/","name":"Mostra de Val\u00e8ncia","description":"Cinema del Mediterrani","potentialAction":[{"@type":"SearchAction","target":{"@type":"EntryPoint","urlTemplate":"https:\/\/lamostradevalencia.com\/fr\/?s={search_term_string}"},"query-input":{"@type":"PropertyValueSpecification","valueRequired":true,"valueName":"search_term_string"}}],"inLanguage":"fr-FR"}]}},"uagb_featured_image_src":{"full":false,"thumbnail":false,"medium":false,"medium_large":false,"large":false,"1536x1536":false,"2048x2048":false,"cinerama_edge_image_square":false,"cinerama_edge_image_landscape":false,"cinerama_edge_image_portrait":false,"cinerama_edge_image_huge":false,"gform-image-choice-sm":false,"gform-image-choice-md":false,"gform-image-choice-lg":false},"uagb_author_info":{"display_name":"Mostra de Val\u00e8ncia","author_link":"https:\/\/lamostradevalencia.com\/fr\/author\/mostravalencia\/"},"uagb_comment_info":0,"uagb_excerpt":null,"_links":{"self":[{"href":"https:\/\/lamostradevalencia.com\/fr\/wp-json\/wp\/v2\/pages\/7363","targetHints":{"allow":["GET"]}}],"collection":[{"href":"https:\/\/lamostradevalencia.com\/fr\/wp-json\/wp\/v2\/pages"}],"about":[{"href":"https:\/\/lamostradevalencia.com\/fr\/wp-json\/wp\/v2\/types\/page"}],"author":[{"embeddable":true,"href":"https:\/\/lamostradevalencia.com\/fr\/wp-json\/wp\/v2\/users\/1"}],"replies":[{"embeddable":true,"href":"https:\/\/lamostradevalencia.com\/fr\/wp-json\/wp\/v2\/comments?post=7363"}],"version-history":[{"count":5,"href":"https:\/\/lamostradevalencia.com\/fr\/wp-json\/wp\/v2\/pages\/7363\/revisions"}],"predecessor-version":[{"id":9924,"href":"https:\/\/lamostradevalencia.com\/fr\/wp-json\/wp\/v2\/pages\/7363\/revisions\/9924"}],"up":[{"embeddable":true,"href":"https:\/\/lamostradevalencia.com\/fr\/wp-json\/wp\/v2\/pages\/7560"}],"wp:attachment":[{"href":"https:\/\/lamostradevalencia.com\/fr\/wp-json\/wp\/v2\/media?parent=7363"}],"curies":[{"name":"wp","href":"https:\/\/api.w.org\/{rel}","templated":true}]}}