{"id":6850,"date":"2018-10-04T11:59:55","date_gmt":"2018-10-04T09:59:55","guid":{"rendered":"https:\/\/lamostradevalencia.com\/la-mostra\/"},"modified":"2025-06-30T07:27:28","modified_gmt":"2025-06-30T05:27:28","slug":"la-mostra","status":"publish","type":"page","link":"https:\/\/lamostradevalencia.com\/fr\/la-mostra\/","title":{"rendered":"La Mostra"},"content":{"rendered":"<div class=\"wpb-content-wrapper\"><p>[vc_row gap=\u00a0\u00bb25&Prime; equal_height=\u00a0\u00bbyes\u00a0\u00bb content_placement=\u00a0\u00bbmiddle\u00a0\u00bb row_content_width=\u00a0\u00bbgrid\u00a0\u00bb css=\u00a0\u00bb.vc_custom_1538649634707{padding-top: 45px !important;padding-bottom: 90px !important;background-color: #000000 !important;}\u00a0\u00bb simple_background_color=\u00a0\u00bb#000000&Prime;][vc_column width=\u00a0\u00bb1\/2&Prime;]<div class=\"edgtf-section-title-holder  edgtf-st-standard edgtf-st-title-left edgtf-st-ratio-1-2 edgtf-st-large-space\" >\n\t<div class=\"edgtf-st-inner\">\n\t\t\t\t\t<h3 class=\"edgtf-st-title\" style=\"color: #ffffff\">\n\t\t\t\tMOSTRA DE VAL\u00c8NCIA\t\t\t<\/h3>\n\t\t\t\t\t\t\t<h6 class=\"edgtf-st-text\" style=\"color: #ffffff\">\n\t\t\t\tCINEMA DEL MEDITERRANI\t\t\t<\/h6>\n\t\t\t<\/div>\n<\/div>[vc_column_text css=\u00a0\u00bb.vc_custom_1582821618780{padding-top: 15px !important;}\u00a0\u00bb]<span style=\"color: #ffffff;\">Mostra de Val\u00e8ncia i Iniciatives Audiovisuals est une entit\u00e9 publique cr\u00e9\u00e9e par la mairie de Valence en 2011 et relanc\u00e9e en 2018 dans le but de redynamiser le festival de cin\u00e9ma <em>Mostra de Val\u00e8ncia\u2013Cinema del Mediterrani<\/em>. Cette volont\u00e9 implique la construction d\u2019un projet solide et sur le long terme qui affirme la Mostra en tant que r\u00e9f\u00e9rence culturelle de la ville et pour la ville, avec un rayonnement maximal hors des fronti\u00e8res de l\u2019Espagne.<\/span>[\/vc_column_text][\/vc_column][vc_column width=\u00a0\u00bb1\/2&Prime;][vc_single_image image=\u00a0\u00bb6853&Prime; img_size=\u00a0\u00bbfull\u00a0\u00bb alignment=\u00a0\u00bbcenter\u00a0\u00bb][\/vc_column][\/vc_row][vc_row gap=\u00a0\u00bb25&Prime; equal_height=\u00a0\u00bbyes\u00a0\u00bb content_placement=\u00a0\u00bbtop\u00a0\u00bb row_content_width=\u00a0\u00bbgrid\u00a0\u00bb css=\u00a0\u00bb.vc_custom_1538649628313{padding-top: 90px !important;padding-bottom: 90px !important;}\u00a0\u00bb][vc_column width=\u00a0\u00bb1\/2&Prime; css=\u00a0\u00bb.vc_custom_1538649563689{padding-bottom: 45px !important;}\u00a0\u00bb]<div class=\"edgtf-section-title-holder  edgtf-st-standard edgtf-st-title-left edgtf-st-ratio-1-2 edgtf-st-large-space\" style=\"text-align: left\">\n\t<div class=\"edgtf-st-inner\">\n\t\t\t\t\t<h3 class=\"edgtf-st-title\" >\n\t\t\t\tORGANISATION\t\t\t<\/h3>\n\t\t\t\t\t<\/div>\n<\/div>[vc_column_text css=\u00a0\u00bb.vc_custom_1751261229282{padding-top: 15px !important;}\u00a0\u00bb]La Sous-direction de la Cin\u00e9matographie et de l\u2019Audiovisuel du Palau de la M\u00fasica de Val\u00e8ncia est responsable de l\u2019organisation et du d\u00e9veloppement de la Mostra de Val\u00e8ncia\u2013Cin\u00e9ma de la M\u00e9diterran\u00e9e, avec pour objectif de construire un projet solide et durable qui consolide la Mostra comme une r\u00e9f\u00e9rence culturelle de la ville et pour la ville, avec une projection maximale au-del\u00e0 de notre territoire.[\/vc_column_text][\/vc_column][vc_column width=\u00a0\u00bb1\/2&Prime;][\/vc_column][\/vc_row][vc_row gap=\u00a0\u00bb25&Prime; equal_height=\u00a0\u00bbyes\u00a0\u00bb content_placement=\u00a0\u00bbtop\u00a0\u00bb disable_element=\u00a0\u00bbyes\u00a0\u00bb row_content_width=\u00a0\u00bbgrid\u00a0\u00bb css=\u00a0\u00bb.vc_custom_1751261243736{padding-top: 90px !important;padding-bottom: 90px !important;}\u00a0\u00bb][vc_column width=\u00a0\u00bb1\/2&Prime; css=\u00a0\u00bb.vc_custom_1538649563689{padding-bottom: 45px !important;}\u00a0\u00bb]<div class=\"edgtf-section-title-holder  edgtf-st-standard edgtf-st-title-left edgtf-st-ratio-1-2 edgtf-st-large-space\" style=\"text-align: left\">\n\t<div class=\"edgtf-st-inner\">\n\t\t\t\t\t<h3 class=\"edgtf-st-title\" >\n\t\t\t\tORGANISATION\t\t\t<\/h3>\n\t\t\t\t\t<\/div>\n<\/div>[vc_column_text css=\u00a0\u00bb.vc_custom_1751261235576{padding-top: 15px !important;}\u00a0\u00bb]La Sous-direction de la Cin\u00e9matographie et de l\u2019Audiovisuel du Palau de la M\u00fasica de Val\u00e8ncia est responsable de l\u2019organisation et du d\u00e9veloppement de la Mostra de Val\u00e8ncia\u2013Cin\u00e9ma de la M\u00e9diterran\u00e9e, avec pour objectif de construire un projet solide et durable qui consolide la Mostra comme une r\u00e9f\u00e9rence culturelle de la ville et pour la ville, avec une projection maximale au-del\u00e0 de notre territoire.[\/vc_column_text][\/vc_column][vc_column width=\u00a0\u00bb1\/2&Prime;]<div class=\"edgtf-section-title-holder  edgtf-st-standard edgtf-st-title-left edgtf-st-ratio-1-2 edgtf-st-large-space\" style=\"text-align: left\">\n\t<div class=\"edgtf-st-inner\">\n\t\t\t\t\t<h3 class=\"edgtf-st-title\" >\n\t\t\t\tTRANSPARENCE\t\t\t<\/h3>\n\t\t\t\t\t<\/div>\n<\/div>[vc_column_text css=\u00a0\u00bb.vc_custom_1539255162878{padding-top: 15px !important;padding-bottom: 15px !important;}\u00a0\u00bb]Consultez le portail relatif \u00e0 la transparence en cliquant sur le lien suivant\u00a0:[\/vc_column_text]<a itemprop=\"url\" href=\"http:\/\/www.valencia.es\/transparenciaspl\/ca\/web\/mostra-de-valencia\/inici\" target=\"_self\"  class=\"edgtf-btn edgtf-btn-medium edgtf-btn-simple edgtf-btn- \"  >\n    <span class=\"edgtf-btn-text\">Portail de la transparence<\/span>\n    <\/a>[\/vc_column][\/vc_row]<\/p>\n<\/div>","protected":false},"excerpt":{"rendered":"<p>[vc_row gap=\u00a0\u00bb25&Prime; equal_height=\u00a0\u00bbyes\u00a0\u00bb content_placement=\u00a0\u00bbmiddle\u00a0\u00bb row_content_width=\u00a0\u00bbgrid\u00a0\u00bb css=\u00a0\u00bb.vc_custom_1538649634707{padding-top: 45px !important;padding-bottom: 90px !important;background-color: #000000 !important;}\u00a0\u00bb simple_background_color=\u00a0\u00bb#000000&Prime;][vc_column width=\u00a0\u00bb1\/2&Prime;][vc_column_text css=\u00a0\u00bb.vc_custom_1582821618780{padding-top: 15px !important;}\u00a0\u00bb]Mostra de Val\u00e8ncia i Iniciatives Audiovisuals est une entit\u00e9 [&hellip;]<\/p>\n","protected":false},"author":1,"featured_media":0,"parent":0,"menu_order":1,"comment_status":"closed","ping_status":"closed","template":"full-width.php","meta":{"_uag_custom_page_level_css":"","_jet_sm_ready_style":"","_jet_sm_style":"","_jet_sm_controls_values":"","_jet_sm_fonts_collection":"","_jet_sm_fonts_links":"","footnotes":""},"class_list":["post-6850","page","type-page","status-publish","hentry"],"yoast_head":"<!-- This site is optimized with the Yoast SEO plugin v27.4 - https:\/\/yoast.com\/product\/yoast-seo-wordpress\/ -->\n<title>La Mostra - Mostra de Val\u00e8ncia<\/title>\n<meta name=\"robots\" content=\"index, follow, max-snippet:-1, max-image-preview:large, max-video-preview:-1\" \/>\n<link rel=\"canonical\" href=\"https:\/\/lamostradevalencia.com\/fr\/la-mostra\/\" \/>\n<meta property=\"og:locale\" content=\"fr_FR\" \/>\n<meta property=\"og:type\" content=\"article\" \/>\n<meta property=\"og:title\" content=\"La Mostra - Mostra de Val\u00e8ncia\" \/>\n<meta property=\"og:description\" content=\"[vc_row gap=\u00a0\u00bb25&Prime; equal_height=\u00a0\u00bbyes\u00a0\u00bb content_placement=\u00a0\u00bbmiddle\u00a0\u00bb row_content_width=\u00a0\u00bbgrid\u00a0\u00bb css=\u00a0\u00bb.vc_custom_1538649634707{padding-top: 45px !important;padding-bottom: 90px !important;background-color: #000000 !important;}\u00a0\u00bb simple_background_color=\u00a0\u00bb#000000&Prime;][vc_column width=\u00a0\u00bb1\/2&Prime;][vc_column_text css=\u00a0\u00bb.vc_custom_1582821618780{padding-top: 15px !important;}\u00a0\u00bb]Mostra de Val\u00e8ncia i Iniciatives Audiovisuals est une entit\u00e9 [&hellip;]\" \/>\n<meta property=\"og:url\" content=\"https:\/\/lamostradevalencia.com\/fr\/la-mostra\/\" \/>\n<meta property=\"og:site_name\" content=\"Mostra de Val\u00e8ncia\" \/>\n<meta property=\"article:modified_time\" content=\"2025-06-30T05:27:28+00:00\" \/>\n<meta name=\"twitter:card\" content=\"summary_large_image\" \/>\n<meta name=\"twitter:label1\" content=\"Dur\u00e9e de lecture estim\u00e9e\" \/>\n\t<meta name=\"twitter:data1\" content=\"2 minutes\" \/>\n<script type=\"application\/ld+json\" class=\"yoast-schema-graph\">{\"@context\":\"https:\\\/\\\/schema.org\",\"@graph\":[{\"@type\":\"WebPage\",\"@id\":\"https:\\\/\\\/lamostradevalencia.com\\\/fr\\\/la-mostra\\\/\",\"url\":\"https:\\\/\\\/lamostradevalencia.com\\\/fr\\\/la-mostra\\\/\",\"name\":\"La Mostra - Mostra de Val\u00e8ncia\",\"isPartOf\":{\"@id\":\"https:\\\/\\\/lamostradevalencia.com\\\/fr\\\/#website\"},\"datePublished\":\"2018-10-04T09:59:55+00:00\",\"dateModified\":\"2025-06-30T05:27:28+00:00\",\"breadcrumb\":{\"@id\":\"https:\\\/\\\/lamostradevalencia.com\\\/fr\\\/la-mostra\\\/#breadcrumb\"},\"inLanguage\":\"fr-FR\",\"potentialAction\":[{\"@type\":\"ReadAction\",\"target\":[\"https:\\\/\\\/lamostradevalencia.com\\\/fr\\\/la-mostra\\\/\"]}]},{\"@type\":\"BreadcrumbList\",\"@id\":\"https:\\\/\\\/lamostradevalencia.com\\\/fr\\\/la-mostra\\\/#breadcrumb\",\"itemListElement\":[{\"@type\":\"ListItem\",\"position\":1,\"name\":\"Portada\",\"item\":\"https:\\\/\\\/lamostradevalencia.com\\\/fr\\\/\"},{\"@type\":\"ListItem\",\"position\":2,\"name\":\"La Mostra\"}]},{\"@type\":\"WebSite\",\"@id\":\"https:\\\/\\\/lamostradevalencia.com\\\/fr\\\/#website\",\"url\":\"https:\\\/\\\/lamostradevalencia.com\\\/fr\\\/\",\"name\":\"Mostra de Val\u00e8ncia\",\"description\":\"Cinema del Mediterrani\",\"potentialAction\":[{\"@type\":\"SearchAction\",\"target\":{\"@type\":\"EntryPoint\",\"urlTemplate\":\"https:\\\/\\\/lamostradevalencia.com\\\/fr\\\/?s={search_term_string}\"},\"query-input\":{\"@type\":\"PropertyValueSpecification\",\"valueRequired\":true,\"valueName\":\"search_term_string\"}}],\"inLanguage\":\"fr-FR\"}]}<\/script>\n<!-- \/ Yoast SEO plugin. -->","yoast_head_json":{"title":"La Mostra - Mostra de Val\u00e8ncia","robots":{"index":"index","follow":"follow","max-snippet":"max-snippet:-1","max-image-preview":"max-image-preview:large","max-video-preview":"max-video-preview:-1"},"canonical":"https:\/\/lamostradevalencia.com\/fr\/la-mostra\/","og_locale":"fr_FR","og_type":"article","og_title":"La Mostra - Mostra de Val\u00e8ncia","og_description":"[vc_row gap=\u00a0\u00bb25&Prime; equal_height=\u00a0\u00bbyes\u00a0\u00bb content_placement=\u00a0\u00bbmiddle\u00a0\u00bb row_content_width=\u00a0\u00bbgrid\u00a0\u00bb css=\u00a0\u00bb.vc_custom_1538649634707{padding-top: 45px !important;padding-bottom: 90px !important;background-color: #000000 !important;}\u00a0\u00bb simple_background_color=\u00a0\u00bb#000000&Prime;][vc_column width=\u00a0\u00bb1\/2&Prime;][vc_column_text css=\u00a0\u00bb.vc_custom_1582821618780{padding-top: 15px !important;}\u00a0\u00bb]Mostra de Val\u00e8ncia i Iniciatives Audiovisuals est une entit\u00e9 [&hellip;]","og_url":"https:\/\/lamostradevalencia.com\/fr\/la-mostra\/","og_site_name":"Mostra de Val\u00e8ncia","article_modified_time":"2025-06-30T05:27:28+00:00","twitter_card":"summary_large_image","twitter_misc":{"Dur\u00e9e de lecture estim\u00e9e":"2 minutes"},"schema":{"@context":"https:\/\/schema.org","@graph":[{"@type":"WebPage","@id":"https:\/\/lamostradevalencia.com\/fr\/la-mostra\/","url":"https:\/\/lamostradevalencia.com\/fr\/la-mostra\/","name":"La Mostra - Mostra de Val\u00e8ncia","isPartOf":{"@id":"https:\/\/lamostradevalencia.com\/fr\/#website"},"datePublished":"2018-10-04T09:59:55+00:00","dateModified":"2025-06-30T05:27:28+00:00","breadcrumb":{"@id":"https:\/\/lamostradevalencia.com\/fr\/la-mostra\/#breadcrumb"},"inLanguage":"fr-FR","potentialAction":[{"@type":"ReadAction","target":["https:\/\/lamostradevalencia.com\/fr\/la-mostra\/"]}]},{"@type":"BreadcrumbList","@id":"https:\/\/lamostradevalencia.com\/fr\/la-mostra\/#breadcrumb","itemListElement":[{"@type":"ListItem","position":1,"name":"Portada","item":"https:\/\/lamostradevalencia.com\/fr\/"},{"@type":"ListItem","position":2,"name":"La Mostra"}]},{"@type":"WebSite","@id":"https:\/\/lamostradevalencia.com\/fr\/#website","url":"https:\/\/lamostradevalencia.com\/fr\/","name":"Mostra de Val\u00e8ncia","description":"Cinema del Mediterrani","potentialAction":[{"@type":"SearchAction","target":{"@type":"EntryPoint","urlTemplate":"https:\/\/lamostradevalencia.com\/fr\/?s={search_term_string}"},"query-input":{"@type":"PropertyValueSpecification","valueRequired":true,"valueName":"search_term_string"}}],"inLanguage":"fr-FR"}]}},"uagb_featured_image_src":{"full":false,"thumbnail":false,"medium":false,"medium_large":false,"large":false,"1536x1536":false,"2048x2048":false,"cinerama_edge_image_square":false,"cinerama_edge_image_landscape":false,"cinerama_edge_image_portrait":false,"cinerama_edge_image_huge":false,"gform-image-choice-sm":false,"gform-image-choice-md":false,"gform-image-choice-lg":false},"uagb_author_info":{"display_name":"Mostra de Val\u00e8ncia","author_link":"https:\/\/lamostradevalencia.com\/fr\/author\/mostravalencia\/"},"uagb_comment_info":0,"uagb_excerpt":"[vc_row gap=\u00a0\u00bb25&Prime; equal_height=\u00a0\u00bbyes\u00a0\u00bb content_placement=\u00a0\u00bbmiddle\u00a0\u00bb row_content_width=\u00a0\u00bbgrid\u00a0\u00bb css=\u00a0\u00bb.vc_custom_1538649634707{padding-top: 45px !important;padding-bottom: 90px !important;background-color: #000000 !important;}\u00a0\u00bb simple_background_color=\u00a0\u00bb#000000&Prime;][vc_column width=\u00a0\u00bb1\/2&Prime;][vc_column_text css=\u00a0\u00bb.vc_custom_1582821618780{padding-top: 15px !important;}\u00a0\u00bb]Mostra de Val\u00e8ncia i Iniciatives Audiovisuals est une entit\u00e9 [&hellip;]","_links":{"self":[{"href":"https:\/\/lamostradevalencia.com\/fr\/wp-json\/wp\/v2\/pages\/6850","targetHints":{"allow":["GET"]}}],"collection":[{"href":"https:\/\/lamostradevalencia.com\/fr\/wp-json\/wp\/v2\/pages"}],"about":[{"href":"https:\/\/lamostradevalencia.com\/fr\/wp-json\/wp\/v2\/types\/page"}],"author":[{"embeddable":true,"href":"https:\/\/lamostradevalencia.com\/fr\/wp-json\/wp\/v2\/users\/1"}],"replies":[{"embeddable":true,"href":"https:\/\/lamostradevalencia.com\/fr\/wp-json\/wp\/v2\/comments?post=6850"}],"version-history":[{"count":7,"href":"https:\/\/lamostradevalencia.com\/fr\/wp-json\/wp\/v2\/pages\/6850\/revisions"}],"predecessor-version":[{"id":26644,"href":"https:\/\/lamostradevalencia.com\/fr\/wp-json\/wp\/v2\/pages\/6850\/revisions\/26644"}],"wp:attachment":[{"href":"https:\/\/lamostradevalencia.com\/fr\/wp-json\/wp\/v2\/media?parent=6850"}],"curies":[{"name":"wp","href":"https:\/\/api.w.org\/{rel}","templated":true}]}}