{"id":5713,"date":"2018-10-04T17:20:36","date_gmt":"2018-10-04T15:20:36","guid":{"rendered":"https:\/\/lamostradevalencia.com\/lieux\/"},"modified":"2023-06-06T17:03:49","modified_gmt":"2023-06-06T15:03:49","slug":"lieux","status":"publish","type":"page","link":"https:\/\/lamostradevalencia.com\/fr\/lieux\/","title":{"rendered":"Lieux"},"content":{"rendered":"<div class=\"wpb-content-wrapper\"><p>[vc_row gap=\u00a0\u00bb25&Prime; css=\u00a0\u00bb.vc_custom_1686063717781{padding-top: 40px !important;padding-right: 40px !important;padding-bottom: 40px !important;padding-left: 40px !important;}\u00a0\u00bb][vc_column width=\u00a0\u00bb1\/6&Prime; css=\u00a0\u00bb.vc_custom_1686063605287{padding-bottom: 50px !important;}\u00a0\u00bb offset=\u00a0\u00bbvc_hidden-md vc_hidden-sm vc_hidden-xs\u00a0\u00bb][\/vc_column][vc_column width=\u00a0\u00bb2\/6&Prime; css=\u00a0\u00bb.vc_custom_1538667610331{padding-bottom: 50px !important;}\u00a0\u00bb][vc_gmaps link=\u00a0\u00bb#E-8_JTNDaWZyYW1lJTIwc3JjJTNEJTIyaHR0cHMlM0ElMkYlMkZ3d3cuZ29vZ2xlLmNvbSUyRm1hcHMlMkZlbWJlZCUzRnBiJTNEJTIxMW0xOCUyMTFtMTIlMjExbTMlMjExZDMwNzkuOTgwODc4ODYyODQlMjEyZC0wLjM1OTQ1MjI4NDAxODA4NyUyMTNkMzkuNDY5NzYwNjc5NDg2MzglMjEybTMlMjExZjAlMjEyZjAlMjEzZjAlMjEzbTIlMjExaTEwMjQlMjEyaTc2OCUyMTRmMTMuMSUyMTNtMyUyMTFtMiUyMTFzMHhkNjA0OGJlNzI5ODI3MjclMjUzQTB4NjVlZDgwZjZmYTViYjRkMyUyMTJzQ2luZXMlMkJCYWJlbCUyMTVlMCUyMTNtMiUyMTFzZXMlMjEyc2VzJTIxNHYxNTM4NjY3MTMyNzc4JTIyJTIwd2lkdGglM0QlMjI2MDAlMjIlMjBoZWlnaHQlM0QlMjIzMDAlMjIlMjBmcmFtZWJvcmRlciUzRCUyMjAlMjIlMjBzdHlsZSUzRCUyMmJvcmRlciUzQTAlMjIlMjBhbGxvd2Z1bGxzY3JlZW4lM0UlM0MlMkZpZnJhbWUlM0U=\u00a0\u00bb][vc_column_text el_class=\u00a0\u00bbsedestitulo\u00a0\u00bb css=\u00a0\u00bb.vc_custom_1602860550514{padding-top: 25px !important;}\u00a0\u00bb]<\/p>\n<h4>Cines Babel<\/h4>\n<p>C. de Vicent Sancho Tello, 10, 46021 Val\u00e8ncia<br \/>\n<strong>963 626 795<\/strong>[\/vc_column_text][\/vc_column][vc_column width=\u00a0\u00bb2\/6&Prime;][vc_gmaps link=\u00a0\u00bb#E-8_JTNDaWZyYW1lJTIwc3JjJTNEJTIyaHR0cHMlM0ElMkYlMkZ3d3cuZ29vZ2xlLmNvbSUyRm1hcHMlMkZlbWJlZCUzRnBiJTNEJTIxMW0xOCUyMTFtMTIlMjExbTMlMjExZDc2OS45ODE5NTc0Njg5NzE0JTIxMmQtMC4zNzY4MjM5NzA3NDY0OTI4JTIxM2QzOS40NzA5NTkwOTg3MTc5MiUyMTJtMyUyMTFmMCUyMTJmMCUyMTNmMCUyMTNtMiUyMTFpMTAyNCUyMTJpNzY4JTIxNGYxMy4xJTIxM20zJTIxMW0yJTIxMXMweGQ2MDRmNGM5NzU3YzYxZCUyNTNBMHhjMDI3Y2Y0Yzk0MzBjYjVlJTIxMnNQbGF6YSUyQmRlbCUyQkF5dW50YW1pZW50byUyNTJDJTJCMTclMjUyQyUyQjQ2MDAyJTJCVmFsZW5jaWElMjE1ZTAlMjEzbTIlMjExc2VzJTIxMnNlcyUyMTR2MTUzODY2NzMxMTczNyUyMiUyMHdpZHRoJTNEJTIyNjAwJTIyJTIwaGVpZ2h0JTNEJTIyMzAwJTIyJTIwZnJhbWVib3JkZXIlM0QlMjIwJTIyJTIwc3R5bGUlM0QlMjJib3JkZXIlM0EwJTIyJTIwYWxsb3dmdWxsc2NyZWVuJTNFJTNDJTJGaWZyYW1lJTNF\u00a0\u00bb][vc_column_text el_class=\u00a0\u00bbsedestitulo\u00a0\u00bb css=\u00a0\u00bb.vc_custom_1538667554687{padding-top: 25px !important;}\u00a0\u00bb]<\/p>\n<h4>Filmoteca<\/h4>\n<h6>Sala Luis Garc\u00eda Berlanga<\/h6>\n<p>Pla\u00e7a de l&rsquo;Ajuntament, 17, 46002 Val\u00e8ncia<br \/>\n<strong>963 539 300<\/strong>[\/vc_column_text][\/vc_column][vc_column width=\u00a0\u00bb1\/6&Prime; offset=\u00a0\u00bbvc_hidden-md vc_hidden-sm vc_hidden-xs\u00a0\u00bb][\/vc_column][\/vc_row][vc_row gap=\u00a0\u00bb25&Prime; css=\u00a0\u00bb.vc_custom_1602861292608{padding-right: 40px !important;padding-bottom: 40px !important;padding-left: 40px !important;}\u00a0\u00bb][vc_column width=\u00a0\u00bb1\/6&Prime; css=\u00a0\u00bb.vc_custom_1686063630438{padding-bottom: 50px !important;}\u00a0\u00bb offset=\u00a0\u00bbvc_hidden-md vc_hidden-sm vc_hidden-xs\u00a0\u00bb][\/vc_column][vc_column width=\u00a0\u00bb2\/6&Prime;][vc_gmaps link=\u00a0\u00bb#E-8_JTNDaWZyYW1lJTIwc3JjJTNEJTIyaHR0cHMlM0ElMkYlMkZ3d3cuZ29vZ2xlLmNvbSUyRm1hcHMlMkZlbWJlZCUzRnBiJTNEJTIxMW0xOCUyMTFtMTIlMjExbTMlMjExZDMwNzkuNjkyMTM4ODg3NTA0JTIxMmQtMC4zODIzMDAyODQzOTUwMDg3NCUyMTNkMzkuNDc2MjgzMTc5NDg1NDklMjEybTMlMjExZjAlMjEyZjAlMjEzZjAlMjEzbTIlMjExaTEwMjQlMjEyaTc2OCUyMTRmMTMuMSUyMTNtMyUyMTFtMiUyMTFzMHhkNjA0ZjUxZWY3ODRjNjMlMjUzQTB4YjEzNzlkZjFmYzg3ZjE2NyUyMTJzR2FsZXIlMjVDMyUyNUFEYSUyNTIwZGVsJTI1MjBUb3NzYWwlMjUyMC0lMjUyME11cmFsbGElMjUyMCUyNUMzJTI1ODFyYWJlJTIxNWUwJTIxM20yJTIxMXNlcyUyMTJzZXMlMjE0djE2MDI4NjEwODk4NTAlMjE1bTIlMjExc2VzJTIxMnNlcyUyMiUyMHdpZHRoJTNEJTIyNjAwJTIyJTIwaGVpZ2h0JTNEJTIyMzAwJTIyJTIwZnJhbWVib3JkZXIlM0QlMjIwJTIyJTIwc3R5bGUlM0QlMjJib3JkZXIlM0EwJTNCJTIyJTIwYWxsb3dmdWxsc2NyZWVuJTNEJTIyJTIyJTNFJTNDJTJGaWZyYW1lJTNF\u00a0\u00bb][vc_column_text el_class=\u00a0\u00bbsedestitulo\u00a0\u00bb css=\u00a0\u00bb.vc_custom_1602861148463{padding-top: 25px !important;}\u00a0\u00bb]<\/p>\n<h4>Galeria del Tossal<\/h4>\n<p>Pla\u00e7a del Tossal, s\/n, 46001<br \/>\n<strong>963 981 803<\/strong>[\/vc_column_text][\/vc_column][vc_column width=\u00a0\u00bb2\/6&Prime;][vc_gmaps link=\u00a0\u00bb#E-8_JTNDaWZyYW1lJTIwc3JjJTNEJTIyaHR0cHMlM0ElMkYlMkZ3d3cuZ29vZ2xlLmNvbSUyRm1hcHMlMkZlbWJlZCUzRnBiJTNEJTIxMW0xNCUyMTFtOCUyMTFtMyUyMTFkMTIzMjAuNTQxMjAxNTMyNTM1JTIxMmQtMC4zNjAxMjglMjEzZDM5LjQ2NjI3MiUyMTNtMiUyMTFpMTAyNCUyMTJpNzY4JTIxNGYxMy4xJTIxM20zJTIxMW0yJTIxMXMweGQ2MDQ4YmY1MTNjY2NlZCUyNTNBMHhlMzc5NTIyMDA0Y2I1NzZjJTIxMnNQYWxhdSUyNTIwZGUlMjUyMGxhJTI1MjBNJTI1QzMlMjVCQXNpY2ElMjE1ZTAlMjEzbTIlMjExc2VzJTIxMnNlcyUyMTR2MTY4NjA2MzM2ODExOSUyMTVtMiUyMTFzZXMlMjEyc2VzJTIyJTIwd2lkdGglM0QlMjI2MDAlMjIlMjBoZWlnaHQlM0QlMjIzMDAlMjIlMjBzdHlsZSUzRCUyMmJvcmRlciUzQTAlM0IlMjIlMjBhbGxvd2Z1bGxzY3JlZW4lM0QlMjIlMjIlMjBsb2FkaW5nJTNEJTIybGF6eSUyMiUyMHJlZmVycmVycG9saWN5JTNEJTIybm8tcmVmZXJyZXItd2hlbi1kb3duZ3JhZGUlMjIlM0UlM0MlMkZpZnJhbWUlM0U=\u00a0\u00bb][vc_column_text el_class=\u00a0\u00bbsedestitulo\u00a0\u00bb css=\u00a0\u00bb.vc_custom_1686063339812{padding-top: 25px !important;}\u00a0\u00bb]<\/p>\n<h4>Palau de la M\u00fasica<\/h4>\n<p>Passeig de l&rsquo;Albereda, 30, 46023 Val\u00e8ncia<br \/>\n<strong>963 375 020<\/strong>[\/vc_column_text][\/vc_column][vc_column width=\u00a0\u00bb1\/6&Prime; offset=\u00a0\u00bbvc_hidden-md vc_hidden-sm vc_hidden-xs\u00a0\u00bb][\/vc_column][\/vc_row]<\/p>\n<\/div>","protected":false},"excerpt":{"rendered":"<p>[vc_row gap=\u00a0\u00bb25&Prime; css=\u00a0\u00bb.vc_custom_1686063717781{padding-top: 40px !important;padding-right: 40px !important;padding-bottom: 40px !important;padding-left: 40px !important;}\u00a0\u00bb][vc_column width=\u00a0\u00bb1\/6&Prime; css=\u00a0\u00bb.vc_custom_1686063605287{padding-bottom: 50px !important;}\u00a0\u00bb offset=\u00a0\u00bbvc_hidden-md vc_hidden-sm vc_hidden-xs\u00a0\u00bb][\/vc_column][vc_column width=\u00a0\u00bb2\/6&Prime; css=\u00a0\u00bb.vc_custom_1538667610331{padding-bottom: 50px !important;}\u00a0\u00bb][vc_gmaps link=\u00a0\u00bb#E-8_JTNDaWZyYW1lJTIwc3JjJTNEJTIyaHR0cHMlM0ElMkYlMkZ3d3cuZ29vZ2xlLmNvbSUyRm1hcHMlMkZlbWJlZCUzRnBiJTNEJTIxMW0xOCUyMTFtMTIlMjExbTMlMjExZDMwNzkuOTgwODc4ODYyODQlMjEyZC0wLjM1OTQ1MjI4NDAxODA4NyUyMTNkMzkuNDY5NzYwNjc5NDg2MzglMjEybTMlMjExZjAlMjEyZjAlMjEzZjAlMjEzbTIlMjExaTEwMjQlMjEyaTc2OCUyMTRmMTMuMSUyMTNtMyUyMTFtMiUyMTFzMHhkNjA0OGJlNzI5ODI3MjclMjUzQTB4NjVlZDgwZjZmYTViYjRkMyUyMTJzQ2luZXMlMkJCYWJlbCUyMTVlMCUyMTNtMiUyMTFzZXMlMjEyc2VzJTIxNHYxNTM4NjY3MTMyNzc4JTIyJTIwd2lkdGglM0QlMjI2MDAlMjIlMjBoZWlnaHQlM0QlMjIzMDAlMjIlMjBmcmFtZWJvcmRlciUzRCUyMjAlMjIlMjBzdHlsZSUzRCUyMmJvcmRlciUzQTAlMjIlMjBhbGxvd2Z1bGxzY3JlZW4lM0UlM0MlMkZpZnJhbWUlM0U=\u00a0\u00bb][vc_column_text el_class=\u00a0\u00bbsedestitulo\u00a0\u00bb css=\u00a0\u00bb.vc_custom_1602860550514{padding-top: [&hellip;]<\/p>\n","protected":false},"author":1,"featured_media":0,"parent":0,"menu_order":0,"comment_status":"closed","ping_status":"closed","template":"full-width.php","meta":{"_uag_custom_page_level_css":"","_jet_sm_ready_style":"","_jet_sm_style":"","_jet_sm_controls_values":"","_jet_sm_fonts_collection":"","_jet_sm_fonts_links":"","footnotes":""},"class_list":["post-5713","page","type-page","status-publish","hentry"],"yoast_head":"<!-- This site is optimized with the Yoast SEO plugin v27.4 - https:\/\/yoast.com\/product\/yoast-seo-wordpress\/ -->\n<title>Lieux - Mostra de Val\u00e8ncia<\/title>\n<meta name=\"robots\" content=\"index, follow, max-snippet:-1, max-image-preview:large, max-video-preview:-1\" \/>\n<link rel=\"canonical\" href=\"https:\/\/lamostradevalencia.com\/fr\/lieux\/\" \/>\n<meta property=\"og:locale\" content=\"fr_FR\" \/>\n<meta property=\"og:type\" content=\"article\" \/>\n<meta property=\"og:title\" content=\"Lieux - Mostra de Val\u00e8ncia\" \/>\n<meta property=\"og:description\" content=\"[vc_row gap=\u00a0\u00bb25&Prime; css=\u00a0\u00bb.vc_custom_1686063717781{padding-top: 40px !important;padding-right: 40px !important;padding-bottom: 40px !important;padding-left: 40px !important;}\u00a0\u00bb][vc_column width=\u00a0\u00bb1\/6&Prime; css=\u00a0\u00bb.vc_custom_1686063605287{padding-bottom: 50px !important;}\u00a0\u00bb offset=\u00a0\u00bbvc_hidden-md vc_hidden-sm vc_hidden-xs\u00a0\u00bb][\/vc_column][vc_column width=\u00a0\u00bb2\/6&Prime; css=\u00a0\u00bb.vc_custom_1538667610331{padding-bottom: 50px !important;}\u00a0\u00bb][vc_gmaps link=\u00a0\u00bb#E-8_JTNDaWZyYW1lJTIwc3JjJTNEJTIyaHR0cHMlM0ElMkYlMkZ3d3cuZ29vZ2xlLmNvbSUyRm1hcHMlMkZlbWJlZCUzRnBiJTNEJTIxMW0xOCUyMTFtMTIlMjExbTMlMjExZDMwNzkuOTgwODc4ODYyODQlMjEyZC0wLjM1OTQ1MjI4NDAxODA4NyUyMTNkMzkuNDY5NzYwNjc5NDg2MzglMjEybTMlMjExZjAlMjEyZjAlMjEzZjAlMjEzbTIlMjExaTEwMjQlMjEyaTc2OCUyMTRmMTMuMSUyMTNtMyUyMTFtMiUyMTFzMHhkNjA0OGJlNzI5ODI3MjclMjUzQTB4NjVlZDgwZjZmYTViYjRkMyUyMTJzQ2luZXMlMkJCYWJlbCUyMTVlMCUyMTNtMiUyMTFzZXMlMjEyc2VzJTIxNHYxNTM4NjY3MTMyNzc4JTIyJTIwd2lkdGglM0QlMjI2MDAlMjIlMjBoZWlnaHQlM0QlMjIzMDAlMjIlMjBmcmFtZWJvcmRlciUzRCUyMjAlMjIlMjBzdHlsZSUzRCUyMmJvcmRlciUzQTAlMjIlMjBhbGxvd2Z1bGxzY3JlZW4lM0UlM0MlMkZpZnJhbWUlM0U=\u00a0\u00bb][vc_column_text el_class=\u00a0\u00bbsedestitulo\u00a0\u00bb css=\u00a0\u00bb.vc_custom_1602860550514{padding-top: [&hellip;]\" \/>\n<meta property=\"og:url\" content=\"https:\/\/lamostradevalencia.com\/fr\/lieux\/\" \/>\n<meta property=\"og:site_name\" content=\"Mostra de Val\u00e8ncia\" \/>\n<meta property=\"article:modified_time\" content=\"2023-06-06T15:03:49+00:00\" \/>\n<meta name=\"twitter:card\" content=\"summary_large_image\" \/>\n<meta name=\"twitter:label1\" content=\"Dur\u00e9e de lecture estim\u00e9e\" \/>\n\t<meta name=\"twitter:data1\" content=\"2 minutes\" \/>\n<script type=\"application\/ld+json\" class=\"yoast-schema-graph\">{\"@context\":\"https:\\\/\\\/schema.org\",\"@graph\":[{\"@type\":\"WebPage\",\"@id\":\"https:\\\/\\\/lamostradevalencia.com\\\/fr\\\/lieux\\\/\",\"url\":\"https:\\\/\\\/lamostradevalencia.com\\\/fr\\\/lieux\\\/\",\"name\":\"Lieux - Mostra de Val\u00e8ncia\",\"isPartOf\":{\"@id\":\"https:\\\/\\\/lamostradevalencia.com\\\/fr\\\/#website\"},\"datePublished\":\"2018-10-04T15:20:36+00:00\",\"dateModified\":\"2023-06-06T15:03:49+00:00\",\"breadcrumb\":{\"@id\":\"https:\\\/\\\/lamostradevalencia.com\\\/fr\\\/lieux\\\/#breadcrumb\"},\"inLanguage\":\"fr-FR\",\"potentialAction\":[{\"@type\":\"ReadAction\",\"target\":[\"https:\\\/\\\/lamostradevalencia.com\\\/fr\\\/lieux\\\/\"]}]},{\"@type\":\"BreadcrumbList\",\"@id\":\"https:\\\/\\\/lamostradevalencia.com\\\/fr\\\/lieux\\\/#breadcrumb\",\"itemListElement\":[{\"@type\":\"ListItem\",\"position\":1,\"name\":\"Portada\",\"item\":\"https:\\\/\\\/lamostradevalencia.com\\\/fr\\\/\"},{\"@type\":\"ListItem\",\"position\":2,\"name\":\"Lieux\"}]},{\"@type\":\"WebSite\",\"@id\":\"https:\\\/\\\/lamostradevalencia.com\\\/fr\\\/#website\",\"url\":\"https:\\\/\\\/lamostradevalencia.com\\\/fr\\\/\",\"name\":\"Mostra de Val\u00e8ncia\",\"description\":\"Cinema del Mediterrani\",\"potentialAction\":[{\"@type\":\"SearchAction\",\"target\":{\"@type\":\"EntryPoint\",\"urlTemplate\":\"https:\\\/\\\/lamostradevalencia.com\\\/fr\\\/?s={search_term_string}\"},\"query-input\":{\"@type\":\"PropertyValueSpecification\",\"valueRequired\":true,\"valueName\":\"search_term_string\"}}],\"inLanguage\":\"fr-FR\"}]}<\/script>\n<!-- \/ Yoast SEO plugin. -->","yoast_head_json":{"title":"Lieux - Mostra de Val\u00e8ncia","robots":{"index":"index","follow":"follow","max-snippet":"max-snippet:-1","max-image-preview":"max-image-preview:large","max-video-preview":"max-video-preview:-1"},"canonical":"https:\/\/lamostradevalencia.com\/fr\/lieux\/","og_locale":"fr_FR","og_type":"article","og_title":"Lieux - Mostra de Val\u00e8ncia","og_description":"[vc_row gap=\u00a0\u00bb25&Prime; css=\u00a0\u00bb.vc_custom_1686063717781{padding-top: 40px !important;padding-right: 40px !important;padding-bottom: 40px !important;padding-left: 40px !important;}\u00a0\u00bb][vc_column width=\u00a0\u00bb1\/6&Prime; css=\u00a0\u00bb.vc_custom_1686063605287{padding-bottom: 50px !important;}\u00a0\u00bb offset=\u00a0\u00bbvc_hidden-md vc_hidden-sm vc_hidden-xs\u00a0\u00bb][\/vc_column][vc_column width=\u00a0\u00bb2\/6&Prime; css=\u00a0\u00bb.vc_custom_1538667610331{padding-bottom: 50px !important;}\u00a0\u00bb][vc_gmaps link=\u00a0\u00bb#E-8_JTNDaWZyYW1lJTIwc3JjJTNEJTIyaHR0cHMlM0ElMkYlMkZ3d3cuZ29vZ2xlLmNvbSUyRm1hcHMlMkZlbWJlZCUzRnBiJTNEJTIxMW0xOCUyMTFtMTIlMjExbTMlMjExZDMwNzkuOTgwODc4ODYyODQlMjEyZC0wLjM1OTQ1MjI4NDAxODA4NyUyMTNkMzkuNDY5NzYwNjc5NDg2MzglMjEybTMlMjExZjAlMjEyZjAlMjEzZjAlMjEzbTIlMjExaTEwMjQlMjEyaTc2OCUyMTRmMTMuMSUyMTNtMyUyMTFtMiUyMTFzMHhkNjA0OGJlNzI5ODI3MjclMjUzQTB4NjVlZDgwZjZmYTViYjRkMyUyMTJzQ2luZXMlMkJCYWJlbCUyMTVlMCUyMTNtMiUyMTFzZXMlMjEyc2VzJTIxNHYxNTM4NjY3MTMyNzc4JTIyJTIwd2lkdGglM0QlMjI2MDAlMjIlMjBoZWlnaHQlM0QlMjIzMDAlMjIlMjBmcmFtZWJvcmRlciUzRCUyMjAlMjIlMjBzdHlsZSUzRCUyMmJvcmRlciUzQTAlMjIlMjBhbGxvd2Z1bGxzY3JlZW4lM0UlM0MlMkZpZnJhbWUlM0U=\u00a0\u00bb][vc_column_text el_class=\u00a0\u00bbsedestitulo\u00a0\u00bb css=\u00a0\u00bb.vc_custom_1602860550514{padding-top: [&hellip;]","og_url":"https:\/\/lamostradevalencia.com\/fr\/lieux\/","og_site_name":"Mostra de Val\u00e8ncia","article_modified_time":"2023-06-06T15:03:49+00:00","twitter_card":"summary_large_image","twitter_misc":{"Dur\u00e9e de lecture estim\u00e9e":"2 minutes"},"schema":{"@context":"https:\/\/schema.org","@graph":[{"@type":"WebPage","@id":"https:\/\/lamostradevalencia.com\/fr\/lieux\/","url":"https:\/\/lamostradevalencia.com\/fr\/lieux\/","name":"Lieux - Mostra de Val\u00e8ncia","isPartOf":{"@id":"https:\/\/lamostradevalencia.com\/fr\/#website"},"datePublished":"2018-10-04T15:20:36+00:00","dateModified":"2023-06-06T15:03:49+00:00","breadcrumb":{"@id":"https:\/\/lamostradevalencia.com\/fr\/lieux\/#breadcrumb"},"inLanguage":"fr-FR","potentialAction":[{"@type":"ReadAction","target":["https:\/\/lamostradevalencia.com\/fr\/lieux\/"]}]},{"@type":"BreadcrumbList","@id":"https:\/\/lamostradevalencia.com\/fr\/lieux\/#breadcrumb","itemListElement":[{"@type":"ListItem","position":1,"name":"Portada","item":"https:\/\/lamostradevalencia.com\/fr\/"},{"@type":"ListItem","position":2,"name":"Lieux"}]},{"@type":"WebSite","@id":"https:\/\/lamostradevalencia.com\/fr\/#website","url":"https:\/\/lamostradevalencia.com\/fr\/","name":"Mostra de Val\u00e8ncia","description":"Cinema del Mediterrani","potentialAction":[{"@type":"SearchAction","target":{"@type":"EntryPoint","urlTemplate":"https:\/\/lamostradevalencia.com\/fr\/?s={search_term_string}"},"query-input":{"@type":"PropertyValueSpecification","valueRequired":true,"valueName":"search_term_string"}}],"inLanguage":"fr-FR"}]}},"uagb_featured_image_src":{"full":false,"thumbnail":false,"medium":false,"medium_large":false,"large":false,"1536x1536":false,"2048x2048":false,"cinerama_edge_image_square":false,"cinerama_edge_image_landscape":false,"cinerama_edge_image_portrait":false,"cinerama_edge_image_huge":false,"gform-image-choice-sm":false,"gform-image-choice-md":false,"gform-image-choice-lg":false},"uagb_author_info":{"display_name":"Mostra de Val\u00e8ncia","author_link":"https:\/\/lamostradevalencia.com\/fr\/author\/mostravalencia\/"},"uagb_comment_info":0,"uagb_excerpt":"[vc_row gap=\u00a0\u00bb25&Prime; css=\u00a0\u00bb.vc_custom_1686063717781{padding-top: 40px !important;padding-right: 40px !important;padding-bottom: 40px !important;padding-left: 40px !important;}\u00a0\u00bb][vc_column width=\u00a0\u00bb1\/6&Prime; css=\u00a0\u00bb.vc_custom_1686063605287{padding-bottom: 50px !important;}\u00a0\u00bb offset=\u00a0\u00bbvc_hidden-md vc_hidden-sm vc_hidden-xs\u00a0\u00bb][\/vc_column][vc_column width=\u00a0\u00bb2\/6&Prime; css=\u00a0\u00bb.vc_custom_1538667610331{padding-bottom: 50px !important;}\u00a0\u00bb][vc_gmaps link=\u00a0\u00bb#E-8_JTNDaWZyYW1lJTIwc3JjJTNEJTIyaHR0cHMlM0ElMkYlMkZ3d3cuZ29vZ2xlLmNvbSUyRm1hcHMlMkZlbWJlZCUzRnBiJTNEJTIxMW0xOCUyMTFtMTIlMjExbTMlMjExZDMwNzkuOTgwODc4ODYyODQlMjEyZC0wLjM1OTQ1MjI4NDAxODA4NyUyMTNkMzkuNDY5NzYwNjc5NDg2MzglMjEybTMlMjExZjAlMjEyZjAlMjEzZjAlMjEzbTIlMjExaTEwMjQlMjEyaTc2OCUyMTRmMTMuMSUyMTNtMyUyMTFtMiUyMTFzMHhkNjA0OGJlNzI5ODI3MjclMjUzQTB4NjVlZDgwZjZmYTViYjRkMyUyMTJzQ2luZXMlMkJCYWJlbCUyMTVlMCUyMTNtMiUyMTFzZXMlMjEyc2VzJTIxNHYxNTM4NjY3MTMyNzc4JTIyJTIwd2lkdGglM0QlMjI2MDAlMjIlMjBoZWlnaHQlM0QlMjIzMDAlMjIlMjBmcmFtZWJvcmRlciUzRCUyMjAlMjIlMjBzdHlsZSUzRCUyMmJvcmRlciUzQTAlMjIlMjBhbGxvd2Z1bGxzY3JlZW4lM0UlM0MlMkZpZnJhbWUlM0U=\u00a0\u00bb][vc_column_text el_class=\u00a0\u00bbsedestitulo\u00a0\u00bb css=\u00a0\u00bb.vc_custom_1602860550514{padding-top: [&hellip;]","_links":{"self":[{"href":"https:\/\/lamostradevalencia.com\/fr\/wp-json\/wp\/v2\/pages\/5713","targetHints":{"allow":["GET"]}}],"collection":[{"href":"https:\/\/lamostradevalencia.com\/fr\/wp-json\/wp\/v2\/pages"}],"about":[{"href":"https:\/\/lamostradevalencia.com\/fr\/wp-json\/wp\/v2\/types\/page"}],"author":[{"embeddable":true,"href":"https:\/\/lamostradevalencia.com\/fr\/wp-json\/wp\/v2\/users\/1"}],"replies":[{"embeddable":true,"href":"https:\/\/lamostradevalencia.com\/fr\/wp-json\/wp\/v2\/comments?post=5713"}],"version-history":[{"count":4,"href":"https:\/\/lamostradevalencia.com\/fr\/wp-json\/wp\/v2\/pages\/5713\/revisions"}],"predecessor-version":[{"id":18267,"href":"https:\/\/lamostradevalencia.com\/fr\/wp-json\/wp\/v2\/pages\/5713\/revisions\/18267"}],"wp:attachment":[{"href":"https:\/\/lamostradevalencia.com\/fr\/wp-json\/wp\/v2\/media?parent=5713"}],"curies":[{"name":"wp","href":"https:\/\/api.w.org\/{rel}","templated":true}]}}