{"id":5594,"date":"2018-08-06T07:55:38","date_gmt":"2018-08-06T05:55:38","guid":{"rendered":"https:\/\/lamostradevalencia.com\/autres-activites\/"},"modified":"2020-02-20T18:32:00","modified_gmt":"2020-02-20T16:32:00","slug":"autres-activites","status":"publish","type":"page","link":"https:\/\/lamostradevalencia.com\/fr\/edition-2019\/autres-activites\/","title":{"rendered":"Autres Activit\u00e9s"},"content":{"rendered":"<div class=\"wpb-content-wrapper\"><p>[vc_row css=\u00a0\u00bb.vc_custom_1538935916155{padding-top: 90px !important;padding-right: 40px !important;padding-bottom: 50px !important;padding-left: 40px !important;}\u00a0\u00bb][vc_column]<div class=\"edgtf-portfolio-list-holder edgtf-pl-masonry  edgtf-large-space edgtf-pl-two-columns edgtf-pl-standard-shader    edgtf-pl-pag-no-pagination     \"  data-type=masonry data-number-of-columns=2 data-space-between-items=large data-number-of-items=-1 data-image-proportions=full data-enable-fixed-proportions=no data-enable-image-shadow=no data-category=actividades-paralelas-fr data-orderby=date data-order=ASC data-item-style=standard-shader data-enable-title=yes data-title-tag=h4 data-enable-category=yes data-enable-count-images=yes data-enable-excerpt=no data-excerpt-length=20 data-pagination-type=no-pagination data-filter=no data-filter-order-by=name data-enable-article-animation=no data-portfolio-slider-on=no data-enable-loop=yes data-enable-autoplay=yes data-slider-speed=5000 data-slider-speed-animation=600 data-enable-navigation=yes data-enable-pagination=yes data-max-num-pages=0 data-next-page=2>\n\t\t<div class=\"edgtf-pl-inner edgtf-outer-space clearfix\">\n\t\t<div class=\"edgtf-pl-grid-sizer\"><\/div>\n\t\t<div class=\"edgtf-pl-grid-gutter\"><\/div>\n\t\t<article class=\"edgtf-pl-item edgtf-item-space edgtf-masonry-size-default post-5764 portfolio-item type-portfolio-item status-publish has-post-thumbnail hentry portfolio-category-actividades-paralelas-fr portfolio-category-festival-2019-fr\">\n\t<div class=\"edgtf-pl-item-inner\">\n\t\t<div class=\"edgtf-pli-image\">\n\t<img loading=\"lazy\" decoding=\"async\" width=\"3500\" height=\"1936\" src=\"https:\/\/lamostradevalencia.com\/wp-content\/uploads\/2019\/10\/Liliana-Cavani.jpg\" class=\"attachment-full size-full wp-post-image\" alt=\"\" srcset=\"https:\/\/lamostradevalencia.com\/wp-content\/uploads\/2019\/10\/Liliana-Cavani.jpg 3500w, https:\/\/lamostradevalencia.com\/wp-content\/uploads\/2019\/10\/Liliana-Cavani-300x166.jpg 300w, https:\/\/lamostradevalencia.com\/wp-content\/uploads\/2019\/10\/Liliana-Cavani-768x425.jpg 768w, https:\/\/lamostradevalencia.com\/wp-content\/uploads\/2019\/10\/Liliana-Cavani-1024x566.jpg 1024w\" sizes=\"auto, (max-width: 3500px) 100vw, 3500px\" \/><\/div>\n<div class=\"edgtf-pli-text-holder\" >\n\t<div class=\"edgtf-pli-text-wrapper\">\n\t\t<div class=\"edgtf-pli-text\">\n\t\t\t\t<h4 itemprop=\"name\" class=\"edgtf-pli-title entry-title\" >\n\t\tMasterclass Liliana Cavani\t<\/h4>\n\n\t\t\t\t\t<div class=\"edgtf-pli-category-holder\">\n\t\t\t\t\t\t\t<a itemprop=\"url\" class=\"edgtf-pli-category\" href=\"https:\/\/lamostradevalencia.com\/fr\/portfolio-category\/actividades-paralelas-fr\/\">Autres Activit\u00e9s<\/a>\n\t\t\t\t\t\t\t<a itemprop=\"url\" class=\"edgtf-pli-category\" href=\"https:\/\/lamostradevalencia.com\/fr\/portfolio-category\/festival-2019-fr\/\">Festival 2019<\/a>\n\t\t\t\t\t<\/div>\n\t\n\t\t\t\n\t\t\t\t\t<\/div>\n\t<\/div>\n<\/div>\n\t\t<a itemprop=\"url\" class=\"edgtf-pli-link edgtf-block-drag-link\" href=\"https:\/\/lamostradevalencia.com\/fr\/peliculas\/masterclass-liliana-cavani\/\" target=\"_self\"><\/a>\n\t<\/div>\n<\/article><article class=\"edgtf-pl-item edgtf-item-space edgtf-masonry-size-default post-5771 portfolio-item type-portfolio-item status-publish has-post-thumbnail hentry portfolio-category-actividades-paralelas-fr portfolio-category-festival-2019-fr\">\n\t<div class=\"edgtf-pl-item-inner\">\n\t\t<div class=\"edgtf-pli-image\">\n\t<img loading=\"lazy\" decoding=\"async\" width=\"1200\" height=\"1200\" src=\"https:\/\/lamostradevalencia.com\/wp-content\/uploads\/2019\/10\/Ferzan-Ozpetek.jpg\" class=\"attachment-full size-full wp-post-image\" alt=\"\" srcset=\"https:\/\/lamostradevalencia.com\/wp-content\/uploads\/2019\/10\/Ferzan-Ozpetek.jpg 1200w, https:\/\/lamostradevalencia.com\/wp-content\/uploads\/2019\/10\/Ferzan-Ozpetek-150x150.jpg 150w, https:\/\/lamostradevalencia.com\/wp-content\/uploads\/2019\/10\/Ferzan-Ozpetek-300x300.jpg 300w, https:\/\/lamostradevalencia.com\/wp-content\/uploads\/2019\/10\/Ferzan-Ozpetek-768x768.jpg 768w, https:\/\/lamostradevalencia.com\/wp-content\/uploads\/2019\/10\/Ferzan-Ozpetek-1024x1024.jpg 1024w, https:\/\/lamostradevalencia.com\/wp-content\/uploads\/2019\/10\/Ferzan-Ozpetek-550x550.jpg 550w, https:\/\/lamostradevalencia.com\/wp-content\/uploads\/2019\/10\/Ferzan-Ozpetek-1100x1100.jpg 1100w\" sizes=\"auto, (max-width: 1200px) 100vw, 1200px\" \/><\/div>\n<div class=\"edgtf-pli-text-holder\" >\n\t<div class=\"edgtf-pli-text-wrapper\">\n\t\t<div class=\"edgtf-pli-text\">\n\t\t\t\t<h4 itemprop=\"name\" class=\"edgtf-pli-title entry-title\" >\n\t\tMasterclass Ferzan \u00d6zpetek\t<\/h4>\n\n\t\t\t\t\t<div class=\"edgtf-pli-category-holder\">\n\t\t\t\t\t\t\t<a itemprop=\"url\" class=\"edgtf-pli-category\" href=\"https:\/\/lamostradevalencia.com\/fr\/portfolio-category\/actividades-paralelas-fr\/\">Autres Activit\u00e9s<\/a>\n\t\t\t\t\t\t\t<a itemprop=\"url\" class=\"edgtf-pli-category\" href=\"https:\/\/lamostradevalencia.com\/fr\/portfolio-category\/festival-2019-fr\/\">Festival 2019<\/a>\n\t\t\t\t\t<\/div>\n\t\n\t\t\t\n\t\t\t\t\t<\/div>\n\t<\/div>\n<\/div>\n\t\t<a itemprop=\"url\" class=\"edgtf-pli-link edgtf-block-drag-link\" href=\"https:\/\/lamostradevalencia.com\/fr\/peliculas\/masterclass-ferzan-ozpetek\/\" target=\"_self\"><\/a>\n\t<\/div>\n<\/article><article class=\"edgtf-pl-item edgtf-item-space edgtf-masonry-size-default post-5777 portfolio-item type-portfolio-item status-publish has-post-thumbnail hentry portfolio-category-actividades-paralelas-fr portfolio-category-festival-2019-fr\">\n\t<div class=\"edgtf-pl-item-inner\">\n\t\t<div class=\"edgtf-pli-image\">\n\t<img loading=\"lazy\" decoding=\"async\" width=\"639\" height=\"412\" src=\"https:\/\/lamostradevalencia.com\/wp-content\/uploads\/2019\/10\/Free-Town.jpeg\" class=\"attachment-full size-full wp-post-image\" alt=\"\" srcset=\"https:\/\/lamostradevalencia.com\/wp-content\/uploads\/2019\/10\/Free-Town.jpeg 639w, https:\/\/lamostradevalencia.com\/wp-content\/uploads\/2019\/10\/Free-Town-300x193.jpeg 300w\" sizes=\"auto, (max-width: 639px) 100vw, 639px\" \/><\/div>\n<div class=\"edgtf-pli-text-holder\" >\n\t<div class=\"edgtf-pli-text-wrapper\">\n\t\t<div class=\"edgtf-pli-text\">\n\t\t\t\t<h4 itemprop=\"name\" class=\"edgtf-pli-title entry-title\" >\n\t\tConcert Free Town\t<\/h4>\n\n\t\t\t\t\t<div class=\"edgtf-pli-category-holder\">\n\t\t\t\t\t\t\t<a itemprop=\"url\" class=\"edgtf-pli-category\" href=\"https:\/\/lamostradevalencia.com\/fr\/portfolio-category\/actividades-paralelas-fr\/\">Autres Activit\u00e9s<\/a>\n\t\t\t\t\t\t\t<a itemprop=\"url\" class=\"edgtf-pli-category\" href=\"https:\/\/lamostradevalencia.com\/fr\/portfolio-category\/festival-2019-fr\/\">Festival 2019<\/a>\n\t\t\t\t\t<\/div>\n\t\n\t\t\t\n\t\t\t\t\t<\/div>\n\t<\/div>\n<\/div>\n\t\t<a itemprop=\"url\" class=\"edgtf-pli-link edgtf-block-drag-link\" href=\"https:\/\/lamostradevalencia.com\/fr\/peliculas\/concierto-free-town\/\" target=\"_self\"><\/a>\n\t<\/div>\n<\/article><article class=\"edgtf-pl-item edgtf-item-space edgtf-masonry-size-default post-5783 portfolio-item type-portfolio-item status-publish has-post-thumbnail hentry portfolio-category-actividades-paralelas-fr portfolio-category-festival-2019-fr\">\n\t<div class=\"edgtf-pl-item-inner\">\n\t\t<div class=\"edgtf-pli-image\">\n\t<img loading=\"lazy\" decoding=\"async\" width=\"784\" height=\"1354\" src=\"https:\/\/lamostradevalencia.com\/wp-content\/uploads\/2019\/10\/Guy-Debord.jpg\" class=\"attachment-full size-full wp-post-image\" alt=\"\" srcset=\"https:\/\/lamostradevalencia.com\/wp-content\/uploads\/2019\/10\/Guy-Debord.jpg 784w, https:\/\/lamostradevalencia.com\/wp-content\/uploads\/2019\/10\/Guy-Debord-174x300.jpg 174w, https:\/\/lamostradevalencia.com\/wp-content\/uploads\/2019\/10\/Guy-Debord-768x1326.jpg 768w, https:\/\/lamostradevalencia.com\/wp-content\/uploads\/2019\/10\/Guy-Debord-593x1024.jpg 593w\" sizes=\"auto, (max-width: 784px) 100vw, 784px\" \/><\/div>\n<div class=\"edgtf-pli-text-holder\" >\n\t<div class=\"edgtf-pli-text-wrapper\">\n\t\t<div class=\"edgtf-pli-text\">\n\t\t\t\t<h4 itemprop=\"name\" class=\"edgtf-pli-title entry-title\" >\n\t\tJourn\u00e9e acad\u00e9mique. \u00ab\u00a0Guy Debord\u00a0: Du texte \u00e0 l\u2019image\u00a0\u00bb\t<\/h4>\n\n\t\t\t\t\t<div class=\"edgtf-pli-category-holder\">\n\t\t\t\t\t\t\t<a itemprop=\"url\" class=\"edgtf-pli-category\" href=\"https:\/\/lamostradevalencia.com\/fr\/portfolio-category\/actividades-paralelas-fr\/\">Autres Activit\u00e9s<\/a>\n\t\t\t\t\t\t\t<a itemprop=\"url\" class=\"edgtf-pli-category\" href=\"https:\/\/lamostradevalencia.com\/fr\/portfolio-category\/festival-2019-fr\/\">Festival 2019<\/a>\n\t\t\t\t\t<\/div>\n\t\n\t\t\t\n\t\t\t\t\t<\/div>\n\t<\/div>\n<\/div>\n\t\t<a itemprop=\"url\" class=\"edgtf-pli-link edgtf-block-drag-link\" href=\"https:\/\/lamostradevalencia.com\/fr\/peliculas\/jornada-academica-guy-debord-del-texto-a-la-imagen\/\" target=\"_self\"><\/a>\n\t<\/div>\n<\/article><article class=\"edgtf-pl-item edgtf-item-space edgtf-masonry-size-default post-5647 portfolio-item type-portfolio-item status-publish has-post-thumbnail hentry portfolio-category-actividades-paralelas-fr portfolio-category-festival-2019-fr\">\n\t<div class=\"edgtf-pl-item-inner\">\n\t\t<div class=\"edgtf-pli-image\">\n\t<img loading=\"lazy\" decoding=\"async\" width=\"1294\" height=\"839\" src=\"https:\/\/lamostradevalencia.com\/wp-content\/uploads\/2019\/10\/Banda.jpg\" class=\"attachment-full size-full wp-post-image\" alt=\"\" srcset=\"https:\/\/lamostradevalencia.com\/wp-content\/uploads\/2019\/10\/Banda.jpg 1294w, https:\/\/lamostradevalencia.com\/wp-content\/uploads\/2019\/10\/Banda-300x195.jpg 300w, https:\/\/lamostradevalencia.com\/wp-content\/uploads\/2019\/10\/Banda-768x498.jpg 768w, https:\/\/lamostradevalencia.com\/wp-content\/uploads\/2019\/10\/Banda-1024x664.jpg 1024w\" sizes=\"auto, (max-width: 1294px) 100vw, 1294px\" \/><\/div>\n<div class=\"edgtf-pli-text-holder\" >\n\t<div class=\"edgtf-pli-text-wrapper\">\n\t\t<div class=\"edgtf-pli-text\">\n\t\t\t\t<h4 itemprop=\"name\" class=\"edgtf-pli-title entry-title\" >\n\t\tConcert de l\u2019orchestre municipal de Valence\t<\/h4>\n\n\t\t\t\t\t<div class=\"edgtf-pli-category-holder\">\n\t\t\t\t\t\t\t<a itemprop=\"url\" class=\"edgtf-pli-category\" href=\"https:\/\/lamostradevalencia.com\/fr\/portfolio-category\/actividades-paralelas-fr\/\">Autres Activit\u00e9s<\/a>\n\t\t\t\t\t\t\t<a itemprop=\"url\" class=\"edgtf-pli-category\" href=\"https:\/\/lamostradevalencia.com\/fr\/portfolio-category\/festival-2019-fr\/\">Festival 2019<\/a>\n\t\t\t\t\t<\/div>\n\t\n\t\t\t\n\t\t\t\t\t<\/div>\n\t<\/div>\n<\/div>\n\t\t<a itemprop=\"url\" class=\"edgtf-pli-link edgtf-block-drag-link\" href=\"https:\/\/lamostradevalencia.com\/fr\/peliculas\/concierto-banda-municipal-de-valencia\/\" target=\"_self\"><\/a>\n\t<\/div>\n<\/article><article class=\"edgtf-pl-item edgtf-item-space edgtf-masonry-size-default post-5790 portfolio-item type-portfolio-item status-publish has-post-thumbnail hentry portfolio-category-actividades-paralelas-fr portfolio-category-festival-2019-fr\">\n\t<div class=\"edgtf-pl-item-inner\">\n\t\t<div class=\"edgtf-pli-image\">\n\t<img loading=\"lazy\" decoding=\"async\" width=\"1280\" height=\"720\" src=\"https:\/\/lamostradevalencia.com\/wp-content\/uploads\/2019\/10\/Day-Women.jpg\" class=\"attachment-full size-full wp-post-image\" alt=\"\" srcset=\"https:\/\/lamostradevalencia.com\/wp-content\/uploads\/2019\/10\/Day-Women.jpg 1280w, https:\/\/lamostradevalencia.com\/wp-content\/uploads\/2019\/10\/Day-Women-300x169.jpg 300w, https:\/\/lamostradevalencia.com\/wp-content\/uploads\/2019\/10\/Day-Women-768x432.jpg 768w, https:\/\/lamostradevalencia.com\/wp-content\/uploads\/2019\/10\/Day-Women-1024x576.jpg 1024w\" sizes=\"auto, (max-width: 1280px) 100vw, 1280px\" \/><\/div>\n<div class=\"edgtf-pli-text-holder\" >\n\t<div class=\"edgtf-pli-text-wrapper\">\n\t\t<div class=\"edgtf-pli-text\">\n\t\t\t\t<h4 itemprop=\"name\" class=\"edgtf-pli-title entry-title\" >\n\t\tTable ronde \u00ab\u00a0La r\u00e9volution de la femme dans le cin\u00e9ma \u00e9gyptien\u00a0\u00bb\t<\/h4>\n\n\t\t\t\t\t<div class=\"edgtf-pli-category-holder\">\n\t\t\t\t\t\t\t<a itemprop=\"url\" class=\"edgtf-pli-category\" href=\"https:\/\/lamostradevalencia.com\/fr\/portfolio-category\/actividades-paralelas-fr\/\">Autres Activit\u00e9s<\/a>\n\t\t\t\t\t\t\t<a itemprop=\"url\" class=\"edgtf-pli-category\" href=\"https:\/\/lamostradevalencia.com\/fr\/portfolio-category\/festival-2019-fr\/\">Festival 2019<\/a>\n\t\t\t\t\t<\/div>\n\t\n\t\t\t\n\t\t\t\t\t<\/div>\n\t<\/div>\n<\/div>\n\t\t<a itemprop=\"url\" class=\"edgtf-pli-link edgtf-block-drag-link\" href=\"https:\/\/lamostradevalencia.com\/fr\/peliculas\/mesa-redonda-la-revolucion-de-la-mujer-en-el-cine-egipcio\/\" target=\"_self\"><\/a>\n\t<\/div>\n<\/article><article class=\"edgtf-pl-item edgtf-item-space edgtf-masonry-size-default post-5796 portfolio-item type-portfolio-item status-publish has-post-thumbnail hentry portfolio-category-actividades-paralelas-fr portfolio-category-festival-2019-fr\">\n\t<div class=\"edgtf-pl-item-inner\">\n\t\t<div class=\"edgtf-pli-image\">\n\t<img loading=\"lazy\" decoding=\"async\" width=\"1200\" height=\"675\" src=\"https:\/\/lamostradevalencia.com\/wp-content\/uploads\/2019\/10\/Circuit-Cultural-Valencia.jpg\" class=\"attachment-full size-full wp-post-image\" alt=\"\" srcset=\"https:\/\/lamostradevalencia.com\/wp-content\/uploads\/2019\/10\/Circuit-Cultural-Valencia.jpg 1200w, https:\/\/lamostradevalencia.com\/wp-content\/uploads\/2019\/10\/Circuit-Cultural-Valencia-300x169.jpg 300w, https:\/\/lamostradevalencia.com\/wp-content\/uploads\/2019\/10\/Circuit-Cultural-Valencia-768x432.jpg 768w, https:\/\/lamostradevalencia.com\/wp-content\/uploads\/2019\/10\/Circuit-Cultural-Valencia-1024x576.jpg 1024w\" sizes=\"auto, (max-width: 1200px) 100vw, 1200px\" \/><\/div>\n<div class=\"edgtf-pli-text-holder\" >\n\t<div class=\"edgtf-pli-text-wrapper\">\n\t\t<div class=\"edgtf-pli-text\">\n\t\t\t\t<h4 itemprop=\"name\" class=\"edgtf-pli-title entry-title\" >\n\t\tPr\u00e9sentation de l\u2019offre audiovisuelle du Circuit culturel valencien\t<\/h4>\n\n\t\t\t\t\t<div class=\"edgtf-pli-category-holder\">\n\t\t\t\t\t\t\t<a itemprop=\"url\" class=\"edgtf-pli-category\" href=\"https:\/\/lamostradevalencia.com\/fr\/portfolio-category\/actividades-paralelas-fr\/\">Autres Activit\u00e9s<\/a>\n\t\t\t\t\t\t\t<a itemprop=\"url\" class=\"edgtf-pli-category\" href=\"https:\/\/lamostradevalencia.com\/fr\/portfolio-category\/festival-2019-fr\/\">Festival 2019<\/a>\n\t\t\t\t\t<\/div>\n\t\n\t\t\t\n\t\t\t\t\t<\/div>\n\t<\/div>\n<\/div>\n\t\t<a itemprop=\"url\" class=\"edgtf-pli-link edgtf-block-drag-link\" href=\"https:\/\/lamostradevalencia.com\/fr\/peliculas\/presentacion-de-la-oferta-audiovisual-del-circuit-cultural-valencia\/\" target=\"_self\"><\/a>\n\t<\/div>\n<\/article><article class=\"edgtf-pl-item edgtf-item-space edgtf-masonry-size-default post-4942 portfolio-item type-portfolio-item status-publish has-post-thumbnail hentry portfolio-category-actividades-paralelas-fr portfolio-category-festival-2019-fr\">\n\t<div class=\"edgtf-pl-item-inner\">\n\t\t<div class=\"edgtf-pli-image\">\n\t<img loading=\"lazy\" decoding=\"async\" width=\"2400\" height=\"1350\" src=\"https:\/\/lamostradevalencia.com\/wp-content\/uploads\/2019\/10\/Italia.png\" class=\"attachment-full size-full wp-post-image\" alt=\"\" srcset=\"https:\/\/lamostradevalencia.com\/wp-content\/uploads\/2019\/10\/Italia.png 2400w, https:\/\/lamostradevalencia.com\/wp-content\/uploads\/2019\/10\/Italia-300x169.png 300w, https:\/\/lamostradevalencia.com\/wp-content\/uploads\/2019\/10\/Italia-768x432.png 768w, https:\/\/lamostradevalencia.com\/wp-content\/uploads\/2019\/10\/Italia-1024x576.png 1024w\" sizes=\"auto, (max-width: 2400px) 100vw, 2400px\" \/><\/div>\n<div class=\"edgtf-pli-text-holder\" >\n\t<div class=\"edgtf-pli-text-wrapper\">\n\t\t<div class=\"edgtf-pli-text\">\n\t\t\t\t<h4 itemprop=\"name\" class=\"edgtf-pli-title entry-title\" >\n\t\tOuvrir les fronti\u00e8res\u00a0: Coproduire avec l\u2019Italie\t<\/h4>\n\n\t\t\t\t\t<div class=\"edgtf-pli-category-holder\">\n\t\t\t\t\t\t\t<a itemprop=\"url\" class=\"edgtf-pli-category\" href=\"https:\/\/lamostradevalencia.com\/fr\/portfolio-category\/actividades-paralelas-fr\/\">Autres Activit\u00e9s<\/a>\n\t\t\t\t\t\t\t<a itemprop=\"url\" class=\"edgtf-pli-category\" href=\"https:\/\/lamostradevalencia.com\/fr\/portfolio-category\/festival-2019-fr\/\">Festival 2019<\/a>\n\t\t\t\t\t<\/div>\n\t\n\t\t\t\n\t\t\t\t\t<\/div>\n\t<\/div>\n<\/div>\n\t\t<a itemprop=\"url\" class=\"edgtf-pli-link edgtf-block-drag-link\" href=\"https:\/\/lamostradevalencia.com\/fr\/peliculas\/abriendo-fronteras-coproducir-con-italia\/\" target=\"_self\"><\/a>\n\t<\/div>\n<\/article>\t<\/div>\n\t\n\t<\/div>[\/vc_column][\/vc_row][vc_row css=\u00a0\u00bb.vc_custom_1538935897762{padding: 0px !important;}\u00a0\u00bb][vc_column css=\u00a0\u00bb.vc_custom_1538935891854{padding: 0px !important;}\u00a0\u00bb][vc_separator][\/vc_column][\/vc_row][vc_row disable_element=\u00a0\u00bbyes\u00a0\u00bb css=\u00a0\u00bb.vc_custom_1570009881359{padding-top: 90px !important;padding-right: 40px !important;padding-bottom: 90px !important;padding-left: 40px !important;}\u00a0\u00bb][vc_column width=\u00a0\u00bb1\/4&Prime;][\/vc_column][vc_column width=\u00a0\u00bb1\/2&Prime;][vc_column_text]<\/p>\n<h3><strong>Jornada de presentaci\u00f3 de llargmetratges valencians al Circuit Cultural Valenci\u00e0<\/strong><\/h3>\n<h4>Dijous 25 d&rsquo;octubre de 2018<\/h4>\n<h5>Sala Luis G. Berlanga de la Filmoteca<\/h5>\n<p><strong>Organitzen<\/strong>: Institut Valenci\u00e0 de Cultura i Mostra de Val\u00e8ncia-Cinema del Mediterrani<\/p>\n<p>Jornada dirigida a programadors i programadores culturals de la Comunitat Valenciana, amb l&rsquo;objectiu que coneguen de primera m\u00e0 l&rsquo;oferta audiovisual del Circuit Cultural\u00a0 Valenci\u00e0 de l&rsquo;Institut Valenci\u00e0 de Cultura per a 2018-2019.<\/p>\n<p>Es far\u00e0 un resum del cat\u00e0leg de curtmetratges i es presentaran els llargmetratges documentals i de ficci\u00f3 que s&rsquo;afegeixen a l&rsquo;oferta presentada en 2017.<\/p>\n<p>D&rsquo;altra banda, l&rsquo;arxiu de la filmoteca de Val\u00e8ncia posa a disposici\u00f3 dels ajuntaments del Crcuit una part dels seus fons, un conjunt de pel\u00b7l\u00edcules dels inicis del cine, que formen part del patrimoni audiovisual valenci\u00e0.<\/p>\n<p>Per \u00faltim, l&rsquo;Institut Valenci\u00e0 de Cultura ha adquirit els drets de projecci\u00f3 per un any de les obres guanyadores en el passat festival Cinema Jove, el qual es podr\u00e0 projectar als ajuntaments del Circuit gratu\u00eftament fins juliol de 2019.<\/p>\n<h5><\/h5>\n<h5>Programa:<\/h5>\n<h4>11h Inaguraci\u00f3.<\/h4>\n<p>Eduardo Guillot, director art\u00edstic de Mostra de Val\u00e8ncia-Cinema del Mediterrani i Abel Guarinos, Director de l&rsquo;Institut Valenci\u00e0 de Cultura<\/p>\n<h4>11.10h<\/h4>\n<p>Inma Trull, Cap del Departament de Recuperaci\u00f3 de pel\u00b7l\u00edcules de la Filmoteca<\/p>\n<p>11:30h-12h pausa caf\u00e9<\/p>\n<p>&nbsp;<\/p>\n<h4>12h Curtmetratges valencians<\/h4>\n<p>Jos\u00e9 Luis Moreno, Director Adjunt d&rsquo;Audiovisuals i Cinematografia de l&rsquo;IVC<\/p>\n<p>&nbsp;<\/p>\n<h4>12h Llargmetratges valencians de ficci\u00f3 i documentals 2016-2017<\/h4>\n<p>Els representants de cada pel\u00b7l\u00edcula disposaran de 5 minuts per a donar a con\u00e9ixer els seus projectes: dels quals un m\u00e0xim de 2 ser\u00e0 per a projectar el tr\u00e0iler, 1 minut per a exposar els continguts qu\u00e8 vullguen destacar, i el temps restant per a preguntes del p\u00fablic. Al finalitzar cada bloc hi haur\u00e0 uns minuts per a col\u00b7loqui.<\/p>\n<p>&nbsp;<\/p>\n<h4>13h Pel\u00b7l\u00edcules guanyadores de Cinema Jove 2017<\/h4>\n<p>Carlos Madrid, director de Cinema Jove<\/p>\n<p>&nbsp;<\/p>\n<h4>13:30h C\u00f2ctel aperitiu<\/h4>\n<p>[\/vc_column_text][\/vc_column][vc_column width=\u00a0\u00bb1\/4&Prime;][\/vc_column][\/vc_row]<\/p>\n<\/div>","protected":false},"excerpt":{"rendered":"<p>[vc_row css=\u00a0\u00bb.vc_custom_1538935916155{padding-top: 90px !important;padding-right: 40px !important;padding-bottom: 50px !important;padding-left: 40px !important;}\u00a0\u00bb][vc_column][\/vc_column][\/vc_row][vc_row css=\u00a0\u00bb.vc_custom_1538935897762{padding: 0px !important;}\u00a0\u00bb][vc_column css=\u00a0\u00bb.vc_custom_1538935891854{padding: 0px !important;}\u00a0\u00bb][vc_separator][\/vc_column][\/vc_row][vc_row disable_element=\u00a0\u00bbyes\u00a0\u00bb css=\u00a0\u00bb.vc_custom_1570009881359{padding-top: 90px !important;padding-right: 40px !important;padding-bottom: 90px !important;padding-left: 40px [&hellip;]<\/p>\n","protected":false},"author":1,"featured_media":0,"parent":7682,"menu_order":11,"comment_status":"closed","ping_status":"closed","template":"full-width.php","meta":{"_uag_custom_page_level_css":"","_jet_sm_ready_style":"","_jet_sm_style":"","_jet_sm_controls_values":"","_jet_sm_fonts_collection":"","_jet_sm_fonts_links":"","footnotes":""},"class_list":["post-5594","page","type-page","status-publish","hentry"],"yoast_head":"<!-- This site is optimized with the Yoast SEO plugin v27.5 - https:\/\/yoast.com\/product\/yoast-seo-wordpress\/ -->\n<title>Autres Activit\u00e9s - Mostra de Val\u00e8ncia<\/title>\n<meta name=\"robots\" content=\"index, follow, max-snippet:-1, max-image-preview:large, max-video-preview:-1\" \/>\n<link rel=\"canonical\" href=\"https:\/\/lamostradevalencia.com\/fr\/edition-2019\/autres-activites\/\" \/>\n<meta property=\"og:locale\" content=\"fr_FR\" \/>\n<meta property=\"og:type\" content=\"article\" \/>\n<meta property=\"og:title\" content=\"Autres Activit\u00e9s - Mostra de Val\u00e8ncia\" \/>\n<meta property=\"og:description\" content=\"[vc_row css=\u00a0\u00bb.vc_custom_1538935916155{padding-top: 90px !important;padding-right: 40px !important;padding-bottom: 50px !important;padding-left: 40px !important;}\u00a0\u00bb][vc_column][\/vc_column][\/vc_row][vc_row css=\u00a0\u00bb.vc_custom_1538935897762{padding: 0px !important;}\u00a0\u00bb][vc_column css=\u00a0\u00bb.vc_custom_1538935891854{padding: 0px !important;}\u00a0\u00bb][vc_separator][\/vc_column][\/vc_row][vc_row disable_element=\u00a0\u00bbyes\u00a0\u00bb css=\u00a0\u00bb.vc_custom_1570009881359{padding-top: 90px !important;padding-right: 40px !important;padding-bottom: 90px !important;padding-left: 40px [&hellip;]\" \/>\n<meta property=\"og:url\" content=\"https:\/\/lamostradevalencia.com\/fr\/edition-2019\/autres-activites\/\" \/>\n<meta property=\"og:site_name\" content=\"Mostra de Val\u00e8ncia\" \/>\n<meta property=\"article:modified_time\" content=\"2020-02-20T16:32:00+00:00\" \/>\n<meta name=\"twitter:card\" content=\"summary_large_image\" \/>\n<meta name=\"twitter:label1\" content=\"Dur\u00e9e de lecture estim\u00e9e\" \/>\n\t<meta name=\"twitter:data1\" content=\"2 minutes\" \/>\n<script type=\"application\/ld+json\" class=\"yoast-schema-graph\">{\"@context\":\"https:\\\/\\\/schema.org\",\"@graph\":[{\"@type\":\"WebPage\",\"@id\":\"https:\\\/\\\/lamostradevalencia.com\\\/fr\\\/edition-2019\\\/autres-activites\\\/\",\"url\":\"https:\\\/\\\/lamostradevalencia.com\\\/fr\\\/edition-2019\\\/autres-activites\\\/\",\"name\":\"Autres Activit\u00e9s - Mostra de Val\u00e8ncia\",\"isPartOf\":{\"@id\":\"https:\\\/\\\/lamostradevalencia.com\\\/fr\\\/#website\"},\"datePublished\":\"2018-08-06T05:55:38+00:00\",\"dateModified\":\"2020-02-20T16:32:00+00:00\",\"breadcrumb\":{\"@id\":\"https:\\\/\\\/lamostradevalencia.com\\\/fr\\\/edition-2019\\\/autres-activites\\\/#breadcrumb\"},\"inLanguage\":\"fr-FR\",\"potentialAction\":[{\"@type\":\"ReadAction\",\"target\":[\"https:\\\/\\\/lamostradevalencia.com\\\/fr\\\/edition-2019\\\/autres-activites\\\/\"]}]},{\"@type\":\"BreadcrumbList\",\"@id\":\"https:\\\/\\\/lamostradevalencia.com\\\/fr\\\/edition-2019\\\/autres-activites\\\/#breadcrumb\",\"itemListElement\":[{\"@type\":\"ListItem\",\"position\":1,\"name\":\"Portada\",\"item\":\"https:\\\/\\\/lamostradevalencia.com\\\/fr\\\/\"},{\"@type\":\"ListItem\",\"position\":2,\"name\":\"\u00c9dition 2019\",\"item\":\"https:\\\/\\\/lamostradevalencia.com\\\/fr\\\/edition-2019\\\/\"},{\"@type\":\"ListItem\",\"position\":3,\"name\":\"Autres Activit\u00e9s\"}]},{\"@type\":\"WebSite\",\"@id\":\"https:\\\/\\\/lamostradevalencia.com\\\/fr\\\/#website\",\"url\":\"https:\\\/\\\/lamostradevalencia.com\\\/fr\\\/\",\"name\":\"Mostra de Val\u00e8ncia\",\"description\":\"Cinema del Mediterrani\",\"potentialAction\":[{\"@type\":\"SearchAction\",\"target\":{\"@type\":\"EntryPoint\",\"urlTemplate\":\"https:\\\/\\\/lamostradevalencia.com\\\/fr\\\/?s={search_term_string}\"},\"query-input\":{\"@type\":\"PropertyValueSpecification\",\"valueRequired\":true,\"valueName\":\"search_term_string\"}}],\"inLanguage\":\"fr-FR\"}]}<\/script>\n<!-- \/ Yoast SEO plugin. -->","yoast_head_json":{"title":"Autres Activit\u00e9s - Mostra de Val\u00e8ncia","robots":{"index":"index","follow":"follow","max-snippet":"max-snippet:-1","max-image-preview":"max-image-preview:large","max-video-preview":"max-video-preview:-1"},"canonical":"https:\/\/lamostradevalencia.com\/fr\/edition-2019\/autres-activites\/","og_locale":"fr_FR","og_type":"article","og_title":"Autres Activit\u00e9s - Mostra de Val\u00e8ncia","og_description":"[vc_row css=\u00a0\u00bb.vc_custom_1538935916155{padding-top: 90px !important;padding-right: 40px !important;padding-bottom: 50px !important;padding-left: 40px !important;}\u00a0\u00bb][vc_column][\/vc_column][\/vc_row][vc_row css=\u00a0\u00bb.vc_custom_1538935897762{padding: 0px !important;}\u00a0\u00bb][vc_column css=\u00a0\u00bb.vc_custom_1538935891854{padding: 0px !important;}\u00a0\u00bb][vc_separator][\/vc_column][\/vc_row][vc_row disable_element=\u00a0\u00bbyes\u00a0\u00bb css=\u00a0\u00bb.vc_custom_1570009881359{padding-top: 90px !important;padding-right: 40px !important;padding-bottom: 90px !important;padding-left: 40px [&hellip;]","og_url":"https:\/\/lamostradevalencia.com\/fr\/edition-2019\/autres-activites\/","og_site_name":"Mostra de Val\u00e8ncia","article_modified_time":"2020-02-20T16:32:00+00:00","twitter_card":"summary_large_image","twitter_misc":{"Dur\u00e9e de lecture estim\u00e9e":"2 minutes"},"schema":{"@context":"https:\/\/schema.org","@graph":[{"@type":"WebPage","@id":"https:\/\/lamostradevalencia.com\/fr\/edition-2019\/autres-activites\/","url":"https:\/\/lamostradevalencia.com\/fr\/edition-2019\/autres-activites\/","name":"Autres Activit\u00e9s - Mostra de Val\u00e8ncia","isPartOf":{"@id":"https:\/\/lamostradevalencia.com\/fr\/#website"},"datePublished":"2018-08-06T05:55:38+00:00","dateModified":"2020-02-20T16:32:00+00:00","breadcrumb":{"@id":"https:\/\/lamostradevalencia.com\/fr\/edition-2019\/autres-activites\/#breadcrumb"},"inLanguage":"fr-FR","potentialAction":[{"@type":"ReadAction","target":["https:\/\/lamostradevalencia.com\/fr\/edition-2019\/autres-activites\/"]}]},{"@type":"BreadcrumbList","@id":"https:\/\/lamostradevalencia.com\/fr\/edition-2019\/autres-activites\/#breadcrumb","itemListElement":[{"@type":"ListItem","position":1,"name":"Portada","item":"https:\/\/lamostradevalencia.com\/fr\/"},{"@type":"ListItem","position":2,"name":"\u00c9dition 2019","item":"https:\/\/lamostradevalencia.com\/fr\/edition-2019\/"},{"@type":"ListItem","position":3,"name":"Autres Activit\u00e9s"}]},{"@type":"WebSite","@id":"https:\/\/lamostradevalencia.com\/fr\/#website","url":"https:\/\/lamostradevalencia.com\/fr\/","name":"Mostra de Val\u00e8ncia","description":"Cinema del Mediterrani","potentialAction":[{"@type":"SearchAction","target":{"@type":"EntryPoint","urlTemplate":"https:\/\/lamostradevalencia.com\/fr\/?s={search_term_string}"},"query-input":{"@type":"PropertyValueSpecification","valueRequired":true,"valueName":"search_term_string"}}],"inLanguage":"fr-FR"}]}},"uagb_featured_image_src":{"full":false,"thumbnail":false,"medium":false,"medium_large":false,"large":false,"1536x1536":false,"2048x2048":false,"cinerama_edge_image_square":false,"cinerama_edge_image_landscape":false,"cinerama_edge_image_portrait":false,"cinerama_edge_image_huge":false,"gform-image-choice-sm":false,"gform-image-choice-md":false,"gform-image-choice-lg":false},"uagb_author_info":{"display_name":"Mostra de Val\u00e8ncia","author_link":"https:\/\/lamostradevalencia.com\/fr\/author\/mostravalencia\/"},"uagb_comment_info":0,"uagb_excerpt":"[vc_row css=\u00a0\u00bb.vc_custom_1538935916155{padding-top: 90px !important;padding-right: 40px !important;padding-bottom: 50px !important;padding-left: 40px !important;}\u00a0\u00bb][vc_column][\/vc_column][\/vc_row][vc_row css=\u00a0\u00bb.vc_custom_1538935897762{padding: 0px !important;}\u00a0\u00bb][vc_column css=\u00a0\u00bb.vc_custom_1538935891854{padding: 0px !important;}\u00a0\u00bb][vc_separator][\/vc_column][\/vc_row][vc_row disable_element=\u00a0\u00bbyes\u00a0\u00bb css=\u00a0\u00bb.vc_custom_1570009881359{padding-top: 90px !important;padding-right: 40px !important;padding-bottom: 90px !important;padding-left: 40px [&hellip;]","_links":{"self":[{"href":"https:\/\/lamostradevalencia.com\/fr\/wp-json\/wp\/v2\/pages\/5594","targetHints":{"allow":["GET"]}}],"collection":[{"href":"https:\/\/lamostradevalencia.com\/fr\/wp-json\/wp\/v2\/pages"}],"about":[{"href":"https:\/\/lamostradevalencia.com\/fr\/wp-json\/wp\/v2\/types\/page"}],"author":[{"embeddable":true,"href":"https:\/\/lamostradevalencia.com\/fr\/wp-json\/wp\/v2\/users\/1"}],"replies":[{"embeddable":true,"href":"https:\/\/lamostradevalencia.com\/fr\/wp-json\/wp\/v2\/comments?post=5594"}],"version-history":[{"count":1,"href":"https:\/\/lamostradevalencia.com\/fr\/wp-json\/wp\/v2\/pages\/5594\/revisions"}],"predecessor-version":[{"id":5595,"href":"https:\/\/lamostradevalencia.com\/fr\/wp-json\/wp\/v2\/pages\/5594\/revisions\/5595"}],"up":[{"embeddable":true,"href":"https:\/\/lamostradevalencia.com\/fr\/wp-json\/wp\/v2\/pages\/7682"}],"wp:attachment":[{"href":"https:\/\/lamostradevalencia.com\/fr\/wp-json\/wp\/v2\/media?parent=5594"}],"curies":[{"name":"wp","href":"https:\/\/api.w.org\/{rel}","templated":true}]}}