{"id":5592,"date":"2018-08-06T07:54:39","date_gmt":"2018-08-06T05:54:39","guid":{"rendered":"https:\/\/lamostradevalencia.com\/seances-speciales\/"},"modified":"2020-02-20T18:29:38","modified_gmt":"2020-02-20T16:29:38","slug":"seances-speciales","status":"publish","type":"page","link":"https:\/\/lamostradevalencia.com\/fr\/edition-2019\/seances-speciales\/","title":{"rendered":"S\u00e9ances sp\u00e9ciales"},"content":{"rendered":"<div class=\"wpb-content-wrapper\"><p>[vc_row css=\u00a0\u00bb.vc_custom_1538589163779{padding-top: 90px !important;padding-right: 40px !important;padding-left: 40px !important;}\u00a0\u00bb][vc_column]<div class=\"edgtf-portfolio-list-holder edgtf-pl-gallery  edgtf-large-space edgtf-pl-three-columns edgtf-pl-standard-shader    edgtf-pl-pag-no-pagination     \"  data-type=gallery data-space-between-items=large data-number-of-items=-1 data-image-proportions=full data-enable-fixed-proportions=no data-enable-image-shadow=no data-category=sesiones-especiales-fr data-orderby=date data-order=ASC data-item-style=standard-shader data-enable-title=yes data-title-tag=h4 data-enable-category=yes data-enable-count-images=yes data-enable-excerpt=no data-excerpt-length=20 data-pagination-type=no-pagination data-filter=no data-filter-order-by=name data-enable-article-animation=no data-portfolio-slider-on=no data-enable-loop=yes data-enable-autoplay=yes data-slider-speed=5000 data-slider-speed-animation=600 data-enable-navigation=yes data-enable-pagination=yes data-max-num-pages=0 data-next-page=2>\n\t\t<div class=\"edgtf-pl-inner edgtf-outer-space  clearfix\">\n\t\t<article class=\"edgtf-pl-item edgtf-item-space  post-5240 portfolio-item type-portfolio-item status-publish has-post-thumbnail hentry portfolio-category-festival-2019-fr portfolio-category-sesiones-especiales-fr portfolio-tag-danza-fr portfolio-tag-documental-fr portfolio-tag-juan-vicente-chulia-fr portfolio-tag-mostra-de-valencia-fr portfolio-tag-sesiones-especiales-fr\">\n\t<div class=\"edgtf-pl-item-inner\">\n\t\t<div class=\"edgtf-pli-image\">\n\t<img loading=\"lazy\" decoding=\"async\" width=\"1280\" height=\"579\" src=\"https:\/\/lamostradevalencia.com\/wp-content\/uploads\/2019\/10\/Danzantes.jpg\" class=\"attachment-full size-full wp-post-image\" alt=\"\" srcset=\"https:\/\/lamostradevalencia.com\/wp-content\/uploads\/2019\/10\/Danzantes.jpg 1280w, https:\/\/lamostradevalencia.com\/wp-content\/uploads\/2019\/10\/Danzantes-300x136.jpg 300w, https:\/\/lamostradevalencia.com\/wp-content\/uploads\/2019\/10\/Danzantes-768x347.jpg 768w, https:\/\/lamostradevalencia.com\/wp-content\/uploads\/2019\/10\/Danzantes-1024x463.jpg 1024w\" sizes=\"auto, (max-width: 1280px) 100vw, 1280px\" \/><\/div>\n<div class=\"edgtf-pli-text-holder\" >\n\t<div class=\"edgtf-pli-text-wrapper\">\n\t\t<div class=\"edgtf-pli-text\">\n\t\t\t\t<h4 itemprop=\"name\" class=\"edgtf-pli-title entry-title\" >\n\t\tDanzantes\t<\/h4>\n\n\t\t\t\t\t<div class=\"edgtf-pli-category-holder\">\n\t\t\t\t\t\t\t<a itemprop=\"url\" class=\"edgtf-pli-category\" href=\"https:\/\/lamostradevalencia.com\/fr\/portfolio-category\/festival-2019-fr\/\">Festival 2019<\/a>\n\t\t\t\t\t\t\t<a itemprop=\"url\" class=\"edgtf-pli-category\" href=\"https:\/\/lamostradevalencia.com\/fr\/portfolio-category\/sesiones-especiales-fr\/\">S\u00e9ances sp\u00e9ciales<\/a>\n\t\t\t\t\t<\/div>\n\t\n\t\t\t\n\t\t\t\t\t<\/div>\n\t<\/div>\n<\/div>\n\t\t<a itemprop=\"url\" class=\"edgtf-pli-link edgtf-block-drag-link\" href=\"https:\/\/lamostradevalencia.com\/fr\/peliculas\/danzantes\/\" target=\"_self\"><\/a>\n\t<\/div>\n<\/article><article class=\"edgtf-pl-item edgtf-item-space  post-5248 portfolio-item type-portfolio-item status-publish has-post-thumbnail hentry portfolio-category-festival-2019-fr portfolio-category-sesiones-especiales-fr portfolio-tag-danza-fr portfolio-tag-documental-fr portfolio-tag-mostra-de-valencia-fr portfolio-tag-sesiones-especiales-fr portfolio-tag-sol-pico-fr portfolio-tag-susanna-barranco-fr\">\n\t<div class=\"edgtf-pl-item-inner\">\n\t\t<div class=\"edgtf-pli-image\">\n\t<img loading=\"lazy\" decoding=\"async\" width=\"1920\" height=\"1080\" src=\"https:\/\/lamostradevalencia.com\/wp-content\/uploads\/2019\/10\/De-Rodillas-Coraz\u00f3n.jpg\" class=\"attachment-full size-full wp-post-image\" alt=\"\" srcset=\"https:\/\/lamostradevalencia.com\/wp-content\/uploads\/2019\/10\/De-Rodillas-Coraz\u00f3n.jpg 1920w, https:\/\/lamostradevalencia.com\/wp-content\/uploads\/2019\/10\/De-Rodillas-Coraz\u00f3n-300x169.jpg 300w, https:\/\/lamostradevalencia.com\/wp-content\/uploads\/2019\/10\/De-Rodillas-Coraz\u00f3n-768x432.jpg 768w, https:\/\/lamostradevalencia.com\/wp-content\/uploads\/2019\/10\/De-Rodillas-Coraz\u00f3n-1024x576.jpg 1024w\" sizes=\"auto, (max-width: 1920px) 100vw, 1920px\" \/><\/div>\n<div class=\"edgtf-pli-text-holder\" >\n\t<div class=\"edgtf-pli-text-wrapper\">\n\t\t<div class=\"edgtf-pli-text\">\n\t\t\t\t<h4 itemprop=\"name\" class=\"edgtf-pli-title entry-title\" >\n\t\tDe rodillas coraz\u00f3n\t<\/h4>\n\n\t\t\t\t\t<div class=\"edgtf-pli-category-holder\">\n\t\t\t\t\t\t\t<a itemprop=\"url\" class=\"edgtf-pli-category\" href=\"https:\/\/lamostradevalencia.com\/fr\/portfolio-category\/festival-2019-fr\/\">Festival 2019<\/a>\n\t\t\t\t\t\t\t<a itemprop=\"url\" class=\"edgtf-pli-category\" href=\"https:\/\/lamostradevalencia.com\/fr\/portfolio-category\/sesiones-especiales-fr\/\">S\u00e9ances sp\u00e9ciales<\/a>\n\t\t\t\t\t<\/div>\n\t\n\t\t\t\n\t\t\t\t\t<\/div>\n\t<\/div>\n<\/div>\n\t\t<a itemprop=\"url\" class=\"edgtf-pli-link edgtf-block-drag-link\" href=\"https:\/\/lamostradevalencia.com\/fr\/peliculas\/de-rodillas-corazon\/\" target=\"_self\"><\/a>\n\t<\/div>\n<\/article><article class=\"edgtf-pl-item edgtf-item-space  post-5254 portfolio-item type-portfolio-item status-publish has-post-thumbnail hentry portfolio-category-festival-2019-fr portfolio-category-sesiones-especiales-fr portfolio-tag-halloween-fr portfolio-tag-jose-luis-montesinos-fr portfolio-tag-mostra-de-valencia-fr portfolio-tag-paula-del-rio-fr portfolio-tag-sesiones-especiales-fr portfolio-tag-terror-fr\">\n\t<div class=\"edgtf-pl-item-inner\">\n\t\t<div class=\"edgtf-pli-image\">\n\t<img loading=\"lazy\" decoding=\"async\" width=\"750\" height=\"350\" src=\"https:\/\/lamostradevalencia.com\/wp-content\/uploads\/2019\/10\/Cuerdas.jpg\" class=\"attachment-full size-full wp-post-image\" alt=\"\" srcset=\"https:\/\/lamostradevalencia.com\/wp-content\/uploads\/2019\/10\/Cuerdas.jpg 750w, https:\/\/lamostradevalencia.com\/wp-content\/uploads\/2019\/10\/Cuerdas-300x140.jpg 300w\" sizes=\"auto, (max-width: 750px) 100vw, 750px\" \/><\/div>\n<div class=\"edgtf-pli-text-holder\" >\n\t<div class=\"edgtf-pli-text-wrapper\">\n\t\t<div class=\"edgtf-pli-text\">\n\t\t\t\t<h4 itemprop=\"name\" class=\"edgtf-pli-title entry-title\" >\n\t\tCuerdas\t<\/h4>\n\n\t\t\t\t\t<div class=\"edgtf-pli-category-holder\">\n\t\t\t\t\t\t\t<a itemprop=\"url\" class=\"edgtf-pli-category\" href=\"https:\/\/lamostradevalencia.com\/fr\/portfolio-category\/festival-2019-fr\/\">Festival 2019<\/a>\n\t\t\t\t\t\t\t<a itemprop=\"url\" class=\"edgtf-pli-category\" href=\"https:\/\/lamostradevalencia.com\/fr\/portfolio-category\/sesiones-especiales-fr\/\">S\u00e9ances sp\u00e9ciales<\/a>\n\t\t\t\t\t<\/div>\n\t\n\t\t\t\n\t\t\t\t\t<\/div>\n\t<\/div>\n<\/div>\n\t\t<a itemprop=\"url\" class=\"edgtf-pli-link edgtf-block-drag-link\" href=\"https:\/\/lamostradevalencia.com\/fr\/peliculas\/cuerdas\/\" target=\"_self\"><\/a>\n\t<\/div>\n<\/article><article class=\"edgtf-pl-item edgtf-item-space  post-5281 portfolio-item type-portfolio-item status-publish has-post-thumbnail hentry portfolio-category-festival-2019-fr portfolio-category-sesiones-especiales-fr portfolio-tag-documental-fr portfolio-tag-mediometraje-fr portfolio-tag-mostra-de-valencia-fr portfolio-tag-olga-arias-fr portfolio-tag-palestina-fr portfolio-tag-sesiones-especiales-fr\">\n\t<div class=\"edgtf-pl-item-inner\">\n\t\t<div class=\"edgtf-pli-image\">\n\t<img loading=\"lazy\" decoding=\"async\" width=\"1900\" height=\"1069\" src=\"https:\/\/lamostradevalencia.com\/wp-content\/uploads\/2019\/10\/Jalas.png\" class=\"attachment-full size-full wp-post-image\" alt=\"\" srcset=\"https:\/\/lamostradevalencia.com\/wp-content\/uploads\/2019\/10\/Jalas.png 1900w, https:\/\/lamostradevalencia.com\/wp-content\/uploads\/2019\/10\/Jalas-300x169.png 300w, https:\/\/lamostradevalencia.com\/wp-content\/uploads\/2019\/10\/Jalas-768x432.png 768w, https:\/\/lamostradevalencia.com\/wp-content\/uploads\/2019\/10\/Jalas-1024x576.png 1024w\" sizes=\"auto, (max-width: 1900px) 100vw, 1900px\" \/><\/div>\n<div class=\"edgtf-pli-text-holder\" >\n\t<div class=\"edgtf-pli-text-wrapper\">\n\t\t<div class=\"edgtf-pli-text\">\n\t\t\t\t<h4 itemprop=\"name\" class=\"edgtf-pli-title entry-title\" >\n\t\tJalas\t<\/h4>\n\n\t\t\t\t\t<div class=\"edgtf-pli-category-holder\">\n\t\t\t\t\t\t\t<a itemprop=\"url\" class=\"edgtf-pli-category\" href=\"https:\/\/lamostradevalencia.com\/fr\/portfolio-category\/festival-2019-fr\/\">Festival 2019<\/a>\n\t\t\t\t\t\t\t<a itemprop=\"url\" class=\"edgtf-pli-category\" href=\"https:\/\/lamostradevalencia.com\/fr\/portfolio-category\/sesiones-especiales-fr\/\">S\u00e9ances sp\u00e9ciales<\/a>\n\t\t\t\t\t<\/div>\n\t\n\t\t\t\n\t\t\t\t\t<\/div>\n\t<\/div>\n<\/div>\n\t\t<a itemprop=\"url\" class=\"edgtf-pli-link edgtf-block-drag-link\" href=\"https:\/\/lamostradevalencia.com\/fr\/peliculas\/jalas\/\" target=\"_self\"><\/a>\n\t<\/div>\n<\/article><article class=\"edgtf-pl-item edgtf-item-space  post-5757 portfolio-item type-portfolio-item status-publish has-post-thumbnail hentry portfolio-category-festival-2019-fr portfolio-category-sesiones-especiales-fr portfolio-tag-documental-fr portfolio-tag-filmoteca-de-catalunya-fr portfolio-tag-marruecos-fr portfolio-tag-mostafa-derkaoui-fr portfolio-tag-mostra-de-valencia-fr portfolio-tag-restauracion-fr portfolio-tag-sesiones-especiales-fr\">\n\t<div class=\"edgtf-pl-item-inner\">\n\t\t<div class=\"edgtf-pli-image\">\n\t<img loading=\"lazy\" decoding=\"async\" width=\"630\" height=\"354\" src=\"https:\/\/lamostradevalencia.com\/wp-content\/uploads\/2019\/10\/De-quelques-evenements-sans....jpg\" class=\"attachment-full size-full wp-post-image\" alt=\"\" srcset=\"https:\/\/lamostradevalencia.com\/wp-content\/uploads\/2019\/10\/De-quelques-evenements-sans....jpg 630w, https:\/\/lamostradevalencia.com\/wp-content\/uploads\/2019\/10\/De-quelques-evenements-sans...-300x169.jpg 300w\" sizes=\"auto, (max-width: 630px) 100vw, 630px\" \/><\/div>\n<div class=\"edgtf-pli-text-holder\" >\n\t<div class=\"edgtf-pli-text-wrapper\">\n\t\t<div class=\"edgtf-pli-text\">\n\t\t\t\t<h4 itemprop=\"name\" class=\"edgtf-pli-title entry-title\" >\n\t\tDe quelques \u00e9v\u00e9nements sans signification\t<\/h4>\n\n\t\t\t\t\t<div class=\"edgtf-pli-category-holder\">\n\t\t\t\t\t\t\t<a itemprop=\"url\" class=\"edgtf-pli-category\" href=\"https:\/\/lamostradevalencia.com\/fr\/portfolio-category\/festival-2019-fr\/\">Festival 2019<\/a>\n\t\t\t\t\t\t\t<a itemprop=\"url\" class=\"edgtf-pli-category\" href=\"https:\/\/lamostradevalencia.com\/fr\/portfolio-category\/sesiones-especiales-fr\/\">S\u00e9ances sp\u00e9ciales<\/a>\n\t\t\t\t\t<\/div>\n\t\n\t\t\t\n\t\t\t\t\t<\/div>\n\t<\/div>\n<\/div>\n\t\t<a itemprop=\"url\" class=\"edgtf-pli-link edgtf-block-drag-link\" href=\"https:\/\/lamostradevalencia.com\/fr\/peliculas\/de-quelques-evenements-sans-signification\/\" target=\"_self\"><\/a>\n\t<\/div>\n<\/article><article class=\"edgtf-pl-item edgtf-item-space  post-5439 portfolio-item type-portfolio-item status-publish has-post-thumbnail hentry portfolio-category-festival-2019-fr portfolio-category-sesiones-especiales-fr portfolio-tag-cortometraje-fr portfolio-tag-filmlab-palestine-fr portfolio-tag-mostra-de-valencia-fr portfolio-tag-palestina-fr portfolio-tag-sesiones-especiales-fr\">\n\t<div class=\"edgtf-pl-item-inner\">\n\t\t<div class=\"edgtf-pli-image\">\n\t<img loading=\"lazy\" decoding=\"async\" width=\"1920\" height=\"1080\" src=\"https:\/\/lamostradevalencia.com\/wp-content\/uploads\/2019\/10\/Ambience.jpeg\" class=\"attachment-full size-full wp-post-image\" alt=\"\" srcset=\"https:\/\/lamostradevalencia.com\/wp-content\/uploads\/2019\/10\/Ambience.jpeg 1920w, https:\/\/lamostradevalencia.com\/wp-content\/uploads\/2019\/10\/Ambience-300x169.jpeg 300w, https:\/\/lamostradevalencia.com\/wp-content\/uploads\/2019\/10\/Ambience-768x432.jpeg 768w, https:\/\/lamostradevalencia.com\/wp-content\/uploads\/2019\/10\/Ambience-1024x576.jpeg 1024w\" sizes=\"auto, (max-width: 1920px) 100vw, 1920px\" \/><\/div>\n<div class=\"edgtf-pli-text-holder\" >\n\t<div class=\"edgtf-pli-text-wrapper\">\n\t\t<div class=\"edgtf-pli-text\">\n\t\t\t\t<h4 itemprop=\"name\" class=\"edgtf-pli-title entry-title\" >\n\t\tAmbience\t<\/h4>\n\n\t\t\t\t\t<div class=\"edgtf-pli-category-holder\">\n\t\t\t\t\t\t\t<a itemprop=\"url\" class=\"edgtf-pli-category\" href=\"https:\/\/lamostradevalencia.com\/fr\/portfolio-category\/festival-2019-fr\/\">Festival 2019<\/a>\n\t\t\t\t\t\t\t<a itemprop=\"url\" class=\"edgtf-pli-category\" href=\"https:\/\/lamostradevalencia.com\/fr\/portfolio-category\/sesiones-especiales-fr\/\">S\u00e9ances sp\u00e9ciales<\/a>\n\t\t\t\t\t<\/div>\n\t\n\t\t\t\n\t\t\t\t\t<\/div>\n\t<\/div>\n<\/div>\n\t\t<a itemprop=\"url\" class=\"edgtf-pli-link edgtf-block-drag-link\" href=\"https:\/\/lamostradevalencia.com\/fr\/peliculas\/ambience\/\" target=\"_self\"><\/a>\n\t<\/div>\n<\/article><article class=\"edgtf-pl-item edgtf-item-space  post-5445 portfolio-item type-portfolio-item status-publish has-post-thumbnail hentry portfolio-category-festival-2019-fr portfolio-category-sesiones-especiales-fr portfolio-tag-cortometraje-fr portfolio-tag-filmlab-palestine-fr portfolio-tag-mostra-de-valencia-fr portfolio-tag-palestina-fr portfolio-tag-sesiones-especiales-fr\">\n\t<div class=\"edgtf-pl-item-inner\">\n\t\t<div class=\"edgtf-pli-image\">\n\t<img loading=\"lazy\" decoding=\"async\" width=\"1777\" height=\"756\" src=\"https:\/\/lamostradevalencia.com\/wp-content\/uploads\/2019\/10\/The-Pipe.jpg\" class=\"attachment-full size-full wp-post-image\" alt=\"\" srcset=\"https:\/\/lamostradevalencia.com\/wp-content\/uploads\/2019\/10\/The-Pipe.jpg 1777w, https:\/\/lamostradevalencia.com\/wp-content\/uploads\/2019\/10\/The-Pipe-300x128.jpg 300w, https:\/\/lamostradevalencia.com\/wp-content\/uploads\/2019\/10\/The-Pipe-768x327.jpg 768w, https:\/\/lamostradevalencia.com\/wp-content\/uploads\/2019\/10\/The-Pipe-1024x436.jpg 1024w\" sizes=\"auto, (max-width: 1777px) 100vw, 1777px\" \/><\/div>\n<div class=\"edgtf-pli-text-holder\" >\n\t<div class=\"edgtf-pli-text-wrapper\">\n\t\t<div class=\"edgtf-pli-text\">\n\t\t\t\t<h4 itemprop=\"name\" class=\"edgtf-pli-title entry-title\" >\n\t\tThe Pipe\t<\/h4>\n\n\t\t\t\t\t<div class=\"edgtf-pli-category-holder\">\n\t\t\t\t\t\t\t<a itemprop=\"url\" class=\"edgtf-pli-category\" href=\"https:\/\/lamostradevalencia.com\/fr\/portfolio-category\/festival-2019-fr\/\">Festival 2019<\/a>\n\t\t\t\t\t\t\t<a itemprop=\"url\" class=\"edgtf-pli-category\" href=\"https:\/\/lamostradevalencia.com\/fr\/portfolio-category\/sesiones-especiales-fr\/\">S\u00e9ances sp\u00e9ciales<\/a>\n\t\t\t\t\t<\/div>\n\t\n\t\t\t\n\t\t\t\t\t<\/div>\n\t<\/div>\n<\/div>\n\t\t<a itemprop=\"url\" class=\"edgtf-pli-link edgtf-block-drag-link\" href=\"https:\/\/lamostradevalencia.com\/fr\/peliculas\/the-pipe\/\" target=\"_self\"><\/a>\n\t<\/div>\n<\/article><article class=\"edgtf-pl-item edgtf-item-space  post-5456 portfolio-item type-portfolio-item status-publish has-post-thumbnail hentry portfolio-category-festival-2019-fr portfolio-category-sesiones-especiales-fr portfolio-tag-cortometraje-fr portfolio-tag-filmlab-palestine-fr portfolio-tag-mostra-de-valencia-fr portfolio-tag-palestina-fr portfolio-tag-sesiones-especiales-fr\">\n\t<div class=\"edgtf-pl-item-inner\">\n\t\t<div class=\"edgtf-pli-image\">\n\t<img loading=\"lazy\" decoding=\"async\" width=\"1280\" height=\"960\" src=\"https:\/\/lamostradevalencia.com\/wp-content\/uploads\/2019\/10\/The-White-Elephant.jpg\" class=\"attachment-full size-full wp-post-image\" alt=\"\" srcset=\"https:\/\/lamostradevalencia.com\/wp-content\/uploads\/2019\/10\/The-White-Elephant.jpg 1280w, https:\/\/lamostradevalencia.com\/wp-content\/uploads\/2019\/10\/The-White-Elephant-300x225.jpg 300w, https:\/\/lamostradevalencia.com\/wp-content\/uploads\/2019\/10\/The-White-Elephant-768x576.jpg 768w, https:\/\/lamostradevalencia.com\/wp-content\/uploads\/2019\/10\/The-White-Elephant-1024x768.jpg 1024w\" sizes=\"auto, (max-width: 1280px) 100vw, 1280px\" \/><\/div>\n<div class=\"edgtf-pli-text-holder\" >\n\t<div class=\"edgtf-pli-text-wrapper\">\n\t\t<div class=\"edgtf-pli-text\">\n\t\t\t\t<h4 itemprop=\"name\" class=\"edgtf-pli-title entry-title\" >\n\t\tThe White Elephant\t<\/h4>\n\n\t\t\t\t\t<div class=\"edgtf-pli-category-holder\">\n\t\t\t\t\t\t\t<a itemprop=\"url\" class=\"edgtf-pli-category\" href=\"https:\/\/lamostradevalencia.com\/fr\/portfolio-category\/festival-2019-fr\/\">Festival 2019<\/a>\n\t\t\t\t\t\t\t<a itemprop=\"url\" class=\"edgtf-pli-category\" href=\"https:\/\/lamostradevalencia.com\/fr\/portfolio-category\/sesiones-especiales-fr\/\">S\u00e9ances sp\u00e9ciales<\/a>\n\t\t\t\t\t<\/div>\n\t\n\t\t\t\n\t\t\t\t\t<\/div>\n\t<\/div>\n<\/div>\n\t\t<a itemprop=\"url\" class=\"edgtf-pli-link edgtf-block-drag-link\" href=\"https:\/\/lamostradevalencia.com\/fr\/peliculas\/the-white-elephant\/\" target=\"_self\"><\/a>\n\t<\/div>\n<\/article><article class=\"edgtf-pl-item edgtf-item-space  post-5462 portfolio-item type-portfolio-item status-publish has-post-thumbnail hentry portfolio-category-festival-2019-fr portfolio-category-sesiones-especiales-fr portfolio-tag-cortometraje-fr portfolio-tag-filmlab-palestine-fr portfolio-tag-mostra-de-valencia-fr portfolio-tag-palestina-fr portfolio-tag-sesiones-especiales-fr\">\n\t<div class=\"edgtf-pl-item-inner\">\n\t\t<div class=\"edgtf-pli-image\">\n\t<img loading=\"lazy\" decoding=\"async\" width=\"889\" height=\"500\" src=\"https:\/\/lamostradevalencia.com\/wp-content\/uploads\/2019\/10\/Area-C.jpg\" class=\"attachment-full size-full wp-post-image\" alt=\"\" srcset=\"https:\/\/lamostradevalencia.com\/wp-content\/uploads\/2019\/10\/Area-C.jpg 889w, https:\/\/lamostradevalencia.com\/wp-content\/uploads\/2019\/10\/Area-C-300x169.jpg 300w, https:\/\/lamostradevalencia.com\/wp-content\/uploads\/2019\/10\/Area-C-768x432.jpg 768w\" sizes=\"auto, (max-width: 889px) 100vw, 889px\" \/><\/div>\n<div class=\"edgtf-pli-text-holder\" >\n\t<div class=\"edgtf-pli-text-wrapper\">\n\t\t<div class=\"edgtf-pli-text\">\n\t\t\t\t<h4 itemprop=\"name\" class=\"edgtf-pli-title entry-title\" >\n\t\tArea C\t<\/h4>\n\n\t\t\t\t\t<div class=\"edgtf-pli-category-holder\">\n\t\t\t\t\t\t\t<a itemprop=\"url\" class=\"edgtf-pli-category\" href=\"https:\/\/lamostradevalencia.com\/fr\/portfolio-category\/festival-2019-fr\/\">Festival 2019<\/a>\n\t\t\t\t\t\t\t<a itemprop=\"url\" class=\"edgtf-pli-category\" href=\"https:\/\/lamostradevalencia.com\/fr\/portfolio-category\/sesiones-especiales-fr\/\">S\u00e9ances sp\u00e9ciales<\/a>\n\t\t\t\t\t<\/div>\n\t\n\t\t\t\n\t\t\t\t\t<\/div>\n\t<\/div>\n<\/div>\n\t\t<a itemprop=\"url\" class=\"edgtf-pli-link edgtf-block-drag-link\" href=\"https:\/\/lamostradevalencia.com\/fr\/peliculas\/area-c\/\" target=\"_self\"><\/a>\n\t<\/div>\n<\/article><article class=\"edgtf-pl-item edgtf-item-space  post-5468 portfolio-item type-portfolio-item status-publish has-post-thumbnail hentry portfolio-category-festival-2019-fr portfolio-category-sesiones-especiales-fr portfolio-tag-cortometraje-fr portfolio-tag-filmlab-palestine-fr portfolio-tag-mostra-de-valencia-fr portfolio-tag-palestina-fr portfolio-tag-sesiones-especiales-fr\">\n\t<div class=\"edgtf-pl-item-inner\">\n\t\t<div class=\"edgtf-pli-image\">\n\t<img loading=\"lazy\" decoding=\"async\" width=\"1024\" height=\"682\" src=\"https:\/\/lamostradevalencia.com\/wp-content\/uploads\/2019\/10\/The-Chair.jpg\" class=\"attachment-full size-full wp-post-image\" alt=\"\" srcset=\"https:\/\/lamostradevalencia.com\/wp-content\/uploads\/2019\/10\/The-Chair.jpg 1024w, https:\/\/lamostradevalencia.com\/wp-content\/uploads\/2019\/10\/The-Chair-300x200.jpg 300w, https:\/\/lamostradevalencia.com\/wp-content\/uploads\/2019\/10\/The-Chair-768x512.jpg 768w\" sizes=\"auto, (max-width: 1024px) 100vw, 1024px\" \/><\/div>\n<div class=\"edgtf-pli-text-holder\" >\n\t<div class=\"edgtf-pli-text-wrapper\">\n\t\t<div class=\"edgtf-pli-text\">\n\t\t\t\t<h4 itemprop=\"name\" class=\"edgtf-pli-title entry-title\" >\n\t\tThe Chair\t<\/h4>\n\n\t\t\t\t\t<div class=\"edgtf-pli-category-holder\">\n\t\t\t\t\t\t\t<a itemprop=\"url\" class=\"edgtf-pli-category\" href=\"https:\/\/lamostradevalencia.com\/fr\/portfolio-category\/festival-2019-fr\/\">Festival 2019<\/a>\n\t\t\t\t\t\t\t<a itemprop=\"url\" class=\"edgtf-pli-category\" href=\"https:\/\/lamostradevalencia.com\/fr\/portfolio-category\/sesiones-especiales-fr\/\">S\u00e9ances sp\u00e9ciales<\/a>\n\t\t\t\t\t<\/div>\n\t\n\t\t\t\n\t\t\t\t\t<\/div>\n\t<\/div>\n<\/div>\n\t\t<a itemprop=\"url\" class=\"edgtf-pli-link edgtf-block-drag-link\" href=\"https:\/\/lamostradevalencia.com\/fr\/peliculas\/the-chair\/\" target=\"_self\"><\/a>\n\t<\/div>\n<\/article><article class=\"edgtf-pl-item edgtf-item-space  post-5475 portfolio-item type-portfolio-item status-publish has-post-thumbnail hentry portfolio-category-festival-2019-fr portfolio-category-sesiones-especiales-fr portfolio-tag-cortometraje-fr portfolio-tag-filmlab-palestine-fr portfolio-tag-mostra-de-valencia-fr portfolio-tag-palestina-fr portfolio-tag-sesiones-especiales-fr\">\n\t<div class=\"edgtf-pl-item-inner\">\n\t\t<div class=\"edgtf-pli-image\">\n\t<img loading=\"lazy\" decoding=\"async\" width=\"1600\" height=\"900\" src=\"https:\/\/lamostradevalencia.com\/wp-content\/uploads\/2019\/10\/Bonbone.jpg\" class=\"attachment-full size-full wp-post-image\" alt=\"\" srcset=\"https:\/\/lamostradevalencia.com\/wp-content\/uploads\/2019\/10\/Bonbone.jpg 1600w, https:\/\/lamostradevalencia.com\/wp-content\/uploads\/2019\/10\/Bonbone-300x169.jpg 300w, https:\/\/lamostradevalencia.com\/wp-content\/uploads\/2019\/10\/Bonbone-768x432.jpg 768w, https:\/\/lamostradevalencia.com\/wp-content\/uploads\/2019\/10\/Bonbone-1024x576.jpg 1024w\" sizes=\"auto, (max-width: 1600px) 100vw, 1600px\" \/><\/div>\n<div class=\"edgtf-pli-text-holder\" >\n\t<div class=\"edgtf-pli-text-wrapper\">\n\t\t<div class=\"edgtf-pli-text\">\n\t\t\t\t<h4 itemprop=\"name\" class=\"edgtf-pli-title entry-title\" >\n\t\tBonbon\u00e9\t<\/h4>\n\n\t\t\t\t\t<div class=\"edgtf-pli-category-holder\">\n\t\t\t\t\t\t\t<a itemprop=\"url\" class=\"edgtf-pli-category\" href=\"https:\/\/lamostradevalencia.com\/fr\/portfolio-category\/festival-2019-fr\/\">Festival 2019<\/a>\n\t\t\t\t\t\t\t<a itemprop=\"url\" class=\"edgtf-pli-category\" href=\"https:\/\/lamostradevalencia.com\/fr\/portfolio-category\/sesiones-especiales-fr\/\">S\u00e9ances sp\u00e9ciales<\/a>\n\t\t\t\t\t<\/div>\n\t\n\t\t\t\n\t\t\t\t\t<\/div>\n\t<\/div>\n<\/div>\n\t\t<a itemprop=\"url\" class=\"edgtf-pli-link edgtf-block-drag-link\" href=\"https:\/\/lamostradevalencia.com\/fr\/peliculas\/bonbone\/\" target=\"_self\"><\/a>\n\t<\/div>\n<\/article><article class=\"edgtf-pl-item edgtf-item-space  post-5481 portfolio-item type-portfolio-item status-publish has-post-thumbnail hentry portfolio-category-festival-2019-fr portfolio-category-sesiones-especiales-fr portfolio-tag-animacion-fr portfolio-tag-cortometraje-fr portfolio-tag-filmlab-palestine-fr portfolio-tag-mostra-de-valencia-fr portfolio-tag-palestina-fr portfolio-tag-sesiones-especiales-fr\">\n\t<div class=\"edgtf-pl-item-inner\">\n\t\t<div class=\"edgtf-pli-image\">\n\t<img loading=\"lazy\" decoding=\"async\" width=\"5760\" height=\"3840\" src=\"https:\/\/lamostradevalencia.com\/wp-content\/uploads\/2019\/10\/Ayny.jpg\" class=\"attachment-full size-full wp-post-image\" alt=\"\" srcset=\"https:\/\/lamostradevalencia.com\/wp-content\/uploads\/2019\/10\/Ayny.jpg 5760w, https:\/\/lamostradevalencia.com\/wp-content\/uploads\/2019\/10\/Ayny-300x200.jpg 300w, https:\/\/lamostradevalencia.com\/wp-content\/uploads\/2019\/10\/Ayny-768x512.jpg 768w, https:\/\/lamostradevalencia.com\/wp-content\/uploads\/2019\/10\/Ayny-1024x683.jpg 1024w\" sizes=\"auto, (max-width: 5760px) 100vw, 5760px\" \/><\/div>\n<div class=\"edgtf-pli-text-holder\" >\n\t<div class=\"edgtf-pli-text-wrapper\">\n\t\t<div class=\"edgtf-pli-text\">\n\t\t\t\t<h4 itemprop=\"name\" class=\"edgtf-pli-title entry-title\" >\n\t\tAyny\t<\/h4>\n\n\t\t\t\t\t<div class=\"edgtf-pli-category-holder\">\n\t\t\t\t\t\t\t<a itemprop=\"url\" class=\"edgtf-pli-category\" href=\"https:\/\/lamostradevalencia.com\/fr\/portfolio-category\/festival-2019-fr\/\">Festival 2019<\/a>\n\t\t\t\t\t\t\t<a itemprop=\"url\" class=\"edgtf-pli-category\" href=\"https:\/\/lamostradevalencia.com\/fr\/portfolio-category\/sesiones-especiales-fr\/\">S\u00e9ances sp\u00e9ciales<\/a>\n\t\t\t\t\t<\/div>\n\t\n\t\t\t\n\t\t\t\t\t<\/div>\n\t<\/div>\n<\/div>\n\t\t<a itemprop=\"url\" class=\"edgtf-pli-link edgtf-block-drag-link\" href=\"https:\/\/lamostradevalencia.com\/fr\/peliculas\/ayny\/\" target=\"_self\"><\/a>\n\t<\/div>\n<\/article><article class=\"edgtf-pl-item edgtf-item-space  post-5487 portfolio-item type-portfolio-item status-publish has-post-thumbnail hentry portfolio-category-festival-2019-fr portfolio-category-sesiones-especiales-fr portfolio-tag-cortometraje-fr portfolio-tag-filmlab-palestine-fr portfolio-tag-mostra-de-valencia-fr portfolio-tag-palestina-fr portfolio-tag-sesiones-especiales-fr\">\n\t<div class=\"edgtf-pl-item-inner\">\n\t\t<div class=\"edgtf-pli-image\">\n\t<img loading=\"lazy\" decoding=\"async\" width=\"1777\" height=\"999\" src=\"https:\/\/lamostradevalencia.com\/wp-content\/uploads\/2019\/10\/Five-boys-and-a-wheel.jpg\" class=\"attachment-full size-full wp-post-image\" alt=\"\" srcset=\"https:\/\/lamostradevalencia.com\/wp-content\/uploads\/2019\/10\/Five-boys-and-a-wheel.jpg 1777w, https:\/\/lamostradevalencia.com\/wp-content\/uploads\/2019\/10\/Five-boys-and-a-wheel-300x169.jpg 300w, https:\/\/lamostradevalencia.com\/wp-content\/uploads\/2019\/10\/Five-boys-and-a-wheel-768x432.jpg 768w, https:\/\/lamostradevalencia.com\/wp-content\/uploads\/2019\/10\/Five-boys-and-a-wheel-1024x576.jpg 1024w\" sizes=\"auto, (max-width: 1777px) 100vw, 1777px\" \/><\/div>\n<div class=\"edgtf-pli-text-holder\" >\n\t<div class=\"edgtf-pli-text-wrapper\">\n\t\t<div class=\"edgtf-pli-text\">\n\t\t\t\t<h4 itemprop=\"name\" class=\"edgtf-pli-title entry-title\" >\n\t\tFive Boys and a Wheel\t<\/h4>\n\n\t\t\t\t\t<div class=\"edgtf-pli-category-holder\">\n\t\t\t\t\t\t\t<a itemprop=\"url\" class=\"edgtf-pli-category\" href=\"https:\/\/lamostradevalencia.com\/fr\/portfolio-category\/festival-2019-fr\/\">Festival 2019<\/a>\n\t\t\t\t\t\t\t<a itemprop=\"url\" class=\"edgtf-pli-category\" href=\"https:\/\/lamostradevalencia.com\/fr\/portfolio-category\/sesiones-especiales-fr\/\">S\u00e9ances sp\u00e9ciales<\/a>\n\t\t\t\t\t<\/div>\n\t\n\t\t\t\n\t\t\t\t\t<\/div>\n\t<\/div>\n<\/div>\n\t\t<a itemprop=\"url\" class=\"edgtf-pli-link edgtf-block-drag-link\" href=\"https:\/\/lamostradevalencia.com\/fr\/peliculas\/five-boys-and-a-wheel\/\" target=\"_self\"><\/a>\n\t<\/div>\n<\/article>\t<\/div>\n\t\n\t<\/div>[\/vc_column][\/vc_row]<\/p>\n<\/div>","protected":false},"excerpt":{"rendered":"<p>[vc_row css=\u00a0\u00bb.vc_custom_1538589163779{padding-top: 90px !important;padding-right: 40px !important;padding-left: 40px !important;}\u00a0\u00bb][vc_column][\/vc_column][\/vc_row]<\/p>\n","protected":false},"author":1,"featured_media":0,"parent":7682,"menu_order":9,"comment_status":"closed","ping_status":"closed","template":"full-width.php","meta":{"_uag_custom_page_level_css":"","_jet_sm_ready_style":"","_jet_sm_style":"","_jet_sm_controls_values":"","_jet_sm_fonts_collection":"","_jet_sm_fonts_links":"","footnotes":""},"class_list":["post-5592","page","type-page","status-publish","hentry"],"yoast_head":"<!-- This site is optimized with the Yoast SEO plugin v27.5 - https:\/\/yoast.com\/product\/yoast-seo-wordpress\/ -->\n<title>S\u00e9ances sp\u00e9ciales - Mostra de Val\u00e8ncia<\/title>\n<meta name=\"robots\" content=\"index, follow, max-snippet:-1, max-image-preview:large, max-video-preview:-1\" \/>\n<link rel=\"canonical\" href=\"https:\/\/lamostradevalencia.com\/fr\/edition-2019\/seances-speciales\/\" \/>\n<meta property=\"og:locale\" content=\"fr_FR\" \/>\n<meta property=\"og:type\" content=\"article\" \/>\n<meta property=\"og:title\" content=\"S\u00e9ances sp\u00e9ciales - Mostra de Val\u00e8ncia\" \/>\n<meta property=\"og:description\" content=\"[vc_row css=\u00a0\u00bb.vc_custom_1538589163779{padding-top: 90px !important;padding-right: 40px !important;padding-left: 40px !important;}\u00a0\u00bb][vc_column][\/vc_column][\/vc_row]\" \/>\n<meta property=\"og:url\" content=\"https:\/\/lamostradevalencia.com\/fr\/edition-2019\/seances-speciales\/\" \/>\n<meta property=\"og:site_name\" content=\"Mostra de Val\u00e8ncia\" \/>\n<meta property=\"article:modified_time\" content=\"2020-02-20T16:29:38+00:00\" \/>\n<meta name=\"twitter:card\" content=\"summary_large_image\" \/>\n<script type=\"application\/ld+json\" class=\"yoast-schema-graph\">{\"@context\":\"https:\\\/\\\/schema.org\",\"@graph\":[{\"@type\":\"WebPage\",\"@id\":\"https:\\\/\\\/lamostradevalencia.com\\\/fr\\\/edition-2019\\\/seances-speciales\\\/\",\"url\":\"https:\\\/\\\/lamostradevalencia.com\\\/fr\\\/edition-2019\\\/seances-speciales\\\/\",\"name\":\"S\u00e9ances sp\u00e9ciales - Mostra de Val\u00e8ncia\",\"isPartOf\":{\"@id\":\"https:\\\/\\\/lamostradevalencia.com\\\/fr\\\/#website\"},\"datePublished\":\"2018-08-06T05:54:39+00:00\",\"dateModified\":\"2020-02-20T16:29:38+00:00\",\"breadcrumb\":{\"@id\":\"https:\\\/\\\/lamostradevalencia.com\\\/fr\\\/edition-2019\\\/seances-speciales\\\/#breadcrumb\"},\"inLanguage\":\"fr-FR\",\"potentialAction\":[{\"@type\":\"ReadAction\",\"target\":[\"https:\\\/\\\/lamostradevalencia.com\\\/fr\\\/edition-2019\\\/seances-speciales\\\/\"]}]},{\"@type\":\"BreadcrumbList\",\"@id\":\"https:\\\/\\\/lamostradevalencia.com\\\/fr\\\/edition-2019\\\/seances-speciales\\\/#breadcrumb\",\"itemListElement\":[{\"@type\":\"ListItem\",\"position\":1,\"name\":\"Portada\",\"item\":\"https:\\\/\\\/lamostradevalencia.com\\\/fr\\\/\"},{\"@type\":\"ListItem\",\"position\":2,\"name\":\"\u00c9dition 2019\",\"item\":\"https:\\\/\\\/lamostradevalencia.com\\\/fr\\\/edition-2019\\\/\"},{\"@type\":\"ListItem\",\"position\":3,\"name\":\"S\u00e9ances sp\u00e9ciales\"}]},{\"@type\":\"WebSite\",\"@id\":\"https:\\\/\\\/lamostradevalencia.com\\\/fr\\\/#website\",\"url\":\"https:\\\/\\\/lamostradevalencia.com\\\/fr\\\/\",\"name\":\"Mostra de Val\u00e8ncia\",\"description\":\"Cinema del Mediterrani\",\"potentialAction\":[{\"@type\":\"SearchAction\",\"target\":{\"@type\":\"EntryPoint\",\"urlTemplate\":\"https:\\\/\\\/lamostradevalencia.com\\\/fr\\\/?s={search_term_string}\"},\"query-input\":{\"@type\":\"PropertyValueSpecification\",\"valueRequired\":true,\"valueName\":\"search_term_string\"}}],\"inLanguage\":\"fr-FR\"}]}<\/script>\n<!-- \/ Yoast SEO plugin. -->","yoast_head_json":{"title":"S\u00e9ances sp\u00e9ciales - Mostra de Val\u00e8ncia","robots":{"index":"index","follow":"follow","max-snippet":"max-snippet:-1","max-image-preview":"max-image-preview:large","max-video-preview":"max-video-preview:-1"},"canonical":"https:\/\/lamostradevalencia.com\/fr\/edition-2019\/seances-speciales\/","og_locale":"fr_FR","og_type":"article","og_title":"S\u00e9ances sp\u00e9ciales - Mostra de Val\u00e8ncia","og_description":"[vc_row css=\u00a0\u00bb.vc_custom_1538589163779{padding-top: 90px !important;padding-right: 40px !important;padding-left: 40px !important;}\u00a0\u00bb][vc_column][\/vc_column][\/vc_row]","og_url":"https:\/\/lamostradevalencia.com\/fr\/edition-2019\/seances-speciales\/","og_site_name":"Mostra de Val\u00e8ncia","article_modified_time":"2020-02-20T16:29:38+00:00","twitter_card":"summary_large_image","schema":{"@context":"https:\/\/schema.org","@graph":[{"@type":"WebPage","@id":"https:\/\/lamostradevalencia.com\/fr\/edition-2019\/seances-speciales\/","url":"https:\/\/lamostradevalencia.com\/fr\/edition-2019\/seances-speciales\/","name":"S\u00e9ances sp\u00e9ciales - Mostra de Val\u00e8ncia","isPartOf":{"@id":"https:\/\/lamostradevalencia.com\/fr\/#website"},"datePublished":"2018-08-06T05:54:39+00:00","dateModified":"2020-02-20T16:29:38+00:00","breadcrumb":{"@id":"https:\/\/lamostradevalencia.com\/fr\/edition-2019\/seances-speciales\/#breadcrumb"},"inLanguage":"fr-FR","potentialAction":[{"@type":"ReadAction","target":["https:\/\/lamostradevalencia.com\/fr\/edition-2019\/seances-speciales\/"]}]},{"@type":"BreadcrumbList","@id":"https:\/\/lamostradevalencia.com\/fr\/edition-2019\/seances-speciales\/#breadcrumb","itemListElement":[{"@type":"ListItem","position":1,"name":"Portada","item":"https:\/\/lamostradevalencia.com\/fr\/"},{"@type":"ListItem","position":2,"name":"\u00c9dition 2019","item":"https:\/\/lamostradevalencia.com\/fr\/edition-2019\/"},{"@type":"ListItem","position":3,"name":"S\u00e9ances sp\u00e9ciales"}]},{"@type":"WebSite","@id":"https:\/\/lamostradevalencia.com\/fr\/#website","url":"https:\/\/lamostradevalencia.com\/fr\/","name":"Mostra de Val\u00e8ncia","description":"Cinema del Mediterrani","potentialAction":[{"@type":"SearchAction","target":{"@type":"EntryPoint","urlTemplate":"https:\/\/lamostradevalencia.com\/fr\/?s={search_term_string}"},"query-input":{"@type":"PropertyValueSpecification","valueRequired":true,"valueName":"search_term_string"}}],"inLanguage":"fr-FR"}]}},"uagb_featured_image_src":{"full":false,"thumbnail":false,"medium":false,"medium_large":false,"large":false,"1536x1536":false,"2048x2048":false,"cinerama_edge_image_square":false,"cinerama_edge_image_landscape":false,"cinerama_edge_image_portrait":false,"cinerama_edge_image_huge":false,"gform-image-choice-sm":false,"gform-image-choice-md":false,"gform-image-choice-lg":false},"uagb_author_info":{"display_name":"Mostra de Val\u00e8ncia","author_link":"https:\/\/lamostradevalencia.com\/fr\/author\/mostravalencia\/"},"uagb_comment_info":0,"uagb_excerpt":"[vc_row css=\u00a0\u00bb.vc_custom_1538589163779{padding-top: 90px !important;padding-right: 40px !important;padding-left: 40px !important;}\u00a0\u00bb][vc_column][\/vc_column][\/vc_row]","_links":{"self":[{"href":"https:\/\/lamostradevalencia.com\/fr\/wp-json\/wp\/v2\/pages\/5592","targetHints":{"allow":["GET"]}}],"collection":[{"href":"https:\/\/lamostradevalencia.com\/fr\/wp-json\/wp\/v2\/pages"}],"about":[{"href":"https:\/\/lamostradevalencia.com\/fr\/wp-json\/wp\/v2\/types\/page"}],"author":[{"embeddable":true,"href":"https:\/\/lamostradevalencia.com\/fr\/wp-json\/wp\/v2\/users\/1"}],"replies":[{"embeddable":true,"href":"https:\/\/lamostradevalencia.com\/fr\/wp-json\/wp\/v2\/comments?post=5592"}],"version-history":[{"count":1,"href":"https:\/\/lamostradevalencia.com\/fr\/wp-json\/wp\/v2\/pages\/5592\/revisions"}],"predecessor-version":[{"id":5593,"href":"https:\/\/lamostradevalencia.com\/fr\/wp-json\/wp\/v2\/pages\/5592\/revisions\/5593"}],"up":[{"embeddable":true,"href":"https:\/\/lamostradevalencia.com\/fr\/wp-json\/wp\/v2\/pages\/7682"}],"wp:attachment":[{"href":"https:\/\/lamostradevalencia.com\/fr\/wp-json\/wp\/v2\/media?parent=5592"}],"curies":[{"name":"wp","href":"https:\/\/api.w.org\/{rel}","templated":true}]}}