{"id":5566,"date":"2018-08-06T07:48:56","date_gmt":"2018-08-06T05:48:56","guid":{"rendered":"https:\/\/lamostradevalencia.com\/le-festival\/"},"modified":"2023-07-19T14:51:36","modified_gmt":"2023-07-19T12:51:36","slug":"le-festival","status":"publish","type":"page","link":"https:\/\/lamostradevalencia.com\/fr\/le-festival\/","title":{"rendered":"Le festival"},"content":{"rendered":"<div class=\"wpb-content-wrapper\"><p>[vc_row][vc_column]<div class=\"templatera_shortcode\"><style type=\"text\/css\" data-type=\"vc_shortcodes-custom-css\">.vc_custom_1689834912609{margin-top: 30px !important;margin-right: 55px !important;margin-left: 55px !important;}<\/style><\/div>[\/vc_column][\/vc_row][vc_row gap=\u00a0\u00bb25&Prime; equal_height=\u00a0\u00bbyes\u00a0\u00bb content_placement=\u00a0\u00bbmiddle\u00a0\u00bb content_text_aligment=\u00a0\u00bbcenter\u00a0\u00bb css=\u00a0\u00bb.vc_custom_1571476385159{padding-right: 20px !important;padding-left: 20px !important;background-color: #ffffff !important;}\u00a0\u00bb simple_background_color=\u00a0\u00bb#000000&Prime;][vc_column css=\u00a0\u00bb.vc_custom_1571474595242{background-color: #ffffff !important;}\u00a0\u00bb][vc_empty_space height=\u00a0\u00bb50px\u00a0\u00bb][vc_column_text css=\u00a0\u00bb.vc_custom_1657807325865{padding-right: 50px !important;padding-left: 50px !important;}\u00a0\u00bb]<\/p>\n<p style=\"text-align: left;\"><span style=\"color: #ffffff;\"><span style=\"color: #000000;\">La <em>Mostra de Val\u00e8ncia\u2013Cinema del Mediterrani<\/em> revient en 2018 apr\u00e8s une pause de six ans. N\u00e9 en 1980 dans le but de rassembler la production cin\u00e9matographique du bassin m\u00e9diterran\u00e9en, le festival a c\u00e9l\u00e9br\u00e9 32 \u00e9ditions jusqu\u2019en 2011, lorsque la municipalit\u00e9 a d\u00e9cid\u00e9 de l\u2019interrompre.<\/span><\/span><br class=\"xliff-newline\" \/><br class=\"xliff-newline\" \/><span style=\"color: #000000;\">Durant ces ann\u00e9es, des personnalit\u00e9s du cin\u00e9ma m\u00e9diterran\u00e9en telles que Melina Mercouri, Vittorio Gassman, Yves Montand, Pedro Almod\u00f3var, Emir Kusturica, Giulietta Masina, Lino Ventura, Paolo et Vittorio Taviani, Claude Chabrol, Theo Angelopoulos, Alberto Sordi, Marco Ferreri et Catherine Deneuve, entre autres, se sont rendus \u00e0 Valence pour pr\u00e9senter leur travail au public et partager leurs exp\u00e9riences professionnelles et artistiques.<\/span><\/p>\n<p>[\/vc_column_text][\/vc_column][\/vc_row][vc_row][vc_column][vc_empty_space height=\u00a0\u00bb50px\u00a0\u00bb]<div class=\"edgtf-section-title-holder  edgtf-st-standard edgtf-st-title-left edgtf-st-ratio-1-2 edgtf-st-large-space\" style=\"text-align: center\">\n\t<div class=\"edgtf-st-inner\">\n\t\t\t\t\t<h2 class=\"edgtf-st-title\" >\n\t\t\t\tSECTIONS\t\t\t<\/h2>\n\t\t\t\t\t<\/div>\n<\/div>[vc_empty_space height=\u00a0\u00bb50px\u00a0\u00bb][\/vc_column][\/vc_row][vc_row css=\u00a0\u00bb.vc_custom_1538653222562{padding-top: 50px !important;padding-bottom: 50px !important;}\u00a0\u00bb][vc_column]<div class=\"templatera_shortcode\"><style type=\"text\/css\" data-type=\"vc_shortcodes-custom-css\">.vc_custom_1538572732298{padding-right: 40px !important;padding-left: 40px !important;}.vc_custom_1692701785245{padding-top: 60px !important;padding-right: 5px !important;padding-bottom: 60px !important;padding-left: 5px !important;background-color: #224851 !important;}.vc_custom_1692701794850{padding-top: 60px !important;padding-right: 5px !important;padding-bottom: 60px !important;padding-left: 5px !important;background-color: #db694b !important;}.vc_custom_1692701801161{padding-top: 40px !important;padding-right: 5px !important;padding-bottom: 40px !important;padding-left: 5px !important;background-color: #454796 !important;}.vc_custom_1692701810601{padding-top: 60px !important;padding-right: 5px !important;padding-bottom: 60px !important;padding-left: 5px !important;background-color: #23a39a !important;}.vc_custom_1692701281370{padding-top: 60px !important;padding-right: 5px !important;padding-bottom: 60px !important;padding-left: 5px !important;background-color: #ffb727 !important;}.vc_custom_1689678779540{padding-top: 15px !important;}.vc_custom_1692701823370{padding-top: 60px !important;padding-right: 5px !important;padding-bottom: 60px !important;padding-left: 5px !important;background-color: #bb9f6f !important;}.vc_custom_1693397583945{padding-top: 60px !important;padding-right: 5px !important;padding-bottom: 60px !important;padding-left: 5px !important;background-color: #698bd8 !important;}.vc_custom_1691151903412{padding-top: 60px !important;padding-right: 5px !important;padding-bottom: 60px !important;padding-left: 5px !important;background-color: #8c72c5 !important;}.vc_custom_1692701859449{padding-top: 60px !important;padding-right: 5px !important;padding-bottom: 60px !important;padding-left: 5px !important;background-color: #576b52 !important;}.vc_custom_1692701854577{padding-top: 60px !important;padding-right: 5px !important;padding-bottom: 60px !important;padding-left: 5px !important;background-color: #827d79 !important;}<\/style><div class=\"vc_row wpb_row vc_row-fluid vc_custom_1538572732298\" ><div class=\"wpb_column vc_column_container vc_col-sm-12\"><div class=\"vc_column-inner\"><div class=\"wpb_wrapper\"><div class=\"vc_row wpb_row vc_inner vc_row-fluid seccion-columna vc_column-gap-20 vc_row-o-equal-height vc_row-o-content-middle vc_row-flex\" ><div class=\"wpb_column vc_column_container vc_col-sm-1\/5 vc_col-has-fill\"><div class=\"vc_column-inner vc_custom_1692701785245\"><div class=\"wpb_wrapper\"><a itemprop=\"url\" href=\"https:\/\/lamostradevalencia.com\/fr\/edition-2023\/ouverture-2023\/\" target=\"_self\" style=\"color: #ffffff;font-size: 17px;font-weight: 700;text-transform: uppercase\" class=\"edgtf-btn edgtf-btn-medium edgtf-btn-simple edgtf-btn- edgtf-btn-custom-hover-color \" data-hover-color=\"rgba(255,255,255,0.85)\" >\n    <span class=\"edgtf-btn-text\">Ouverture<\/span>\n    <\/a><\/div><\/div><\/div><div class=\"wpb_column vc_column_container vc_col-sm-1\/5 vc_col-has-fill\"><div class=\"vc_column-inner vc_custom_1692701794850\"><div class=\"wpb_wrapper\"><a itemprop=\"url\" href=\"https:\/\/lamostradevalencia.com\/fr\/edition-2023\/section-officielle-2023\/\" target=\"_self\" style=\"color: #ffffff;font-size: 17px;font-weight: 700;text-transform: uppercase\" class=\"edgtf-btn edgtf-btn-medium edgtf-btn-simple edgtf-btn- edgtf-btn-custom-hover-color \" data-hover-color=\"rgba(255,255,255,0.85)\" >\n    <span class=\"edgtf-btn-text\">Section officielle<\/span>\n    <\/a><\/div><\/div><\/div><div class=\"wpb_column vc_column_container vc_col-sm-1\/5 vc_col-has-fill\"><div class=\"vc_column-inner vc_custom_1692701801161\"><div class=\"wpb_wrapper\"><a itemprop=\"url\" href=\"https:\/\/lamostradevalencia.com\/fr\/edition-2023\/section-informative-2023\/\" target=\"_self\" style=\"color: #ffffff;font-size: 17px;font-weight: 700;text-transform: uppercase\" class=\"edgtf-btn edgtf-btn-medium edgtf-btn-simple edgtf-btn- edgtf-btn-custom-hover-color \" data-hover-color=\"rgba(255,255,255,0.85)\" >\n    <span class=\"edgtf-btn-text\">Section informative<\/span>\n    <\/a>\n\t<div  class=\"wpb_single_image wpb_content_element vc_align_center wpb_content_element vc_custom_1689678779540\">\n\t\t\n\t\t<figure class=\"wpb_wrapper vc_figure\">\n\t\t\t<a href=\"https:\/\/lamostradevalencia.com\/fr\/edition-2023\/section-informative-2023\/\" target=\"_self\" class=\"vc_single_image-wrapper   vc_box_border_grey\"><img loading=\"lazy\" decoding=\"async\" width=\"259\" height=\"20\" src=\"https:\/\/lamostradevalencia.com\/wp-content\/uploads\/2023\/07\/a-punt-1.png\" class=\"vc_single_image-img attachment-full\" alt=\"\" title=\"a-punt-1\" \/><\/a>\n\t\t<\/figure>\n\t<\/div>\n<\/div><\/div><\/div><div class=\"wpb_column vc_column_container vc_col-sm-1\/5 vc_col-has-fill\"><div class=\"vc_column-inner vc_custom_1692701810601\"><div class=\"wpb_wrapper\"><a itemprop=\"url\" href=\"https:\/\/lamostradevalencia.com\/fr\/edition-2023\/projections-speciales-2023\/\" target=\"_self\" style=\"color: #ffffff;font-size: 17px;font-weight: 700;text-transform: uppercase\" class=\"edgtf-btn edgtf-btn-medium edgtf-btn-simple edgtf-btn- edgtf-btn-custom-hover-color \" data-hover-color=\"rgba(255,255,255,0.85)\" >\n    <span class=\"edgtf-btn-text\">Projections Sp\u00e9ciales<\/span>\n    <\/a><\/div><\/div><\/div><div class=\"wpb_column vc_column_container vc_col-sm-1\/5 vc_col-has-fill\"><div class=\"vc_column-inner vc_custom_1692701281370\"><div class=\"wpb_wrapper\"><a itemprop=\"url\" href=\"https:\/\/lamostradevalencia.com\/fr\/edition-2023\/palmier-dhonneur-2023\/\" target=\"_self\" style=\"color: #ffffff;font-size: 17px;font-weight: 700;text-transform: uppercase\" class=\"edgtf-btn edgtf-btn-medium edgtf-btn-simple edgtf-btn- edgtf-btn-custom-hover-color \" data-hover-color=\"rgba(255,255,255,0.85)\" >\n    <span class=\"edgtf-btn-text\">Palmier d&#039;honneur: Paolo Sorrentino<\/span>\n    <\/a><\/div><\/div><\/div><\/div><div class=\"vc_row wpb_row vc_inner vc_row-fluid seccion-columna vc_column-gap-20 vc_row-o-equal-height vc_row-o-content-middle vc_row-flex\" ><div class=\"wpb_column vc_column_container vc_col-sm-1\/5 vc_col-has-fill\"><div class=\"vc_column-inner vc_custom_1692701823370\"><div class=\"wpb_wrapper\"><a itemprop=\"url\" href=\"https:\/\/lamostradevalencia.com\/fr\/edition-2023\/focus-2023\/\" target=\"_self\" style=\"color: #ffffff;font-size: 17px;font-weight: 700;text-transform: uppercase;margin: 0\" class=\"edgtf-btn edgtf-btn-medium edgtf-btn-simple edgtf-btn- edgtf-btn-custom-hover-color \" data-hover-color=\"rgba(255,255,255,0.85)\" >\n    <span class=\"edgtf-btn-text\">Focus: Edgar P\u00eara<\/span>\n    <\/a><\/div><\/div><\/div><div class=\"wpb_column vc_column_container vc_col-sm-1\/5 vc_col-has-fill\"><div class=\"vc_column-inner vc_custom_1693397583945\"><div class=\"wpb_wrapper\"><a itemprop=\"url\" href=\"https:\/\/lamostradevalencia.com\/fr\/edition-2023\/helena-cortesina-2023\/\" target=\"_self\" style=\"color: #ffffff;font-size: 17px;font-weight: 700;text-transform: uppercase;margin: 0\" class=\"edgtf-btn edgtf-btn-medium edgtf-btn-simple edgtf-btn- edgtf-btn-custom-hover-color \" data-hover-color=\"rgba(255,255,255,0.85)\" >\n    <span class=\"edgtf-btn-text\">Helena Cortesina, une cin\u00e9aste pionni\u00e8re<\/span>\n    <\/a><\/div><\/div><\/div><div class=\"wpb_column vc_column_container vc_col-sm-1\/5 vc_col-has-fill\"><div class=\"vc_column-inner vc_custom_1691151903412\"><div class=\"wpb_wrapper\"><a itemprop=\"url\" href=\"https:\/\/lamostradevalencia.com\/fr\/edition-2023\/echos-du-liban-2023\/\" target=\"_self\" style=\"color: #ffffff;font-size: 17px;font-weight: 700;text-transform: uppercase;margin: 0\" class=\"edgtf-btn edgtf-btn-medium edgtf-btn-simple edgtf-btn- edgtf-btn-custom-hover-color \" data-hover-color=\"rgba(255,255,255,0.85)\" >\n    <span class=\"edgtf-btn-text\">\u00c9chos du Liban<\/span>\n    <\/a><\/div><\/div><\/div><div class=\"wpb_column vc_column_container vc_col-sm-1\/5 vc_col-has-fill\"><div class=\"vc_column-inner vc_custom_1692701859449\"><div class=\"wpb_wrapper\"><a itemprop=\"url\" href=\"https:\/\/lamostradevalencia.com\/fr\/edition-2023\/autres-activites-2023\/\" target=\"_self\" style=\"color: #ffffff;font-size: 17px;font-weight: 700;text-transform: uppercase\" class=\"edgtf-btn edgtf-btn-medium edgtf-btn-simple edgtf-btn- edgtf-btn-custom-hover-color \" data-hover-color=\"rgba(255,255,255,0.85)\" >\n    <span class=\"edgtf-btn-text\">Autres activit\u00e9s<\/span>\n    <\/a><\/div><\/div><\/div><div class=\"wpb_column vc_column_container vc_col-sm-1\/5 vc_col-has-fill\"><div class=\"vc_column-inner vc_custom_1692701854577\"><div class=\"wpb_wrapper\"><a itemprop=\"url\" href=\"https:\/\/lamostradevalencia.com\/fr\/edition-2023\/cloture-2023\/\" target=\"_self\" style=\"color: #ffffff;font-size: 17px;font-weight: 700;text-transform: uppercase\" class=\"edgtf-btn edgtf-btn-medium edgtf-btn-simple edgtf-btn- edgtf-btn-custom-hover-color \" data-hover-color=\"rgba(255,255,255,0.85)\" >\n    <span class=\"edgtf-btn-text\">Cl\u00f4ture<\/span>\n    <\/a><\/div><\/div><\/div><\/div><\/div><\/div><\/div><\/div><\/div>[\/vc_column][\/vc_row]<\/p>\n<\/div>","protected":false},"excerpt":{"rendered":"La Mostra de Val\u00e8ncia\u2013Cinema del Mediterrani revient en 2018 apr\u00e8s une pause de six ans. N\u00e9 en 1980 dans le but de rassembler la production [...]","protected":false},"author":1,"featured_media":0,"parent":0,"menu_order":2,"comment_status":"closed","ping_status":"closed","template":"full-width.php","meta":{"_uag_custom_page_level_css":"","_jet_sm_ready_style":"","_jet_sm_style":"","_jet_sm_controls_values":"","_jet_sm_fonts_collection":"","_jet_sm_fonts_links":"","footnotes":""},"class_list":["post-5566","page","type-page","status-publish","hentry"],"yoast_head":"<!-- This site is optimized with the Yoast SEO plugin v27.4 - https:\/\/yoast.com\/product\/yoast-seo-wordpress\/ -->\n<title>Le festival - Mostra de Val\u00e8ncia<\/title>\n<meta name=\"robots\" content=\"index, follow, max-snippet:-1, max-image-preview:large, max-video-preview:-1\" \/>\n<link rel=\"canonical\" href=\"https:\/\/lamostradevalencia.com\/fr\/le-festival\/\" \/>\n<meta property=\"og:locale\" content=\"fr_FR\" \/>\n<meta property=\"og:type\" content=\"article\" \/>\n<meta property=\"og:title\" content=\"Le festival - Mostra de Val\u00e8ncia\" \/>\n<meta property=\"og:url\" content=\"https:\/\/lamostradevalencia.com\/fr\/le-festival\/\" \/>\n<meta property=\"og:site_name\" content=\"Mostra de Val\u00e8ncia\" \/>\n<meta property=\"article:modified_time\" content=\"2023-07-19T12:51:36+00:00\" \/>\n<meta name=\"twitter:card\" content=\"summary_large_image\" \/>\n<meta name=\"twitter:label1\" content=\"Dur\u00e9e de lecture estim\u00e9e\" \/>\n\t<meta name=\"twitter:data1\" content=\"1 minute\" \/>\n<script type=\"application\/ld+json\" class=\"yoast-schema-graph\">{\"@context\":\"https:\\\/\\\/schema.org\",\"@graph\":[{\"@type\":\"WebPage\",\"@id\":\"https:\\\/\\\/lamostradevalencia.com\\\/fr\\\/le-festival\\\/\",\"url\":\"https:\\\/\\\/lamostradevalencia.com\\\/fr\\\/le-festival\\\/\",\"name\":\"Le festival - Mostra de Val\u00e8ncia\",\"isPartOf\":{\"@id\":\"https:\\\/\\\/lamostradevalencia.com\\\/fr\\\/#website\"},\"datePublished\":\"2018-08-06T05:48:56+00:00\",\"dateModified\":\"2023-07-19T12:51:36+00:00\",\"breadcrumb\":{\"@id\":\"https:\\\/\\\/lamostradevalencia.com\\\/fr\\\/le-festival\\\/#breadcrumb\"},\"inLanguage\":\"fr-FR\",\"potentialAction\":[{\"@type\":\"ReadAction\",\"target\":[\"https:\\\/\\\/lamostradevalencia.com\\\/fr\\\/le-festival\\\/\"]}]},{\"@type\":\"BreadcrumbList\",\"@id\":\"https:\\\/\\\/lamostradevalencia.com\\\/fr\\\/le-festival\\\/#breadcrumb\",\"itemListElement\":[{\"@type\":\"ListItem\",\"position\":1,\"name\":\"Portada\",\"item\":\"https:\\\/\\\/lamostradevalencia.com\\\/fr\\\/\"},{\"@type\":\"ListItem\",\"position\":2,\"name\":\"Le festival\"}]},{\"@type\":\"WebSite\",\"@id\":\"https:\\\/\\\/lamostradevalencia.com\\\/fr\\\/#website\",\"url\":\"https:\\\/\\\/lamostradevalencia.com\\\/fr\\\/\",\"name\":\"Mostra de Val\u00e8ncia\",\"description\":\"Cinema del Mediterrani\",\"potentialAction\":[{\"@type\":\"SearchAction\",\"target\":{\"@type\":\"EntryPoint\",\"urlTemplate\":\"https:\\\/\\\/lamostradevalencia.com\\\/fr\\\/?s={search_term_string}\"},\"query-input\":{\"@type\":\"PropertyValueSpecification\",\"valueRequired\":true,\"valueName\":\"search_term_string\"}}],\"inLanguage\":\"fr-FR\"}]}<\/script>\n<!-- \/ Yoast SEO plugin. -->","yoast_head_json":{"title":"Le festival - Mostra de Val\u00e8ncia","robots":{"index":"index","follow":"follow","max-snippet":"max-snippet:-1","max-image-preview":"max-image-preview:large","max-video-preview":"max-video-preview:-1"},"canonical":"https:\/\/lamostradevalencia.com\/fr\/le-festival\/","og_locale":"fr_FR","og_type":"article","og_title":"Le festival - Mostra de Val\u00e8ncia","og_url":"https:\/\/lamostradevalencia.com\/fr\/le-festival\/","og_site_name":"Mostra de Val\u00e8ncia","article_modified_time":"2023-07-19T12:51:36+00:00","twitter_card":"summary_large_image","twitter_misc":{"Dur\u00e9e de lecture estim\u00e9e":"1 minute"},"schema":{"@context":"https:\/\/schema.org","@graph":[{"@type":"WebPage","@id":"https:\/\/lamostradevalencia.com\/fr\/le-festival\/","url":"https:\/\/lamostradevalencia.com\/fr\/le-festival\/","name":"Le festival - Mostra de Val\u00e8ncia","isPartOf":{"@id":"https:\/\/lamostradevalencia.com\/fr\/#website"},"datePublished":"2018-08-06T05:48:56+00:00","dateModified":"2023-07-19T12:51:36+00:00","breadcrumb":{"@id":"https:\/\/lamostradevalencia.com\/fr\/le-festival\/#breadcrumb"},"inLanguage":"fr-FR","potentialAction":[{"@type":"ReadAction","target":["https:\/\/lamostradevalencia.com\/fr\/le-festival\/"]}]},{"@type":"BreadcrumbList","@id":"https:\/\/lamostradevalencia.com\/fr\/le-festival\/#breadcrumb","itemListElement":[{"@type":"ListItem","position":1,"name":"Portada","item":"https:\/\/lamostradevalencia.com\/fr\/"},{"@type":"ListItem","position":2,"name":"Le festival"}]},{"@type":"WebSite","@id":"https:\/\/lamostradevalencia.com\/fr\/#website","url":"https:\/\/lamostradevalencia.com\/fr\/","name":"Mostra de Val\u00e8ncia","description":"Cinema del Mediterrani","potentialAction":[{"@type":"SearchAction","target":{"@type":"EntryPoint","urlTemplate":"https:\/\/lamostradevalencia.com\/fr\/?s={search_term_string}"},"query-input":{"@type":"PropertyValueSpecification","valueRequired":true,"valueName":"search_term_string"}}],"inLanguage":"fr-FR"}]}},"uagb_featured_image_src":{"full":false,"thumbnail":false,"medium":false,"medium_large":false,"large":false,"1536x1536":false,"2048x2048":false,"cinerama_edge_image_square":false,"cinerama_edge_image_landscape":false,"cinerama_edge_image_portrait":false,"cinerama_edge_image_huge":false,"gform-image-choice-sm":false,"gform-image-choice-md":false,"gform-image-choice-lg":false},"uagb_author_info":{"display_name":"Mostra de Val\u00e8ncia","author_link":"https:\/\/lamostradevalencia.com\/fr\/author\/mostravalencia\/"},"uagb_comment_info":0,"uagb_excerpt":null,"_links":{"self":[{"href":"https:\/\/lamostradevalencia.com\/fr\/wp-json\/wp\/v2\/pages\/5566","targetHints":{"allow":["GET"]}}],"collection":[{"href":"https:\/\/lamostradevalencia.com\/fr\/wp-json\/wp\/v2\/pages"}],"about":[{"href":"https:\/\/lamostradevalencia.com\/fr\/wp-json\/wp\/v2\/types\/page"}],"author":[{"embeddable":true,"href":"https:\/\/lamostradevalencia.com\/fr\/wp-json\/wp\/v2\/users\/1"}],"replies":[{"embeddable":true,"href":"https:\/\/lamostradevalencia.com\/fr\/wp-json\/wp\/v2\/comments?post=5566"}],"version-history":[{"count":15,"href":"https:\/\/lamostradevalencia.com\/fr\/wp-json\/wp\/v2\/pages\/5566\/revisions"}],"predecessor-version":[{"id":19259,"href":"https:\/\/lamostradevalencia.com\/fr\/wp-json\/wp\/v2\/pages\/5566\/revisions\/19259"}],"wp:attachment":[{"href":"https:\/\/lamostradevalencia.com\/fr\/wp-json\/wp\/v2\/media?parent=5566"}],"curies":[{"name":"wp","href":"https:\/\/api.w.org\/{rel}","templated":true}]}}