{"id":10954,"date":"2021-09-15T17:22:43","date_gmt":"2021-09-15T15:22:43","guid":{"rendered":"https:\/\/lamostradevalencia.com\/?page_id=10954"},"modified":"2021-10-09T20:23:44","modified_gmt":"2021-10-09T18:23:44","slug":"ceci-nest-pas-un-film-de-berlanga","status":"publish","type":"page","link":"https:\/\/lamostradevalencia.com\/fr\/2021-edition\/ceci-nest-pas-un-film-de-berlanga\/","title":{"rendered":"Ceci n\u2019est pas un film de Berlanga"},"content":{"rendered":"<div class=\"wpb-content-wrapper\"><p>[vc_row content_placement=\u00a0\u00bbmiddle\u00a0\u00bb css=\u00a0\u00bb.vc_custom_1605691149529{padding-top: 90px !important;padding-right: 40px !important;padding-left: 40px !important;}\u00a0\u00bb][vc_column css=\u00a0\u00bb.vc_custom_1570013617234{padding-right: 300px !important;padding-left: 300px !important;}\u00a0\u00bb]<div class=\"edgtf-portfolio-list-holder edgtf-pl-masonry  edgtf-large-space edgtf-pl-three-columns edgtf-pl-standard-shader    edgtf-pl-pag-no-pagination     \"  data-type=masonry data-number-of-columns=3 data-space-between-items=large data-number-of-items=-1 data-image-proportions=full data-enable-fixed-proportions=no data-enable-image-shadow=no data-category=ceci-nest-pas-un-film-de-berlanga data-orderby=date data-order=ASC data-item-style=standard-shader data-enable-title=yes data-title-tag=h4 data-enable-category=yes data-enable-count-images=yes data-enable-excerpt=no data-excerpt-length=20 data-pagination-type=no-pagination data-filter=no data-filter-order-by=name data-enable-article-animation=no data-portfolio-slider-on=no data-enable-loop=yes data-enable-autoplay=yes data-slider-speed=5000 data-slider-speed-animation=600 data-enable-navigation=yes data-enable-pagination=yes data-max-num-pages=0 data-next-page=2>\n\t\t<div class=\"edgtf-pl-inner edgtf-outer-space clearfix\">\n\t\t<div class=\"edgtf-pl-grid-sizer\"><\/div>\n\t\t<div class=\"edgtf-pl-grid-gutter\"><\/div>\n\t\t<article class=\"edgtf-pl-item edgtf-item-space edgtf-masonry-size-default post-11170 portfolio-item type-portfolio-item status-publish has-post-thumbnail hentry portfolio-category-ceci-nest-pas-un-film-de-berlanga portfolio-category-festival-2021-fr portfolio-tag-balcanes-en-fr portfolio-tag-berlanga-en-fr portfolio-tag-comedia-en-fr portfolio-tag-mostra-de-valencia-fr portfolio-tag-pjer-zalica-en-fr\">\n\t<div class=\"edgtf-pl-item-inner\">\n\t\t<div class=\"edgtf-pli-image\">\n\t<img loading=\"lazy\" decoding=\"async\" width=\"1200\" height=\"780\" src=\"https:\/\/lamostradevalencia.com\/wp-content\/uploads\/2021\/07\/Gori-Vatra2.jpg\" class=\"attachment-full size-full wp-post-image\" alt=\"\" srcset=\"https:\/\/lamostradevalencia.com\/wp-content\/uploads\/2021\/07\/Gori-Vatra2.jpg 1200w, https:\/\/lamostradevalencia.com\/wp-content\/uploads\/2021\/07\/Gori-Vatra2-300x195.jpg 300w, https:\/\/lamostradevalencia.com\/wp-content\/uploads\/2021\/07\/Gori-Vatra2-1024x666.jpg 1024w, https:\/\/lamostradevalencia.com\/wp-content\/uploads\/2021\/07\/Gori-Vatra2-768x499.jpg 768w\" sizes=\"auto, (max-width: 1200px) 100vw, 1200px\" \/><\/div>\n<div class=\"edgtf-pli-text-holder\" >\n\t<div class=\"edgtf-pli-text-wrapper\">\n\t\t<div class=\"edgtf-pli-text\">\n\t\t\t\t<h4 itemprop=\"name\" class=\"edgtf-pli-title entry-title\" >\n\t\tGORI VATRA\t<\/h4>\n\n\t\t\t\t\t<div class=\"edgtf-pli-category-holder\">\n\t\t\t\t\t\t\t<a itemprop=\"url\" class=\"edgtf-pli-category\" href=\"https:\/\/lamostradevalencia.com\/fr\/portfolio-category\/ceci-nest-pas-un-film-de-berlanga\/\">Ceci n&#039;est pas un film de Berlanga<\/a>\n\t\t\t\t\t\t\t<a itemprop=\"url\" class=\"edgtf-pli-category\" href=\"https:\/\/lamostradevalencia.com\/fr\/portfolio-category\/festival-2021-fr\/\">Festival 2021<\/a>\n\t\t\t\t\t<\/div>\n\t\n\t\t\t\n\t\t\t\t\t<\/div>\n\t<\/div>\n<\/div>\n\t\t<a itemprop=\"url\" class=\"edgtf-pli-link edgtf-block-drag-link\" href=\"https:\/\/lamostradevalencia.com\/fr\/peliculas\/gori-vatra\/\" target=\"_self\"><\/a>\n\t<\/div>\n<\/article><article class=\"edgtf-pl-item edgtf-item-space edgtf-masonry-size-default post-11176 portfolio-item type-portfolio-item status-publish has-post-thumbnail hentry portfolio-category-ceci-nest-pas-un-film-de-berlanga portfolio-category-festival-2021-fr portfolio-tag-berlanga-en-fr portfolio-tag-comedia-en-fr portfolio-tag-mostra-de-valencia-fr portfolio-tag-pedro-olea-en-fr\">\n\t<div class=\"edgtf-pl-item-inner\">\n\t\t<div class=\"edgtf-pli-image\">\n\t<img loading=\"lazy\" decoding=\"async\" width=\"1440\" height=\"900\" src=\"https:\/\/lamostradevalencia.com\/wp-content\/uploads\/2021\/07\/LGB2.png\" class=\"attachment-full size-full wp-post-image\" alt=\"\" srcset=\"https:\/\/lamostradevalencia.com\/wp-content\/uploads\/2021\/07\/LGB2.png 1440w, https:\/\/lamostradevalencia.com\/wp-content\/uploads\/2021\/07\/LGB2-300x188.png 300w, https:\/\/lamostradevalencia.com\/wp-content\/uploads\/2021\/07\/LGB2-1024x640.png 1024w, https:\/\/lamostradevalencia.com\/wp-content\/uploads\/2021\/07\/LGB2-768x480.png 768w\" sizes=\"auto, (max-width: 1440px) 100vw, 1440px\" \/><\/div>\n<div class=\"edgtf-pli-text-holder\" >\n\t<div class=\"edgtf-pli-text-wrapper\">\n\t\t<div class=\"edgtf-pli-text\">\n\t\t\t\t<h4 itemprop=\"name\" class=\"edgtf-pli-title entry-title\" >\n\t\tD\u00cdAS DE VIEJO COLOR\t<\/h4>\n\n\t\t\t\t\t<div class=\"edgtf-pli-category-holder\">\n\t\t\t\t\t\t\t<a itemprop=\"url\" class=\"edgtf-pli-category\" href=\"https:\/\/lamostradevalencia.com\/fr\/portfolio-category\/ceci-nest-pas-un-film-de-berlanga\/\">Ceci n&#039;est pas un film de Berlanga<\/a>\n\t\t\t\t\t\t\t<a itemprop=\"url\" class=\"edgtf-pli-category\" href=\"https:\/\/lamostradevalencia.com\/fr\/portfolio-category\/festival-2021-fr\/\">Festival 2021<\/a>\n\t\t\t\t\t<\/div>\n\t\n\t\t\t\n\t\t\t\t\t<\/div>\n\t<\/div>\n<\/div>\n\t\t<a itemprop=\"url\" class=\"edgtf-pli-link edgtf-block-drag-link\" href=\"https:\/\/lamostradevalencia.com\/fr\/peliculas\/dias-de-viejo-color\/\" target=\"_self\"><\/a>\n\t<\/div>\n<\/article><article class=\"edgtf-pl-item edgtf-item-space edgtf-masonry-size-default post-11186 portfolio-item type-portfolio-item status-publish has-post-thumbnail hentry portfolio-category-ceci-nest-pas-un-film-de-berlanga portfolio-category-festival-2021-fr portfolio-tag-berlanga-en-fr portfolio-tag-comedia-en-fr portfolio-tag-egipto-fr portfolio-tag-mostra-de-valencia-fr\">\n\t<div class=\"edgtf-pl-item-inner\">\n\t\t<div class=\"edgtf-pli-image\">\n\t<img loading=\"lazy\" decoding=\"async\" width=\"996\" height=\"702\" src=\"https:\/\/lamostradevalencia.com\/wp-content\/uploads\/2021\/09\/Visita-Presidente.png\" class=\"attachment-full size-full wp-post-image\" alt=\"\" srcset=\"https:\/\/lamostradevalencia.com\/wp-content\/uploads\/2021\/09\/Visita-Presidente.png 996w, https:\/\/lamostradevalencia.com\/wp-content\/uploads\/2021\/09\/Visita-Presidente-300x211.png 300w, https:\/\/lamostradevalencia.com\/wp-content\/uploads\/2021\/09\/Visita-Presidente-768x541.png 768w\" sizes=\"auto, (max-width: 996px) 100vw, 996px\" \/><\/div>\n<div class=\"edgtf-pli-text-holder\" >\n\t<div class=\"edgtf-pli-text-wrapper\">\n\t\t<div class=\"edgtf-pli-text\">\n\t\t\t\t<h4 itemprop=\"name\" class=\"edgtf-pli-title entry-title\" >\n\t\tLA VISITA DEL SE\u00d1OR PRESIDENTE\t<\/h4>\n\n\t\t\t\t\t<div class=\"edgtf-pli-category-holder\">\n\t\t\t\t\t\t\t<a itemprop=\"url\" class=\"edgtf-pli-category\" href=\"https:\/\/lamostradevalencia.com\/fr\/portfolio-category\/ceci-nest-pas-un-film-de-berlanga\/\">Ceci n&#039;est pas un film de Berlanga<\/a>\n\t\t\t\t\t\t\t<a itemprop=\"url\" class=\"edgtf-pli-category\" href=\"https:\/\/lamostradevalencia.com\/fr\/portfolio-category\/festival-2021-fr\/\">Festival 2021<\/a>\n\t\t\t\t\t<\/div>\n\t\n\t\t\t\n\t\t\t\t\t<\/div>\n\t<\/div>\n<\/div>\n\t\t<a itemprop=\"url\" class=\"edgtf-pli-link edgtf-block-drag-link\" href=\"https:\/\/lamostradevalencia.com\/fr\/peliculas\/visita-senor-presidente\/\" target=\"_self\"><\/a>\n\t<\/div>\n<\/article><article class=\"edgtf-pl-item edgtf-item-space edgtf-masonry-size-default post-11196 portfolio-item type-portfolio-item status-publish has-post-thumbnail hentry portfolio-category-ceci-nest-pas-un-film-de-berlanga portfolio-category-festival-2021-fr portfolio-tag-berlanga-en-fr portfolio-tag-comedia-en-fr portfolio-tag-italia-en-fr portfolio-tag-luciano-salce-en-fr portfolio-tag-mostra-de-valencia-fr\">\n\t<div class=\"edgtf-pl-item-inner\">\n\t\t<div class=\"edgtf-pli-image\">\n\t<img loading=\"lazy\" decoding=\"async\" width=\"1440\" height=\"900\" src=\"https:\/\/lamostradevalencia.com\/wp-content\/uploads\/2021\/07\/Allamia3.png\" class=\"attachment-full size-full wp-post-image\" alt=\"\" srcset=\"https:\/\/lamostradevalencia.com\/wp-content\/uploads\/2021\/07\/Allamia3.png 1440w, https:\/\/lamostradevalencia.com\/wp-content\/uploads\/2021\/07\/Allamia3-300x188.png 300w, https:\/\/lamostradevalencia.com\/wp-content\/uploads\/2021\/07\/Allamia3-1024x640.png 1024w, https:\/\/lamostradevalencia.com\/wp-content\/uploads\/2021\/07\/Allamia3-768x480.png 768w\" sizes=\"auto, (max-width: 1440px) 100vw, 1440px\" \/><\/div>\n<div class=\"edgtf-pli-text-holder\" >\n\t<div class=\"edgtf-pli-text-wrapper\">\n\t\t<div class=\"edgtf-pli-text\">\n\t\t\t\t<h4 itemprop=\"name\" class=\"edgtf-pli-title entry-title\" >\n\t\tA MI QUERIDA MAM\u00c1 EN EL D\u00cdA DE SU CUMPLEA\u00d1OS\t<\/h4>\n\n\t\t\t\t\t<div class=\"edgtf-pli-category-holder\">\n\t\t\t\t\t\t\t<a itemprop=\"url\" class=\"edgtf-pli-category\" href=\"https:\/\/lamostradevalencia.com\/fr\/portfolio-category\/ceci-nest-pas-un-film-de-berlanga\/\">Ceci n&#039;est pas un film de Berlanga<\/a>\n\t\t\t\t\t\t\t<a itemprop=\"url\" class=\"edgtf-pli-category\" href=\"https:\/\/lamostradevalencia.com\/fr\/portfolio-category\/festival-2021-fr\/\">Festival 2021<\/a>\n\t\t\t\t\t<\/div>\n\t\n\t\t\t\n\t\t\t\t\t<\/div>\n\t<\/div>\n<\/div>\n\t\t<a itemprop=\"url\" class=\"edgtf-pli-link edgtf-block-drag-link\" href=\"https:\/\/lamostradevalencia.com\/fr\/peliculas\/querida-mama-dia-cumpleanos\/\" target=\"_self\"><\/a>\n\t<\/div>\n<\/article>\t<\/div>\n\t\n\t<\/div>[\/vc_column][\/vc_row][vc_row disable_element=\u00a0\u00bbyes\u00a0\u00bb][vc_column]<div class=\"templatera_shortcode\"><style type=\"text\/css\" data-type=\"vc_shortcodes-default-css\">.vc_do_custom_heading{margin-bottom:0.625rem;margin-top:0;}<\/style><style type=\"text\/css\" data-type=\"vc_shortcodes-custom-css\">.vc_custom_1600184094996{padding-top: 100px !important;padding-bottom: 100px !important;}<\/style><div class=\"vc_row wpb_row vc_row-fluid vc_custom_1600184094996\" ><div class=\"wpb_column vc_column_container vc_col-sm-12\"><div class=\"vc_column-inner\"><div class=\"wpb_wrapper\"><h2 style=\"text-align: center\" class=\"vc_custom_heading vc_do_custom_heading\" >Coming soon...<\/h2><\/div><\/div><\/div><\/div><\/div>[\/vc_column][\/vc_row]<\/p>\n<\/div>","protected":false},"excerpt":{"rendered":"A MI QUERIDA MAM\u00c1 EN EL D\u00cdA DE SU CUMPLEA\u00d1OS Alla mia cara mamma nel giorno del suo compleanno Italie. 1974. Couleur. 105'. VOSE \u00a0 [...]","protected":false},"author":1,"featured_media":0,"parent":10845,"menu_order":1,"comment_status":"closed","ping_status":"closed","template":"full-width.php","meta":{"_uag_custom_page_level_css":"","_jet_sm_ready_style":"","_jet_sm_style":"","_jet_sm_controls_values":"","_jet_sm_fonts_collection":"","_jet_sm_fonts_links":"","footnotes":""},"class_list":["post-10954","page","type-page","status-publish","hentry"],"yoast_head":"<!-- This site is optimized with the Yoast SEO plugin v27.5 - https:\/\/yoast.com\/product\/yoast-seo-wordpress\/ -->\n<title>Ceci n\u2019est pas un film de Berlanga - Mostra de Val\u00e8ncia<\/title>\n<meta name=\"robots\" content=\"index, follow, max-snippet:-1, max-image-preview:large, max-video-preview:-1\" \/>\n<link rel=\"canonical\" href=\"https:\/\/lamostradevalencia.com\/fr\/2021-edition\/ceci-nest-pas-un-film-de-berlanga\/\" \/>\n<meta property=\"og:locale\" content=\"fr_FR\" \/>\n<meta property=\"og:type\" content=\"article\" \/>\n<meta property=\"og:title\" content=\"Ceci n\u2019est pas un film de Berlanga - Mostra de Val\u00e8ncia\" \/>\n<meta property=\"og:url\" content=\"https:\/\/lamostradevalencia.com\/fr\/2021-edition\/ceci-nest-pas-un-film-de-berlanga\/\" \/>\n<meta property=\"og:site_name\" content=\"Mostra de Val\u00e8ncia\" \/>\n<meta property=\"article:modified_time\" content=\"2021-10-09T18:23:44+00:00\" \/>\n<meta name=\"twitter:card\" content=\"summary_large_image\" \/>\n<script type=\"application\/ld+json\" class=\"yoast-schema-graph\">{\"@context\":\"https:\\\/\\\/schema.org\",\"@graph\":[{\"@type\":\"WebPage\",\"@id\":\"https:\\\/\\\/lamostradevalencia.com\\\/fr\\\/2021-edition\\\/ceci-nest-pas-un-film-de-berlanga\\\/\",\"url\":\"https:\\\/\\\/lamostradevalencia.com\\\/fr\\\/2021-edition\\\/ceci-nest-pas-un-film-de-berlanga\\\/\",\"name\":\"Ceci n\u2019est pas un film de Berlanga - Mostra de Val\u00e8ncia\",\"isPartOf\":{\"@id\":\"https:\\\/\\\/lamostradevalencia.com\\\/fr\\\/#website\"},\"datePublished\":\"2021-09-15T15:22:43+00:00\",\"dateModified\":\"2021-10-09T18:23:44+00:00\",\"breadcrumb\":{\"@id\":\"https:\\\/\\\/lamostradevalencia.com\\\/fr\\\/2021-edition\\\/ceci-nest-pas-un-film-de-berlanga\\\/#breadcrumb\"},\"inLanguage\":\"fr-FR\",\"potentialAction\":[{\"@type\":\"ReadAction\",\"target\":[\"https:\\\/\\\/lamostradevalencia.com\\\/fr\\\/2021-edition\\\/ceci-nest-pas-un-film-de-berlanga\\\/\"]}]},{\"@type\":\"BreadcrumbList\",\"@id\":\"https:\\\/\\\/lamostradevalencia.com\\\/fr\\\/2021-edition\\\/ceci-nest-pas-un-film-de-berlanga\\\/#breadcrumb\",\"itemListElement\":[{\"@type\":\"ListItem\",\"position\":1,\"name\":\"Portada\",\"item\":\"https:\\\/\\\/lamostradevalencia.com\\\/fr\\\/\"},{\"@type\":\"ListItem\",\"position\":2,\"name\":\"\u00c9dition 2021\",\"item\":\"https:\\\/\\\/lamostradevalencia.com\\\/fr\\\/2021-edition\\\/\"},{\"@type\":\"ListItem\",\"position\":3,\"name\":\"Ceci n\u2019est pas un film de Berlanga\"}]},{\"@type\":\"WebSite\",\"@id\":\"https:\\\/\\\/lamostradevalencia.com\\\/fr\\\/#website\",\"url\":\"https:\\\/\\\/lamostradevalencia.com\\\/fr\\\/\",\"name\":\"Mostra de Val\u00e8ncia\",\"description\":\"Cinema del Mediterrani\",\"potentialAction\":[{\"@type\":\"SearchAction\",\"target\":{\"@type\":\"EntryPoint\",\"urlTemplate\":\"https:\\\/\\\/lamostradevalencia.com\\\/fr\\\/?s={search_term_string}\"},\"query-input\":{\"@type\":\"PropertyValueSpecification\",\"valueRequired\":true,\"valueName\":\"search_term_string\"}}],\"inLanguage\":\"fr-FR\"}]}<\/script>\n<!-- \/ Yoast SEO plugin. -->","yoast_head_json":{"title":"Ceci n\u2019est pas un film de Berlanga - Mostra de Val\u00e8ncia","robots":{"index":"index","follow":"follow","max-snippet":"max-snippet:-1","max-image-preview":"max-image-preview:large","max-video-preview":"max-video-preview:-1"},"canonical":"https:\/\/lamostradevalencia.com\/fr\/2021-edition\/ceci-nest-pas-un-film-de-berlanga\/","og_locale":"fr_FR","og_type":"article","og_title":"Ceci n\u2019est pas un film de Berlanga - Mostra de Val\u00e8ncia","og_url":"https:\/\/lamostradevalencia.com\/fr\/2021-edition\/ceci-nest-pas-un-film-de-berlanga\/","og_site_name":"Mostra de Val\u00e8ncia","article_modified_time":"2021-10-09T18:23:44+00:00","twitter_card":"summary_large_image","schema":{"@context":"https:\/\/schema.org","@graph":[{"@type":"WebPage","@id":"https:\/\/lamostradevalencia.com\/fr\/2021-edition\/ceci-nest-pas-un-film-de-berlanga\/","url":"https:\/\/lamostradevalencia.com\/fr\/2021-edition\/ceci-nest-pas-un-film-de-berlanga\/","name":"Ceci n\u2019est pas un film de Berlanga - Mostra de Val\u00e8ncia","isPartOf":{"@id":"https:\/\/lamostradevalencia.com\/fr\/#website"},"datePublished":"2021-09-15T15:22:43+00:00","dateModified":"2021-10-09T18:23:44+00:00","breadcrumb":{"@id":"https:\/\/lamostradevalencia.com\/fr\/2021-edition\/ceci-nest-pas-un-film-de-berlanga\/#breadcrumb"},"inLanguage":"fr-FR","potentialAction":[{"@type":"ReadAction","target":["https:\/\/lamostradevalencia.com\/fr\/2021-edition\/ceci-nest-pas-un-film-de-berlanga\/"]}]},{"@type":"BreadcrumbList","@id":"https:\/\/lamostradevalencia.com\/fr\/2021-edition\/ceci-nest-pas-un-film-de-berlanga\/#breadcrumb","itemListElement":[{"@type":"ListItem","position":1,"name":"Portada","item":"https:\/\/lamostradevalencia.com\/fr\/"},{"@type":"ListItem","position":2,"name":"\u00c9dition 2021","item":"https:\/\/lamostradevalencia.com\/fr\/2021-edition\/"},{"@type":"ListItem","position":3,"name":"Ceci n\u2019est pas un film de Berlanga"}]},{"@type":"WebSite","@id":"https:\/\/lamostradevalencia.com\/fr\/#website","url":"https:\/\/lamostradevalencia.com\/fr\/","name":"Mostra de Val\u00e8ncia","description":"Cinema del Mediterrani","potentialAction":[{"@type":"SearchAction","target":{"@type":"EntryPoint","urlTemplate":"https:\/\/lamostradevalencia.com\/fr\/?s={search_term_string}"},"query-input":{"@type":"PropertyValueSpecification","valueRequired":true,"valueName":"search_term_string"}}],"inLanguage":"fr-FR"}]}},"uagb_featured_image_src":{"full":false,"thumbnail":false,"medium":false,"medium_large":false,"large":false,"1536x1536":false,"2048x2048":false,"cinerama_edge_image_square":false,"cinerama_edge_image_landscape":false,"cinerama_edge_image_portrait":false,"cinerama_edge_image_huge":false,"gform-image-choice-sm":false,"gform-image-choice-md":false,"gform-image-choice-lg":false},"uagb_author_info":{"display_name":"Mostra de Val\u00e8ncia","author_link":"https:\/\/lamostradevalencia.com\/fr\/author\/mostravalencia\/"},"uagb_comment_info":0,"uagb_excerpt":null,"_links":{"self":[{"href":"https:\/\/lamostradevalencia.com\/fr\/wp-json\/wp\/v2\/pages\/10954","targetHints":{"allow":["GET"]}}],"collection":[{"href":"https:\/\/lamostradevalencia.com\/fr\/wp-json\/wp\/v2\/pages"}],"about":[{"href":"https:\/\/lamostradevalencia.com\/fr\/wp-json\/wp\/v2\/types\/page"}],"author":[{"embeddable":true,"href":"https:\/\/lamostradevalencia.com\/fr\/wp-json\/wp\/v2\/users\/1"}],"replies":[{"embeddable":true,"href":"https:\/\/lamostradevalencia.com\/fr\/wp-json\/wp\/v2\/comments?post=10954"}],"version-history":[{"count":2,"href":"https:\/\/lamostradevalencia.com\/fr\/wp-json\/wp\/v2\/pages\/10954\/revisions"}],"predecessor-version":[{"id":12946,"href":"https:\/\/lamostradevalencia.com\/fr\/wp-json\/wp\/v2\/pages\/10954\/revisions\/12946"}],"up":[{"embeddable":true,"href":"https:\/\/lamostradevalencia.com\/fr\/wp-json\/wp\/v2\/pages\/10845"}],"wp:attachment":[{"href":"https:\/\/lamostradevalencia.com\/fr\/wp-json\/wp\/v2\/media?parent=10954"}],"curies":[{"name":"wp","href":"https:\/\/api.w.org\/{rel}","templated":true}]}}