{"id":10864,"date":"2021-09-15T17:16:52","date_gmt":"2021-09-15T15:16:52","guid":{"rendered":"https:\/\/lamostradevalencia.com\/?page_id=10864"},"modified":"2021-10-09T20:33:31","modified_gmt":"2021-10-09T18:33:31","slug":"section-officielle","status":"publish","type":"page","link":"https:\/\/lamostradevalencia.com\/fr\/2021-edition\/section-officielle\/","title":{"rendered":"Section officielle"},"content":{"rendered":"<div class=\"wpb-content-wrapper\"><p>[vc_row css=\u00a0\u00bb.vc_custom_1605626618706{padding-top: 90px !important;padding-right: 40px !important;padding-left: 40px !important;}\u00a0\u00bb][vc_column]<div class=\"edgtf-portfolio-list-holder edgtf-pl-masonry  edgtf-large-space edgtf-pl-three-columns edgtf-pl-standard-shader    edgtf-pl-pag-no-pagination     \"  data-type=masonry data-space-between-items=large data-number-of-items=-1 data-image-proportions=full data-enable-fixed-proportions=no data-enable-image-shadow=no data-category=section-officielle-2021 data-orderby=date data-order=ASC data-item-style=standard-shader data-enable-title=yes data-title-tag=h4 data-enable-category=yes data-enable-count-images=yes data-enable-excerpt=no data-excerpt-length=20 data-pagination-type=no-pagination data-filter=no data-filter-order-by=name data-enable-article-animation=no data-portfolio-slider-on=no data-enable-loop=yes data-enable-autoplay=yes data-slider-speed=5000 data-slider-speed-animation=600 data-enable-navigation=yes data-enable-pagination=yes data-max-num-pages=0 data-next-page=2>\n\t\t<div class=\"edgtf-pl-inner edgtf-outer-space clearfix\">\n\t\t<div class=\"edgtf-pl-grid-sizer\"><\/div>\n\t\t<div class=\"edgtf-pl-grid-gutter\"><\/div>\n\t\t<article class=\"edgtf-pl-item edgtf-item-space edgtf-masonry-size-default post-11201 portfolio-item type-portfolio-item status-publish has-post-thumbnail hentry portfolio-category-festival-2021-fr portfolio-category-section-officielle-2021 portfolio-tag-grecia-fr portfolio-tag-mostra-de-valencia-fr portfolio-tag-seccion-oficial-fr\">\n\t<div class=\"edgtf-pl-item-inner\">\n\t\t<div class=\"edgtf-pli-image\">\n\t<img loading=\"lazy\" decoding=\"async\" width=\"1920\" height=\"1080\" src=\"https:\/\/lamostradevalencia.com\/wp-content\/uploads\/2021\/09\/Tailor.jpg\" class=\"attachment-full size-full wp-post-image\" alt=\"\" srcset=\"https:\/\/lamostradevalencia.com\/wp-content\/uploads\/2021\/09\/Tailor.jpg 1920w, https:\/\/lamostradevalencia.com\/wp-content\/uploads\/2021\/09\/Tailor-300x169.jpg 300w, https:\/\/lamostradevalencia.com\/wp-content\/uploads\/2021\/09\/Tailor-1024x576.jpg 1024w, https:\/\/lamostradevalencia.com\/wp-content\/uploads\/2021\/09\/Tailor-768x432.jpg 768w, https:\/\/lamostradevalencia.com\/wp-content\/uploads\/2021\/09\/Tailor-1536x864.jpg 1536w\" sizes=\"auto, (max-width: 1920px) 100vw, 1920px\" \/><\/div>\n<div class=\"edgtf-pli-text-holder\" >\n\t<div class=\"edgtf-pli-text-wrapper\">\n\t\t<div class=\"edgtf-pli-text\">\n\t\t\t\t<h4 itemprop=\"name\" class=\"edgtf-pli-title entry-title\" >\n\t\tTAILOR\t<\/h4>\n\n\t\t\t\t\t<div class=\"edgtf-pli-category-holder\">\n\t\t\t\t\t\t\t<a itemprop=\"url\" class=\"edgtf-pli-category\" href=\"https:\/\/lamostradevalencia.com\/fr\/portfolio-category\/festival-2021-fr\/\">Festival 2021<\/a>\n\t\t\t\t\t\t\t<a itemprop=\"url\" class=\"edgtf-pli-category\" href=\"https:\/\/lamostradevalencia.com\/fr\/portfolio-category\/section-officielle-2021\/\">Section officielle 2021<\/a>\n\t\t\t\t\t<\/div>\n\t\n\t\t\t\n\t\t\t\t\t<\/div>\n\t<\/div>\n<\/div>\n\t\t<a itemprop=\"url\" class=\"edgtf-pli-link edgtf-block-drag-link\" href=\"https:\/\/lamostradevalencia.com\/fr\/peliculas\/tailor\/\" target=\"_self\"><\/a>\n\t<\/div>\n<\/article><article class=\"edgtf-pl-item edgtf-item-space edgtf-masonry-size-default post-11207 portfolio-item type-portfolio-item status-publish has-post-thumbnail hentry portfolio-category-festival-2021-fr portfolio-category-section-officielle-2021\">\n\t<div class=\"edgtf-pl-item-inner\">\n\t\t<div class=\"edgtf-pli-image\">\n\t<img loading=\"lazy\" decoding=\"async\" width=\"1920\" height=\"1038\" src=\"https:\/\/lamostradevalencia.com\/wp-content\/uploads\/2021\/09\/Souad.jpg\" class=\"attachment-full size-full wp-post-image\" alt=\"\" srcset=\"https:\/\/lamostradevalencia.com\/wp-content\/uploads\/2021\/09\/Souad.jpg 1920w, https:\/\/lamostradevalencia.com\/wp-content\/uploads\/2021\/09\/Souad-300x162.jpg 300w, https:\/\/lamostradevalencia.com\/wp-content\/uploads\/2021\/09\/Souad-1024x554.jpg 1024w, https:\/\/lamostradevalencia.com\/wp-content\/uploads\/2021\/09\/Souad-768x415.jpg 768w, https:\/\/lamostradevalencia.com\/wp-content\/uploads\/2021\/09\/Souad-1536x830.jpg 1536w\" sizes=\"auto, (max-width: 1920px) 100vw, 1920px\" \/><\/div>\n<div class=\"edgtf-pli-text-holder\" >\n\t<div class=\"edgtf-pli-text-wrapper\">\n\t\t<div class=\"edgtf-pli-text\">\n\t\t\t\t<h4 itemprop=\"name\" class=\"edgtf-pli-title entry-title\" >\n\t\tSOUAD\t<\/h4>\n\n\t\t\t\t\t<div class=\"edgtf-pli-category-holder\">\n\t\t\t\t\t\t\t<a itemprop=\"url\" class=\"edgtf-pli-category\" href=\"https:\/\/lamostradevalencia.com\/fr\/portfolio-category\/festival-2021-fr\/\">Festival 2021<\/a>\n\t\t\t\t\t\t\t<a itemprop=\"url\" class=\"edgtf-pli-category\" href=\"https:\/\/lamostradevalencia.com\/fr\/portfolio-category\/section-officielle-2021\/\">Section officielle 2021<\/a>\n\t\t\t\t\t<\/div>\n\t\n\t\t\t\n\t\t\t\t\t<\/div>\n\t<\/div>\n<\/div>\n\t\t<a itemprop=\"url\" class=\"edgtf-pli-link edgtf-block-drag-link\" href=\"https:\/\/lamostradevalencia.com\/fr\/peliculas\/souad\/\" target=\"_self\"><\/a>\n\t<\/div>\n<\/article><article class=\"edgtf-pl-item edgtf-item-space edgtf-masonry-size-default post-11212 portfolio-item type-portfolio-item status-publish has-post-thumbnail hentry portfolio-category-festival-2021-fr portfolio-category-section-officielle-2021 portfolio-tag-francia-en-fr portfolio-tag-mostra-de-valencia-fr portfolio-tag-seccion-oficial-fr\">\n\t<div class=\"edgtf-pl-item-inner\">\n\t\t<div class=\"edgtf-pli-image\">\n\t<img loading=\"lazy\" decoding=\"async\" width=\"2560\" height=\"1440\" src=\"https:\/\/lamostradevalencia.com\/wp-content\/uploads\/2021\/09\/Le-Monde1.jpg\" class=\"attachment-full size-full wp-post-image\" alt=\"\" srcset=\"https:\/\/lamostradevalencia.com\/wp-content\/uploads\/2021\/09\/Le-Monde1.jpg 2560w, https:\/\/lamostradevalencia.com\/wp-content\/uploads\/2021\/09\/Le-Monde1-300x169.jpg 300w, https:\/\/lamostradevalencia.com\/wp-content\/uploads\/2021\/09\/Le-Monde1-1024x576.jpg 1024w, https:\/\/lamostradevalencia.com\/wp-content\/uploads\/2021\/09\/Le-Monde1-768x432.jpg 768w, https:\/\/lamostradevalencia.com\/wp-content\/uploads\/2021\/09\/Le-Monde1-1536x864.jpg 1536w\" sizes=\"auto, (max-width: 2560px) 100vw, 2560px\" \/><\/div>\n<div class=\"edgtf-pli-text-holder\" >\n\t<div class=\"edgtf-pli-text-wrapper\">\n\t\t<div class=\"edgtf-pli-text\">\n\t\t\t\t<h4 itemprop=\"name\" class=\"edgtf-pli-title entry-title\" >\n\t\tLE MONDE APR\u00c8S NOUS\t<\/h4>\n\n\t\t\t\t\t<div class=\"edgtf-pli-category-holder\">\n\t\t\t\t\t\t\t<a itemprop=\"url\" class=\"edgtf-pli-category\" href=\"https:\/\/lamostradevalencia.com\/fr\/portfolio-category\/festival-2021-fr\/\">Festival 2021<\/a>\n\t\t\t\t\t\t\t<a itemprop=\"url\" class=\"edgtf-pli-category\" href=\"https:\/\/lamostradevalencia.com\/fr\/portfolio-category\/section-officielle-2021\/\">Section officielle 2021<\/a>\n\t\t\t\t\t<\/div>\n\t\n\t\t\t\n\t\t\t\t\t<\/div>\n\t<\/div>\n<\/div>\n\t\t<a itemprop=\"url\" class=\"edgtf-pli-link edgtf-block-drag-link\" href=\"https:\/\/lamostradevalencia.com\/fr\/peliculas\/le-monde-apres-nous\/\" target=\"_self\"><\/a>\n\t<\/div>\n<\/article><article class=\"edgtf-pl-item edgtf-item-space edgtf-masonry-size-default post-11227 portfolio-item type-portfolio-item status-publish has-post-thumbnail hentry portfolio-category-festival-2021-fr portfolio-category-section-officielle-2021\">\n\t<div class=\"edgtf-pl-item-inner\">\n\t\t<div class=\"edgtf-pli-image\">\n\t<img loading=\"lazy\" decoding=\"async\" width=\"1920\" height=\"1080\" src=\"https:\/\/lamostradevalencia.com\/wp-content\/uploads\/2021\/09\/Vencidos-da-Vida.jpg\" class=\"attachment-full size-full wp-post-image\" alt=\"\" srcset=\"https:\/\/lamostradevalencia.com\/wp-content\/uploads\/2021\/09\/Vencidos-da-Vida.jpg 1920w, https:\/\/lamostradevalencia.com\/wp-content\/uploads\/2021\/09\/Vencidos-da-Vida-300x169.jpg 300w, https:\/\/lamostradevalencia.com\/wp-content\/uploads\/2021\/09\/Vencidos-da-Vida-1024x576.jpg 1024w, https:\/\/lamostradevalencia.com\/wp-content\/uploads\/2021\/09\/Vencidos-da-Vida-768x432.jpg 768w, https:\/\/lamostradevalencia.com\/wp-content\/uploads\/2021\/09\/Vencidos-da-Vida-1536x864.jpg 1536w\" sizes=\"auto, (max-width: 1920px) 100vw, 1920px\" \/><\/div>\n<div class=\"edgtf-pli-text-holder\" >\n\t<div class=\"edgtf-pli-text-wrapper\">\n\t\t<div class=\"edgtf-pli-text\">\n\t\t\t\t<h4 itemprop=\"name\" class=\"edgtf-pli-title entry-title\" >\n\t\tVENCIDOS DA VIDA\t<\/h4>\n\n\t\t\t\t\t<div class=\"edgtf-pli-category-holder\">\n\t\t\t\t\t\t\t<a itemprop=\"url\" class=\"edgtf-pli-category\" href=\"https:\/\/lamostradevalencia.com\/fr\/portfolio-category\/festival-2021-fr\/\">Festival 2021<\/a>\n\t\t\t\t\t\t\t<a itemprop=\"url\" class=\"edgtf-pli-category\" href=\"https:\/\/lamostradevalencia.com\/fr\/portfolio-category\/section-officielle-2021\/\">Section officielle 2021<\/a>\n\t\t\t\t\t<\/div>\n\t\n\t\t\t\n\t\t\t\t\t<\/div>\n\t<\/div>\n<\/div>\n\t\t<a itemprop=\"url\" class=\"edgtf-pli-link edgtf-block-drag-link\" href=\"https:\/\/lamostradevalencia.com\/fr\/peliculas\/vencidos-da-vida\/\" target=\"_self\"><\/a>\n\t<\/div>\n<\/article><article class=\"edgtf-pl-item edgtf-item-space edgtf-masonry-size-default post-11232 portfolio-item type-portfolio-item status-publish has-post-thumbnail hentry portfolio-category-festival-2021-fr portfolio-category-section-officielle-2021\">\n\t<div class=\"edgtf-pl-item-inner\">\n\t\t<div class=\"edgtf-pli-image\">\n\t<img loading=\"lazy\" decoding=\"async\" width=\"2560\" height=\"1440\" src=\"https:\/\/lamostradevalencia.com\/wp-content\/uploads\/2021\/09\/The-Translator2-scaled.jpg\" class=\"attachment-full size-full wp-post-image\" alt=\"\" srcset=\"https:\/\/lamostradevalencia.com\/wp-content\/uploads\/2021\/09\/The-Translator2-scaled.jpg 2560w, https:\/\/lamostradevalencia.com\/wp-content\/uploads\/2021\/09\/The-Translator2-300x169.jpg 300w, https:\/\/lamostradevalencia.com\/wp-content\/uploads\/2021\/09\/The-Translator2-1024x576.jpg 1024w, https:\/\/lamostradevalencia.com\/wp-content\/uploads\/2021\/09\/The-Translator2-768x432.jpg 768w, https:\/\/lamostradevalencia.com\/wp-content\/uploads\/2021\/09\/The-Translator2-1536x864.jpg 1536w\" sizes=\"auto, (max-width: 2560px) 100vw, 2560px\" \/><\/div>\n<div class=\"edgtf-pli-text-holder\" >\n\t<div class=\"edgtf-pli-text-wrapper\">\n\t\t<div class=\"edgtf-pli-text\">\n\t\t\t\t<h4 itemprop=\"name\" class=\"edgtf-pli-title entry-title\" >\n\t\tTHE TRANSLATOR\t<\/h4>\n\n\t\t\t\t\t<div class=\"edgtf-pli-category-holder\">\n\t\t\t\t\t\t\t<a itemprop=\"url\" class=\"edgtf-pli-category\" href=\"https:\/\/lamostradevalencia.com\/fr\/portfolio-category\/festival-2021-fr\/\">Festival 2021<\/a>\n\t\t\t\t\t\t\t<a itemprop=\"url\" class=\"edgtf-pli-category\" href=\"https:\/\/lamostradevalencia.com\/fr\/portfolio-category\/section-officielle-2021\/\">Section officielle 2021<\/a>\n\t\t\t\t\t<\/div>\n\t\n\t\t\t\n\t\t\t\t\t<\/div>\n\t<\/div>\n<\/div>\n\t\t<a itemprop=\"url\" class=\"edgtf-pli-link edgtf-block-drag-link\" href=\"https:\/\/lamostradevalencia.com\/fr\/peliculas\/the-translator\/\" target=\"_self\"><\/a>\n\t<\/div>\n<\/article><article class=\"edgtf-pl-item edgtf-item-space edgtf-masonry-size-default post-11242 portfolio-item type-portfolio-item status-publish has-post-thumbnail hentry portfolio-category-festival-2021-fr portfolio-category-section-officielle-2021 portfolio-tag-malta-fr portfolio-tag-mostra-de-valencia-fr portfolio-tag-seccion-oficial-fr\">\n\t<div class=\"edgtf-pl-item-inner\">\n\t\t<div class=\"edgtf-pli-image\">\n\t<img loading=\"lazy\" decoding=\"async\" width=\"2560\" height=\"1440\" src=\"https:\/\/lamostradevalencia.com\/wp-content\/uploads\/2021\/09\/LUZZU.jpeg\" class=\"attachment-full size-full wp-post-image\" alt=\"\" srcset=\"https:\/\/lamostradevalencia.com\/wp-content\/uploads\/2021\/09\/LUZZU.jpeg 2560w, https:\/\/lamostradevalencia.com\/wp-content\/uploads\/2021\/09\/LUZZU-300x169.jpeg 300w, https:\/\/lamostradevalencia.com\/wp-content\/uploads\/2021\/09\/LUZZU-1024x576.jpeg 1024w, https:\/\/lamostradevalencia.com\/wp-content\/uploads\/2021\/09\/LUZZU-768x432.jpeg 768w, https:\/\/lamostradevalencia.com\/wp-content\/uploads\/2021\/09\/LUZZU-1536x864.jpeg 1536w\" sizes=\"auto, (max-width: 2560px) 100vw, 2560px\" \/><\/div>\n<div class=\"edgtf-pli-text-holder\" >\n\t<div class=\"edgtf-pli-text-wrapper\">\n\t\t<div class=\"edgtf-pli-text\">\n\t\t\t\t<h4 itemprop=\"name\" class=\"edgtf-pli-title entry-title\" >\n\t\tLUZZU\t<\/h4>\n\n\t\t\t\t\t<div class=\"edgtf-pli-category-holder\">\n\t\t\t\t\t\t\t<a itemprop=\"url\" class=\"edgtf-pli-category\" href=\"https:\/\/lamostradevalencia.com\/fr\/portfolio-category\/festival-2021-fr\/\">Festival 2021<\/a>\n\t\t\t\t\t\t\t<a itemprop=\"url\" class=\"edgtf-pli-category\" href=\"https:\/\/lamostradevalencia.com\/fr\/portfolio-category\/section-officielle-2021\/\">Section officielle 2021<\/a>\n\t\t\t\t\t<\/div>\n\t\n\t\t\t\n\t\t\t\t\t<\/div>\n\t<\/div>\n<\/div>\n\t\t<a itemprop=\"url\" class=\"edgtf-pli-link edgtf-block-drag-link\" href=\"https:\/\/lamostradevalencia.com\/fr\/peliculas\/luzzu\/\" target=\"_self\"><\/a>\n\t<\/div>\n<\/article><article class=\"edgtf-pl-item edgtf-item-space edgtf-masonry-size-default post-11247 portfolio-item type-portfolio-item status-publish has-post-thumbnail hentry portfolio-category-festival-2021-fr portfolio-category-section-officielle-2021\">\n\t<div class=\"edgtf-pl-item-inner\">\n\t\t<div class=\"edgtf-pli-image\">\n\t<img loading=\"lazy\" decoding=\"async\" width=\"2048\" height=\"858\" src=\"https:\/\/lamostradevalencia.com\/wp-content\/uploads\/2021\/09\/The-Staffroom.jpeg\" class=\"attachment-full size-full wp-post-image\" alt=\"\" srcset=\"https:\/\/lamostradevalencia.com\/wp-content\/uploads\/2021\/09\/The-Staffroom.jpeg 2048w, https:\/\/lamostradevalencia.com\/wp-content\/uploads\/2021\/09\/The-Staffroom-300x126.jpeg 300w, https:\/\/lamostradevalencia.com\/wp-content\/uploads\/2021\/09\/The-Staffroom-1024x429.jpeg 1024w, https:\/\/lamostradevalencia.com\/wp-content\/uploads\/2021\/09\/The-Staffroom-768x322.jpeg 768w, https:\/\/lamostradevalencia.com\/wp-content\/uploads\/2021\/09\/The-Staffroom-1536x644.jpeg 1536w\" sizes=\"auto, (max-width: 2048px) 100vw, 2048px\" \/><\/div>\n<div class=\"edgtf-pli-text-holder\" >\n\t<div class=\"edgtf-pli-text-wrapper\">\n\t\t<div class=\"edgtf-pli-text\">\n\t\t\t\t<h4 itemprop=\"name\" class=\"edgtf-pli-title entry-title\" >\n\t\tTHE STAFFROOM\t<\/h4>\n\n\t\t\t\t\t<div class=\"edgtf-pli-category-holder\">\n\t\t\t\t\t\t\t<a itemprop=\"url\" class=\"edgtf-pli-category\" href=\"https:\/\/lamostradevalencia.com\/fr\/portfolio-category\/festival-2021-fr\/\">Festival 2021<\/a>\n\t\t\t\t\t\t\t<a itemprop=\"url\" class=\"edgtf-pli-category\" href=\"https:\/\/lamostradevalencia.com\/fr\/portfolio-category\/section-officielle-2021\/\">Section officielle 2021<\/a>\n\t\t\t\t\t<\/div>\n\t\n\t\t\t\n\t\t\t\t\t<\/div>\n\t<\/div>\n<\/div>\n\t\t<a itemprop=\"url\" class=\"edgtf-pli-link edgtf-block-drag-link\" href=\"https:\/\/lamostradevalencia.com\/fr\/peliculas\/the-staffroom\/\" target=\"_self\"><\/a>\n\t<\/div>\n<\/article><article class=\"edgtf-pl-item edgtf-item-space edgtf-masonry-size-default post-11257 portfolio-item type-portfolio-item status-publish has-post-thumbnail hentry portfolio-category-festival-2021-fr portfolio-category-section-officielle-2021\">\n\t<div class=\"edgtf-pl-item-inner\">\n\t\t<div class=\"edgtf-pli-image\">\n\t<img loading=\"lazy\" decoding=\"async\" width=\"1500\" height=\"844\" src=\"https:\/\/lamostradevalencia.com\/wp-content\/uploads\/2021\/09\/Streams.jpg\" class=\"attachment-full size-full wp-post-image\" alt=\"\" srcset=\"https:\/\/lamostradevalencia.com\/wp-content\/uploads\/2021\/09\/Streams.jpg 1500w, https:\/\/lamostradevalencia.com\/wp-content\/uploads\/2021\/09\/Streams-300x169.jpg 300w, https:\/\/lamostradevalencia.com\/wp-content\/uploads\/2021\/09\/Streams-1024x576.jpg 1024w, https:\/\/lamostradevalencia.com\/wp-content\/uploads\/2021\/09\/Streams-768x432.jpg 768w\" sizes=\"auto, (max-width: 1500px) 100vw, 1500px\" \/><\/div>\n<div class=\"edgtf-pli-text-holder\" >\n\t<div class=\"edgtf-pli-text-wrapper\">\n\t\t<div class=\"edgtf-pli-text\">\n\t\t\t\t<h4 itemprop=\"name\" class=\"edgtf-pli-title entry-title\" >\n\t\tSTREAMS\t<\/h4>\n\n\t\t\t\t\t<div class=\"edgtf-pli-category-holder\">\n\t\t\t\t\t\t\t<a itemprop=\"url\" class=\"edgtf-pli-category\" href=\"https:\/\/lamostradevalencia.com\/fr\/portfolio-category\/festival-2021-fr\/\">Festival 2021<\/a>\n\t\t\t\t\t\t\t<a itemprop=\"url\" class=\"edgtf-pli-category\" href=\"https:\/\/lamostradevalencia.com\/fr\/portfolio-category\/section-officielle-2021\/\">Section officielle 2021<\/a>\n\t\t\t\t\t<\/div>\n\t\n\t\t\t\n\t\t\t\t\t<\/div>\n\t<\/div>\n<\/div>\n\t\t<a itemprop=\"url\" class=\"edgtf-pli-link edgtf-block-drag-link\" href=\"https:\/\/lamostradevalencia.com\/fr\/peliculas\/streams\/\" target=\"_self\"><\/a>\n\t<\/div>\n<\/article><article class=\"edgtf-pl-item edgtf-item-space edgtf-masonry-size-default post-11272 portfolio-item type-portfolio-item status-publish has-post-thumbnail hentry portfolio-category-festival-2021-fr portfolio-category-section-officielle-2021 portfolio-tag-faruk-loncarevic-en-fr portfolio-tag-mostra-de-valencia-fr portfolio-tag-seccion-oficial-fr\">\n\t<div class=\"edgtf-pl-item-inner\">\n\t\t<div class=\"edgtf-pli-image\">\n\t<img loading=\"lazy\" decoding=\"async\" width=\"2048\" height=\"1080\" src=\"https:\/\/lamostradevalencia.com\/wp-content\/uploads\/2021\/09\/So-she-doesnt.jpeg\" class=\"attachment-full size-full wp-post-image\" alt=\"\" srcset=\"https:\/\/lamostradevalencia.com\/wp-content\/uploads\/2021\/09\/So-she-doesnt.jpeg 2048w, https:\/\/lamostradevalencia.com\/wp-content\/uploads\/2021\/09\/So-she-doesnt-300x158.jpeg 300w, https:\/\/lamostradevalencia.com\/wp-content\/uploads\/2021\/09\/So-she-doesnt-1024x540.jpeg 1024w, https:\/\/lamostradevalencia.com\/wp-content\/uploads\/2021\/09\/So-she-doesnt-768x405.jpeg 768w, https:\/\/lamostradevalencia.com\/wp-content\/uploads\/2021\/09\/So-she-doesnt-1536x810.jpeg 1536w\" sizes=\"auto, (max-width: 2048px) 100vw, 2048px\" \/><\/div>\n<div class=\"edgtf-pli-text-holder\" >\n\t<div class=\"edgtf-pli-text-wrapper\">\n\t\t<div class=\"edgtf-pli-text\">\n\t\t\t\t<h4 itemprop=\"name\" class=\"edgtf-pli-title entry-title\" >\n\t\tSO SHE DOESN&rsquo;T LIVE\t<\/h4>\n\n\t\t\t\t\t<div class=\"edgtf-pli-category-holder\">\n\t\t\t\t\t\t\t<a itemprop=\"url\" class=\"edgtf-pli-category\" href=\"https:\/\/lamostradevalencia.com\/fr\/portfolio-category\/festival-2021-fr\/\">Festival 2021<\/a>\n\t\t\t\t\t\t\t<a itemprop=\"url\" class=\"edgtf-pli-category\" href=\"https:\/\/lamostradevalencia.com\/fr\/portfolio-category\/section-officielle-2021\/\">Section officielle 2021<\/a>\n\t\t\t\t\t<\/div>\n\t\n\t\t\t\n\t\t\t\t\t<\/div>\n\t<\/div>\n<\/div>\n\t\t<a itemprop=\"url\" class=\"edgtf-pli-link edgtf-block-drag-link\" href=\"https:\/\/lamostradevalencia.com\/fr\/peliculas\/so-she-doesnt-live\/\" target=\"_self\"><\/a>\n\t<\/div>\n<\/article><article class=\"edgtf-pl-item edgtf-item-space edgtf-masonry-size-default post-11293 portfolio-item type-portfolio-item status-publish has-post-thumbnail hentry portfolio-category-festival-2021-fr portfolio-category-section-officielle-2021\">\n\t<div class=\"edgtf-pl-item-inner\">\n\t\t<div class=\"edgtf-pli-image\">\n\t<img loading=\"lazy\" decoding=\"async\" width=\"1280\" height=\"720\" src=\"https:\/\/lamostradevalencia.com\/wp-content\/uploads\/2021\/09\/Playlist1.jpg\" class=\"attachment-full size-full wp-post-image\" alt=\"\" srcset=\"https:\/\/lamostradevalencia.com\/wp-content\/uploads\/2021\/09\/Playlist1.jpg 1280w, https:\/\/lamostradevalencia.com\/wp-content\/uploads\/2021\/09\/Playlist1-300x169.jpg 300w, https:\/\/lamostradevalencia.com\/wp-content\/uploads\/2021\/09\/Playlist1-1024x576.jpg 1024w, https:\/\/lamostradevalencia.com\/wp-content\/uploads\/2021\/09\/Playlist1-768x432.jpg 768w\" sizes=\"auto, (max-width: 1280px) 100vw, 1280px\" \/><\/div>\n<div class=\"edgtf-pli-text-holder\" >\n\t<div class=\"edgtf-pli-text-wrapper\">\n\t\t<div class=\"edgtf-pli-text\">\n\t\t\t\t<h4 itemprop=\"name\" class=\"edgtf-pli-title entry-title\" >\n\t\tPLAYLIST\t<\/h4>\n\n\t\t\t\t\t<div class=\"edgtf-pli-category-holder\">\n\t\t\t\t\t\t\t<a itemprop=\"url\" class=\"edgtf-pli-category\" href=\"https:\/\/lamostradevalencia.com\/fr\/portfolio-category\/festival-2021-fr\/\">Festival 2021<\/a>\n\t\t\t\t\t\t\t<a itemprop=\"url\" class=\"edgtf-pli-category\" href=\"https:\/\/lamostradevalencia.com\/fr\/portfolio-category\/section-officielle-2021\/\">Section officielle 2021<\/a>\n\t\t\t\t\t<\/div>\n\t\n\t\t\t\n\t\t\t\t\t<\/div>\n\t<\/div>\n<\/div>\n\t\t<a itemprop=\"url\" class=\"edgtf-pli-link edgtf-block-drag-link\" href=\"https:\/\/lamostradevalencia.com\/fr\/peliculas\/playlist\/\" target=\"_self\"><\/a>\n\t<\/div>\n<\/article><article class=\"edgtf-pl-item edgtf-item-space edgtf-masonry-size-default post-11303 portfolio-item type-portfolio-item status-publish has-post-thumbnail hentry portfolio-category-festival-2021-fr portfolio-category-section-officielle-2021\">\n\t<div class=\"edgtf-pl-item-inner\">\n\t\t<div class=\"edgtf-pli-image\">\n\t<img loading=\"lazy\" decoding=\"async\" width=\"1500\" height=\"1000\" src=\"https:\/\/lamostradevalencia.com\/wp-content\/uploads\/2021\/09\/Heavens-Above.jpg\" class=\"attachment-full size-full wp-post-image\" alt=\"\" srcset=\"https:\/\/lamostradevalencia.com\/wp-content\/uploads\/2021\/09\/Heavens-Above.jpg 1500w, https:\/\/lamostradevalencia.com\/wp-content\/uploads\/2021\/09\/Heavens-Above-300x200.jpg 300w, https:\/\/lamostradevalencia.com\/wp-content\/uploads\/2021\/09\/Heavens-Above-1024x683.jpg 1024w, https:\/\/lamostradevalencia.com\/wp-content\/uploads\/2021\/09\/Heavens-Above-768x512.jpg 768w\" sizes=\"auto, (max-width: 1500px) 100vw, 1500px\" \/><\/div>\n<div class=\"edgtf-pli-text-holder\" >\n\t<div class=\"edgtf-pli-text-wrapper\">\n\t\t<div class=\"edgtf-pli-text\">\n\t\t\t\t<h4 itemprop=\"name\" class=\"edgtf-pli-title entry-title\" >\n\t\tHEAVENS ABOVE\t<\/h4>\n\n\t\t\t\t\t<div class=\"edgtf-pli-category-holder\">\n\t\t\t\t\t\t\t<a itemprop=\"url\" class=\"edgtf-pli-category\" href=\"https:\/\/lamostradevalencia.com\/fr\/portfolio-category\/festival-2021-fr\/\">Festival 2021<\/a>\n\t\t\t\t\t\t\t<a itemprop=\"url\" class=\"edgtf-pli-category\" href=\"https:\/\/lamostradevalencia.com\/fr\/portfolio-category\/section-officielle-2021\/\">Section officielle 2021<\/a>\n\t\t\t\t\t<\/div>\n\t\n\t\t\t\n\t\t\t\t\t<\/div>\n\t<\/div>\n<\/div>\n\t\t<a itemprop=\"url\" class=\"edgtf-pli-link edgtf-block-drag-link\" href=\"https:\/\/lamostradevalencia.com\/fr\/peliculas\/heavens-above\/\" target=\"_self\"><\/a>\n\t<\/div>\n<\/article><article class=\"edgtf-pl-item edgtf-item-space edgtf-masonry-size-default post-11308 portfolio-item type-portfolio-item status-publish has-post-thumbnail hentry portfolio-category-festival-2021-fr portfolio-category-ouverture-2021 portfolio-category-section-officielle-2021 portfolio-tag-espana-fr portfolio-tag-inaki-sanchez-arrieta-fr portfolio-tag-joaquin-climent-fr portfolio-tag-mostra-de-valencia-fr portfolio-tag-ouverture portfolio-tag-paz-vega-fr portfolio-tag-raul-arevalo-fr portfolio-tag-roberto-alamo-fr portfolio-tag-seccion-oficial-fr portfolio-tag-susi-sanchez-fr\">\n\t<div class=\"edgtf-pl-item-inner\">\n\t\t<div class=\"edgtf-pli-image\">\n\t<img loading=\"lazy\" decoding=\"async\" width=\"1500\" height=\"1000\" src=\"https:\/\/lamostradevalencia.com\/wp-content\/uploads\/2021\/09\/ellodo.jpg\" class=\"attachment-full size-full wp-post-image\" alt=\"\" srcset=\"https:\/\/lamostradevalencia.com\/wp-content\/uploads\/2021\/09\/ellodo.jpg 1500w, https:\/\/lamostradevalencia.com\/wp-content\/uploads\/2021\/09\/ellodo-300x200.jpg 300w, https:\/\/lamostradevalencia.com\/wp-content\/uploads\/2021\/09\/ellodo-1024x683.jpg 1024w, https:\/\/lamostradevalencia.com\/wp-content\/uploads\/2021\/09\/ellodo-768x512.jpg 768w\" sizes=\"auto, (max-width: 1500px) 100vw, 1500px\" \/><\/div>\n<div class=\"edgtf-pli-text-holder\" >\n\t<div class=\"edgtf-pli-text-wrapper\">\n\t\t<div class=\"edgtf-pli-text\">\n\t\t\t\t<h4 itemprop=\"name\" class=\"edgtf-pli-title entry-title\" >\n\t\tEL LODO\t<\/h4>\n\n\t\t\t\t\t<div class=\"edgtf-pli-category-holder\">\n\t\t\t\t\t\t\t<a itemprop=\"url\" class=\"edgtf-pli-category\" href=\"https:\/\/lamostradevalencia.com\/fr\/portfolio-category\/festival-2021-fr\/\">Festival 2021<\/a>\n\t\t\t\t\t\t\t<a itemprop=\"url\" class=\"edgtf-pli-category\" href=\"https:\/\/lamostradevalencia.com\/fr\/portfolio-category\/ouverture-2021\/\">Ouverture 2021<\/a>\n\t\t\t\t\t\t\t<a itemprop=\"url\" class=\"edgtf-pli-category\" href=\"https:\/\/lamostradevalencia.com\/fr\/portfolio-category\/section-officielle-2021\/\">Section officielle 2021<\/a>\n\t\t\t\t\t<\/div>\n\t\n\t\t\t\n\t\t\t\t\t<\/div>\n\t<\/div>\n<\/div>\n\t\t<a itemprop=\"url\" class=\"edgtf-pli-link edgtf-block-drag-link\" href=\"https:\/\/lamostradevalencia.com\/fr\/peliculas\/el-lodo\/\" target=\"_self\"><\/a>\n\t<\/div>\n<\/article>\t<\/div>\n\t\n\t<\/div>[\/vc_column][\/vc_row][vc_row disable_element=\u00a0\u00bbyes\u00a0\u00bb][vc_column]<div class=\"templatera_shortcode\"><style type=\"text\/css\" data-type=\"vc_shortcodes-default-css\">.vc_do_custom_heading{margin-bottom:0.625rem;margin-top:0;}<\/style><style type=\"text\/css\" data-type=\"vc_shortcodes-custom-css\">.vc_custom_1600184094996{padding-top: 100px !important;padding-bottom: 100px !important;}<\/style><div class=\"vc_row wpb_row vc_row-fluid vc_custom_1600184094996\" ><div class=\"wpb_column vc_column_container vc_col-sm-12\"><div class=\"vc_column-inner\"><div class=\"wpb_wrapper\"><h2 style=\"text-align: center\" class=\"vc_custom_heading vc_do_custom_heading\" >Coming soon...<\/h2><\/div><\/div><\/div><\/div><\/div>[\/vc_column][\/vc_row]<\/p>\n<\/div>","protected":false},"excerpt":{"rendered":"EL LODO Espagne. 2021. Couleur. 107'. SECCI\u00d3N OFICIAL Une grave s\u00e9cheresse ravage les vastes rizi\u00e8res de la c\u00f4te est de l'Espagne. Apr\u00e8s avoir parcouru le [...]","protected":false},"author":1,"featured_media":0,"parent":10845,"menu_order":1,"comment_status":"closed","ping_status":"closed","template":"full-width.php","meta":{"_uag_custom_page_level_css":"","_jet_sm_ready_style":"","_jet_sm_style":"","_jet_sm_controls_values":"","_jet_sm_fonts_collection":"","_jet_sm_fonts_links":"","footnotes":""},"class_list":["post-10864","page","type-page","status-publish","hentry"],"yoast_head":"<!-- This site is optimized with the Yoast SEO plugin v27.5 - https:\/\/yoast.com\/product\/yoast-seo-wordpress\/ -->\n<title>Section officielle - Mostra de Val\u00e8ncia<\/title>\n<meta name=\"robots\" content=\"index, follow, max-snippet:-1, max-image-preview:large, max-video-preview:-1\" \/>\n<link rel=\"canonical\" href=\"https:\/\/lamostradevalencia.com\/fr\/2021-edition\/section-officielle\/\" \/>\n<meta property=\"og:locale\" content=\"fr_FR\" \/>\n<meta property=\"og:type\" content=\"article\" \/>\n<meta property=\"og:title\" content=\"Section officielle - Mostra de Val\u00e8ncia\" \/>\n<meta property=\"og:url\" content=\"https:\/\/lamostradevalencia.com\/fr\/2021-edition\/section-officielle\/\" \/>\n<meta property=\"og:site_name\" content=\"Mostra de Val\u00e8ncia\" \/>\n<meta property=\"article:modified_time\" content=\"2021-10-09T18:33:31+00:00\" \/>\n<meta name=\"twitter:card\" content=\"summary_large_image\" \/>\n<script type=\"application\/ld+json\" class=\"yoast-schema-graph\">{\"@context\":\"https:\\\/\\\/schema.org\",\"@graph\":[{\"@type\":\"WebPage\",\"@id\":\"https:\\\/\\\/lamostradevalencia.com\\\/fr\\\/2021-edition\\\/section-officielle\\\/\",\"url\":\"https:\\\/\\\/lamostradevalencia.com\\\/fr\\\/2021-edition\\\/section-officielle\\\/\",\"name\":\"Section officielle - Mostra de Val\u00e8ncia\",\"isPartOf\":{\"@id\":\"https:\\\/\\\/lamostradevalencia.com\\\/fr\\\/#website\"},\"datePublished\":\"2021-09-15T15:16:52+00:00\",\"dateModified\":\"2021-10-09T18:33:31+00:00\",\"breadcrumb\":{\"@id\":\"https:\\\/\\\/lamostradevalencia.com\\\/fr\\\/2021-edition\\\/section-officielle\\\/#breadcrumb\"},\"inLanguage\":\"fr-FR\",\"potentialAction\":[{\"@type\":\"ReadAction\",\"target\":[\"https:\\\/\\\/lamostradevalencia.com\\\/fr\\\/2021-edition\\\/section-officielle\\\/\"]}]},{\"@type\":\"BreadcrumbList\",\"@id\":\"https:\\\/\\\/lamostradevalencia.com\\\/fr\\\/2021-edition\\\/section-officielle\\\/#breadcrumb\",\"itemListElement\":[{\"@type\":\"ListItem\",\"position\":1,\"name\":\"Portada\",\"item\":\"https:\\\/\\\/lamostradevalencia.com\\\/fr\\\/\"},{\"@type\":\"ListItem\",\"position\":2,\"name\":\"\u00c9dition 2021\",\"item\":\"https:\\\/\\\/lamostradevalencia.com\\\/fr\\\/2021-edition\\\/\"},{\"@type\":\"ListItem\",\"position\":3,\"name\":\"Section officielle\"}]},{\"@type\":\"WebSite\",\"@id\":\"https:\\\/\\\/lamostradevalencia.com\\\/fr\\\/#website\",\"url\":\"https:\\\/\\\/lamostradevalencia.com\\\/fr\\\/\",\"name\":\"Mostra de Val\u00e8ncia\",\"description\":\"Cinema del Mediterrani\",\"potentialAction\":[{\"@type\":\"SearchAction\",\"target\":{\"@type\":\"EntryPoint\",\"urlTemplate\":\"https:\\\/\\\/lamostradevalencia.com\\\/fr\\\/?s={search_term_string}\"},\"query-input\":{\"@type\":\"PropertyValueSpecification\",\"valueRequired\":true,\"valueName\":\"search_term_string\"}}],\"inLanguage\":\"fr-FR\"}]}<\/script>\n<!-- \/ Yoast SEO plugin. -->","yoast_head_json":{"title":"Section officielle - Mostra de Val\u00e8ncia","robots":{"index":"index","follow":"follow","max-snippet":"max-snippet:-1","max-image-preview":"max-image-preview:large","max-video-preview":"max-video-preview:-1"},"canonical":"https:\/\/lamostradevalencia.com\/fr\/2021-edition\/section-officielle\/","og_locale":"fr_FR","og_type":"article","og_title":"Section officielle - Mostra de Val\u00e8ncia","og_url":"https:\/\/lamostradevalencia.com\/fr\/2021-edition\/section-officielle\/","og_site_name":"Mostra de Val\u00e8ncia","article_modified_time":"2021-10-09T18:33:31+00:00","twitter_card":"summary_large_image","schema":{"@context":"https:\/\/schema.org","@graph":[{"@type":"WebPage","@id":"https:\/\/lamostradevalencia.com\/fr\/2021-edition\/section-officielle\/","url":"https:\/\/lamostradevalencia.com\/fr\/2021-edition\/section-officielle\/","name":"Section officielle - Mostra de Val\u00e8ncia","isPartOf":{"@id":"https:\/\/lamostradevalencia.com\/fr\/#website"},"datePublished":"2021-09-15T15:16:52+00:00","dateModified":"2021-10-09T18:33:31+00:00","breadcrumb":{"@id":"https:\/\/lamostradevalencia.com\/fr\/2021-edition\/section-officielle\/#breadcrumb"},"inLanguage":"fr-FR","potentialAction":[{"@type":"ReadAction","target":["https:\/\/lamostradevalencia.com\/fr\/2021-edition\/section-officielle\/"]}]},{"@type":"BreadcrumbList","@id":"https:\/\/lamostradevalencia.com\/fr\/2021-edition\/section-officielle\/#breadcrumb","itemListElement":[{"@type":"ListItem","position":1,"name":"Portada","item":"https:\/\/lamostradevalencia.com\/fr\/"},{"@type":"ListItem","position":2,"name":"\u00c9dition 2021","item":"https:\/\/lamostradevalencia.com\/fr\/2021-edition\/"},{"@type":"ListItem","position":3,"name":"Section officielle"}]},{"@type":"WebSite","@id":"https:\/\/lamostradevalencia.com\/fr\/#website","url":"https:\/\/lamostradevalencia.com\/fr\/","name":"Mostra de Val\u00e8ncia","description":"Cinema del Mediterrani","potentialAction":[{"@type":"SearchAction","target":{"@type":"EntryPoint","urlTemplate":"https:\/\/lamostradevalencia.com\/fr\/?s={search_term_string}"},"query-input":{"@type":"PropertyValueSpecification","valueRequired":true,"valueName":"search_term_string"}}],"inLanguage":"fr-FR"}]}},"uagb_featured_image_src":{"full":false,"thumbnail":false,"medium":false,"medium_large":false,"large":false,"1536x1536":false,"2048x2048":false,"cinerama_edge_image_square":false,"cinerama_edge_image_landscape":false,"cinerama_edge_image_portrait":false,"cinerama_edge_image_huge":false,"gform-image-choice-sm":false,"gform-image-choice-md":false,"gform-image-choice-lg":false},"uagb_author_info":{"display_name":"Mostra de Val\u00e8ncia","author_link":"https:\/\/lamostradevalencia.com\/fr\/author\/mostravalencia\/"},"uagb_comment_info":0,"uagb_excerpt":null,"_links":{"self":[{"href":"https:\/\/lamostradevalencia.com\/fr\/wp-json\/wp\/v2\/pages\/10864","targetHints":{"allow":["GET"]}}],"collection":[{"href":"https:\/\/lamostradevalencia.com\/fr\/wp-json\/wp\/v2\/pages"}],"about":[{"href":"https:\/\/lamostradevalencia.com\/fr\/wp-json\/wp\/v2\/types\/page"}],"author":[{"embeddable":true,"href":"https:\/\/lamostradevalencia.com\/fr\/wp-json\/wp\/v2\/users\/1"}],"replies":[{"embeddable":true,"href":"https:\/\/lamostradevalencia.com\/fr\/wp-json\/wp\/v2\/comments?post=10864"}],"version-history":[{"count":3,"href":"https:\/\/lamostradevalencia.com\/fr\/wp-json\/wp\/v2\/pages\/10864\/revisions"}],"predecessor-version":[{"id":12958,"href":"https:\/\/lamostradevalencia.com\/fr\/wp-json\/wp\/v2\/pages\/10864\/revisions\/12958"}],"up":[{"embeddable":true,"href":"https:\/\/lamostradevalencia.com\/fr\/wp-json\/wp\/v2\/pages\/10845"}],"wp:attachment":[{"href":"https:\/\/lamostradevalencia.com\/fr\/wp-json\/wp\/v2\/media?parent=10864"}],"curies":[{"name":"wp","href":"https:\/\/api.w.org\/{rel}","templated":true}]}}