{"id":29666,"date":"2025-10-17T19:51:34","date_gmt":"2025-10-17T17:51:34","guid":{"rendered":"https:\/\/lamostradevalencia.com\/?page_id=29666"},"modified":"2025-10-17T21:02:26","modified_gmt":"2025-10-17T19:02:26","slug":"international-jury-2025","status":"publish","type":"page","link":"https:\/\/lamostradevalencia.com\/en\/2025-edition\/international-jury-2025\/","title":{"rendered":"International Jury"},"content":{"rendered":"<div class=\"wpb-content-wrapper\"><p>[vc_row disable_element=&#8221;yes&#8221;][vc_column][vc_empty_space][vc_custom_heading text=&#8221;COMING SOON&#8221; font_container=&#8221;tag:h2|text_align:center&#8221; use_theme_fonts=&#8221;yes&#8221;][vc_empty_space height=&#8221;100px&#8221;][\/vc_column][\/vc_row][vc_row css=&#8221;.vc_custom_1760725429084{background-color: #0000FF !important;}&#8221;][vc_column][vc_empty_space][vc_custom_heading text=&#8221;OFFICIAL SECTION&#8221; font_container=&#8221;tag:h2|text_align:center|color:%23FFFFFF&#8221; use_theme_fonts=&#8221;yes&#8221; css=&#8221;&#8221;][vc_empty_space][\/vc_column][\/vc_row][vc_row equal_height=&#8221;yes&#8221; content_placement=&#8221;middle&#8221; css=&#8221;.vc_custom_1602687382061{margin-top: 30px !important;}&#8221;][vc_column width=&#8221;1\/3&#8243;][vc_single_image image=&#8221;29774&#8243; img_size=&#8221;full&#8221; css=&#8221;&#8221;][\/vc_column][vc_column width=&#8221;2\/3&#8243; css=&#8221;.vc_custom_1538664381630{padding-top: 50px !important;padding-right: 40px !important;padding-bottom: 70px !important;padding-left: 40px !important;}&#8221;][vc_custom_heading text=&#8221;GLORIA MARCH&#8221; use_theme_fonts=&#8221;yes&#8221; css=&#8221;&#8221;][vc_custom_heading text=&#8221;<strong>President of Jury Official Section<\/strong>&#8221; font_container=&#8221;tag:div|font_size:20px|text_align:left|line_height:30px&#8221; use_theme_fonts=&#8221;yes&#8221; css=&#8221;&#8221;][vc_column_text css=&#8221;&#8221;]Gloria March holds a degree in Journalism and is a professional actress. She develops her career mainly in theatre with the company El Conde de Torrefiel, performing at major festivals across Europe, and has also worked with directors such as Ion Iraizoz and V\u00edctor S\u00e1nchez, among others. In film and television, she starred in <em>La Mort de Guillem<\/em>, directed by Carlos Marqu\u00e9s-Marcet, a performance that earned her the Valencian Audiovisual Award for Best Actress and the \u201cA Promising Future in Cinema\u201d award at the Cinema Jove Festival in 2021. She has also appeared in TV series such as <em>Delta<\/em> and in films like <em>La buena letra<\/em>, directed by Celia Rico. <em>She is currently starring in Mario, <\/em>directed by Guillem Mir\u00f3<em> now playing in theaters,<\/em> and portraying Carmen Polo in <em>La cena<\/em>, directed by Manuel G\u00f3mez Pereira. Her upcoming projects include <em>Despu\u00e9s de Kim<\/em>, directed by \u00c1ngeles Gonz\u00e1lez-Sinde, and <em>En l\u2019Eixam<\/em>, directed by \u00d3scar Bern\u00e0rcer, both scheduled for release in 2026.[\/vc_column_text][\/vc_column][\/vc_row][vc_row equal_height=&#8221;yes&#8221; content_placement=&#8221;middle&#8221; css=&#8221;.vc_custom_1602687382061{margin-top: 30px !important;}&#8221;][vc_column width=&#8221;1\/3&#8243;][vc_single_image image=&#8221;29681&#8243; img_size=&#8221;full&#8221; css=&#8221;&#8221;][\/vc_column][vc_column width=&#8221;2\/3&#8243; css=&#8221;.vc_custom_1538664381630{padding-top: 50px !important;padding-right: 40px !important;padding-bottom: 70px !important;padding-left: 40px !important;}&#8221;][vc_custom_heading text=&#8221;SARA NOUR&#8221; use_theme_fonts=&#8221;yes&#8221; css=&#8221;&#8221;][vc_column_text css=&#8221;&#8221;]Sara Nour is a cultural leader, project manager, and researcher based in Cairo, Egypt, with extensive experience in arts and film management. She has collaborated with several international film festivals and cultural institutions, including the Cairo International Film Festival, where she contributed to organization, programming, and guest relations, and El Gouna Film Festival, where she oversaw logistical coordination and supported artistic programming. Regionally, she has worked with initiatives such as Culture Resource (Al-Mawred Al-Thaqafy) to promote cultural dialogue and creative exchange.<\/p>\n<p>Holding a diploma in cultural development, Sara combines strategic vision with a deep commitment to the arts. Her research explores the role of cinema and media in shaping cultural representation, fostering intercultural communication, and challenging stereotypes. She is particularly interested in Mediterranean cinema as a space for cultural exchange and social impact. Sara is honoured to serve as a Jury member in the Official Section of the 40th edition of Mostra de Val\u00e8ncia \u2013 Mediterranean Film Festival.[\/vc_column_text][\/vc_column][\/vc_row][vc_row equal_height=&#8221;yes&#8221; content_placement=&#8221;middle&#8221; css=&#8221;.vc_custom_1602687382061{margin-top: 30px !important;}&#8221;][vc_column width=&#8221;1\/3&#8243;][vc_single_image image=&#8221;29768&#8243; img_size=&#8221;full&#8221; css=&#8221;&#8221;][\/vc_column][vc_column width=&#8221;2\/3&#8243; css=&#8221;.vc_custom_1538664381630{padding-top: 50px !important;padding-right: 40px !important;padding-bottom: 70px !important;padding-left: 40px !important;}&#8221;][vc_custom_heading text=&#8221;EVI KALOGIROPOULOU&#8221; use_theme_fonts=&#8221;yes&#8221; css=&#8221;&#8221;][vc_column_text css=&#8221;&#8221;]Evi Kalogiropoulou is a film director and visual artist based in Athens. She holds a Master&#8217;s degree in Moving Image from the Royal College of Art. Her work explores themes of inclusion and exclusion, cross-cultural identity, female figures within the framework of Ancient Greek mythology, and post-apocalyptic environments. Her first short film, <em>Motorway 65<\/em>, was part of the Official Selection at the Cannes Film Festival in 2021. Her short film <em>On Xerxes&#8217; Throne<\/em> received the Canal+ Award at the 61st Semaine de la Critique in Cannes. In 2023, she filmed <em>My Alexandria<\/em> in Alexandria, Egypt, for the Onassis Culture series of visual poems inspired by the work of C.P. Cavafy. The project, part of the <em>Archive of Desire<\/em>, was presented in New York to celebrate the 160th anniversary of the poet&#8217;s birth. Her debut feature, <em>GORGON\u00c0<\/em>\u2014recipient of the Eurimages Development Award, the Cinemart 2021 Award, and the ARTE Award at the Cin\u00e9fondation Atelier in Cannes 2021\u2014premiered at the <em>Settimana Internazionale della Critica (SIC)<\/em> in 2025 at the Venice Film Festival.[\/vc_column_text][\/vc_column][\/vc_row][vc_row css=&#8221;.vc_custom_1760725684743{margin-top: 25px !important;background-color: #00FFFF !important;}&#8221;][vc_column][vc_empty_space][vc_custom_heading text=&#8221;LA CABINA&#8221; font_container=&#8221;tag:h2|text_align:center&#8221; use_theme_fonts=&#8221;yes&#8221; css=&#8221;&#8221;][vc_empty_space][\/vc_column][\/vc_row][vc_row equal_height=&#8221;yes&#8221; content_placement=&#8221;middle&#8221; css=&#8221;.vc_custom_1602687382061{margin-top: 30px !important;}&#8221;][vc_column width=&#8221;1\/3&#8243;][vc_single_image image=&#8221;29714&#8243; img_size=&#8221;full&#8221; css=&#8221;&#8221;][\/vc_column][vc_column width=&#8221;2\/3&#8243; css=&#8221;.vc_custom_1538664381630{padding-top: 50px !important;padding-right: 40px !important;padding-bottom: 70px !important;padding-left: 40px !important;}&#8221;][vc_custom_heading text=&#8221;PIERRE MOUZANNAR&#8221; use_theme_fonts=&#8221;yes&#8221; css=&#8221;&#8221;][vc_custom_heading text=&#8221;<strong>President of Jury La Cabina<\/strong>&#8221; font_container=&#8221;tag:div|text_align:left&#8221; use_theme_fonts=&#8221;yes&#8221; css=&#8221;&#8221;][vc_column_text css=&#8221;&#8221;]Pierre Mouzannar is a Lebanese filmmaker. His thesis short An Arabian Night premiered at Clermont-Ferrand in 2020, receiving a Special Mention. His latest short, Those Who Never Left, has screened internationally and won the Jury Prize in Amman. Alongside directing, he has worked on projects by Joanna HadjiThomas and Khalil Joreige, Nadine Labaki, and collaborated with composer Gabriel Yared.[\/vc_column_text][\/vc_column][\/vc_row][vc_row equal_height=&#8221;yes&#8221; content_placement=&#8221;middle&#8221; css=&#8221;.vc_custom_1602687382061{margin-top: 30px !important;}&#8221;][vc_column width=&#8221;1\/3&#8243;][vc_single_image image=&#8221;29763&#8243; img_size=&#8221;full&#8221; css=&#8221;&#8221;][\/vc_column][vc_column width=&#8221;2\/3&#8243; css=&#8221;.vc_custom_1538664381630{padding-top: 50px !important;padding-right: 40px !important;padding-bottom: 70px !important;padding-left: 40px !important;}&#8221;][vc_custom_heading text=&#8221;BANU SIVACI&#8221; use_theme_fonts=&#8221;yes&#8221; css=&#8221;&#8221;][vc_column_text css=&#8221;&#8221;]Banu S\u0131vac\u0131 was born in Adana in 1987. After graduating from the Department of Painting, she worked as an assistant director in feature films.<em> G\u00fcvercin<\/em> (2018), her first feature film as a director, had its world premiere in the Generation section of the 68th Berlin Film Festival and was also nominated for Best First Film at the GWFF. Pigeon won five awards including Best Film and Best Screenplay at the 33rd Valencia Film Festival, Best Director at the 22nd Sofia Film Festival, and Best Youth Film at the 2018 APSA Awards.[\/vc_column_text][\/vc_column][\/vc_row][vc_row equal_height=&#8221;yes&#8221; content_placement=&#8221;middle&#8221; css=&#8221;.vc_custom_1602687382061{margin-top: 30px !important;}&#8221;][vc_column width=&#8221;1\/3&#8243;][vc_single_image image=&#8221;29742&#8243; img_size=&#8221;full&#8221; css=&#8221;&#8221;][\/vc_column][vc_column width=&#8221;2\/3&#8243; css=&#8221;.vc_custom_1538664381630{padding-top: 50px !important;padding-right: 40px !important;padding-bottom: 70px !important;padding-left: 40px !important;}&#8221;][vc_custom_heading text=&#8221;RICCARDO SPECCHIA&#8221; use_theme_fonts=&#8221;yes&#8221; css=&#8221;&#8221;][vc_column_text css=&#8221;&#8221;]Riccardo Specchia, cultural manager, journalist, and researcher, works as a consultant and programmer for the Rome Film Festival and has collaborated with the Italian Cultural Institute in Lima and the Cinemovel Foundation in Italy and Peru. He resides in Madrid, where he researches and teaches digital media and media literacy. He is the author of <em>Finestra Andina<\/em> (Donzelli Editore, 2024), a travel diary and photographic report on Peru.[\/vc_column_text][\/vc_column][\/vc_row][vc_row css=&#8221;.vc_custom_1760725693674{margin-top: 25px !important;background-color: #28ABE2 !important;}&#8221;][vc_column][vc_empty_space][vc_custom_heading text=&#8221;FINESTRA&#8221; font_container=&#8221;tag:h2|text_align:center|color:%23FFFFFF&#8221; use_theme_fonts=&#8221;yes&#8221; css=&#8221;&#8221;][vc_empty_space][\/vc_column][\/vc_row][vc_row equal_height=&#8221;yes&#8221; content_placement=&#8221;middle&#8221; css=&#8221;.vc_custom_1602687382061{margin-top: 30px !important;}&#8221;][vc_column width=&#8221;1\/3&#8243;][vc_single_image image=&#8221;29720&#8243; img_size=&#8221;full&#8221; css=&#8221;&#8221;][\/vc_column][vc_column width=&#8221;2\/3&#8243; css=&#8221;.vc_custom_1538664381630{padding-top: 50px !important;padding-right: 40px !important;padding-bottom: 70px !important;padding-left: 40px !important;}&#8221;][vc_custom_heading text=&#8221;CARLOS LOUREDA&#8221; use_theme_fonts=&#8221;yes&#8221; css=&#8221;&#8221;][vc_custom_heading text=&#8221;<strong>President of Jury Finestra<\/strong>&#8221; font_container=&#8221;tag:div|text_align:left&#8221; use_theme_fonts=&#8221;yes&#8221; css=&#8221;&#8221;][vc_column_text css=&#8221;&#8221;]Member of the European Film Academy, Blogos de Oro and member of the organizing committee of the Feroz Awards of the AICE. Since 2020, Vice President of the Acad\u00e9mie des Lumi\u00e8res, which has been awarding the Lumi\u00e8res Awards for international critics in Paris for 30 years. Programmer, since 2015, of the international Zinegoak festival and the selection of the Industry ZG PRO section. Programmer and head of the Educational Activities Department of the Huelva Ibero-American Film Festival. Coordinator of the selection committee and preparation of pitchings for the D\u2019A FILM LAB at the D\u2019A Film Festival Barcelona. Author and creator, since 2010, of the blog <em>Cine Invisible<\/em>\u2014published until 2020 on the Fotogramas website.[\/vc_column_text][\/vc_column][\/vc_row][vc_row equal_height=&#8221;yes&#8221; content_placement=&#8221;middle&#8221; css=&#8221;.vc_custom_1602687382061{margin-top: 30px !important;}&#8221;][vc_column width=&#8221;1\/3&#8243;][vc_single_image image=&#8221;29730&#8243; img_size=&#8221;full&#8221; css=&#8221;&#8221;][\/vc_column][vc_column width=&#8221;2\/3&#8243; css=&#8221;.vc_custom_1538664381630{padding-top: 50px !important;padding-right: 40px !important;padding-bottom: 70px !important;padding-left: 40px !important;}&#8221;][vc_custom_heading text=&#8221;ARANZAZU CALLEJA&#8221; use_theme_fonts=&#8221;yes&#8221; css=&#8221;&#8221;][vc_column_text css=&#8221;&#8221;]Aranzazu Calleja was born in 1977, in Bilbao. She graduated in Fine Arts from the <em>University of the Basque Country<\/em> and gained a diploma in violin teaching at the <em>J.C. Arriaga Higher Conservatory of Music<\/em> in Bilbao. Her interest in sound creation arose from the combination of both disciplines. She broadened her musical training in Barcelona, studying at the <em>Taller de Musics<\/em> and at the <em>Pompeu Fabra University<\/em>. At a later date she was awarded a scholarship to study at the prestigious <em>Berklee College of Music<\/em> in Boston, USA. She was selected to participate in the <em>Berlinale Talents 2014<\/em> within the framework of the 64th Berlin International Film Festival. Influenced by these varied sources of learning and her wide artistic interests she has become an unusual composer whose methodology reflects her search for a personal language with which to set music to a story.[\/vc_column_text][\/vc_column][\/vc_row][vc_row equal_height=&#8221;yes&#8221; content_placement=&#8221;middle&#8221; css=&#8221;.vc_custom_1602687382061{margin-top: 30px !important;}&#8221;][vc_column width=&#8221;1\/3&#8243;][vc_single_image image=&#8221;29757&#8243; img_size=&#8221;full&#8221; css=&#8221;&#8221;][\/vc_column][vc_column width=&#8221;2\/3&#8243; css=&#8221;.vc_custom_1538664381630{padding-top: 50px !important;padding-right: 40px !important;padding-bottom: 70px !important;padding-left: 40px !important;}&#8221;][vc_custom_heading text=&#8221;ANNABELLE ARAMBURU&#8221; use_theme_fonts=&#8221;yes&#8221; css=&#8221;&#8221;][vc_column_text css=&#8221;&#8221;]Annabelle Aramburu holds a degree in Communication Sciences from the University of Lima, Peru, and has extensive experience in the film industry. She is currently the coordinator of MAFIZ \u2013 Industry Zone at the M\u00e1laga Festival. She has a long history as a juror and mentor for various industry platforms and Ibero-American festivals, including SANFIC (Chile), CINEMUNDI (Brazil), ABYCINE, El Festivalito (Spain), FICUBA (Argentina), and CINE DEL MA\u00d1ANA (Peru), among others. She has also participated in project funding programs for ICAU (Uruguay), BACA (Argentina, Spain, Dominican Republic), and TV\/Documentary series with INCAA (Argentina). She served as Director and Mentor of the Documentary Internationalization Program (2016\u20132019) at INCAA, Argentina, and has been executive producer of the following audiovisual works: <em>ENTRE DOS MUNDOS: LA HISTORIA DE GONZALO GUERRERO<\/em>, <em>MADRE<\/em>, and <em>CHICAS NUEVAS 24 HORAS<\/em> (nominated for Best Documentary Feature at the 2016 Goya Awards).[\/vc_column_text][\/vc_column][\/vc_row]<\/p>\n<\/div>","protected":false},"excerpt":{"rendered":"<p>[vc_row disable_element=&#8221;yes&#8221;][vc_column][vc_empty_space][vc_custom_heading text=&#8221;COMING SOON&#8221; font_container=&#8221;tag:h2|text_align:center&#8221; use_theme_fonts=&#8221;yes&#8221;][vc_empty_space height=&#8221;100px&#8221;][\/vc_column][\/vc_row][vc_row css=&#8221;.vc_custom_1760725429084{background-color: #0000FF !important;}&#8221;][vc_column][vc_empty_space][vc_custom_heading text=&#8221;OFFICIAL SECTION&#8221; font_container=&#8221;tag:h2|text_align:center|color:%23FFFFFF&#8221; use_theme_fonts=&#8221;yes&#8221; css=&#8221;&#8221;][vc_empty_space][\/vc_column][\/vc_row][vc_row equal_height=&#8221;yes&#8221; content_placement=&#8221;middle&#8221; css=&#8221;.vc_custom_1602687382061{margin-top: 30px !important;}&#8221;][vc_column width=&#8221;1\/3&#8243;][vc_single_image image=&#8221;29774&#8243; img_size=&#8221;full&#8221; css=&#8221;&#8221;][\/vc_column][vc_column width=&#8221;2\/3&#8243; [&hellip;]<\/p>\n","protected":false},"author":1,"featured_media":0,"parent":26943,"menu_order":2,"comment_status":"closed","ping_status":"closed","template":"full-width.php","meta":{"_uag_custom_page_level_css":"","_jet_sm_ready_style":"","_jet_sm_style":"","_jet_sm_controls_values":"","_jet_sm_fonts_collection":"","_jet_sm_fonts_links":"","footnotes":""},"class_list":["post-29666","page","type-page","status-publish","hentry"],"yoast_head":"<!-- This site is optimized with the Yoast SEO plugin v27.4 - https:\/\/yoast.com\/product\/yoast-seo-wordpress\/ -->\n<title>International Jury - Mostra de Val\u00e8ncia<\/title>\n<meta name=\"description\" content=\"Los cinco miembros del Jurado Internacional de Mostra 2021\" \/>\n<meta name=\"robots\" content=\"index, follow, max-snippet:-1, max-image-preview:large, max-video-preview:-1\" \/>\n<link rel=\"canonical\" href=\"https:\/\/lamostradevalencia.com\/en\/2025-edition\/international-jury-2025\/\" \/>\n<meta property=\"og:locale\" content=\"en_US\" \/>\n<meta property=\"og:type\" content=\"article\" \/>\n<meta property=\"og:title\" content=\"International Jury - Mostra de Val\u00e8ncia\" \/>\n<meta property=\"og:description\" content=\"Los cinco miembros del Jurado Internacional de Mostra 2021\" \/>\n<meta property=\"og:url\" content=\"https:\/\/lamostradevalencia.com\/en\/2025-edition\/international-jury-2025\/\" \/>\n<meta property=\"og:site_name\" content=\"Mostra de Val\u00e8ncia\" \/>\n<meta property=\"article:modified_time\" content=\"2025-10-17T19:02:26+00:00\" \/>\n<meta name=\"twitter:card\" content=\"summary_large_image\" \/>\n<meta name=\"twitter:label1\" content=\"Est. reading time\" \/>\n\t<meta name=\"twitter:data1\" content=\"9 minutes\" \/>\n<script type=\"application\/ld+json\" class=\"yoast-schema-graph\">{\"@context\":\"https:\\\/\\\/schema.org\",\"@graph\":[{\"@type\":\"WebPage\",\"@id\":\"https:\\\/\\\/lamostradevalencia.com\\\/en\\\/2025-edition\\\/international-jury-2025\\\/\",\"url\":\"https:\\\/\\\/lamostradevalencia.com\\\/en\\\/2025-edition\\\/international-jury-2025\\\/\",\"name\":\"International Jury - Mostra de Val\u00e8ncia\",\"isPartOf\":{\"@id\":\"https:\\\/\\\/lamostradevalencia.com\\\/en\\\/#website\"},\"datePublished\":\"2025-10-17T17:51:34+00:00\",\"dateModified\":\"2025-10-17T19:02:26+00:00\",\"description\":\"Los cinco miembros del Jurado Internacional de Mostra 2021\",\"breadcrumb\":{\"@id\":\"https:\\\/\\\/lamostradevalencia.com\\\/en\\\/2025-edition\\\/international-jury-2025\\\/#breadcrumb\"},\"inLanguage\":\"en-US\",\"potentialAction\":[{\"@type\":\"ReadAction\",\"target\":[\"https:\\\/\\\/lamostradevalencia.com\\\/en\\\/2025-edition\\\/international-jury-2025\\\/\"]}]},{\"@type\":\"BreadcrumbList\",\"@id\":\"https:\\\/\\\/lamostradevalencia.com\\\/en\\\/2025-edition\\\/international-jury-2025\\\/#breadcrumb\",\"itemListElement\":[{\"@type\":\"ListItem\",\"position\":1,\"name\":\"Portada\",\"item\":\"https:\\\/\\\/lamostradevalencia.com\\\/en\\\/\"},{\"@type\":\"ListItem\",\"position\":2,\"name\":\"2025 Edition\",\"item\":\"https:\\\/\\\/lamostradevalencia.com\\\/en\\\/2025-edition\\\/\"},{\"@type\":\"ListItem\",\"position\":3,\"name\":\"International Jury\"}]},{\"@type\":\"WebSite\",\"@id\":\"https:\\\/\\\/lamostradevalencia.com\\\/en\\\/#website\",\"url\":\"https:\\\/\\\/lamostradevalencia.com\\\/en\\\/\",\"name\":\"Mostra de Val\u00e8ncia\",\"description\":\"Cinema del Mediterrani\",\"potentialAction\":[{\"@type\":\"SearchAction\",\"target\":{\"@type\":\"EntryPoint\",\"urlTemplate\":\"https:\\\/\\\/lamostradevalencia.com\\\/en\\\/?s={search_term_string}\"},\"query-input\":{\"@type\":\"PropertyValueSpecification\",\"valueRequired\":true,\"valueName\":\"search_term_string\"}}],\"inLanguage\":\"en-US\"}]}<\/script>\n<!-- \/ Yoast SEO plugin. -->","yoast_head_json":{"title":"International Jury - Mostra de Val\u00e8ncia","description":"Los cinco miembros del Jurado Internacional de Mostra 2021","robots":{"index":"index","follow":"follow","max-snippet":"max-snippet:-1","max-image-preview":"max-image-preview:large","max-video-preview":"max-video-preview:-1"},"canonical":"https:\/\/lamostradevalencia.com\/en\/2025-edition\/international-jury-2025\/","og_locale":"en_US","og_type":"article","og_title":"International Jury - Mostra de Val\u00e8ncia","og_description":"Los cinco miembros del Jurado Internacional de Mostra 2021","og_url":"https:\/\/lamostradevalencia.com\/en\/2025-edition\/international-jury-2025\/","og_site_name":"Mostra de Val\u00e8ncia","article_modified_time":"2025-10-17T19:02:26+00:00","twitter_card":"summary_large_image","twitter_misc":{"Est. reading time":"9 minutes"},"schema":{"@context":"https:\/\/schema.org","@graph":[{"@type":"WebPage","@id":"https:\/\/lamostradevalencia.com\/en\/2025-edition\/international-jury-2025\/","url":"https:\/\/lamostradevalencia.com\/en\/2025-edition\/international-jury-2025\/","name":"International Jury - Mostra de Val\u00e8ncia","isPartOf":{"@id":"https:\/\/lamostradevalencia.com\/en\/#website"},"datePublished":"2025-10-17T17:51:34+00:00","dateModified":"2025-10-17T19:02:26+00:00","description":"Los cinco miembros del Jurado Internacional de Mostra 2021","breadcrumb":{"@id":"https:\/\/lamostradevalencia.com\/en\/2025-edition\/international-jury-2025\/#breadcrumb"},"inLanguage":"en-US","potentialAction":[{"@type":"ReadAction","target":["https:\/\/lamostradevalencia.com\/en\/2025-edition\/international-jury-2025\/"]}]},{"@type":"BreadcrumbList","@id":"https:\/\/lamostradevalencia.com\/en\/2025-edition\/international-jury-2025\/#breadcrumb","itemListElement":[{"@type":"ListItem","position":1,"name":"Portada","item":"https:\/\/lamostradevalencia.com\/en\/"},{"@type":"ListItem","position":2,"name":"2025 Edition","item":"https:\/\/lamostradevalencia.com\/en\/2025-edition\/"},{"@type":"ListItem","position":3,"name":"International Jury"}]},{"@type":"WebSite","@id":"https:\/\/lamostradevalencia.com\/en\/#website","url":"https:\/\/lamostradevalencia.com\/en\/","name":"Mostra de Val\u00e8ncia","description":"Cinema del Mediterrani","potentialAction":[{"@type":"SearchAction","target":{"@type":"EntryPoint","urlTemplate":"https:\/\/lamostradevalencia.com\/en\/?s={search_term_string}"},"query-input":{"@type":"PropertyValueSpecification","valueRequired":true,"valueName":"search_term_string"}}],"inLanguage":"en-US"}]}},"uagb_featured_image_src":{"full":false,"thumbnail":false,"medium":false,"medium_large":false,"large":false,"1536x1536":false,"2048x2048":false,"cinerama_edge_image_square":false,"cinerama_edge_image_landscape":false,"cinerama_edge_image_portrait":false,"cinerama_edge_image_huge":false,"gform-image-choice-sm":false,"gform-image-choice-md":false,"gform-image-choice-lg":false},"uagb_author_info":{"display_name":"Mostra de Val\u00e8ncia","author_link":"https:\/\/lamostradevalencia.com\/en\/author\/mostravalencia\/"},"uagb_comment_info":0,"uagb_excerpt":"[vc_row disable_element=&#8221;yes&#8221;][vc_column][vc_empty_space][vc_custom_heading text=&#8221;COMING SOON&#8221; font_container=&#8221;tag:h2|text_align:center&#8221; use_theme_fonts=&#8221;yes&#8221;][vc_empty_space height=&#8221;100px&#8221;][\/vc_column][\/vc_row][vc_row css=&#8221;.vc_custom_1760725429084{background-color: #0000FF !important;}&#8221;][vc_column][vc_empty_space][vc_custom_heading text=&#8221;OFFICIAL SECTION&#8221; font_container=&#8221;tag:h2|text_align:center|color:%23FFFFFF&#8221; use_theme_fonts=&#8221;yes&#8221; css=&#8221;&#8221;][vc_empty_space][\/vc_column][\/vc_row][vc_row equal_height=&#8221;yes&#8221; content_placement=&#8221;middle&#8221; css=&#8221;.vc_custom_1602687382061{margin-top: 30px !important;}&#8221;][vc_column width=&#8221;1\/3&#8243;][vc_single_image image=&#8221;29774&#8243; img_size=&#8221;full&#8221; css=&#8221;&#8221;][\/vc_column][vc_column width=&#8221;2\/3&#8243; [&hellip;]","_links":{"self":[{"href":"https:\/\/lamostradevalencia.com\/en\/wp-json\/wp\/v2\/pages\/29666","targetHints":{"allow":["GET"]}}],"collection":[{"href":"https:\/\/lamostradevalencia.com\/en\/wp-json\/wp\/v2\/pages"}],"about":[{"href":"https:\/\/lamostradevalencia.com\/en\/wp-json\/wp\/v2\/types\/page"}],"author":[{"embeddable":true,"href":"https:\/\/lamostradevalencia.com\/en\/wp-json\/wp\/v2\/users\/1"}],"replies":[{"embeddable":true,"href":"https:\/\/lamostradevalencia.com\/en\/wp-json\/wp\/v2\/comments?post=29666"}],"version-history":[{"count":5,"href":"https:\/\/lamostradevalencia.com\/en\/wp-json\/wp\/v2\/pages\/29666\/revisions"}],"predecessor-version":[{"id":29802,"href":"https:\/\/lamostradevalencia.com\/en\/wp-json\/wp\/v2\/pages\/29666\/revisions\/29802"}],"up":[{"embeddable":true,"href":"https:\/\/lamostradevalencia.com\/en\/wp-json\/wp\/v2\/pages\/26943"}],"wp:attachment":[{"href":"https:\/\/lamostradevalencia.com\/en\/wp-json\/wp\/v2\/media?parent=29666"}],"curies":[{"name":"wp","href":"https:\/\/api.w.org\/{rel}","templated":true}]}}