{"id":2450,"date":"2018-09-13T13:14:03","date_gmt":"2018-09-13T11:14:03","guid":{"rendered":"https:\/\/lamostradevalencia.com\/privacy-policy\/"},"modified":"2024-09-19T19:44:38","modified_gmt":"2024-09-19T17:44:38","slug":"privacy-policy","status":"publish","type":"page","link":"https:\/\/lamostradevalencia.com\/en\/privacy-policy\/","title":{"rendered":"Privacy Policy"},"content":{"rendered":"<h2>Informaci\u00f3n b\u00e1sica sobre protecci\u00f3n de datos<\/h2>\n<table>\n<tbody>\n<tr>\n<td width=\"141\"><strong>RESPONSABLE<\/strong><\/td>\n<td width=\"424\">Organismo Aut\u00f3nomo Municipal Mostra de Val\u00e8ncia i Iniciatives Audiovisuals<\/p>\n<p>NIF: Q4601457G<\/td>\n<\/tr>\n<tr>\n<td width=\"141\"><strong>CONTACTO<\/strong><\/td>\n<td width=\"424\">Tel\u00e9fono: 962535478 \u2013 Ext. 77189<\/p>\n<p>C\/ Aben al-Abbar, n\u00ba 7, 46021-Valencia<\/p>\n<p><a href=\"mailto:Info@lamostradevalencia.com\">Info@lamostradevalencia.com<\/a><\/td>\n<\/tr>\n<tr>\n<td width=\"141\"><strong>FINALIDAD<\/strong><\/td>\n<td width=\"424\">Prestaci\u00f3n de servicios p\u00fablicos, env\u00edo de informaci\u00f3n<\/td>\n<\/tr>\n<tr>\n<td width=\"141\"><strong>LEGITIMACI\u00d3N<\/strong><\/td>\n<td width=\"424\">El cumplimiento de una tarea en inter\u00e9s p\u00fablico o el ejercicio de poder p\u00fablicos (art\u00edculo 6.1,e del RGPD). Consentimiento de las personas interesadas, cuando sea preciso (art\u00edculo 6.1,a del RGPD).<\/td>\n<\/tr>\n<tr>\n<td width=\"141\"><strong>DESTINATARIOS<\/strong><\/td>\n<td width=\"424\">Las Administraciones P\u00fablicas en el ejercicio de sus competencias, cuando sea necesario para la gesti\u00f3n de su solicitud.<\/td>\n<\/tr>\n<tr>\n<td width=\"141\"><strong>DERECHOS<\/strong><\/td>\n<td width=\"424\">Las personas interesadas podr\u00e1n solicitar el acceso, rectificaci\u00f3n o supresi\u00f3n de sus datos, as\u00ed como ejercitar otros derechos o retirar en su caso el consentimiento otorgado en la direcci\u00f3n Aben Al-Abbar, n\u00ba 7, 46021-Valencia, enviando un correo electr\u00f3nico a <a href=\"mailto:dpd@lamostradevalencia.com\">dpd@lamostradevalencia.com<\/a> o a trav\u00e9s de la sede electr\u00f3nica del Ayuntamiento de Val\u00e8ncia.<\/td>\n<\/tr>\n<tr>\n<td width=\"141\"><strong>INFORMACI\u00d3N ADICIONAL<\/strong><\/td>\n<td width=\"424\">Debe leer la informaci\u00f3n detallada sobre protecci\u00f3n de datos m\u00e1s abajo<\/td>\n<\/tr>\n<\/tbody>\n<\/table>\n<p>&nbsp;<\/p>\n<p>&nbsp;<\/p>\n<h2><strong>2. Informaci\u00f3n detallada sobre protecci\u00f3n de datos<\/strong><\/h2>\n<p>Los datos personales vinculados a la p\u00e1gina web y la sede electr\u00f3nica responsabilidad del ORGANISMO AUT\u00d3NOMO MUNICIPAL MOSTRA DE VAL\u00c8NCIA I INICIATIVES AUDIOVISUALS respetan las exigencias del Reglamento (UE) 2016\/679 del Parlamento Europeo y del Consejo de 27 de abril de 2016 relativo a la protecci\u00f3n de las personas f\u00edsicas en el que respeta al tratamiento de datos personales y a la libre circulaci\u00f3n de estos datos ( RGPD ) y la Ley Org\u00e1nica 3\/2018, de 5 de diciembre , de Protecci\u00f3n de Datos Personales y garant\u00eda de los derechos digitales ( LOPDGDD ).<\/p>\n<h3>2.1 \u00bfQui\u00e9n es el Responsable del tratamiento?<\/h3>\n<p>Datos del Responsable:<\/p>\n<ul>\n<li>RESPONSABLE: Organismo Aut\u00f3nomo Municipal Mostra de Val\u00e8ncia i Iniciatives Audiovisuals<\/li>\n<li>NIF: Q4601457G<\/li>\n<li>Direcci\u00f3n: Aben Al-Abbar, n\u00ba 7, 46021-Valencia<\/li>\n<li>Tel\u00e9fono: 963525478 \u2013 Ext.77189<\/li>\n<\/ul>\n<p>Datos del DELEGADO DE PROTECCI\u00d3N DE DATOS:<\/p>\n<ul>\n<li>APDTIC PROFESIONALES, S.L.<\/li>\n<li><a href=\"mailto:dpd@lamostradevalencia.com\">dpd@com<\/a><\/li>\n<\/ul>\n<p>El ORGANISMO AUT\u00d3NOMO MUNICIPAL MOSTRA DE VAL\u00c8NCIA I INICIATIVES AUDIOVISUALS es responsable de mantener un registro de las actividades de tratamiento bajo su responsabilidad en cumplimiento de los deberes establecidos en el art\u00edculo 30 del RGPD.<\/p>\n<h3>2.2 \u00bfCon qu\u00e9 finalidad tratamos sus datos personales?<\/h3>\n<p>El ORGANISMO AUT\u00d3NOMO MUNICIPAL MOSTRA DE VAL\u00c8NCIA I INICIATIVES AUDIOVISUALS tratar\u00e1 los datos personales de las personas interesadas, con car\u00e1cter general, para:<\/p>\n<ol>\n<li>Gestionar los diferentes procedimientos administrativos e informar sobre su tramitaci\u00f3n.<\/li>\n<li>Verificar o comprobar la exactitud de los datos personales que las personas interesadas declaren que ya obran en poder de las administraciones p\u00fablicas o que previamente ya se acercaran.<\/li>\n<li>Realizar notificaciones y tramitar recursos.<\/li>\n<li>Gestionar peticiones de informaci\u00f3n, sugerencias, comunicaciones en general y remitir boletines informativos.<\/li>\n<\/ol>\n<h3>2.3 \u00bfCu\u00e1l es la legitimaci\u00f3n para el tratamiento de sus datos?<\/h3>\n<p>El ORGANISMO AUT\u00d3NOMO MUNICIPAL MOSTRA DE VAL\u00c8NCIA I INICIATIVES AUDIOVISUALS est\u00e1 legitimado para llevar a cabo el tratamiento de datos de car\u00e1cter personal de acuerdo con el principio de licitud del tratamiento se\u00f1alado en el art\u00edculo 6 del RGPD y, concretamente, para:<\/p>\n<ul>\n<li>Con car\u00e1cter general, en el caso de la actividad de procedimiento administrativo la base jur\u00eddica de los tratamientos ser\u00e1 el cumplimiento de una tarea en inter\u00e9s p\u00fablico o el ejercicio de poder p\u00fablicos, teniendo en cuenta la Ley 39\/2015, de 1 de octubre, del procedimiento administrativo com\u00fan; la Ley 9\/2017, de 8 de noviembre, de contratos del sector p\u00fablico; Ley 39\/2015, de 1 de octubre, del procedimiento administrativo com\u00fan, etc.<\/li>\n<li>En determinados supuestos el tratamiento vendr\u00e1 legitimado por el consentimiento de las personas interesadas.<\/li>\n<li>En todo caso, la base de la legitimaci\u00f3n se recoger\u00e1 en las cl\u00e1usulas informativas b\u00e1sicas disponibles en los formularios de recogida de datos personales.<\/li>\n<\/ul>\n<h3>2.4 \u00bfA qu\u00e9 destinatarios\/as se comunicar\u00e1n sus datos?<\/h3>\n<p>Sus datos podr\u00e1n ser comunicados, seg\u00fan la legislaci\u00f3n vigente y siempre que sea necesario para la gesti\u00f3n del procedimiento o petici\u00f3n, a otras administraciones p\u00fablicas en el ejercicio de sus competencias, a entidades financieras, a diarios oficiales, p\u00e1ginas web o tableros de anuncios del ORGANISMO AUT\u00d3NOMO MUNICIPAL MOSTRA DE VAL\u00c8NCIA I INICIATIVES AUDIOVISUALS para dar la publicidad legalmente exigida en los procedimientos donde sea necesaria.<\/p>\n<p>Las cl\u00e1usulas informativas b\u00e1sicas incluir\u00e1n, en todo caso, los\/as destinatarios\/as concretos\/as de los datos.<\/p>\n<h3>2.5 \u00bfDurante cu\u00e1nto tiempo conservaremos sus datos personales?<\/h3>\n<p>Los datos personales proporcionados se conservar\u00e1n mientras no solicite su supresi\u00f3n o cancelaci\u00f3n y siempre que resulten adecuados, pertinentes y limitados a lo necesario para los fines para los que sean tratados.<\/p>\n<h3>2.6 \u00bfSe realizar\u00e1n transferencias de datos a terceros pa\u00edses?<\/h3>\n<p>No se van a producir transferencias internacionales de datos.<\/p>\n<ul>\n<li><strong>\u00bfCu\u00e1les son sus derechos cu\u00e1ndo nos facilita sus datos personales?<\/strong><\/li>\n<li><u>Acceso<\/u>: derecho a obtener confirmaci\u00f3n sobre si estamos tratando datos personales suyos o no, a saber cu\u00e1les son, para qu\u00e9 se usan, cu\u00e1nto tiempo se van a guardar, el origen de los mismos y si se comunicaron o se van a comunicar a un tercero.<\/li>\n<li><u>Rectificaci\u00f3n<\/u>: derecho a solicitar la rectificaci\u00f3n de los datos inexactos y a que se completen los datos personales incompletos.<\/li>\n<li><u>Supresi\u00f3n<\/u>: derecho a solicitar la supresi\u00f3n de los datos de car\u00e1cter personal cuando sean inadecuados, excesivos o ya no sean necesarios para los fines para los que fueron recogidos, incluido el derecho al olvido.<\/li>\n<li><u>Oposici\u00f3n<\/u>: derecho a oponerse, en determinadas circunstancias, a que se realice el tratamiento de sus datos personales o a solicitar que se cese en el tratamiento.<\/li>\n<li><u>Limitaci\u00f3n del tratamiento<\/u>: derecho a solicitar, en las circunstancias establecidas legalmente, que no se traten sus datos m\u00e1s all\u00e1 de la mera conservaci\u00f3n de los mismos.<\/li>\n<li><u>Portabilidad<\/u>: derecho a recibir los datos de car\u00e1cter personal en un formato estructurado, de uso com\u00fan y lectura mec\u00e1nica, y poder transmitirlos a otro\/a responsable, siempre que sea t\u00e9cnicamente posible.<\/li>\n<\/ul>\n<h3>2.8 \u00bfTendr\u00e1 la posibilidad de retirar su consentimiento?<\/h3>\n<p>Tendr\u00e1 la posibilidad y el derecho de retirar su consentimiento para cualquier finalidad espec\u00edfica otorgada en su momento, sin que eso afecte a la licitud del tratamiento basado en el consentimiento previo a su retirada.<\/p>\n<h3>2.9 \u00bfD\u00f3nde podr\u00e1 ejercitar sus derechos?<\/h3>\n<p>La persona interesada podr\u00e1 ejercer sus derechos sin coste alguno, recibiendo una respuesta en los plazos establecidos en el RGPD y la LOPDGDD, por los siguientes medios:<\/p>\n<ul>\n<li>Por escrito en el ORGANISMO AUT\u00d3NOMO MUNICIPAL MOSTRA DE VAL\u00c8NCIA I INICIATIVES AUDIOVISUALS. Esta solicitud deber\u00e1 ir firmada junto con la copia del DNI o pasaporte de la persona interesada. En caso de que se act\u00fae a trav\u00e9s de representante legal deber\u00e1 acercarse, adem\u00e1s, el DNI y el documento acreditativo de la presentaci\u00f3n del\/de la representante.<\/li>\n<li>Si el ORGANISMO AUT\u00d3NOMO MUNICIPAL MOSTRA DE VAL\u00c8NCIA I INICIATIVES AUDIOVISUALS tuviera dudas razonables en relaci\u00f3n con la identidad de la persona f\u00edsica que cursa la solicitud podr\u00e1 solicitar la informaci\u00f3n adicional necesaria para confirmar la identidad de la interesada.<\/li>\n<li>El ORGANISMO AUT\u00d3NOMO MUNICIPAL MOSTRA DE VAL\u00c8NCIA I INICIATIVES AUDIOVISUALS deber\u00e1 responder la solicitud en el plazo de un mes desde su recepci\u00f3n. Este plazo podr\u00e1 prorrogarse otros dos meses en caso de ser necesario, teniendo en cuenta la complejidad y el n\u00famero de solicitudes recibidas. La persona interesada, en cualquier caso, ser\u00e1 informada en el plazo de un mes a partir de la recepci\u00f3n de la solicitud.<\/li>\n<li>Cualquier interesada tambi\u00e9n podr\u00e1 dirigir su solicitud de ejercicio de derechos al Delegado de Protecci\u00f3n de datos en la direcci\u00f3n electr\u00f3nica <a href=\"mailto:dpd@lamostradevalencia.com\">dpd@lamostradevalencia.com<\/a> o en la sede electr\u00f3nica del Ayuntamiento de Val\u00e8ncia.<\/li>\n<li>Para m\u00e1s informaci\u00f3n: <a href=\"https:\/\/www.aepd.es\/reglamento\/derechos\/index.html\">https:\/\/www.aepd.es\/reglamento\/derechos\/index.html<\/a><\/li>\n<\/ul>\n<h3>2.10 \u00bfC\u00f3mo puede realizar una reclamaci\u00f3n ante la Autoridad de Control?<\/h3>\n<p>En caso de que no se hayan respetado sus derechos, puede presentar una reclamaci\u00f3n dirigi\u00e9ndose por escrito a la Agencia Espa\u00f1ola de Protecci\u00f3n de Datos (AEPD) sita en la calle Jorge Juan, 6-28001-Madrid o utilizar la sede electr\u00f3nica: <a href=\"https:\/\/sedeagpd.gob.es\/sede-electronica-web\/\">https:\/\/sedeagpd.gob.es\/sede-electronica-web\/<\/a>.<\/p>\n<p>En ambos casos, deber\u00e1 acompa\u00f1ar la documentaci\u00f3n pertinente.<\/p>\n<h3>2.11 \u00bfCu\u00e1les son las medidas de seguridad?<\/h3>\n<p>En cumplimiento con el art\u00edculo 32 del RGPD y teniendo en cuenta lo establecido en la Disposici\u00f3n Adicional Primera de la LOPDGDD 3\/2018, el ORGANISMO AUT\u00d3NOMO MUNICIPAL MOSTRA DE VAL\u00c8NCIA I INICIATIVES AUDIOVISUALS cuenta con unas medidas de seguridad establecidas por su reglamento interno de seguridad que sigue el Esquema Nacional de Seguridad (ENS) regulado por el Real Decreto 311\/2022, de 3 de mayo.<\/p>\n<ul>\n<li><strong>NORMATIVA DE APLICACI\u00d3N<\/strong><\/li>\n<li><a href=\"https:\/\/www.boe.es\/buscar\/doc.php?id=BOE-A-2018-16673\">Ley Org\u00e1nica 3\/2018, de 5 de diciembre, de Protecci\u00f3n de Datos Personales y garant\u00eda de los derechos digitales (LOPDGDD)<\/a><\/li>\n<li><a href=\"https:\/\/www.boe.es\/doue\/2016\/119\/L00001-00088.pdf\">Reglamento (UE) 2016\/679 del Parlamento Europeo y del Consejo de 27 de abril de 2016 relativo a la protecci\u00f3n de las personas f\u00edsicas en el que respeta al tratamiento de datos personales y a la libre circulaci\u00f3n de estos datos y por lo que se deroga la Di<\/a><u>rectiva 95\/46\/CE (Reglamento General de Protecci\u00f3n de Datos)<\/u><\/li>\n<li><a href=\"https:\/\/boe.es\/boe\/dias\/2022\/05\/04\/pdfs\/BOE-A-2022-7191.pdf\">Real Decreto 311\/2022, de 3 de mayo, por el que se regula el Esquema Nacional de Seguridad<\/a><\/li>\n<\/ul>\n<p>&nbsp;<\/p>\n<hr \/>\n<h2>Derechos sobre Protecci\u00f3n de Datos<\/h2>\n<p>La normativa en materia de protecci\u00f3n de datos permite que cualquier persona pueda ejercer sus derechos de acceso, rectificaci\u00f3n, supresi\u00f3n y portabilidad de datos, oposici\u00f3n y limitaci\u00f3n a su tratamiento, as\u00ed como a no ser objeto de decisiones basadas \u00fanicamente en el tratamiento automatizado de sus datos.<\/p>\n<p><strong>Derecho de acceso<\/strong><\/p>\n<p>La persona afectada tiene derecho a ser informada:<\/p>\n<ul>\n<li>de los fines del tratamiento, as\u00ed como de las categor\u00edas de datos personales que se traten y de las posibles comunicaciones de datos y sus destinatarios\/as<\/li>\n<li>del plazo de conservaci\u00f3n de los datos, de ser posible. De no serlo, los criterios para determinar este plazo<\/li>\n<li>del derecho a solicitar la rectificaci\u00f3n o supresi\u00f3n de los datos, la limitaci\u00f3n al tratamiento, u oponerse al mismo<\/li>\n<li>del derecho a presentar una reclamaci\u00f3n ante la autoridad de control<\/li>\n<li>a obtener, cuando los datos personales no se hayan obtenido de la interesada, cualquier informaci\u00f3n disponible sobre su origen<\/li>\n<li>a recibir informaci\u00f3n de las garant\u00edas adecuadas si se produce una transferencia internacional de datos<\/li>\n<li>a obtener una copia de los datos objeto del tratamiento<\/li>\n<li>de la existencia de decisiones automatizadas (incluyendo perfiles), la l\u00f3gica aplicada y las consecuencias de este tratamiento.<\/li>\n<\/ul>\n<p>Debe distinguirse del derecho de acceso de las personas interesadas a los expedientes administrativos, que regula la Ley 39\/2015, de 1 de octubre, del procedimiento administrativo com\u00fan de las Administraciones P\u00fablicas as\u00ed como el derecho de acceso regulado en la Ley 19\/2013, de 9 de diciembre, de transparencia, acceso a la informaci\u00f3n p\u00fablica y bueno gobierno.<\/p>\n<h3>Derecho de rectificaci\u00f3n<\/h3>\n<p>La persona afectada tiene derecho a obtener sin dilaci\u00f3n indebida, del responsable del tratamiento, la rectificaci\u00f3n de los datos personales inexactos, as\u00ed como que se completen aquellos datos personales incompletos, incluso mediante una declaraci\u00f3n adicional.<\/p>\n<h3>Derecho de supresi\u00f3n (derecho al olvido)<\/h3>\n<p>La persona afectada puede solicitar la supresi\u00f3n de los datos personales cuando concurra alguno de los supuestos contemplados en la legislaci\u00f3n destacando aquellos casos en que desaparezca la finalidad que motiv\u00f3 el tratamiento, o que los datos personales se hayan tratado de forma il\u00edcita.<\/p>\n<p>Se except\u00faa este derecho, en los casos en que deba prevalecer, para el cumplimiento de una misi\u00f3n realizada en inter\u00e9s p\u00fablico o en el ejercicio de poder p\u00fablicos conferidos al responsable.<\/p>\n<h3>Derecho a la limitaci\u00f3n del tratamiento<\/h3>\n<p>Permite a la persona afectada obtener del responsable del tratamiento la limitaci\u00f3n del tratamiento de los datos cuando:<\/p>\n<ul>\n<li>se impugne la exactitud de los datos, mientras se verifica dicha exactitud por el responsable<\/li>\n<li>el tratamiento resulte il\u00edcito pero la persona interesada solicite en lugar de la supresi\u00f3n la limitaci\u00f3n de su uso<\/li>\n<li>el responsable ya no necesite los datos para el fin del tratamiento, pero s\u00ed la persona interesada para el ejercicio de alguno de sus derechos<\/li>\n<li>la persona afectada ejercit\u00f3 su derecho de oposici\u00f3n al tratamiento, mientras se verifica si los motivos leg\u00edtimos del responsable prevalecen sobre lo afectado<\/li>\n<\/ul>\n<h3>Derecho a la portabilidad<\/h3>\n<p>La persona interesada tendr\u00e1 derecho a recibir del responsable del tratamiento sus datos personales, en un formato estructurado, de uso com\u00fan y lectura mec\u00e1nica, o solicitar que sean transmitidos a otro\/a responsable del tratamiento cuando sea t\u00e9cnicamente posible.<\/p>\n<h3>Derecho de oposici\u00f3n<\/h3>\n<p>La persona afectada puede oponerse al tratamiento:<\/p>\n<ul>\n<li>Cuando por motivos relacionados con su situaci\u00f3n personal, deba cesar el tratamiento de los datos, salvo que se acredite un inter\u00e9s leg\u00edtimo, que prevalezca sobre los intereses, los derechos y las libertades de la interesada, o sea necesario para el ejercicio o defensa de reclamaciones.<\/li>\n<li>Cuando el tratamiento tenga por objeto la mercadotecnia directa.<\/li>\n<\/ul>\n<h4><u>Formularios para el ejercicio de sus derechos<\/u>:<\/h4>\n<ul>\n<li><a href=\"https:\/\/www.aepd.es\/media\/formularios\/formulario-derecho-de-acceso.pdf\">Formulario de ejercicio del derecho de acceso<\/a><\/li>\n<li><a href=\"https:\/\/www.aepd.es\/media\/formularios\/formulario-derecho-de-rectificacion.pdf\">Formulario de ejercicio del derecho de rectificaci\u00f3n<\/a><\/li>\n<li><a href=\"https:\/\/www.aepd.es\/media\/formularios\/formulario-derecho-de-oposicion.pdf\">Formulario de ejercicio del derecho de oposici\u00f3n<\/a><\/li>\n<li><a href=\"https:\/\/www.aepd.es\/media\/formularios\/formulario-derecho-de-supresion.pdf\">Formulario de ejercicio del derecho de supresi\u00f3n (derecho \u201cal olvido\u201d)<\/a><\/li>\n<li><a href=\"https:\/\/www.aepd.es\/media\/formularios\/formulario-derecho-de-limitacion.pdf\">Formulario de ejercicio del derecho a la limitaci\u00f3n del tratamiento<\/a><\/li>\n<li><a href=\"https:\/\/www.aepd.es\/media\/formularios\/formulario-derecho-de-portabilidad.pdf\">Formulario de ejercicio del derecho a la portabilidad<\/a><\/li>\n<li><a href=\"https:\/\/www.aepd.es\/media\/formularios\/formulario-derecho-de-oposicion-decisiones-automatizadas.pdf\">Formulario de ejercicio a no ser objeto de decisiones individuales automatizadas<\/a><\/li>\n<\/ul>\n<p>&nbsp;<\/p>\n<hr \/>\n<h2><u>Registro de Actividades de Tratamiento<\/u><\/h2>\n<p>&nbsp;<\/p>\n<p>El art\u00edculo 30 del Reglamento UE 2016\/679 General de Protecci\u00f3n de Datos (RGPD), establece que cada responsable llevar\u00e1 un\u00a0registro de las\u00a0actividades de tratamiento que efect\u00faa y con la informaci\u00f3n indicada a continuaci\u00f3n:<\/p>\n<ul>\n<li>El nombre y los datos de contacto del\/de la responsable y del\/de la delegado\/a de protecci\u00f3n de datos.<\/li>\n<li>Los fines\u00a0del tratamiento.<\/li>\n<li>Una descripci\u00f3n de las categor\u00edas de personas interesadas y de las categor\u00edas de datos personales.<\/li>\n<li>Las categor\u00edas de los\/as destinatarios\/as de los datos.<\/li>\n<li>Las transferencias de datos personales, si las hay.<\/li>\n<li>Los plazos previstos para la supresi\u00f3n de las diferentes categor\u00edas de datos, cuando sea posible.<\/li>\n<li>Una descripci\u00f3n general de las medidas t\u00e9cnicas y organizativas de seguridad.<\/li>\n<\/ul>\n<p>Asimismo, seg\u00fan se regula en el art\u00edculo 31.2 de la Ley Org\u00e1nica 3\/2018, de 5 de diciembre, de Protecci\u00f3n de Datos Personales y garant\u00eda de los derechos digitales (LOPDGDD), todas las entidades incluidas en el art\u00edculo 77.1 de esta ley org\u00e1nica deber\u00e1n hacer p\u00fablico un inventario de sus tratamientos en el que constar\u00e1 la informaci\u00f3n establecida en el art\u00edculo 30 del RGPD y su base legal legitimadora para el tratamiento de los datos de car\u00e1cter personal.<\/p>\n<p>De conformidad con esta normativa, se lleva a cabo un registro de las actividades de tratamiento efectuadas por el Organismo Aut\u00f3nomo Municipal Mostra de Val\u00e8ncia i Iniciatives Audiovisuals:<\/p>\n<a itemprop=\"url\" href=\"https:\/\/lamostradevalencia.com\/wp-content\/uploads\/2024\/09\/RAT_lamostra_cas.pdf\" target=\"_self\"  class=\"edgtf-btn edgtf-btn-medium edgtf-btn-solid edgtf-btn- \"  >\n    <span class=\"edgtf-btn-text\">DESCARGAR DOCUMENTO AQU\u00cd<\/span>\n    <i class=\"edgtf-icon-font-awesome  \" ><\/i><\/a>\n<p>&nbsp;<\/p>\n<hr \/>\n<h2>Delegado de Protecci\u00f3n de Datos (DPD)<\/h2>\n<p>&nbsp;<\/p>\n<p>El art\u00edculo 37.1 del Reglamento UE 2016\/679 General de Protecci\u00f3n de Datos (RGPD), establece que las autoridades y organismos p\u00fablicos tienen la obligaci\u00f3n de designar a un\/a Delegado\/a de Protecci\u00f3n de Datos (DPD).<\/p>\n<p>El ORGANISMO AUT\u00d3NOMO MUNICIPAL MOSTRA DE VAL\u00c8NCIA I INICIATIVES AUDIOVISUALS ha designado a su DPD correctamente, tal y como se puede comprobar en: <a href=\"https:\/\/sedeagpd.gob.es\/sede-electronica-web\/vistas\/infoSede\/consultaDPD.jsf\">Consulta DPD<\/a><\/p>\n<ul>\n<li><u>Delegado de Protecci\u00f3n de Datos<\/u>: APDTIC PROFESIONALES, S.L.<\/li>\n<li><u>Contacto<\/u>: <a href=\"mailto:dpd@lamostradevalencia.com\">dpd@com<\/a><\/li>\n<\/ul>\n<p>Sus funciones vienen definidas en el art\u00edculo 39 del RGPD y consisten principalmente en informar y asesorar al ORGANISMO AUT\u00d3NOMO MUNICIPAL MOSTRA DE VAL\u00c8NCIA I INICIATIVES AUDIOVISUAL y a sus trabajadores sobre las obligaciones que les incumben en el tratamiento de datos de car\u00e1cter personal y la supervisi\u00f3n de su cumplimiento. Asimismo, debe cooperar con la Agencia Espa\u00f1ola de Protecci\u00f3n de Datos (AEPD) y actuar como punto de contacto entre esta y el ORGANISMO AUT\u00d3NOMO MUNICIPAL MOSTRA DE VAL\u00c8NCIA I INICIATIVES AUDIOVISUALS.<\/p>\n<p>A su vez, cualquier ciudadano\/a podr\u00e1 dirigirse al Delegado de Protecci\u00f3n de Datos si le surgen dudas sobre el tratamiento de sus datos por parte del ORGANISMO AUT\u00d3NOMO MUNICIPAL MOSTRA DE VAL\u00c8NCIA I INICIATIVES AUDIOVISUALS o no est\u00e1 conforme con el mismo. Para eso, puede contactar con el Delegado de Protecci\u00f3n de Datos del ORGANISMO AUT\u00d3NOMO MUNICIPAL MOSTRA DE VAL\u00c8NCIA I INICIATIVES AUDIOVISUALS dirigi\u00e9ndose por escrito a la direcci\u00f3n de correo <a href=\"mailto:dpd@lamostradevalencia.com\">dpd@lamostradevalencia.com<\/a><\/p>\n<p>M\u00e1s informaci\u00f3n: <a href=\"https:\/\/www.aepd.es\/es\/preguntas-frecuentes\/4-responsable-encargado-y-dpd\/1-delegado-de-proteccion-de-datos\">Agencia Espa\u00f1ola de Protecci\u00f3n de Datos<\/a> \u2013 <a href=\"https:\/\/www.aepd.es\/es\/preguntas-frecuentes\/4-responsable-encargado-y-dpd\/1-delegado-de-proteccion-de-datos\">Delegado<\/a> de Protecci\u00f3n de Datos<\/p>\n","protected":false},"excerpt":{"rendered":"<p>Informaci\u00f3n b\u00e1sica sobre protecci\u00f3n de datos RESPONSABLE Organismo Aut\u00f3nomo Municipal Mostra de Val\u00e8ncia i Iniciatives Audiovisuals NIF: Q4601457G CONTACTO Tel\u00e9fono: 962535478 \u2013 Ext. 77189 C\/ [&hellip;]<\/p>\n","protected":false},"author":1,"featured_media":0,"parent":0,"menu_order":99,"comment_status":"closed","ping_status":"closed","template":"","meta":{"_uag_custom_page_level_css":"","_jet_sm_ready_style":"","_jet_sm_style":"","_jet_sm_controls_values":"","_jet_sm_fonts_collection":"","_jet_sm_fonts_links":"","footnotes":""},"class_list":["post-2450","page","type-page","status-publish","hentry"],"yoast_head":"<!-- This site is optimized with the Yoast SEO plugin v27.4 - https:\/\/yoast.com\/product\/yoast-seo-wordpress\/ -->\n<title>Privacy Policy - Mostra de Val\u00e8ncia<\/title>\n<meta name=\"robots\" content=\"index, follow, max-snippet:-1, max-image-preview:large, max-video-preview:-1\" \/>\n<link rel=\"canonical\" href=\"https:\/\/lamostradevalencia.com\/en\/privacy-policy\/\" \/>\n<meta property=\"og:locale\" content=\"en_US\" \/>\n<meta property=\"og:type\" content=\"article\" \/>\n<meta property=\"og:title\" content=\"Privacy Policy - Mostra de Val\u00e8ncia\" \/>\n<meta property=\"og:description\" content=\"Informaci\u00f3n b\u00e1sica sobre protecci\u00f3n de datos RESPONSABLE Organismo Aut\u00f3nomo Municipal Mostra de Val\u00e8ncia i Iniciatives Audiovisuals NIF: Q4601457G CONTACTO Tel\u00e9fono: 962535478 \u2013 Ext. 77189 C\/ [&hellip;]\" \/>\n<meta property=\"og:url\" content=\"https:\/\/lamostradevalencia.com\/en\/privacy-policy\/\" \/>\n<meta property=\"og:site_name\" content=\"Mostra de Val\u00e8ncia\" \/>\n<meta property=\"article:modified_time\" content=\"2024-09-19T17:44:38+00:00\" \/>\n<meta name=\"twitter:card\" content=\"summary_large_image\" \/>\n<meta name=\"twitter:label1\" content=\"Est. reading time\" \/>\n\t<meta name=\"twitter:data1\" content=\"10 minutes\" \/>\n<script type=\"application\/ld+json\" class=\"yoast-schema-graph\">{\"@context\":\"https:\\\/\\\/schema.org\",\"@graph\":[{\"@type\":\"WebPage\",\"@id\":\"https:\\\/\\\/lamostradevalencia.com\\\/en\\\/privacy-policy\\\/\",\"url\":\"https:\\\/\\\/lamostradevalencia.com\\\/en\\\/privacy-policy\\\/\",\"name\":\"Privacy Policy - Mostra de Val\u00e8ncia\",\"isPartOf\":{\"@id\":\"https:\\\/\\\/lamostradevalencia.com\\\/en\\\/#website\"},\"datePublished\":\"2018-09-13T11:14:03+00:00\",\"dateModified\":\"2024-09-19T17:44:38+00:00\",\"breadcrumb\":{\"@id\":\"https:\\\/\\\/lamostradevalencia.com\\\/en\\\/privacy-policy\\\/#breadcrumb\"},\"inLanguage\":\"en-US\",\"potentialAction\":[{\"@type\":\"ReadAction\",\"target\":[\"https:\\\/\\\/lamostradevalencia.com\\\/en\\\/privacy-policy\\\/\"]}]},{\"@type\":\"BreadcrumbList\",\"@id\":\"https:\\\/\\\/lamostradevalencia.com\\\/en\\\/privacy-policy\\\/#breadcrumb\",\"itemListElement\":[{\"@type\":\"ListItem\",\"position\":1,\"name\":\"Portada\",\"item\":\"https:\\\/\\\/lamostradevalencia.com\\\/en\\\/\"},{\"@type\":\"ListItem\",\"position\":2,\"name\":\"Privacy Policy\"}]},{\"@type\":\"WebSite\",\"@id\":\"https:\\\/\\\/lamostradevalencia.com\\\/en\\\/#website\",\"url\":\"https:\\\/\\\/lamostradevalencia.com\\\/en\\\/\",\"name\":\"Mostra de Val\u00e8ncia\",\"description\":\"Cinema del Mediterrani\",\"potentialAction\":[{\"@type\":\"SearchAction\",\"target\":{\"@type\":\"EntryPoint\",\"urlTemplate\":\"https:\\\/\\\/lamostradevalencia.com\\\/en\\\/?s={search_term_string}\"},\"query-input\":{\"@type\":\"PropertyValueSpecification\",\"valueRequired\":true,\"valueName\":\"search_term_string\"}}],\"inLanguage\":\"en-US\"}]}<\/script>\n<!-- \/ Yoast SEO plugin. -->","yoast_head_json":{"title":"Privacy Policy - Mostra de Val\u00e8ncia","robots":{"index":"index","follow":"follow","max-snippet":"max-snippet:-1","max-image-preview":"max-image-preview:large","max-video-preview":"max-video-preview:-1"},"canonical":"https:\/\/lamostradevalencia.com\/en\/privacy-policy\/","og_locale":"en_US","og_type":"article","og_title":"Privacy Policy - Mostra de Val\u00e8ncia","og_description":"Informaci\u00f3n b\u00e1sica sobre protecci\u00f3n de datos RESPONSABLE Organismo Aut\u00f3nomo Municipal Mostra de Val\u00e8ncia i Iniciatives Audiovisuals NIF: Q4601457G CONTACTO Tel\u00e9fono: 962535478 \u2013 Ext. 77189 C\/ [&hellip;]","og_url":"https:\/\/lamostradevalencia.com\/en\/privacy-policy\/","og_site_name":"Mostra de Val\u00e8ncia","article_modified_time":"2024-09-19T17:44:38+00:00","twitter_card":"summary_large_image","twitter_misc":{"Est. reading time":"10 minutes"},"schema":{"@context":"https:\/\/schema.org","@graph":[{"@type":"WebPage","@id":"https:\/\/lamostradevalencia.com\/en\/privacy-policy\/","url":"https:\/\/lamostradevalencia.com\/en\/privacy-policy\/","name":"Privacy Policy - Mostra de Val\u00e8ncia","isPartOf":{"@id":"https:\/\/lamostradevalencia.com\/en\/#website"},"datePublished":"2018-09-13T11:14:03+00:00","dateModified":"2024-09-19T17:44:38+00:00","breadcrumb":{"@id":"https:\/\/lamostradevalencia.com\/en\/privacy-policy\/#breadcrumb"},"inLanguage":"en-US","potentialAction":[{"@type":"ReadAction","target":["https:\/\/lamostradevalencia.com\/en\/privacy-policy\/"]}]},{"@type":"BreadcrumbList","@id":"https:\/\/lamostradevalencia.com\/en\/privacy-policy\/#breadcrumb","itemListElement":[{"@type":"ListItem","position":1,"name":"Portada","item":"https:\/\/lamostradevalencia.com\/en\/"},{"@type":"ListItem","position":2,"name":"Privacy Policy"}]},{"@type":"WebSite","@id":"https:\/\/lamostradevalencia.com\/en\/#website","url":"https:\/\/lamostradevalencia.com\/en\/","name":"Mostra de Val\u00e8ncia","description":"Cinema del Mediterrani","potentialAction":[{"@type":"SearchAction","target":{"@type":"EntryPoint","urlTemplate":"https:\/\/lamostradevalencia.com\/en\/?s={search_term_string}"},"query-input":{"@type":"PropertyValueSpecification","valueRequired":true,"valueName":"search_term_string"}}],"inLanguage":"en-US"}]}},"uagb_featured_image_src":{"full":false,"thumbnail":false,"medium":false,"medium_large":false,"large":false,"1536x1536":false,"2048x2048":false,"cinerama_edge_image_square":false,"cinerama_edge_image_landscape":false,"cinerama_edge_image_portrait":false,"cinerama_edge_image_huge":false,"gform-image-choice-sm":false,"gform-image-choice-md":false,"gform-image-choice-lg":false},"uagb_author_info":{"display_name":"Mostra de Val\u00e8ncia","author_link":"https:\/\/lamostradevalencia.com\/en\/author\/mostravalencia\/"},"uagb_comment_info":0,"uagb_excerpt":"Informaci\u00f3n b\u00e1sica sobre protecci\u00f3n de datos RESPONSABLE Organismo Aut\u00f3nomo Municipal Mostra de Val\u00e8ncia i Iniciatives Audiovisuals NIF: Q4601457G CONTACTO Tel\u00e9fono: 962535478 \u2013 Ext. 77189 C\/ [&hellip;]","_links":{"self":[{"href":"https:\/\/lamostradevalencia.com\/en\/wp-json\/wp\/v2\/pages\/2450","targetHints":{"allow":["GET"]}}],"collection":[{"href":"https:\/\/lamostradevalencia.com\/en\/wp-json\/wp\/v2\/pages"}],"about":[{"href":"https:\/\/lamostradevalencia.com\/en\/wp-json\/wp\/v2\/types\/page"}],"author":[{"embeddable":true,"href":"https:\/\/lamostradevalencia.com\/en\/wp-json\/wp\/v2\/users\/1"}],"replies":[{"embeddable":true,"href":"https:\/\/lamostradevalencia.com\/en\/wp-json\/wp\/v2\/comments?post=2450"}],"version-history":[{"count":5,"href":"https:\/\/lamostradevalencia.com\/en\/wp-json\/wp\/v2\/pages\/2450\/revisions"}],"predecessor-version":[{"id":24931,"href":"https:\/\/lamostradevalencia.com\/en\/wp-json\/wp\/v2\/pages\/2450\/revisions\/24931"}],"wp:attachment":[{"href":"https:\/\/lamostradevalencia.com\/en\/wp-json\/wp\/v2\/media?parent=2450"}],"curies":[{"name":"wp","href":"https:\/\/api.w.org\/{rel}","templated":true}]}}