{"id":23112,"date":"2024-08-07T16:51:47","date_gmt":"2024-08-07T14:51:47","guid":{"rendered":"https:\/\/lamostradevalencia.com\/?page_id=23112"},"modified":"2024-09-19T20:23:22","modified_gmt":"2024-09-19T18:23:22","slug":"international-jury-2024","status":"publish","type":"page","link":"https:\/\/lamostradevalencia.com\/en\/2024-edition\/international-jury-2024\/","title":{"rendered":"International Jury"},"content":{"rendered":"<div class=\"wpb-content-wrapper\"><p>[vc_row disable_element=&#8221;yes&#8221;][vc_column][vc_empty_space][vc_custom_heading text=&#8221;COMING SOON&#8221; font_container=&#8221;tag:h2|text_align:center&#8221; use_theme_fonts=&#8221;yes&#8221;][vc_empty_space height=&#8221;100px&#8221;][\/vc_column][\/vc_row][vc_row equal_height=&#8221;yes&#8221; content_placement=&#8221;middle&#8221; css=&#8221;.vc_custom_1602687382061{margin-top: 30px !important;}&#8221;][vc_column width=&#8221;1\/3&#8243;][vc_single_image image=&#8221;24945&#8243; img_size=&#8221;full&#8221; css=&#8221;&#8221;][\/vc_column][vc_column width=&#8221;2\/3&#8243; css=&#8221;.vc_custom_1538664381630{padding-top: 50px !important;padding-right: 40px !important;padding-bottom: 70px !important;padding-left: 40px !important;}&#8221;][vc_custom_heading text=&#8221;MARIE BALDUCCHI (France)&#8221; use_theme_fonts=&#8221;yes&#8221; css=&#8221;&#8221;][vc_custom_heading text=&#8221;<strong>President of the Jury<\/strong>&#8221; font_container=&#8221;tag:div|font_size:20px|text_align:left|line_height:30px&#8221; use_theme_fonts=&#8221;yes&#8221; css=&#8221;&#8221;][vc_column_text css=&#8221;&#8221;]Marie Balducchi is a French producer at AGAT Films\/Ex Nihilo, a unique collective of independent producers in Paris. The company reconciles an individual practice in developing, producing and promoting creative Authors\u2019 work and a collective practice based on financial, editorial and human solidarity between the associates.<\/p>\n<p>Marie Balducchi produces films for both cinema and television and participates in film support commissions like Europe Creative Media and Cin\u00e9mas du Monde. She is a member of L\u2019 Acad\u00e9mie des C\u00e9sars and of the board of L\u2019usage du monde au 21 si\u00e8cle, partner in the CNC Cam\u00e9ra Libre Residency Program for foreign filmmakers in difficult situation in their country. She is currently producing the third long feature film of Lesotho director Lemohang Jeremiah Mosese, <em>Ancestral Visions of the Future<\/em>.[\/vc_column_text][\/vc_column][\/vc_row][vc_row equal_height=&#8221;yes&#8221; content_placement=&#8221;middle&#8221; css=&#8221;.vc_custom_1602687382061{margin-top: 30px !important;}&#8221;][vc_column width=&#8221;1\/3&#8243;][vc_single_image image=&#8221;24950&#8243; img_size=&#8221;full&#8221; css=&#8221;&#8221;][\/vc_column][vc_column width=&#8221;2\/3&#8243; css=&#8221;.vc_custom_1538664381630{padding-top: 50px !important;padding-right: 40px !important;padding-bottom: 70px !important;padding-left: 40px !important;}&#8221;][vc_custom_heading text=&#8221;BASSAM ALASAD (Jordan)&#8221; use_theme_fonts=&#8221;yes&#8221; css=&#8221;&#8221;][vc_column_text css=&#8221;&#8221;]Bassam Alasad is a producer, green production consultant and member of the Documentary Association of Europe. Currently, Alasad is the Managing Director of Creative Media Solutions, a Dubai-based media company. He has produced and co-produced projects in the past 17 years all around the region. His latest project was the Saudi film <em>Champions &#8211; 2021<\/em> as an executive producer, and he is currently producing the upcoming two feature films <em>Montr\u00e9al<\/em> and <em>Finding Oum Al Ghaith<\/em>, while working on other projects in development.<\/p>\n<p>In 2014, Bassam started his green production journey and later co-founded Greener Screen, a consultancy that supports the film industry in the region in becoming carbon-neutral; since 2023, Bassam Joined &#8220;Global Climate Storytellers Network \u2013 GCSN&#8221;, as a steering committee member. Bassam Alasad heads the Amman Film Industry Days at Amman International Film Festival &#8211; Awal Film since 2021.[\/vc_column_text][\/vc_column][\/vc_row][vc_row equal_height=&#8221;yes&#8221; content_placement=&#8221;middle&#8221; css=&#8221;.vc_custom_1602687382061{margin-top: 30px !important;}&#8221;][vc_column width=&#8221;1\/3&#8243;][vc_single_image image=&#8221;24955&#8243; img_size=&#8221;full&#8221; css=&#8221;&#8221;][\/vc_column][vc_column width=&#8221;2\/3&#8243; css=&#8221;.vc_custom_1538664381630{padding-top: 50px !important;padding-right: 40px !important;padding-bottom: 70px !important;padding-left: 40px !important;}&#8221;][vc_custom_heading text=&#8221;AVELINA PRAT (Spain)&#8221; use_theme_fonts=&#8221;yes&#8221; css=&#8221;&#8221;][vc_column_text css=&#8221;&#8221;]Writer and director based in Spain.<\/p>\n<p>Graduate in Architecture. She worked as an architect for a few years before starting in cinema. She has worked as a script supervisor with directors such us Fernando Trueba, Cesc Gay, Mart\u00edn Cuenca, Javier Rebollo or Lucile Hadzihalilovic. She was also a programmer for Cinema Jove.<\/p>\n<p>She has written and directed short films and documentaries. Her last short film, <em>3\/105<\/em>, was selected at Venice International Film Festival.<\/p>\n<p>Her first feature film, <em>Vasil<\/em> (2022), produced by Distinto Films (Spain) and Activist 38 (Bulgaria), premiered in Warsaw International Film Festival and was awarded best actor in SEMINCI, Valladolid Internatioal Film Festival.<\/p>\n<p>She is now finishing her second feature film, <em>The Portuguese House<\/em>, produced by Distinto Films, Jaibo Films and O Som e a F\u00faria (Portugal).[\/vc_column_text][\/vc_column][\/vc_row][vc_row equal_height=&#8221;yes&#8221; content_placement=&#8221;middle&#8221; css=&#8221;.vc_custom_1726769520723{margin-top: 30px !important;}&#8221;][vc_column width=&#8221;1\/3&#8243;][vc_single_image image=&#8221;24960&#8243; img_size=&#8221;full&#8221; css=&#8221;&#8221;][\/vc_column][vc_column width=&#8221;2\/3&#8243; css=&#8221;.vc_custom_1538664381630{padding-top: 50px !important;padding-right: 40px !important;padding-bottom: 70px !important;padding-left: 40px !important;}&#8221;][vc_custom_heading text=&#8221;JO\u00c3O ANTUNES (Portugal)&#8221; use_theme_fonts=&#8221;yes&#8221; css=&#8221;&#8221;][vc_column_text css=&#8221;&#8221;]Graduated in Economics from the Instituto Superior de Econom\u00eda de Lisboa, Jo\u00e3o Antunes has been a Senior Technician at the Portuguese Cinematheque since 1983. In addition, he is a member of FIPRESCI (International Federation of Film Critics) and the European Film Academy. He has served as producer and artistic director in several short films by filmmaker Latifa Sa\u00efd and as curator in various retrospectives on Portuguese cinema at the Libertas Film Festival (Dubrovnik, Croatia) or at the Jeonju Festival (South Korea).<\/p>\n<p>In his role as a journalist, he has collaborated in different international publications and has been director of Cine-ISE and Cinemat\u00f3grafo. He has written several books, including <em>Melhores Filmes, Melhores Cineastas<\/em> (Edi\u00e7\u00f5es Cinematograf\u00eda) and <em>Cinema Portugu\u00eas 1896-1998<\/em> (Edi\u00e7\u00f5es RBA Lusomundo). He has been a professor of Film History and a member of the jury at the Cannes, Guadalajara, Istanbul and Mumbai festivals, among others.[\/vc_column_text][\/vc_column][\/vc_row][vc_row equal_height=&#8221;yes&#8221; content_placement=&#8221;middle&#8221; css=&#8221;.vc_custom_1602687382061{margin-top: 30px !important;}&#8221;][vc_column width=&#8221;1\/3&#8243;][vc_single_image image=&#8221;24965&#8243; img_size=&#8221;full&#8221; css=&#8221;&#8221;][\/vc_column][vc_column width=&#8221;2\/3&#8243; css=&#8221;.vc_custom_1538664381630{padding-top: 50px !important;padding-right: 40px !important;padding-bottom: 70px !important;padding-left: 40px !important;}&#8221;][vc_custom_heading text=&#8221;AMAL RAMSIS (Egypt)&#8221; use_theme_fonts=&#8221;yes&#8221; css=&#8221;&#8221;][vc_column_text css=&#8221;&#8221;]Born in Cairo, Amal Ramsis has a Law Degree from Ain Shams University. In 1992 she collaborated in the founding of the \u201cMa\u2019an\u201d Women\u2019s Studies Center in Egypt. In 2002 he received a scholarship from the Spanish Ministry of Foreign Affairs to study Film Direction at the S\u00e9ptima Ars Film School (Madrid).<\/p>\n<p>In 2008, she founded Cairo International Women&#8217;s Film Festival, the first annual film festival for women filmmakers in the Arab World. In 2009 he was the holder of the Chair of Arts and Cultures of the Euro-Arab Foundation in Granada. She is also the founder of La Caravana de Entre Cineastas.<\/p>\n<p>His documentaries <em>Solo Sue\u00f1os<\/em> (2005), <em>Forbidden<\/em> (2011), <em>The Trace of the Butterfly<\/em> (2015) and <em>You Come from Far Away<\/em> (2018) have been awarded and screened at several international festivals.[\/vc_column_text][\/vc_column][\/vc_row]<\/p>\n<\/div>","protected":false},"excerpt":{"rendered":"<p>[vc_row disable_element=&#8221;yes&#8221;][vc_column][vc_empty_space][vc_custom_heading text=&#8221;COMING SOON&#8221; font_container=&#8221;tag:h2|text_align:center&#8221; use_theme_fonts=&#8221;yes&#8221;][vc_empty_space height=&#8221;100px&#8221;][\/vc_column][\/vc_row][vc_row equal_height=&#8221;yes&#8221; content_placement=&#8221;middle&#8221; css=&#8221;.vc_custom_1602687382061{margin-top: 30px !important;}&#8221;][vc_column width=&#8221;1\/3&#8243;][vc_single_image image=&#8221;24945&#8243; img_size=&#8221;full&#8221; css=&#8221;&#8221;][\/vc_column][vc_column width=&#8221;2\/3&#8243; css=&#8221;.vc_custom_1538664381630{padding-top: 50px !important;padding-right: 40px !important;padding-bottom: 70px !important;padding-left: 40px [&hellip;]<\/p>\n","protected":false},"author":1,"featured_media":0,"parent":23062,"menu_order":2,"comment_status":"closed","ping_status":"closed","template":"full-width.php","meta":{"_uag_custom_page_level_css":"","_jet_sm_ready_style":"","_jet_sm_style":"","_jet_sm_controls_values":"","_jet_sm_fonts_collection":"","_jet_sm_fonts_links":"","footnotes":""},"class_list":["post-23112","page","type-page","status-publish","hentry"],"yoast_head":"<!-- This site is optimized with the Yoast SEO plugin v27.5 - https:\/\/yoast.com\/product\/yoast-seo-wordpress\/ -->\n<title>International Jury - Mostra de Val\u00e8ncia<\/title>\n<meta name=\"description\" content=\"Los cinco miembros del Jurado Internacional de Mostra 2021\" \/>\n<meta name=\"robots\" content=\"index, follow, max-snippet:-1, max-image-preview:large, max-video-preview:-1\" \/>\n<link rel=\"canonical\" href=\"https:\/\/lamostradevalencia.com\/en\/2024-edition\/international-jury-2024\/\" \/>\n<meta property=\"og:locale\" content=\"en_US\" \/>\n<meta property=\"og:type\" content=\"article\" \/>\n<meta property=\"og:title\" content=\"International Jury - Mostra de Val\u00e8ncia\" \/>\n<meta property=\"og:description\" content=\"Los cinco miembros del Jurado Internacional de Mostra 2021\" \/>\n<meta property=\"og:url\" content=\"https:\/\/lamostradevalencia.com\/en\/2024-edition\/international-jury-2024\/\" \/>\n<meta property=\"og:site_name\" content=\"Mostra de Val\u00e8ncia\" \/>\n<meta property=\"article:modified_time\" content=\"2024-09-19T18:23:22+00:00\" \/>\n<meta name=\"twitter:card\" content=\"summary_large_image\" \/>\n<meta name=\"twitter:label1\" content=\"Est. reading time\" \/>\n\t<meta name=\"twitter:data1\" content=\"6 minutes\" \/>\n<script type=\"application\/ld+json\" class=\"yoast-schema-graph\">{\"@context\":\"https:\\\/\\\/schema.org\",\"@graph\":[{\"@type\":\"WebPage\",\"@id\":\"https:\\\/\\\/lamostradevalencia.com\\\/en\\\/2024-edition\\\/international-jury-2024\\\/\",\"url\":\"https:\\\/\\\/lamostradevalencia.com\\\/en\\\/2024-edition\\\/international-jury-2024\\\/\",\"name\":\"International Jury - Mostra de Val\u00e8ncia\",\"isPartOf\":{\"@id\":\"https:\\\/\\\/lamostradevalencia.com\\\/en\\\/#website\"},\"datePublished\":\"2024-08-07T14:51:47+00:00\",\"dateModified\":\"2024-09-19T18:23:22+00:00\",\"description\":\"Los cinco miembros del Jurado Internacional de Mostra 2021\",\"breadcrumb\":{\"@id\":\"https:\\\/\\\/lamostradevalencia.com\\\/en\\\/2024-edition\\\/international-jury-2024\\\/#breadcrumb\"},\"inLanguage\":\"en-US\",\"potentialAction\":[{\"@type\":\"ReadAction\",\"target\":[\"https:\\\/\\\/lamostradevalencia.com\\\/en\\\/2024-edition\\\/international-jury-2024\\\/\"]}]},{\"@type\":\"BreadcrumbList\",\"@id\":\"https:\\\/\\\/lamostradevalencia.com\\\/en\\\/2024-edition\\\/international-jury-2024\\\/#breadcrumb\",\"itemListElement\":[{\"@type\":\"ListItem\",\"position\":1,\"name\":\"Portada\",\"item\":\"https:\\\/\\\/lamostradevalencia.com\\\/en\\\/\"},{\"@type\":\"ListItem\",\"position\":2,\"name\":\"2024 Edition\",\"item\":\"https:\\\/\\\/lamostradevalencia.com\\\/en\\\/2024-edition\\\/\"},{\"@type\":\"ListItem\",\"position\":3,\"name\":\"International Jury\"}]},{\"@type\":\"WebSite\",\"@id\":\"https:\\\/\\\/lamostradevalencia.com\\\/en\\\/#website\",\"url\":\"https:\\\/\\\/lamostradevalencia.com\\\/en\\\/\",\"name\":\"Mostra de Val\u00e8ncia\",\"description\":\"Cinema del Mediterrani\",\"potentialAction\":[{\"@type\":\"SearchAction\",\"target\":{\"@type\":\"EntryPoint\",\"urlTemplate\":\"https:\\\/\\\/lamostradevalencia.com\\\/en\\\/?s={search_term_string}\"},\"query-input\":{\"@type\":\"PropertyValueSpecification\",\"valueRequired\":true,\"valueName\":\"search_term_string\"}}],\"inLanguage\":\"en-US\"}]}<\/script>\n<!-- \/ Yoast SEO plugin. -->","yoast_head_json":{"title":"International Jury - Mostra de Val\u00e8ncia","description":"Los cinco miembros del Jurado Internacional de Mostra 2021","robots":{"index":"index","follow":"follow","max-snippet":"max-snippet:-1","max-image-preview":"max-image-preview:large","max-video-preview":"max-video-preview:-1"},"canonical":"https:\/\/lamostradevalencia.com\/en\/2024-edition\/international-jury-2024\/","og_locale":"en_US","og_type":"article","og_title":"International Jury - Mostra de Val\u00e8ncia","og_description":"Los cinco miembros del Jurado Internacional de Mostra 2021","og_url":"https:\/\/lamostradevalencia.com\/en\/2024-edition\/international-jury-2024\/","og_site_name":"Mostra de Val\u00e8ncia","article_modified_time":"2024-09-19T18:23:22+00:00","twitter_card":"summary_large_image","twitter_misc":{"Est. reading time":"6 minutes"},"schema":{"@context":"https:\/\/schema.org","@graph":[{"@type":"WebPage","@id":"https:\/\/lamostradevalencia.com\/en\/2024-edition\/international-jury-2024\/","url":"https:\/\/lamostradevalencia.com\/en\/2024-edition\/international-jury-2024\/","name":"International Jury - Mostra de Val\u00e8ncia","isPartOf":{"@id":"https:\/\/lamostradevalencia.com\/en\/#website"},"datePublished":"2024-08-07T14:51:47+00:00","dateModified":"2024-09-19T18:23:22+00:00","description":"Los cinco miembros del Jurado Internacional de Mostra 2021","breadcrumb":{"@id":"https:\/\/lamostradevalencia.com\/en\/2024-edition\/international-jury-2024\/#breadcrumb"},"inLanguage":"en-US","potentialAction":[{"@type":"ReadAction","target":["https:\/\/lamostradevalencia.com\/en\/2024-edition\/international-jury-2024\/"]}]},{"@type":"BreadcrumbList","@id":"https:\/\/lamostradevalencia.com\/en\/2024-edition\/international-jury-2024\/#breadcrumb","itemListElement":[{"@type":"ListItem","position":1,"name":"Portada","item":"https:\/\/lamostradevalencia.com\/en\/"},{"@type":"ListItem","position":2,"name":"2024 Edition","item":"https:\/\/lamostradevalencia.com\/en\/2024-edition\/"},{"@type":"ListItem","position":3,"name":"International Jury"}]},{"@type":"WebSite","@id":"https:\/\/lamostradevalencia.com\/en\/#website","url":"https:\/\/lamostradevalencia.com\/en\/","name":"Mostra de Val\u00e8ncia","description":"Cinema del Mediterrani","potentialAction":[{"@type":"SearchAction","target":{"@type":"EntryPoint","urlTemplate":"https:\/\/lamostradevalencia.com\/en\/?s={search_term_string}"},"query-input":{"@type":"PropertyValueSpecification","valueRequired":true,"valueName":"search_term_string"}}],"inLanguage":"en-US"}]}},"uagb_featured_image_src":{"full":false,"thumbnail":false,"medium":false,"medium_large":false,"large":false,"1536x1536":false,"2048x2048":false,"cinerama_edge_image_square":false,"cinerama_edge_image_landscape":false,"cinerama_edge_image_portrait":false,"cinerama_edge_image_huge":false,"gform-image-choice-sm":false,"gform-image-choice-md":false,"gform-image-choice-lg":false},"uagb_author_info":{"display_name":"Mostra de Val\u00e8ncia","author_link":"https:\/\/lamostradevalencia.com\/en\/author\/mostravalencia\/"},"uagb_comment_info":0,"uagb_excerpt":"[vc_row disable_element=&#8221;yes&#8221;][vc_column][vc_empty_space][vc_custom_heading text=&#8221;COMING SOON&#8221; font_container=&#8221;tag:h2|text_align:center&#8221; use_theme_fonts=&#8221;yes&#8221;][vc_empty_space height=&#8221;100px&#8221;][\/vc_column][\/vc_row][vc_row equal_height=&#8221;yes&#8221; content_placement=&#8221;middle&#8221; css=&#8221;.vc_custom_1602687382061{margin-top: 30px !important;}&#8221;][vc_column width=&#8221;1\/3&#8243;][vc_single_image image=&#8221;24945&#8243; img_size=&#8221;full&#8221; css=&#8221;&#8221;][\/vc_column][vc_column width=&#8221;2\/3&#8243; css=&#8221;.vc_custom_1538664381630{padding-top: 50px !important;padding-right: 40px !important;padding-bottom: 70px !important;padding-left: 40px [&hellip;]","_links":{"self":[{"href":"https:\/\/lamostradevalencia.com\/en\/wp-json\/wp\/v2\/pages\/23112","targetHints":{"allow":["GET"]}}],"collection":[{"href":"https:\/\/lamostradevalencia.com\/en\/wp-json\/wp\/v2\/pages"}],"about":[{"href":"https:\/\/lamostradevalencia.com\/en\/wp-json\/wp\/v2\/types\/page"}],"author":[{"embeddable":true,"href":"https:\/\/lamostradevalencia.com\/en\/wp-json\/wp\/v2\/users\/1"}],"replies":[{"embeddable":true,"href":"https:\/\/lamostradevalencia.com\/en\/wp-json\/wp\/v2\/comments?post=23112"}],"version-history":[{"count":6,"href":"https:\/\/lamostradevalencia.com\/en\/wp-json\/wp\/v2\/pages\/23112\/revisions"}],"predecessor-version":[{"id":24973,"href":"https:\/\/lamostradevalencia.com\/en\/wp-json\/wp\/v2\/pages\/23112\/revisions\/24973"}],"up":[{"embeddable":true,"href":"https:\/\/lamostradevalencia.com\/en\/wp-json\/wp\/v2\/pages\/23062"}],"wp:attachment":[{"href":"https:\/\/lamostradevalencia.com\/en\/wp-json\/wp\/v2\/media?parent=23112"}],"curies":[{"name":"wp","href":"https:\/\/api.w.org\/{rel}","templated":true}]}}