{"id":7383,"date":"2020-09-15T17:27:00","date_gmt":"2020-09-15T15:27:00","guid":{"rendered":"https:\/\/lamostradevalencia.com\/?page_id=7383"},"modified":"2020-10-17T09:25:57","modified_gmt":"2020-10-17T07:25:57","slug":"palmera-dhonor","status":"publish","type":"page","link":"https:\/\/lamostradevalencia.com\/ca\/edicio-2020\/palmera-dhonor\/","title":{"rendered":"Palmera d&#8217;Honor: Maria de Medeiros"},"content":{"rendered":"<div class=\"wpb-content-wrapper\"><p>[vc_row full_width=&#8221;stretch_row&#8221; css=&#8221;.vc_custom_1602919487462{padding-top: 90px !important;padding-right: 40px !important;padding-left: 40px !important;}&#8221;][vc_column]<div class=\"edgtf-portfolio-list-holder edgtf-pl-masonry  edgtf-large-space edgtf-pl-three-columns edgtf-pl-standard-shader    edgtf-pl-pag-no-pagination     \"  data-type=masonry data-space-between-items=large data-number-of-items=-1 data-image-proportions=full data-enable-fixed-proportions=no data-enable-image-shadow=no data-category=palmera-dhonor-2020 data-orderby=date data-order=ASC data-item-style=standard-shader data-enable-title=yes data-title-tag=h4 data-enable-category=yes data-enable-count-images=yes data-enable-excerpt=no data-excerpt-length=20 data-pagination-type=no-pagination data-filter=no data-filter-order-by=name data-enable-article-animation=no data-portfolio-slider-on=no data-enable-loop=yes data-enable-autoplay=yes data-slider-speed=5000 data-slider-speed-animation=600 data-enable-navigation=yes data-enable-pagination=yes data-max-num-pages=0 data-next-page=2>\n\t\t<div class=\"edgtf-pl-inner edgtf-outer-space clearfix\">\n\t\t<div class=\"edgtf-pl-grid-sizer\"><\/div>\n\t\t<div class=\"edgtf-pl-grid-gutter\"><\/div>\n\t\t<article class=\"edgtf-pl-item edgtf-item-space edgtf-masonry-size-default post-8371 portfolio-item type-portfolio-item status-publish has-post-thumbnail hentry portfolio-category-festival-2020 portfolio-category-palmera-dhonor-2020 portfolio-tag-maria-de-medeiros-ca portfolio-tag-mostra-de-valencia-ca-2 portfolio-tag-ordem-moral-ca portfolio-tag-palmeradehonor-ca\">\n\t<div class=\"edgtf-pl-item-inner\">\n\t\t<div class=\"edgtf-pli-image\">\n\t<img loading=\"lazy\" decoding=\"async\" width=\"2480\" height=\"1235\" src=\"https:\/\/lamostradevalencia.com\/wp-content\/uploads\/2020\/09\/Ordem-Moral.jpg\" class=\"attachment-full size-full wp-post-image\" alt=\"\" srcset=\"https:\/\/lamostradevalencia.com\/wp-content\/uploads\/2020\/09\/Ordem-Moral.jpg 2480w, https:\/\/lamostradevalencia.com\/wp-content\/uploads\/2020\/09\/Ordem-Moral-300x149.jpg 300w, https:\/\/lamostradevalencia.com\/wp-content\/uploads\/2020\/09\/Ordem-Moral-1024x510.jpg 1024w, https:\/\/lamostradevalencia.com\/wp-content\/uploads\/2020\/09\/Ordem-Moral-768x382.jpg 768w, https:\/\/lamostradevalencia.com\/wp-content\/uploads\/2020\/09\/Ordem-Moral-1536x765.jpg 1536w\" sizes=\"auto, (max-width: 2480px) 100vw, 2480px\" \/><\/div>\n<div class=\"edgtf-pli-text-holder\" >\n\t<div class=\"edgtf-pli-text-wrapper\">\n\t\t<div class=\"edgtf-pli-text\">\n\t\t\t\t<h4 itemprop=\"name\" class=\"edgtf-pli-title entry-title\" >\n\t\tORDEM MORAL\t<\/h4>\n\n\t\t\t\t\t<div class=\"edgtf-pli-category-holder\">\n\t\t\t\t\t\t\t<a itemprop=\"url\" class=\"edgtf-pli-category\" href=\"https:\/\/lamostradevalencia.com\/ca\/categoria-portfolio-1\/festival-2020\/\">Festival 2020<\/a>\n\t\t\t\t\t\t\t<a itemprop=\"url\" class=\"edgtf-pli-category\" href=\"https:\/\/lamostradevalencia.com\/ca\/categoria-portfolio-1\/palmera-dhonor-2020\/\">Palmera d&#039;Honor 2020<\/a>\n\t\t\t\t\t<\/div>\n\t\n\t\t\t\n\t\t\t\t\t<\/div>\n\t<\/div>\n<\/div>\n\t\t<a itemprop=\"url\" class=\"edgtf-pli-link edgtf-block-drag-link\" href=\"https:\/\/lamostradevalencia.com\/ca\/peliculas\/ordem-moral\/\" target=\"_self\"><\/a>\n\t<\/div>\n<\/article><article class=\"edgtf-pl-item edgtf-item-space edgtf-masonry-size-default post-8382 portfolio-item type-portfolio-item status-publish has-post-thumbnail hentry portfolio-category-festival-2020 portfolio-category-palmera-dhonor-2020 portfolio-tag-aos-nossos-filhos-ca portfolio-tag-maria-de-medeiros-ca portfolio-tag-mostra-de-valencia-ca-2 portfolio-tag-palmeradehonor-ca\">\n\t<div class=\"edgtf-pl-item-inner\">\n\t\t<div class=\"edgtf-pli-image\">\n\t<img loading=\"lazy\" decoding=\"async\" width=\"1683\" height=\"1122\" src=\"https:\/\/lamostradevalencia.com\/wp-content\/uploads\/2020\/09\/Aos-Nossos-Filhos.jpg\" class=\"attachment-full size-full wp-post-image\" alt=\"\" srcset=\"https:\/\/lamostradevalencia.com\/wp-content\/uploads\/2020\/09\/Aos-Nossos-Filhos.jpg 1683w, https:\/\/lamostradevalencia.com\/wp-content\/uploads\/2020\/09\/Aos-Nossos-Filhos-300x200.jpg 300w, https:\/\/lamostradevalencia.com\/wp-content\/uploads\/2020\/09\/Aos-Nossos-Filhos-1024x683.jpg 1024w, https:\/\/lamostradevalencia.com\/wp-content\/uploads\/2020\/09\/Aos-Nossos-Filhos-768x512.jpg 768w, https:\/\/lamostradevalencia.com\/wp-content\/uploads\/2020\/09\/Aos-Nossos-Filhos-1536x1024.jpg 1536w\" sizes=\"auto, (max-width: 1683px) 100vw, 1683px\" \/><\/div>\n<div class=\"edgtf-pli-text-holder\" >\n\t<div class=\"edgtf-pli-text-wrapper\">\n\t\t<div class=\"edgtf-pli-text\">\n\t\t\t\t<h4 itemprop=\"name\" class=\"edgtf-pli-title entry-title\" >\n\t\tAOS NOSSOS FILHOS\t<\/h4>\n\n\t\t\t\t\t<div class=\"edgtf-pli-category-holder\">\n\t\t\t\t\t\t\t<a itemprop=\"url\" class=\"edgtf-pli-category\" href=\"https:\/\/lamostradevalencia.com\/ca\/categoria-portfolio-1\/festival-2020\/\">Festival 2020<\/a>\n\t\t\t\t\t\t\t<a itemprop=\"url\" class=\"edgtf-pli-category\" href=\"https:\/\/lamostradevalencia.com\/ca\/categoria-portfolio-1\/palmera-dhonor-2020\/\">Palmera d&#039;Honor 2020<\/a>\n\t\t\t\t\t<\/div>\n\t\n\t\t\t\n\t\t\t\t\t<\/div>\n\t<\/div>\n<\/div>\n\t\t<a itemprop=\"url\" class=\"edgtf-pli-link edgtf-block-drag-link\" href=\"https:\/\/lamostradevalencia.com\/ca\/peliculas\/aos-nossos-filhos\/\" target=\"_self\"><\/a>\n\t<\/div>\n<\/article><article class=\"edgtf-pl-item edgtf-item-space edgtf-masonry-size-default post-8393 portfolio-item type-portfolio-item status-publish has-post-thumbnail hentry portfolio-category-festival-2020 portfolio-category-palmera-dhonor-2020 portfolio-tag-dos-fridas-ca portfolio-tag-maria-de-medeiros-ca portfolio-tag-mostra-de-valencia-ca-2 portfolio-tag-palmeradehonor-ca\">\n\t<div class=\"edgtf-pl-item-inner\">\n\t\t<div class=\"edgtf-pli-image\">\n\t<img loading=\"lazy\" decoding=\"async\" width=\"1280\" height=\"720\" src=\"https:\/\/lamostradevalencia.com\/wp-content\/uploads\/2020\/09\/Dos-Fridas.jpg\" class=\"attachment-full size-full wp-post-image\" alt=\"\" srcset=\"https:\/\/lamostradevalencia.com\/wp-content\/uploads\/2020\/09\/Dos-Fridas.jpg 1280w, https:\/\/lamostradevalencia.com\/wp-content\/uploads\/2020\/09\/Dos-Fridas-300x169.jpg 300w, https:\/\/lamostradevalencia.com\/wp-content\/uploads\/2020\/09\/Dos-Fridas-1024x576.jpg 1024w, https:\/\/lamostradevalencia.com\/wp-content\/uploads\/2020\/09\/Dos-Fridas-768x432.jpg 768w\" sizes=\"auto, (max-width: 1280px) 100vw, 1280px\" \/><\/div>\n<div class=\"edgtf-pli-text-holder\" >\n\t<div class=\"edgtf-pli-text-wrapper\">\n\t\t<div class=\"edgtf-pli-text\">\n\t\t\t\t<h4 itemprop=\"name\" class=\"edgtf-pli-title entry-title\" >\n\t\tDOS FRIDAS\t<\/h4>\n\n\t\t\t\t\t<div class=\"edgtf-pli-category-holder\">\n\t\t\t\t\t\t\t<a itemprop=\"url\" class=\"edgtf-pli-category\" href=\"https:\/\/lamostradevalencia.com\/ca\/categoria-portfolio-1\/festival-2020\/\">Festival 2020<\/a>\n\t\t\t\t\t\t\t<a itemprop=\"url\" class=\"edgtf-pli-category\" href=\"https:\/\/lamostradevalencia.com\/ca\/categoria-portfolio-1\/palmera-dhonor-2020\/\">Palmera d&#039;Honor 2020<\/a>\n\t\t\t\t\t<\/div>\n\t\n\t\t\t\n\t\t\t\t\t<\/div>\n\t<\/div>\n<\/div>\n\t\t<a itemprop=\"url\" class=\"edgtf-pli-link edgtf-block-drag-link\" href=\"https:\/\/lamostradevalencia.com\/ca\/peliculas\/dos-fridas\/\" target=\"_self\"><\/a>\n\t<\/div>\n<\/article><article class=\"edgtf-pl-item edgtf-item-space edgtf-masonry-size-default post-8404 portfolio-item type-portfolio-item status-publish has-post-thumbnail hentry portfolio-category-festival-2020 portfolio-category-palmera-dhonor-2020 portfolio-tag-jenesuipasmort-ca portfolio-tag-maria-de-medeiros-ca portfolio-tag-mostra-de-valencia-ca-2 portfolio-tag-palmeradehonor-ca\">\n\t<div class=\"edgtf-pl-item-inner\">\n\t\t<div class=\"edgtf-pli-image\">\n\t<img loading=\"lazy\" decoding=\"async\" width=\"1900\" height=\"660\" src=\"https:\/\/lamostradevalencia.com\/wp-content\/uploads\/2020\/09\/Je-ne-suis-pas-mort.jpg\" class=\"attachment-full size-full wp-post-image\" alt=\"\" srcset=\"https:\/\/lamostradevalencia.com\/wp-content\/uploads\/2020\/09\/Je-ne-suis-pas-mort.jpg 1900w, https:\/\/lamostradevalencia.com\/wp-content\/uploads\/2020\/09\/Je-ne-suis-pas-mort-300x104.jpg 300w, https:\/\/lamostradevalencia.com\/wp-content\/uploads\/2020\/09\/Je-ne-suis-pas-mort-1024x356.jpg 1024w, https:\/\/lamostradevalencia.com\/wp-content\/uploads\/2020\/09\/Je-ne-suis-pas-mort-768x267.jpg 768w, https:\/\/lamostradevalencia.com\/wp-content\/uploads\/2020\/09\/Je-ne-suis-pas-mort-1536x534.jpg 1536w\" sizes=\"auto, (max-width: 1900px) 100vw, 1900px\" \/><\/div>\n<div class=\"edgtf-pli-text-holder\" >\n\t<div class=\"edgtf-pli-text-wrapper\">\n\t\t<div class=\"edgtf-pli-text\">\n\t\t\t\t<h4 itemprop=\"name\" class=\"edgtf-pli-title entry-title\" >\n\t\tJE NE SUIS PAS MORT\t<\/h4>\n\n\t\t\t\t\t<div class=\"edgtf-pli-category-holder\">\n\t\t\t\t\t\t\t<a itemprop=\"url\" class=\"edgtf-pli-category\" href=\"https:\/\/lamostradevalencia.com\/ca\/categoria-portfolio-1\/festival-2020\/\">Festival 2020<\/a>\n\t\t\t\t\t\t\t<a itemprop=\"url\" class=\"edgtf-pli-category\" href=\"https:\/\/lamostradevalencia.com\/ca\/categoria-portfolio-1\/palmera-dhonor-2020\/\">Palmera d&#039;Honor 2020<\/a>\n\t\t\t\t\t<\/div>\n\t\n\t\t\t\n\t\t\t\t\t<\/div>\n\t<\/div>\n<\/div>\n\t\t<a itemprop=\"url\" class=\"edgtf-pli-link edgtf-block-drag-link\" href=\"https:\/\/lamostradevalencia.com\/ca\/peliculas\/je-ne-suis-pas-mort\/\" target=\"_self\"><\/a>\n\t<\/div>\n<\/article><article class=\"edgtf-pl-item edgtf-item-space edgtf-masonry-size-default post-8415 portfolio-item type-portfolio-item status-publish has-post-thumbnail hentry portfolio-category-festival-2020 portfolio-category-palmera-dhonor-2020 portfolio-tag-maria-de-medeiros-ca portfolio-tag-mostra-de-valencia-ca-2 portfolio-tag-palmeradehonor-ca portfolio-tag-viajeaportugal-ca\">\n\t<div class=\"edgtf-pl-item-inner\">\n\t\t<div class=\"edgtf-pli-image\">\n\t<img loading=\"lazy\" decoding=\"async\" width=\"1280\" height=\"720\" src=\"https:\/\/lamostradevalencia.com\/wp-content\/uploads\/2020\/09\/Viagem-a-Portugal.jpg\" class=\"attachment-full size-full wp-post-image\" alt=\"\" srcset=\"https:\/\/lamostradevalencia.com\/wp-content\/uploads\/2020\/09\/Viagem-a-Portugal.jpg 1280w, https:\/\/lamostradevalencia.com\/wp-content\/uploads\/2020\/09\/Viagem-a-Portugal-300x169.jpg 300w, https:\/\/lamostradevalencia.com\/wp-content\/uploads\/2020\/09\/Viagem-a-Portugal-1024x576.jpg 1024w, https:\/\/lamostradevalencia.com\/wp-content\/uploads\/2020\/09\/Viagem-a-Portugal-768x432.jpg 768w\" sizes=\"auto, (max-width: 1280px) 100vw, 1280px\" \/><\/div>\n<div class=\"edgtf-pli-text-holder\" >\n\t<div class=\"edgtf-pli-text-wrapper\">\n\t\t<div class=\"edgtf-pli-text\">\n\t\t\t\t<h4 itemprop=\"name\" class=\"edgtf-pli-title entry-title\" >\n\t\tVIAJE A PORTUGAL\t<\/h4>\n\n\t\t\t\t\t<div class=\"edgtf-pli-category-holder\">\n\t\t\t\t\t\t\t<a itemprop=\"url\" class=\"edgtf-pli-category\" href=\"https:\/\/lamostradevalencia.com\/ca\/categoria-portfolio-1\/festival-2020\/\">Festival 2020<\/a>\n\t\t\t\t\t\t\t<a itemprop=\"url\" class=\"edgtf-pli-category\" href=\"https:\/\/lamostradevalencia.com\/ca\/categoria-portfolio-1\/palmera-dhonor-2020\/\">Palmera d&#039;Honor 2020<\/a>\n\t\t\t\t\t<\/div>\n\t\n\t\t\t\n\t\t\t\t\t<\/div>\n\t<\/div>\n<\/div>\n\t\t<a itemprop=\"url\" class=\"edgtf-pli-link edgtf-block-drag-link\" href=\"https:\/\/lamostradevalencia.com\/ca\/peliculas\/viaje-a-portugal\/\" target=\"_self\"><\/a>\n\t<\/div>\n<\/article><article class=\"edgtf-pl-item edgtf-item-space edgtf-masonry-size-default post-8426 portfolio-item type-portfolio-item status-publish has-post-thumbnail hentry portfolio-category-festival-2020 portfolio-category-palmera-dhonor-2020 portfolio-tag-guy-maddin-ca portfolio-tag-maria-de-medeiros-ca portfolio-tag-mostra-de-valencia-ca-2 portfolio-tag-palmeradehonor-ca portfolio-tag-the-saddest-music-in-the-world-ca\">\n\t<div class=\"edgtf-pl-item-inner\">\n\t\t<div class=\"edgtf-pli-image\">\n\t<img loading=\"lazy\" decoding=\"async\" width=\"1000\" height=\"712\" src=\"https:\/\/lamostradevalencia.com\/wp-content\/uploads\/2020\/09\/365378_full.jpg\" class=\"attachment-full size-full wp-post-image\" alt=\"\" srcset=\"https:\/\/lamostradevalencia.com\/wp-content\/uploads\/2020\/09\/365378_full.jpg 1000w, https:\/\/lamostradevalencia.com\/wp-content\/uploads\/2020\/09\/365378_full-300x214.jpg 300w, https:\/\/lamostradevalencia.com\/wp-content\/uploads\/2020\/09\/365378_full-768x547.jpg 768w\" sizes=\"auto, (max-width: 1000px) 100vw, 1000px\" \/><\/div>\n<div class=\"edgtf-pli-text-holder\" >\n\t<div class=\"edgtf-pli-text-wrapper\">\n\t\t<div class=\"edgtf-pli-text\">\n\t\t\t\t<h4 itemprop=\"name\" class=\"edgtf-pli-title entry-title\" >\n\t\tTHE SADDEST MUSIC IN THE WORLD\t<\/h4>\n\n\t\t\t\t\t<div class=\"edgtf-pli-category-holder\">\n\t\t\t\t\t\t\t<a itemprop=\"url\" class=\"edgtf-pli-category\" href=\"https:\/\/lamostradevalencia.com\/ca\/categoria-portfolio-1\/festival-2020\/\">Festival 2020<\/a>\n\t\t\t\t\t\t\t<a itemprop=\"url\" class=\"edgtf-pli-category\" href=\"https:\/\/lamostradevalencia.com\/ca\/categoria-portfolio-1\/palmera-dhonor-2020\/\">Palmera d&#039;Honor 2020<\/a>\n\t\t\t\t\t<\/div>\n\t\n\t\t\t\n\t\t\t\t\t<\/div>\n\t<\/div>\n<\/div>\n\t\t<a itemprop=\"url\" class=\"edgtf-pli-link edgtf-block-drag-link\" href=\"https:\/\/lamostradevalencia.com\/ca\/peliculas\/the-saddest-music-in-the-world\/\" target=\"_self\"><\/a>\n\t<\/div>\n<\/article><article class=\"edgtf-pl-item edgtf-item-space edgtf-masonry-size-default post-8437 portfolio-item type-portfolio-item status-publish has-post-thumbnail hentry portfolio-category-festival-2020 portfolio-category-palmera-dhonor-2020 portfolio-tag-capitanesdeabril-ca portfolio-tag-maria-de-medeiros-ca portfolio-tag-mostra-de-valencia-ca-2 portfolio-tag-palmeradehonor-ca\">\n\t<div class=\"edgtf-pl-item-inner\">\n\t\t<div class=\"edgtf-pli-image\">\n\t<img loading=\"lazy\" decoding=\"async\" width=\"1400\" height=\"803\" src=\"https:\/\/lamostradevalencia.com\/wp-content\/uploads\/2020\/09\/Capitanes-de-abril.jpg\" class=\"attachment-full size-full wp-post-image\" alt=\"\" srcset=\"https:\/\/lamostradevalencia.com\/wp-content\/uploads\/2020\/09\/Capitanes-de-abril.jpg 1400w, https:\/\/lamostradevalencia.com\/wp-content\/uploads\/2020\/09\/Capitanes-de-abril-300x172.jpg 300w, https:\/\/lamostradevalencia.com\/wp-content\/uploads\/2020\/09\/Capitanes-de-abril-1024x587.jpg 1024w, https:\/\/lamostradevalencia.com\/wp-content\/uploads\/2020\/09\/Capitanes-de-abril-768x441.jpg 768w\" sizes=\"auto, (max-width: 1400px) 100vw, 1400px\" \/><\/div>\n<div class=\"edgtf-pli-text-holder\" >\n\t<div class=\"edgtf-pli-text-wrapper\">\n\t\t<div class=\"edgtf-pli-text\">\n\t\t\t\t<h4 itemprop=\"name\" class=\"edgtf-pli-title entry-title\" >\n\t\tCAPITANES DE ABRIL\t<\/h4>\n\n\t\t\t\t\t<div class=\"edgtf-pli-category-holder\">\n\t\t\t\t\t\t\t<a itemprop=\"url\" class=\"edgtf-pli-category\" href=\"https:\/\/lamostradevalencia.com\/ca\/categoria-portfolio-1\/festival-2020\/\">Festival 2020<\/a>\n\t\t\t\t\t\t\t<a itemprop=\"url\" class=\"edgtf-pli-category\" href=\"https:\/\/lamostradevalencia.com\/ca\/categoria-portfolio-1\/palmera-dhonor-2020\/\">Palmera d&#039;Honor 2020<\/a>\n\t\t\t\t\t<\/div>\n\t\n\t\t\t\n\t\t\t\t\t<\/div>\n\t<\/div>\n<\/div>\n\t\t<a itemprop=\"url\" class=\"edgtf-pli-link edgtf-block-drag-link\" href=\"https:\/\/lamostradevalencia.com\/ca\/peliculas\/capitanes-de-abril\/\" target=\"_self\"><\/a>\n\t<\/div>\n<\/article>\t<\/div>\n\t\n\t<\/div>[\/vc_column][\/vc_row][vc_row disable_element=&#8221;yes&#8221;][vc_column]<div class=\"templatera_shortcode\"><style type=\"text\/css\" data-type=\"vc_shortcodes-default-css\">.vc_do_custom_heading{margin-bottom:0.625rem;margin-top:0;}<\/style><style type=\"text\/css\" data-type=\"vc_shortcodes-custom-css\">.vc_custom_1600184094996{padding-top: 100px !important;padding-bottom: 100px !important;}<\/style><div class=\"vc_row wpb_row vc_row-fluid vc_custom_1600184094996\" ><div class=\"wpb_column vc_column_container vc_col-sm-12\"><div class=\"vc_column-inner\"><div class=\"wpb_wrapper\"><h2 style=\"text-align: center\" class=\"vc_custom_heading vc_do_custom_heading\" >Coming soon...<\/h2><\/div><\/div><\/div><\/div><\/div>[\/vc_column][\/vc_row]<\/p>\n<\/div>","protected":false},"excerpt":{"rendered":"CAPITANES DE ABRIL Capit\u00e3es de abril Portugal, It\u00e0lia, Espanya, Fran\u00e7a. 2000. Color. 123\u2019. VOSE PALMERA D\u2019HONOR La hist\u00f2ria del capit\u00e0 Salgueiro Maia, un dels protagonistes [...]","protected":false},"author":1,"featured_media":0,"parent":7310,"menu_order":1,"comment_status":"closed","ping_status":"closed","template":"full-width.php","meta":{"_uag_custom_page_level_css":"","_jet_sm_ready_style":"","_jet_sm_style":"","_jet_sm_controls_values":"","_jet_sm_fonts_collection":"","_jet_sm_fonts_links":"","footnotes":""},"class_list":["post-7383","page","type-page","status-publish","hentry"],"yoast_head":"<!-- This site is optimized with the Yoast SEO plugin v27.5 - https:\/\/yoast.com\/product\/yoast-seo-wordpress\/ -->\n<title>Palmera d&#039;Honor: Maria de Medeiros - Mostra de Val\u00e8ncia<\/title>\n<meta name=\"robots\" content=\"index, follow, max-snippet:-1, max-image-preview:large, max-video-preview:-1\" \/>\n<link rel=\"canonical\" href=\"https:\/\/lamostradevalencia.com\/ca\/edicio-2020\/palmera-dhonor\/\" \/>\n<meta property=\"og:locale\" content=\"ca_ES\" \/>\n<meta property=\"og:type\" content=\"article\" \/>\n<meta property=\"og:title\" content=\"Palmera d&#039;Honor: Maria de Medeiros - Mostra de Val\u00e8ncia\" \/>\n<meta property=\"og:url\" content=\"https:\/\/lamostradevalencia.com\/ca\/edicio-2020\/palmera-dhonor\/\" \/>\n<meta property=\"og:site_name\" content=\"Mostra de Val\u00e8ncia\" \/>\n<meta property=\"article:modified_time\" content=\"2020-10-17T07:25:57+00:00\" \/>\n<meta name=\"twitter:card\" content=\"summary_large_image\" \/>\n<script type=\"application\/ld+json\" class=\"yoast-schema-graph\">{\"@context\":\"https:\\\/\\\/schema.org\",\"@graph\":[{\"@type\":\"WebPage\",\"@id\":\"https:\\\/\\\/lamostradevalencia.com\\\/ca\\\/edicio-2020\\\/palmera-dhonor\\\/\",\"url\":\"https:\\\/\\\/lamostradevalencia.com\\\/ca\\\/edicio-2020\\\/palmera-dhonor\\\/\",\"name\":\"Palmera d'Honor: Maria de Medeiros - Mostra de Val\u00e8ncia\",\"isPartOf\":{\"@id\":\"https:\\\/\\\/lamostradevalencia.com\\\/ca\\\/#website\"},\"datePublished\":\"2020-09-15T15:27:00+00:00\",\"dateModified\":\"2020-10-17T07:25:57+00:00\",\"breadcrumb\":{\"@id\":\"https:\\\/\\\/lamostradevalencia.com\\\/ca\\\/edicio-2020\\\/palmera-dhonor\\\/#breadcrumb\"},\"inLanguage\":\"ca\",\"potentialAction\":[{\"@type\":\"ReadAction\",\"target\":[\"https:\\\/\\\/lamostradevalencia.com\\\/ca\\\/edicio-2020\\\/palmera-dhonor\\\/\"]}]},{\"@type\":\"BreadcrumbList\",\"@id\":\"https:\\\/\\\/lamostradevalencia.com\\\/ca\\\/edicio-2020\\\/palmera-dhonor\\\/#breadcrumb\",\"itemListElement\":[{\"@type\":\"ListItem\",\"position\":1,\"name\":\"Portada\",\"item\":\"https:\\\/\\\/lamostradevalencia.com\\\/ca\\\/\"},{\"@type\":\"ListItem\",\"position\":2,\"name\":\"Edici\u00f3 2020\",\"item\":\"https:\\\/\\\/lamostradevalencia.com\\\/ca\\\/edicion-2020\\\/\"},{\"@type\":\"ListItem\",\"position\":3,\"name\":\"Palmera d&#8217;Honor: Maria de Medeiros\"}]},{\"@type\":\"WebSite\",\"@id\":\"https:\\\/\\\/lamostradevalencia.com\\\/ca\\\/#website\",\"url\":\"https:\\\/\\\/lamostradevalencia.com\\\/ca\\\/\",\"name\":\"Mostra de Val\u00e8ncia\",\"description\":\"Cinema del Mediterrani\",\"potentialAction\":[{\"@type\":\"SearchAction\",\"target\":{\"@type\":\"EntryPoint\",\"urlTemplate\":\"https:\\\/\\\/lamostradevalencia.com\\\/ca\\\/?s={search_term_string}\"},\"query-input\":{\"@type\":\"PropertyValueSpecification\",\"valueRequired\":true,\"valueName\":\"search_term_string\"}}],\"inLanguage\":\"ca\"}]}<\/script>\n<!-- \/ Yoast SEO plugin. -->","yoast_head_json":{"title":"Palmera d'Honor: Maria de Medeiros - Mostra de Val\u00e8ncia","robots":{"index":"index","follow":"follow","max-snippet":"max-snippet:-1","max-image-preview":"max-image-preview:large","max-video-preview":"max-video-preview:-1"},"canonical":"https:\/\/lamostradevalencia.com\/ca\/edicio-2020\/palmera-dhonor\/","og_locale":"ca_ES","og_type":"article","og_title":"Palmera d'Honor: Maria de Medeiros - Mostra de Val\u00e8ncia","og_url":"https:\/\/lamostradevalencia.com\/ca\/edicio-2020\/palmera-dhonor\/","og_site_name":"Mostra de Val\u00e8ncia","article_modified_time":"2020-10-17T07:25:57+00:00","twitter_card":"summary_large_image","schema":{"@context":"https:\/\/schema.org","@graph":[{"@type":"WebPage","@id":"https:\/\/lamostradevalencia.com\/ca\/edicio-2020\/palmera-dhonor\/","url":"https:\/\/lamostradevalencia.com\/ca\/edicio-2020\/palmera-dhonor\/","name":"Palmera d'Honor: Maria de Medeiros - Mostra de Val\u00e8ncia","isPartOf":{"@id":"https:\/\/lamostradevalencia.com\/ca\/#website"},"datePublished":"2020-09-15T15:27:00+00:00","dateModified":"2020-10-17T07:25:57+00:00","breadcrumb":{"@id":"https:\/\/lamostradevalencia.com\/ca\/edicio-2020\/palmera-dhonor\/#breadcrumb"},"inLanguage":"ca","potentialAction":[{"@type":"ReadAction","target":["https:\/\/lamostradevalencia.com\/ca\/edicio-2020\/palmera-dhonor\/"]}]},{"@type":"BreadcrumbList","@id":"https:\/\/lamostradevalencia.com\/ca\/edicio-2020\/palmera-dhonor\/#breadcrumb","itemListElement":[{"@type":"ListItem","position":1,"name":"Portada","item":"https:\/\/lamostradevalencia.com\/ca\/"},{"@type":"ListItem","position":2,"name":"Edici\u00f3 2020","item":"https:\/\/lamostradevalencia.com\/ca\/edicion-2020\/"},{"@type":"ListItem","position":3,"name":"Palmera d&#8217;Honor: Maria de Medeiros"}]},{"@type":"WebSite","@id":"https:\/\/lamostradevalencia.com\/ca\/#website","url":"https:\/\/lamostradevalencia.com\/ca\/","name":"Mostra de Val\u00e8ncia","description":"Cinema del Mediterrani","potentialAction":[{"@type":"SearchAction","target":{"@type":"EntryPoint","urlTemplate":"https:\/\/lamostradevalencia.com\/ca\/?s={search_term_string}"},"query-input":{"@type":"PropertyValueSpecification","valueRequired":true,"valueName":"search_term_string"}}],"inLanguage":"ca"}]}},"uagb_featured_image_src":{"full":false,"thumbnail":false,"medium":false,"medium_large":false,"large":false,"1536x1536":false,"2048x2048":false,"cinerama_edge_image_square":false,"cinerama_edge_image_landscape":false,"cinerama_edge_image_portrait":false,"cinerama_edge_image_huge":false,"gform-image-choice-sm":false,"gform-image-choice-md":false,"gform-image-choice-lg":false},"uagb_author_info":{"display_name":"Mostra de Val\u00e8ncia","author_link":"https:\/\/lamostradevalencia.com\/ca\/author\/mostravalencia\/"},"uagb_comment_info":0,"uagb_excerpt":null,"_links":{"self":[{"href":"https:\/\/lamostradevalencia.com\/ca\/wp-json\/wp\/v2\/pages\/7383","targetHints":{"allow":["GET"]}}],"collection":[{"href":"https:\/\/lamostradevalencia.com\/ca\/wp-json\/wp\/v2\/pages"}],"about":[{"href":"https:\/\/lamostradevalencia.com\/ca\/wp-json\/wp\/v2\/types\/page"}],"author":[{"embeddable":true,"href":"https:\/\/lamostradevalencia.com\/ca\/wp-json\/wp\/v2\/users\/1"}],"replies":[{"embeddable":true,"href":"https:\/\/lamostradevalencia.com\/ca\/wp-json\/wp\/v2\/comments?post=7383"}],"version-history":[{"count":13,"href":"https:\/\/lamostradevalencia.com\/ca\/wp-json\/wp\/v2\/pages\/7383\/revisions"}],"predecessor-version":[{"id":9492,"href":"https:\/\/lamostradevalencia.com\/ca\/wp-json\/wp\/v2\/pages\/7383\/revisions\/9492"}],"up":[{"embeddable":true,"href":"https:\/\/lamostradevalencia.com\/ca\/wp-json\/wp\/v2\/pages\/7310"}],"wp:attachment":[{"href":"https:\/\/lamostradevalencia.com\/ca\/wp-json\/wp\/v2\/media?parent=7383"}],"curies":[{"name":"wp","href":"https:\/\/api.w.org\/{rel}","templated":true}]}}