{"id":31016,"date":"2026-04-23T14:12:48","date_gmt":"2026-04-23T12:12:48","guid":{"rendered":"https:\/\/lamostradevalencia.com\/?page_id=31016"},"modified":"2026-04-24T10:38:47","modified_gmt":"2026-04-24T08:38:47","slug":"mostra365","status":"publish","type":"page","link":"https:\/\/lamostradevalencia.com\/ca\/mostra365\/","title":{"rendered":"MOSTRA365"},"content":{"rendered":"\r\n<div class=\"wp-block-uagb-image aligncenter uagb-block-c23f38ab wp-block-uagb-image--layout-default wp-block-uagb-image--effect-static wp-block-uagb-image--align-center\"><figure class=\"wp-block-uagb-image__figure\"><img loading=\"lazy\" decoding=\"async\" srcset=\"https:\/\/lamostradevalencia.com\/wp-content\/uploads\/2026\/04\/365_Vertical_Color-1024x967.png ,https:\/\/lamostradevalencia.com\/wp-content\/uploads\/2026\/04\/365_Vertical_Color-scaled.png 780w, https:\/\/lamostradevalencia.com\/wp-content\/uploads\/2026\/04\/365_Vertical_Color-scaled.png 360w\" sizes=\"auto, (max-width: 480px) 150px\" src=\"https:\/\/lamostradevalencia.com\/wp-content\/uploads\/2026\/04\/365_Vertical_Color-1024x967.png\" alt=\"\" class=\"uag-image-31019\" width=\"401\" height=\"379\" title=\"365_Vertical_Color\" role=\"img\"\/><\/figure><\/div>\r\n\r\n\r\n\r\n\r\n<div style=\"padding: 48px 20px; margin: 40px 0\">\r\n  <div style=\"max-width: 1200px; margin: 0 auto;\">\r\n    \r\n    <!-- Title Section -->\r\n    <div style=\"text-align: center; margin-bottom: 48px; border-bottom: 2px solid #0099CC; padding-bottom: 32px;\">\r\n      <h1 style=\"margin: 0 0 16px 0; color: #000000; letter-spacing: -0.02em;\">\r\n        Mostra de Val\u00e8ncia <span style=\"color: #0099CC;\">365 dies<\/span>\r\n      <\/h1>\r\n      <p style=\"color: #666666; margin: 0;\">MOSTRA365 \u00e9s la proposta del festival on s&#8217;activen accions que es desenvolupen al llarg de tot l&#8217;any<\/p>\r\n    <\/div>\r\n\r\n    <!-- Main Content -->\r\n    <div style=\"margin-bottom: 40px;\">\r\n      <p style=\"line-height: 1.75; color: #2d2d2d; margin: 0 0 32px 0; \">\r\n        En MOSTRA365 conflueixen diverses iniciatives que enriqueixen l&#8217;oferta cultural i educativa del festival:\r\n      <\/p>\r\n\r\n      <!-- List Items -->\r\n      <div style=\"display: grid; gap: 20px; margin-bottom: 32px;\">\r\n        \r\n        <div style=\"padding: 20px; background: #ffffff; border-left: 3px solid #0099CC; box-shadow: 0 2px 8px rgba(0, 0, 0, 0.08);\">\r\n          <h3 style=\"margin: 0 0 12px 0;  color: #000000;\">Joves Programadors<\/h3>\r\n          <p style=\"margin: 0; color: #555555; line-height: 1.5;\">L&#8217;acompanyament i el desenvolupament del talent amb noves generacions de programadors.<\/p>\r\n        <\/div>\r\n\r\n        <div style=\"padding: 20px; background: #ffffff; border-left: 3px solid #0099CC; box-shadow: 0 2px 8px rgba(0, 0, 0, 0.08);\">\r\n          <h3 style=\"margin: 0 0 12px 0; color: #000000;\">Mostreta<\/h3>\r\n          <p style=\"margin: 0; color: #555555; line-height: 1.5;\">La formaci\u00f3 i transmissi\u00f3 de coneixements de la m\u00e0 de programaci\u00f3 per a escolars amb la recuperaci\u00f3 de Mostreta.<\/p>\r\n        <\/div>\r\n\r\n        <div style=\"padding: 20px; background: #ffffff; border-left: 3px solid #0099CC; box-shadow: 0 2px 8px rgba(0, 0, 0, 0.08);\">\r\n          <h3 style=\"margin: 0 0 12px 0;  color: #000000;\">Cine Culpable<\/h3>\r\n          <p style=\"margin: 0;  color: #555555; line-height: 1.5;\">La celebraci\u00f3 de trobades de debat i reflexi\u00f3 obertes al p\u00fablic com Cine Culpable.<\/p>\r\n        <\/div>\r\n\r\n        <div style=\"padding: 20px; background: #ffffff; border-left: 3px solid #0099CC; box-shadow: 0 2px 8px rgba(0, 0, 0, 0.08);\">\r\n          <h3 style=\"margin: 0 0 12px 0;  color: #000000;\">Visuals<\/h3>\r\n          <p style=\"margin: 0; color: #555555; line-height: 1.5;\">L&#8217;experimentaci\u00f3 sonora de la uni\u00f3 de cine i m\u00fasica en directe amb Visuals.<\/p>\r\n        <\/div>\r\n\r\n        <div style=\"padding: 20px; background: #ffffff; border-left: 3px solid #0099CC; box-shadow: 0 2px 8px rgba(0, 0, 0, 0.08);\">\r\n          <h3 style=\"margin: 0 0 12px 0;color: #000000;\">Arxiu Mostra<\/h3>\r\n          <p style=\"margin: 0;  color: #555555; line-height: 1.5;\">La investigaci\u00f3 i divulgaci\u00f3 cinematogr\u00e0fica amb la revisi\u00f3 i digitalitzaci\u00f3 de l&#8217;arxiu propi de Mostra de Val\u00e8ncia.<\/p>\r\n        <\/div>\r\n\r\n        <div style=\"padding: 20px; background: #ffffff; border-left: 3px solid #0099CC; box-shadow: 0 2px 8px rgba(0, 0, 0, 0.08);\">\r\n          <h3 style=\"margin: 0 0 12px 0;  color: #000000;\">Accessibilitat i Inclusi\u00f3<\/h3>\r\n          <p style=\"margin: 0; color: #555555; line-height: 1.5;\">La cultura accessible i inclusiva en totes les seves vertents amb el suport de la Direcci\u00f3 General de Fam\u00edlia, Inf\u00e0ncia i Adolesc\u00e8ncia, Repte Demogr\u00e0fic, COEP CV i altres entitats.<\/p>\r\n        <\/div>\r\n\r\n      <\/div>\r\n    <\/div>\r\n\r\n    <!-- CTA Button -->\r\n    <div style=\"text-align: center; margin-top: 40px;\">\r\n      <a href=\"https:\/\/palauvalencia.com\/mostra\/\" style=\"display: inline-block; padding: 16px 40px; background: #0099CC; color: #ffffff; text-decoration: none; border-radius: 6px; transition: all 0.2s ease-in-out; box-shadow: 0 2px 8px rgba(0, 0, 0, 0.08);\" onmouseover=\"this.style.background='#0077AA'; this.style.boxShadow='0 4px 12px rgba(0, 0, 0, 0.12)';\" onmouseout=\"this.style.background='#0099CC'; this.style.boxShadow='0 2px 8px rgba(0, 0, 0, 0.08)';\">\r\n        Programaci\u00f3\r\n      <\/a>\r\n    <\/div>\r\n\r\n  <\/div>\r\n<\/div>\r\n\r\n\r\n\r\n\r\n<p><\/p>\r\n","protected":false},"excerpt":{"rendered":"<p>Mostra de Val\u00e8ncia 365 dies MOSTRA365 \u00e9s la proposta del festival on s&#8217;activen accions que es desenvolupen al llarg de tot l&#8217;any En MOSTRA365 conflueixen [&hellip;]<\/p>\n","protected":false},"author":3,"featured_media":0,"parent":0,"menu_order":0,"comment_status":"closed","ping_status":"closed","template":"full-width.php","meta":{"_uag_custom_page_level_css":"","_jet_sm_ready_style":"","_jet_sm_style":"","_jet_sm_controls_values":"","_jet_sm_fonts_collection":"","_jet_sm_fonts_links":"","footnotes":""},"class_list":["post-31016","page","type-page","status-publish","hentry"],"yoast_head":"<!-- This site is optimized with the Yoast SEO plugin v27.4 - https:\/\/yoast.com\/product\/yoast-seo-wordpress\/ -->\n<title>MOSTRA365 - Mostra de Val\u00e8ncia<\/title>\n<meta name=\"robots\" content=\"index, follow, max-snippet:-1, max-image-preview:large, max-video-preview:-1\" \/>\n<link rel=\"canonical\" href=\"https:\/\/lamostradevalencia.com\/ca\/mostra365\/\" \/>\n<meta property=\"og:locale\" content=\"ca_ES\" \/>\n<meta property=\"og:type\" content=\"article\" \/>\n<meta property=\"og:title\" content=\"MOSTRA365 - Mostra de Val\u00e8ncia\" \/>\n<meta property=\"og:description\" content=\"Mostra de Val\u00e8ncia 365 dies MOSTRA365 \u00e9s la proposta del festival on s&#8217;activen accions que es desenvolupen al llarg de tot l&#8217;any En MOSTRA365 conflueixen [&hellip;]\" \/>\n<meta property=\"og:url\" content=\"https:\/\/lamostradevalencia.com\/ca\/mostra365\/\" \/>\n<meta property=\"og:site_name\" content=\"Mostra de Val\u00e8ncia\" \/>\n<meta property=\"article:modified_time\" content=\"2026-04-24T08:38:47+00:00\" \/>\n<meta property=\"og:image\" content=\"https:\/\/lamostradevalencia.com\/wp-content\/uploads\/2026\/04\/365_Vertical_Color-1024x967.png\" \/>\n<meta name=\"twitter:card\" content=\"summary_large_image\" \/>\n<meta name=\"twitter:label1\" content=\"Temps estimat de lectura\" \/>\n\t<meta name=\"twitter:data1\" content=\"1 minut\" \/>\n<script type=\"application\/ld+json\" class=\"yoast-schema-graph\">{\"@context\":\"https:\\\/\\\/schema.org\",\"@graph\":[{\"@type\":\"WebPage\",\"@id\":\"https:\\\/\\\/lamostradevalencia.com\\\/ca\\\/mostra365\\\/\",\"url\":\"https:\\\/\\\/lamostradevalencia.com\\\/ca\\\/mostra365\\\/\",\"name\":\"MOSTRA365 - Mostra de Val\u00e8ncia\",\"isPartOf\":{\"@id\":\"https:\\\/\\\/lamostradevalencia.com\\\/ca\\\/#website\"},\"primaryImageOfPage\":{\"@id\":\"https:\\\/\\\/lamostradevalencia.com\\\/ca\\\/mostra365\\\/#primaryimage\"},\"image\":{\"@id\":\"https:\\\/\\\/lamostradevalencia.com\\\/ca\\\/mostra365\\\/#primaryimage\"},\"thumbnailUrl\":\"https:\\\/\\\/lamostradevalencia.com\\\/wp-content\\\/uploads\\\/2026\\\/04\\\/365_Vertical_Color-1024x967.png\",\"datePublished\":\"2026-04-23T12:12:48+00:00\",\"dateModified\":\"2026-04-24T08:38:47+00:00\",\"breadcrumb\":{\"@id\":\"https:\\\/\\\/lamostradevalencia.com\\\/ca\\\/mostra365\\\/#breadcrumb\"},\"inLanguage\":\"ca\",\"potentialAction\":[{\"@type\":\"ReadAction\",\"target\":[\"https:\\\/\\\/lamostradevalencia.com\\\/ca\\\/mostra365\\\/\"]}]},{\"@type\":\"ImageObject\",\"inLanguage\":\"ca\",\"@id\":\"https:\\\/\\\/lamostradevalencia.com\\\/ca\\\/mostra365\\\/#primaryimage\",\"url\":\"https:\\\/\\\/lamostradevalencia.com\\\/wp-content\\\/uploads\\\/2026\\\/04\\\/365_Vertical_Color-1024x967.png\",\"contentUrl\":\"https:\\\/\\\/lamostradevalencia.com\\\/wp-content\\\/uploads\\\/2026\\\/04\\\/365_Vertical_Color-1024x967.png\"},{\"@type\":\"BreadcrumbList\",\"@id\":\"https:\\\/\\\/lamostradevalencia.com\\\/ca\\\/mostra365\\\/#breadcrumb\",\"itemListElement\":[{\"@type\":\"ListItem\",\"position\":1,\"name\":\"Portada\",\"item\":\"https:\\\/\\\/lamostradevalencia.com\\\/ca\\\/\"},{\"@type\":\"ListItem\",\"position\":2,\"name\":\"MOSTRA365\"}]},{\"@type\":\"WebSite\",\"@id\":\"https:\\\/\\\/lamostradevalencia.com\\\/ca\\\/#website\",\"url\":\"https:\\\/\\\/lamostradevalencia.com\\\/ca\\\/\",\"name\":\"Mostra de Val\u00e8ncia\",\"description\":\"Cinema del Mediterrani\",\"potentialAction\":[{\"@type\":\"SearchAction\",\"target\":{\"@type\":\"EntryPoint\",\"urlTemplate\":\"https:\\\/\\\/lamostradevalencia.com\\\/ca\\\/?s={search_term_string}\"},\"query-input\":{\"@type\":\"PropertyValueSpecification\",\"valueRequired\":true,\"valueName\":\"search_term_string\"}}],\"inLanguage\":\"ca\"}]}<\/script>\n<!-- \/ Yoast SEO plugin. -->","yoast_head_json":{"title":"MOSTRA365 - Mostra de Val\u00e8ncia","robots":{"index":"index","follow":"follow","max-snippet":"max-snippet:-1","max-image-preview":"max-image-preview:large","max-video-preview":"max-video-preview:-1"},"canonical":"https:\/\/lamostradevalencia.com\/ca\/mostra365\/","og_locale":"ca_ES","og_type":"article","og_title":"MOSTRA365 - Mostra de Val\u00e8ncia","og_description":"Mostra de Val\u00e8ncia 365 dies MOSTRA365 \u00e9s la proposta del festival on s&#8217;activen accions que es desenvolupen al llarg de tot l&#8217;any En MOSTRA365 conflueixen [&hellip;]","og_url":"https:\/\/lamostradevalencia.com\/ca\/mostra365\/","og_site_name":"Mostra de Val\u00e8ncia","article_modified_time":"2026-04-24T08:38:47+00:00","og_image":[{"url":"https:\/\/lamostradevalencia.com\/wp-content\/uploads\/2026\/04\/365_Vertical_Color-1024x967.png","type":"","width":"","height":""}],"twitter_card":"summary_large_image","twitter_misc":{"Temps estimat de lectura":"1 minut"},"schema":{"@context":"https:\/\/schema.org","@graph":[{"@type":"WebPage","@id":"https:\/\/lamostradevalencia.com\/ca\/mostra365\/","url":"https:\/\/lamostradevalencia.com\/ca\/mostra365\/","name":"MOSTRA365 - Mostra de Val\u00e8ncia","isPartOf":{"@id":"https:\/\/lamostradevalencia.com\/ca\/#website"},"primaryImageOfPage":{"@id":"https:\/\/lamostradevalencia.com\/ca\/mostra365\/#primaryimage"},"image":{"@id":"https:\/\/lamostradevalencia.com\/ca\/mostra365\/#primaryimage"},"thumbnailUrl":"https:\/\/lamostradevalencia.com\/wp-content\/uploads\/2026\/04\/365_Vertical_Color-1024x967.png","datePublished":"2026-04-23T12:12:48+00:00","dateModified":"2026-04-24T08:38:47+00:00","breadcrumb":{"@id":"https:\/\/lamostradevalencia.com\/ca\/mostra365\/#breadcrumb"},"inLanguage":"ca","potentialAction":[{"@type":"ReadAction","target":["https:\/\/lamostradevalencia.com\/ca\/mostra365\/"]}]},{"@type":"ImageObject","inLanguage":"ca","@id":"https:\/\/lamostradevalencia.com\/ca\/mostra365\/#primaryimage","url":"https:\/\/lamostradevalencia.com\/wp-content\/uploads\/2026\/04\/365_Vertical_Color-1024x967.png","contentUrl":"https:\/\/lamostradevalencia.com\/wp-content\/uploads\/2026\/04\/365_Vertical_Color-1024x967.png"},{"@type":"BreadcrumbList","@id":"https:\/\/lamostradevalencia.com\/ca\/mostra365\/#breadcrumb","itemListElement":[{"@type":"ListItem","position":1,"name":"Portada","item":"https:\/\/lamostradevalencia.com\/ca\/"},{"@type":"ListItem","position":2,"name":"MOSTRA365"}]},{"@type":"WebSite","@id":"https:\/\/lamostradevalencia.com\/ca\/#website","url":"https:\/\/lamostradevalencia.com\/ca\/","name":"Mostra de Val\u00e8ncia","description":"Cinema del Mediterrani","potentialAction":[{"@type":"SearchAction","target":{"@type":"EntryPoint","urlTemplate":"https:\/\/lamostradevalencia.com\/ca\/?s={search_term_string}"},"query-input":{"@type":"PropertyValueSpecification","valueRequired":true,"valueName":"search_term_string"}}],"inLanguage":"ca"}]}},"uagb_featured_image_src":{"full":false,"thumbnail":false,"medium":false,"medium_large":false,"large":false,"1536x1536":false,"2048x2048":false,"cinerama_edge_image_square":false,"cinerama_edge_image_landscape":false,"cinerama_edge_image_portrait":false,"cinerama_edge_image_huge":false,"gform-image-choice-sm":false,"gform-image-choice-md":false,"gform-image-choice-lg":false},"uagb_author_info":{"display_name":"contenidos","author_link":"https:\/\/lamostradevalencia.com\/ca\/author\/contenidos\/"},"uagb_comment_info":0,"uagb_excerpt":"Mostra de Val\u00e8ncia 365 dies MOSTRA365 \u00e9s la proposta del festival on s&#8217;activen accions que es desenvolupen al llarg de tot l&#8217;any En MOSTRA365 conflueixen [&hellip;]","_links":{"self":[{"href":"https:\/\/lamostradevalencia.com\/ca\/wp-json\/wp\/v2\/pages\/31016","targetHints":{"allow":["GET"]}}],"collection":[{"href":"https:\/\/lamostradevalencia.com\/ca\/wp-json\/wp\/v2\/pages"}],"about":[{"href":"https:\/\/lamostradevalencia.com\/ca\/wp-json\/wp\/v2\/types\/page"}],"author":[{"embeddable":true,"href":"https:\/\/lamostradevalencia.com\/ca\/wp-json\/wp\/v2\/users\/3"}],"replies":[{"embeddable":true,"href":"https:\/\/lamostradevalencia.com\/ca\/wp-json\/wp\/v2\/comments?post=31016"}],"version-history":[{"count":5,"href":"https:\/\/lamostradevalencia.com\/ca\/wp-json\/wp\/v2\/pages\/31016\/revisions"}],"predecessor-version":[{"id":31037,"href":"https:\/\/lamostradevalencia.com\/ca\/wp-json\/wp\/v2\/pages\/31016\/revisions\/31037"}],"wp:attachment":[{"href":"https:\/\/lamostradevalencia.com\/ca\/wp-json\/wp\/v2\/media?parent=31016"}],"curies":[{"name":"wp","href":"https:\/\/api.w.org\/{rel}","templated":true}]}}