{"id":30953,"date":"2026-02-24T23:51:40","date_gmt":"2026-02-24T22:51:40","guid":{"rendered":"https:\/\/lamostradevalencia.com\/?page_id=30953"},"modified":"2026-04-24T11:43:00","modified_gmt":"2026-04-24T09:43:00","slug":"inici-2026","status":"publish","type":"page","link":"https:\/\/lamostradevalencia.com\/ca\/","title":{"rendered":"Inici 2026"},"content":{"rendered":"<div class=\"wpb-content-wrapper\"><p>[vc_row][vc_column][vc_single_image image=&#8221;30980&#8243; img_size=&#8221;full&#8221; alignment=&#8221;center&#8221; css=&#8221;&#8221;][\/vc_column][\/vc_row][vc_row css=&#8221;.vc_custom_1539603215965{padding-top: 90px !important;padding-right: 40px !important;padding-bottom: 90px !important;padding-left: 40px !important;}&#8221;][vc_column]<div class=\"edgtf-section-title-holder  edgtf-st-standard edgtf-st-title-left edgtf-st-ratio-1-2 edgtf-st-large-space\" style=\"text-align: center\">\n\t<div class=\"edgtf-st-inner\">\n\t\t\t\t\t<h3 class=\"edgtf-st-title\" >\n\t\t\t\t\u00daLTIMES NOT\u00cdCIES\t\t\t<\/h3>\n\t\t\t\t\t<\/div>\n<\/div>[vc_empty_space height=&#8221;50px&#8221;]<div class=\"edgtf-blog-list-holder edgtf-bl-boxed edgtf-bl-three-columns edgtf-large-space  edgtf-bl-has-image edgtf-bl-pag-no-pagination\"  data-type=boxed data-number-of-posts=6 data-number-of-columns=3 data-space-between-items=large data-orderby=date data-order=DESC data-image-size=cinerama_edge_image_square data-title-tag=h5 data-excerpt-length=40 data-post-info-section=yes data-post-info-image=yes data-post-info-author=yes data-post-info-date=yes data-post-info-category=yes data-post-info-comments=no data-post-info-like=no data-post-info-share=no data-post-read-more=yes data-pagination-type=no-pagination data-max-num-pages=44 data-next-page=2>\n\t<div class=\"edgtf-bl-wrapper edgtf-outer-space\">\n\t\t<ul class=\"edgtf-blog-list\">\n\t\t\t<li class=\"edgtf-bl-item edgtf-item-space clearfix\">\n\t<div class=\"edgtf-bli-inner\">\n\t\t\n\t<div class=\"edgtf-post-image\">\n\t\t            <a itemprop=\"url\" href=\"https:\/\/lamostradevalencia.com\/ca\/el-palau-de-la-musica-presenta-la-marca-mostra365-que-inclou-iniciatives-pedagogiques-per-a-joves-divulgatives-i-trobades-interdisciplinaries\/\" title=\"El Palau de la M\u00fasica presenta la marca MOSTRA365 que inclou iniciatives pedag\u00f2giques per a joves, divulgatives i trobades interdisciplin\u00e0ries\">\n\t\t\t\t\t<img loading=\"lazy\" decoding=\"async\" width=\"550\" height=\"550\" src=\"https:\/\/lamostradevalencia.com\/wp-content\/uploads\/2026\/02\/Roda-Mostra365.-2-Foto-Live-Music-Valencia-550x550.jpg\" class=\"attachment-cinerama_edge_image_square size-cinerama_edge_image_square wp-post-image\" alt=\"\" srcset=\"https:\/\/lamostradevalencia.com\/wp-content\/uploads\/2026\/02\/Roda-Mostra365.-2-Foto-Live-Music-Valencia-550x550.jpg 550w, https:\/\/lamostradevalencia.com\/wp-content\/uploads\/2026\/02\/Roda-Mostra365.-2-Foto-Live-Music-Valencia-150x150.jpg 150w, https:\/\/lamostradevalencia.com\/wp-content\/uploads\/2026\/02\/Roda-Mostra365.-2-Foto-Live-Music-Valencia-1100x1100.jpg 1100w\" sizes=\"auto, (max-width: 550px) 100vw, 550px\" \/>\t\t\t\t\t\t\t\t\t<\/a>\n\t\t\t\t\t<\/div>\n        <div class=\"edgtf-bli-content\">\n                            <div class=\"edgtf-bli-info\">\n\t                <div itemprop=\"dateCreated\" class=\"edgtf-post-info-date entry-date published updated\">\n\t\t\t<a itemprop=\"url\" href=\"https:\/\/lamostradevalencia.com\/ca\/2026\/02\/\">\n\t\t\t\t\t\t20 de febrer de 2026\t\t<\/a>\n\t\t<meta itemprop=\"interactionCount\" content=\"UserComments: 0\"\/>\n<\/div><div class=\"edgtf-post-info-author\">\n    <span class=\"edgtf-post-info-author-text\">\n        per    <\/span>\n    <a itemprop=\"author\" class=\"edgtf-post-info-author-link\" href=\"https:\/\/lamostradevalencia.com\/ca\/author\/mostravalencia\/\">\n        Mostra de Val\u00e8ncia    <\/a>\n<\/div><div class=\"edgtf-post-info-category\">\n    <a href=\"https:\/\/lamostradevalencia.com\/ca\/secciones\/uncategorized-ca\/\" rel=\"category tag\">Uncategorized @ca<\/a><\/div>                <\/div>\n            \t\n\t        \n<h5 itemprop=\"name\" class=\"entry-title edgtf-post-title\" >\n            <a itemprop=\"url\" href=\"https:\/\/lamostradevalencia.com\/ca\/el-palau-de-la-musica-presenta-la-marca-mostra365-que-inclou-iniciatives-pedagogiques-per-a-joves-divulgatives-i-trobades-interdisciplinaries\/\" title=\"El Palau de la M\u00fasica presenta la marca MOSTRA365 que inclou iniciatives pedag\u00f2giques per a joves, divulgatives i trobades interdisciplin\u00e0ries\">\n            El Palau de la M\u00fasica presenta la marca MOSTRA365 que inclou iniciatives pedag\u00f2giques per a joves, divulgatives i trobades interdisciplin\u00e0ries            <\/a>\n    <\/h5>\t\n\t        <div class=\"edgtf-bli-excerpt\">\n\t\t        \t\t<div class=\"edgtf-post-excerpt-holder\">\n\t\t\t<p itemprop=\"description\" class=\"edgtf-post-excerpt\">\n\t\t\t\t\n\nJoves programadors, Cine culpable i Visuals s\u00f3n les tres propostes que es desenvoluparan al llarg del 2026\n\n\n\n\n\nComen\u00e7ar\u00e0 este diumenge 22 de febrer, a les 11.00 hores, amb la projecci\u00f3 Ariel (Lois Pati\u00f1o, 2025) en Sala Joaqu\u00edn Rodrigo\n\n\n\n\n\nMansanet ha anunciat les\t\t\t<\/p>\n\t\t<\/div>\n\t\t<div class=\"edgtf-post-read-more-button\">\n\t\t<a itemprop=\"url\" href=\"https:\/\/lamostradevalencia.com\/ca\/el-palau-de-la-musica-presenta-la-marca-mostra365-que-inclou-iniciatives-pedagogiques-per-a-joves-divulgatives-i-trobades-interdisciplinaries\/\" target=\"_self\"  class=\"edgtf-btn edgtf-btn-medium edgtf-btn-simple edgtf-btn- edgtf-blog-list-button edgtf-hover-animation\"  >    <span class=\"edgtf-btn-text\">Llegir m\u00e9s<\/span>    <\/a>\t<\/div>\n\t        <\/div>\n        <\/div>\n\t<\/div>\n<\/li><li class=\"edgtf-bl-item edgtf-item-space clearfix\">\n\t<div class=\"edgtf-bli-inner\">\n\t\t\n\t<div class=\"edgtf-post-image\">\n\t\t            <a itemprop=\"url\" href=\"https:\/\/lamostradevalencia.com\/ca\/les-dones-migrants-acaparen-el-palmares-de-la-40a-mostra-de-valencia\/\" title=\"Les dones migrants acaparen el palmar\u00e9s de la 40a Mostra de Val\u00e8ncia\">\n\t\t\t\t\t<img loading=\"lazy\" decoding=\"async\" width=\"550\" height=\"550\" src=\"https:\/\/lamostradevalencia.com\/wp-content\/uploads\/2025\/11\/PHOTO-2025-11-02-19-15-05-550x550.jpg\" class=\"attachment-cinerama_edge_image_square size-cinerama_edge_image_square wp-post-image\" alt=\"\" srcset=\"https:\/\/lamostradevalencia.com\/wp-content\/uploads\/2025\/11\/PHOTO-2025-11-02-19-15-05-550x550.jpg 550w, https:\/\/lamostradevalencia.com\/wp-content\/uploads\/2025\/11\/PHOTO-2025-11-02-19-15-05-150x150.jpg 150w\" sizes=\"auto, (max-width: 550px) 100vw, 550px\" \/>\t\t\t\t\t\t\t\t\t<\/a>\n\t\t\t\t\t<\/div>\n        <div class=\"edgtf-bli-content\">\n                            <div class=\"edgtf-bli-info\">\n\t                <div itemprop=\"dateCreated\" class=\"edgtf-post-info-date entry-date published updated\">\n\t\t\t<a itemprop=\"url\" href=\"https:\/\/lamostradevalencia.com\/ca\/2025\/11\/\">\n\t\t\t\t\t\t2 de novembre de 2025\t\t<\/a>\n\t\t<meta itemprop=\"interactionCount\" content=\"UserComments: 0\"\/>\n<\/div><div class=\"edgtf-post-info-author\">\n    <span class=\"edgtf-post-info-author-text\">\n        per    <\/span>\n    <a itemprop=\"author\" class=\"edgtf-post-info-author-link\" href=\"https:\/\/lamostradevalencia.com\/ca\/author\/mostravalencia\/\">\n        Mostra de Val\u00e8ncia    <\/a>\n<\/div><div class=\"edgtf-post-info-category\">\n    <a href=\"https:\/\/lamostradevalencia.com\/ca\/secciones\/noticies\/\" rel=\"category tag\">Noticies<\/a><\/div>                <\/div>\n            \t\n\t        \n<h5 itemprop=\"name\" class=\"entry-title edgtf-post-title\" >\n            <a itemprop=\"url\" href=\"https:\/\/lamostradevalencia.com\/ca\/les-dones-migrants-acaparen-el-palmares-de-la-40a-mostra-de-valencia\/\" title=\"Les dones migrants acaparen el palmar\u00e9s de la 40a Mostra de Val\u00e8ncia\">\n            Les dones migrants acaparen el palmar\u00e9s de la 40a Mostra de Val\u00e8ncia            <\/a>\n    <\/h5>\t\n\t        <div class=\"edgtf-bli-excerpt\">\n\t\t        \t\t<div class=\"edgtf-post-excerpt-holder\">\n\t\t\t<p itemprop=\"description\" class=\"edgtf-post-excerpt\">\n\t\t\t\t\u2018Aisha Can\u00b4t Fly Away\u2019 i \u2018Pieces of a foreign life\u2019, protagonitzades per exiliades, destaquen en el palmar\u00e9s\r\nEn una edici\u00f3, la n\u00famero 40, la Secci\u00f3 Oficial de la qual va estar marcada per les migracions i els personatges femenins, el palmar\u00e9s\t\t\t<\/p>\n\t\t<\/div>\n\t\t<div class=\"edgtf-post-read-more-button\">\n\t\t<a itemprop=\"url\" href=\"https:\/\/lamostradevalencia.com\/ca\/les-dones-migrants-acaparen-el-palmares-de-la-40a-mostra-de-valencia\/\" target=\"_self\"  class=\"edgtf-btn edgtf-btn-medium edgtf-btn-simple edgtf-btn- edgtf-blog-list-button edgtf-hover-animation\"  >    <span class=\"edgtf-btn-text\">Llegir m\u00e9s<\/span>    <\/a>\t<\/div>\n\t        <\/div>\n        <\/div>\n\t<\/div>\n<\/li><li class=\"edgtf-bl-item edgtf-item-space clearfix\">\n\t<div class=\"edgtf-bli-inner\">\n\t\t\n\t<div class=\"edgtf-post-image\">\n\t\t            <a itemprop=\"url\" href=\"https:\/\/lamostradevalencia.com\/ca\/fernando-bovaira-el-cinema-a-principis-del-segle-xxi-era-molt-mes-arriscat-que-lactual\/\" title=\"Fernando Bovaira: \u201cEl cinema a principis del segle XXI era molt m\u00e9s arriscat que l\u2019actual\u201d\">\n\t\t\t\t\t<img loading=\"lazy\" decoding=\"async\" width=\"550\" height=\"550\" src=\"https:\/\/lamostradevalencia.com\/wp-content\/uploads\/2025\/11\/PHOTO-2025-11-01-19-22-01-550x550.jpg\" class=\"attachment-cinerama_edge_image_square size-cinerama_edge_image_square wp-post-image\" alt=\"\" srcset=\"https:\/\/lamostradevalencia.com\/wp-content\/uploads\/2025\/11\/PHOTO-2025-11-01-19-22-01-550x550.jpg 550w, https:\/\/lamostradevalencia.com\/wp-content\/uploads\/2025\/11\/PHOTO-2025-11-01-19-22-01-150x150.jpg 150w\" sizes=\"auto, (max-width: 550px) 100vw, 550px\" \/>\t\t\t\t\t\t\t\t\t<\/a>\n\t\t\t\t\t<\/div>\n        <div class=\"edgtf-bli-content\">\n                            <div class=\"edgtf-bli-info\">\n\t                <div itemprop=\"dateCreated\" class=\"edgtf-post-info-date entry-date published updated\">\n\t\t\t<a itemprop=\"url\" href=\"https:\/\/lamostradevalencia.com\/ca\/2025\/11\/\">\n\t\t\t\t\t\t2 de novembre de 2025\t\t<\/a>\n\t\t<meta itemprop=\"interactionCount\" content=\"UserComments: 0\"\/>\n<\/div><div class=\"edgtf-post-info-author\">\n    <span class=\"edgtf-post-info-author-text\">\n        per    <\/span>\n    <a itemprop=\"author\" class=\"edgtf-post-info-author-link\" href=\"https:\/\/lamostradevalencia.com\/ca\/author\/contenidos\/\">\n        contenidos    <\/a>\n<\/div><div class=\"edgtf-post-info-category\">\n    <a href=\"https:\/\/lamostradevalencia.com\/ca\/secciones\/uncategorized-ca\/\" rel=\"category tag\">Uncategorized @ca<\/a><\/div>                <\/div>\n            \t\n\t        \n<h5 itemprop=\"name\" class=\"entry-title edgtf-post-title\" >\n            <a itemprop=\"url\" href=\"https:\/\/lamostradevalencia.com\/ca\/fernando-bovaira-el-cinema-a-principis-del-segle-xxi-era-molt-mes-arriscat-que-lactual\/\" title=\"Fernando Bovaira: \u201cEl cinema a principis del segle XXI era molt m\u00e9s arriscat que l\u2019actual\u201d\">\n            Fernando Bovaira: \u201cEl cinema a principis del segle XXI era molt m\u00e9s arriscat que l\u2019actual\u201d            <\/a>\n    <\/h5>\t\n\t        <div class=\"edgtf-bli-excerpt\">\n\t\t        \t\t<div class=\"edgtf-post-excerpt-holder\">\n\t\t\t<p itemprop=\"description\" class=\"edgtf-post-excerpt\">\n\t\t\t\tEl productor arreplegar\u00e0 aquesta vesprada la Palmera d'Honor de la Mostra de Val\u00e8ncia de mans d'Alejandro Amen\u00e1bar\r\nEl productor cinematogr\u00e0fic Fernando Bovaira, que esta nit rebr\u00e0 la Palmera d\u2019Honor de la Mostra de Val\u00e8ncia-Cinema del Mediterrani, va mantindre ahir una trobada\t\t\t<\/p>\n\t\t<\/div>\n\t\t<div class=\"edgtf-post-read-more-button\">\n\t\t<a itemprop=\"url\" href=\"https:\/\/lamostradevalencia.com\/ca\/fernando-bovaira-el-cinema-a-principis-del-segle-xxi-era-molt-mes-arriscat-que-lactual\/\" target=\"_self\"  class=\"edgtf-btn edgtf-btn-medium edgtf-btn-simple edgtf-btn- edgtf-blog-list-button edgtf-hover-animation\"  >    <span class=\"edgtf-btn-text\">Llegir m\u00e9s<\/span>    <\/a>\t<\/div>\n\t        <\/div>\n        <\/div>\n\t<\/div>\n<\/li><li class=\"edgtf-bl-item edgtf-item-space clearfix\">\n\t<div class=\"edgtf-bli-inner\">\n\t\t\n\t<div class=\"edgtf-post-image\">\n\t\t            <a itemprop=\"url\" href=\"https:\/\/lamostradevalencia.com\/ca\/primeira-pessoa-do-plural-un-experiment-temporal-del-portugal-per-tancar-la-seccio-oficial-de-la-mostra\/\" title=\"\u2018Primeira pessoa do plural\u2019: un experiment temporal del portugu\u00e9s Sandro Aguilar per tancar la Secci\u00f3 Oficial de la Mostra\">\n\t\t\t\t\t<img loading=\"lazy\" decoding=\"async\" width=\"550\" height=\"550\" src=\"https:\/\/lamostradevalencia.com\/wp-content\/uploads\/2025\/11\/PHOTO-2025-11-01-18-09-27-550x550.jpg\" class=\"attachment-cinerama_edge_image_square size-cinerama_edge_image_square wp-post-image\" alt=\"\" srcset=\"https:\/\/lamostradevalencia.com\/wp-content\/uploads\/2025\/11\/PHOTO-2025-11-01-18-09-27-550x550.jpg 550w, https:\/\/lamostradevalencia.com\/wp-content\/uploads\/2025\/11\/PHOTO-2025-11-01-18-09-27-150x150.jpg 150w\" sizes=\"auto, (max-width: 550px) 100vw, 550px\" \/>\t\t\t\t\t\t\t\t\t<\/a>\n\t\t\t\t\t<\/div>\n        <div class=\"edgtf-bli-content\">\n                            <div class=\"edgtf-bli-info\">\n\t                <div itemprop=\"dateCreated\" class=\"edgtf-post-info-date entry-date published updated\">\n\t\t\t<a itemprop=\"url\" href=\"https:\/\/lamostradevalencia.com\/ca\/2025\/11\/\">\n\t\t\t\t\t\t1 de novembre de 2025\t\t<\/a>\n\t\t<meta itemprop=\"interactionCount\" content=\"UserComments: 0\"\/>\n<\/div><div class=\"edgtf-post-info-author\">\n    <span class=\"edgtf-post-info-author-text\">\n        per    <\/span>\n    <a itemprop=\"author\" class=\"edgtf-post-info-author-link\" href=\"https:\/\/lamostradevalencia.com\/ca\/author\/contenidos\/\">\n        contenidos    <\/a>\n<\/div><div class=\"edgtf-post-info-category\">\n    <a href=\"https:\/\/lamostradevalencia.com\/ca\/secciones\/noticies\/\" rel=\"category tag\">Noticies<\/a><\/div>                <\/div>\n            \t\n\t        \n<h5 itemprop=\"name\" class=\"entry-title edgtf-post-title\" >\n            <a itemprop=\"url\" href=\"https:\/\/lamostradevalencia.com\/ca\/primeira-pessoa-do-plural-un-experiment-temporal-del-portugal-per-tancar-la-seccio-oficial-de-la-mostra\/\" title=\"\u2018Primeira pessoa do plural\u2019: un experiment temporal del portugu\u00e9s Sandro Aguilar per tancar la Secci\u00f3 Oficial de la Mostra\">\n            \u2018Primeira pessoa do plural\u2019: un experiment temporal del portugu\u00e9s Sandro Aguilar per tancar la Secci\u00f3 Oficial de la Mostra            <\/a>\n    <\/h5>\t\n\t        <div class=\"edgtf-bli-excerpt\">\n\t\t        \t\t<div class=\"edgtf-post-excerpt-holder\">\n\t\t\t<p itemprop=\"description\" class=\"edgtf-post-excerpt\">\n\t\t\t\t\u00daltima candidata a la Palmera d\u2019Or del certamen, \u2018Primeira pessoa do plural\u2019 explora la p\u00e8rdua i la imaginaci\u00f3 com a mecanisme de defensa\r\n\r\nHi ha pel\u00b7l\u00edcules, com aquesta, que s\u2019han de veure amb els ulls ben oberts. Perqu\u00e8, per comen\u00e7ar, posen\t\t\t<\/p>\n\t\t<\/div>\n\t\t<div class=\"edgtf-post-read-more-button\">\n\t\t<a itemprop=\"url\" href=\"https:\/\/lamostradevalencia.com\/ca\/primeira-pessoa-do-plural-un-experiment-temporal-del-portugal-per-tancar-la-seccio-oficial-de-la-mostra\/\" target=\"_self\"  class=\"edgtf-btn edgtf-btn-medium edgtf-btn-simple edgtf-btn- edgtf-blog-list-button edgtf-hover-animation\"  >    <span class=\"edgtf-btn-text\">Llegir m\u00e9s<\/span>    <\/a>\t<\/div>\n\t        <\/div>\n        <\/div>\n\t<\/div>\n<\/li><li class=\"edgtf-bl-item edgtf-item-space clearfix\">\n\t<div class=\"edgtf-bli-inner\">\n\t\t\n\t<div class=\"edgtf-post-image\">\n\t\t            <a itemprop=\"url\" href=\"https:\/\/lamostradevalencia.com\/ca\/la-mostra-uneix-musica-i-cinema-amb-el-canto-de-las-manos-el-debut-com-a-directora-de-maria-valverde\/\" title=\"La Mostra uneix m\u00fasica i cinema amb \u2018El canto de las manos\u2019, el debut com a directora de Mar\u00eda Valverde\">\n\t\t\t\t\t<img loading=\"lazy\" decoding=\"async\" width=\"550\" height=\"550\" src=\"https:\/\/lamostradevalencia.com\/wp-content\/uploads\/2025\/11\/PHOTO-2025-11-01-17-59-08-550x550.jpg\" class=\"attachment-cinerama_edge_image_square size-cinerama_edge_image_square wp-post-image\" alt=\"\" srcset=\"https:\/\/lamostradevalencia.com\/wp-content\/uploads\/2025\/11\/PHOTO-2025-11-01-17-59-08-550x550.jpg 550w, https:\/\/lamostradevalencia.com\/wp-content\/uploads\/2025\/11\/PHOTO-2025-11-01-17-59-08-150x150.jpg 150w\" sizes=\"auto, (max-width: 550px) 100vw, 550px\" \/>\t\t\t\t\t\t\t\t\t<\/a>\n\t\t\t\t\t<\/div>\n        <div class=\"edgtf-bli-content\">\n                            <div class=\"edgtf-bli-info\">\n\t                <div itemprop=\"dateCreated\" class=\"edgtf-post-info-date entry-date published updated\">\n\t\t\t<a itemprop=\"url\" href=\"https:\/\/lamostradevalencia.com\/ca\/2025\/11\/\">\n\t\t\t\t\t\t1 de novembre de 2025\t\t<\/a>\n\t\t<meta itemprop=\"interactionCount\" content=\"UserComments: 0\"\/>\n<\/div><div class=\"edgtf-post-info-author\">\n    <span class=\"edgtf-post-info-author-text\">\n        per    <\/span>\n    <a itemprop=\"author\" class=\"edgtf-post-info-author-link\" href=\"https:\/\/lamostradevalencia.com\/ca\/author\/mostravalencia\/\">\n        Mostra de Val\u00e8ncia    <\/a>\n<\/div><div class=\"edgtf-post-info-category\">\n    <a href=\"https:\/\/lamostradevalencia.com\/ca\/secciones\/noticies\/\" rel=\"category tag\">Noticies<\/a>, <a href=\"https:\/\/lamostradevalencia.com\/ca\/secciones\/uncategorized-ca\/\" rel=\"category tag\">Uncategorized @ca<\/a><\/div>                <\/div>\n            \t\n\t        \n<h5 itemprop=\"name\" class=\"entry-title edgtf-post-title\" >\n            <a itemprop=\"url\" href=\"https:\/\/lamostradevalencia.com\/ca\/la-mostra-uneix-musica-i-cinema-amb-el-canto-de-las-manos-el-debut-com-a-directora-de-maria-valverde\/\" title=\"La Mostra uneix m\u00fasica i cinema amb \u2018El canto de las manos\u2019, el debut com a directora de Mar\u00eda Valverde\">\n            La Mostra uneix m\u00fasica i cinema amb \u2018El canto de las manos\u2019, el debut com a directora de Mar\u00eda Valverde            <\/a>\n    <\/h5>\t\n\t        <div class=\"edgtf-bli-excerpt\">\n\t\t        \t\t<div class=\"edgtf-post-excerpt-holder\">\n\t\t\t<p itemprop=\"description\" class=\"edgtf-post-excerpt\">\n\t\t\t\t\u00a0\u201cVa sorgir de la necessitat de narrar una part del treball del meu marit, Gustavo Dudamel\u201d, assegura l\u2019actriu\r\n\r\nLa m\u00fasica t\u00e9 el poder de transformar vides, enderrocar barreres i unir mons aparentment oposats. Este \u00e9s l\u2019esperit que guia \u2018El canto de\t\t\t<\/p>\n\t\t<\/div>\n\t\t<div class=\"edgtf-post-read-more-button\">\n\t\t<a itemprop=\"url\" href=\"https:\/\/lamostradevalencia.com\/ca\/la-mostra-uneix-musica-i-cinema-amb-el-canto-de-las-manos-el-debut-com-a-directora-de-maria-valverde\/\" target=\"_self\"  class=\"edgtf-btn edgtf-btn-medium edgtf-btn-simple edgtf-btn- edgtf-blog-list-button edgtf-hover-animation\"  >    <span class=\"edgtf-btn-text\">Llegir m\u00e9s<\/span>    <\/a>\t<\/div>\n\t        <\/div>\n        <\/div>\n\t<\/div>\n<\/li><li class=\"edgtf-bl-item edgtf-item-space clearfix\">\n\t<div class=\"edgtf-bli-inner\">\n\t\t\n\t<div class=\"edgtf-post-image\">\n\t\t            <a itemprop=\"url\" href=\"https:\/\/lamostradevalencia.com\/ca\/alejandro-amenabar-el-public-em-va-protegir-de-harvey-weinstein\/\" title=\"Alejandro Amen\u00e1bar: \u201cEl p\u00fablic em va protegir de Harvey Weinstein\u201d\">\n\t\t\t\t\t<img loading=\"lazy\" decoding=\"async\" width=\"550\" height=\"550\" src=\"https:\/\/lamostradevalencia.com\/wp-content\/uploads\/2025\/11\/PHOTO-2025-11-01-14-39-00-550x550.jpg\" class=\"attachment-cinerama_edge_image_square size-cinerama_edge_image_square wp-post-image\" alt=\"\" srcset=\"https:\/\/lamostradevalencia.com\/wp-content\/uploads\/2025\/11\/PHOTO-2025-11-01-14-39-00-550x550.jpg 550w, https:\/\/lamostradevalencia.com\/wp-content\/uploads\/2025\/11\/PHOTO-2025-11-01-14-39-00-150x150.jpg 150w\" sizes=\"auto, (max-width: 550px) 100vw, 550px\" \/>\t\t\t\t\t\t\t\t\t<\/a>\n\t\t\t\t\t<\/div>\n        <div class=\"edgtf-bli-content\">\n                            <div class=\"edgtf-bli-info\">\n\t                <div itemprop=\"dateCreated\" class=\"edgtf-post-info-date entry-date published updated\">\n\t\t\t<a itemprop=\"url\" href=\"https:\/\/lamostradevalencia.com\/ca\/2025\/11\/\">\n\t\t\t\t\t\t1 de novembre de 2025\t\t<\/a>\n\t\t<meta itemprop=\"interactionCount\" content=\"UserComments: 0\"\/>\n<\/div><div class=\"edgtf-post-info-author\">\n    <span class=\"edgtf-post-info-author-text\">\n        per    <\/span>\n    <a itemprop=\"author\" class=\"edgtf-post-info-author-link\" href=\"https:\/\/lamostradevalencia.com\/ca\/author\/contenidos\/\">\n        contenidos    <\/a>\n<\/div><div class=\"edgtf-post-info-category\">\n    <a href=\"https:\/\/lamostradevalencia.com\/ca\/secciones\/noticies\/\" rel=\"category tag\">Noticies<\/a>, <a href=\"https:\/\/lamostradevalencia.com\/ca\/secciones\/uncategorized-ca\/\" rel=\"category tag\">Uncategorized @ca<\/a><\/div>                <\/div>\n            \t\n\t        \n<h5 itemprop=\"name\" class=\"entry-title edgtf-post-title\" >\n            <a itemprop=\"url\" href=\"https:\/\/lamostradevalencia.com\/ca\/alejandro-amenabar-el-public-em-va-protegir-de-harvey-weinstein\/\" title=\"Alejandro Amen\u00e1bar: \u201cEl p\u00fablic em va protegir de Harvey Weinstein\u201d\">\n            Alejandro Amen\u00e1bar: \u201cEl p\u00fablic em va protegir de Harvey Weinstein\u201d            <\/a>\n    <\/h5>\t\n\t        <div class=\"edgtf-bli-excerpt\">\n\t\t        \t\t<div class=\"edgtf-post-excerpt-holder\">\n\t\t\t<p itemprop=\"description\" class=\"edgtf-post-excerpt\">\n\t\t\t\tEl cineasta ha impartit una masterclass al Palau de la M\u00fasica com a part del cicle Paraula de Guionista de l\u2019EDAV durant la Mostra de Val\u00e8ncia\r\nEl cineasta Alejandro Amen\u00e1bar ha oferit este mat\u00ed una classe magistral al Palau de la\t\t\t<\/p>\n\t\t<\/div>\n\t\t<div class=\"edgtf-post-read-more-button\">\n\t\t<a itemprop=\"url\" href=\"https:\/\/lamostradevalencia.com\/ca\/alejandro-amenabar-el-public-em-va-protegir-de-harvey-weinstein\/\" target=\"_self\"  class=\"edgtf-btn edgtf-btn-medium edgtf-btn-simple edgtf-btn- edgtf-blog-list-button edgtf-hover-animation\"  >    <span class=\"edgtf-btn-text\">Llegir m\u00e9s<\/span>    <\/a>\t<\/div>\n\t        <\/div>\n        <\/div>\n\t<\/div>\n<\/li>\t\t<\/ul>\n\t<\/div>\n\t<\/div>[\/vc_column][\/vc_row][vc_row row_content_width=&#8221;grid&#8221;][vc_column]<div class=\"templatera_shortcode .hidden\"><style type=\"text\/css\" data-type=\"vc_shortcodes-default-css\">.vc_do_custom_heading{margin-bottom:0.625rem;margin-top:0;}.vc_do_custom_heading{margin-bottom:0.625rem;margin-top:0;}.vc_do_btn{margin-bottom:22px;}<\/style><style type=\"text\/css\" data-type=\"vc_shortcodes-custom-css\">.vc_custom_1689767925591{padding-right: 90px !important;padding-left: 90px !important;background-color: #ee6a41 !important;}.vc_custom_1689766286896{padding-right: 20px !important;padding-left: 20px !important;background-color: #ee6a41 !important;}.vc_custom_1689768142516{padding-right: 25% !important;}.vc_custom_1689765894814{margin-top: -100px !important;margin-bottom: -25px !important;}.vc_custom_1689767021905{margin-top: -250px !important;margin-bottom: 25px !important;}<\/style><div class=\"vc_row wpb_row vc_row-fluid banner-newsletter vc_custom_1689767925591 vc_row-has-fill vc_row-o-content-middle vc_row-flex\" ><div class=\"wpb_column vc_column_container vc_col-sm-9 vc_hidden-xs\"><div class=\"vc_column-inner\"><div class=\"wpb_wrapper\"><div style=\"font-size: 26px;color: #ffffff;line-height: 36px;text-align: left\" class=\"vc_custom_heading vc_do_custom_heading vc_custom_1689768142516\" >Vols estar al dia de totes les novetats de la Mostra de Val\u00e8ncia?<\/div><div class=\"vc_empty_space\"   style=\"height: 10px\"><span class=\"vc_empty_space_inner\"><\/span><\/div><div style=\"font-size: 34px;color: #ffffff;line-height: 44px;text-align: left\" class=\"vc_custom_heading vc_do_custom_heading\" >SUBSCRIU-TE A LA NOSTRA NEWSLETTER!<\/div><div class=\"vc_empty_space\"   style=\"height: 25px\"><span class=\"vc_empty_space_inner\"><\/span><\/div><div class=\"vc_btn3-container vc_btn3-inline vc_do_btn\" ><a class=\"vc_general vc_btn3 vc_btn3-size-md vc_btn3-shape-square vc_btn3-style-classic vc_btn3-color-white\" href=\"https:\/\/lamostradevalencia.com\/ca\/newsletter\/\" title=\"\"><b>M\u00c9S INFORMACI\u00d3<\/b><\/a><\/div><\/div><\/div><\/div><div class=\"wpb_column vc_column_container vc_col-sm-3 vc_hidden-xs\"><div class=\"vc_column-inner\"><div class=\"wpb_wrapper\">\n\t<div  class=\"wpb_single_image wpb_content_element vc_align_right wpb_content_element vc_custom_1689765894814\">\n\t\t\n\t\t<figure class=\"wpb_wrapper vc_figure\">\n\t\t\t<div class=\"vc_single_image-wrapper   vc_box_border_grey\"><img loading=\"lazy\" decoding=\"async\" width=\"193\" height=\"397\" src=\"https:\/\/lamostradevalencia.com\/wp-content\/uploads\/2023\/07\/movil-mostra.png\" class=\"vc_single_image-img attachment-full\" alt=\"\" title=\"movil-mostra\" srcset=\"https:\/\/lamostradevalencia.com\/wp-content\/uploads\/2023\/07\/movil-mostra.png 193w, https:\/\/lamostradevalencia.com\/wp-content\/uploads\/2023\/07\/movil-mostra-146x300.png 146w\" sizes=\"auto, (max-width: 193px) 100vw, 193px\" \/><\/div>\n\t\t<\/figure>\n\t<\/div>\n<\/div><\/div><\/div><\/div><div class=\"vc_row wpb_row vc_row-fluid\" ><div class=\"wpb_column vc_column_container vc_col-sm-12 vc_hidden-lg vc_hidden-md vc_hidden-sm\"><div class=\"vc_column-inner\"><div class=\"wpb_wrapper\"><div class=\"vc_empty_space\"   style=\"height: 300px\"><span class=\"vc_empty_space_inner\"><\/span><\/div><\/div><\/div><\/div><\/div><div class=\"vc_row wpb_row vc_row-fluid banner-newsletter vc_custom_1689766286896 vc_row-has-fill vc_row-o-content-middle vc_row-flex\" ><div class=\"wpb_column vc_column_container vc_col-sm-12 vc_hidden-lg vc_hidden-md vc_hidden-sm\"><div class=\"vc_column-inner\"><div class=\"wpb_wrapper\">\n\t<div  class=\"wpb_single_image wpb_content_element vc_align_center wpb_content_element vc_custom_1689767021905\">\n\t\t\n\t\t<figure class=\"wpb_wrapper vc_figure\">\n\t\t\t<div class=\"vc_single_image-wrapper   vc_box_border_grey\"><img loading=\"lazy\" decoding=\"async\" width=\"193\" height=\"397\" src=\"https:\/\/lamostradevalencia.com\/wp-content\/uploads\/2023\/07\/movil-mostra.png\" class=\"vc_single_image-img attachment-full\" alt=\"\" title=\"movil-mostra\" srcset=\"https:\/\/lamostradevalencia.com\/wp-content\/uploads\/2023\/07\/movil-mostra.png 193w, https:\/\/lamostradevalencia.com\/wp-content\/uploads\/2023\/07\/movil-mostra-146x300.png 146w\" sizes=\"auto, (max-width: 193px) 100vw, 193px\" \/><\/div>\n\t\t<\/figure>\n\t<\/div>\n<div style=\"font-size: 20px;color: #ffffff;line-height: 30px;text-align: left\" class=\"vc_custom_heading vc_do_custom_heading\" >Vols estar al dia de totes les novetats de la Mostra de Val\u00e8ncia?<\/div><div class=\"vc_empty_space\"   style=\"height: 10px\"><span class=\"vc_empty_space_inner\"><\/span><\/div><div style=\"font-size: 28px;color: #ffffff;line-height: 38px;text-align: left\" class=\"vc_custom_heading vc_do_custom_heading\" >\u00a1SUSCR\u00cdBETE A NUESTRA NEWSLETTER!<\/div><div class=\"vc_empty_space\"   style=\"height: 25px\"><span class=\"vc_empty_space_inner\"><\/span><\/div><div class=\"vc_btn3-container vc_btn3-inline vc_do_btn\" ><a class=\"vc_general vc_btn3 vc_btn3-size-md vc_btn3-shape-square vc_btn3-style-classic vc_btn3-color-white\" href=\"https:\/\/lamostradevalencia.com\/ca\/newsletter\/\" title=\"\"><b>M\u00c9S INFORMACI\u00d3<\/b><\/a><\/div><div class=\"vc_empty_space\"   style=\"height: 20px\"><span class=\"vc_empty_space_inner\"><\/span><\/div><\/div><\/div><\/div><\/div><div class=\"vc_row wpb_row vc_row-fluid\" ><div class=\"wpb_column vc_column_container vc_col-sm-12\"><div class=\"vc_column-inner\"><div class=\"wpb_wrapper\"><div class=\"vc_empty_space\"   style=\"height: 100px\"><span class=\"vc_empty_space_inner\"><\/span><\/div><\/div><\/div><\/div><\/div><\/div>[\/vc_column][\/vc_row][vc_row disable_element=&#8221;yes&#8221;][vc_column]<div class=\"edgtf-section-title-holder  edgtf-st-standard edgtf-st-title-left edgtf-st-ratio-1-2 edgtf-st-large-space\" style=\"text-align: center\">\n\t<div class=\"edgtf-st-inner\">\n\t\t\t\t\t<h3 class=\"edgtf-st-title\" >\n\t\t\t\tENTITATS\t\t\t<\/h3>\n\t\t\t\t\t<\/div>\n<\/div>[vc_empty_space][vc_single_image image=&#8221;24917&#8243; img_size=&#8221;full&#8221; alignment=&#8221;center&#8221; css=&#8221;&#8221;][vc_empty_space][\/vc_column][\/vc_row]<\/p>\n<\/div>","protected":false},"excerpt":{"rendered":"El cineasta ha impartit una masterclass al Palau de la M\u00fasica com a part del cicle Paraula de Guionista de l\u2019EDAV durant la Mostra de [...]","protected":false},"author":1,"featured_media":0,"parent":0,"menu_order":0,"comment_status":"closed","ping_status":"closed","template":"full-width.php","meta":{"_uag_custom_page_level_css":"","_jet_sm_ready_style":"","_jet_sm_style":"","_jet_sm_controls_values":"","_jet_sm_fonts_collection":"","_jet_sm_fonts_links":"","footnotes":""},"class_list":["post-30953","page","type-page","status-publish","hentry"],"yoast_head":"<!-- This site is optimized with the Yoast SEO plugin v27.5 - https:\/\/yoast.com\/product\/yoast-seo-wordpress\/ -->\n<title>Mostra de Val\u00e8ncia - Cinema del Mediterrani<\/title>\n<meta name=\"description\" content=\"Mostra de Val\u00e8ncia \u2013Cinema del Mediterrani \u00e9s un festival de cine que se celebra a Val\u00e8ncia i que se centra en la producci\u00f3 audiovisual de l&#039;\u00e0mbit geogr\u00e0fic i cultural mediterrani.\" \/>\n<meta name=\"robots\" content=\"index, follow, max-snippet:-1, max-image-preview:large, max-video-preview:-1\" \/>\n<link rel=\"canonical\" href=\"https:\/\/lamostradevalencia.com\/ca\/\" \/>\n<meta property=\"og:locale\" content=\"ca_ES\" \/>\n<meta property=\"og:type\" content=\"article\" \/>\n<meta property=\"og:title\" content=\"Mostra de Val\u00e8ncia - Cinema del Mediterrani\" \/>\n<meta property=\"og:description\" content=\"Mostra de Val\u00e8ncia \u2013Cinema del Mediterrani \u00e9s un festival de cine que se celebra a Val\u00e8ncia i que se centra en la producci\u00f3 audiovisual de l&#039;\u00e0mbit geogr\u00e0fic i cultural mediterrani.\" \/>\n<meta property=\"og:url\" content=\"https:\/\/lamostradevalencia.com\/ca\/\" \/>\n<meta property=\"og:site_name\" content=\"Mostra de Val\u00e8ncia\" \/>\n<meta property=\"article:modified_time\" content=\"2026-04-24T09:43:00+00:00\" \/>\n<meta property=\"og:image\" content=\"https:\/\/lamostradevalencia.com\/wp-content\/uploads\/2026\/02\/va.png\" \/>\n\t<meta property=\"og:image:width\" content=\"1702\" \/>\n\t<meta property=\"og:image:height\" content=\"630\" \/>\n\t<meta property=\"og:image:type\" content=\"image\/png\" \/>\n<meta name=\"twitter:card\" content=\"summary_large_image\" \/>\n<meta name=\"twitter:image\" content=\"https:\/\/lamostradevalencia.com\/wp-content\/uploads\/2026\/02\/va.png\" \/>\n<meta name=\"twitter:label1\" content=\"Temps estimat de lectura\" \/>\n\t<meta name=\"twitter:data1\" content=\"1 minut\" \/>\n<script type=\"application\/ld+json\" class=\"yoast-schema-graph\">{\"@context\":\"https:\\\/\\\/schema.org\",\"@graph\":[{\"@type\":\"WebPage\",\"@id\":\"https:\\\/\\\/lamostradevalencia.com\\\/ca\\\/\",\"url\":\"https:\\\/\\\/lamostradevalencia.com\\\/ca\\\/\",\"name\":\"Mostra de Val\u00e8ncia - Cinema del Mediterrani\",\"isPartOf\":{\"@id\":\"https:\\\/\\\/lamostradevalencia.com\\\/ca\\\/#website\"},\"datePublished\":\"2026-02-24T22:51:40+00:00\",\"dateModified\":\"2026-04-24T09:43:00+00:00\",\"description\":\"Mostra de Val\u00e8ncia \u2013Cinema del Mediterrani \u00e9s un festival de cine que se celebra a Val\u00e8ncia i que se centra en la producci\u00f3 audiovisual de l'\u00e0mbit geogr\u00e0fic i cultural mediterrani.\",\"breadcrumb\":{\"@id\":\"https:\\\/\\\/lamostradevalencia.com\\\/ca\\\/#breadcrumb\"},\"inLanguage\":\"ca\",\"potentialAction\":[{\"@type\":\"ReadAction\",\"target\":[\"https:\\\/\\\/lamostradevalencia.com\\\/ca\\\/\"]}]},{\"@type\":\"BreadcrumbList\",\"@id\":\"https:\\\/\\\/lamostradevalencia.com\\\/ca\\\/#breadcrumb\",\"itemListElement\":[{\"@type\":\"ListItem\",\"position\":1,\"name\":\"Portada\",\"item\":\"https:\\\/\\\/lamostradevalencia.com\\\/ca\\\/\"},{\"@type\":\"ListItem\",\"position\":2,\"name\":\"Inici 2026\"}]},{\"@type\":\"WebSite\",\"@id\":\"https:\\\/\\\/lamostradevalencia.com\\\/ca\\\/#website\",\"url\":\"https:\\\/\\\/lamostradevalencia.com\\\/ca\\\/\",\"name\":\"Mostra de Val\u00e8ncia\",\"description\":\"Cinema del Mediterrani\",\"potentialAction\":[{\"@type\":\"SearchAction\",\"target\":{\"@type\":\"EntryPoint\",\"urlTemplate\":\"https:\\\/\\\/lamostradevalencia.com\\\/ca\\\/?s={search_term_string}\"},\"query-input\":{\"@type\":\"PropertyValueSpecification\",\"valueRequired\":true,\"valueName\":\"search_term_string\"}}],\"inLanguage\":\"ca\"}]}<\/script>\n<!-- \/ Yoast SEO plugin. -->","yoast_head_json":{"title":"Mostra de Val\u00e8ncia - Cinema del Mediterrani","description":"Mostra de Val\u00e8ncia \u2013Cinema del Mediterrani \u00e9s un festival de cine que se celebra a Val\u00e8ncia i que se centra en la producci\u00f3 audiovisual de l'\u00e0mbit geogr\u00e0fic i cultural mediterrani.","robots":{"index":"index","follow":"follow","max-snippet":"max-snippet:-1","max-image-preview":"max-image-preview:large","max-video-preview":"max-video-preview:-1"},"canonical":"https:\/\/lamostradevalencia.com\/ca\/","og_locale":"ca_ES","og_type":"article","og_title":"Mostra de Val\u00e8ncia - Cinema del Mediterrani","og_description":"Mostra de Val\u00e8ncia \u2013Cinema del Mediterrani \u00e9s un festival de cine que se celebra a Val\u00e8ncia i que se centra en la producci\u00f3 audiovisual de l'\u00e0mbit geogr\u00e0fic i cultural mediterrani.","og_url":"https:\/\/lamostradevalencia.com\/ca\/","og_site_name":"Mostra de Val\u00e8ncia","article_modified_time":"2026-04-24T09:43:00+00:00","og_image":[{"width":1702,"height":630,"url":"https:\/\/lamostradevalencia.com\/wp-content\/uploads\/2026\/02\/va.png","type":"image\/png"}],"twitter_card":"summary_large_image","twitter_image":"https:\/\/lamostradevalencia.com\/wp-content\/uploads\/2026\/02\/va.png","twitter_misc":{"Temps estimat de lectura":"1 minut"},"schema":{"@context":"https:\/\/schema.org","@graph":[{"@type":"WebPage","@id":"https:\/\/lamostradevalencia.com\/ca\/","url":"https:\/\/lamostradevalencia.com\/ca\/","name":"Mostra de Val\u00e8ncia - Cinema del Mediterrani","isPartOf":{"@id":"https:\/\/lamostradevalencia.com\/ca\/#website"},"datePublished":"2026-02-24T22:51:40+00:00","dateModified":"2026-04-24T09:43:00+00:00","description":"Mostra de Val\u00e8ncia \u2013Cinema del Mediterrani \u00e9s un festival de cine que se celebra a Val\u00e8ncia i que se centra en la producci\u00f3 audiovisual de l'\u00e0mbit geogr\u00e0fic i cultural mediterrani.","breadcrumb":{"@id":"https:\/\/lamostradevalencia.com\/ca\/#breadcrumb"},"inLanguage":"ca","potentialAction":[{"@type":"ReadAction","target":["https:\/\/lamostradevalencia.com\/ca\/"]}]},{"@type":"BreadcrumbList","@id":"https:\/\/lamostradevalencia.com\/ca\/#breadcrumb","itemListElement":[{"@type":"ListItem","position":1,"name":"Portada","item":"https:\/\/lamostradevalencia.com\/ca\/"},{"@type":"ListItem","position":2,"name":"Inici 2026"}]},{"@type":"WebSite","@id":"https:\/\/lamostradevalencia.com\/ca\/#website","url":"https:\/\/lamostradevalencia.com\/ca\/","name":"Mostra de Val\u00e8ncia","description":"Cinema del Mediterrani","potentialAction":[{"@type":"SearchAction","target":{"@type":"EntryPoint","urlTemplate":"https:\/\/lamostradevalencia.com\/ca\/?s={search_term_string}"},"query-input":{"@type":"PropertyValueSpecification","valueRequired":true,"valueName":"search_term_string"}}],"inLanguage":"ca"}]}},"uagb_featured_image_src":{"full":false,"thumbnail":false,"medium":false,"medium_large":false,"large":false,"1536x1536":false,"2048x2048":false,"cinerama_edge_image_square":false,"cinerama_edge_image_landscape":false,"cinerama_edge_image_portrait":false,"cinerama_edge_image_huge":false,"gform-image-choice-sm":false,"gform-image-choice-md":false,"gform-image-choice-lg":false},"uagb_author_info":{"display_name":"Mostra de Val\u00e8ncia","author_link":"https:\/\/lamostradevalencia.com\/ca\/author\/mostravalencia\/"},"uagb_comment_info":0,"uagb_excerpt":null,"_links":{"self":[{"href":"https:\/\/lamostradevalencia.com\/ca\/wp-json\/wp\/v2\/pages\/30953","targetHints":{"allow":["GET"]}}],"collection":[{"href":"https:\/\/lamostradevalencia.com\/ca\/wp-json\/wp\/v2\/pages"}],"about":[{"href":"https:\/\/lamostradevalencia.com\/ca\/wp-json\/wp\/v2\/types\/page"}],"author":[{"embeddable":true,"href":"https:\/\/lamostradevalencia.com\/ca\/wp-json\/wp\/v2\/users\/1"}],"replies":[{"embeddable":true,"href":"https:\/\/lamostradevalencia.com\/ca\/wp-json\/wp\/v2\/comments?post=30953"}],"version-history":[{"count":3,"href":"https:\/\/lamostradevalencia.com\/ca\/wp-json\/wp\/v2\/pages\/30953\/revisions"}],"predecessor-version":[{"id":31056,"href":"https:\/\/lamostradevalencia.com\/ca\/wp-json\/wp\/v2\/pages\/30953\/revisions\/31056"}],"wp:attachment":[{"href":"https:\/\/lamostradevalencia.com\/ca\/wp-json\/wp\/v2\/media?parent=30953"}],"curies":[{"name":"wp","href":"https:\/\/api.w.org\/{rel}","templated":true}]}}