{"id":29665,"date":"2025-10-17T19:51:34","date_gmt":"2025-10-17T17:51:34","guid":{"rendered":"https:\/\/lamostradevalencia.com\/?page_id=29665"},"modified":"2025-10-17T21:03:08","modified_gmt":"2025-10-17T19:03:08","slug":"jurat-internacional-2025","status":"publish","type":"page","link":"https:\/\/lamostradevalencia.com\/ca\/edicio-2025\/jurat-internacional-2025\/","title":{"rendered":"Jurat Internacional"},"content":{"rendered":"<div class=\"wpb-content-wrapper\"><p>[vc_row disable_element=&#8221;yes&#8221;][vc_column][vc_empty_space][vc_custom_heading text=&#8221;COMING SOON&#8221; font_container=&#8221;tag:h2|text_align:center&#8221; use_theme_fonts=&#8221;yes&#8221;][vc_empty_space height=&#8221;100px&#8221;][\/vc_column][\/vc_row][vc_row css=&#8221;.vc_custom_1760725429084{background-color: #0000FF !important;}&#8221;][vc_column][vc_empty_space][vc_custom_heading text=&#8221;SECCI\u00d3 OFICIAL&#8221; font_container=&#8221;tag:h2|text_align:center|color:%23FFFFFF&#8221; use_theme_fonts=&#8221;yes&#8221; css=&#8221;&#8221;][vc_empty_space][\/vc_column][\/vc_row][vc_row equal_height=&#8221;yes&#8221; content_placement=&#8221;middle&#8221; css=&#8221;.vc_custom_1602687382061{margin-top: 30px !important;}&#8221;][vc_column width=&#8221;1\/3&#8243;][vc_single_image image=&#8221;29773&#8243; img_size=&#8221;full&#8221; css=&#8221;&#8221;][\/vc_column][vc_column width=&#8221;2\/3&#8243; css=&#8221;.vc_custom_1538664381630{padding-top: 50px !important;padding-right: 40px !important;padding-bottom: 70px !important;padding-left: 40px !important;}&#8221;][vc_custom_heading text=&#8221;GLORIA MARCH&#8221; use_theme_fonts=&#8221;yes&#8221; css=&#8221;&#8221;][vc_custom_heading text=&#8221;<strong>Presidenta del Jurat Secci\u00f3 Oficial<\/strong>&#8221; font_container=&#8221;tag:div|font_size:20px|text_align:left|line_height:30px&#8221; use_theme_fonts=&#8221;yes&#8221; css=&#8221;&#8221;][vc_column_text css=&#8221;&#8221;]Gloria March \u00e9s llicenciada en Periodisme i actriu. Desenrotlla el seu treball en el teatre al costat de la companyia El Conde de Torrefiel amb els quals actua pels principals festivals d&#8217;Europa, i els directors I\u00f3 Iraizoz i V\u00edctor S\u00e1nchez entre altres. Protagonitza La Mort de Guillem de Carlos Marqu\u00e9s-Marcet, guardonada amb el Premi de l&#8217;Audiovisual Valenci\u00e0 a Millor Actriu i Un Futur de Cinema del festival CinemaJove en 2021. L&#8217;hem pogut vore en s\u00e8ries com a Delta o pel\u00b7l\u00edcules com La buena letra de Celia Rico. Actualment est\u00e0 en cartellera protagonitzant Mario de Guillem Mir\u00f3 i interpretant a Carmen Polo en La cena de Manuel Gomez Pereira. T\u00e9 pendent d&#8217;estrena per al 2026 Despu\u00e9s de Kim d&#8217;\u00c1ngeles Gonz\u00e1lez Sinde i En l&#8217;Eixam d&#8217;\u00d3scar Bern\u00e0rcer.[\/vc_column_text][\/vc_column][\/vc_row][vc_row equal_height=&#8221;yes&#8221; content_placement=&#8221;middle&#8221; css=&#8221;.vc_custom_1602687382061{margin-top: 30px !important;}&#8221;][vc_column width=&#8221;1\/3&#8243;][vc_single_image image=&#8221;29680&#8243; img_size=&#8221;full&#8221; css=&#8221;&#8221;][\/vc_column][vc_column width=&#8221;2\/3&#8243; css=&#8221;.vc_custom_1538664381630{padding-top: 50px !important;padding-right: 40px !important;padding-bottom: 70px !important;padding-left: 40px !important;}&#8221;][vc_custom_heading text=&#8221;SARA NOUR&#8221; use_theme_fonts=&#8221;yes&#8221; css=&#8221;&#8221;][vc_column_text css=&#8221;&#8221;]Sara Nour \u00e9s gestora cultural, directora de projectes i investigadora radicada al Caire (Egipte), amb \u00e0mplia experi\u00e8ncia en la gesti\u00f3 d&#8217;arts i cinema. Ha col\u00b7laborat amb diversos festivals internacionals de cinema i institucions culturals, entre ells el Festival Internacional de Cinema del Caire, on va participar en tasques d&#8217;organitzaci\u00f3, programaci\u00f3 i relacions amb convidats, i el Festival de Cinema del Gouna, on es va encarregar de la coordinaci\u00f3 log\u00edstica i del suport a la programaci\u00f3 art\u00edstica.<\/p>\n<p>A nivell regional, ha treballat amb iniciatives com Culture Resource (Al-Mawred Al-Thaqafy) per a promoure el di\u00e0leg cultural i l&#8217;intercanvi creatiu.<\/p>\n<p>Amb un diploma en desenrotllament cultural, Sara combina una visi\u00f3 estrat\u00e8gica amb un profund comprom\u00eds amb les arts. La seua investigaci\u00f3 explora el paper del cinema i els mitjans de comunicaci\u00f3 en la construcci\u00f3 de la representaci\u00f3 cultural, el foment de la comunicaci\u00f3 intercultural i la superaci\u00f3 d&#8217;estereotips.[\/vc_column_text][\/vc_column][\/vc_row][vc_row equal_height=&#8221;yes&#8221; content_placement=&#8221;middle&#8221; css=&#8221;.vc_custom_1602687382061{margin-top: 30px !important;}&#8221;][vc_column width=&#8221;1\/3&#8243;][vc_single_image image=&#8221;29767&#8243; img_size=&#8221;full&#8221; css=&#8221;&#8221;][\/vc_column][vc_column width=&#8221;2\/3&#8243; css=&#8221;.vc_custom_1538664381630{padding-top: 50px !important;padding-right: 40px !important;padding-bottom: 70px !important;padding-left: 40px !important;}&#8221;][vc_custom_heading text=&#8221;EVI KALOGIROPOULOU&#8221; use_theme_fonts=&#8221;yes&#8221; css=&#8221;&#8221;][vc_column_text css=&#8221;&#8221;]Evi Kalogiropoulou \u00e9s directora de cinema i artista visual establida a Atenes. El seu treball investiga temes com la inclusi\u00f3 i l\u2019exclusi\u00f3, la identitat intercultural, la representaci\u00f3 femenina en la mitologia grega antiga i els escenaris postapocal\u00edptics. El seu primer curtmetratge, <em>Motorway 65<\/em>, va formar part de la Selecci\u00f3 Oficial del Festival de Cannes el 2021. Posteriorment, el seu curt <em>On Xerxes\u2019 Throne<\/em> va obtindre el Premi Canal+ en la 61\u00aa Setmana de la Cr\u00edtica del mateix festival. El 2023 va rodar <em>My Alexandria<\/em> a la ciutat d\u2019Alexandria, Egipte, com a part de la s\u00e8rie de poemes visuals de Onassis Culture inspirats en l\u2019obra de C. P. Cavafis. Este projecte, incl\u00f2s en l\u2019Archive of Desire, es va presentar a Nova York amb motiu del 160\u00e8 aniversari del naixement del poeta. El seu primer llargmetratge, <em>GORGON\u00c0<\/em> \u2014guanyador de l\u2019Eurimages Development Award, el Cinemart Award i el ARTE Award al Cin\u00e9fondation Atelier de Cannes 2021\u2014 va tindre el seu estrena mundial a la Settimana Internazionale della Critica (SIC) de la Biennal de Ven\u00e8cia el 2025.[\/vc_column_text][\/vc_column][\/vc_row][vc_row css=&#8221;.vc_custom_1760725684743{margin-top: 25px !important;background-color: #00FFFF !important;}&#8221;][vc_column][vc_empty_space][vc_custom_heading text=&#8221;LA CABINA&#8221; font_container=&#8221;tag:h2|text_align:center&#8221; use_theme_fonts=&#8221;yes&#8221; css=&#8221;&#8221;][vc_empty_space][\/vc_column][\/vc_row][vc_row equal_height=&#8221;yes&#8221; content_placement=&#8221;middle&#8221; css=&#8221;.vc_custom_1602687382061{margin-top: 30px !important;}&#8221;][vc_column width=&#8221;1\/3&#8243;][vc_single_image image=&#8221;29713&#8243; img_size=&#8221;full&#8221; css=&#8221;&#8221;][\/vc_column][vc_column width=&#8221;2\/3&#8243; css=&#8221;.vc_custom_1538664381630{padding-top: 50px !important;padding-right: 40px !important;padding-bottom: 70px !important;padding-left: 40px !important;}&#8221;][vc_custom_heading text=&#8221;PIERRE MOUZANNAR&#8221; use_theme_fonts=&#8221;yes&#8221; css=&#8221;&#8221;][vc_custom_heading text=&#8221;<strong>Presidente del Jurat La Cabina<\/strong>&#8221; font_container=&#8221;tag:div|text_align:left&#8221; use_theme_fonts=&#8221;yes&#8221; css=&#8221;&#8221;][vc_column_text css=&#8221;&#8221;]Pierre Mouzannar \u00e9s un cineasta liban\u00e8s. El seu curtmetratge de tesi, <em>An Arabian Night<\/em>, va estrenar-se a Clermont-Ferrand el 2020, rebent una Menci\u00f3 Especial. El seu \u00faltim curt, <em>Those Who Never Left<\/em>, s\u2019ha projectat internacionalment i va guanyar el Premi del Jurat a Amman. A m\u00e9s de la direcci\u00f3, ha treballat en projectes de Joanna Hadji-Thomas i Khalil Joreige, Nadine Labaki, i ha col\u00b7laborat amb el compositor Gabriel Yared.[\/vc_column_text][\/vc_column][\/vc_row][vc_row equal_height=&#8221;yes&#8221; content_placement=&#8221;middle&#8221; css=&#8221;.vc_custom_1602687382061{margin-top: 30px !important;}&#8221;][vc_column width=&#8221;1\/3&#8243;][vc_single_image image=&#8221;29762&#8243; img_size=&#8221;full&#8221; css=&#8221;&#8221;][\/vc_column][vc_column width=&#8221;2\/3&#8243; css=&#8221;.vc_custom_1538664381630{padding-top: 50px !important;padding-right: 40px !important;padding-bottom: 70px !important;padding-left: 40px !important;}&#8221;][vc_custom_heading text=&#8221;BANU SIVACI&#8221; use_theme_fonts=&#8221;yes&#8221; css=&#8221;&#8221;][vc_column_text css=&#8221;&#8221;]Banu S\u0131vac\u0131 va n\u00e0ixer a Adana l\u2019any 1987. Despr\u00e9s de graduar-se en el Departament de Pintura, va treballar com a ajudant de direcci\u00f3 en llargmetratges. <em>G\u00fcvercin<\/em> (2018), el seu primer llargmetratge com a directora, va tindre l\u2019estrena mundial en la secci\u00f3 Generation del 68\u00e8 Festival de Cinema de Berl\u00edn i tamb\u00e9 va ser nominada a Millor Primer Film en els premis GWFF. <em>Pigeon<\/em> va guanyar cinc premis, incloent Millor Pel\u00b7l\u00edcula i Millor Gui\u00f3 en el 33\u00e8 Festival de Cinema de Val\u00e8ncia, Millor Directora en el 22\u00e8 Festival de Cinema de Sofia i Millor Pel\u00b7l\u00edcula Juvenil en els APSA Awards 2018.[\/vc_column_text][\/vc_column][\/vc_row][vc_row equal_height=&#8221;yes&#8221; content_placement=&#8221;middle&#8221; css=&#8221;.vc_custom_1602687382061{margin-top: 30px !important;}&#8221;][vc_column width=&#8221;1\/3&#8243;][vc_single_image image=&#8221;29741&#8243; img_size=&#8221;full&#8221; css=&#8221;&#8221;][\/vc_column][vc_column width=&#8221;2\/3&#8243; css=&#8221;.vc_custom_1538664381630{padding-top: 50px !important;padding-right: 40px !important;padding-bottom: 70px !important;padding-left: 40px !important;}&#8221;][vc_custom_heading text=&#8221;RICCARDO SPECCHIA&#8221; use_theme_fonts=&#8221;yes&#8221; css=&#8221;&#8221;][vc_column_text css=&#8221;&#8221;]Riccardo Specchia, gestor cultural, periodista i investigador, treballa com a consultor i programador del Festival de Cinema de Roma i ha col\u00b7laborat amb l\u2019Institut Itali\u00e0 de Cultura de Lima i amb la Cinemovel Foundation a It\u00e0lia i Per\u00fa. Resideix a Madrid, on investiga i ensenya sobre mitjans digitals i alfabetitzaci\u00f3 medi\u00e0tica. \u00c9s autor de <em>Finestra Andina<\/em> (Donzelli Editore, 2024), un diari de viatge i reportatge fotogr\u00e0fic sobre el Per\u00fa.[\/vc_column_text][\/vc_column][\/vc_row][vc_row css=&#8221;.vc_custom_1760725693674{margin-top: 25px !important;background-color: #28ABE2 !important;}&#8221;][vc_column][vc_empty_space][vc_custom_heading text=&#8221;FINESTRA&#8221; font_container=&#8221;tag:h2|text_align:center|color:%23FFFFFF&#8221; use_theme_fonts=&#8221;yes&#8221; css=&#8221;&#8221;][vc_empty_space][\/vc_column][\/vc_row][vc_row equal_height=&#8221;yes&#8221; content_placement=&#8221;middle&#8221; css=&#8221;.vc_custom_1602687382061{margin-top: 30px !important;}&#8221;][vc_column width=&#8221;1\/3&#8243;][vc_single_image image=&#8221;29719&#8243; img_size=&#8221;full&#8221; css=&#8221;&#8221;][\/vc_column][vc_column width=&#8221;2\/3&#8243; css=&#8221;.vc_custom_1538664381630{padding-top: 50px !important;padding-right: 40px !important;padding-bottom: 70px !important;padding-left: 40px !important;}&#8221;][vc_custom_heading text=&#8221;CARLOS LOUREDA&#8221; use_theme_fonts=&#8221;yes&#8221; css=&#8221;&#8221;][vc_custom_heading text=&#8221;<strong>Presidente del Jurat Finestra<\/strong>&#8221; font_container=&#8221;tag:div|text_align:left&#8221; use_theme_fonts=&#8221;yes&#8221; css=&#8221;&#8221;][vc_column_text css=&#8221;&#8221;]Membre de l&#8217;Acad\u00e8mia de Cinema Europeu. Membre del comit\u00e9 organitzador dels Premis Fero\u00e7 de la *AICE i membre dels *Blogos d&#8217;Or. Des de 2020, Vicepresident de la *Acad\u00e9mie dones *Lumi\u00e8res que atorga els premis *Lumi\u00e8res de la cr\u00edtica internacional des de fa 30 anys a Par\u00eds. Programador, des de 2015, del festival internacional *Zinegoak i de la selecci\u00f3 de la secci\u00f3 *Industry *ZG PRO. Programador i responsable del Departament d&#8217;Activitats Educatives del Festival de Cinema Iberoameric\u00e0 de Huelva. Coordinador del comit\u00e9 de selecci\u00f3 i preparaci\u00f3 de *pitchings del D&#8217;A FILM LAB del D&#8217;A Film Festival Barcelona. Autor i creador, des de 2010, del blog \u2018Cinema Invisible\u2019 -publicat fins a 2020 en la web de Fotogrames.[\/vc_column_text][\/vc_column][\/vc_row][vc_row equal_height=&#8221;yes&#8221; content_placement=&#8221;middle&#8221; css=&#8221;.vc_custom_1602687382061{margin-top: 30px !important;}&#8221;][vc_column width=&#8221;1\/3&#8243;][vc_single_image image=&#8221;29729&#8243; img_size=&#8221;full&#8221; css=&#8221;&#8221;][\/vc_column][vc_column width=&#8221;2\/3&#8243; css=&#8221;.vc_custom_1538664381630{padding-top: 50px !important;padding-right: 40px !important;padding-bottom: 70px !important;padding-left: 40px !important;}&#8221;][vc_custom_heading text=&#8221;ARANZAZU CALLEJA&#8221; use_theme_fonts=&#8221;yes&#8221; css=&#8221;&#8221;][vc_column_text css=&#8221;&#8221;]Aranzazu Calleja \u00e9s compositora de m\u00fasica audiovisual amb una \u00e0mplia traject\u00f2ria al cinema. Llicenciada en BBAA i violinista, va ampliar la seua formaci\u00f3 musical a Barcelona i en la Berklee College of Music de Boston. En 2014 va ser seleccionada per a participar en el programa Berlinale Talents, en el 64 Festival Internacional de Cinema de Berl\u00edn. La seua metodologia reflectix la busca d&#8217;un llenguatge personal a l&#8217;hora de posar m\u00fasica a una hist\u00f2ria. El seu proc\u00e9s creatiu comen\u00e7a des de l&#8217;acostament a la fisicidad i el mat\u00e8ric de l&#8217;instrument, posant el focus en l&#8217;exploraci\u00f3 de timbres, colors, textures. Entre els seus treballs destaquen pel\u00b7l\u00edcules com El Hoyo, Cinco Lobitos, Irati o Akelarre. Per esta \u00faltima va rebre els premis Goya i Plat\u00ed a la millor m\u00fasica original al costat de Maite Arroitajauregi. Els seus projectes m\u00e9s recents s\u00f3n Marco de Jon Garan\u0303o i Aitor Arregi, Los aitas de Borja Cobeaga i Maspalomas, de Jose Mari Goenaga i Aitor Arregi, que ha format part de la secci\u00f3 oficial de la 73\u00e9 edici\u00f3 del Festival Internacional de Cinema de San Sebasti\u00e1n.[\/vc_column_text][\/vc_column][\/vc_row][vc_row equal_height=&#8221;yes&#8221; content_placement=&#8221;middle&#8221; css=&#8221;.vc_custom_1602687382061{margin-top: 30px !important;}&#8221;][vc_column width=&#8221;1\/3&#8243;][vc_single_image image=&#8221;29756&#8243; img_size=&#8221;full&#8221; css=&#8221;&#8221;][\/vc_column][vc_column width=&#8221;2\/3&#8243; css=&#8221;.vc_custom_1538664381630{padding-top: 50px !important;padding-right: 40px !important;padding-bottom: 70px !important;padding-left: 40px !important;}&#8221;][vc_custom_heading text=&#8221;ANNABELLE ARAMBURU&#8221; use_theme_fonts=&#8221;yes&#8221; css=&#8221;&#8221;][vc_column_text css=&#8221;&#8221;]Annabelle Aramburu \u00e9s llicenciada en Ci\u00e8ncies de la Comunicaci\u00f3 per la Universitat de Lima, Per\u00fa, i t\u00e9 una \u00e0mplia experi\u00e8ncia en la ind\u00fastria cinematogr\u00e0fica. Actualment \u00e9s la coordinadora de MAFIZ \u2013 Zona d\u2019Ind\u00fastria del Festival de M\u00e0laga. T\u00e9 una llarga traject\u00f2ria com a jurat i tutora en diversos espais d\u2019ind\u00fastria i festivals iberoamericans, com SANFIC (Xile), CINEMUNDI (Brasil), ABYCINE, El Festivalito (Espanya), FICUBA (Argentina) i CINE DEL MA\u00d1ANA (Per\u00fa), entre altres. Tamb\u00e9 ha participat en ajudes a projectes per a l\u2019ICAU (Uruguai), BACA (Argentina, Espanya, Rep\u00fablica Dominicana) i s\u00e8ries de TV\/Documentals amb l\u2019INCAA (Argentina). Ha estat directora i tutora del programa d\u2019internacionalitzaci\u00f3 del documental (2016\u20132019) a l\u2019INCAA, Argentina, i ha sigut productora executiva de les seg\u00fcents obres audiovisuals: <em>ENTRE DOS MUNDOS: LA HISTORIA DE GONZALO GUERRERO<\/em>, <em>MADRE<\/em> i <em>CHICAS NUEVAS 24 HORAS<\/em> (nominada a Millor Pel\u00b7l\u00edcula Documental als Goya 2016).[\/vc_column_text][\/vc_column][\/vc_row]<\/p>\n<\/div>","protected":false},"excerpt":{"rendered":"<p>[vc_row disable_element=&#8221;yes&#8221;][vc_column][vc_empty_space][vc_custom_heading text=&#8221;COMING SOON&#8221; font_container=&#8221;tag:h2|text_align:center&#8221; use_theme_fonts=&#8221;yes&#8221;][vc_empty_space height=&#8221;100px&#8221;][\/vc_column][\/vc_row][vc_row css=&#8221;.vc_custom_1760725429084{background-color: #0000FF !important;}&#8221;][vc_column][vc_empty_space][vc_custom_heading text=&#8221;SECCI\u00d3 OFICIAL&#8221; font_container=&#8221;tag:h2|text_align:center|color:%23FFFFFF&#8221; use_theme_fonts=&#8221;yes&#8221; css=&#8221;&#8221;][vc_empty_space][\/vc_column][\/vc_row][vc_row equal_height=&#8221;yes&#8221; content_placement=&#8221;middle&#8221; css=&#8221;.vc_custom_1602687382061{margin-top: 30px !important;}&#8221;][vc_column width=&#8221;1\/3&#8243;][vc_single_image image=&#8221;29773&#8243; img_size=&#8221;full&#8221; css=&#8221;&#8221;][\/vc_column][vc_column width=&#8221;2\/3&#8243; [&hellip;]<\/p>\n","protected":false},"author":1,"featured_media":0,"parent":26942,"menu_order":2,"comment_status":"closed","ping_status":"closed","template":"full-width.php","meta":{"_uag_custom_page_level_css":"","_jet_sm_ready_style":"","_jet_sm_style":"","_jet_sm_controls_values":"","_jet_sm_fonts_collection":"","_jet_sm_fonts_links":"","footnotes":""},"class_list":["post-29665","page","type-page","status-publish","hentry"],"yoast_head":"<!-- This site is optimized with the Yoast SEO plugin v27.4 - https:\/\/yoast.com\/product\/yoast-seo-wordpress\/ -->\n<title>Jurat Internacional - Mostra de Val\u00e8ncia<\/title>\n<meta name=\"description\" content=\"Los cinco miembros del Jurado Internacional de Mostra 2021\" \/>\n<meta name=\"robots\" content=\"index, follow, max-snippet:-1, max-image-preview:large, max-video-preview:-1\" \/>\n<link rel=\"canonical\" href=\"https:\/\/lamostradevalencia.com\/ca\/edicio-2025\/jurat-internacional-2025\/\" \/>\n<meta property=\"og:locale\" content=\"ca_ES\" \/>\n<meta property=\"og:type\" content=\"article\" \/>\n<meta property=\"og:title\" content=\"Jurat Internacional - Mostra de Val\u00e8ncia\" \/>\n<meta property=\"og:description\" content=\"Los cinco miembros del Jurado Internacional de Mostra 2021\" \/>\n<meta property=\"og:url\" content=\"https:\/\/lamostradevalencia.com\/ca\/edicio-2025\/jurat-internacional-2025\/\" \/>\n<meta property=\"og:site_name\" content=\"Mostra de Val\u00e8ncia\" \/>\n<meta property=\"article:modified_time\" content=\"2025-10-17T19:03:08+00:00\" \/>\n<meta name=\"twitter:card\" content=\"summary_large_image\" \/>\n<meta name=\"twitter:label1\" content=\"Temps estimat de lectura\" \/>\n\t<meta name=\"twitter:data1\" content=\"9 minuts\" \/>\n<script type=\"application\/ld+json\" class=\"yoast-schema-graph\">{\"@context\":\"https:\\\/\\\/schema.org\",\"@graph\":[{\"@type\":\"WebPage\",\"@id\":\"https:\\\/\\\/lamostradevalencia.com\\\/ca\\\/edicio-2025\\\/jurat-internacional-2025\\\/\",\"url\":\"https:\\\/\\\/lamostradevalencia.com\\\/ca\\\/edicio-2025\\\/jurat-internacional-2025\\\/\",\"name\":\"Jurat Internacional - Mostra de Val\u00e8ncia\",\"isPartOf\":{\"@id\":\"https:\\\/\\\/lamostradevalencia.com\\\/ca\\\/#website\"},\"datePublished\":\"2025-10-17T17:51:34+00:00\",\"dateModified\":\"2025-10-17T19:03:08+00:00\",\"description\":\"Los cinco miembros del Jurado Internacional de Mostra 2021\",\"breadcrumb\":{\"@id\":\"https:\\\/\\\/lamostradevalencia.com\\\/ca\\\/edicio-2025\\\/jurat-internacional-2025\\\/#breadcrumb\"},\"inLanguage\":\"ca\",\"potentialAction\":[{\"@type\":\"ReadAction\",\"target\":[\"https:\\\/\\\/lamostradevalencia.com\\\/ca\\\/edicio-2025\\\/jurat-internacional-2025\\\/\"]}]},{\"@type\":\"BreadcrumbList\",\"@id\":\"https:\\\/\\\/lamostradevalencia.com\\\/ca\\\/edicio-2025\\\/jurat-internacional-2025\\\/#breadcrumb\",\"itemListElement\":[{\"@type\":\"ListItem\",\"position\":1,\"name\":\"Portada\",\"item\":\"https:\\\/\\\/lamostradevalencia.com\\\/ca\\\/\"},{\"@type\":\"ListItem\",\"position\":2,\"name\":\"Edici\u00f3 2025\",\"item\":\"https:\\\/\\\/lamostradevalencia.com\\\/ca\\\/edicio-2025\\\/\"},{\"@type\":\"ListItem\",\"position\":3,\"name\":\"Jurat Internacional\"}]},{\"@type\":\"WebSite\",\"@id\":\"https:\\\/\\\/lamostradevalencia.com\\\/ca\\\/#website\",\"url\":\"https:\\\/\\\/lamostradevalencia.com\\\/ca\\\/\",\"name\":\"Mostra de Val\u00e8ncia\",\"description\":\"Cinema del Mediterrani\",\"potentialAction\":[{\"@type\":\"SearchAction\",\"target\":{\"@type\":\"EntryPoint\",\"urlTemplate\":\"https:\\\/\\\/lamostradevalencia.com\\\/ca\\\/?s={search_term_string}\"},\"query-input\":{\"@type\":\"PropertyValueSpecification\",\"valueRequired\":true,\"valueName\":\"search_term_string\"}}],\"inLanguage\":\"ca\"}]}<\/script>\n<!-- \/ Yoast SEO plugin. -->","yoast_head_json":{"title":"Jurat Internacional - Mostra de Val\u00e8ncia","description":"Los cinco miembros del Jurado Internacional de Mostra 2021","robots":{"index":"index","follow":"follow","max-snippet":"max-snippet:-1","max-image-preview":"max-image-preview:large","max-video-preview":"max-video-preview:-1"},"canonical":"https:\/\/lamostradevalencia.com\/ca\/edicio-2025\/jurat-internacional-2025\/","og_locale":"ca_ES","og_type":"article","og_title":"Jurat Internacional - Mostra de Val\u00e8ncia","og_description":"Los cinco miembros del Jurado Internacional de Mostra 2021","og_url":"https:\/\/lamostradevalencia.com\/ca\/edicio-2025\/jurat-internacional-2025\/","og_site_name":"Mostra de Val\u00e8ncia","article_modified_time":"2025-10-17T19:03:08+00:00","twitter_card":"summary_large_image","twitter_misc":{"Temps estimat de lectura":"9 minuts"},"schema":{"@context":"https:\/\/schema.org","@graph":[{"@type":"WebPage","@id":"https:\/\/lamostradevalencia.com\/ca\/edicio-2025\/jurat-internacional-2025\/","url":"https:\/\/lamostradevalencia.com\/ca\/edicio-2025\/jurat-internacional-2025\/","name":"Jurat Internacional - Mostra de Val\u00e8ncia","isPartOf":{"@id":"https:\/\/lamostradevalencia.com\/ca\/#website"},"datePublished":"2025-10-17T17:51:34+00:00","dateModified":"2025-10-17T19:03:08+00:00","description":"Los cinco miembros del Jurado Internacional de Mostra 2021","breadcrumb":{"@id":"https:\/\/lamostradevalencia.com\/ca\/edicio-2025\/jurat-internacional-2025\/#breadcrumb"},"inLanguage":"ca","potentialAction":[{"@type":"ReadAction","target":["https:\/\/lamostradevalencia.com\/ca\/edicio-2025\/jurat-internacional-2025\/"]}]},{"@type":"BreadcrumbList","@id":"https:\/\/lamostradevalencia.com\/ca\/edicio-2025\/jurat-internacional-2025\/#breadcrumb","itemListElement":[{"@type":"ListItem","position":1,"name":"Portada","item":"https:\/\/lamostradevalencia.com\/ca\/"},{"@type":"ListItem","position":2,"name":"Edici\u00f3 2025","item":"https:\/\/lamostradevalencia.com\/ca\/edicio-2025\/"},{"@type":"ListItem","position":3,"name":"Jurat Internacional"}]},{"@type":"WebSite","@id":"https:\/\/lamostradevalencia.com\/ca\/#website","url":"https:\/\/lamostradevalencia.com\/ca\/","name":"Mostra de Val\u00e8ncia","description":"Cinema del Mediterrani","potentialAction":[{"@type":"SearchAction","target":{"@type":"EntryPoint","urlTemplate":"https:\/\/lamostradevalencia.com\/ca\/?s={search_term_string}"},"query-input":{"@type":"PropertyValueSpecification","valueRequired":true,"valueName":"search_term_string"}}],"inLanguage":"ca"}]}},"uagb_featured_image_src":{"full":false,"thumbnail":false,"medium":false,"medium_large":false,"large":false,"1536x1536":false,"2048x2048":false,"cinerama_edge_image_square":false,"cinerama_edge_image_landscape":false,"cinerama_edge_image_portrait":false,"cinerama_edge_image_huge":false,"gform-image-choice-sm":false,"gform-image-choice-md":false,"gform-image-choice-lg":false},"uagb_author_info":{"display_name":"Mostra de Val\u00e8ncia","author_link":"https:\/\/lamostradevalencia.com\/ca\/author\/mostravalencia\/"},"uagb_comment_info":0,"uagb_excerpt":"[vc_row disable_element=&#8221;yes&#8221;][vc_column][vc_empty_space][vc_custom_heading text=&#8221;COMING SOON&#8221; font_container=&#8221;tag:h2|text_align:center&#8221; use_theme_fonts=&#8221;yes&#8221;][vc_empty_space height=&#8221;100px&#8221;][\/vc_column][\/vc_row][vc_row css=&#8221;.vc_custom_1760725429084{background-color: #0000FF !important;}&#8221;][vc_column][vc_empty_space][vc_custom_heading text=&#8221;SECCI\u00d3 OFICIAL&#8221; font_container=&#8221;tag:h2|text_align:center|color:%23FFFFFF&#8221; use_theme_fonts=&#8221;yes&#8221; css=&#8221;&#8221;][vc_empty_space][\/vc_column][\/vc_row][vc_row equal_height=&#8221;yes&#8221; content_placement=&#8221;middle&#8221; css=&#8221;.vc_custom_1602687382061{margin-top: 30px !important;}&#8221;][vc_column width=&#8221;1\/3&#8243;][vc_single_image image=&#8221;29773&#8243; img_size=&#8221;full&#8221; css=&#8221;&#8221;][\/vc_column][vc_column width=&#8221;2\/3&#8243; [&hellip;]","_links":{"self":[{"href":"https:\/\/lamostradevalencia.com\/ca\/wp-json\/wp\/v2\/pages\/29665","targetHints":{"allow":["GET"]}}],"collection":[{"href":"https:\/\/lamostradevalencia.com\/ca\/wp-json\/wp\/v2\/pages"}],"about":[{"href":"https:\/\/lamostradevalencia.com\/ca\/wp-json\/wp\/v2\/types\/page"}],"author":[{"embeddable":true,"href":"https:\/\/lamostradevalencia.com\/ca\/wp-json\/wp\/v2\/users\/1"}],"replies":[{"embeddable":true,"href":"https:\/\/lamostradevalencia.com\/ca\/wp-json\/wp\/v2\/comments?post=29665"}],"version-history":[{"count":5,"href":"https:\/\/lamostradevalencia.com\/ca\/wp-json\/wp\/v2\/pages\/29665\/revisions"}],"predecessor-version":[{"id":29803,"href":"https:\/\/lamostradevalencia.com\/ca\/wp-json\/wp\/v2\/pages\/29665\/revisions\/29803"}],"up":[{"embeddable":true,"href":"https:\/\/lamostradevalencia.com\/ca\/wp-json\/wp\/v2\/pages\/26942"}],"wp:attachment":[{"href":"https:\/\/lamostradevalencia.com\/ca\/wp-json\/wp\/v2\/media?parent=29665"}],"curies":[{"name":"wp","href":"https:\/\/api.w.org\/{rel}","templated":true}]}}