{"id":2868,"date":"2019-08-02T11:54:31","date_gmt":"2019-08-02T09:54:31","guid":{"rendered":"https:\/\/lamostradevalencia.com\/?page_id=2868"},"modified":"2019-08-02T14:44:06","modified_gmt":"2019-08-02T12:44:06","slug":"seccio-informativa-2018","status":"publish","type":"page","link":"https:\/\/lamostradevalencia.com\/ca\/edicio-2018\/seccio-informativa-2018\/","title":{"rendered":"Secci\u00f3 Informativa 2018"},"content":{"rendered":"<div class=\"wpb-content-wrapper\"><p>[vc_row][vc_column]<div class=\"templatera_shortcode\"><style type=\"text\/css\" data-type=\"vc_shortcodes-custom-css\">.vc_custom_1538572732298{padding-right: 40px !important;padding-left: 40px !important;}.vc_custom_1538572608474{padding: 40px !important;background-color: #ff7675 !important;}.vc_custom_1538572629268{padding: 40px !important;background-color: #ffc312 !important;}.vc_custom_1538572642216{padding: 40px !important;background-color: #12cbc4 !important;}.vc_custom_1538572654086{padding: 40px !important;background-color: #a3cb38 !important;}.vc_custom_1538572666000{padding: 40px !important;background-color: #9980fa !important;}.vc_custom_1538572679950{padding: 40px !important;background-color: #c0392b !important;}.vc_custom_1538572789139{padding-top: 40px !important;padding-right: 40px !important;padding-bottom: 40px !important;padding-left: 40px !important;background-color: #27ae60 !important;}.vc_custom_1538572799087{padding-top: 40px !important;padding-right: 40px !important;padding-bottom: 40px !important;padding-left: 40px !important;background-color: #fa983a !important;}.vc_custom_1538572810081{padding-top: 40px !important;padding-right: 40px !important;padding-bottom: 40px !important;padding-left: 40px !important;background-color: #1289a7 !important;}.vc_custom_1538572818794{padding-top: 40px !important;padding-right: 40px !important;padding-bottom: 40px !important;padding-left: 40px !important;background-color: #0652dd !important;}.vc_custom_1538572830704{padding-top: 40px !important;padding-right: 40px !important;padding-bottom: 40px !important;padding-left: 40px !important;background-color: #833471 !important;}<\/style><div class=\"vc_row wpb_row vc_row-fluid vc_custom_1538572732298\" ><div class=\"wpb_column vc_column_container vc_col-sm-12\"><div class=\"vc_column-inner\"><div class=\"wpb_wrapper\"><div class=\"vc_row wpb_row vc_inner vc_row-fluid seccion-columna vc_column-gap-20 vc_row-o-equal-height vc_row-o-content-middle vc_row-flex\" ><div class=\"wpb_column vc_column_container vc_col-sm-2 vc_col-has-fill\"><div class=\"vc_column-inner vc_custom_1538572608474\"><div class=\"wpb_wrapper\"><a itemprop=\"url\" href=\"https:\/\/lamostradevalencia.com\/ca\/edicio-2018\/seccio-oficial-2018\/\" target=\"_self\" style=\"color: #ffffff;font-size: 17px;font-weight: 700;text-transform: uppercase\" class=\"edgtf-btn edgtf-btn-medium edgtf-btn-simple edgtf-btn- edgtf-btn-custom-hover-color \" data-hover-color=\"rgba(255,255,255,0.85)\" >\n    <span class=\"edgtf-btn-text\">Secci\u00f3 oficial<\/span>\n    <\/a><\/div><\/div><\/div><div class=\"wpb_column vc_column_container vc_col-sm-2 vc_col-has-fill\"><div class=\"vc_column-inner vc_custom_1538572629268\"><div class=\"wpb_wrapper\"><a itemprop=\"url\" href=\"https:\/\/lamostradevalencia.com\/ca\/edicio-2018\/seccio-informativa-2018\/\" target=\"_self\" style=\"color: #ffffff;font-size: 17px;font-weight: 700;text-transform: uppercase\" class=\"edgtf-btn edgtf-btn-medium edgtf-btn-simple edgtf-btn- edgtf-btn-custom-hover-color \" data-hover-color=\"rgba(255,255,255,0.85)\" >\n    <span class=\"edgtf-btn-text\">secci\u00f3 informativa<\/span>\n    <\/a><\/div><\/div><\/div><div class=\"wpb_column vc_column_container vc_col-sm-2 vc_col-has-fill\"><div class=\"vc_column-inner vc_custom_1538572642216\"><div class=\"wpb_wrapper\"><a itemprop=\"url\" href=\"https:\/\/lamostradevalencia.com\/ca\/edicio-2018\/palmera-dhonor-abdellatif-kechiche\/\" target=\"_self\" style=\"color: #ffffff;font-size: 17px;font-weight: 700;text-transform: uppercase\" class=\"edgtf-btn edgtf-btn-medium edgtf-btn-simple edgtf-btn- edgtf-btn-custom-hover-color \" data-hover-color=\"rgba(255,255,255,0.85)\" >\n    <span class=\"edgtf-btn-text\">Palmera d&#039;Honor. Abdellatif Kechiche<\/span>\n    <\/a><\/div><\/div><\/div><div class=\"wpb_column vc_column_container vc_col-sm-2 vc_col-has-fill\"><div class=\"vc_column-inner vc_custom_1538572654086\"><div class=\"wpb_wrapper\"><a itemprop=\"url\" href=\"https:\/\/lamostradevalencia.com\/ca\/edicio-2018\/palmera-dhonor-efthimis-filippou\/\" target=\"_self\" style=\"color: #ffffff;font-size: 17px;font-weight: 700;text-transform: uppercase\" class=\"edgtf-btn edgtf-btn-medium edgtf-btn-simple edgtf-btn- edgtf-btn-custom-hover-color \" data-hover-color=\"rgba(255,255,255,0.85)\" >\n    <span class=\"edgtf-btn-text\">PALMERA D&#039;HONOR. EFTHIMIS FILIPPOU<\/span>\n    <\/a><\/div><\/div><\/div><div class=\"wpb_column vc_column_container vc_col-sm-2 vc_col-has-fill\"><div class=\"vc_column-inner vc_custom_1538572666000\"><div class=\"wpb_wrapper\"><a itemprop=\"url\" href=\"https:\/\/lamostradevalencia.com\/ca\/edicio-2018\/polar-serie-negra-a-la-francesa\/\" target=\"_self\" style=\"color: #ffffff;font-size: 17px;font-weight: 700;text-transform: uppercase\" class=\"edgtf-btn edgtf-btn-medium edgtf-btn-simple edgtf-btn- edgtf-btn-custom-hover-color \" data-hover-color=\"rgba(255,255,255,0.85)\" >\n    <span class=\"edgtf-btn-text\">POLAR: S\u00c8RIE NEGRA A LA FRANCESA<\/span>\n    <\/a><\/div><\/div><\/div><div class=\"wpb_column vc_column_container vc_col-sm-2 vc_col-has-fill\"><div class=\"vc_column-inner vc_custom_1538572679950\"><div class=\"wpb_wrapper\"><a itemprop=\"url\" href=\"https:\/\/lamostradevalencia.com\/ca\/edicio-2018\/palestina-ara-i-aci\/\" target=\"_self\" style=\"color: #ffffff;font-size: 17px;font-weight: 700;text-transform: uppercase\" class=\"edgtf-btn edgtf-btn-medium edgtf-btn-simple edgtf-btn- edgtf-btn-custom-hover-color \" data-hover-color=\"rgba(255,255,255,0.85)\" >\n    <span class=\"edgtf-btn-text\">PALESTINA, ARA I AC\u00cd<\/span>\n    <\/a><\/div><\/div><\/div><\/div><div class=\"vc_row wpb_row vc_inner vc_row-fluid seccion-columna vc_column-gap-20 vc_row-o-equal-height vc_row-o-content-middle vc_row-flex\" ><div class=\"wpb_column vc_column_container vc_col-sm-1\/5 vc_col-has-fill\"><div class=\"vc_column-inner vc_custom_1538572789139\"><div class=\"wpb_wrapper\"><a itemprop=\"url\" href=\"https:\/\/lamostradevalencia.com\/ca\/edicio-2018\/carles-santos-el-creador-inabastable\/\" target=\"_self\" style=\"color: #ffffff;font-size: 17px;font-weight: 700;text-transform: uppercase\" class=\"edgtf-btn edgtf-btn-medium edgtf-btn-simple edgtf-btn- edgtf-btn-custom-hover-color \" data-hover-color=\"rgba(255,255,255,0.85)\" >\n    <span class=\"edgtf-btn-text\">CARLES SANTOS, EL CREADOR INABASTABLE<\/span>\n    <\/a><\/div><\/div><\/div><div class=\"wpb_column vc_column_container vc_col-sm-1\/5 vc_col-has-fill\"><div class=\"vc_column-inner vc_custom_1538572799087\"><div class=\"wpb_wrapper\"><a itemprop=\"url\" href=\"https:\/\/lamostradevalencia.com\/ca\/edicio-2018\/josep-anton-perez-giner-un-productor-model\/\" target=\"_self\" style=\"color: #ffffff;font-size: 17px;font-weight: 700;text-transform: uppercase\" class=\"edgtf-btn edgtf-btn-medium edgtf-btn-simple edgtf-btn- edgtf-btn-custom-hover-color \" data-hover-color=\"rgba(255,255,255,0.85)\" >\n    <span class=\"edgtf-btn-text\">JOSEP ANTON P\u00c9REZ GINER, UN PRODUCTOR MODEL<\/span>\n    <\/a><\/div><\/div><\/div><div class=\"wpb_column vc_column_container vc_col-sm-1\/5 vc_col-has-fill\"><div class=\"vc_column-inner vc_custom_1538572810081\"><div class=\"wpb_wrapper\"><a itemprop=\"url\" href=\"https:\/\/lamostradevalencia.com\/ca\/edicio-2018\/sessions-especials-2018\/\" target=\"_self\" style=\"color: #ffffff;font-size: 17px;font-weight: 700;text-transform: uppercase\" class=\"edgtf-btn edgtf-btn-medium edgtf-btn-simple edgtf-btn- edgtf-btn-custom-hover-color \" data-hover-color=\"rgba(255,255,255,0.85)\" >\n    <span class=\"edgtf-btn-text\">SESSIONS ESPECIALS<\/span>\n    <\/a><\/div><\/div><\/div><div class=\"wpb_column vc_column_container vc_col-sm-1\/5 vc_col-has-fill\"><div class=\"vc_column-inner vc_custom_1538572818794\"><div class=\"wpb_wrapper\"><a itemprop=\"url\" href=\"https:\/\/lamostradevalencia.com\/ca\/edicio-2018\/congres-cinema-i-crisi-en-el-mediterrani\/\" target=\"_self\" style=\"color: #ffffff;font-size: 17px;font-weight: 700;text-transform: uppercase\" class=\"edgtf-btn edgtf-btn-medium edgtf-btn-simple edgtf-btn- edgtf-btn-custom-hover-color \" data-hover-color=\"rgba(255,255,255,0.85)\" >\n    <span class=\"edgtf-btn-text\">CONGR\u00c9S &#039;CINE Y CRISI EN EL MEDITERR\u00c1NEO&#039;<\/span>\n    <\/a><\/div><\/div><\/div><div class=\"wpb_column vc_column_container vc_col-sm-1\/5 vc_col-has-fill\"><div class=\"vc_column-inner vc_custom_1538572830704\"><div class=\"wpb_wrapper\"><a itemprop=\"url\" href=\"https:\/\/lamostradevalencia.com\/ca\/edicio-2018\/activitats-paral%c2%b7leles-2018\/\" target=\"_self\" style=\"color: #ffffff;font-size: 17px;font-weight: 700;text-transform: uppercase\" class=\"edgtf-btn edgtf-btn-medium edgtf-btn-simple edgtf-btn- edgtf-btn-custom-hover-color \" data-hover-color=\"rgba(255,255,255,0.85)\" >\n    <span class=\"edgtf-btn-text\">ACTIVITATS PARAL\u00b7LELES<\/span>\n    <\/a><\/div><\/div><\/div><\/div><\/div><\/div><\/div><\/div><\/div>[\/vc_column][\/vc_row][vc_row css=&#8221;.vc_custom_1538589096442{padding-top: 90px !important;padding-right: 40px !important;padding-left: 40px !important;}&#8221;][vc_column]<div class=\"edgtf-portfolio-list-holder edgtf-pl-masonry  edgtf-large-space edgtf-pl-three-columns edgtf-pl-standard-shader    edgtf-pl-pag-no-pagination     \"  data-type=masonry data-space-between-items=large data-number-of-items=-1 data-image-proportions=full data-enable-fixed-proportions=no data-enable-image-shadow=no data-category=seccio-informativa-2018 data-orderby=date data-order=ASC data-item-style=standard-shader data-enable-title=yes data-title-tag=h4 data-enable-category=yes data-enable-count-images=yes data-enable-excerpt=no data-excerpt-length=20 data-pagination-type=no-pagination data-filter=no data-filter-order-by=name data-enable-article-animation=no data-portfolio-slider-on=no data-enable-loop=yes data-enable-autoplay=yes data-slider-speed=5000 data-slider-speed-animation=600 data-enable-navigation=yes data-enable-pagination=yes data-max-num-pages=0 data-next-page=2>\n\t\t<div class=\"edgtf-pl-inner edgtf-outer-space clearfix\">\n\t\t<div class=\"edgtf-pl-grid-sizer\"><\/div>\n\t\t<div class=\"edgtf-pl-grid-gutter\"><\/div>\n\t\t<article class=\"edgtf-pl-item edgtf-item-space edgtf-masonry-size-default post-687 portfolio-item type-portfolio-item status-publish has-post-thumbnail hentry portfolio-category-festival-2018-2 portfolio-category-seccio-informativa-2018 portfolio-tag-cine-grec portfolio-tag-emigracio portfolio-tag-makis-papadimitriou-ca-2 portfolio-tag-mostra-de-valencia-ca-2 portfolio-tag-seccio-informativa portfolio-tag-yannis-sakaridis-ca\">\n\t<div class=\"edgtf-pl-item-inner\">\n\t\t<div class=\"edgtf-pli-image\">\n\t<img loading=\"lazy\" decoding=\"async\" width=\"670\" height=\"1000\" src=\"https:\/\/lamostradevalencia.com\/wp-content\/uploads\/2018\/10\/Amerika-Square.jpg\" class=\"attachment-full size-full wp-post-image\" alt=\"\" srcset=\"https:\/\/lamostradevalencia.com\/wp-content\/uploads\/2018\/10\/Amerika-Square.jpg 670w, https:\/\/lamostradevalencia.com\/wp-content\/uploads\/2018\/10\/Amerika-Square-201x300.jpg 201w\" sizes=\"auto, (max-width: 670px) 100vw, 670px\" \/><\/div>\n<div class=\"edgtf-pli-text-holder\" >\n\t<div class=\"edgtf-pli-text-wrapper\">\n\t\t<div class=\"edgtf-pli-text\">\n\t\t\t\t<h4 itemprop=\"name\" class=\"edgtf-pli-title entry-title\" >\n\t\tAMERIKA SQUARE\t<\/h4>\n\n\t\t\t\t\t<div class=\"edgtf-pli-category-holder\">\n\t\t\t\t\t\t\t<a itemprop=\"url\" class=\"edgtf-pli-category\" href=\"https:\/\/lamostradevalencia.com\/ca\/categoria-portfolio-1\/festival-2018-2\/\">Festival 2018<\/a>\n\t\t\t\t\t\t\t<a itemprop=\"url\" class=\"edgtf-pli-category\" href=\"https:\/\/lamostradevalencia.com\/ca\/categoria-portfolio-1\/seccio-informativa-2018\/\">Secci\u00f3 Informativa 2018<\/a>\n\t\t\t\t\t<\/div>\n\t\n\t\t\t\n\t\t\t\t\t<\/div>\n\t<\/div>\n<\/div>\n\t\t<a itemprop=\"url\" class=\"edgtf-pli-link edgtf-block-drag-link\" href=\"https:\/\/lamostradevalencia.com\/ca\/peliculas\/amerika-square\/\" target=\"_self\"><\/a>\n\t<\/div>\n<\/article><article class=\"edgtf-pl-item edgtf-item-space edgtf-masonry-size-default post-688 portfolio-item type-portfolio-item status-publish has-post-thumbnail hentry portfolio-category-festival-2018-2 portfolio-category-seccio-informativa-2018 portfolio-tag-cine-polones portfolio-tag-damian-nenow-ca portfolio-tag-miroslaw-haniszewski-ca portfolio-tag-raul-de-la-fuente-ca portfolio-tag-seccio-informativa-mostra-de-valencia portfolio-tag-vergil-j-smith-ca\">\n\t<div class=\"edgtf-pl-item-inner\">\n\t\t<div class=\"edgtf-pli-image\">\n\t<img loading=\"lazy\" decoding=\"async\" width=\"699\" height=\"1000\" src=\"https:\/\/lamostradevalencia.com\/wp-content\/uploads\/2018\/10\/Another-day-of-life.jpg\" class=\"attachment-full size-full wp-post-image\" alt=\"\" srcset=\"https:\/\/lamostradevalencia.com\/wp-content\/uploads\/2018\/10\/Another-day-of-life.jpg 699w, https:\/\/lamostradevalencia.com\/wp-content\/uploads\/2018\/10\/Another-day-of-life-210x300.jpg 210w\" sizes=\"auto, (max-width: 699px) 100vw, 699px\" \/><\/div>\n<div class=\"edgtf-pli-text-holder\" >\n\t<div class=\"edgtf-pli-text-wrapper\">\n\t\t<div class=\"edgtf-pli-text\">\n\t\t\t\t<h4 itemprop=\"name\" class=\"edgtf-pli-title entry-title\" >\n\t\tANOTHER DAY OF LIFE\t<\/h4>\n\n\t\t\t\t\t<div class=\"edgtf-pli-category-holder\">\n\t\t\t\t\t\t\t<a itemprop=\"url\" class=\"edgtf-pli-category\" href=\"https:\/\/lamostradevalencia.com\/ca\/categoria-portfolio-1\/festival-2018-2\/\">Festival 2018<\/a>\n\t\t\t\t\t\t\t<a itemprop=\"url\" class=\"edgtf-pli-category\" href=\"https:\/\/lamostradevalencia.com\/ca\/categoria-portfolio-1\/seccio-informativa-2018\/\">Secci\u00f3 Informativa 2018<\/a>\n\t\t\t\t\t<\/div>\n\t\n\t\t\t\n\t\t\t\t\t<\/div>\n\t<\/div>\n<\/div>\n\t\t<a itemprop=\"url\" class=\"edgtf-pli-link edgtf-block-drag-link\" href=\"https:\/\/lamostradevalencia.com\/ca\/peliculas\/another-day-of-life\/\" target=\"_self\"><\/a>\n\t<\/div>\n<\/article><article class=\"edgtf-pl-item edgtf-item-space edgtf-masonry-size-default post-689 portfolio-item type-portfolio-item status-publish has-post-thumbnail hentry portfolio-category-festival-2018-2 portfolio-category-seccio-informativa-2018 portfolio-tag-cine-libanes-ca portfolio-tag-mostra-de-valencia-ca-2 portfolio-tag-nadine-labaki-ca portfolio-tag-seccio-informativa portfolio-tag-yordanos-shiferaw-ca portfolio-tag-zain-al-rafeea-ca\">\n\t<div class=\"edgtf-pl-item-inner\">\n\t\t<div class=\"edgtf-pli-image\">\n\t<img loading=\"lazy\" decoding=\"async\" width=\"750\" height=\"1000\" src=\"https:\/\/lamostradevalencia.com\/wp-content\/uploads\/2018\/10\/Cafarnau\u0301n.jpg\" class=\"attachment-full size-full wp-post-image\" alt=\"\" srcset=\"https:\/\/lamostradevalencia.com\/wp-content\/uploads\/2018\/10\/Cafarnau\u0301n.jpg 750w, https:\/\/lamostradevalencia.com\/wp-content\/uploads\/2018\/10\/Cafarnau\u0301n-225x300.jpg 225w\" sizes=\"auto, (max-width: 750px) 100vw, 750px\" \/><\/div>\n<div class=\"edgtf-pli-text-holder\" >\n\t<div class=\"edgtf-pli-text-wrapper\">\n\t\t<div class=\"edgtf-pli-text\">\n\t\t\t\t<h4 itemprop=\"name\" class=\"edgtf-pli-title entry-title\" >\n\t\tCAFARNA\u00daM\t<\/h4>\n\n\t\t\t\t\t<div class=\"edgtf-pli-category-holder\">\n\t\t\t\t\t\t\t<a itemprop=\"url\" class=\"edgtf-pli-category\" href=\"https:\/\/lamostradevalencia.com\/ca\/categoria-portfolio-1\/festival-2018-2\/\">Festival 2018<\/a>\n\t\t\t\t\t\t\t<a itemprop=\"url\" class=\"edgtf-pli-category\" href=\"https:\/\/lamostradevalencia.com\/ca\/categoria-portfolio-1\/seccio-informativa-2018\/\">Secci\u00f3 Informativa 2018<\/a>\n\t\t\t\t\t<\/div>\n\t\n\t\t\t\n\t\t\t\t\t<\/div>\n\t<\/div>\n<\/div>\n\t\t<a itemprop=\"url\" class=\"edgtf-pli-link edgtf-block-drag-link\" href=\"https:\/\/lamostradevalencia.com\/ca\/peliculas\/capharnaum\/\" target=\"_self\"><\/a>\n\t<\/div>\n<\/article><article class=\"edgtf-pl-item edgtf-item-space edgtf-masonry-size-default post-690 portfolio-item type-portfolio-item status-publish has-post-thumbnail hentry portfolio-category-festival-2018-2 portfolio-category-seccio-informativa-2018 portfolio-tag-cine-frances-ca-2 portfolio-tag-julien-hallard-ca portfolio-tag-max-boublil-ca portfolio-tag-mostra-de-valencia-ca-2 portfolio-tag-seccio-informativa portfolio-tag-vanessa-guide-ca\">\n\t<div class=\"edgtf-pl-item-inner\">\n\t\t<div class=\"edgtf-pli-image\">\n\t<img loading=\"lazy\" decoding=\"async\" width=\"737\" height=\"1000\" src=\"https:\/\/lamostradevalencia.com\/wp-content\/uploads\/2018\/10\/Comme-des-garc\u0327ons.jpg\" class=\"attachment-full size-full wp-post-image\" alt=\"\" srcset=\"https:\/\/lamostradevalencia.com\/wp-content\/uploads\/2018\/10\/Comme-des-garc\u0327ons.jpg 737w, https:\/\/lamostradevalencia.com\/wp-content\/uploads\/2018\/10\/Comme-des-garc\u0327ons-221x300.jpg 221w\" sizes=\"auto, (max-width: 737px) 100vw, 737px\" \/><\/div>\n<div class=\"edgtf-pli-text-holder\" >\n\t<div class=\"edgtf-pli-text-wrapper\">\n\t\t<div class=\"edgtf-pli-text\">\n\t\t\t\t<h4 itemprop=\"name\" class=\"edgtf-pli-title entry-title\" >\n\t\tCOMME DES GAR\u00c7ONS\t<\/h4>\n\n\t\t\t\t\t<div class=\"edgtf-pli-category-holder\">\n\t\t\t\t\t\t\t<a itemprop=\"url\" class=\"edgtf-pli-category\" href=\"https:\/\/lamostradevalencia.com\/ca\/categoria-portfolio-1\/festival-2018-2\/\">Festival 2018<\/a>\n\t\t\t\t\t\t\t<a itemprop=\"url\" class=\"edgtf-pli-category\" href=\"https:\/\/lamostradevalencia.com\/ca\/categoria-portfolio-1\/seccio-informativa-2018\/\">Secci\u00f3 Informativa 2018<\/a>\n\t\t\t\t\t<\/div>\n\t\n\t\t\t\n\t\t\t\t\t<\/div>\n\t<\/div>\n<\/div>\n\t\t<a itemprop=\"url\" class=\"edgtf-pli-link edgtf-block-drag-link\" href=\"https:\/\/lamostradevalencia.com\/ca\/peliculas\/comme-des-garcons\/\" target=\"_self\"><\/a>\n\t<\/div>\n<\/article><article class=\"edgtf-pl-item edgtf-item-space edgtf-masonry-size-default post-691 portfolio-item type-portfolio-item status-publish has-post-thumbnail hentry portfolio-category-festival-2018-2 portfolio-category-seccio-informativa-2018 portfolio-tag-cine-italia portfolio-tag-mimmo-borrelli-ca portfolio-tag-mostra-de-valencia-ca-2 portfolio-tag-roberto-del-gaudio-ca portfolio-tag-seccio-informativa portfolio-tag-vincenzo-marra-ca\">\n\t<div class=\"edgtf-pl-item-inner\">\n\t\t<div class=\"edgtf-pli-image\">\n\t<img loading=\"lazy\" decoding=\"async\" width=\"420\" height=\"600\" src=\"https:\/\/lamostradevalencia.com\/wp-content\/uploads\/2018\/10\/Lequilibrio.jpg\" class=\"attachment-full size-full wp-post-image\" alt=\"\" srcset=\"https:\/\/lamostradevalencia.com\/wp-content\/uploads\/2018\/10\/Lequilibrio.jpg 420w, https:\/\/lamostradevalencia.com\/wp-content\/uploads\/2018\/10\/Lequilibrio-210x300.jpg 210w\" sizes=\"auto, (max-width: 420px) 100vw, 420px\" \/><\/div>\n<div class=\"edgtf-pli-text-holder\" >\n\t<div class=\"edgtf-pli-text-wrapper\">\n\t\t<div class=\"edgtf-pli-text\">\n\t\t\t\t<h4 itemprop=\"name\" class=\"edgtf-pli-title entry-title\" >\n\t\tL\u2019EQUILIBRIO\t<\/h4>\n\n\t\t\t\t\t<div class=\"edgtf-pli-category-holder\">\n\t\t\t\t\t\t\t<a itemprop=\"url\" class=\"edgtf-pli-category\" href=\"https:\/\/lamostradevalencia.com\/ca\/categoria-portfolio-1\/festival-2018-2\/\">Festival 2018<\/a>\n\t\t\t\t\t\t\t<a itemprop=\"url\" class=\"edgtf-pli-category\" href=\"https:\/\/lamostradevalencia.com\/ca\/categoria-portfolio-1\/seccio-informativa-2018\/\">Secci\u00f3 Informativa 2018<\/a>\n\t\t\t\t\t<\/div>\n\t\n\t\t\t\n\t\t\t\t\t<\/div>\n\t<\/div>\n<\/div>\n\t\t<a itemprop=\"url\" class=\"edgtf-pli-link edgtf-block-drag-link\" href=\"https:\/\/lamostradevalencia.com\/ca\/peliculas\/lequilibrio\/\" target=\"_self\"><\/a>\n\t<\/div>\n<\/article><article class=\"edgtf-pl-item edgtf-item-space edgtf-masonry-size-default post-692 portfolio-item type-portfolio-item status-publish has-post-thumbnail hentry portfolio-category-festival-2018-2 portfolio-category-seccio-informativa-2018 portfolio-tag-alvaro-brechner-ca portfolio-tag-antonio-de-la-torre-ca portfolio-tag-chino-darin-ca portfolio-tag-jose-mujica-ca portfolio-tag-mostra-de-valencia-ca-2 portfolio-tag-seccio-informativa\">\n\t<div class=\"edgtf-pl-item-inner\">\n\t\t<div class=\"edgtf-pli-image\">\n\t<img loading=\"lazy\" decoding=\"async\" width=\"1240\" height=\"1757\" src=\"https:\/\/lamostradevalencia.com\/wp-content\/uploads\/2018\/10\/La-noche-de-12-an\u0303os.jpg\" class=\"attachment-full size-full wp-post-image\" alt=\"\" srcset=\"https:\/\/lamostradevalencia.com\/wp-content\/uploads\/2018\/10\/La-noche-de-12-an\u0303os.jpg 1240w, https:\/\/lamostradevalencia.com\/wp-content\/uploads\/2018\/10\/La-noche-de-12-an\u0303os-212x300.jpg 212w, https:\/\/lamostradevalencia.com\/wp-content\/uploads\/2018\/10\/La-noche-de-12-an\u0303os-768x1088.jpg 768w, https:\/\/lamostradevalencia.com\/wp-content\/uploads\/2018\/10\/La-noche-de-12-an\u0303os-723x1024.jpg 723w\" sizes=\"auto, (max-width: 1240px) 100vw, 1240px\" \/><\/div>\n<div class=\"edgtf-pli-text-holder\" >\n\t<div class=\"edgtf-pli-text-wrapper\">\n\t\t<div class=\"edgtf-pli-text\">\n\t\t\t\t<h4 itemprop=\"name\" class=\"edgtf-pli-title entry-title\" >\n\t\tLA NOCHE DE 12 A\u00d1OS\t<\/h4>\n\n\t\t\t\t\t<div class=\"edgtf-pli-category-holder\">\n\t\t\t\t\t\t\t<a itemprop=\"url\" class=\"edgtf-pli-category\" href=\"https:\/\/lamostradevalencia.com\/ca\/categoria-portfolio-1\/festival-2018-2\/\">Festival 2018<\/a>\n\t\t\t\t\t\t\t<a itemprop=\"url\" class=\"edgtf-pli-category\" href=\"https:\/\/lamostradevalencia.com\/ca\/categoria-portfolio-1\/seccio-informativa-2018\/\">Secci\u00f3 Informativa 2018<\/a>\n\t\t\t\t\t<\/div>\n\t\n\t\t\t\n\t\t\t\t\t<\/div>\n\t<\/div>\n<\/div>\n\t\t<a itemprop=\"url\" class=\"edgtf-pli-link edgtf-block-drag-link\" href=\"https:\/\/lamostradevalencia.com\/ca\/peliculas\/la-noche-de-12-anos\/\" target=\"_self\"><\/a>\n\t<\/div>\n<\/article><article class=\"edgtf-pl-item edgtf-item-space edgtf-masonry-size-default post-693 portfolio-item type-portfolio-item status-publish has-post-thumbnail hentry portfolio-category-festival-2018-2 portfolio-category-seccio-informativa-2018 portfolio-tag-clint-eastwood-ca-2 portfolio-tag-david-alba-romero-ca portfolio-tag-documental-ca-2 portfolio-tag-ennio-morricone-ca-2 portfolio-tag-eugenio-alabiso-ca portfolio-tag-guillermo-de-oliveira-ca portfolio-tag-james-hetfield-ca portfolio-tag-joe-dante-ca portfolio-tag-josep-antoni-perez-giner-ca-2 portfolio-tag-mostra-de-valencia-ca-2 portfolio-tag-seccio-informativa portfolio-tag-sergio-leone-ca-2\">\n\t<div class=\"edgtf-pl-item-inner\">\n\t\t<div class=\"edgtf-pli-image\">\n\t<img loading=\"lazy\" decoding=\"async\" width=\"526\" height=\"747\" src=\"https:\/\/lamostradevalencia.com\/wp-content\/uploads\/2018\/10\/Desenterrando-Sad-Hill.jpg\" class=\"attachment-full size-full wp-post-image\" alt=\"\" srcset=\"https:\/\/lamostradevalencia.com\/wp-content\/uploads\/2018\/10\/Desenterrando-Sad-Hill.jpg 526w, https:\/\/lamostradevalencia.com\/wp-content\/uploads\/2018\/10\/Desenterrando-Sad-Hill-211x300.jpg 211w\" sizes=\"auto, (max-width: 526px) 100vw, 526px\" \/><\/div>\n<div class=\"edgtf-pli-text-holder\" >\n\t<div class=\"edgtf-pli-text-wrapper\">\n\t\t<div class=\"edgtf-pli-text\">\n\t\t\t\t<h4 itemprop=\"name\" class=\"edgtf-pli-title entry-title\" >\n\t\tDESENTERRANDO SAD HILL\u00a0\t<\/h4>\n\n\t\t\t\t\t<div class=\"edgtf-pli-category-holder\">\n\t\t\t\t\t\t\t<a itemprop=\"url\" class=\"edgtf-pli-category\" href=\"https:\/\/lamostradevalencia.com\/ca\/categoria-portfolio-1\/festival-2018-2\/\">Festival 2018<\/a>\n\t\t\t\t\t\t\t<a itemprop=\"url\" class=\"edgtf-pli-category\" href=\"https:\/\/lamostradevalencia.com\/ca\/categoria-portfolio-1\/seccio-informativa-2018\/\">Secci\u00f3 Informativa 2018<\/a>\n\t\t\t\t\t<\/div>\n\t\n\t\t\t\n\t\t\t\t\t<\/div>\n\t<\/div>\n<\/div>\n\t\t<a itemprop=\"url\" class=\"edgtf-pli-link edgtf-block-drag-link\" href=\"https:\/\/lamostradevalencia.com\/ca\/peliculas\/sad-hill-unearthed\/\" target=\"_self\"><\/a>\n\t<\/div>\n<\/article><article class=\"edgtf-pl-item edgtf-item-space edgtf-masonry-size-default post-696 portfolio-item type-portfolio-item status-publish has-post-thumbnail hentry portfolio-category-festival-2018-2 portfolio-category-seccio-informativa-2018 portfolio-tag-adriana-matoshi-ca portfolio-tag-alban-ukaj-ca portfolio-tag-albania-ca portfolio-tag-blerta-zeqiri-ca portfolio-tag-homosexualidad-ca portfolio-tag-kosovo-ca portfolio-tag-mostra-de-valencia-ca-2 portfolio-tag-seccio-informativa\">\n\t<div class=\"edgtf-pl-item-inner\">\n\t\t<div class=\"edgtf-pli-image\">\n\t<img loading=\"lazy\" decoding=\"async\" width=\"509\" height=\"711\" src=\"https:\/\/lamostradevalencia.com\/wp-content\/uploads\/2018\/10\/The-marriage.jpg\" class=\"attachment-full size-full wp-post-image\" alt=\"\" srcset=\"https:\/\/lamostradevalencia.com\/wp-content\/uploads\/2018\/10\/The-marriage.jpg 509w, https:\/\/lamostradevalencia.com\/wp-content\/uploads\/2018\/10\/The-marriage-215x300.jpg 215w\" sizes=\"auto, (max-width: 509px) 100vw, 509px\" \/><\/div>\n<div class=\"edgtf-pli-text-holder\" >\n\t<div class=\"edgtf-pli-text-wrapper\">\n\t\t<div class=\"edgtf-pli-text\">\n\t\t\t\t<h4 itemprop=\"name\" class=\"edgtf-pli-title entry-title\" >\n\t\tTHE MARRIAGE\t<\/h4>\n\n\t\t\t\t\t<div class=\"edgtf-pli-category-holder\">\n\t\t\t\t\t\t\t<a itemprop=\"url\" class=\"edgtf-pli-category\" href=\"https:\/\/lamostradevalencia.com\/ca\/categoria-portfolio-1\/festival-2018-2\/\">Festival 2018<\/a>\n\t\t\t\t\t\t\t<a itemprop=\"url\" class=\"edgtf-pli-category\" href=\"https:\/\/lamostradevalencia.com\/ca\/categoria-portfolio-1\/seccio-informativa-2018\/\">Secci\u00f3 Informativa 2018<\/a>\n\t\t\t\t\t<\/div>\n\t\n\t\t\t\n\t\t\t\t\t<\/div>\n\t<\/div>\n<\/div>\n\t\t<a itemprop=\"url\" class=\"edgtf-pli-link edgtf-block-drag-link\" href=\"https:\/\/lamostradevalencia.com\/ca\/peliculas\/the-marriage\/\" target=\"_self\"><\/a>\n\t<\/div>\n<\/article><article class=\"edgtf-pl-item edgtf-item-space edgtf-masonry-size-default post-701 portfolio-item type-portfolio-item status-publish has-post-thumbnail hentry portfolio-category-festival-2018-2 portfolio-category-seccio-informativa-2018 portfolio-tag-algeria portfolio-tag-djamila-arres-ca portfolio-tag-djillali-boudjemaa-ca portfolio-tag-mostra-de-valencia-ca-2 portfolio-tag-seccio-informativa portfolio-tag-yasmine-chouikh-ca\">\n\t<div class=\"edgtf-pl-item-inner\">\n\t\t<div class=\"edgtf-pli-image\">\n\t<img loading=\"lazy\" decoding=\"async\" width=\"800\" height=\"1190\" src=\"https:\/\/lamostradevalencia.com\/wp-content\/uploads\/2018\/10\/Until-the-End-of-Time.jpg\" class=\"attachment-full size-full wp-post-image\" alt=\"\" srcset=\"https:\/\/lamostradevalencia.com\/wp-content\/uploads\/2018\/10\/Until-the-End-of-Time.jpg 800w, https:\/\/lamostradevalencia.com\/wp-content\/uploads\/2018\/10\/Until-the-End-of-Time-202x300.jpg 202w, https:\/\/lamostradevalencia.com\/wp-content\/uploads\/2018\/10\/Until-the-End-of-Time-768x1142.jpg 768w, https:\/\/lamostradevalencia.com\/wp-content\/uploads\/2018\/10\/Until-the-End-of-Time-688x1024.jpg 688w\" sizes=\"auto, (max-width: 800px) 100vw, 800px\" \/><\/div>\n<div class=\"edgtf-pli-text-holder\" >\n\t<div class=\"edgtf-pli-text-wrapper\">\n\t\t<div class=\"edgtf-pli-text\">\n\t\t\t\t<h4 itemprop=\"name\" class=\"edgtf-pli-title entry-title\" >\n\t\tUNTIL THE END OF TIME\t<\/h4>\n\n\t\t\t\t\t<div class=\"edgtf-pli-category-holder\">\n\t\t\t\t\t\t\t<a itemprop=\"url\" class=\"edgtf-pli-category\" href=\"https:\/\/lamostradevalencia.com\/ca\/categoria-portfolio-1\/festival-2018-2\/\">Festival 2018<\/a>\n\t\t\t\t\t\t\t<a itemprop=\"url\" class=\"edgtf-pli-category\" href=\"https:\/\/lamostradevalencia.com\/ca\/categoria-portfolio-1\/seccio-informativa-2018\/\">Secci\u00f3 Informativa 2018<\/a>\n\t\t\t\t\t<\/div>\n\t\n\t\t\t\n\t\t\t\t\t<\/div>\n\t<\/div>\n<\/div>\n\t\t<a itemprop=\"url\" class=\"edgtf-pli-link edgtf-block-drag-link\" href=\"https:\/\/lamostradevalencia.com\/ca\/peliculas\/until-the-end-of-time\/\" target=\"_self\"><\/a>\n\t<\/div>\n<\/article><article class=\"edgtf-pl-item edgtf-item-space edgtf-masonry-size-default post-995 portfolio-item type-portfolio-item status-publish has-post-thumbnail hentry portfolio-category-festival-2018-2 portfolio-category-seccio-informativa-2018 portfolio-tag-gaya-jiji-ca-2 portfolio-tag-manuel-isaa portfolio-tag-seccio-informativa portfolio-tag-siria-ca-2\">\n\t<div class=\"edgtf-pl-item-inner\">\n\t\t<div class=\"edgtf-pli-image\">\n\t<img loading=\"lazy\" decoding=\"async\" width=\"525\" height=\"711\" src=\"https:\/\/lamostradevalencia.com\/wp-content\/uploads\/2018\/10\/My-favorite-fabric.jpg\" class=\"attachment-full size-full wp-post-image\" alt=\"\" srcset=\"https:\/\/lamostradevalencia.com\/wp-content\/uploads\/2018\/10\/My-favorite-fabric.jpg 525w, https:\/\/lamostradevalencia.com\/wp-content\/uploads\/2018\/10\/My-favorite-fabric-222x300.jpg 222w\" sizes=\"auto, (max-width: 525px) 100vw, 525px\" \/><\/div>\n<div class=\"edgtf-pli-text-holder\" >\n\t<div class=\"edgtf-pli-text-wrapper\">\n\t\t<div class=\"edgtf-pli-text\">\n\t\t\t\t<h4 itemprop=\"name\" class=\"edgtf-pli-title entry-title\" >\n\t\tMON TISSU PR\u00c9F\u00c9R\u00c9\t<\/h4>\n\n\t\t\t\t\t<div class=\"edgtf-pli-category-holder\">\n\t\t\t\t\t\t\t<a itemprop=\"url\" class=\"edgtf-pli-category\" href=\"https:\/\/lamostradevalencia.com\/ca\/categoria-portfolio-1\/festival-2018-2\/\">Festival 2018<\/a>\n\t\t\t\t\t\t\t<a itemprop=\"url\" class=\"edgtf-pli-category\" href=\"https:\/\/lamostradevalencia.com\/ca\/categoria-portfolio-1\/seccio-informativa-2018\/\">Secci\u00f3 Informativa 2018<\/a>\n\t\t\t\t\t<\/div>\n\t\n\t\t\t\n\t\t\t\t\t<\/div>\n\t<\/div>\n<\/div>\n\t\t<a itemprop=\"url\" class=\"edgtf-pli-link edgtf-block-drag-link\" href=\"https:\/\/lamostradevalencia.com\/ca\/peliculas\/mon-tissu-prefere\/\" target=\"_self\"><\/a>\n\t<\/div>\n<\/article>\t<\/div>\n\t\n\t<\/div>[\/vc_column][\/vc_row]<\/p>\n<\/div>","protected":false},"excerpt":{"rendered":"MON TISSU PR\u00c9F\u00c9R\u00c9 Irlanda, Gran Breta\u00f1a, Grecia, Francia, Holanda. 2015. Color. 119\u2019. VOSE SECCI\u00d3 INFORMATIVA Una jove fadrina, que viu una vida trista en un [...]","protected":false},"author":1,"featured_media":0,"parent":2838,"menu_order":2,"comment_status":"closed","ping_status":"closed","template":"full-width.php","meta":{"_uag_custom_page_level_css":"","_jet_sm_ready_style":"","_jet_sm_style":"","_jet_sm_controls_values":"","_jet_sm_fonts_collection":"","_jet_sm_fonts_links":"","footnotes":""},"class_list":["post-2868","page","type-page","status-publish","hentry"],"yoast_head":"<!-- This site is optimized with the Yoast SEO plugin v27.5 - https:\/\/yoast.com\/product\/yoast-seo-wordpress\/ -->\n<title>Secci\u00f3 Informativa 2018 - Mostra de Val\u00e8ncia<\/title>\n<meta name=\"robots\" content=\"index, follow, max-snippet:-1, max-image-preview:large, max-video-preview:-1\" \/>\n<link rel=\"canonical\" href=\"https:\/\/lamostradevalencia.com\/ca\/edicio-2018\/seccio-informativa-2018\/\" \/>\n<meta property=\"og:locale\" content=\"ca_ES\" \/>\n<meta property=\"og:type\" content=\"article\" \/>\n<meta property=\"og:title\" content=\"Secci\u00f3 Informativa 2018 - Mostra de Val\u00e8ncia\" \/>\n<meta property=\"og:url\" content=\"https:\/\/lamostradevalencia.com\/ca\/edicio-2018\/seccio-informativa-2018\/\" \/>\n<meta property=\"og:site_name\" content=\"Mostra de Val\u00e8ncia\" \/>\n<meta property=\"article:modified_time\" content=\"2019-08-02T12:44:06+00:00\" \/>\n<meta name=\"twitter:card\" content=\"summary_large_image\" \/>\n<script type=\"application\/ld+json\" class=\"yoast-schema-graph\">{\"@context\":\"https:\\\/\\\/schema.org\",\"@graph\":[{\"@type\":\"WebPage\",\"@id\":\"https:\\\/\\\/lamostradevalencia.com\\\/ca\\\/edicio-2018\\\/seccio-informativa-2018\\\/\",\"url\":\"https:\\\/\\\/lamostradevalencia.com\\\/ca\\\/edicio-2018\\\/seccio-informativa-2018\\\/\",\"name\":\"Secci\u00f3 Informativa 2018 - Mostra de Val\u00e8ncia\",\"isPartOf\":{\"@id\":\"https:\\\/\\\/lamostradevalencia.com\\\/ca\\\/#website\"},\"datePublished\":\"2019-08-02T09:54:31+00:00\",\"dateModified\":\"2019-08-02T12:44:06+00:00\",\"breadcrumb\":{\"@id\":\"https:\\\/\\\/lamostradevalencia.com\\\/ca\\\/edicio-2018\\\/seccio-informativa-2018\\\/#breadcrumb\"},\"inLanguage\":\"ca\",\"potentialAction\":[{\"@type\":\"ReadAction\",\"target\":[\"https:\\\/\\\/lamostradevalencia.com\\\/ca\\\/edicio-2018\\\/seccio-informativa-2018\\\/\"]}]},{\"@type\":\"BreadcrumbList\",\"@id\":\"https:\\\/\\\/lamostradevalencia.com\\\/ca\\\/edicio-2018\\\/seccio-informativa-2018\\\/#breadcrumb\",\"itemListElement\":[{\"@type\":\"ListItem\",\"position\":1,\"name\":\"Portada\",\"item\":\"https:\\\/\\\/lamostradevalencia.com\\\/ca\\\/\"},{\"@type\":\"ListItem\",\"position\":2,\"name\":\"Edici\u00f3 2018\",\"item\":\"https:\\\/\\\/lamostradevalencia.com\\\/ca\\\/edicion-2018\\\/\"},{\"@type\":\"ListItem\",\"position\":3,\"name\":\"Secci\u00f3 Informativa 2018\"}]},{\"@type\":\"WebSite\",\"@id\":\"https:\\\/\\\/lamostradevalencia.com\\\/ca\\\/#website\",\"url\":\"https:\\\/\\\/lamostradevalencia.com\\\/ca\\\/\",\"name\":\"Mostra de Val\u00e8ncia\",\"description\":\"Cinema del Mediterrani\",\"potentialAction\":[{\"@type\":\"SearchAction\",\"target\":{\"@type\":\"EntryPoint\",\"urlTemplate\":\"https:\\\/\\\/lamostradevalencia.com\\\/ca\\\/?s={search_term_string}\"},\"query-input\":{\"@type\":\"PropertyValueSpecification\",\"valueRequired\":true,\"valueName\":\"search_term_string\"}}],\"inLanguage\":\"ca\"}]}<\/script>\n<!-- \/ Yoast SEO plugin. -->","yoast_head_json":{"title":"Secci\u00f3 Informativa 2018 - Mostra de Val\u00e8ncia","robots":{"index":"index","follow":"follow","max-snippet":"max-snippet:-1","max-image-preview":"max-image-preview:large","max-video-preview":"max-video-preview:-1"},"canonical":"https:\/\/lamostradevalencia.com\/ca\/edicio-2018\/seccio-informativa-2018\/","og_locale":"ca_ES","og_type":"article","og_title":"Secci\u00f3 Informativa 2018 - Mostra de Val\u00e8ncia","og_url":"https:\/\/lamostradevalencia.com\/ca\/edicio-2018\/seccio-informativa-2018\/","og_site_name":"Mostra de Val\u00e8ncia","article_modified_time":"2019-08-02T12:44:06+00:00","twitter_card":"summary_large_image","schema":{"@context":"https:\/\/schema.org","@graph":[{"@type":"WebPage","@id":"https:\/\/lamostradevalencia.com\/ca\/edicio-2018\/seccio-informativa-2018\/","url":"https:\/\/lamostradevalencia.com\/ca\/edicio-2018\/seccio-informativa-2018\/","name":"Secci\u00f3 Informativa 2018 - Mostra de Val\u00e8ncia","isPartOf":{"@id":"https:\/\/lamostradevalencia.com\/ca\/#website"},"datePublished":"2019-08-02T09:54:31+00:00","dateModified":"2019-08-02T12:44:06+00:00","breadcrumb":{"@id":"https:\/\/lamostradevalencia.com\/ca\/edicio-2018\/seccio-informativa-2018\/#breadcrumb"},"inLanguage":"ca","potentialAction":[{"@type":"ReadAction","target":["https:\/\/lamostradevalencia.com\/ca\/edicio-2018\/seccio-informativa-2018\/"]}]},{"@type":"BreadcrumbList","@id":"https:\/\/lamostradevalencia.com\/ca\/edicio-2018\/seccio-informativa-2018\/#breadcrumb","itemListElement":[{"@type":"ListItem","position":1,"name":"Portada","item":"https:\/\/lamostradevalencia.com\/ca\/"},{"@type":"ListItem","position":2,"name":"Edici\u00f3 2018","item":"https:\/\/lamostradevalencia.com\/ca\/edicion-2018\/"},{"@type":"ListItem","position":3,"name":"Secci\u00f3 Informativa 2018"}]},{"@type":"WebSite","@id":"https:\/\/lamostradevalencia.com\/ca\/#website","url":"https:\/\/lamostradevalencia.com\/ca\/","name":"Mostra de Val\u00e8ncia","description":"Cinema del Mediterrani","potentialAction":[{"@type":"SearchAction","target":{"@type":"EntryPoint","urlTemplate":"https:\/\/lamostradevalencia.com\/ca\/?s={search_term_string}"},"query-input":{"@type":"PropertyValueSpecification","valueRequired":true,"valueName":"search_term_string"}}],"inLanguage":"ca"}]}},"uagb_featured_image_src":{"full":false,"thumbnail":false,"medium":false,"medium_large":false,"large":false,"1536x1536":false,"2048x2048":false,"cinerama_edge_image_square":false,"cinerama_edge_image_landscape":false,"cinerama_edge_image_portrait":false,"cinerama_edge_image_huge":false,"gform-image-choice-sm":false,"gform-image-choice-md":false,"gform-image-choice-lg":false},"uagb_author_info":{"display_name":"Mostra de Val\u00e8ncia","author_link":"https:\/\/lamostradevalencia.com\/ca\/author\/mostravalencia\/"},"uagb_comment_info":0,"uagb_excerpt":null,"_links":{"self":[{"href":"https:\/\/lamostradevalencia.com\/ca\/wp-json\/wp\/v2\/pages\/2868","targetHints":{"allow":["GET"]}}],"collection":[{"href":"https:\/\/lamostradevalencia.com\/ca\/wp-json\/wp\/v2\/pages"}],"about":[{"href":"https:\/\/lamostradevalencia.com\/ca\/wp-json\/wp\/v2\/types\/page"}],"author":[{"embeddable":true,"href":"https:\/\/lamostradevalencia.com\/ca\/wp-json\/wp\/v2\/users\/1"}],"replies":[{"embeddable":true,"href":"https:\/\/lamostradevalencia.com\/ca\/wp-json\/wp\/v2\/comments?post=2868"}],"version-history":[{"count":5,"href":"https:\/\/lamostradevalencia.com\/ca\/wp-json\/wp\/v2\/pages\/2868\/revisions"}],"predecessor-version":[{"id":2973,"href":"https:\/\/lamostradevalencia.com\/ca\/wp-json\/wp\/v2\/pages\/2868\/revisions\/2973"}],"up":[{"embeddable":true,"href":"https:\/\/lamostradevalencia.com\/ca\/wp-json\/wp\/v2\/pages\/2838"}],"wp:attachment":[{"href":"https:\/\/lamostradevalencia.com\/ca\/wp-json\/wp\/v2\/media?parent=2868"}],"curies":[{"name":"wp","href":"https:\/\/api.w.org\/{rel}","templated":true}]}}