{"id":2659,"date":"2018-09-13T13:14:03","date_gmt":"2018-09-13T11:14:03","guid":{"rendered":"https:\/\/lamostradevalencia.com\/politica-de-privacitat\/"},"modified":"2024-09-19T20:05:13","modified_gmt":"2024-09-19T18:05:13","slug":"politica-de-privacitat","status":"publish","type":"page","link":"https:\/\/lamostradevalencia.com\/ca\/politica-de-privacitat\/","title":{"rendered":"Protecci\u00f3 de Dades"},"content":{"rendered":"<h2>Informaci\u00f3 b\u00e0sica sobre protecci\u00f3 de dades<\/h2>\n<p>&nbsp;<\/p>\n<table>\n<tbody>\n<tr>\n<td width=\"141\"><strong>RESPONSABLE<\/strong><\/td>\n<td width=\"424\">Organisme Aut\u00f2nom Municipal Mostra de Val\u00e8ncia i Iniciatives Audiovisuals<\/p>\n<p>NIF: Q4601457G<\/td>\n<\/tr>\n<tr>\n<td width=\"141\"><strong>CONTACTE<\/strong><\/td>\n<td width=\"424\">Tel\u00e9fono: 963525478 \u2013 Ext. 77189<\/p>\n<p>C\/ Aben al-Abbar, n\u00ba 7, 46021-Val\u00e8ncia<\/p>\n<p><a href=\"mailto:info@lamostradevalencia.com\">info@lamostradevalencia.com<\/a><\/td>\n<\/tr>\n<tr>\n<td width=\"141\"><strong>FINALITAT<\/strong><\/td>\n<td width=\"424\">Prestaci\u00f3 de servicis p\u00fablics, enviament d&#8217;informaci\u00f3<\/td>\n<\/tr>\n<tr>\n<td width=\"141\"><strong>LEGITIMACI\u00d3<\/strong><\/td>\n<td width=\"424\">El compliment d&#8217;una tasca en inter\u00e9s p\u00fablic o l&#8217;exercici de poder p\u00fablics (article 6.1,e del RGPD). Consentiment de les persones interessades, quan calga (article 6.1,a del RGPD).<\/td>\n<\/tr>\n<tr>\n<td width=\"141\"><strong>DESTINATARIS<\/strong><\/td>\n<td width=\"424\">Les Administracions P\u00fabliques en l&#8217;exercici de les seues compet\u00e8ncies, quan siga necessari per a la gesti\u00f3 de la seua sol\u00b7licitud.<\/td>\n<\/tr>\n<tr>\n<td width=\"141\"><strong>DRETS<\/strong><\/td>\n<td width=\"424\">Les persones interessades podran sol\u00b7licitar l&#8217;acc\u00e9s, rectificaci\u00f3 o supressi\u00f3 de les seues dades, aix\u00ed com exercitar altres drets o retirar, si \u00e9s el cas, el consentiment atorgat en l&#8217;adre\u00e7a C\/Aben Al-Abbar, n\u00fam. 7, 46021-Val\u00e8ncia, enviant un correu electr\u00f2nic a <a href=\"mailto:dpd@lamostradevalencia.com\">dpd@lamostradevalencia.com<\/a> o en la seu electr\u00f2nica de l\u2019Ajuntament de Val\u00e8ncia.<\/td>\n<\/tr>\n<tr>\n<td width=\"141\"><strong>INFORMACI\u00d3 ADDICIONAL<\/strong><\/td>\n<td width=\"424\">Ha de llegir la informaci\u00f3 detallada sobre protecci\u00f3 de dades m\u00e9s avall.<\/td>\n<\/tr>\n<\/tbody>\n<\/table>\n<p>&nbsp;<\/p>\n<p>&nbsp;<\/p>\n<h2>Informaci\u00f3 detallada sobre protecci\u00f3 de dades<\/h2>\n<p>Les dades personals vinculades a la p\u00e0gina web i la seu electr\u00f2nica responsabilitat de ORGANISME AUT\u00d2NOM MUNICIPAL MOSTRA DE VAL\u00c8NCIA I INICIATIVES AUDIOVISUALS respecten les exig\u00e8ncies del Reglament (UE) 2016\/679 del Parlament Europeu i del Consell de 27 d&#8217;abril de 2016 relatiu a la protecci\u00f3 de les persones f\u00edsiques en el qual respecta al tractament de dades personals i a la lliure circulaci\u00f3 d&#8217;estes dades (RGPD) i la Llei org\u00e0nica 3\/2018, de 5 de desembre , de Protecci\u00f3 de Dades Personals i garantia dels drets digitals (*LOPDGDD ).<\/p>\n<h3>2.1 Qui \u00e9s el Responsable del tractament?<\/h3>\n<p>Dades del Responsable:<\/p>\n<ul>\n<li>RESPONSABLE: Organisme Aut\u00f2nom Municipal Mostra de Val\u00e8ncia i Iniciatives Audiovisuals<\/li>\n<li>NIF: Q4601457G<\/li>\n<li>Adre\u00e7a: C\/ Aben al-Abbar, n\u00fam. 7, 46021-Val\u00e8ncia<\/li>\n<li>Tel\u00e8fon: 963525478 \u2013 Ext.77189<\/li>\n<\/ul>\n<p>Dades del DELEGAT DE PROTECCI\u00d3 DE DADES:<\/p>\n<ul>\n<li>APDTIC PROFESIONALES, S.L.<\/li>\n<li><a href=\"mailto:dpd@lamostradevalencia.com\">dpd@lamostradevalencia.com<\/a><\/li>\n<\/ul>\n<p>L&#8217;ORGANISME AUT\u00d2NOM MUNICIPAL MOSTRA DE VAL\u00c8NCIA I INICIATIVES AUDIOVISUALS \u00e9s responsable de mantindre un registre de les activitats de tractament sota la seua responsabilitat en compliment dels deures establits en l&#8217;article 30 del RGPD.<\/p>\n<p>&nbsp;<\/p>\n<h3>2.2 Amb quina finalitat tractem les seues dades personals?<\/h3>\n<p>L\u2019ORGANISME AUT\u00d2NOM MUNICIPAL MOSTRA DE VAL\u00c8NCIA I INICIATIVES AUDIOVISUALS tractar\u00e0 les dades personals de les persones interessades, amb car\u00e0cter general, per a:<\/p>\n<ol>\n<li>Gestionar els diferents procediments administratius i informar sobre la seua tramitaci\u00f3.<\/li>\n<li>Verificar o comprovar l&#8217;exactitud de les dades personals que les persones interessades declaren que ja obren en poder de les administracions p\u00fabliques o que pr\u00e8viament ja s&#8217;acostaren.<\/li>\n<li>Realitzar notificacions i tramitar recursos.<\/li>\n<li>Gestionar peticions d&#8217;informaci\u00f3, suggeriments, comunicacions en general i remetre butlletins informatius.<\/li>\n<\/ol>\n<p>&nbsp;<\/p>\n<h3>2.3 Quina \u00e9s la legitimaci\u00f3 per al tractament de les seues dades?<\/h3>\n<p>L&#8217;ORGANISME AUT\u00d2NOM MUNICIPAL MOSTRA DE VAL\u00c8NCIA I INICIATIVES AUDIOVISUALS est\u00e0 legitimat per a dur a terme el tractament de dades de car\u00e0cter personal d&#8217;acord amb el principi de licitud del tractament assenyalat en l&#8217;article 6 del RGPD i, concretament, per a:<\/p>\n<ul>\n<li>Amb car\u00e0cter general, en el cas de l&#8217;activitat de procediment administratiu, la base jur\u00eddica dels tractaments ser\u00e0 el compliment d&#8217;una tasca en inter\u00e9s p\u00fablic o l&#8217;exercici de poder p\u00fablics, tenint en compte la Llei 39\/2015, d&#8217;1 d&#8217;octubre, del procediment administratiu com\u00fa; la Llei 9\/2017, de 8 de novembre, de contractes del sector p\u00fablic; Llei 39\/2015, d&#8217;1 d&#8217;octubre, del procediment administratiu com\u00fa, etc.<\/li>\n<li>En determinats suposats el tractament vindr\u00e0 legitimat pel consentiment de les persones interessades.<\/li>\n<li>En tot cas, la base de la legitimaci\u00f3 es recollir\u00e0 en les cl\u00e0usules informatives b\u00e0siques disponibles en els formularis de recollida de dades personals.<\/li>\n<\/ul>\n<p>&nbsp;<\/p>\n<h3>2.4 A quins destinataris es comunicaran les seues dades?<\/h3>\n<p>Les seues dades podran ser comunicades, segons la legislaci\u00f3 vigent i sempre que siga necessari per a la gesti\u00f3 del procediment o petici\u00f3, a altres administracions p\u00fabliques en l&#8217;exercici de les seues compet\u00e8ncies, a entitats financeres, a diaris oficials, p\u00e0gines web o taulers d&#8217;anuncis de l&#8217;ORGANISME AUT\u00d2NOM MUNICIPAL MOSTRA DE VAL\u00c8NCIA I INICIATIVES AUDIOVISUALS per a donar la publicitat legalment exigida en els procediments on siga necess\u00e0ria.<\/p>\n<p>Les cl\u00e0usules informatives b\u00e0siques inclouran, en tot cas, els destinataris concrets de les dades.<\/p>\n<p>&nbsp;<\/p>\n<h3>2.5 Durant quant de temps conservarem les seues dades personals?<\/h3>\n<p>Les dades personals proporcionades es conservaran mentre no sol\u00b7licite la seua supressi\u00f3 o cancel\u00b7laci\u00f3 i sempre que resulten adequades, pertinents i limitatdes a all\u00f2 necessari per als fins per als quals siguen tractats.<\/p>\n<p>&nbsp;<\/p>\n<h3>2.6 Es realitzaran transfer\u00e8ncies de dades a tercers pa\u00efsos?<\/h3>\n<p>No es produiran transfer\u00e8ncies internacionals de dades.<\/p>\n<ul>\n<li><strong>Quins s\u00f3n els seus drets quan ens facilita les dades personals?<\/strong><\/li>\n<li><u>Acc\u00e9s:<\/u> dret a obtindre confirmaci\u00f3 sobre si estem tractant dades personals seues o no, a saber quins s\u00f3n, per a qu\u00e8 s&#8217;usen, quant de temps es guardaran, l&#8217;origen de les mateixes i si es van comunicar o es comunicaran a una tercera part.<\/li>\n<li><u>Rectificaci\u00f3:<\/u> dret a sol\u00b7licitar la rectificaci\u00f3 de les dades inexactes i que es completen les dades personals incompletes.<\/li>\n<li><u>Supressi\u00f3:<\/u> dret a sol\u00b7licitar la supressi\u00f3 de les dades de car\u00e0cter personal quan siguen inadequades, excessives o ja no siguen necess\u00e0ries per a les finalitats per a les quals van ser recollides, incl\u00f2s el dret a l&#8217;oblit.<\/li>\n<li><u>Oposici\u00f3:<\/u> dret a oposar-se, en determinades circumst\u00e0ncies, que es realitze el tractament de les seues dades personals o a sol\u00b7licitar que se cesse en el tractament.<\/li>\n<li><u>Limitaci\u00f3 del tractament:<\/u> dret a sol\u00b7licitar, en les circumst\u00e0ncies establides legalment, que no es tracten les seues dades m\u00e9s enll\u00e0 de la mera conservaci\u00f3 d&#8217;estos.<\/li>\n<li><u>Portabilitat:<\/u> dret a rebre les dades de car\u00e0cter personal en un format estructurat, d&#8217;\u00fas com\u00fa i lectura mec\u00e0nica, i poder transmetre-les a una altre figura responsable, sempre que siga t\u00e8cnicament possible.<\/li>\n<\/ul>\n<p>&nbsp;<\/p>\n<h3>2.8 Tindr\u00e0 la possibilitat de retirar el seu consentiment?<\/h3>\n<p>Tindr\u00e0 la possibilitat i el dret de retirar el seu consentiment per a qualsevol finalitat espec\u00edfica atorgada en el seu moment, sense que aix\u00f2 afecte la licitud del tractament basat en el consentiment previ a la seua retirada.<\/p>\n<p>&nbsp;<\/p>\n<h3>2.9 On podr\u00e0 exercitar els seus drets?<\/h3>\n<p>La persona interessada podr\u00e0 exercir els seus drets sense cap cost, i haur\u00e0 de rebre resposta en els terminis establits en el RGPD i la LOPDGDD, pels mitjans seg\u00fcents:<\/p>\n<ul>\n<li>Per escrit en l&#8217;ORGANISME AUT\u00d2NOM MUNICIPAL MOSTRA DE VAL\u00c8NCIA I INICIATIVES AUDIOVISUALS. Esta sol\u00b7licitud haur\u00e0 d&#8217;anar firmada juntament amb la c\u00f2pia del DNI o passaport de la persona interessada. En cas que s&#8217;actue a trav\u00e9s de representant legal haur\u00e0 d&#8217;acostar-se, a m\u00e9s, el DNI i el document acreditatiu de la presentaci\u00f3 del\/de la representant.<\/li>\n<li>Si l&#8217;ORGANISME AUT\u00d2NOM MUNICIPAL MOSTRA DE VAL\u00c8NCIA I INICIATIVES AUDIOVISUALS tinguera dubtes raonables en relaci\u00f3 amb la identitat de la persona f\u00edsica que cursa la sol\u00b7licitud podr\u00e0 sol\u00b7licitar la informaci\u00f3 addicional necess\u00e0ria per a confirmar la identitat de la interessada.<\/li>\n<li>L&#8217;ORGANISME AUT\u00d2NOM MUNICIPAL MOSTRA DE VAL\u00c8NCIA I INICIATIVES AUDIOVISUALS haur\u00e0 de respondre la sol\u00b7licitud en el termini d&#8217;un mes des de la seua recepci\u00f3. Este termini podr\u00e0 prorrogar-se altres dos mesos en cas de ser necessari, segons la complexitat i el nombre de sol\u00b7licituds rebudes. La interessada, en qualsevol cas, ser\u00e0 informada en el termini d&#8217;un mes a partir de la recepci\u00f3 de la sol\u00b7licitud.<\/li>\n<li>Qualsevol persona interessada podr\u00e0 tamb\u00e9 dirigir la seua sol\u00b7licitud d&#8217;exercici de drets al Delegat de Protecci\u00f3 de dades en l\u2019adre\u00e7a electr\u00f2nica <a href=\"mailto:dpd@lamostradevalencia.com\">dpd@lamostradevalencia.com<\/a> o en la seu electr\u00f2nica de l\u2019Ajuntament de Val\u00e8ncia.<\/li>\n<li>Per a m\u00e9s informaci\u00f3: <a href=\"https:\/\/www.aepd.es\/reglamento\/derechos\/index.html\">https:\/\/www.aepd.es\/reglamento\/derechos\/index.html<\/a><\/li>\n<\/ul>\n<p>&nbsp;<\/p>\n<h3>2.10 Com pot realitzar una reclamaci\u00f3 davant l&#8217;Autoritat de Control?<\/h3>\n<p>En cas que no s&#8217;hagen respectat els seus drets pot presentar una reclamaci\u00f3 dirigint-se per escrit a l&#8217;Ag\u00e8ncia Espanyola de Protecci\u00f3 de Dades (AEPD) situada al carrer Jorge Juan, 6-28001-Madrid o utilitzar la seu electr\u00f2nica: <a href=\"https:\/\/sedeagpd.gob.es\/sede-electronica-web\/\">https:\/\/sedeagpd.gob.es\/sede-electronica-web\/<\/a>.<\/p>\n<p>En ambd\u00f3s casos, haur\u00e0 d&#8217;acompanyar la documentaci\u00f3 pertinent.<\/p>\n<p>&nbsp;<\/p>\n<h3>2.11 Quines s\u00f3n les mesures de seguretat?<\/h3>\n<p>En compliment amb l&#8217;article 32 del RGPD i tenint en compte l&#8217;establit en la Disposici\u00f3 Addicional Primera de la *LOPDGDD 3\/2018, l\u2019 ORGANISME AUT\u00d2NOM MUNICIPAL MOSTRA DE VAL\u00c8NCIA I INICIATIVES AUDIOVISUALS compta amb unes mesures de seguretat establides pel seu reglament intern de seguretat que segueix l&#8217;Esquema Nacional de Seguretat (*ENS) regulat pel Reial decret 311\/2022, de 3 de maig.<\/p>\n<ul>\n<li><strong>NORMATIVA D&#8217;APLICACI\u00d3<\/strong><\/li>\n<li><a href=\"https:\/\/www.boe.es\/buscar\/doc.php?id=BOE-A-2018-16673\">Ley Org\u00e1nica 3\/2018, de 5 de diciembre, de Protecci\u00f3n de Datos Personales y garant\u00eda de los derechos digitales (LOPDGDD)<\/a><\/li>\n<li><a href=\"https:\/\/www.boe.es\/doue\/2016\/119\/L00001-00088.pdf\">Reglamento (UE) 2016\/679 del Parlamento Europeo y del Consejo de 27 de abril de 2016 relativo a la protecci\u00f3n de las personas f\u00edsicas en el que respeta al tratamiento de datos personales y a la libre circulaci\u00f3n de estos datos y por lo que se deroga la Di<\/a><u>rectiva 95\/46\/CE (Reglamento General de Protecci\u00f3n de Datos)<\/u><\/li>\n<li><a href=\"https:\/\/boe.es\/boe\/dias\/2022\/05\/04\/pdfs\/BOE-A-2022-7191.pdf\">Real Decreto 311\/2022, de 3 de mayo, por el que se regula el Esquema Nacional de Seguridad<\/a><\/li>\n<\/ul>\n<p>&nbsp;<\/p>\n<hr \/>\n<h2>Drets sobre Protecci\u00f3 de Dades<\/h2>\n<p>&nbsp;<\/p>\n<p>La normativa en mat\u00e8ria de protecci\u00f3 de dades permet que qualsevol persona puga exercir els seus drets d&#8217;acc\u00e9s, rectificaci\u00f3, supressi\u00f3 i portabilitat de dades, oposici\u00f3 i limitaci\u00f3 al seu tractament, aix\u00ed com a no ser objecte de decisions basades \u00fanicament en el tractament automatitzat de les seues dades.<\/p>\n<p>&nbsp;<\/p>\n<h3>Dret d&#8217;acc\u00e9s<\/h3>\n<p>La persona afectada t\u00e9 dret a ser informada:<\/p>\n<ul>\n<li>De les finalitats del tractament, aix\u00ed com de les categories de dades personals que es tracten i de les possibles comunicacions de dades i els\/les seus\/es destinataris\/\u00e0ries<\/li>\n<li>del termini de conservaci\u00f3 de les dades, de ser possible. De no ser-ho, els criteris per determinar este termini<\/li>\n<li>del dret a sol\u00b7licitar la rectificaci\u00f3 o supressi\u00f3 de les dades, la limitaci\u00f3 al tractament, o oposar-se al mateix<\/li>\n<li>del dret a presentar una reclamaci\u00f3 davant l&#8217;autoritat de control<\/li>\n<li>a obtindre, quan les dades personals no s&#8217;hagen obtingut de la persona interessada, qualsevol informaci\u00f3 disponible sobre el seu origen<\/li>\n<li>a rebre informaci\u00f3 de les garanties adequades si es produ\u00efx una transfer\u00e8ncia internacional de dades<\/li>\n<li>a obtindre una c\u00f2pia de les dades objecte del tractament<\/li>\n<li>de l&#8217;exist\u00e8ncia de decisions automatitzades (incloent perfils), la l\u00f2gica aplicada i les conseq\u00fc\u00e8ncies d&#8217;este tractament.<\/li>\n<\/ul>\n<p>Ha de distingir-se del dret d&#8217;acc\u00e9s de les persones interessades als expedients administratius que regula la Llei 39\/2015, d&#8217;1 d&#8217;octubre, del procediment administratiu com\u00fa de les Administracions P\u00fabliques aix\u00ed com el dret d&#8217;acc\u00e9s regulat en la Llei 19\/2013, de 9 de desembre, de transpar\u00e8ncia, acc\u00e9s a la informaci\u00f3 p\u00fablica i bon govern.<\/p>\n<p>&nbsp;<\/p>\n<h3>Dret de rectificaci\u00f3<\/h3>\n<p>La persona afectada t\u00e9 dret a obtindre sense dilaci\u00f3 indeguda, del responsable del tractament, la rectificaci\u00f3 de les dades personals inexactes, aix\u00ed com que es completen aquelles dades personals incompletes, fins i tot mitjan\u00e7ant una declaraci\u00f3 addicional.<\/p>\n<p>&nbsp;<\/p>\n<h3>Dret de supressi\u00f3 (dret a l&#8217;oblit)<\/h3>\n<p>La persona afectada pot sol\u00b7licitar la supressi\u00f3 de les dades personals quan conc\u00f3rrega algun dels sup\u00f2sits contemplats en la legislaci\u00f3, d\u2019on es destaquen aquells casos en qu\u00e8 desaparega la finalitat que va motivar el tractament o que les dades personals s&#8217;hagen tractat de manera il\u00b7l\u00edcita.<\/p>\n<p>S&#8217;exceptua este dret, en els casos en qu\u00e8 haja de prevaldre, per al compliment d&#8217;una missi\u00f3 realitzada en inter\u00e9s p\u00fablic o en l&#8217;exercici de poder p\u00fablics conferits al responsable.<\/p>\n<p>&nbsp;<\/p>\n<h3>Dret a la limitaci\u00f3 del tractament<\/h3>\n<p>Permet a la persona afectada obtindre del responsable del tractament la limitaci\u00f3 del tractament de les dades quan:<\/p>\n<ul>\n<li>s&#8217;impugne l&#8217;exactitud de les dades, mentre es verifica esta exactitud pel responsable<\/li>\n<li>el tractament resulte il\u00b7l\u00edcit per\u00f2 la interessada sol\u00b7licite en lloc de la supressi\u00f3 la limitaci\u00f3 del seu \u00fas<\/li>\n<li>el responsable ja no necessite les dades per a la fi del tractament, per\u00f2 s\u00ed la persona interessada per a l&#8217;exercici d&#8217;algun dels seus drets<\/li>\n<li>la persona afectada va exercitar el seu dret d&#8217;oposici\u00f3 al tractament, mentre es verifica si els motius leg\u00edtims del responsable prevalen sobre all\u00f2 afectat<\/li>\n<\/ul>\n<p>&nbsp;<\/p>\n<h3>Dret a la portabilitat<\/h3>\n<p>La persona interessada tindr\u00e0 dret a rebre del responsable del tractament les seues dades personals, en un format estructurat, d&#8217;\u00fas com\u00fa i lectura mec\u00e0nica, o sol\u00b7licitar que siguen transmeses a un\/a altre\/a responsable del tractament quan siga t\u00e8cnicament possible.<\/p>\n<p>&nbsp;<\/p>\n<h3>Dret d&#8217;oposici\u00f3<\/h3>\n<p>La persona afectada pot oposar-se al tractament:<\/p>\n<ul>\n<li>Quan per motius relacionats amb la seua situaci\u00f3 personal, haja de cessar el tractament de les dades, llevat que s&#8217;acredite un inter\u00e9s leg\u00edtim, que prevalga sobre els interessos, els drets i les llibertats de la interessada, \u00e9s a dir necessari per a l&#8217;exercici o defensa de reclamacions.<\/li>\n<li>Quan el tractament tinga per objecte el m\u00e0rqueting directe.<\/li>\n<\/ul>\n<p>&nbsp;<\/p>\n<h3><u>Formularis per a l&#8217;exercici dels seus drets<\/u>:<\/h3>\n<ul>\n<li><a href=\"https:\/\/www.aepd.es\/media\/formularios\/formulario-derecho-de-acceso.pdf\">Formulari d&#8217;exercici del dret d&#8217;acc\u00e9s<\/a><\/li>\n<li><a href=\"https:\/\/www.aepd.es\/media\/formularios\/formulario-derecho-de-rectificacion.pdf\">Formulari d&#8217;exercici del dret de rectificaci\u00f3<\/a><\/li>\n<li><a href=\"https:\/\/www.aepd.es\/media\/formularios\/formulario-derecho-de-oposicion.pdf\">Formulari d&#8217;exercici del dret d&#8217;oposici\u00f3<\/a><\/li>\n<li><a href=\"https:\/\/www.aepd.es\/media\/formularios\/formulario-derecho-de-supresion.pdf\">Formulari d&#8217;exercici del dret de supressi\u00f3 (dret \u201ca l&#8217;oblit\u201d)<\/a><\/li>\n<li><a href=\"https:\/\/www.aepd.es\/media\/formularios\/formulario-derecho-de-limitacion.pdf\">Formulari d&#8217;exercici del dret a la limitaci\u00f3 del tractament<\/a><\/li>\n<li><a href=\"https:\/\/www.aepd.es\/media\/formularios\/formulario-derecho-de-portabilidad.pdf\">Formulari d&#8217;exercici del dret a la portabilitat<\/a><\/li>\n<li><a href=\"https:\/\/www.aepd.es\/media\/formularios\/formulario-derecho-de-oposicion-decisiones-automatizadas.pdf\">Formulari d&#8217;exercici a no ser objecte de decisions individuals automatitzades<\/a><\/li>\n<\/ul>\n<p>&nbsp;<\/p>\n<hr \/>\n<h2>Registre d&#8217;Activitats de Tractament<\/h2>\n<p>L&#8217;article 30 del Reglament UE 2016\/679 General de Protecci\u00f3 de Dades (RGPD), establix que cada responsable portar\u00e0 un registre de les activitats de tractament que efectua i amb la informaci\u00f3 indicada a continuaci\u00f3:<\/p>\n<ul>\n<li>El nom i les dades de contacte del\/de la responsable i del\/de la delegada de protecci\u00f3 de dades.<\/li>\n<li>Les finalitats del tractament.<\/li>\n<li>Una descripci\u00f3 de les categories de persones interessades i de les categories de dades personals.<\/li>\n<li>Les categories dels\/de les destinataris\/\u00e0ries de les dades.<\/li>\n<li>Les transfer\u00e8ncies de dades personals, si n&#8217;hi ha.<\/li>\n<li>Els terminis previstos per a la supressi\u00f3 de les diferents categories de dades, quan siga possible.<\/li>\n<li>Una descripci\u00f3 general de les mesures t\u00e8cniques i organitzatives de seguretat.<\/li>\n<\/ul>\n<p>Aix\u00ed mateix, segons es regula en l&#8217;article 31.2 de la Llei org\u00e0nica 3\/2018, de 5 de desembre, de Protecci\u00f3 de Dades Personals i garantia dels drets digitals (LOPDGDD), totes les entitats incloses en l&#8217;article 77.1 d&#8217;esta llei org\u00e0nica hauran de fer p\u00fablic un inventari dels seus tractaments en el qual constar\u00e0 la informaci\u00f3 establida en l&#8217;article 30 del RGPD i la base legal legitimadora per al tractament de les dades de car\u00e0cter personal.<\/p>\n<p>De conformitat amb esta normativa, es duu a terme un registre de les activitats de tractament efectuades per l\u2019Organisme Aut\u00f2nom Municipal Mostra de Val\u00e8ncia i Iniciatives Audiovisuals.<\/p>\n<a itemprop=\"url\" href=\"https:\/\/lamostradevalencia.com\/wp-content\/uploads\/2024\/09\/RAT_lamostra_val.pdf\" target=\"_self\"  class=\"edgtf-btn edgtf-btn-medium edgtf-btn-solid edgtf-btn- \"  >\n    <span class=\"edgtf-btn-text\">Descarregar document<\/span>\n    <i class=\"edgtf-icon-font-awesome  \" ><\/i><\/a>\n<p>&nbsp;<\/p>\n<hr \/>\n<h2>Delegat de Protecci\u00f3 de Dades (DPD)<\/h2>\n<p>&nbsp;<\/p>\n<p>L&#8217;article 37.1 del Reglament UE 2016\/679 General de Protecci\u00f3 de Dades (RGPD), establix que les autoritats i organismes p\u00fablics tenen l&#8217;obligaci\u00f3 de designar un\/a Delegat\/da de Protecci\u00f3 de Dades (DPD).<\/p>\n<p>L\u2019ORGANISME AUT\u00d2NOM MUNICIPAL MOSTRA DE VAL\u00c8NCIA I INICIATIVES AUDIOVISUALS ha designat el DPD correctament, tal com es pot comprovar en: <a href=\"https:\/\/sedeagpd.gob.es\/sede-electronica-web\/vistas\/infoSede\/consultaDPD.jsf\">Consulta DPD<\/a><\/p>\n<ul>\n<li><u>Delegat de Protecci\u00f3 de Dades<\/u>: APDTIC PROFESIONALES, S.L.<\/li>\n<li><u>Contacte<\/u>: <a href=\"mailto:dpd@lamostradevalencia.com\">dpd@lamostradevalencia.com<\/a><\/li>\n<\/ul>\n<p>Les seues funcions venen definides en l&#8217;article 39 del RGPD i consistixen principalment a informar i assessorar l\u2019ORGANISME AUT\u00d2NOM MUNICIPAL MOSTRA DE VAL\u00c8NCIA I INICIATIVES AUDIOVISUALS i els seus treballadors sobre les obligacions que els incumbixen en el tractament de dades de car\u00e0cter personal i la supervisi\u00f3 del seu compliment. Aix\u00ed mateix, ha de cooperar amb l&#8217;Ag\u00e8ncia Espanyola de Protecci\u00f3 de Dades (AEPD) i actuar com a punt de contacte entre esta i l\u2019ORGANISME AUT\u00d2NOM MUNICIPAL MOSTRA DE VAL\u00c8NCIA I INICIATIVES AUDIOVISUALS.<\/p>\n<p>Al seu torn, qualsevol ciutad\u00e0\/ana podr\u00e0 dirigir-se al Delegat de Protecci\u00f3 de Dades si li sorgixen dubtes sobre el tractament de les seues dades per part de l\u2019ORGANISME AUT\u00d2NOM MUNICIPAL MOSTRA DE VAL\u00c8NCIA I INICIATIVES AUDIOVISUALS o no est\u00e0 conforme amb este. Per a aix\u00f2, pot contactar amb el Delegat de Protecci\u00f3 de Dades de l\u2019ORGANISME AUT\u00d2NOM MUNICIPAL MOSTRA DE VAL\u00c8NCIA I INICIATIVES AUDIOVISUALS dirigint-se per escrit a l&#8217;adre\u00e7a de correu <a href=\"mailto:dpd@lamostradevalencia.com\">dpd@lamostradevalencia.com<\/a><\/p>\n<p>M\u00e9s informaci\u00f3: <a href=\"https:\/\/www.aepd.es\/es\/preguntas-frecuentes\/4-responsable-encargado-y-dpd\/1-delegado-de-proteccion-de-datos\">Agencia Espa\u00f1ola de Protecci\u00f3n de Datos<\/a> \u2013 <a href=\"https:\/\/www.aepd.es\/es\/preguntas-frecuentes\/4-responsable-encargado-y-dpd\/1-delegado-de-proteccion-de-datos\">Delegado<\/a> de Protecci\u00f3n de Datos<\/p>\n<p>&nbsp;<\/p>\n","protected":false},"excerpt":{"rendered":"<p>Informaci\u00f3 b\u00e0sica sobre protecci\u00f3 de dades &nbsp; RESPONSABLE Organisme Aut\u00f2nom Municipal Mostra de Val\u00e8ncia i Iniciatives Audiovisuals NIF: Q4601457G CONTACTE Tel\u00e9fono: 963525478 \u2013 Ext. 77189 [&hellip;]<\/p>\n","protected":false},"author":1,"featured_media":0,"parent":0,"menu_order":99,"comment_status":"closed","ping_status":"closed","template":"","meta":{"_uag_custom_page_level_css":"","_jet_sm_ready_style":"","_jet_sm_style":"","_jet_sm_controls_values":"","_jet_sm_fonts_collection":"","_jet_sm_fonts_links":"","footnotes":""},"class_list":["post-2659","page","type-page","status-publish","hentry"],"yoast_head":"<!-- This site is optimized with the Yoast SEO plugin v27.4 - https:\/\/yoast.com\/product\/yoast-seo-wordpress\/ -->\n<title>Protecci\u00f3 de Dades - Mostra de Val\u00e8ncia<\/title>\n<meta name=\"robots\" content=\"index, follow, max-snippet:-1, max-image-preview:large, max-video-preview:-1\" \/>\n<link rel=\"canonical\" href=\"https:\/\/lamostradevalencia.com\/ca\/politica-de-privacitat\/\" \/>\n<meta property=\"og:locale\" content=\"ca_ES\" \/>\n<meta property=\"og:type\" content=\"article\" \/>\n<meta property=\"og:title\" content=\"Protecci\u00f3 de Dades - Mostra de Val\u00e8ncia\" \/>\n<meta property=\"og:description\" content=\"Informaci\u00f3 b\u00e0sica sobre protecci\u00f3 de dades &nbsp; RESPONSABLE Organisme Aut\u00f2nom Municipal Mostra de Val\u00e8ncia i Iniciatives Audiovisuals NIF: Q4601457G CONTACTE Tel\u00e9fono: 963525478 \u2013 Ext. 77189 [&hellip;]\" \/>\n<meta property=\"og:url\" content=\"https:\/\/lamostradevalencia.com\/ca\/politica-de-privacitat\/\" \/>\n<meta property=\"og:site_name\" content=\"Mostra de Val\u00e8ncia\" \/>\n<meta property=\"article:modified_time\" content=\"2024-09-19T18:05:13+00:00\" \/>\n<meta name=\"twitter:card\" content=\"summary_large_image\" \/>\n<meta name=\"twitter:label1\" content=\"Temps estimat de lectura\" \/>\n\t<meta name=\"twitter:data1\" content=\"12 minuts\" \/>\n<script type=\"application\/ld+json\" class=\"yoast-schema-graph\">{\"@context\":\"https:\\\/\\\/schema.org\",\"@graph\":[{\"@type\":\"WebPage\",\"@id\":\"https:\\\/\\\/lamostradevalencia.com\\\/ca\\\/politica-de-privacitat\\\/\",\"url\":\"https:\\\/\\\/lamostradevalencia.com\\\/ca\\\/politica-de-privacitat\\\/\",\"name\":\"Protecci\u00f3 de Dades - Mostra de Val\u00e8ncia\",\"isPartOf\":{\"@id\":\"https:\\\/\\\/lamostradevalencia.com\\\/ca\\\/#website\"},\"datePublished\":\"2018-09-13T11:14:03+00:00\",\"dateModified\":\"2024-09-19T18:05:13+00:00\",\"breadcrumb\":{\"@id\":\"https:\\\/\\\/lamostradevalencia.com\\\/ca\\\/politica-de-privacitat\\\/#breadcrumb\"},\"inLanguage\":\"ca\",\"potentialAction\":[{\"@type\":\"ReadAction\",\"target\":[\"https:\\\/\\\/lamostradevalencia.com\\\/ca\\\/politica-de-privacitat\\\/\"]}]},{\"@type\":\"BreadcrumbList\",\"@id\":\"https:\\\/\\\/lamostradevalencia.com\\\/ca\\\/politica-de-privacitat\\\/#breadcrumb\",\"itemListElement\":[{\"@type\":\"ListItem\",\"position\":1,\"name\":\"Portada\",\"item\":\"https:\\\/\\\/lamostradevalencia.com\\\/ca\\\/\"},{\"@type\":\"ListItem\",\"position\":2,\"name\":\"Protecci\u00f3 de Dades\"}]},{\"@type\":\"WebSite\",\"@id\":\"https:\\\/\\\/lamostradevalencia.com\\\/ca\\\/#website\",\"url\":\"https:\\\/\\\/lamostradevalencia.com\\\/ca\\\/\",\"name\":\"Mostra de Val\u00e8ncia\",\"description\":\"Cinema del Mediterrani\",\"potentialAction\":[{\"@type\":\"SearchAction\",\"target\":{\"@type\":\"EntryPoint\",\"urlTemplate\":\"https:\\\/\\\/lamostradevalencia.com\\\/ca\\\/?s={search_term_string}\"},\"query-input\":{\"@type\":\"PropertyValueSpecification\",\"valueRequired\":true,\"valueName\":\"search_term_string\"}}],\"inLanguage\":\"ca\"}]}<\/script>\n<!-- \/ Yoast SEO plugin. -->","yoast_head_json":{"title":"Protecci\u00f3 de Dades - Mostra de Val\u00e8ncia","robots":{"index":"index","follow":"follow","max-snippet":"max-snippet:-1","max-image-preview":"max-image-preview:large","max-video-preview":"max-video-preview:-1"},"canonical":"https:\/\/lamostradevalencia.com\/ca\/politica-de-privacitat\/","og_locale":"ca_ES","og_type":"article","og_title":"Protecci\u00f3 de Dades - Mostra de Val\u00e8ncia","og_description":"Informaci\u00f3 b\u00e0sica sobre protecci\u00f3 de dades &nbsp; RESPONSABLE Organisme Aut\u00f2nom Municipal Mostra de Val\u00e8ncia i Iniciatives Audiovisuals NIF: Q4601457G CONTACTE Tel\u00e9fono: 963525478 \u2013 Ext. 77189 [&hellip;]","og_url":"https:\/\/lamostradevalencia.com\/ca\/politica-de-privacitat\/","og_site_name":"Mostra de Val\u00e8ncia","article_modified_time":"2024-09-19T18:05:13+00:00","twitter_card":"summary_large_image","twitter_misc":{"Temps estimat de lectura":"12 minuts"},"schema":{"@context":"https:\/\/schema.org","@graph":[{"@type":"WebPage","@id":"https:\/\/lamostradevalencia.com\/ca\/politica-de-privacitat\/","url":"https:\/\/lamostradevalencia.com\/ca\/politica-de-privacitat\/","name":"Protecci\u00f3 de Dades - Mostra de Val\u00e8ncia","isPartOf":{"@id":"https:\/\/lamostradevalencia.com\/ca\/#website"},"datePublished":"2018-09-13T11:14:03+00:00","dateModified":"2024-09-19T18:05:13+00:00","breadcrumb":{"@id":"https:\/\/lamostradevalencia.com\/ca\/politica-de-privacitat\/#breadcrumb"},"inLanguage":"ca","potentialAction":[{"@type":"ReadAction","target":["https:\/\/lamostradevalencia.com\/ca\/politica-de-privacitat\/"]}]},{"@type":"BreadcrumbList","@id":"https:\/\/lamostradevalencia.com\/ca\/politica-de-privacitat\/#breadcrumb","itemListElement":[{"@type":"ListItem","position":1,"name":"Portada","item":"https:\/\/lamostradevalencia.com\/ca\/"},{"@type":"ListItem","position":2,"name":"Protecci\u00f3 de Dades"}]},{"@type":"WebSite","@id":"https:\/\/lamostradevalencia.com\/ca\/#website","url":"https:\/\/lamostradevalencia.com\/ca\/","name":"Mostra de Val\u00e8ncia","description":"Cinema del Mediterrani","potentialAction":[{"@type":"SearchAction","target":{"@type":"EntryPoint","urlTemplate":"https:\/\/lamostradevalencia.com\/ca\/?s={search_term_string}"},"query-input":{"@type":"PropertyValueSpecification","valueRequired":true,"valueName":"search_term_string"}}],"inLanguage":"ca"}]}},"uagb_featured_image_src":{"full":false,"thumbnail":false,"medium":false,"medium_large":false,"large":false,"1536x1536":false,"2048x2048":false,"cinerama_edge_image_square":false,"cinerama_edge_image_landscape":false,"cinerama_edge_image_portrait":false,"cinerama_edge_image_huge":false,"gform-image-choice-sm":false,"gform-image-choice-md":false,"gform-image-choice-lg":false},"uagb_author_info":{"display_name":"Mostra de Val\u00e8ncia","author_link":"https:\/\/lamostradevalencia.com\/ca\/author\/mostravalencia\/"},"uagb_comment_info":0,"uagb_excerpt":"Informaci\u00f3 b\u00e0sica sobre protecci\u00f3 de dades &nbsp; RESPONSABLE Organisme Aut\u00f2nom Municipal Mostra de Val\u00e8ncia i Iniciatives Audiovisuals NIF: Q4601457G CONTACTE Tel\u00e9fono: 963525478 \u2013 Ext. 77189 [&hellip;]","_links":{"self":[{"href":"https:\/\/lamostradevalencia.com\/ca\/wp-json\/wp\/v2\/pages\/2659","targetHints":{"allow":["GET"]}}],"collection":[{"href":"https:\/\/lamostradevalencia.com\/ca\/wp-json\/wp\/v2\/pages"}],"about":[{"href":"https:\/\/lamostradevalencia.com\/ca\/wp-json\/wp\/v2\/types\/page"}],"author":[{"embeddable":true,"href":"https:\/\/lamostradevalencia.com\/ca\/wp-json\/wp\/v2\/users\/1"}],"replies":[{"embeddable":true,"href":"https:\/\/lamostradevalencia.com\/ca\/wp-json\/wp\/v2\/comments?post=2659"}],"version-history":[{"count":7,"href":"https:\/\/lamostradevalencia.com\/ca\/wp-json\/wp\/v2\/pages\/2659\/revisions"}],"predecessor-version":[{"id":24940,"href":"https:\/\/lamostradevalencia.com\/ca\/wp-json\/wp\/v2\/pages\/2659\/revisions\/24940"}],"wp:attachment":[{"href":"https:\/\/lamostradevalencia.com\/ca\/wp-json\/wp\/v2\/media?parent=2659"}],"curies":[{"name":"wp","href":"https:\/\/api.w.org\/{rel}","templated":true}]}}