{"id":2655,"date":"2018-09-13T12:52:50","date_gmt":"2018-09-13T10:52:50","guid":{"rendered":"https:\/\/lamostradevalencia.com\/avis-legal\/"},"modified":"2023-10-11T11:30:16","modified_gmt":"2023-10-11T09:30:16","slug":"avis-legal","status":"publish","type":"page","link":"https:\/\/lamostradevalencia.com\/ca\/avis-legal\/","title":{"rendered":"AV\u00cdS LEGAL"},"content":{"rendered":"<h2>1. OBJECTE<\/h2>\n<p>El present av\u00eds legal regula l\u2019\u00fas i utilitzaci\u00f3 del lloc web <a href=\"http:\/\/www.lamostradevalencia.com\">www.lamo<\/a><a href=\"http:\/\/www.lamostradevalencia.com\">stradevalencia.com<\/a>, del qual \u00e9s titular MOSTRA DE VAL\u00c8NCIA I<\/p>\n<p>INICIATIVES AUDIOVISUALS (en avant, LA PROPIET\u00c0RIA DEL WEB).<\/p>\n<p>La navegaci\u00f3 pel lloc web de LA PROPIET\u00c0RIA DEL WEB vos atribu\u00efx la condici\u00f3 d\u2019USUARI del mateix i comporta la seua acceptaci\u00f3 plena i sense reserves de totes i cada una de les condicions publicades en este av\u00eds legal, i advertix que estes condicions podran ser modificades sense notificaci\u00f3 pr\u00e8via per part de LA PROPIET\u00c0RIA DEL WEB, en eixe cas es procedir\u00e0 a la seua publicaci\u00f3 i av\u00eds amb la m\u00e0xima antelaci\u00f3 possible.<\/p>\n<p>Per aix\u00f2 \u00e9s recomanable llegir atentament el seu contingut en cas de voler accedir i fer \u00fas de la informaci\u00f3 i dels serveis oferits des d\u2019este lloc web.<\/p>\n<p>L\u2019USUARI, a m\u00e9s, s\u2019obliga a fer un \u00fas correcte del lloc web de conformitat amb les lleis, la bona fe, l\u2019orde p\u00fablic, els usos del tr\u00e0fic i el present Av\u00eds Legal, i respondr\u00e0 davant LA PROPIET\u00c0RIA DEL WEB o front a tercers, de qualsevol dany i perju\u00ed que pogueren causar-se com a conseq\u00fc\u00e8ncia de l\u2019incompliment de l\u2019esmentada obligaci\u00f3.<\/p>\n<p>Qualsevol utilitzaci\u00f3 distinta de l\u2019autoritzada est\u00e0 expressament prohibida, i pot LA PROPIET\u00c0RIA DEL WEB denegar-ne o retirar-ne l\u2019acc\u00e9s i el seu \u00fas en qualsevol moment.<\/p>\n<p>&nbsp;<\/p>\n<h2>2. IDENTIFICACI\u00d3<\/h2>\n<p>LA PROPIET\u00c0RIA DEL WEB, en compliment de la Llei 34\/2002, d&#8217;11 de juliol, de serveis de la societat de la informaci\u00f3 i de comer\u00e7 electr\u00f2nic, li informa del seg\u00fcent:<\/p>\n<ul>\n<li>La denominaci\u00f3 social \u00e9s: MOSTRA DE VAL\u00c8NCIA I INICIATIVES AUDIOVISUALS<\/li>\n<li>El CIF \u00e9s: Q4601457G<\/li>\n<li>El domicili social est\u00e0 en: PASSEIG DE L&#8217;ALBEREDA, 30 &#8211; 46023 \u2013VAL\u00c8NCIA<\/li>\n<li>Entitat p\u00fablica empresarial adscrita a l\u2019Ajuntament de Val\u00e8ncia, CIF: P-4625200-C<\/li>\n<\/ul>\n<p>&nbsp;<\/p>\n<h2>3. COMUNICACIONS<\/h2>\n<p>Per a comunicar-se amb nosaltres, posem a la vostra disposici\u00f3 diferents mitjans de contacte que detallem a continuaci\u00f3:<\/p>\n<ul>\n<li>Tel: <strong>+34 963 525 478 &#8211; Ext. 77189<\/strong><\/li>\n<li>Email: info@lamostradevalencia.com<\/li>\n<\/ul>\n<p>Totes les notificacions i comunicacions entre els usuaris i LA PROPIET\u00c0RIA DEL WEB es consideraran eficaces, a tots els efectes, quan es realitzen a trav\u00e9s de qualsevol mitj\u00e0 detallat anteriorment.<\/p>\n<p>&nbsp;<\/p>\n<h2>4. CONDICIONS D\u2019ACC\u00c9S I UTILITZACI\u00d3<\/h2>\n<p>El lloc web i els seus serveis s\u00f3n d\u2019acc\u00e9s lliure i gratu\u00eft. No obstant aix\u00f2, LA PROPIET\u00c0RIA DEL WEB pot condicionar la utilitzaci\u00f3 d\u2019alguns dels serveis oferits en la seua web a l\u2019ompliment previ del formulari corresponent.<\/p>\n<p>L\u2019USUARI garantix l\u2019autenticitat i actualitat de totes aquelles dades que comunique a LA PROPIET\u00c0RIA DEL WEB i ser\u00e0 l\u2019\u00fanica persona responsable de les manifestacions falses o inexactes que realitze.<\/p>\n<p>L\u2019USUARI es compromet expressament a fer un \u00fas adequat dels continguts i serveis de LA PROPIET\u00c0RIA DEL WEB i a no utilitzar-los per a, entre d\u2019altres:<\/p>\n<ol>\n<li>Difondre continguts delictius, violents, pornogr\u00e0fics, racistes, xen\u00f2fobs, ofensius, d\u2019apologia al terrorisme o, en general, contraris a la llei o a l\u2019orde p\u00fablic.<\/li>\n<li>Introduir en la xarxa virus inform\u00e0tics o realitzar actuacions susceptibles d\u2019alterar, estropejar, interrompre o generar errades o danys en els documents electr\u00f2nics, dades o sistemes f\u00edsics i l\u00f2gics de LA PROPIET\u00c0RIA DEL WEB o de terceres persones; aix\u00ed com obstaculitzar l\u2019acc\u00e9s d\u2019altres persones usu\u00e0ries al lloc web i als seus serveis mitjan\u00e7ant el consum massiu dels recursos inform\u00e0tics a trav\u00e9s dels quals LA PROPIET\u00c0RIA DEL WEB presta els serveis.<\/li>\n<li>Intentar accedir als comptes de correu electr\u00f2nic d\u2019altres usuaris o a \u00e0rees restringides dels sistemes inform\u00e0tics de LA PROPIET\u00c0RIA DEL WEB o de tercers i, en el seu cas, extraure\u2019n informaci\u00f3.<\/li>\n<li>Vulnerar els drets de propietat intel\u00b7lectual o industrial, aix\u00ed com violar la confidencialitat de la informaci\u00f3 de LA PROPIET\u00c0RIA DEL WEB o de tercers.<\/li>\n<li>Suplantar la identitat de qualsevol altra persona usu\u00e0ria.<\/li>\n<li>Reproduir, copiar, distribuir, posar a disposici\u00f3 de, o qualsevol altra forma de comunicaci\u00f3 p\u00fablica, transformar o modificar els continguts, de no ser que es compte amb l\u2019autoritzaci\u00f3 de la persona titular dels drets corresponents o aix\u00f2 resulte legalment perm\u00e9s.<\/li>\n<li>Recabar dades amb finalitat publicit\u00e0ria i de remetre publicitat de qualsevol tipus i comunicacions amb finalitats de venda o d\u2019altres de naturalesa comercial sense que hi haja una sol\u00b7licitud i consentiment previs.<\/li>\n<\/ol>\n<p>Tots els continguts del lloc web. com ara textos, fotografies, gr\u00e0fics, imatges, icones, tecnologia, software, aix\u00ed com el seu disseny gr\u00e0fic i codis font, constitu\u00efxen una obra la propietat de la qual pertany a LA PROPIET\u00c0RIA DEL WEB, sense que puga entendre\u2019s que es cedixen a les persones usu\u00e0ries cal dels drets d\u2019explotaci\u00f3 sobre els mateixos m\u00e9s enll\u00e0 d\u2019all\u00f2 estrictament necessari per a l\u2019\u00fas correcte del web.<\/p>\n<p>En definitiva, les persones usu\u00e0ries que accedisquen a este lloc web poden visualitzar-ne els continguts i efectuar, en el seu cas, c\u00f2pies privades autoritzades sempre que els elements reprodu\u00efts no siguen cedits posteriorment a tercers, ni s\u2019instal\u00b7len a servidors connectats a xarxes, ni siguen objecte de cap tipus d\u2019explotaci\u00f3.<\/p>\n<p>Aix\u00ed mateix, totes les marques, noms comercials o signes distintius de qualsevol classe que apareixen al lloc web s\u00f3n propietat de LA PROPIET\u00c0RIA DEL WEB, sense que puga entendre\u2019s que l\u2019\u00fas o acc\u00e9s al mateix atribu\u00efsca a la persona usu\u00e0ria cap dret sobre els mateixos.<\/p>\n<p>La distribuci\u00f3, modificaci\u00f3, cessi\u00f3 o comunicaci\u00f3 p\u00fablica dels continguts i qualsevol altre acte que no haja sigut expressament autoritzat per la persona titular dels drets d\u2019explotaci\u00f3 queden prohibits.<\/p>\n<p>L\u2019establiment d\u2019un hiperenlla\u00e7 no implica en cap cas l\u2019exist\u00e8ncia de relacions entre LA PROPIET\u00c0RIA DEL WEB i el propietari o propiet\u00e0ria del lloc web on s\u2019establisca, ni l\u2019acceptaci\u00f3 i aprovaci\u00f3 per part de LA PROPIET\u00c0RIA DEL WEB dels seus continguts o serveis.<\/p>\n<p>LA PROPIET\u00c0RIA DE LA WEB no es responsabilitza de l\u2019\u00fas que cada usuari done als materials posats a disposici\u00f3 en este lloc web ni de les actuacions que realitze en base als mateixos.<\/p>\n<p>&nbsp;<\/p>\n<h3><em>4.1. EXCLUSI\u00d3 DE GARANTIES I DE RESPONSABILITAT EN L<\/em><em>\u2019ACC\u00c9S I LA UTILITZACI\u00d3 <\/em><\/h3>\n<p>El contingut del present lloc web \u00e9s de car\u00e0cter general i t\u00e9 una finalitat merament informativa, sense que es garantisca plenament l\u2019acc\u00e9s a tots els continguts, ni la seua exhaustivitat, correcci\u00f3, vig\u00e8ncia o actualitat, ni la seua idone\u00eftat o utilitat per a un objectiu espec\u00edfic.<\/p>\n<p>LA PROPIET\u00c0RIA DEL WEB exclou, fins on permet l\u2019ordenament jur\u00eddic, qualsevol responsabilitat pels danys i perjudicis de tota naturales derivats de:<\/p>\n<ol>\n<li>La impossibilitat d\u2019acc\u00e9s al lloc web o la falta de veracitat, exactitud, exhaustivitat i\/o actualitat dels continguts, aix\u00ed com l\u2019exist\u00e8ncia de vicis i defectes de tota classe dels continguts transmesos, difosos, emmagatzemats, posats a disposici\u00f3, als quals s\u2019haja accedit a trav\u00e9s del lloc web o dels serveis que s\u2019hi oferixen.<\/li>\n<li>La pres\u00e8ncia de virus o d\u2019altres elements en els continguts que puguen produir alteracions en els sistemes inform\u00e0tics, documents electr\u00f2nics o dades dels usuaris.<\/li>\n<li>L\u2019incompliment de les lleis, la bona fe, l\u2019orde p\u00fablic, els usos del tr\u00e0nsit i el present av\u00eds legal com a conseq\u00fc\u00e8ncia de l\u2019\u00fas incorrecte del lloc web. En particular, i a mode exemplificatiu, LA PROPIET\u00c0RIA DEL WEB no es fa responsable de les actuacions de tercers que vulneren drets de propietat intel\u00b7lectual i industrial, secrets empresarials, drets a l\u2019honor, a la intimitat personal i familiar i a la pr\u00f2pia imatge, aix\u00ed com la normativa en mat\u00e8ria de compet\u00e8ncia deslleial i publicitat il\u00b7l\u00edcita.<\/li>\n<\/ol>\n<p>Aix\u00ed mateix LA PROPIET\u00c0RIA DEL WEB declina qualsevol responsabilitat respecte de la informaci\u00f3 que es trobe fora d\u2019este web i no siga gestionada directament pel nostre webmaster. La funci\u00f3 dels enlla\u00e7os que apareixen en este web \u00e9s exclusivament la d\u2019informar l\u2019usuari sobre l\u2019exist\u00e8ncia d\u2019altre sfonts susceptibles d\u2019ampliar els continguts que oferix este lloc web. LA PROPIET\u00c0RIA DEL WEB no garantix ni es responsbailitza del funcionament o accessibilitat dels llocs enlla\u00e7ats; ni suggerix, convida o recomana la visita als mateixos, ra\u00f3 per la qual tampoc ser\u00e0 responsable del resultat obtingut. LA PROPIET\u00c0RIA DEL WEB no es responsabilitza de l\u2019establiment d\u2019hipervincles per part de terceres parts.<\/p>\n<p>&nbsp;<\/p>\n<h3><em>4.2. PROCEDIMENT EN CAS DE REALITZACI\u00d3 D<\/em><em>\u2019ACTIVITATS DE CAR\u00c0CTER IL\u00b7L\u00cdCIT<\/em><\/h3>\n<p>En el cas que qualsevol usuari o una tercera part considere que existixen fets o circumst\u00e0ncies que revelen el car\u00e0cter il\u00b7l\u00edcit de la utilitzaci\u00f3 de qualsevol contingut i\/o de la realitzaci\u00f3 de qualsevol activitat en les p\u00e0gines web incloses o accessibles a trav\u00e9s d\u2019este lloc web, hauran d\u2019enviar una notificaci\u00f3 a LA PROPIET\u00c0RIA DEL WEB on s\u2019identifiquen segudament i especifiquen les suposades infraccions.<\/p>\n<p>&nbsp;<\/p>\n<h3><em>4.3. PUBLICACIONS<\/em><\/h3>\n<p>La informaci\u00f3 administrativa facilitada a trav\u00e9s del lloc web no substituix la publicitat legal de les lleis, normatives, plans, disposicions generals i actes que hagen de ser publicats formalment als diaris oficials de les administracions p\u00fabliques, que constitu\u00efxen l\u2019\u00fanic instrument que dona fe de la seua autenticitat i contingut. la informaci\u00f3 disponible en este lloc web s\u2019ha d\u2019entendre com una guia sense prop\u00f2sit de validesa legal.<\/p>\n<p>&nbsp;<\/p>\n<h2>5. LEGISLACI\u00d3 APLICABLE<\/h2>\n<p>Les condicions presents es regiran per la legislaci\u00f3 espanyola vigent. La lengua utilizada ser\u00e1 el valenci\u00e0 o el castell\u00e0.<\/p>\n<p>&nbsp;<\/p>\n","protected":false},"excerpt":{"rendered":"<p>1. OBJECTE El present av\u00eds legal regula l\u2019\u00fas i utilitzaci\u00f3 del lloc web www.lamostradevalencia.com, del qual \u00e9s titular MOSTRA DE VAL\u00c8NCIA I INICIATIVES AUDIOVISUALS (en [&hellip;]<\/p>\n","protected":false},"author":1,"featured_media":0,"parent":0,"menu_order":98,"comment_status":"closed","ping_status":"closed","template":"","meta":{"_uag_custom_page_level_css":"","_jet_sm_ready_style":"","_jet_sm_style":"","_jet_sm_controls_values":"","_jet_sm_fonts_collection":"","_jet_sm_fonts_links":"","footnotes":""},"class_list":["post-2655","page","type-page","status-publish","hentry"],"yoast_head":"<!-- This site is optimized with the Yoast SEO plugin v27.4 - https:\/\/yoast.com\/product\/yoast-seo-wordpress\/ -->\n<title>AV\u00cdS LEGAL - Mostra de Val\u00e8ncia<\/title>\n<meta name=\"robots\" content=\"index, follow, max-snippet:-1, max-image-preview:large, max-video-preview:-1\" \/>\n<link rel=\"canonical\" href=\"https:\/\/lamostradevalencia.com\/ca\/avis-legal\/\" \/>\n<meta property=\"og:locale\" content=\"ca_ES\" \/>\n<meta property=\"og:type\" content=\"article\" \/>\n<meta property=\"og:title\" content=\"AV\u00cdS LEGAL - Mostra de Val\u00e8ncia\" \/>\n<meta property=\"og:description\" content=\"1. OBJECTE El present av\u00eds legal regula l\u2019\u00fas i utilitzaci\u00f3 del lloc web www.lamostradevalencia.com, del qual \u00e9s titular MOSTRA DE VAL\u00c8NCIA I INICIATIVES AUDIOVISUALS (en [&hellip;]\" \/>\n<meta property=\"og:url\" content=\"https:\/\/lamostradevalencia.com\/ca\/avis-legal\/\" \/>\n<meta property=\"og:site_name\" content=\"Mostra de Val\u00e8ncia\" \/>\n<meta property=\"article:modified_time\" content=\"2023-10-11T09:30:16+00:00\" \/>\n<meta name=\"twitter:card\" content=\"summary_large_image\" \/>\n<meta name=\"twitter:label1\" content=\"Temps estimat de lectura\" \/>\n\t<meta name=\"twitter:data1\" content=\"7 minuts\" \/>\n<script type=\"application\/ld+json\" class=\"yoast-schema-graph\">{\"@context\":\"https:\\\/\\\/schema.org\",\"@graph\":[{\"@type\":\"WebPage\",\"@id\":\"https:\\\/\\\/lamostradevalencia.com\\\/ca\\\/avis-legal\\\/\",\"url\":\"https:\\\/\\\/lamostradevalencia.com\\\/ca\\\/avis-legal\\\/\",\"name\":\"AV\u00cdS LEGAL - Mostra de Val\u00e8ncia\",\"isPartOf\":{\"@id\":\"https:\\\/\\\/lamostradevalencia.com\\\/ca\\\/#website\"},\"datePublished\":\"2018-09-13T10:52:50+00:00\",\"dateModified\":\"2023-10-11T09:30:16+00:00\",\"breadcrumb\":{\"@id\":\"https:\\\/\\\/lamostradevalencia.com\\\/ca\\\/avis-legal\\\/#breadcrumb\"},\"inLanguage\":\"ca\",\"potentialAction\":[{\"@type\":\"ReadAction\",\"target\":[\"https:\\\/\\\/lamostradevalencia.com\\\/ca\\\/avis-legal\\\/\"]}]},{\"@type\":\"BreadcrumbList\",\"@id\":\"https:\\\/\\\/lamostradevalencia.com\\\/ca\\\/avis-legal\\\/#breadcrumb\",\"itemListElement\":[{\"@type\":\"ListItem\",\"position\":1,\"name\":\"Portada\",\"item\":\"https:\\\/\\\/lamostradevalencia.com\\\/ca\\\/\"},{\"@type\":\"ListItem\",\"position\":2,\"name\":\"AV\u00cdS LEGAL\"}]},{\"@type\":\"WebSite\",\"@id\":\"https:\\\/\\\/lamostradevalencia.com\\\/ca\\\/#website\",\"url\":\"https:\\\/\\\/lamostradevalencia.com\\\/ca\\\/\",\"name\":\"Mostra de Val\u00e8ncia\",\"description\":\"Cinema del Mediterrani\",\"potentialAction\":[{\"@type\":\"SearchAction\",\"target\":{\"@type\":\"EntryPoint\",\"urlTemplate\":\"https:\\\/\\\/lamostradevalencia.com\\\/ca\\\/?s={search_term_string}\"},\"query-input\":{\"@type\":\"PropertyValueSpecification\",\"valueRequired\":true,\"valueName\":\"search_term_string\"}}],\"inLanguage\":\"ca\"}]}<\/script>\n<!-- \/ Yoast SEO plugin. -->","yoast_head_json":{"title":"AV\u00cdS LEGAL - Mostra de Val\u00e8ncia","robots":{"index":"index","follow":"follow","max-snippet":"max-snippet:-1","max-image-preview":"max-image-preview:large","max-video-preview":"max-video-preview:-1"},"canonical":"https:\/\/lamostradevalencia.com\/ca\/avis-legal\/","og_locale":"ca_ES","og_type":"article","og_title":"AV\u00cdS LEGAL - Mostra de Val\u00e8ncia","og_description":"1. OBJECTE El present av\u00eds legal regula l\u2019\u00fas i utilitzaci\u00f3 del lloc web www.lamostradevalencia.com, del qual \u00e9s titular MOSTRA DE VAL\u00c8NCIA I INICIATIVES AUDIOVISUALS (en [&hellip;]","og_url":"https:\/\/lamostradevalencia.com\/ca\/avis-legal\/","og_site_name":"Mostra de Val\u00e8ncia","article_modified_time":"2023-10-11T09:30:16+00:00","twitter_card":"summary_large_image","twitter_misc":{"Temps estimat de lectura":"7 minuts"},"schema":{"@context":"https:\/\/schema.org","@graph":[{"@type":"WebPage","@id":"https:\/\/lamostradevalencia.com\/ca\/avis-legal\/","url":"https:\/\/lamostradevalencia.com\/ca\/avis-legal\/","name":"AV\u00cdS LEGAL - Mostra de Val\u00e8ncia","isPartOf":{"@id":"https:\/\/lamostradevalencia.com\/ca\/#website"},"datePublished":"2018-09-13T10:52:50+00:00","dateModified":"2023-10-11T09:30:16+00:00","breadcrumb":{"@id":"https:\/\/lamostradevalencia.com\/ca\/avis-legal\/#breadcrumb"},"inLanguage":"ca","potentialAction":[{"@type":"ReadAction","target":["https:\/\/lamostradevalencia.com\/ca\/avis-legal\/"]}]},{"@type":"BreadcrumbList","@id":"https:\/\/lamostradevalencia.com\/ca\/avis-legal\/#breadcrumb","itemListElement":[{"@type":"ListItem","position":1,"name":"Portada","item":"https:\/\/lamostradevalencia.com\/ca\/"},{"@type":"ListItem","position":2,"name":"AV\u00cdS LEGAL"}]},{"@type":"WebSite","@id":"https:\/\/lamostradevalencia.com\/ca\/#website","url":"https:\/\/lamostradevalencia.com\/ca\/","name":"Mostra de Val\u00e8ncia","description":"Cinema del Mediterrani","potentialAction":[{"@type":"SearchAction","target":{"@type":"EntryPoint","urlTemplate":"https:\/\/lamostradevalencia.com\/ca\/?s={search_term_string}"},"query-input":{"@type":"PropertyValueSpecification","valueRequired":true,"valueName":"search_term_string"}}],"inLanguage":"ca"}]}},"uagb_featured_image_src":{"full":false,"thumbnail":false,"medium":false,"medium_large":false,"large":false,"1536x1536":false,"2048x2048":false,"cinerama_edge_image_square":false,"cinerama_edge_image_landscape":false,"cinerama_edge_image_portrait":false,"cinerama_edge_image_huge":false,"gform-image-choice-sm":false,"gform-image-choice-md":false,"gform-image-choice-lg":false},"uagb_author_info":{"display_name":"Mostra de Val\u00e8ncia","author_link":"https:\/\/lamostradevalencia.com\/ca\/author\/mostravalencia\/"},"uagb_comment_info":0,"uagb_excerpt":"1. OBJECTE El present av\u00eds legal regula l\u2019\u00fas i utilitzaci\u00f3 del lloc web www.lamostradevalencia.com, del qual \u00e9s titular MOSTRA DE VAL\u00c8NCIA I INICIATIVES AUDIOVISUALS (en [&hellip;]","_links":{"self":[{"href":"https:\/\/lamostradevalencia.com\/ca\/wp-json\/wp\/v2\/pages\/2655","targetHints":{"allow":["GET"]}}],"collection":[{"href":"https:\/\/lamostradevalencia.com\/ca\/wp-json\/wp\/v2\/pages"}],"about":[{"href":"https:\/\/lamostradevalencia.com\/ca\/wp-json\/wp\/v2\/types\/page"}],"author":[{"embeddable":true,"href":"https:\/\/lamostradevalencia.com\/ca\/wp-json\/wp\/v2\/users\/1"}],"replies":[{"embeddable":true,"href":"https:\/\/lamostradevalencia.com\/ca\/wp-json\/wp\/v2\/comments?post=2655"}],"version-history":[{"count":1,"href":"https:\/\/lamostradevalencia.com\/ca\/wp-json\/wp\/v2\/pages\/2655\/revisions"}],"predecessor-version":[{"id":22031,"href":"https:\/\/lamostradevalencia.com\/ca\/wp-json\/wp\/v2\/pages\/2655\/revisions\/22031"}],"wp:attachment":[{"href":"https:\/\/lamostradevalencia.com\/ca\/wp-json\/wp\/v2\/media?parent=2655"}],"curies":[{"name":"wp","href":"https:\/\/api.w.org\/{rel}","templated":true}]}}