{"id":23111,"date":"2024-08-07T16:51:47","date_gmt":"2024-08-07T14:51:47","guid":{"rendered":"https:\/\/lamostradevalencia.com\/?page_id=23111"},"modified":"2024-09-19T20:20:06","modified_gmt":"2024-09-19T18:20:06","slug":"jurat-internacional-2024","status":"publish","type":"page","link":"https:\/\/lamostradevalencia.com\/ca\/edicio-2024\/jurat-internacional-2024\/","title":{"rendered":"Jurat Internacional"},"content":{"rendered":"<div class=\"wpb-content-wrapper\"><p>[vc_row disable_element=&#8221;yes&#8221;][vc_column][vc_empty_space][vc_custom_heading text=&#8221;COMING SOON&#8221; font_container=&#8221;tag:h2|text_align:center&#8221; use_theme_fonts=&#8221;yes&#8221;][vc_empty_space height=&#8221;100px&#8221;][\/vc_column][\/vc_row][vc_row equal_height=&#8221;yes&#8221; content_placement=&#8221;middle&#8221; css=&#8221;.vc_custom_1602687382061{margin-top: 30px !important;}&#8221;][vc_column width=&#8221;1\/3&#8243;][vc_single_image image=&#8221;24944&#8243; img_size=&#8221;full&#8221; css=&#8221;&#8221;][\/vc_column][vc_column width=&#8221;2\/3&#8243; css=&#8221;.vc_custom_1538664381630{padding-top: 50px !important;padding-right: 40px !important;padding-bottom: 70px !important;padding-left: 40px !important;}&#8221;][vc_custom_heading text=&#8221;MARIE BALDUCCHI (Fran\u00e7a)&#8221; use_theme_fonts=&#8221;yes&#8221; css=&#8221;&#8221;][vc_custom_heading text=&#8221;<strong>Presidenta del Jurat Internacional<\/strong>&#8221; font_container=&#8221;tag:div|font_size:20px|text_align:left|line_height:30px&#8221; use_theme_fonts=&#8221;yes&#8221; css=&#8221;&#8221;][vc_column_text css=&#8221;&#8221;]Marie Balducchi \u00e9s productora en la companyia francesa AGAT Films\/Ex Nihilo, un col\u00b7lectiu \u00fanic de productors i productores independents a Par\u00eds. L&#8217;empresa est\u00e0 focalitzada en una pr\u00e0ctica individualitzada per al desenrotllament, producci\u00f3 i promoci\u00f3 del treball del cine d&#8217;autoria i s&#8217;organitza mitjan\u00e7ant un sistema col\u00b7lectiu basat en la solidaritat financera, editorial i humana entre les persones associades.<\/p>\n<p>Marie Balducchi produ\u00efx pel\u00b7l\u00edcules tant per a cine com per a televisi\u00f3 i forma part de comissions de suport cinematogr\u00e0fic com ara Europe Creative Media i Cin\u00e9mas du Monde. Tamb\u00e9 \u00e9s membre de L\u2019Acad\u00e9mie des C\u00e9sars i de la junta directiva de L\u2019usage du monde au 21 si\u00e8cle, aix\u00ed com s\u00f2cia del Programa de Resid\u00e8ncies del CNC Cam\u00e9ra Libre, per a cineastes estrangers en situaci\u00f3 dif\u00edcil al seu pa\u00eds. Actualment est\u00e0 produint el tercer llargmetratge del director de Lesotho Lemohang Jeremiah Mosese, <em>Ancestral Visions of the Future<\/em>.[\/vc_column_text][\/vc_column][\/vc_row][vc_row equal_height=&#8221;yes&#8221; content_placement=&#8221;middle&#8221; css=&#8221;.vc_custom_1602687382061{margin-top: 30px !important;}&#8221;][vc_column width=&#8221;1\/3&#8243;][vc_single_image image=&#8221;24949&#8243; img_size=&#8221;full&#8221; css=&#8221;&#8221;][\/vc_column][vc_column width=&#8221;2\/3&#8243; css=&#8221;.vc_custom_1538664381630{padding-top: 50px !important;padding-right: 40px !important;padding-bottom: 70px !important;padding-left: 40px !important;}&#8221;][vc_custom_heading text=&#8221;BASSAM ALASAD (Jord\u00e0nia)&#8221; use_theme_fonts=&#8221;yes&#8221; css=&#8221;&#8221;][vc_column_text css=&#8221;&#8221;]Bassam Alasad \u00e9s productor, <em>ecomanager<\/em>, membre de la Documentary Association of Europe i Director General de Creative Media Solutions, companyia situada a Dubai. Ha produ\u00eft i coprodu\u00eft projectes a la regi\u00f3 durant els \u00faltims 17 anys. L&#8217;\u00faltim va ser el film saudita <em>Champions \u2013 2021<\/em>, on va exercir com a productor executiu, i actualment prepara dos noves pel\u00b7l\u00edcules: <em>Montr\u00e9al<\/em> i <em>Finding Oum Al Ghaith<\/em>.<\/p>\n<p>En 2014 va iniciar el periple com a <em>ecomanager<\/em> i m\u00e9s tard va cofundar Greener Screen, una consultora que dona suport al sector cinematogr\u00e0fic a la regi\u00f3 per aconseguir objectius d\u2019empremta de carboni zero; des de 2023 \u00e9s membre del Comit\u00e9 de Govern del Global Climate Storytellers Network \u2013 GCSN.<\/p>\n<p>Bassam Alasad \u00e9s tamb\u00e9 l&#8217;organitzador dels Amman Film Industry Days, en el marc del Festival Internacional de Cine d&#8217;Amman, des de 2021.[\/vc_column_text][\/vc_column][\/vc_row][vc_row equal_height=&#8221;yes&#8221; content_placement=&#8221;middle&#8221; css=&#8221;.vc_custom_1602687382061{margin-top: 30px !important;}&#8221;][vc_column width=&#8221;1\/3&#8243;][vc_single_image image=&#8221;24954&#8243; img_size=&#8221;full&#8221; css=&#8221;&#8221;][\/vc_column][vc_column width=&#8221;2\/3&#8243; css=&#8221;.vc_custom_1538664381630{padding-top: 50px !important;padding-right: 40px !important;padding-bottom: 70px !important;padding-left: 40px !important;}&#8221;][vc_custom_heading text=&#8221;AVELINA PRAT (Espanya)&#8221; use_theme_fonts=&#8221;yes&#8221; css=&#8221;&#8221;][vc_column_text css=&#8221;&#8221;]Avelina Prat \u00e9s arquitecta i va exercir la professi\u00f3 abans de dedicar-se al cinema. Ha treballat com a <em>script<\/em> al costat de directors com ara Fernando Trueba, Cesc Gay, Manuel Mart\u00edn Cuenca, Javier Rebollo, David Trueba o Lucile Hadzihalilovic. Tamb\u00e9 ha sigut programadora en el Festival Internacional Cinema Jove de Val\u00e8ncia.<\/p>\n<p>Guionista i directora de diversos documentals i curtmetratges. L&#8217;\u00faltim, <em>3\/105<\/em>, codirigit amb Diego Opazo, va ser seleccionat en el Festival de Ven\u00e8cia.<\/p>\n<p>El seu primer llargmetratge, <em>Vasil<\/em> (2022), produ\u00eft per Distint Films i Activist 38 (Bulg\u00e0ria), es va estrenar en el Festival de Vars\u00f2via, va ser guardonat amb sis premis Berlanga i amb el premi a millor actor (ex aequo per a Karra Elejalde i Ivan Barnev) en SEMINCI.<\/p>\n<p>Est\u00e0 acabant el seu segon llargmetratge, <em>Una quinta portuguesa<\/em> (Distint Films, Jaibo Films, O Som e a F\u00faria).[\/vc_column_text][\/vc_column][\/vc_row][vc_row equal_height=&#8221;yes&#8221; content_placement=&#8221;middle&#8221; css=&#8221;.vc_custom_1726769520723{margin-top: 30px !important;}&#8221;][vc_column width=&#8221;1\/3&#8243;][vc_single_image image=&#8221;24959&#8243; img_size=&#8221;full&#8221; css=&#8221;&#8221;][\/vc_column][vc_column width=&#8221;2\/3&#8243; css=&#8221;.vc_custom_1538664381630{padding-top: 50px !important;padding-right: 40px !important;padding-bottom: 70px !important;padding-left: 40px !important;}&#8221;][vc_custom_heading text=&#8221;JO\u00c3O ANTUNES (Portugal)&#8221; use_theme_fonts=&#8221;yes&#8221; css=&#8221;&#8221;][vc_column_text css=&#8221;&#8221;]Llicenciat en Economia per l&#8217;Institut Superior d&#8217;Economia de Lisboa, Jo\u00e3o Antunes \u00e9s T\u00e8cnic Superior de la Cinemateca Portuguesa des de 1983. A m\u00e9s, \u00e9s membre de FIPRESCI (Federaci\u00f3 Internacional de la Premsa Cinematogr\u00e0fica) i de l&#8217;European Film Academy. Ha exercit com a productor i director art\u00edstic en diversos curts de la cineasta Latifa Sa\u00efd i com a comissari en diversos cicles sobre cine portugu\u00e9s en el Libertas Film Festival (Dubrovnik, Cro\u00e0cia) o en el Festival de Jeonju (Corea del Sud).<\/p>\n<p>En la seua faceta com a periodista, ha col\u00b7laborat en diverses publicacions internacionals i ha sigut director de Cinema-ISE i Cinemat\u00f2graf. T\u00e9 diversos llibres publicats, entre els quals destaquen <em>Melhores Films, Melhores Cineastas<\/em> (Edi\u00e7\u00f5es Cinemat\u00f2graf) i <em>Cinema Portugu\u00eas 1896-1998<\/em> (Edi\u00e7\u00f5es RBA Lusomundo). Ha sigut professor d&#8217;Hist\u00f2ria del cine i membre del jurat en els festivals de Cannes, Guadalajara, Istanbul o Mumbai, entre d\u2019altres.[\/vc_column_text][\/vc_column][\/vc_row][vc_row equal_height=&#8221;yes&#8221; content_placement=&#8221;middle&#8221; css=&#8221;.vc_custom_1602687382061{margin-top: 30px !important;}&#8221;][vc_column width=&#8221;1\/3&#8243;][vc_single_image image=&#8221;24964&#8243; img_size=&#8221;full&#8221; css=&#8221;&#8221;][\/vc_column][vc_column width=&#8221;2\/3&#8243; css=&#8221;.vc_custom_1538664381630{padding-top: 50px !important;padding-right: 40px !important;padding-bottom: 70px !important;padding-left: 40px !important;}&#8221;][vc_custom_heading text=&#8221;AMAL RAMSIS (Egipte)&#8221; use_theme_fonts=&#8221;yes&#8221; css=&#8221;&#8221;][vc_column_text css=&#8221;&#8221;]Nascuda al Caire, Amal Ramsis \u00e9s Llicenciada en Dret per la Universitat d&#8217;Ain Shams. En 1992 va col\u00b7laborar en la fundaci\u00f3 del Centre d&#8217;Estudis de la Dona \u201cMa\u2019an\u201d a Egipte. En 2002 va rebre una beca del Ministeri d&#8217;Afers Exteriors espanyol per estudiar Direcci\u00f3 cinematogr\u00e0fica a l&#8217;escola de cine S\u00e9ptima Ars (Madrid).<\/p>\n<p>En 2008 va crear el Cairo International Women\u2019s Film Festival, el primer festival anual de cine realitzat per dones en el m\u00f3n \u00e0rab. En 2009 va ser titular de la C\u00e0tedra de les Arts i Cultures de la Fundaci\u00f3 Euro\u00e0rab a Granada. \u00c9s tamb\u00e9 la fundadora de la Caravana d&#8217;Entre Cineastes.<\/p>\n<p>Els seus documentals <em>Solo sue\u00f1os<\/em> (2005), <em>Forbidden<\/em> (2011),<em> Athar Al Farasha\/La estela de la mariposa <\/em>(2015) i <em>You Come from Far Away<\/em> (2018) han sigut premiats i projectats en diversos festivals internacionals.[\/vc_column_text][\/vc_column][\/vc_row]<\/p>\n<\/div>","protected":false},"excerpt":{"rendered":"<p>[vc_row disable_element=&#8221;yes&#8221;][vc_column][vc_empty_space][vc_custom_heading text=&#8221;COMING SOON&#8221; font_container=&#8221;tag:h2|text_align:center&#8221; use_theme_fonts=&#8221;yes&#8221;][vc_empty_space height=&#8221;100px&#8221;][\/vc_column][\/vc_row][vc_row equal_height=&#8221;yes&#8221; content_placement=&#8221;middle&#8221; css=&#8221;.vc_custom_1602687382061{margin-top: 30px !important;}&#8221;][vc_column width=&#8221;1\/3&#8243;][vc_single_image image=&#8221;24944&#8243; img_size=&#8221;full&#8221; css=&#8221;&#8221;][\/vc_column][vc_column width=&#8221;2\/3&#8243; css=&#8221;.vc_custom_1538664381630{padding-top: 50px !important;padding-right: 40px !important;padding-bottom: 70px !important;padding-left: 40px [&hellip;]<\/p>\n","protected":false},"author":1,"featured_media":0,"parent":23061,"menu_order":2,"comment_status":"closed","ping_status":"closed","template":"full-width.php","meta":{"_uag_custom_page_level_css":"","_jet_sm_ready_style":"","_jet_sm_style":"","_jet_sm_controls_values":"","_jet_sm_fonts_collection":"","_jet_sm_fonts_links":"","footnotes":""},"class_list":["post-23111","page","type-page","status-publish","hentry"],"yoast_head":"<!-- This site is optimized with the Yoast SEO plugin v27.5 - https:\/\/yoast.com\/product\/yoast-seo-wordpress\/ -->\n<title>Jurat Internacional - Mostra de Val\u00e8ncia<\/title>\n<meta name=\"description\" content=\"Los cinco miembros del Jurado Internacional de Mostra 2021\" \/>\n<meta name=\"robots\" content=\"index, follow, max-snippet:-1, max-image-preview:large, max-video-preview:-1\" \/>\n<link rel=\"canonical\" href=\"https:\/\/lamostradevalencia.com\/ca\/edicio-2024\/jurat-internacional-2024\/\" \/>\n<meta property=\"og:locale\" content=\"ca_ES\" \/>\n<meta property=\"og:type\" content=\"article\" \/>\n<meta property=\"og:title\" content=\"Jurat Internacional - Mostra de Val\u00e8ncia\" \/>\n<meta property=\"og:description\" content=\"Los cinco miembros del Jurado Internacional de Mostra 2021\" \/>\n<meta property=\"og:url\" content=\"https:\/\/lamostradevalencia.com\/ca\/edicio-2024\/jurat-internacional-2024\/\" \/>\n<meta property=\"og:site_name\" content=\"Mostra de Val\u00e8ncia\" \/>\n<meta property=\"article:modified_time\" content=\"2024-09-19T18:20:06+00:00\" \/>\n<meta name=\"twitter:card\" content=\"summary_large_image\" \/>\n<meta name=\"twitter:label1\" content=\"Temps estimat de lectura\" \/>\n\t<meta name=\"twitter:data1\" content=\"6 minuts\" \/>\n<script type=\"application\/ld+json\" class=\"yoast-schema-graph\">{\"@context\":\"https:\\\/\\\/schema.org\",\"@graph\":[{\"@type\":\"WebPage\",\"@id\":\"https:\\\/\\\/lamostradevalencia.com\\\/ca\\\/edicio-2024\\\/jurat-internacional-2024\\\/\",\"url\":\"https:\\\/\\\/lamostradevalencia.com\\\/ca\\\/edicio-2024\\\/jurat-internacional-2024\\\/\",\"name\":\"Jurat Internacional - Mostra de Val\u00e8ncia\",\"isPartOf\":{\"@id\":\"https:\\\/\\\/lamostradevalencia.com\\\/ca\\\/#website\"},\"datePublished\":\"2024-08-07T14:51:47+00:00\",\"dateModified\":\"2024-09-19T18:20:06+00:00\",\"description\":\"Los cinco miembros del Jurado Internacional de Mostra 2021\",\"breadcrumb\":{\"@id\":\"https:\\\/\\\/lamostradevalencia.com\\\/ca\\\/edicio-2024\\\/jurat-internacional-2024\\\/#breadcrumb\"},\"inLanguage\":\"ca\",\"potentialAction\":[{\"@type\":\"ReadAction\",\"target\":[\"https:\\\/\\\/lamostradevalencia.com\\\/ca\\\/edicio-2024\\\/jurat-internacional-2024\\\/\"]}]},{\"@type\":\"BreadcrumbList\",\"@id\":\"https:\\\/\\\/lamostradevalencia.com\\\/ca\\\/edicio-2024\\\/jurat-internacional-2024\\\/#breadcrumb\",\"itemListElement\":[{\"@type\":\"ListItem\",\"position\":1,\"name\":\"Portada\",\"item\":\"https:\\\/\\\/lamostradevalencia.com\\\/ca\\\/\"},{\"@type\":\"ListItem\",\"position\":2,\"name\":\"Edici\u00f3 2024\",\"item\":\"https:\\\/\\\/lamostradevalencia.com\\\/ca\\\/edicio-2024\\\/\"},{\"@type\":\"ListItem\",\"position\":3,\"name\":\"Jurat Internacional\"}]},{\"@type\":\"WebSite\",\"@id\":\"https:\\\/\\\/lamostradevalencia.com\\\/ca\\\/#website\",\"url\":\"https:\\\/\\\/lamostradevalencia.com\\\/ca\\\/\",\"name\":\"Mostra de Val\u00e8ncia\",\"description\":\"Cinema del Mediterrani\",\"potentialAction\":[{\"@type\":\"SearchAction\",\"target\":{\"@type\":\"EntryPoint\",\"urlTemplate\":\"https:\\\/\\\/lamostradevalencia.com\\\/ca\\\/?s={search_term_string}\"},\"query-input\":{\"@type\":\"PropertyValueSpecification\",\"valueRequired\":true,\"valueName\":\"search_term_string\"}}],\"inLanguage\":\"ca\"}]}<\/script>\n<!-- \/ Yoast SEO plugin. -->","yoast_head_json":{"title":"Jurat Internacional - Mostra de Val\u00e8ncia","description":"Los cinco miembros del Jurado Internacional de Mostra 2021","robots":{"index":"index","follow":"follow","max-snippet":"max-snippet:-1","max-image-preview":"max-image-preview:large","max-video-preview":"max-video-preview:-1"},"canonical":"https:\/\/lamostradevalencia.com\/ca\/edicio-2024\/jurat-internacional-2024\/","og_locale":"ca_ES","og_type":"article","og_title":"Jurat Internacional - Mostra de Val\u00e8ncia","og_description":"Los cinco miembros del Jurado Internacional de Mostra 2021","og_url":"https:\/\/lamostradevalencia.com\/ca\/edicio-2024\/jurat-internacional-2024\/","og_site_name":"Mostra de Val\u00e8ncia","article_modified_time":"2024-09-19T18:20:06+00:00","twitter_card":"summary_large_image","twitter_misc":{"Temps estimat de lectura":"6 minuts"},"schema":{"@context":"https:\/\/schema.org","@graph":[{"@type":"WebPage","@id":"https:\/\/lamostradevalencia.com\/ca\/edicio-2024\/jurat-internacional-2024\/","url":"https:\/\/lamostradevalencia.com\/ca\/edicio-2024\/jurat-internacional-2024\/","name":"Jurat Internacional - Mostra de Val\u00e8ncia","isPartOf":{"@id":"https:\/\/lamostradevalencia.com\/ca\/#website"},"datePublished":"2024-08-07T14:51:47+00:00","dateModified":"2024-09-19T18:20:06+00:00","description":"Los cinco miembros del Jurado Internacional de Mostra 2021","breadcrumb":{"@id":"https:\/\/lamostradevalencia.com\/ca\/edicio-2024\/jurat-internacional-2024\/#breadcrumb"},"inLanguage":"ca","potentialAction":[{"@type":"ReadAction","target":["https:\/\/lamostradevalencia.com\/ca\/edicio-2024\/jurat-internacional-2024\/"]}]},{"@type":"BreadcrumbList","@id":"https:\/\/lamostradevalencia.com\/ca\/edicio-2024\/jurat-internacional-2024\/#breadcrumb","itemListElement":[{"@type":"ListItem","position":1,"name":"Portada","item":"https:\/\/lamostradevalencia.com\/ca\/"},{"@type":"ListItem","position":2,"name":"Edici\u00f3 2024","item":"https:\/\/lamostradevalencia.com\/ca\/edicio-2024\/"},{"@type":"ListItem","position":3,"name":"Jurat Internacional"}]},{"@type":"WebSite","@id":"https:\/\/lamostradevalencia.com\/ca\/#website","url":"https:\/\/lamostradevalencia.com\/ca\/","name":"Mostra de Val\u00e8ncia","description":"Cinema del Mediterrani","potentialAction":[{"@type":"SearchAction","target":{"@type":"EntryPoint","urlTemplate":"https:\/\/lamostradevalencia.com\/ca\/?s={search_term_string}"},"query-input":{"@type":"PropertyValueSpecification","valueRequired":true,"valueName":"search_term_string"}}],"inLanguage":"ca"}]}},"uagb_featured_image_src":{"full":false,"thumbnail":false,"medium":false,"medium_large":false,"large":false,"1536x1536":false,"2048x2048":false,"cinerama_edge_image_square":false,"cinerama_edge_image_landscape":false,"cinerama_edge_image_portrait":false,"cinerama_edge_image_huge":false,"gform-image-choice-sm":false,"gform-image-choice-md":false,"gform-image-choice-lg":false},"uagb_author_info":{"display_name":"Mostra de Val\u00e8ncia","author_link":"https:\/\/lamostradevalencia.com\/ca\/author\/mostravalencia\/"},"uagb_comment_info":0,"uagb_excerpt":"[vc_row disable_element=&#8221;yes&#8221;][vc_column][vc_empty_space][vc_custom_heading text=&#8221;COMING SOON&#8221; font_container=&#8221;tag:h2|text_align:center&#8221; use_theme_fonts=&#8221;yes&#8221;][vc_empty_space height=&#8221;100px&#8221;][\/vc_column][\/vc_row][vc_row equal_height=&#8221;yes&#8221; content_placement=&#8221;middle&#8221; css=&#8221;.vc_custom_1602687382061{margin-top: 30px !important;}&#8221;][vc_column width=&#8221;1\/3&#8243;][vc_single_image image=&#8221;24944&#8243; img_size=&#8221;full&#8221; css=&#8221;&#8221;][\/vc_column][vc_column width=&#8221;2\/3&#8243; css=&#8221;.vc_custom_1538664381630{padding-top: 50px !important;padding-right: 40px !important;padding-bottom: 70px !important;padding-left: 40px [&hellip;]","_links":{"self":[{"href":"https:\/\/lamostradevalencia.com\/ca\/wp-json\/wp\/v2\/pages\/23111","targetHints":{"allow":["GET"]}}],"collection":[{"href":"https:\/\/lamostradevalencia.com\/ca\/wp-json\/wp\/v2\/pages"}],"about":[{"href":"https:\/\/lamostradevalencia.com\/ca\/wp-json\/wp\/v2\/types\/page"}],"author":[{"embeddable":true,"href":"https:\/\/lamostradevalencia.com\/ca\/wp-json\/wp\/v2\/users\/1"}],"replies":[{"embeddable":true,"href":"https:\/\/lamostradevalencia.com\/ca\/wp-json\/wp\/v2\/comments?post=23111"}],"version-history":[{"count":6,"href":"https:\/\/lamostradevalencia.com\/ca\/wp-json\/wp\/v2\/pages\/23111\/revisions"}],"predecessor-version":[{"id":24970,"href":"https:\/\/lamostradevalencia.com\/ca\/wp-json\/wp\/v2\/pages\/23111\/revisions\/24970"}],"up":[{"embeddable":true,"href":"https:\/\/lamostradevalencia.com\/ca\/wp-json\/wp\/v2\/pages\/23061"}],"wp:attachment":[{"href":"https:\/\/lamostradevalencia.com\/ca\/wp-json\/wp\/v2\/media?parent=23111"}],"curies":[{"name":"wp","href":"https:\/\/api.w.org\/{rel}","templated":true}]}}