{"id":2134,"date":"2018-08-06T07:54:08","date_gmt":"2018-08-06T05:54:08","guid":{"rendered":"https:\/\/lamostradevalencia.com\/el-festival\/seccions\/josep-anton-perez-giner-un-productor-model\/"},"modified":"2019-08-03T00:40:05","modified_gmt":"2019-08-02T22:40:05","slug":"josep-anton-perez-giner-un-productor-model","status":"publish","type":"page","link":"https:\/\/lamostradevalencia.com\/ca\/edicio-2018\/josep-anton-perez-giner-un-productor-model\/","title":{"rendered":"Josep Anton P\u00e9rez Giner, un productor model"},"content":{"rendered":"<div class=\"wpb-content-wrapper\"><p>[vc_row][vc_column]<div class=\"templatera_shortcode\"><style type=\"text\/css\" data-type=\"vc_shortcodes-custom-css\">.vc_custom_1538572732298{padding-right: 40px !important;padding-left: 40px !important;}.vc_custom_1538572608474{padding: 40px !important;background-color: #ff7675 !important;}.vc_custom_1538572629268{padding: 40px !important;background-color: #ffc312 !important;}.vc_custom_1538572642216{padding: 40px !important;background-color: #12cbc4 !important;}.vc_custom_1538572654086{padding: 40px !important;background-color: #a3cb38 !important;}.vc_custom_1538572666000{padding: 40px !important;background-color: #9980fa !important;}.vc_custom_1538572679950{padding: 40px !important;background-color: #c0392b !important;}.vc_custom_1538572789139{padding-top: 40px !important;padding-right: 40px !important;padding-bottom: 40px !important;padding-left: 40px !important;background-color: #27ae60 !important;}.vc_custom_1538572799087{padding-top: 40px !important;padding-right: 40px !important;padding-bottom: 40px !important;padding-left: 40px !important;background-color: #fa983a !important;}.vc_custom_1538572810081{padding-top: 40px !important;padding-right: 40px !important;padding-bottom: 40px !important;padding-left: 40px !important;background-color: #1289a7 !important;}.vc_custom_1538572818794{padding-top: 40px !important;padding-right: 40px !important;padding-bottom: 40px !important;padding-left: 40px !important;background-color: #0652dd !important;}.vc_custom_1538572830704{padding-top: 40px !important;padding-right: 40px !important;padding-bottom: 40px !important;padding-left: 40px !important;background-color: #833471 !important;}<\/style><div class=\"vc_row wpb_row vc_row-fluid vc_custom_1538572732298\" ><div class=\"wpb_column vc_column_container vc_col-sm-12\"><div class=\"vc_column-inner\"><div class=\"wpb_wrapper\"><div class=\"vc_row wpb_row vc_inner vc_row-fluid seccion-columna vc_column-gap-20 vc_row-o-equal-height vc_row-o-content-middle vc_row-flex\" ><div class=\"wpb_column vc_column_container vc_col-sm-2 vc_col-has-fill\"><div class=\"vc_column-inner vc_custom_1538572608474\"><div class=\"wpb_wrapper\"><a itemprop=\"url\" href=\"https:\/\/lamostradevalencia.com\/ca\/edicio-2018\/seccio-oficial-2018\/\" target=\"_self\" style=\"color: #ffffff;font-size: 17px;font-weight: 700;text-transform: uppercase\" class=\"edgtf-btn edgtf-btn-medium edgtf-btn-simple edgtf-btn- edgtf-btn-custom-hover-color \" data-hover-color=\"rgba(255,255,255,0.85)\" >\n    <span class=\"edgtf-btn-text\">Secci\u00f3 oficial<\/span>\n    <\/a><\/div><\/div><\/div><div class=\"wpb_column vc_column_container vc_col-sm-2 vc_col-has-fill\"><div class=\"vc_column-inner vc_custom_1538572629268\"><div class=\"wpb_wrapper\"><a itemprop=\"url\" href=\"https:\/\/lamostradevalencia.com\/ca\/edicio-2018\/seccio-informativa-2018\/\" target=\"_self\" style=\"color: #ffffff;font-size: 17px;font-weight: 700;text-transform: uppercase\" class=\"edgtf-btn edgtf-btn-medium edgtf-btn-simple edgtf-btn- edgtf-btn-custom-hover-color \" data-hover-color=\"rgba(255,255,255,0.85)\" >\n    <span class=\"edgtf-btn-text\">secci\u00f3 informativa<\/span>\n    <\/a><\/div><\/div><\/div><div class=\"wpb_column vc_column_container vc_col-sm-2 vc_col-has-fill\"><div class=\"vc_column-inner vc_custom_1538572642216\"><div class=\"wpb_wrapper\"><a itemprop=\"url\" href=\"https:\/\/lamostradevalencia.com\/ca\/edicio-2018\/palmera-dhonor-abdellatif-kechiche\/\" target=\"_self\" style=\"color: #ffffff;font-size: 17px;font-weight: 700;text-transform: uppercase\" class=\"edgtf-btn edgtf-btn-medium edgtf-btn-simple edgtf-btn- edgtf-btn-custom-hover-color \" data-hover-color=\"rgba(255,255,255,0.85)\" >\n    <span class=\"edgtf-btn-text\">Palmera d&#039;Honor. Abdellatif Kechiche<\/span>\n    <\/a><\/div><\/div><\/div><div class=\"wpb_column vc_column_container vc_col-sm-2 vc_col-has-fill\"><div class=\"vc_column-inner vc_custom_1538572654086\"><div class=\"wpb_wrapper\"><a itemprop=\"url\" href=\"https:\/\/lamostradevalencia.com\/ca\/edicio-2018\/palmera-dhonor-efthimis-filippou\/\" target=\"_self\" style=\"color: #ffffff;font-size: 17px;font-weight: 700;text-transform: uppercase\" class=\"edgtf-btn edgtf-btn-medium edgtf-btn-simple edgtf-btn- edgtf-btn-custom-hover-color \" data-hover-color=\"rgba(255,255,255,0.85)\" >\n    <span class=\"edgtf-btn-text\">PALMERA D&#039;HONOR. EFTHIMIS FILIPPOU<\/span>\n    <\/a><\/div><\/div><\/div><div class=\"wpb_column vc_column_container vc_col-sm-2 vc_col-has-fill\"><div class=\"vc_column-inner vc_custom_1538572666000\"><div class=\"wpb_wrapper\"><a itemprop=\"url\" href=\"https:\/\/lamostradevalencia.com\/ca\/edicio-2018\/polar-serie-negra-a-la-francesa\/\" target=\"_self\" style=\"color: #ffffff;font-size: 17px;font-weight: 700;text-transform: uppercase\" class=\"edgtf-btn edgtf-btn-medium edgtf-btn-simple edgtf-btn- edgtf-btn-custom-hover-color \" data-hover-color=\"rgba(255,255,255,0.85)\" >\n    <span class=\"edgtf-btn-text\">POLAR: S\u00c8RIE NEGRA A LA FRANCESA<\/span>\n    <\/a><\/div><\/div><\/div><div class=\"wpb_column vc_column_container vc_col-sm-2 vc_col-has-fill\"><div class=\"vc_column-inner vc_custom_1538572679950\"><div class=\"wpb_wrapper\"><a itemprop=\"url\" href=\"https:\/\/lamostradevalencia.com\/ca\/edicio-2018\/palestina-ara-i-aci\/\" target=\"_self\" style=\"color: #ffffff;font-size: 17px;font-weight: 700;text-transform: uppercase\" class=\"edgtf-btn edgtf-btn-medium edgtf-btn-simple edgtf-btn- edgtf-btn-custom-hover-color \" data-hover-color=\"rgba(255,255,255,0.85)\" >\n    <span class=\"edgtf-btn-text\">PALESTINA, ARA I AC\u00cd<\/span>\n    <\/a><\/div><\/div><\/div><\/div><div class=\"vc_row wpb_row vc_inner vc_row-fluid seccion-columna vc_column-gap-20 vc_row-o-equal-height vc_row-o-content-middle vc_row-flex\" ><div class=\"wpb_column vc_column_container vc_col-sm-1\/5 vc_col-has-fill\"><div class=\"vc_column-inner vc_custom_1538572789139\"><div class=\"wpb_wrapper\"><a itemprop=\"url\" href=\"https:\/\/lamostradevalencia.com\/ca\/edicio-2018\/carles-santos-el-creador-inabastable\/\" target=\"_self\" style=\"color: #ffffff;font-size: 17px;font-weight: 700;text-transform: uppercase\" class=\"edgtf-btn edgtf-btn-medium edgtf-btn-simple edgtf-btn- edgtf-btn-custom-hover-color \" data-hover-color=\"rgba(255,255,255,0.85)\" >\n    <span class=\"edgtf-btn-text\">CARLES SANTOS, EL CREADOR INABASTABLE<\/span>\n    <\/a><\/div><\/div><\/div><div class=\"wpb_column vc_column_container vc_col-sm-1\/5 vc_col-has-fill\"><div class=\"vc_column-inner vc_custom_1538572799087\"><div class=\"wpb_wrapper\"><a itemprop=\"url\" href=\"https:\/\/lamostradevalencia.com\/ca\/edicio-2018\/josep-anton-perez-giner-un-productor-model\/\" target=\"_self\" style=\"color: #ffffff;font-size: 17px;font-weight: 700;text-transform: uppercase\" class=\"edgtf-btn edgtf-btn-medium edgtf-btn-simple edgtf-btn- edgtf-btn-custom-hover-color \" data-hover-color=\"rgba(255,255,255,0.85)\" >\n    <span class=\"edgtf-btn-text\">JOSEP ANTON P\u00c9REZ GINER, UN PRODUCTOR MODEL<\/span>\n    <\/a><\/div><\/div><\/div><div class=\"wpb_column vc_column_container vc_col-sm-1\/5 vc_col-has-fill\"><div class=\"vc_column-inner vc_custom_1538572810081\"><div class=\"wpb_wrapper\"><a itemprop=\"url\" href=\"https:\/\/lamostradevalencia.com\/ca\/edicio-2018\/sessions-especials-2018\/\" target=\"_self\" style=\"color: #ffffff;font-size: 17px;font-weight: 700;text-transform: uppercase\" class=\"edgtf-btn edgtf-btn-medium edgtf-btn-simple edgtf-btn- edgtf-btn-custom-hover-color \" data-hover-color=\"rgba(255,255,255,0.85)\" >\n    <span class=\"edgtf-btn-text\">SESSIONS ESPECIALS<\/span>\n    <\/a><\/div><\/div><\/div><div class=\"wpb_column vc_column_container vc_col-sm-1\/5 vc_col-has-fill\"><div class=\"vc_column-inner vc_custom_1538572818794\"><div class=\"wpb_wrapper\"><a itemprop=\"url\" href=\"https:\/\/lamostradevalencia.com\/ca\/edicio-2018\/congres-cinema-i-crisi-en-el-mediterrani\/\" target=\"_self\" style=\"color: #ffffff;font-size: 17px;font-weight: 700;text-transform: uppercase\" class=\"edgtf-btn edgtf-btn-medium edgtf-btn-simple edgtf-btn- edgtf-btn-custom-hover-color \" data-hover-color=\"rgba(255,255,255,0.85)\" >\n    <span class=\"edgtf-btn-text\">CONGR\u00c9S &#039;CINE Y CRISI EN EL MEDITERR\u00c1NEO&#039;<\/span>\n    <\/a><\/div><\/div><\/div><div class=\"wpb_column vc_column_container vc_col-sm-1\/5 vc_col-has-fill\"><div class=\"vc_column-inner vc_custom_1538572830704\"><div class=\"wpb_wrapper\"><a itemprop=\"url\" href=\"https:\/\/lamostradevalencia.com\/ca\/edicio-2018\/activitats-paral%c2%b7leles-2018\/\" target=\"_self\" style=\"color: #ffffff;font-size: 17px;font-weight: 700;text-transform: uppercase\" class=\"edgtf-btn edgtf-btn-medium edgtf-btn-simple edgtf-btn- edgtf-btn-custom-hover-color \" data-hover-color=\"rgba(255,255,255,0.85)\" >\n    <span class=\"edgtf-btn-text\">ACTIVITATS PARAL\u00b7LELES<\/span>\n    <\/a><\/div><\/div><\/div><\/div><\/div><\/div><\/div><\/div><\/div>[\/vc_column][\/vc_row][vc_row css=&#8221;.vc_custom_1538589155802{padding-top: 90px !important;padding-right: 40px !important;padding-left: 40px !important;}&#8221;][vc_column width=&#8221;1\/6&#8243;][\/vc_column][vc_column width=&#8221;2\/3&#8243;][vc_single_image image=&#8221;1312&#8243; img_size=&#8221;full&#8221; alignment=&#8221;center&#8221;][vc_column_text]<\/p>\n<h6 style=\"text-align: center;\">\u00a9 Jordi Play<\/h6>\n<p>[\/vc_column_text][\/vc_column][vc_column width=&#8221;1\/6&#8243;][\/vc_column][\/vc_row][vc_row css=&#8221;.vc_custom_1538488887581{padding-top: 50px !important;padding-right: 40px !important;padding-bottom: 90px !important;padding-left: 40px !important;}&#8221;][vc_column width=&#8221;1\/4&#8243;][\/vc_column][vc_column width=&#8221;1\/2&#8243;][vc_column_text]\n<span class=\"edgtf-dropcaps edgtf-normal\" style=\"color: #27ae60\">\n\t<span class=\"edgtf-dropcaps-inner\">\n\t\t&#8220;\t<\/span>\n<\/span>Vaig n\u00e9ixer a la ciutat de Val\u00e8ncia, el 28 de setembre de 1934, i fins als disset anys vaig viure al barri del Carme, al carrer de les Roques, davant de les torres de Serrans\u201d. Aix\u00ed comen\u00e7a <em>Josep Anton P\u00e9rez Giner. La veritable hist\u00f2ria de l\u2019Innombrable<\/em>, una biografia escrita pel guionista Piti Espa\u00f1ol que repassa la traject\u00f2ria d\u2019un productor sense el qual, tal i com afirma l\u2019autor, \u201cno es pot explicar la hist\u00f2ria del cinema espanyol dels darrers cinquanta anys\u201d. P\u00e9rez Giner, qui va morir l\u2019abril passat, es va iniciar com a auxiliar a mitjan d\u00e8cada dels cinquanta, i amb el pas dels anys es va convertir en una figura clau en el terreny de la producci\u00f3 a Espanya. Va ser soci de Ricardo Mu\u00f1oz Suay en Profilmes, impulsor del g\u00e8nere de terror espanyol dels setanta, protagonista de canvis crucials en el cinema de la Transici\u00f3 i padr\u00ed de nombrosos cineastes emergents, a qui va donar la primera oportunitat. En la seua extensa filmografia, de m\u00e9s d\u2019un centenar de t\u00edtols, destaquen treballs junt amb Glauber Rocha, Paul Leduc, Sergio Leone, Vicente Aranda, Eloy de la Iglesia, Joaquim Jord\u00e0, Bigas Luna, Ridley Scott, Manuel Guti\u00e9rrez Arag\u00f3n, Ventura Pons o Joseph Losey, entre d\u2019altres.[\/vc_column_text][\/vc_column][vc_column width=&#8221;1\/4&#8243;][\/vc_column][\/vc_row][vc_row css=&#8221;.vc_custom_1538486869251{padding-right: 40px !important;padding-left: 40px !important;}&#8221;][vc_column]<div class=\"edgtf-portfolio-list-holder edgtf-pl-masonry  edgtf-large-space edgtf-pl-three-columns edgtf-pl-standard-shader    edgtf-pl-pag-no-pagination     \"  data-type=masonry data-space-between-items=large data-number-of-items=-1 data-image-proportions=full data-enable-fixed-proportions=no data-enable-image-shadow=no data-category=jose-antonio-perez-giner-un-productor-modelo data-orderby=date data-order=ASC data-item-style=standard-shader data-enable-title=yes data-title-tag=h4 data-enable-category=yes data-enable-count-images=yes data-enable-excerpt=no data-excerpt-length=20 data-pagination-type=no-pagination data-filter=no data-filter-order-by=name data-enable-article-animation=no data-portfolio-slider-on=no data-enable-loop=yes data-enable-autoplay=yes data-slider-speed=5000 data-slider-speed-animation=600 data-enable-navigation=yes data-enable-pagination=yes data-max-num-pages=0 data-next-page=2>\n\t\t<div class=\"edgtf-pl-inner edgtf-outer-space clearfix\">\n\t\t<div class=\"edgtf-pl-grid-sizer\"><\/div>\n\t\t<div class=\"edgtf-pl-grid-gutter\"><\/div>\n\t\t<article class=\"edgtf-pl-item edgtf-item-space edgtf-masonry-size-default post-396 portfolio-item type-portfolio-item status-publish has-post-thumbnail hentry portfolio-category-festival-2018 portfolio-category-jose-antonio-perez-giner-un-productor-modelo portfolio-tag-cine-espanol portfolio-tag-joao-maria-pinto portfolio-tag-joaquim-jorda portfolio-tag-josep-anton-perez-giner portfolio-tag-marian-varela portfolio-tag-mostra-de-valencia portfolio-tag-nuria-villazan\">\n\t<div class=\"edgtf-pl-item-inner\">\n\t\t<div class=\"edgtf-pli-image\">\n\t<img loading=\"lazy\" decoding=\"async\" width=\"640\" height=\"960\" src=\"https:\/\/lamostradevalencia.com\/wp-content\/uploads\/2018\/10\/Monos-como-Becky.jpg\" class=\"attachment-full size-full wp-post-image\" alt=\"\" srcset=\"https:\/\/lamostradevalencia.com\/wp-content\/uploads\/2018\/10\/Monos-como-Becky.jpg 640w, https:\/\/lamostradevalencia.com\/wp-content\/uploads\/2018\/10\/Monos-como-Becky-200x300.jpg 200w\" sizes=\"auto, (max-width: 640px) 100vw, 640px\" \/><\/div>\n<div class=\"edgtf-pli-text-holder\" >\n\t<div class=\"edgtf-pli-text-wrapper\">\n\t\t<div class=\"edgtf-pli-text\">\n\t\t\t\t<h4 itemprop=\"name\" class=\"edgtf-pli-title entry-title\" >\n\t\tMones com la becky\t<\/h4>\n\n\t\t\t\t\t<div class=\"edgtf-pli-category-holder\">\n\t\t\t\t\t\t\t<a itemprop=\"url\" class=\"edgtf-pli-category\" href=\"https:\/\/lamostradevalencia.com\/categoria-portfolio\/festival-2018\/\">Festival 2018<\/a>\n\t\t\t\t\t\t\t<a itemprop=\"url\" class=\"edgtf-pli-category\" href=\"https:\/\/lamostradevalencia.com\/categoria-portfolio\/jose-antonio-perez-giner-un-productor-modelo\/\">Jos\u00e9 Antonio P\u00e9rez Giner, un productor modelo<\/a>\n\t\t\t\t\t<\/div>\n\t\n\t\t\t\n\t\t\t\t\t<\/div>\n\t<\/div>\n<\/div>\n\t\t<a itemprop=\"url\" class=\"edgtf-pli-link edgtf-block-drag-link\" href=\"https:\/\/lamostradevalencia.com\/ca\/peliculas\/mones-com-la-becky\/\" target=\"_self\"><\/a>\n\t<\/div>\n<\/article><article class=\"edgtf-pl-item edgtf-item-space edgtf-masonry-size-default post-799 portfolio-item type-portfolio-item status-publish has-post-thumbnail hentry portfolio-category-festival-2018-2 portfolio-category-josep-anton-perez-giner-un-productor-model portfolio-tag-cine-italia portfolio-tag-clint-eastwood-ca portfolio-tag-josep-antoni-perez-giner-ca portfolio-tag-lee-van-cleef-ca portfolio-tag-mostra-de-valencia-ca-2 portfolio-tag-sergio-leone-ca\">\n\t<div class=\"edgtf-pl-item-inner\">\n\t\t<div class=\"edgtf-pli-image\">\n\t<img loading=\"lazy\" decoding=\"async\" width=\"1200\" height=\"1587\" src=\"https:\/\/lamostradevalencia.com\/wp-content\/uploads\/2018\/10\/El-bueno-el-feo-y-el-malo.jpg\" class=\"attachment-full size-full wp-post-image\" alt=\"\" srcset=\"https:\/\/lamostradevalencia.com\/wp-content\/uploads\/2018\/10\/El-bueno-el-feo-y-el-malo.jpg 1200w, https:\/\/lamostradevalencia.com\/wp-content\/uploads\/2018\/10\/El-bueno-el-feo-y-el-malo-227x300.jpg 227w, https:\/\/lamostradevalencia.com\/wp-content\/uploads\/2018\/10\/El-bueno-el-feo-y-el-malo-768x1016.jpg 768w, https:\/\/lamostradevalencia.com\/wp-content\/uploads\/2018\/10\/El-bueno-el-feo-y-el-malo-774x1024.jpg 774w\" sizes=\"auto, (max-width: 1200px) 100vw, 1200px\" \/><\/div>\n<div class=\"edgtf-pli-text-holder\" >\n\t<div class=\"edgtf-pli-text-wrapper\">\n\t\t<div class=\"edgtf-pli-text\">\n\t\t\t\t<h4 itemprop=\"name\" class=\"edgtf-pli-title entry-title\" >\n\t\tEL BUENO, EL FEO Y EL MALO\t<\/h4>\n\n\t\t\t\t\t<div class=\"edgtf-pli-category-holder\">\n\t\t\t\t\t\t\t<a itemprop=\"url\" class=\"edgtf-pli-category\" href=\"https:\/\/lamostradevalencia.com\/ca\/categoria-portfolio-1\/festival-2018-2\/\">Festival 2018<\/a>\n\t\t\t\t\t\t\t<a itemprop=\"url\" class=\"edgtf-pli-category\" href=\"https:\/\/lamostradevalencia.com\/ca\/categoria-portfolio-1\/josep-anton-perez-giner-un-productor-model\/\">Josep Anton P\u00e9rez Giner, un productor model<\/a>\n\t\t\t\t\t<\/div>\n\t\n\t\t\t\n\t\t\t\t\t<\/div>\n\t<\/div>\n<\/div>\n\t\t<a itemprop=\"url\" class=\"edgtf-pli-link edgtf-block-drag-link\" href=\"https:\/\/lamostradevalencia.com\/ca\/peliculas\/el-bueno-el-feo-y-el-malo\/\" target=\"_self\"><\/a>\n\t<\/div>\n<\/article><article class=\"edgtf-pl-item edgtf-item-space edgtf-masonry-size-default post-800 portfolio-item type-portfolio-item status-publish has-post-thumbnail hentry portfolio-category-festival-2018-2 portfolio-category-josep-anton-perez-giner-un-productor-model portfolio-tag-cine-espanyol portfolio-tag-eloy-de-la-iglesia-ca portfolio-tag-enrique-san-francisco-ca portfolio-tag-jose-luis-manzano-ca portfolio-tag-josep-anton-perez-giner-ca-2 portfolio-tag-mostra-de-valencia-ca-2\">\n\t<div class=\"edgtf-pl-item-inner\">\n\t\t<div class=\"edgtf-pli-image\">\n\t<img loading=\"lazy\" decoding=\"async\" width=\"994\" height=\"1358\" src=\"https:\/\/lamostradevalencia.com\/wp-content\/uploads\/2018\/10\/El-Pico.jpg\" class=\"attachment-full size-full wp-post-image\" alt=\"\" srcset=\"https:\/\/lamostradevalencia.com\/wp-content\/uploads\/2018\/10\/El-Pico.jpg 994w, https:\/\/lamostradevalencia.com\/wp-content\/uploads\/2018\/10\/El-Pico-220x300.jpg 220w, https:\/\/lamostradevalencia.com\/wp-content\/uploads\/2018\/10\/El-Pico-768x1049.jpg 768w, https:\/\/lamostradevalencia.com\/wp-content\/uploads\/2018\/10\/El-Pico-750x1024.jpg 750w\" sizes=\"auto, (max-width: 994px) 100vw, 994px\" \/><\/div>\n<div class=\"edgtf-pli-text-holder\" >\n\t<div class=\"edgtf-pli-text-wrapper\">\n\t\t<div class=\"edgtf-pli-text\">\n\t\t\t\t<h4 itemprop=\"name\" class=\"edgtf-pli-title entry-title\" >\n\t\tEL PICO\t<\/h4>\n\n\t\t\t\t\t<div class=\"edgtf-pli-category-holder\">\n\t\t\t\t\t\t\t<a itemprop=\"url\" class=\"edgtf-pli-category\" href=\"https:\/\/lamostradevalencia.com\/ca\/categoria-portfolio-1\/festival-2018-2\/\">Festival 2018<\/a>\n\t\t\t\t\t\t\t<a itemprop=\"url\" class=\"edgtf-pli-category\" href=\"https:\/\/lamostradevalencia.com\/ca\/categoria-portfolio-1\/josep-anton-perez-giner-un-productor-model\/\">Josep Anton P\u00e9rez Giner, un productor model<\/a>\n\t\t\t\t\t<\/div>\n\t\n\t\t\t\n\t\t\t\t\t<\/div>\n\t<\/div>\n<\/div>\n\t\t<a itemprop=\"url\" class=\"edgtf-pli-link edgtf-block-drag-link\" href=\"https:\/\/lamostradevalencia.com\/ca\/peliculas\/el-pico\/\" target=\"_self\"><\/a>\n\t<\/div>\n<\/article><article class=\"edgtf-pl-item edgtf-item-space edgtf-masonry-size-default post-801 portfolio-item type-portfolio-item status-publish has-post-thumbnail hentry portfolio-category-festival-2018-2 portfolio-category-josep-anton-perez-giner-un-productor-model portfolio-tag-cine-espanyol portfolio-tag-francisco-diaz-ca portfolio-tag-josep-anton-perez-giner-ca-2 portfolio-tag-manuel-summers-ca portfolio-tag-mostra-de-valencia-ca-2 portfolio-tag-ricardo-alis-ca\">\n\t<div class=\"edgtf-pl-item-inner\">\n\t\t<div class=\"edgtf-pli-image\">\n\t<img loading=\"lazy\" decoding=\"async\" width=\"1131\" height=\"1600\" src=\"https:\/\/lamostradevalencia.com\/wp-content\/uploads\/2018\/08\/Juguetesrotos.jpg\" class=\"attachment-full size-full wp-post-image\" alt=\"\" srcset=\"https:\/\/lamostradevalencia.com\/wp-content\/uploads\/2018\/08\/Juguetesrotos.jpg 1131w, https:\/\/lamostradevalencia.com\/wp-content\/uploads\/2018\/08\/Juguetesrotos-212x300.jpg 212w, https:\/\/lamostradevalencia.com\/wp-content\/uploads\/2018\/08\/Juguetesrotos-768x1086.jpg 768w, https:\/\/lamostradevalencia.com\/wp-content\/uploads\/2018\/08\/Juguetesrotos-724x1024.jpg 724w\" sizes=\"auto, (max-width: 1131px) 100vw, 1131px\" \/><\/div>\n<div class=\"edgtf-pli-text-holder\" >\n\t<div class=\"edgtf-pli-text-wrapper\">\n\t\t<div class=\"edgtf-pli-text\">\n\t\t\t\t<h4 itemprop=\"name\" class=\"edgtf-pli-title entry-title\" >\n\t\tJUGUETES ROTOS\t<\/h4>\n\n\t\t\t\t\t<div class=\"edgtf-pli-category-holder\">\n\t\t\t\t\t\t\t<a itemprop=\"url\" class=\"edgtf-pli-category\" href=\"https:\/\/lamostradevalencia.com\/ca\/categoria-portfolio-1\/festival-2018-2\/\">Festival 2018<\/a>\n\t\t\t\t\t\t\t<a itemprop=\"url\" class=\"edgtf-pli-category\" href=\"https:\/\/lamostradevalencia.com\/ca\/categoria-portfolio-1\/josep-anton-perez-giner-un-productor-model\/\">Josep Anton P\u00e9rez Giner, un productor model<\/a>\n\t\t\t\t\t<\/div>\n\t\n\t\t\t\n\t\t\t\t\t<\/div>\n\t<\/div>\n<\/div>\n\t\t<a itemprop=\"url\" class=\"edgtf-pli-link edgtf-block-drag-link\" href=\"https:\/\/lamostradevalencia.com\/ca\/peliculas\/juguetes-rotos\/\" target=\"_self\"><\/a>\n\t<\/div>\n<\/article><article class=\"edgtf-pl-item edgtf-item-space edgtf-masonry-size-default post-802 portfolio-item type-portfolio-item status-publish has-post-thumbnail hentry portfolio-category-festival-2018-2 portfolio-category-josep-anton-perez-giner-un-productor-model portfolio-tag-cine-espanyol portfolio-tag-josep-anton-perez-giner-ca-2 portfolio-tag-lautaro-murua-ca portfolio-tag-mostra-de-valencia-ca-2 portfolio-tag-vicente-aranda-ca portfolio-tag-victoria-abril-ca\">\n\t<div class=\"edgtf-pl-item-inner\">\n\t\t<div class=\"edgtf-pli-image\">\n\t<img loading=\"lazy\" decoding=\"async\" width=\"800\" height=\"1090\" src=\"https:\/\/lamostradevalencia.com\/wp-content\/uploads\/2018\/10\/La-muchacha-de-las-bragas-de-oro.jpg\" class=\"attachment-full size-full wp-post-image\" alt=\"\" srcset=\"https:\/\/lamostradevalencia.com\/wp-content\/uploads\/2018\/10\/La-muchacha-de-las-bragas-de-oro.jpg 800w, https:\/\/lamostradevalencia.com\/wp-content\/uploads\/2018\/10\/La-muchacha-de-las-bragas-de-oro-220x300.jpg 220w, https:\/\/lamostradevalencia.com\/wp-content\/uploads\/2018\/10\/La-muchacha-de-las-bragas-de-oro-768x1046.jpg 768w, https:\/\/lamostradevalencia.com\/wp-content\/uploads\/2018\/10\/La-muchacha-de-las-bragas-de-oro-752x1024.jpg 752w\" sizes=\"auto, (max-width: 800px) 100vw, 800px\" \/><\/div>\n<div class=\"edgtf-pli-text-holder\" >\n\t<div class=\"edgtf-pli-text-wrapper\">\n\t\t<div class=\"edgtf-pli-text\">\n\t\t\t\t<h4 itemprop=\"name\" class=\"edgtf-pli-title entry-title\" >\n\t\tLA MUCHACHA DE LAS BRAGAS DE ORO\t<\/h4>\n\n\t\t\t\t\t<div class=\"edgtf-pli-category-holder\">\n\t\t\t\t\t\t\t<a itemprop=\"url\" class=\"edgtf-pli-category\" href=\"https:\/\/lamostradevalencia.com\/ca\/categoria-portfolio-1\/festival-2018-2\/\">Festival 2018<\/a>\n\t\t\t\t\t\t\t<a itemprop=\"url\" class=\"edgtf-pli-category\" href=\"https:\/\/lamostradevalencia.com\/ca\/categoria-portfolio-1\/josep-anton-perez-giner-un-productor-model\/\">Josep Anton P\u00e9rez Giner, un productor model<\/a>\n\t\t\t\t\t<\/div>\n\t\n\t\t\t\n\t\t\t\t\t<\/div>\n\t<\/div>\n<\/div>\n\t\t<a itemprop=\"url\" class=\"edgtf-pli-link edgtf-block-drag-link\" href=\"https:\/\/lamostradevalencia.com\/ca\/peliculas\/la-muchacha-de-las-bragas-de-oro\/\" target=\"_self\"><\/a>\n\t<\/div>\n<\/article><article class=\"edgtf-pl-item edgtf-item-space edgtf-masonry-size-default post-803 portfolio-item type-portfolio-item status-publish has-post-thumbnail hentry portfolio-category-festival-2018-2 portfolio-category-josep-anton-perez-giner-un-productor-model portfolio-tag-cine-espanyol portfolio-tag-joao-maria-pinto-ca portfolio-tag-joaquim-jorda-ca portfolio-tag-josep-anton-perez-giner-ca-2 portfolio-tag-marian-varela-ca portfolio-tag-mostra-de-valencia-ca-2 portfolio-tag-nuria-villazan-ca\">\n\t<div class=\"edgtf-pl-item-inner\">\n\t\t<div class=\"edgtf-pli-image\">\n\t<img loading=\"lazy\" decoding=\"async\" width=\"640\" height=\"960\" src=\"https:\/\/lamostradevalencia.com\/wp-content\/uploads\/2018\/10\/Monos-como-Becky.jpg\" class=\"attachment-full size-full wp-post-image\" alt=\"\" srcset=\"https:\/\/lamostradevalencia.com\/wp-content\/uploads\/2018\/10\/Monos-como-Becky.jpg 640w, https:\/\/lamostradevalencia.com\/wp-content\/uploads\/2018\/10\/Monos-como-Becky-200x300.jpg 200w\" sizes=\"auto, (max-width: 640px) 100vw, 640px\" \/><\/div>\n<div class=\"edgtf-pli-text-holder\" >\n\t<div class=\"edgtf-pli-text-wrapper\">\n\t\t<div class=\"edgtf-pli-text\">\n\t\t\t\t<h4 itemprop=\"name\" class=\"edgtf-pli-title entry-title\" >\n\t\tMONES COM LA BECKY\t<\/h4>\n\n\t\t\t\t\t<div class=\"edgtf-pli-category-holder\">\n\t\t\t\t\t\t\t<a itemprop=\"url\" class=\"edgtf-pli-category\" href=\"https:\/\/lamostradevalencia.com\/ca\/categoria-portfolio-1\/festival-2018-2\/\">Festival 2018<\/a>\n\t\t\t\t\t\t\t<a itemprop=\"url\" class=\"edgtf-pli-category\" href=\"https:\/\/lamostradevalencia.com\/ca\/categoria-portfolio-1\/josep-anton-perez-giner-un-productor-model\/\">Josep Anton P\u00e9rez Giner, un productor model<\/a>\n\t\t\t\t\t<\/div>\n\t\n\t\t\t\n\t\t\t\t\t<\/div>\n\t<\/div>\n<\/div>\n\t\t<a itemprop=\"url\" class=\"edgtf-pli-link edgtf-block-drag-link\" href=\"https:\/\/lamostradevalencia.com\/ca\/peliculas\/mones-com-la-becky\/\" target=\"_self\"><\/a>\n\t<\/div>\n<\/article><article class=\"edgtf-pl-item edgtf-item-space edgtf-masonry-size-default post-996 portfolio-item type-portfolio-item status-publish has-post-thumbnail hentry portfolio-category-festival-2018-2 portfolio-category-josep-anton-perez-giner-un-productor-model portfolio-tag-eduard-cortes-ca-2\">\n\t<div class=\"edgtf-pl-item-inner\">\n\t\t<div class=\"edgtf-pli-image\">\n\t<img loading=\"lazy\" decoding=\"async\" width=\"704\" height=\"400\" src=\"https:\/\/lamostradevalencia.com\/wp-content\/uploads\/2018\/08\/Lorquestra-de-les-estrelles.jpg\" class=\"attachment-full size-full wp-post-image\" alt=\"\" srcset=\"https:\/\/lamostradevalencia.com\/wp-content\/uploads\/2018\/08\/Lorquestra-de-les-estrelles.jpg 704w, https:\/\/lamostradevalencia.com\/wp-content\/uploads\/2018\/08\/Lorquestra-de-les-estrelles-300x170.jpg 300w\" sizes=\"auto, (max-width: 704px) 100vw, 704px\" \/><\/div>\n<div class=\"edgtf-pli-text-holder\" >\n\t<div class=\"edgtf-pli-text-wrapper\">\n\t\t<div class=\"edgtf-pli-text\">\n\t\t\t\t<h4 itemprop=\"name\" class=\"edgtf-pli-title entry-title\" >\n\t\tL\u2019ORQUESTRA DE LES ESTRELLES\t<\/h4>\n\n\t\t\t\t\t<div class=\"edgtf-pli-category-holder\">\n\t\t\t\t\t\t\t<a itemprop=\"url\" class=\"edgtf-pli-category\" href=\"https:\/\/lamostradevalencia.com\/ca\/categoria-portfolio-1\/festival-2018-2\/\">Festival 2018<\/a>\n\t\t\t\t\t\t\t<a itemprop=\"url\" class=\"edgtf-pli-category\" href=\"https:\/\/lamostradevalencia.com\/ca\/categoria-portfolio-1\/josep-anton-perez-giner-un-productor-model\/\">Josep Anton P\u00e9rez Giner, un productor model<\/a>\n\t\t\t\t\t<\/div>\n\t\n\t\t\t\n\t\t\t\t\t<\/div>\n\t<\/div>\n<\/div>\n\t\t<a itemprop=\"url\" class=\"edgtf-pli-link edgtf-block-drag-link\" href=\"https:\/\/lamostradevalencia.com\/ca\/peliculas\/lorquestra-de-les-estrelles\/\" target=\"_self\"><\/a>\n\t<\/div>\n<\/article><article class=\"edgtf-pl-item edgtf-item-space edgtf-masonry-size-default post-1002 portfolio-item type-portfolio-item status-publish has-post-thumbnail hentry portfolio-category-festival-2018-2 portfolio-category-josep-anton-perez-giner-un-productor-model portfolio-tag-ferran-rane-ca-2 portfolio-tag-francesc-orella-ca-2 portfolio-tag-josep-anton-perez-giner-ca-2 portfolio-tag-judith-colell-ca-2\">\n\t<div class=\"edgtf-pl-item-inner\">\n\t\t<div class=\"edgtf-pli-image\">\n\t<img loading=\"lazy\" decoding=\"async\" width=\"845\" height=\"1200\" src=\"https:\/\/lamostradevalencia.com\/wp-content\/uploads\/2018\/10\/Radiacions.jpg\" class=\"attachment-full size-full wp-post-image\" alt=\"\" srcset=\"https:\/\/lamostradevalencia.com\/wp-content\/uploads\/2018\/10\/Radiacions.jpg 845w, https:\/\/lamostradevalencia.com\/wp-content\/uploads\/2018\/10\/Radiacions-211x300.jpg 211w, https:\/\/lamostradevalencia.com\/wp-content\/uploads\/2018\/10\/Radiacions-768x1091.jpg 768w, https:\/\/lamostradevalencia.com\/wp-content\/uploads\/2018\/10\/Radiacions-721x1024.jpg 721w\" sizes=\"auto, (max-width: 845px) 100vw, 845px\" \/><\/div>\n<div class=\"edgtf-pli-text-holder\" >\n\t<div class=\"edgtf-pli-text-wrapper\">\n\t\t<div class=\"edgtf-pli-text\">\n\t\t\t\t<h4 itemprop=\"name\" class=\"edgtf-pli-title entry-title\" >\n\t\tRADIACIONS\t<\/h4>\n\n\t\t\t\t\t<div class=\"edgtf-pli-category-holder\">\n\t\t\t\t\t\t\t<a itemprop=\"url\" class=\"edgtf-pli-category\" href=\"https:\/\/lamostradevalencia.com\/ca\/categoria-portfolio-1\/festival-2018-2\/\">Festival 2018<\/a>\n\t\t\t\t\t\t\t<a itemprop=\"url\" class=\"edgtf-pli-category\" href=\"https:\/\/lamostradevalencia.com\/ca\/categoria-portfolio-1\/josep-anton-perez-giner-un-productor-model\/\">Josep Anton P\u00e9rez Giner, un productor model<\/a>\n\t\t\t\t\t<\/div>\n\t\n\t\t\t\n\t\t\t\t\t<\/div>\n\t<\/div>\n<\/div>\n\t\t<a itemprop=\"url\" class=\"edgtf-pli-link edgtf-block-drag-link\" href=\"https:\/\/lamostradevalencia.com\/ca\/peliculas\/radiacions\/\" target=\"_self\"><\/a>\n\t<\/div>\n<\/article>\t<\/div>\n\t\n\t<\/div>[\/vc_column][\/vc_row]<\/p>\n<\/div>","protected":false},"excerpt":{"rendered":"RADIACIONS ESPANYA. 2012. COLOR. 72\u2019. JOSEP ANTONI P\u00c9REZ GINER, UN PRODUCTOR MODEL Trenta anys despr\u00e9s d\u2019exiliar-se, el periodista Francesc Lamban es retroba amb un vella [...]","protected":false},"author":1,"featured_media":0,"parent":2838,"menu_order":8,"comment_status":"closed","ping_status":"closed","template":"full-width.php","meta":{"_uag_custom_page_level_css":"","_jet_sm_ready_style":"","_jet_sm_style":"","_jet_sm_controls_values":"","_jet_sm_fonts_collection":"","_jet_sm_fonts_links":"","footnotes":""},"class_list":["post-2134","page","type-page","status-publish","hentry"],"yoast_head":"<!-- This site is optimized with the Yoast SEO plugin v27.5 - https:\/\/yoast.com\/product\/yoast-seo-wordpress\/ -->\n<title>Josep Anton P\u00e9rez Giner, un productor model - Mostra de Val\u00e8ncia<\/title>\n<meta name=\"robots\" content=\"index, follow, max-snippet:-1, max-image-preview:large, max-video-preview:-1\" \/>\n<link rel=\"canonical\" href=\"https:\/\/lamostradevalencia.com\/ca\/edicio-2018\/josep-anton-perez-giner-un-productor-model\/\" \/>\n<meta property=\"og:locale\" content=\"ca_ES\" \/>\n<meta property=\"og:type\" content=\"article\" \/>\n<meta property=\"og:title\" content=\"Josep Anton P\u00e9rez Giner, un productor model - Mostra de Val\u00e8ncia\" \/>\n<meta property=\"og:url\" content=\"https:\/\/lamostradevalencia.com\/ca\/edicio-2018\/josep-anton-perez-giner-un-productor-model\/\" \/>\n<meta property=\"og:site_name\" content=\"Mostra de Val\u00e8ncia\" \/>\n<meta property=\"article:modified_time\" content=\"2019-08-02T22:40:05+00:00\" \/>\n<meta name=\"twitter:card\" content=\"summary_large_image\" \/>\n<meta name=\"twitter:label1\" content=\"Temps estimat de lectura\" \/>\n\t<meta name=\"twitter:data1\" content=\"2 minuts\" \/>\n<script type=\"application\/ld+json\" class=\"yoast-schema-graph\">{\"@context\":\"https:\\\/\\\/schema.org\",\"@graph\":[{\"@type\":\"WebPage\",\"@id\":\"https:\\\/\\\/lamostradevalencia.com\\\/ca\\\/edicio-2018\\\/josep-anton-perez-giner-un-productor-model\\\/\",\"url\":\"https:\\\/\\\/lamostradevalencia.com\\\/ca\\\/edicio-2018\\\/josep-anton-perez-giner-un-productor-model\\\/\",\"name\":\"Josep Anton P\u00e9rez Giner, un productor model - Mostra de Val\u00e8ncia\",\"isPartOf\":{\"@id\":\"https:\\\/\\\/lamostradevalencia.com\\\/ca\\\/#website\"},\"datePublished\":\"2018-08-06T05:54:08+00:00\",\"dateModified\":\"2019-08-02T22:40:05+00:00\",\"breadcrumb\":{\"@id\":\"https:\\\/\\\/lamostradevalencia.com\\\/ca\\\/edicio-2018\\\/josep-anton-perez-giner-un-productor-model\\\/#breadcrumb\"},\"inLanguage\":\"ca\",\"potentialAction\":[{\"@type\":\"ReadAction\",\"target\":[\"https:\\\/\\\/lamostradevalencia.com\\\/ca\\\/edicio-2018\\\/josep-anton-perez-giner-un-productor-model\\\/\"]}]},{\"@type\":\"BreadcrumbList\",\"@id\":\"https:\\\/\\\/lamostradevalencia.com\\\/ca\\\/edicio-2018\\\/josep-anton-perez-giner-un-productor-model\\\/#breadcrumb\",\"itemListElement\":[{\"@type\":\"ListItem\",\"position\":1,\"name\":\"Portada\",\"item\":\"https:\\\/\\\/lamostradevalencia.com\\\/ca\\\/\"},{\"@type\":\"ListItem\",\"position\":2,\"name\":\"Edici\u00f3 2018\",\"item\":\"https:\\\/\\\/lamostradevalencia.com\\\/ca\\\/edicion-2018\\\/\"},{\"@type\":\"ListItem\",\"position\":3,\"name\":\"Josep Anton P\u00e9rez Giner, un productor model\"}]},{\"@type\":\"WebSite\",\"@id\":\"https:\\\/\\\/lamostradevalencia.com\\\/ca\\\/#website\",\"url\":\"https:\\\/\\\/lamostradevalencia.com\\\/ca\\\/\",\"name\":\"Mostra de Val\u00e8ncia\",\"description\":\"Cinema del Mediterrani\",\"potentialAction\":[{\"@type\":\"SearchAction\",\"target\":{\"@type\":\"EntryPoint\",\"urlTemplate\":\"https:\\\/\\\/lamostradevalencia.com\\\/ca\\\/?s={search_term_string}\"},\"query-input\":{\"@type\":\"PropertyValueSpecification\",\"valueRequired\":true,\"valueName\":\"search_term_string\"}}],\"inLanguage\":\"ca\"}]}<\/script>\n<!-- \/ Yoast SEO plugin. -->","yoast_head_json":{"title":"Josep Anton P\u00e9rez Giner, un productor model - Mostra de Val\u00e8ncia","robots":{"index":"index","follow":"follow","max-snippet":"max-snippet:-1","max-image-preview":"max-image-preview:large","max-video-preview":"max-video-preview:-1"},"canonical":"https:\/\/lamostradevalencia.com\/ca\/edicio-2018\/josep-anton-perez-giner-un-productor-model\/","og_locale":"ca_ES","og_type":"article","og_title":"Josep Anton P\u00e9rez Giner, un productor model - Mostra de Val\u00e8ncia","og_url":"https:\/\/lamostradevalencia.com\/ca\/edicio-2018\/josep-anton-perez-giner-un-productor-model\/","og_site_name":"Mostra de Val\u00e8ncia","article_modified_time":"2019-08-02T22:40:05+00:00","twitter_card":"summary_large_image","twitter_misc":{"Temps estimat de lectura":"2 minuts"},"schema":{"@context":"https:\/\/schema.org","@graph":[{"@type":"WebPage","@id":"https:\/\/lamostradevalencia.com\/ca\/edicio-2018\/josep-anton-perez-giner-un-productor-model\/","url":"https:\/\/lamostradevalencia.com\/ca\/edicio-2018\/josep-anton-perez-giner-un-productor-model\/","name":"Josep Anton P\u00e9rez Giner, un productor model - Mostra de Val\u00e8ncia","isPartOf":{"@id":"https:\/\/lamostradevalencia.com\/ca\/#website"},"datePublished":"2018-08-06T05:54:08+00:00","dateModified":"2019-08-02T22:40:05+00:00","breadcrumb":{"@id":"https:\/\/lamostradevalencia.com\/ca\/edicio-2018\/josep-anton-perez-giner-un-productor-model\/#breadcrumb"},"inLanguage":"ca","potentialAction":[{"@type":"ReadAction","target":["https:\/\/lamostradevalencia.com\/ca\/edicio-2018\/josep-anton-perez-giner-un-productor-model\/"]}]},{"@type":"BreadcrumbList","@id":"https:\/\/lamostradevalencia.com\/ca\/edicio-2018\/josep-anton-perez-giner-un-productor-model\/#breadcrumb","itemListElement":[{"@type":"ListItem","position":1,"name":"Portada","item":"https:\/\/lamostradevalencia.com\/ca\/"},{"@type":"ListItem","position":2,"name":"Edici\u00f3 2018","item":"https:\/\/lamostradevalencia.com\/ca\/edicion-2018\/"},{"@type":"ListItem","position":3,"name":"Josep Anton P\u00e9rez Giner, un productor model"}]},{"@type":"WebSite","@id":"https:\/\/lamostradevalencia.com\/ca\/#website","url":"https:\/\/lamostradevalencia.com\/ca\/","name":"Mostra de Val\u00e8ncia","description":"Cinema del Mediterrani","potentialAction":[{"@type":"SearchAction","target":{"@type":"EntryPoint","urlTemplate":"https:\/\/lamostradevalencia.com\/ca\/?s={search_term_string}"},"query-input":{"@type":"PropertyValueSpecification","valueRequired":true,"valueName":"search_term_string"}}],"inLanguage":"ca"}]}},"uagb_featured_image_src":{"full":false,"thumbnail":false,"medium":false,"medium_large":false,"large":false,"1536x1536":false,"2048x2048":false,"cinerama_edge_image_square":false,"cinerama_edge_image_landscape":false,"cinerama_edge_image_portrait":false,"cinerama_edge_image_huge":false,"gform-image-choice-sm":false,"gform-image-choice-md":false,"gform-image-choice-lg":false},"uagb_author_info":{"display_name":"Mostra de Val\u00e8ncia","author_link":"https:\/\/lamostradevalencia.com\/ca\/author\/mostravalencia\/"},"uagb_comment_info":0,"uagb_excerpt":null,"_links":{"self":[{"href":"https:\/\/lamostradevalencia.com\/ca\/wp-json\/wp\/v2\/pages\/2134","targetHints":{"allow":["GET"]}}],"collection":[{"href":"https:\/\/lamostradevalencia.com\/ca\/wp-json\/wp\/v2\/pages"}],"about":[{"href":"https:\/\/lamostradevalencia.com\/ca\/wp-json\/wp\/v2\/types\/page"}],"author":[{"embeddable":true,"href":"https:\/\/lamostradevalencia.com\/ca\/wp-json\/wp\/v2\/users\/1"}],"replies":[{"embeddable":true,"href":"https:\/\/lamostradevalencia.com\/ca\/wp-json\/wp\/v2\/comments?post=2134"}],"version-history":[{"count":6,"href":"https:\/\/lamostradevalencia.com\/ca\/wp-json\/wp\/v2\/pages\/2134\/revisions"}],"predecessor-version":[{"id":2990,"href":"https:\/\/lamostradevalencia.com\/ca\/wp-json\/wp\/v2\/pages\/2134\/revisions\/2990"}],"up":[{"embeddable":true,"href":"https:\/\/lamostradevalencia.com\/ca\/wp-json\/wp\/v2\/pages\/2838"}],"wp:attachment":[{"href":"https:\/\/lamostradevalencia.com\/ca\/wp-json\/wp\/v2\/media?parent=2134"}],"curies":[{"name":"wp","href":"https:\/\/api.w.org\/{rel}","templated":true}]}}