{"id":2130,"date":"2018-08-06T07:52:45","date_gmt":"2018-08-06T05:52:45","guid":{"rendered":"https:\/\/lamostradevalencia.com\/el-festival\/seccions\/palestina-ara-i-aci\/"},"modified":"2019-08-03T00:38:55","modified_gmt":"2019-08-02T22:38:55","slug":"palestina-ara-i-aci","status":"publish","type":"page","link":"https:\/\/lamostradevalencia.com\/ca\/edicio-2018\/palestina-ara-i-aci\/","title":{"rendered":"Palestina, ara i ac\u00ed"},"content":{"rendered":"<div class=\"wpb-content-wrapper\"><p>[vc_row][vc_column]<div class=\"templatera_shortcode\"><style type=\"text\/css\" data-type=\"vc_shortcodes-custom-css\">.vc_custom_1538572732298{padding-right: 40px !important;padding-left: 40px !important;}.vc_custom_1538572608474{padding: 40px !important;background-color: #ff7675 !important;}.vc_custom_1538572629268{padding: 40px !important;background-color: #ffc312 !important;}.vc_custom_1538572642216{padding: 40px !important;background-color: #12cbc4 !important;}.vc_custom_1538572654086{padding: 40px !important;background-color: #a3cb38 !important;}.vc_custom_1538572666000{padding: 40px !important;background-color: #9980fa !important;}.vc_custom_1538572679950{padding: 40px !important;background-color: #c0392b !important;}.vc_custom_1538572789139{padding-top: 40px !important;padding-right: 40px !important;padding-bottom: 40px !important;padding-left: 40px !important;background-color: #27ae60 !important;}.vc_custom_1538572799087{padding-top: 40px !important;padding-right: 40px !important;padding-bottom: 40px !important;padding-left: 40px !important;background-color: #fa983a !important;}.vc_custom_1538572810081{padding-top: 40px !important;padding-right: 40px !important;padding-bottom: 40px !important;padding-left: 40px !important;background-color: #1289a7 !important;}.vc_custom_1538572818794{padding-top: 40px !important;padding-right: 40px !important;padding-bottom: 40px !important;padding-left: 40px !important;background-color: #0652dd !important;}.vc_custom_1538572830704{padding-top: 40px !important;padding-right: 40px !important;padding-bottom: 40px !important;padding-left: 40px !important;background-color: #833471 !important;}<\/style><div class=\"vc_row wpb_row vc_row-fluid vc_custom_1538572732298\" ><div class=\"wpb_column vc_column_container vc_col-sm-12\"><div class=\"vc_column-inner\"><div class=\"wpb_wrapper\"><div class=\"vc_row wpb_row vc_inner vc_row-fluid seccion-columna vc_column-gap-20 vc_row-o-equal-height vc_row-o-content-middle vc_row-flex\" ><div class=\"wpb_column vc_column_container vc_col-sm-2 vc_col-has-fill\"><div class=\"vc_column-inner vc_custom_1538572608474\"><div class=\"wpb_wrapper\"><a itemprop=\"url\" href=\"https:\/\/lamostradevalencia.com\/ca\/edicio-2018\/seccio-oficial-2018\/\" target=\"_self\" style=\"color: #ffffff;font-size: 17px;font-weight: 700;text-transform: uppercase\" class=\"edgtf-btn edgtf-btn-medium edgtf-btn-simple edgtf-btn- edgtf-btn-custom-hover-color \" data-hover-color=\"rgba(255,255,255,0.85)\" >\n    <span class=\"edgtf-btn-text\">Secci\u00f3 oficial<\/span>\n    <\/a><\/div><\/div><\/div><div class=\"wpb_column vc_column_container vc_col-sm-2 vc_col-has-fill\"><div class=\"vc_column-inner vc_custom_1538572629268\"><div class=\"wpb_wrapper\"><a itemprop=\"url\" href=\"https:\/\/lamostradevalencia.com\/ca\/edicio-2018\/seccio-informativa-2018\/\" target=\"_self\" style=\"color: #ffffff;font-size: 17px;font-weight: 700;text-transform: uppercase\" class=\"edgtf-btn edgtf-btn-medium edgtf-btn-simple edgtf-btn- edgtf-btn-custom-hover-color \" data-hover-color=\"rgba(255,255,255,0.85)\" >\n    <span class=\"edgtf-btn-text\">secci\u00f3 informativa<\/span>\n    <\/a><\/div><\/div><\/div><div class=\"wpb_column vc_column_container vc_col-sm-2 vc_col-has-fill\"><div class=\"vc_column-inner vc_custom_1538572642216\"><div class=\"wpb_wrapper\"><a itemprop=\"url\" href=\"https:\/\/lamostradevalencia.com\/ca\/edicio-2018\/palmera-dhonor-abdellatif-kechiche\/\" target=\"_self\" style=\"color: #ffffff;font-size: 17px;font-weight: 700;text-transform: uppercase\" class=\"edgtf-btn edgtf-btn-medium edgtf-btn-simple edgtf-btn- edgtf-btn-custom-hover-color \" data-hover-color=\"rgba(255,255,255,0.85)\" >\n    <span class=\"edgtf-btn-text\">Palmera d&#039;Honor. Abdellatif Kechiche<\/span>\n    <\/a><\/div><\/div><\/div><div class=\"wpb_column vc_column_container vc_col-sm-2 vc_col-has-fill\"><div class=\"vc_column-inner vc_custom_1538572654086\"><div class=\"wpb_wrapper\"><a itemprop=\"url\" href=\"https:\/\/lamostradevalencia.com\/ca\/edicio-2018\/palmera-dhonor-efthimis-filippou\/\" target=\"_self\" style=\"color: #ffffff;font-size: 17px;font-weight: 700;text-transform: uppercase\" class=\"edgtf-btn edgtf-btn-medium edgtf-btn-simple edgtf-btn- edgtf-btn-custom-hover-color \" data-hover-color=\"rgba(255,255,255,0.85)\" >\n    <span class=\"edgtf-btn-text\">PALMERA D&#039;HONOR. EFTHIMIS FILIPPOU<\/span>\n    <\/a><\/div><\/div><\/div><div class=\"wpb_column vc_column_container vc_col-sm-2 vc_col-has-fill\"><div class=\"vc_column-inner vc_custom_1538572666000\"><div class=\"wpb_wrapper\"><a itemprop=\"url\" href=\"https:\/\/lamostradevalencia.com\/ca\/edicio-2018\/polar-serie-negra-a-la-francesa\/\" target=\"_self\" style=\"color: #ffffff;font-size: 17px;font-weight: 700;text-transform: uppercase\" class=\"edgtf-btn edgtf-btn-medium edgtf-btn-simple edgtf-btn- edgtf-btn-custom-hover-color \" data-hover-color=\"rgba(255,255,255,0.85)\" >\n    <span class=\"edgtf-btn-text\">POLAR: S\u00c8RIE NEGRA A LA FRANCESA<\/span>\n    <\/a><\/div><\/div><\/div><div class=\"wpb_column vc_column_container vc_col-sm-2 vc_col-has-fill\"><div class=\"vc_column-inner vc_custom_1538572679950\"><div class=\"wpb_wrapper\"><a itemprop=\"url\" href=\"https:\/\/lamostradevalencia.com\/ca\/edicio-2018\/palestina-ara-i-aci\/\" target=\"_self\" style=\"color: #ffffff;font-size: 17px;font-weight: 700;text-transform: uppercase\" class=\"edgtf-btn edgtf-btn-medium edgtf-btn-simple edgtf-btn- edgtf-btn-custom-hover-color \" data-hover-color=\"rgba(255,255,255,0.85)\" >\n    <span class=\"edgtf-btn-text\">PALESTINA, ARA I AC\u00cd<\/span>\n    <\/a><\/div><\/div><\/div><\/div><div class=\"vc_row wpb_row vc_inner vc_row-fluid seccion-columna vc_column-gap-20 vc_row-o-equal-height vc_row-o-content-middle vc_row-flex\" ><div class=\"wpb_column vc_column_container vc_col-sm-1\/5 vc_col-has-fill\"><div class=\"vc_column-inner vc_custom_1538572789139\"><div class=\"wpb_wrapper\"><a itemprop=\"url\" href=\"https:\/\/lamostradevalencia.com\/ca\/edicio-2018\/carles-santos-el-creador-inabastable\/\" target=\"_self\" style=\"color: #ffffff;font-size: 17px;font-weight: 700;text-transform: uppercase\" class=\"edgtf-btn edgtf-btn-medium edgtf-btn-simple edgtf-btn- edgtf-btn-custom-hover-color \" data-hover-color=\"rgba(255,255,255,0.85)\" >\n    <span class=\"edgtf-btn-text\">CARLES SANTOS, EL CREADOR INABASTABLE<\/span>\n    <\/a><\/div><\/div><\/div><div class=\"wpb_column vc_column_container vc_col-sm-1\/5 vc_col-has-fill\"><div class=\"vc_column-inner vc_custom_1538572799087\"><div class=\"wpb_wrapper\"><a itemprop=\"url\" href=\"https:\/\/lamostradevalencia.com\/ca\/edicio-2018\/josep-anton-perez-giner-un-productor-model\/\" target=\"_self\" style=\"color: #ffffff;font-size: 17px;font-weight: 700;text-transform: uppercase\" class=\"edgtf-btn edgtf-btn-medium edgtf-btn-simple edgtf-btn- edgtf-btn-custom-hover-color \" data-hover-color=\"rgba(255,255,255,0.85)\" >\n    <span class=\"edgtf-btn-text\">JOSEP ANTON P\u00c9REZ GINER, UN PRODUCTOR MODEL<\/span>\n    <\/a><\/div><\/div><\/div><div class=\"wpb_column vc_column_container vc_col-sm-1\/5 vc_col-has-fill\"><div class=\"vc_column-inner vc_custom_1538572810081\"><div class=\"wpb_wrapper\"><a itemprop=\"url\" href=\"https:\/\/lamostradevalencia.com\/ca\/edicio-2018\/sessions-especials-2018\/\" target=\"_self\" style=\"color: #ffffff;font-size: 17px;font-weight: 700;text-transform: uppercase\" class=\"edgtf-btn edgtf-btn-medium edgtf-btn-simple edgtf-btn- edgtf-btn-custom-hover-color \" data-hover-color=\"rgba(255,255,255,0.85)\" >\n    <span class=\"edgtf-btn-text\">SESSIONS ESPECIALS<\/span>\n    <\/a><\/div><\/div><\/div><div class=\"wpb_column vc_column_container vc_col-sm-1\/5 vc_col-has-fill\"><div class=\"vc_column-inner vc_custom_1538572818794\"><div class=\"wpb_wrapper\"><a itemprop=\"url\" href=\"https:\/\/lamostradevalencia.com\/ca\/edicio-2018\/congres-cinema-i-crisi-en-el-mediterrani\/\" target=\"_self\" style=\"color: #ffffff;font-size: 17px;font-weight: 700;text-transform: uppercase\" class=\"edgtf-btn edgtf-btn-medium edgtf-btn-simple edgtf-btn- edgtf-btn-custom-hover-color \" data-hover-color=\"rgba(255,255,255,0.85)\" >\n    <span class=\"edgtf-btn-text\">CONGR\u00c9S &#039;CINE Y CRISI EN EL MEDITERR\u00c1NEO&#039;<\/span>\n    <\/a><\/div><\/div><\/div><div class=\"wpb_column vc_column_container vc_col-sm-1\/5 vc_col-has-fill\"><div class=\"vc_column-inner vc_custom_1538572830704\"><div class=\"wpb_wrapper\"><a itemprop=\"url\" href=\"https:\/\/lamostradevalencia.com\/ca\/edicio-2018\/activitats-paral%c2%b7leles-2018\/\" target=\"_self\" style=\"color: #ffffff;font-size: 17px;font-weight: 700;text-transform: uppercase\" class=\"edgtf-btn edgtf-btn-medium edgtf-btn-simple edgtf-btn- edgtf-btn-custom-hover-color \" data-hover-color=\"rgba(255,255,255,0.85)\" >\n    <span class=\"edgtf-btn-text\">ACTIVITATS PARAL\u00b7LELES<\/span>\n    <\/a><\/div><\/div><\/div><\/div><\/div><\/div><\/div><\/div><\/div>[\/vc_column][\/vc_row][vc_row css=&#8221;.vc_custom_1538589137446{padding-top: 90px !important;padding-right: 40px !important;padding-bottom: 90px !important;padding-left: 40px !important;}&#8221;][vc_column width=&#8221;1\/4&#8243;][\/vc_column][vc_column width=&#8221;1\/2&#8243;][vc_column_text]\n<span class=\"edgtf-dropcaps edgtf-normal\" style=\"color: #c0392b\">\n\t<span class=\"edgtf-dropcaps-inner\">\n\t\tM\t<\/span>\n<\/span>ostra de Val\u00e8ncia\u2013Cinema del Mediterrani desitja posar l\u2019accent sobre la creaci\u00f3 cinematogr\u00e0fica palestina i la diversitat de punts de vista que la generen. El cinema s\u2019ha convertit en una pe\u00e7a essencial en la necessitat de fer visible la situaci\u00f3 de la zona i el reconeixement de la realitat. Parlar de cinema palest\u00ed significa descobrir una cinematografia molt vinculada amb la hist\u00f2ria del seu poble, constru\u00efda a base de mirades de palestins des de l\u2019interior del conflicte o de cineastes estrangers sensibilitzats amb la causa. Un cinema que es caracteritza per la cerca de l\u2019autenticitat, de la identitat, d\u2019un imaginari propi, ocult moltes vegades pel soroll de l\u2019enfrontament. Davant de les propostes documentals habituals, el cicle \u201cPalestina, ara i ac\u00ed\u201d est\u00e0 integrat per huit llargmetratges de ficci\u00f3. A pesar que es tendeix a pensar que tant la idea de trauma com el conflicte han homogene\u00eftzat els discursos, en les pel\u00b7l\u00edcules seleccionades es pot comprovar que els directors i les directores ofereixen una multiplicitat de relats i formats, reflexe de la diversitat de mirades. El cicle \u201cPalestina, ara i ac\u00ed\u201d de la 33 edici\u00f3 de Mostra de Val\u00e8ncia\u2013Cinema del Mediterrani ha comptat amb l\u2019assessorament del moviment BDS.[\/vc_column_text][\/vc_column][vc_column width=&#8221;1\/4&#8243;][\/vc_column][\/vc_row][vc_row css=&#8221;.vc_custom_1538486869251{padding-right: 40px !important;padding-left: 40px !important;}&#8221;][vc_column]<div class=\"edgtf-portfolio-list-holder edgtf-pl-masonry  edgtf-large-space edgtf-pl-three-columns edgtf-pl-standard-shader    edgtf-pl-pag-no-pagination     \"  data-type=masonry data-space-between-items=large data-number-of-items=-1 data-image-proportions=full data-enable-fixed-proportions=no data-enable-image-shadow=no data-category=palestina-aqui-y-ahora data-orderby=date data-order=ASC data-item-style=standard-shader data-enable-title=yes data-title-tag=h4 data-enable-category=yes data-enable-count-images=yes data-enable-excerpt=no data-excerpt-length=20 data-pagination-type=no-pagination data-filter=no data-filter-order-by=name data-enable-article-animation=no data-portfolio-slider-on=no data-enable-loop=yes data-enable-autoplay=yes data-slider-speed=5000 data-slider-speed-animation=600 data-enable-navigation=yes data-enable-pagination=yes data-max-num-pages=0 data-next-page=2>\n\t\t<div class=\"edgtf-pl-inner edgtf-outer-space clearfix\">\n\t\t<div class=\"edgtf-pl-grid-sizer\"><\/div>\n\t\t<div class=\"edgtf-pl-grid-gutter\"><\/div>\n\t\t<article class=\"edgtf-pl-item edgtf-item-space edgtf-masonry-size-default edgtf-pl-has-video post-316 portfolio-item type-portfolio-item status-publish has-post-thumbnail hentry portfolio-category-festival-2018 portfolio-category-palestina-aqui-y-ahora portfolio-tag-annemarie-jacir portfolio-tag-cine-palestino portfolio-tag-mohammed-bakri portfolio-tag-mostra-de-valencia portfolio-tag-saleh-bakri\">\n\t<div class=\"edgtf-pl-item-inner\">\n\t\t<div class=\"edgtf-pli-image\">\n\t<img loading=\"lazy\" decoding=\"async\" width=\"1000\" height=\"1000\" src=\"https:\/\/lamostradevalencia.com\/wp-content\/uploads\/2018\/10\/Wajib.jpg\" class=\"attachment-full size-full wp-post-image\" alt=\"\" srcset=\"https:\/\/lamostradevalencia.com\/wp-content\/uploads\/2018\/10\/Wajib.jpg 1000w, https:\/\/lamostradevalencia.com\/wp-content\/uploads\/2018\/10\/Wajib-150x150.jpg 150w, https:\/\/lamostradevalencia.com\/wp-content\/uploads\/2018\/10\/Wajib-300x300.jpg 300w, https:\/\/lamostradevalencia.com\/wp-content\/uploads\/2018\/10\/Wajib-768x768.jpg 768w, https:\/\/lamostradevalencia.com\/wp-content\/uploads\/2018\/10\/Wajib-550x550.jpg 550w\" sizes=\"auto, (max-width: 1000px) 100vw, 1000px\" \/><\/div>\n<div class=\"edgtf-pli-text-holder\" >\n\t<div class=\"edgtf-pli-text-wrapper\">\n\t\t<div class=\"edgtf-pli-text\">\n\t\t\t\t<h4 itemprop=\"name\" class=\"edgtf-pli-title entry-title\" >\n\t\tInvitaci\u00f3n de boda\t<\/h4>\n\n\t\t\t\t\t<div class=\"edgtf-pli-category-holder\">\n\t\t\t\t\t\t\t<a itemprop=\"url\" class=\"edgtf-pli-category\" href=\"https:\/\/lamostradevalencia.com\/categoria-portfolio\/festival-2018\/\">Festival 2018<\/a>\n\t\t\t\t\t\t\t<a itemprop=\"url\" class=\"edgtf-pli-category\" href=\"https:\/\/lamostradevalencia.com\/categoria-portfolio\/palestina-aqui-y-ahora\/\">Palestina, aqu\u00ed y ahora<\/a>\n\t\t\t\t\t<\/div>\n\t\n\t\t\t\n\t\t\t\t\t<\/div>\n\t<\/div>\n<\/div>\n\t\t<a itemprop=\"url\" class=\"edgtf-pli-link edgtf-block-drag-link\" href=\"https:\/\/lamostradevalencia.com\/ca\/peliculas\/invitacion-de-boda\/\" target=\"_self\"><\/a>\n\t<\/div>\n<\/article><article class=\"edgtf-pl-item edgtf-item-space edgtf-masonry-size-default post-629 portfolio-item type-portfolio-item status-publish has-post-thumbnail hentry portfolio-category-festival-2018-2 portfolio-category-palestina-ara-i-aci portfolio-tag-cine-palesti portfolio-tag-mai-masri-ca portfolio-tag-maisa-abd-elhadi-ca-2 portfolio-tag-mostra-de-valencia-ca-2 portfolio-tag-nadira-omran-ca\">\n\t<div class=\"edgtf-pl-item-inner\">\n\t\t<div class=\"edgtf-pli-image\">\n\t<img loading=\"lazy\" decoding=\"async\" width=\"474\" height=\"678\" src=\"https:\/\/lamostradevalencia.com\/wp-content\/uploads\/2018\/10\/3000-Layla.png\" class=\"attachment-full size-full wp-post-image\" alt=\"\" srcset=\"https:\/\/lamostradevalencia.com\/wp-content\/uploads\/2018\/10\/3000-Layla.png 474w, https:\/\/lamostradevalencia.com\/wp-content\/uploads\/2018\/10\/3000-Layla-210x300.png 210w\" sizes=\"auto, (max-width: 474px) 100vw, 474px\" \/><\/div>\n<div class=\"edgtf-pli-text-holder\" >\n\t<div class=\"edgtf-pli-text-wrapper\">\n\t\t<div class=\"edgtf-pli-text\">\n\t\t\t\t<h4 itemprop=\"name\" class=\"edgtf-pli-title entry-title\" >\n\t\t3000 NIGHTS\t<\/h4>\n\n\t\t\t\t\t<div class=\"edgtf-pli-category-holder\">\n\t\t\t\t\t\t\t<a itemprop=\"url\" class=\"edgtf-pli-category\" href=\"https:\/\/lamostradevalencia.com\/ca\/categoria-portfolio-1\/festival-2018-2\/\">Festival 2018<\/a>\n\t\t\t\t\t\t\t<a itemprop=\"url\" class=\"edgtf-pli-category\" href=\"https:\/\/lamostradevalencia.com\/ca\/categoria-portfolio-1\/palestina-ara-i-aci\/\">Palestina, ara i ac\u00ed<\/a>\n\t\t\t\t\t<\/div>\n\t\n\t\t\t\n\t\t\t\t\t<\/div>\n\t<\/div>\n<\/div>\n\t\t<a itemprop=\"url\" class=\"edgtf-pli-link edgtf-block-drag-link\" href=\"https:\/\/lamostradevalencia.com\/ca\/peliculas\/3000-nights\/\" target=\"_self\"><\/a>\n\t<\/div>\n<\/article><article class=\"edgtf-pl-item edgtf-item-space edgtf-masonry-size-default post-630 portfolio-item type-portfolio-item status-publish has-post-thumbnail hentry portfolio-category-festival-2018-2 portfolio-category-palestina-ara-i-aci portfolio-tag-arab-nasser-ca portfolio-tag-cine-palesti portfolio-tag-hiam-abbass-ca portfolio-tag-maisa-abd-elhadi-ca portfolio-tag-mostra-de-valencia-ca-2 portfolio-tag-tarzan-nasser-ca\">\n\t<div class=\"edgtf-pl-item-inner\">\n\t\t<div class=\"edgtf-pli-image\">\n\t<img loading=\"lazy\" decoding=\"async\" width=\"736\" height=\"981\" src=\"https:\/\/lamostradevalencia.com\/wp-content\/uploads\/2018\/10\/De\u0301grade\u0301.jpg\" class=\"attachment-full size-full wp-post-image\" alt=\"\" srcset=\"https:\/\/lamostradevalencia.com\/wp-content\/uploads\/2018\/10\/De\u0301grade\u0301.jpg 736w, https:\/\/lamostradevalencia.com\/wp-content\/uploads\/2018\/10\/De\u0301grade\u0301-225x300.jpg 225w\" sizes=\"auto, (max-width: 736px) 100vw, 736px\" \/><\/div>\n<div class=\"edgtf-pli-text-holder\" >\n\t<div class=\"edgtf-pli-text-wrapper\">\n\t\t<div class=\"edgtf-pli-text\">\n\t\t\t\t<h4 itemprop=\"name\" class=\"edgtf-pli-title entry-title\" >\n\t\tD\u00c9GRAD\u00c9\t<\/h4>\n\n\t\t\t\t\t<div class=\"edgtf-pli-category-holder\">\n\t\t\t\t\t\t\t<a itemprop=\"url\" class=\"edgtf-pli-category\" href=\"https:\/\/lamostradevalencia.com\/ca\/categoria-portfolio-1\/festival-2018-2\/\">Festival 2018<\/a>\n\t\t\t\t\t\t\t<a itemprop=\"url\" class=\"edgtf-pli-category\" href=\"https:\/\/lamostradevalencia.com\/ca\/categoria-portfolio-1\/palestina-ara-i-aci\/\">Palestina, ara i ac\u00ed<\/a>\n\t\t\t\t\t<\/div>\n\t\n\t\t\t\n\t\t\t\t\t<\/div>\n\t<\/div>\n<\/div>\n\t\t<a itemprop=\"url\" class=\"edgtf-pli-link edgtf-block-drag-link\" href=\"https:\/\/lamostradevalencia.com\/ca\/peliculas\/degrade\/\" target=\"_self\"><\/a>\n\t<\/div>\n<\/article><article class=\"edgtf-pl-item edgtf-item-space edgtf-masonry-size-default post-637 portfolio-item type-portfolio-item status-publish has-post-thumbnail hentry portfolio-category-festival-2018-2 portfolio-category-palestina-ara-i-aci portfolio-tag-cine-palesti portfolio-tag-mostra-de-valencia-ca-2 portfolio-tag-muayad-alayan-ca-2 portfolio-tag-rami-musa-alayan-ca portfolio-tag-ramzi-maqdisi-ca portfolio-tag-sami-metwasi-ca\">\n\t<div class=\"edgtf-pl-item-inner\">\n\t\t<div class=\"edgtf-pli-image\">\n\t<img loading=\"lazy\" decoding=\"async\" width=\"420\" height=\"575\" src=\"https:\/\/lamostradevalencia.com\/wp-content\/uploads\/2018\/10\/Love-Theft-and-other-Entaglements.jpg\" class=\"attachment-full size-full wp-post-image\" alt=\"\" srcset=\"https:\/\/lamostradevalencia.com\/wp-content\/uploads\/2018\/10\/Love-Theft-and-other-Entaglements.jpg 420w, https:\/\/lamostradevalencia.com\/wp-content\/uploads\/2018\/10\/Love-Theft-and-other-Entaglements-219x300.jpg 219w\" sizes=\"auto, (max-width: 420px) 100vw, 420px\" \/><\/div>\n<div class=\"edgtf-pli-text-holder\" >\n\t<div class=\"edgtf-pli-text-wrapper\">\n\t\t<div class=\"edgtf-pli-text\">\n\t\t\t\t<h4 itemprop=\"name\" class=\"edgtf-pli-title entry-title\" >\n\t\tLOVE, THEFT AND OTHER ENTANGLEMENTS\t<\/h4>\n\n\t\t\t\t\t<div class=\"edgtf-pli-category-holder\">\n\t\t\t\t\t\t\t<a itemprop=\"url\" class=\"edgtf-pli-category\" href=\"https:\/\/lamostradevalencia.com\/ca\/categoria-portfolio-1\/festival-2018-2\/\">Festival 2018<\/a>\n\t\t\t\t\t\t\t<a itemprop=\"url\" class=\"edgtf-pli-category\" href=\"https:\/\/lamostradevalencia.com\/ca\/categoria-portfolio-1\/palestina-ara-i-aci\/\">Palestina, ara i ac\u00ed<\/a>\n\t\t\t\t\t<\/div>\n\t\n\t\t\t\n\t\t\t\t\t<\/div>\n\t<\/div>\n<\/div>\n\t\t<a itemprop=\"url\" class=\"edgtf-pli-link edgtf-block-drag-link\" href=\"https:\/\/lamostradevalencia.com\/ca\/peliculas\/love-theft-and-other-entanglements\/\" target=\"_self\"><\/a>\n\t<\/div>\n<\/article><article class=\"edgtf-pl-item edgtf-item-space edgtf-masonry-size-default post-640 portfolio-item type-portfolio-item status-publish has-post-thumbnail hentry portfolio-category-festival-2018-2 portfolio-category-palestina-ara-i-aci portfolio-tag-adam-bakri-ca portfolio-tag-cine-palesti portfolio-tag-hany-abu-assad-ca portfolio-tag-leem-lubany-ca portfolio-tag-mostra-de-valencia-ca-2\">\n\t<div class=\"edgtf-pl-item-inner\">\n\t\t<div class=\"edgtf-pli-image\">\n\t<img loading=\"lazy\" decoding=\"async\" width=\"679\" height=\"1000\" src=\"https:\/\/lamostradevalencia.com\/wp-content\/uploads\/2018\/10\/Omar.jpg\" class=\"attachment-full size-full wp-post-image\" alt=\"\" srcset=\"https:\/\/lamostradevalencia.com\/wp-content\/uploads\/2018\/10\/Omar.jpg 679w, https:\/\/lamostradevalencia.com\/wp-content\/uploads\/2018\/10\/Omar-204x300.jpg 204w\" sizes=\"auto, (max-width: 679px) 100vw, 679px\" \/><\/div>\n<div class=\"edgtf-pli-text-holder\" >\n\t<div class=\"edgtf-pli-text-wrapper\">\n\t\t<div class=\"edgtf-pli-text\">\n\t\t\t\t<h4 itemprop=\"name\" class=\"edgtf-pli-title entry-title\" >\n\t\tOMAR\t<\/h4>\n\n\t\t\t\t\t<div class=\"edgtf-pli-category-holder\">\n\t\t\t\t\t\t\t<a itemprop=\"url\" class=\"edgtf-pli-category\" href=\"https:\/\/lamostradevalencia.com\/ca\/categoria-portfolio-1\/festival-2018-2\/\">Festival 2018<\/a>\n\t\t\t\t\t\t\t<a itemprop=\"url\" class=\"edgtf-pli-category\" href=\"https:\/\/lamostradevalencia.com\/ca\/categoria-portfolio-1\/palestina-ara-i-aci\/\">Palestina, ara i ac\u00ed<\/a>\n\t\t\t\t\t<\/div>\n\t\n\t\t\t\n\t\t\t\t\t<\/div>\n\t<\/div>\n<\/div>\n\t\t<a itemprop=\"url\" class=\"edgtf-pli-link edgtf-block-drag-link\" href=\"https:\/\/lamostradevalencia.com\/ca\/peliculas\/omar\/\" target=\"_self\"><\/a>\n\t<\/div>\n<\/article><article class=\"edgtf-pl-item edgtf-item-space edgtf-masonry-size-default post-641 portfolio-item type-portfolio-item status-publish has-post-thumbnail hentry portfolio-category-festival-2018-2 portfolio-category-palestina-ara-i-aci portfolio-tag-cine-palesti portfolio-tag-hanan-hillo-ca portfolio-tag-ishai-golan-ca portfolio-tag-mostra-de-valencia-ca-2 portfolio-tag-muayad-alayan-ca\">\n\t<div class=\"edgtf-pl-item-inner\">\n\t\t<div class=\"edgtf-pli-image\">\n\t<img loading=\"lazy\" decoding=\"async\" width=\"680\" height=\"960\" src=\"https:\/\/lamostradevalencia.com\/wp-content\/uploads\/2018\/10\/The-Reports-on-Sarah-and-Saleem.jpg\" class=\"attachment-full size-full wp-post-image\" alt=\"\" srcset=\"https:\/\/lamostradevalencia.com\/wp-content\/uploads\/2018\/10\/The-Reports-on-Sarah-and-Saleem.jpg 680w, https:\/\/lamostradevalencia.com\/wp-content\/uploads\/2018\/10\/The-Reports-on-Sarah-and-Saleem-213x300.jpg 213w\" sizes=\"auto, (max-width: 680px) 100vw, 680px\" \/><\/div>\n<div class=\"edgtf-pli-text-holder\" >\n\t<div class=\"edgtf-pli-text-wrapper\">\n\t\t<div class=\"edgtf-pli-text\">\n\t\t\t\t<h4 itemprop=\"name\" class=\"edgtf-pli-title entry-title\" >\n\t\tTHE REPORTS ON SARAH AND SALEEM\t<\/h4>\n\n\t\t\t\t\t<div class=\"edgtf-pli-category-holder\">\n\t\t\t\t\t\t\t<a itemprop=\"url\" class=\"edgtf-pli-category\" href=\"https:\/\/lamostradevalencia.com\/ca\/categoria-portfolio-1\/festival-2018-2\/\">Festival 2018<\/a>\n\t\t\t\t\t\t\t<a itemprop=\"url\" class=\"edgtf-pli-category\" href=\"https:\/\/lamostradevalencia.com\/ca\/categoria-portfolio-1\/palestina-ara-i-aci\/\">Palestina, ara i ac\u00ed<\/a>\n\t\t\t\t\t<\/div>\n\t\n\t\t\t\n\t\t\t\t\t<\/div>\n\t<\/div>\n<\/div>\n\t\t<a itemprop=\"url\" class=\"edgtf-pli-link edgtf-block-drag-link\" href=\"https:\/\/lamostradevalencia.com\/ca\/peliculas\/the-reports-on-sarah-and-saleem\/\" target=\"_self\"><\/a>\n\t<\/div>\n<\/article><article class=\"edgtf-pl-item edgtf-item-space edgtf-masonry-size-default post-643 portfolio-item type-portfolio-item status-publish has-post-thumbnail hentry portfolio-category-festival-2018-2 portfolio-category-palestina-ara-i-aci portfolio-tag-annemarie-jacir-ca-2 portfolio-tag-cine-palesti portfolio-tag-mohammed-bakri-ca portfolio-tag-mostra-de-valencia-ca-2 portfolio-tag-saleh-bakri-ca\">\n\t<div class=\"edgtf-pl-item-inner\">\n\t\t<div class=\"edgtf-pli-image\">\n\t<img loading=\"lazy\" decoding=\"async\" width=\"1000\" height=\"1000\" src=\"https:\/\/lamostradevalencia.com\/wp-content\/uploads\/2018\/10\/Wajib.jpg\" class=\"attachment-full size-full wp-post-image\" alt=\"\" srcset=\"https:\/\/lamostradevalencia.com\/wp-content\/uploads\/2018\/10\/Wajib.jpg 1000w, https:\/\/lamostradevalencia.com\/wp-content\/uploads\/2018\/10\/Wajib-150x150.jpg 150w, https:\/\/lamostradevalencia.com\/wp-content\/uploads\/2018\/10\/Wajib-300x300.jpg 300w, https:\/\/lamostradevalencia.com\/wp-content\/uploads\/2018\/10\/Wajib-768x768.jpg 768w, https:\/\/lamostradevalencia.com\/wp-content\/uploads\/2018\/10\/Wajib-550x550.jpg 550w\" sizes=\"auto, (max-width: 1000px) 100vw, 1000px\" \/><\/div>\n<div class=\"edgtf-pli-text-holder\" >\n\t<div class=\"edgtf-pli-text-wrapper\">\n\t\t<div class=\"edgtf-pli-text\">\n\t\t\t\t<h4 itemprop=\"name\" class=\"edgtf-pli-title entry-title\" >\n\t\tWAJIB\t<\/h4>\n\n\t\t\t\t\t<div class=\"edgtf-pli-category-holder\">\n\t\t\t\t\t\t\t<a itemprop=\"url\" class=\"edgtf-pli-category\" href=\"https:\/\/lamostradevalencia.com\/ca\/categoria-portfolio-1\/festival-2018-2\/\">Festival 2018<\/a>\n\t\t\t\t\t\t\t<a itemprop=\"url\" class=\"edgtf-pli-category\" href=\"https:\/\/lamostradevalencia.com\/ca\/categoria-portfolio-1\/palestina-ara-i-aci\/\">Palestina, ara i ac\u00ed<\/a>\n\t\t\t\t\t<\/div>\n\t\n\t\t\t\n\t\t\t\t\t<\/div>\n\t<\/div>\n<\/div>\n\t\t<a itemprop=\"url\" class=\"edgtf-pli-link edgtf-block-drag-link\" href=\"https:\/\/lamostradevalencia.com\/ca\/peliculas\/wajib\/\" target=\"_self\"><\/a>\n\t<\/div>\n<\/article><article class=\"edgtf-pl-item edgtf-item-space edgtf-masonry-size-default post-645 portfolio-item type-portfolio-item status-publish has-post-thumbnail hentry portfolio-category-festival-2018-2 portfolio-category-palestina-ara-i-aci portfolio-tag-annemarie-jacir-ca portfolio-tag-cine-palesti portfolio-tag-mahmoud-asfa-ca portfolio-tag-mostra-de-valencia-ca-2 portfolio-tag-ruba-blal-ca\">\n\t<div class=\"edgtf-pl-item-inner\">\n\t\t<div class=\"edgtf-pli-image\">\n\t<img loading=\"lazy\" decoding=\"async\" width=\"428\" height=\"604\" src=\"https:\/\/lamostradevalencia.com\/wp-content\/uploads\/2018\/10\/Lamma-Shoftak.jpg\" class=\"attachment-full size-full wp-post-image\" alt=\"\" srcset=\"https:\/\/lamostradevalencia.com\/wp-content\/uploads\/2018\/10\/Lamma-Shoftak.jpg 428w, https:\/\/lamostradevalencia.com\/wp-content\/uploads\/2018\/10\/Lamma-Shoftak-213x300.jpg 213w\" sizes=\"auto, (max-width: 428px) 100vw, 428px\" \/><\/div>\n<div class=\"edgtf-pli-text-holder\" >\n\t<div class=\"edgtf-pli-text-wrapper\">\n\t\t<div class=\"edgtf-pli-text\">\n\t\t\t\t<h4 itemprop=\"name\" class=\"edgtf-pli-title entry-title\" >\n\t\tWHEN I SAW YOU\t<\/h4>\n\n\t\t\t\t\t<div class=\"edgtf-pli-category-holder\">\n\t\t\t\t\t\t\t<a itemprop=\"url\" class=\"edgtf-pli-category\" href=\"https:\/\/lamostradevalencia.com\/ca\/categoria-portfolio-1\/festival-2018-2\/\">Festival 2018<\/a>\n\t\t\t\t\t\t\t<a itemprop=\"url\" class=\"edgtf-pli-category\" href=\"https:\/\/lamostradevalencia.com\/ca\/categoria-portfolio-1\/palestina-ara-i-aci\/\">Palestina, ara i ac\u00ed<\/a>\n\t\t\t\t\t<\/div>\n\t\n\t\t\t\n\t\t\t\t\t<\/div>\n\t<\/div>\n<\/div>\n\t\t<a itemprop=\"url\" class=\"edgtf-pli-link edgtf-block-drag-link\" href=\"https:\/\/lamostradevalencia.com\/ca\/peliculas\/when-i-saw-you\/\" target=\"_self\"><\/a>\n\t<\/div>\n<\/article><article class=\"edgtf-pl-item edgtf-item-space edgtf-masonry-size-default post-646 portfolio-item type-portfolio-item status-publish has-post-thumbnail hentry portfolio-category-festival-2018-2 portfolio-category-palestina-ara-i-aci portfolio-tag-cine-palesti portfolio-tag-ghassan-masoud-ca portfolio-tag-mostra-de-valencia-ca-2\">\n\t<div class=\"edgtf-pl-item-inner\">\n\t\t<div class=\"edgtf-pli-image\">\n\t<img loading=\"lazy\" decoding=\"async\" width=\"686\" height=\"960\" src=\"https:\/\/lamostradevalencia.com\/wp-content\/uploads\/2018\/10\/Writing-on-Snow.jpg\" class=\"attachment-full size-full wp-post-image\" alt=\"\" srcset=\"https:\/\/lamostradevalencia.com\/wp-content\/uploads\/2018\/10\/Writing-on-Snow.jpg 686w, https:\/\/lamostradevalencia.com\/wp-content\/uploads\/2018\/10\/Writing-on-Snow-214x300.jpg 214w\" sizes=\"auto, (max-width: 686px) 100vw, 686px\" \/><\/div>\n<div class=\"edgtf-pli-text-holder\" >\n\t<div class=\"edgtf-pli-text-wrapper\">\n\t\t<div class=\"edgtf-pli-text\">\n\t\t\t\t<h4 itemprop=\"name\" class=\"edgtf-pli-title entry-title\" >\n\t\tWRITING ON SNOW\t<\/h4>\n\n\t\t\t\t\t<div class=\"edgtf-pli-category-holder\">\n\t\t\t\t\t\t\t<a itemprop=\"url\" class=\"edgtf-pli-category\" href=\"https:\/\/lamostradevalencia.com\/ca\/categoria-portfolio-1\/festival-2018-2\/\">Festival 2018<\/a>\n\t\t\t\t\t\t\t<a itemprop=\"url\" class=\"edgtf-pli-category\" href=\"https:\/\/lamostradevalencia.com\/ca\/categoria-portfolio-1\/palestina-ara-i-aci\/\">Palestina, ara i ac\u00ed<\/a>\n\t\t\t\t\t<\/div>\n\t\n\t\t\t\n\t\t\t\t\t<\/div>\n\t<\/div>\n<\/div>\n\t\t<a itemprop=\"url\" class=\"edgtf-pli-link edgtf-block-drag-link\" href=\"https:\/\/lamostradevalencia.com\/ca\/peliculas\/writing-on-snow\/\" target=\"_self\"><\/a>\n\t<\/div>\n<\/article>\t<\/div>\n\t\n\t<\/div>[\/vc_column][\/vc_row]<\/p>\n<\/div>","protected":false},"excerpt":{"rendered":"WRITING ON SNOW PALESTINA, TUN\u00cdSIA. 2017. COLOR. 72\u2019. VOSE PALESTINA, ARA I AC\u00cd En ple conflicte b\u00e8l\u00b7lic una parella acull uns desconeguts. Malgrat que el [...]","protected":false},"author":1,"featured_media":0,"parent":2838,"menu_order":6,"comment_status":"closed","ping_status":"closed","template":"full-width.php","meta":{"_uag_custom_page_level_css":"","_jet_sm_ready_style":"","_jet_sm_style":"","_jet_sm_controls_values":"","_jet_sm_fonts_collection":"","_jet_sm_fonts_links":"","footnotes":""},"class_list":["post-2130","page","type-page","status-publish","hentry"],"yoast_head":"<!-- This site is optimized with the Yoast SEO plugin v27.5 - https:\/\/yoast.com\/product\/yoast-seo-wordpress\/ -->\n<title>Palestina, ara i ac\u00ed - Mostra de Val\u00e8ncia<\/title>\n<meta name=\"robots\" content=\"index, follow, max-snippet:-1, max-image-preview:large, max-video-preview:-1\" \/>\n<link rel=\"canonical\" href=\"https:\/\/lamostradevalencia.com\/ca\/edicio-2018\/palestina-ara-i-aci\/\" \/>\n<meta property=\"og:locale\" content=\"ca_ES\" \/>\n<meta property=\"og:type\" content=\"article\" \/>\n<meta property=\"og:title\" content=\"Palestina, ara i ac\u00ed - Mostra de Val\u00e8ncia\" \/>\n<meta property=\"og:url\" content=\"https:\/\/lamostradevalencia.com\/ca\/edicio-2018\/palestina-ara-i-aci\/\" \/>\n<meta property=\"og:site_name\" content=\"Mostra de Val\u00e8ncia\" \/>\n<meta property=\"article:modified_time\" content=\"2019-08-02T22:38:55+00:00\" \/>\n<meta name=\"twitter:card\" content=\"summary_large_image\" \/>\n<meta name=\"twitter:label1\" content=\"Temps estimat de lectura\" \/>\n\t<meta name=\"twitter:data1\" content=\"2 minuts\" \/>\n<script type=\"application\/ld+json\" class=\"yoast-schema-graph\">{\"@context\":\"https:\\\/\\\/schema.org\",\"@graph\":[{\"@type\":\"WebPage\",\"@id\":\"https:\\\/\\\/lamostradevalencia.com\\\/ca\\\/edicio-2018\\\/palestina-ara-i-aci\\\/\",\"url\":\"https:\\\/\\\/lamostradevalencia.com\\\/ca\\\/edicio-2018\\\/palestina-ara-i-aci\\\/\",\"name\":\"Palestina, ara i ac\u00ed - Mostra de Val\u00e8ncia\",\"isPartOf\":{\"@id\":\"https:\\\/\\\/lamostradevalencia.com\\\/ca\\\/#website\"},\"datePublished\":\"2018-08-06T05:52:45+00:00\",\"dateModified\":\"2019-08-02T22:38:55+00:00\",\"breadcrumb\":{\"@id\":\"https:\\\/\\\/lamostradevalencia.com\\\/ca\\\/edicio-2018\\\/palestina-ara-i-aci\\\/#breadcrumb\"},\"inLanguage\":\"ca\",\"potentialAction\":[{\"@type\":\"ReadAction\",\"target\":[\"https:\\\/\\\/lamostradevalencia.com\\\/ca\\\/edicio-2018\\\/palestina-ara-i-aci\\\/\"]}]},{\"@type\":\"BreadcrumbList\",\"@id\":\"https:\\\/\\\/lamostradevalencia.com\\\/ca\\\/edicio-2018\\\/palestina-ara-i-aci\\\/#breadcrumb\",\"itemListElement\":[{\"@type\":\"ListItem\",\"position\":1,\"name\":\"Portada\",\"item\":\"https:\\\/\\\/lamostradevalencia.com\\\/ca\\\/\"},{\"@type\":\"ListItem\",\"position\":2,\"name\":\"Edici\u00f3 2018\",\"item\":\"https:\\\/\\\/lamostradevalencia.com\\\/ca\\\/edicion-2018\\\/\"},{\"@type\":\"ListItem\",\"position\":3,\"name\":\"Palestina, ara i ac\u00ed\"}]},{\"@type\":\"WebSite\",\"@id\":\"https:\\\/\\\/lamostradevalencia.com\\\/ca\\\/#website\",\"url\":\"https:\\\/\\\/lamostradevalencia.com\\\/ca\\\/\",\"name\":\"Mostra de Val\u00e8ncia\",\"description\":\"Cinema del Mediterrani\",\"potentialAction\":[{\"@type\":\"SearchAction\",\"target\":{\"@type\":\"EntryPoint\",\"urlTemplate\":\"https:\\\/\\\/lamostradevalencia.com\\\/ca\\\/?s={search_term_string}\"},\"query-input\":{\"@type\":\"PropertyValueSpecification\",\"valueRequired\":true,\"valueName\":\"search_term_string\"}}],\"inLanguage\":\"ca\"}]}<\/script>\n<!-- \/ Yoast SEO plugin. -->","yoast_head_json":{"title":"Palestina, ara i ac\u00ed - Mostra de Val\u00e8ncia","robots":{"index":"index","follow":"follow","max-snippet":"max-snippet:-1","max-image-preview":"max-image-preview:large","max-video-preview":"max-video-preview:-1"},"canonical":"https:\/\/lamostradevalencia.com\/ca\/edicio-2018\/palestina-ara-i-aci\/","og_locale":"ca_ES","og_type":"article","og_title":"Palestina, ara i ac\u00ed - Mostra de Val\u00e8ncia","og_url":"https:\/\/lamostradevalencia.com\/ca\/edicio-2018\/palestina-ara-i-aci\/","og_site_name":"Mostra de Val\u00e8ncia","article_modified_time":"2019-08-02T22:38:55+00:00","twitter_card":"summary_large_image","twitter_misc":{"Temps estimat de lectura":"2 minuts"},"schema":{"@context":"https:\/\/schema.org","@graph":[{"@type":"WebPage","@id":"https:\/\/lamostradevalencia.com\/ca\/edicio-2018\/palestina-ara-i-aci\/","url":"https:\/\/lamostradevalencia.com\/ca\/edicio-2018\/palestina-ara-i-aci\/","name":"Palestina, ara i ac\u00ed - Mostra de Val\u00e8ncia","isPartOf":{"@id":"https:\/\/lamostradevalencia.com\/ca\/#website"},"datePublished":"2018-08-06T05:52:45+00:00","dateModified":"2019-08-02T22:38:55+00:00","breadcrumb":{"@id":"https:\/\/lamostradevalencia.com\/ca\/edicio-2018\/palestina-ara-i-aci\/#breadcrumb"},"inLanguage":"ca","potentialAction":[{"@type":"ReadAction","target":["https:\/\/lamostradevalencia.com\/ca\/edicio-2018\/palestina-ara-i-aci\/"]}]},{"@type":"BreadcrumbList","@id":"https:\/\/lamostradevalencia.com\/ca\/edicio-2018\/palestina-ara-i-aci\/#breadcrumb","itemListElement":[{"@type":"ListItem","position":1,"name":"Portada","item":"https:\/\/lamostradevalencia.com\/ca\/"},{"@type":"ListItem","position":2,"name":"Edici\u00f3 2018","item":"https:\/\/lamostradevalencia.com\/ca\/edicion-2018\/"},{"@type":"ListItem","position":3,"name":"Palestina, ara i ac\u00ed"}]},{"@type":"WebSite","@id":"https:\/\/lamostradevalencia.com\/ca\/#website","url":"https:\/\/lamostradevalencia.com\/ca\/","name":"Mostra de Val\u00e8ncia","description":"Cinema del Mediterrani","potentialAction":[{"@type":"SearchAction","target":{"@type":"EntryPoint","urlTemplate":"https:\/\/lamostradevalencia.com\/ca\/?s={search_term_string}"},"query-input":{"@type":"PropertyValueSpecification","valueRequired":true,"valueName":"search_term_string"}}],"inLanguage":"ca"}]}},"uagb_featured_image_src":{"full":false,"thumbnail":false,"medium":false,"medium_large":false,"large":false,"1536x1536":false,"2048x2048":false,"cinerama_edge_image_square":false,"cinerama_edge_image_landscape":false,"cinerama_edge_image_portrait":false,"cinerama_edge_image_huge":false,"gform-image-choice-sm":false,"gform-image-choice-md":false,"gform-image-choice-lg":false},"uagb_author_info":{"display_name":"Mostra de Val\u00e8ncia","author_link":"https:\/\/lamostradevalencia.com\/ca\/author\/mostravalencia\/"},"uagb_comment_info":0,"uagb_excerpt":null,"_links":{"self":[{"href":"https:\/\/lamostradevalencia.com\/ca\/wp-json\/wp\/v2\/pages\/2130","targetHints":{"allow":["GET"]}}],"collection":[{"href":"https:\/\/lamostradevalencia.com\/ca\/wp-json\/wp\/v2\/pages"}],"about":[{"href":"https:\/\/lamostradevalencia.com\/ca\/wp-json\/wp\/v2\/types\/page"}],"author":[{"embeddable":true,"href":"https:\/\/lamostradevalencia.com\/ca\/wp-json\/wp\/v2\/users\/1"}],"replies":[{"embeddable":true,"href":"https:\/\/lamostradevalencia.com\/ca\/wp-json\/wp\/v2\/comments?post=2130"}],"version-history":[{"count":5,"href":"https:\/\/lamostradevalencia.com\/ca\/wp-json\/wp\/v2\/pages\/2130\/revisions"}],"predecessor-version":[{"id":2984,"href":"https:\/\/lamostradevalencia.com\/ca\/wp-json\/wp\/v2\/pages\/2130\/revisions\/2984"}],"up":[{"embeddable":true,"href":"https:\/\/lamostradevalencia.com\/ca\/wp-json\/wp\/v2\/pages\/2838"}],"wp:attachment":[{"href":"https:\/\/lamostradevalencia.com\/ca\/wp-json\/wp\/v2\/media?parent=2130"}],"curies":[{"name":"wp","href":"https:\/\/api.w.org\/{rel}","templated":true}]}}