{"id":2126,"date":"2018-08-06T07:50:54","date_gmt":"2018-08-06T05:50:54","guid":{"rendered":"https:\/\/lamostradevalencia.com\/el-festival\/seccions\/palmera-dhonor-efthimis-filippou\/"},"modified":"2019-08-03T00:37:21","modified_gmt":"2019-08-02T22:37:21","slug":"palmera-dhonor-efthimis-filippou","status":"publish","type":"page","link":"https:\/\/lamostradevalencia.com\/ca\/edicio-2018\/palmera-dhonor-efthimis-filippou\/","title":{"rendered":"Palmera d&#8217;Honor. Efthimis Filippou"},"content":{"rendered":"<div class=\"wpb-content-wrapper\"><p>[vc_row][vc_column]<div class=\"templatera_shortcode\"><style type=\"text\/css\" data-type=\"vc_shortcodes-custom-css\">.vc_custom_1538572732298{padding-right: 40px !important;padding-left: 40px !important;}.vc_custom_1538572608474{padding: 40px !important;background-color: #ff7675 !important;}.vc_custom_1538572629268{padding: 40px !important;background-color: #ffc312 !important;}.vc_custom_1538572642216{padding: 40px !important;background-color: #12cbc4 !important;}.vc_custom_1538572654086{padding: 40px !important;background-color: #a3cb38 !important;}.vc_custom_1538572666000{padding: 40px !important;background-color: #9980fa !important;}.vc_custom_1538572679950{padding: 40px !important;background-color: #c0392b !important;}.vc_custom_1538572789139{padding-top: 40px !important;padding-right: 40px !important;padding-bottom: 40px !important;padding-left: 40px !important;background-color: #27ae60 !important;}.vc_custom_1538572799087{padding-top: 40px !important;padding-right: 40px !important;padding-bottom: 40px !important;padding-left: 40px !important;background-color: #fa983a !important;}.vc_custom_1538572810081{padding-top: 40px !important;padding-right: 40px !important;padding-bottom: 40px !important;padding-left: 40px !important;background-color: #1289a7 !important;}.vc_custom_1538572818794{padding-top: 40px !important;padding-right: 40px !important;padding-bottom: 40px !important;padding-left: 40px !important;background-color: #0652dd !important;}.vc_custom_1538572830704{padding-top: 40px !important;padding-right: 40px !important;padding-bottom: 40px !important;padding-left: 40px !important;background-color: #833471 !important;}<\/style><div class=\"vc_row wpb_row vc_row-fluid vc_custom_1538572732298\" ><div class=\"wpb_column vc_column_container vc_col-sm-12\"><div class=\"vc_column-inner\"><div class=\"wpb_wrapper\"><div class=\"vc_row wpb_row vc_inner vc_row-fluid seccion-columna vc_column-gap-20 vc_row-o-equal-height vc_row-o-content-middle vc_row-flex\" ><div class=\"wpb_column vc_column_container vc_col-sm-2 vc_col-has-fill\"><div class=\"vc_column-inner vc_custom_1538572608474\"><div class=\"wpb_wrapper\"><a itemprop=\"url\" href=\"https:\/\/lamostradevalencia.com\/ca\/edicio-2018\/seccio-oficial-2018\/\" target=\"_self\" style=\"color: #ffffff;font-size: 17px;font-weight: 700;text-transform: uppercase\" class=\"edgtf-btn edgtf-btn-medium edgtf-btn-simple edgtf-btn- edgtf-btn-custom-hover-color \" data-hover-color=\"rgba(255,255,255,0.85)\" >\n    <span class=\"edgtf-btn-text\">Secci\u00f3 oficial<\/span>\n    <\/a><\/div><\/div><\/div><div class=\"wpb_column vc_column_container vc_col-sm-2 vc_col-has-fill\"><div class=\"vc_column-inner vc_custom_1538572629268\"><div class=\"wpb_wrapper\"><a itemprop=\"url\" href=\"https:\/\/lamostradevalencia.com\/ca\/edicio-2018\/seccio-informativa-2018\/\" target=\"_self\" style=\"color: #ffffff;font-size: 17px;font-weight: 700;text-transform: uppercase\" class=\"edgtf-btn edgtf-btn-medium edgtf-btn-simple edgtf-btn- edgtf-btn-custom-hover-color \" data-hover-color=\"rgba(255,255,255,0.85)\" >\n    <span class=\"edgtf-btn-text\">secci\u00f3 informativa<\/span>\n    <\/a><\/div><\/div><\/div><div class=\"wpb_column vc_column_container vc_col-sm-2 vc_col-has-fill\"><div class=\"vc_column-inner vc_custom_1538572642216\"><div class=\"wpb_wrapper\"><a itemprop=\"url\" href=\"https:\/\/lamostradevalencia.com\/ca\/edicio-2018\/palmera-dhonor-abdellatif-kechiche\/\" target=\"_self\" style=\"color: #ffffff;font-size: 17px;font-weight: 700;text-transform: uppercase\" class=\"edgtf-btn edgtf-btn-medium edgtf-btn-simple edgtf-btn- edgtf-btn-custom-hover-color \" data-hover-color=\"rgba(255,255,255,0.85)\" >\n    <span class=\"edgtf-btn-text\">Palmera d&#039;Honor. Abdellatif Kechiche<\/span>\n    <\/a><\/div><\/div><\/div><div class=\"wpb_column vc_column_container vc_col-sm-2 vc_col-has-fill\"><div class=\"vc_column-inner vc_custom_1538572654086\"><div class=\"wpb_wrapper\"><a itemprop=\"url\" href=\"https:\/\/lamostradevalencia.com\/ca\/edicio-2018\/palmera-dhonor-efthimis-filippou\/\" target=\"_self\" style=\"color: #ffffff;font-size: 17px;font-weight: 700;text-transform: uppercase\" class=\"edgtf-btn edgtf-btn-medium edgtf-btn-simple edgtf-btn- edgtf-btn-custom-hover-color \" data-hover-color=\"rgba(255,255,255,0.85)\" >\n    <span class=\"edgtf-btn-text\">PALMERA D&#039;HONOR. EFTHIMIS FILIPPOU<\/span>\n    <\/a><\/div><\/div><\/div><div class=\"wpb_column vc_column_container vc_col-sm-2 vc_col-has-fill\"><div class=\"vc_column-inner vc_custom_1538572666000\"><div class=\"wpb_wrapper\"><a itemprop=\"url\" href=\"https:\/\/lamostradevalencia.com\/ca\/edicio-2018\/polar-serie-negra-a-la-francesa\/\" target=\"_self\" style=\"color: #ffffff;font-size: 17px;font-weight: 700;text-transform: uppercase\" class=\"edgtf-btn edgtf-btn-medium edgtf-btn-simple edgtf-btn- edgtf-btn-custom-hover-color \" data-hover-color=\"rgba(255,255,255,0.85)\" >\n    <span class=\"edgtf-btn-text\">POLAR: S\u00c8RIE NEGRA A LA FRANCESA<\/span>\n    <\/a><\/div><\/div><\/div><div class=\"wpb_column vc_column_container vc_col-sm-2 vc_col-has-fill\"><div class=\"vc_column-inner vc_custom_1538572679950\"><div class=\"wpb_wrapper\"><a itemprop=\"url\" href=\"https:\/\/lamostradevalencia.com\/ca\/edicio-2018\/palestina-ara-i-aci\/\" target=\"_self\" style=\"color: #ffffff;font-size: 17px;font-weight: 700;text-transform: uppercase\" class=\"edgtf-btn edgtf-btn-medium edgtf-btn-simple edgtf-btn- edgtf-btn-custom-hover-color \" data-hover-color=\"rgba(255,255,255,0.85)\" >\n    <span class=\"edgtf-btn-text\">PALESTINA, ARA I AC\u00cd<\/span>\n    <\/a><\/div><\/div><\/div><\/div><div class=\"vc_row wpb_row vc_inner vc_row-fluid seccion-columna vc_column-gap-20 vc_row-o-equal-height vc_row-o-content-middle vc_row-flex\" ><div class=\"wpb_column vc_column_container vc_col-sm-1\/5 vc_col-has-fill\"><div class=\"vc_column-inner vc_custom_1538572789139\"><div class=\"wpb_wrapper\"><a itemprop=\"url\" href=\"https:\/\/lamostradevalencia.com\/ca\/edicio-2018\/carles-santos-el-creador-inabastable\/\" target=\"_self\" style=\"color: #ffffff;font-size: 17px;font-weight: 700;text-transform: uppercase\" class=\"edgtf-btn edgtf-btn-medium edgtf-btn-simple edgtf-btn- edgtf-btn-custom-hover-color \" data-hover-color=\"rgba(255,255,255,0.85)\" >\n    <span class=\"edgtf-btn-text\">CARLES SANTOS, EL CREADOR INABASTABLE<\/span>\n    <\/a><\/div><\/div><\/div><div class=\"wpb_column vc_column_container vc_col-sm-1\/5 vc_col-has-fill\"><div class=\"vc_column-inner vc_custom_1538572799087\"><div class=\"wpb_wrapper\"><a itemprop=\"url\" href=\"https:\/\/lamostradevalencia.com\/ca\/edicio-2018\/josep-anton-perez-giner-un-productor-model\/\" target=\"_self\" style=\"color: #ffffff;font-size: 17px;font-weight: 700;text-transform: uppercase\" class=\"edgtf-btn edgtf-btn-medium edgtf-btn-simple edgtf-btn- edgtf-btn-custom-hover-color \" data-hover-color=\"rgba(255,255,255,0.85)\" >\n    <span class=\"edgtf-btn-text\">JOSEP ANTON P\u00c9REZ GINER, UN PRODUCTOR MODEL<\/span>\n    <\/a><\/div><\/div><\/div><div class=\"wpb_column vc_column_container vc_col-sm-1\/5 vc_col-has-fill\"><div class=\"vc_column-inner vc_custom_1538572810081\"><div class=\"wpb_wrapper\"><a itemprop=\"url\" href=\"https:\/\/lamostradevalencia.com\/ca\/edicio-2018\/sessions-especials-2018\/\" target=\"_self\" style=\"color: #ffffff;font-size: 17px;font-weight: 700;text-transform: uppercase\" class=\"edgtf-btn edgtf-btn-medium edgtf-btn-simple edgtf-btn- edgtf-btn-custom-hover-color \" data-hover-color=\"rgba(255,255,255,0.85)\" >\n    <span class=\"edgtf-btn-text\">SESSIONS ESPECIALS<\/span>\n    <\/a><\/div><\/div><\/div><div class=\"wpb_column vc_column_container vc_col-sm-1\/5 vc_col-has-fill\"><div class=\"vc_column-inner vc_custom_1538572818794\"><div class=\"wpb_wrapper\"><a itemprop=\"url\" href=\"https:\/\/lamostradevalencia.com\/ca\/edicio-2018\/congres-cinema-i-crisi-en-el-mediterrani\/\" target=\"_self\" style=\"color: #ffffff;font-size: 17px;font-weight: 700;text-transform: uppercase\" class=\"edgtf-btn edgtf-btn-medium edgtf-btn-simple edgtf-btn- edgtf-btn-custom-hover-color \" data-hover-color=\"rgba(255,255,255,0.85)\" >\n    <span class=\"edgtf-btn-text\">CONGR\u00c9S &#039;CINE Y CRISI EN EL MEDITERR\u00c1NEO&#039;<\/span>\n    <\/a><\/div><\/div><\/div><div class=\"wpb_column vc_column_container vc_col-sm-1\/5 vc_col-has-fill\"><div class=\"vc_column-inner vc_custom_1538572830704\"><div class=\"wpb_wrapper\"><a itemprop=\"url\" href=\"https:\/\/lamostradevalencia.com\/ca\/edicio-2018\/activitats-paral%c2%b7leles-2018\/\" target=\"_self\" style=\"color: #ffffff;font-size: 17px;font-weight: 700;text-transform: uppercase\" class=\"edgtf-btn edgtf-btn-medium edgtf-btn-simple edgtf-btn- edgtf-btn-custom-hover-color \" data-hover-color=\"rgba(255,255,255,0.85)\" >\n    <span class=\"edgtf-btn-text\">ACTIVITATS PARAL\u00b7LELES<\/span>\n    <\/a><\/div><\/div><\/div><\/div><\/div><\/div><\/div><\/div><\/div>[\/vc_column][\/vc_row][vc_row css=&#8221;.vc_custom_1538589106684{padding-top: 90px !important;padding-right: 40px !important;padding-left: 40px !important;}&#8221;][vc_column width=&#8221;1\/6&#8243;][\/vc_column][vc_column width=&#8221;2\/3&#8243;][vc_single_image image=&#8221;1284&#8243; img_size=&#8221;full&#8221; alignment=&#8221;center&#8221;][vc_column_text]<\/p>\n<h6 style=\"text-align: center;\">\u00a9 Yorgos Lanthimos<\/h6>\n<p>[\/vc_column_text][\/vc_column][vc_column width=&#8221;1\/6&#8243;][\/vc_column][\/vc_row][vc_row css=&#8221;.vc_custom_1538488887581{padding-top: 50px !important;padding-right: 40px !important;padding-bottom: 90px !important;padding-left: 40px !important;}&#8221;][vc_column width=&#8221;1\/4&#8243;][\/vc_column][vc_column width=&#8221;1\/2&#8243;][vc_column_text]\n<span class=\"edgtf-dropcaps edgtf-normal\" style=\"color: #a3cb38\">\n\t<span class=\"edgtf-dropcaps-inner\">\n\t\tE\t<\/span>\n<\/span>fthimis Filippou va n\u00e0ixer a Atenes (Gr\u00e8cia) en gener de 1977. Ha treballat com a periodista freelance i \u00e9s autor de cinc obres per a teatre, aix\u00ed com de diversos guions per a cinema, entre els quals destaquen les seues col\u00b7laboracions amb el director Yorgos Lanthimos en <em>Canino<\/em> (<em>Kynodontas<\/em>, 2009); <em>Alps<\/em> (2011), amb la qual va guanyar el premi al millor gui\u00f3 en el Festival de Ven\u00e8cia; <em>Llagosta<\/em> (<em>The Lobster<\/em>, 2015), que li valgu\u00e9 una nominaci\u00f3 a l\u2019\u00d2scar, o <em>El sacrificio de un ciervo sagrado<\/em> (<em>The Killling of a Sacred Deer<\/em>, 2017). A m\u00e9s, ha treballat amb Babis Makridis en <em>L<\/em> (2012) i <em>Pity<\/em> (2018) i amb Athina Rachel Tsangari en <em>Chevalier<\/em> (2015). Tamb\u00e9 \u00e9s autor de tres llibres breus, publicats per primera vegada fora de Gr\u00e8cia en el volum <em>Veinte corazones, ganadores<\/em>, editat a Espanya per Walden Books. Posse\u00efdor d\u2019un estil molt personal, Efthimis Filippou mescla amb mestria all\u00f2 quotidi\u00e0 amb all\u00f2 absurd, l\u2019humor negre i sec amb la viol\u00e8ncia m\u00e9s crua, la dist\u00f2pia amb el surrealisme i all\u00f2 fant\u00e0stic amb all\u00f2 banal.[\/vc_column_text][\/vc_column][vc_column width=&#8221;1\/4&#8243;][\/vc_column][\/vc_row][vc_row css=&#8221;.vc_custom_1538486869251{padding-right: 40px !important;padding-left: 40px !important;}&#8221;][vc_column]<div class=\"edgtf-portfolio-list-holder edgtf-pl-masonry  edgtf-large-space edgtf-pl-three-columns edgtf-pl-standard-shader    edgtf-pl-pag-no-pagination     \"  data-type=masonry data-space-between-items=large data-number-of-items=-1 data-image-proportions=full data-enable-fixed-proportions=no data-enable-image-shadow=no data-category=palmera-honor-efthimis-filippou data-orderby=date data-order=ASC data-item-style=standard-shader data-enable-title=yes data-title-tag=h4 data-enable-category=yes data-enable-count-images=yes data-enable-excerpt=no data-excerpt-length=20 data-pagination-type=no-pagination data-filter=no data-filter-order-by=name data-enable-article-animation=no data-portfolio-slider-on=no data-enable-loop=yes data-enable-autoplay=yes data-slider-speed=5000 data-slider-speed-animation=600 data-enable-navigation=yes data-enable-pagination=yes data-max-num-pages=0 data-next-page=2>\n\t\t<div class=\"edgtf-pl-inner edgtf-outer-space clearfix\">\n\t\t<div class=\"edgtf-pl-grid-sizer\"><\/div>\n\t\t<div class=\"edgtf-pl-grid-gutter\"><\/div>\n\t\t<article class=\"edgtf-pl-item edgtf-item-space edgtf-masonry-size-default edgtf-pl-has-video post-117 portfolio-item type-portfolio-item status-publish has-post-thumbnail hentry portfolio-category-festival-2018 portfolio-category-palmera-honor-efthimis-filippou portfolio-tag-colin-farrell portfolio-tag-efthimis-filippou portfolio-tag-mostra-de-valencia portfolio-tag-rachel-weisz portfolio-tag-vose portfolio-tag-yorgos-lanthimos\">\n\t<div class=\"edgtf-pl-item-inner\">\n\t\t<div class=\"edgtf-pli-image\">\n\t<img loading=\"lazy\" decoding=\"async\" width=\"705\" height=\"1000\" src=\"https:\/\/lamostradevalencia.com\/wp-content\/uploads\/2018\/10\/Langosta.jpg\" class=\"attachment-full size-full wp-post-image\" alt=\"\" srcset=\"https:\/\/lamostradevalencia.com\/wp-content\/uploads\/2018\/10\/Langosta.jpg 705w, https:\/\/lamostradevalencia.com\/wp-content\/uploads\/2018\/10\/Langosta-212x300.jpg 212w\" sizes=\"auto, (max-width: 705px) 100vw, 705px\" \/><\/div>\n<div class=\"edgtf-pli-text-holder\" >\n\t<div class=\"edgtf-pli-text-wrapper\">\n\t\t<div class=\"edgtf-pli-text\">\n\t\t\t\t<h4 itemprop=\"name\" class=\"edgtf-pli-title entry-title\" >\n\t\tLangosta\t<\/h4>\n\n\t\t\t\t\t<div class=\"edgtf-pli-category-holder\">\n\t\t\t\t\t\t\t<a itemprop=\"url\" class=\"edgtf-pli-category\" href=\"https:\/\/lamostradevalencia.com\/categoria-portfolio\/festival-2018\/\">Festival 2018<\/a>\n\t\t\t\t\t\t\t<a itemprop=\"url\" class=\"edgtf-pli-category\" href=\"https:\/\/lamostradevalencia.com\/categoria-portfolio\/palmera-honor-efthimis-filippou\/\">Palmera de Honor. Efthimis Filippou<\/a>\n\t\t\t\t\t<\/div>\n\t\n\t\t\t\n\t\t\t\t\t<\/div>\n\t<\/div>\n<\/div>\n\t\t<a itemprop=\"url\" class=\"edgtf-pli-link edgtf-block-drag-link\" href=\"https:\/\/lamostradevalencia.com\/ca\/peliculas\/langosta\/\" target=\"_self\"><\/a>\n\t<\/div>\n<\/article><article class=\"edgtf-pl-item edgtf-item-space edgtf-masonry-size-default post-766 portfolio-item type-portfolio-item status-publish has-post-thumbnail hentry portfolio-category-festival-2018-2 portfolio-category-palmera-dhonor-efthimis-filippou portfolio-tag-angeliki-papoulia-ca portfolio-tag-aris-servetalis-ca-2 portfolio-tag-efthimis-filippou-ca-2 portfolio-tag-mostra-de-valencia-ca-2 portfolio-tag-yorgos-lanthimos-ca-2\">\n\t<div class=\"edgtf-pl-item-inner\">\n\t\t<div class=\"edgtf-pli-image\">\n\t<img loading=\"lazy\" decoding=\"async\" width=\"701\" height=\"1000\" src=\"https:\/\/lamostradevalencia.com\/wp-content\/uploads\/2018\/10\/alps.jpg\" class=\"attachment-full size-full wp-post-image\" alt=\"\" srcset=\"https:\/\/lamostradevalencia.com\/wp-content\/uploads\/2018\/10\/alps.jpg 701w, https:\/\/lamostradevalencia.com\/wp-content\/uploads\/2018\/10\/alps-210x300.jpg 210w\" sizes=\"auto, (max-width: 701px) 100vw, 701px\" \/><\/div>\n<div class=\"edgtf-pli-text-holder\" >\n\t<div class=\"edgtf-pli-text-wrapper\">\n\t\t<div class=\"edgtf-pli-text\">\n\t\t\t\t<h4 itemprop=\"name\" class=\"edgtf-pli-title entry-title\" >\n\t\tALPS\t<\/h4>\n\n\t\t\t\t\t<div class=\"edgtf-pli-category-holder\">\n\t\t\t\t\t\t\t<a itemprop=\"url\" class=\"edgtf-pli-category\" href=\"https:\/\/lamostradevalencia.com\/ca\/categoria-portfolio-1\/festival-2018-2\/\">Festival 2018<\/a>\n\t\t\t\t\t\t\t<a itemprop=\"url\" class=\"edgtf-pli-category\" href=\"https:\/\/lamostradevalencia.com\/ca\/categoria-portfolio-1\/palmera-dhonor-efthimis-filippou\/\">Palmera d&#039;Honor. Efthimis Filippou<\/a>\n\t\t\t\t\t<\/div>\n\t\n\t\t\t\n\t\t\t\t\t<\/div>\n\t<\/div>\n<\/div>\n\t\t<a itemprop=\"url\" class=\"edgtf-pli-link edgtf-block-drag-link\" href=\"https:\/\/lamostradevalencia.com\/ca\/peliculas\/alps-2\/\" target=\"_self\"><\/a>\n\t<\/div>\n<\/article><article class=\"edgtf-pl-item edgtf-item-space edgtf-masonry-size-default post-767 portfolio-item type-portfolio-item status-publish has-post-thumbnail hentry portfolio-category-festival-2018-2 portfolio-category-palmera-dhonor-efthimis-filippou portfolio-tag-albert-moya-ca portfolio-tag-dylan-moran-ca portfolio-tag-efthimis-filippou-ca-2 portfolio-tag-mostra-de-valencia-ca-2 portfolio-tag-sean-nicholas-savage-ca\">\n\t<div class=\"edgtf-pl-item-inner\">\n\t\t<div class=\"edgtf-pli-image\">\n\t<img loading=\"lazy\" decoding=\"async\" width=\"408\" height=\"576\" src=\"https:\/\/lamostradevalencia.com\/wp-content\/uploads\/2018\/10\/Baton.jpg\" class=\"attachment-full size-full wp-post-image\" alt=\"\" srcset=\"https:\/\/lamostradevalencia.com\/wp-content\/uploads\/2018\/10\/Baton.jpg 408w, https:\/\/lamostradevalencia.com\/wp-content\/uploads\/2018\/10\/Baton-213x300.jpg 213w\" sizes=\"auto, (max-width: 408px) 100vw, 408px\" \/><\/div>\n<div class=\"edgtf-pli-text-holder\" >\n\t<div class=\"edgtf-pli-text-wrapper\">\n\t\t<div class=\"edgtf-pli-text\">\n\t\t\t\t<h4 itemprop=\"name\" class=\"edgtf-pli-title entry-title\" >\n\t\tBATON\t<\/h4>\n\n\t\t\t\t\t<div class=\"edgtf-pli-category-holder\">\n\t\t\t\t\t\t\t<a itemprop=\"url\" class=\"edgtf-pli-category\" href=\"https:\/\/lamostradevalencia.com\/ca\/categoria-portfolio-1\/festival-2018-2\/\">Festival 2018<\/a>\n\t\t\t\t\t\t\t<a itemprop=\"url\" class=\"edgtf-pli-category\" href=\"https:\/\/lamostradevalencia.com\/ca\/categoria-portfolio-1\/palmera-dhonor-efthimis-filippou\/\">Palmera d&#039;Honor. Efthimis Filippou<\/a>\n\t\t\t\t\t<\/div>\n\t\n\t\t\t\n\t\t\t\t\t<\/div>\n\t<\/div>\n<\/div>\n\t\t<a itemprop=\"url\" class=\"edgtf-pli-link edgtf-block-drag-link\" href=\"https:\/\/lamostradevalencia.com\/ca\/peliculas\/baton\/\" target=\"_self\"><\/a>\n\t<\/div>\n<\/article><article class=\"edgtf-pl-item edgtf-item-space edgtf-masonry-size-default post-768 portfolio-item type-portfolio-item status-publish has-post-thumbnail hentry portfolio-category-festival-2018-2 portfolio-category-palmera-dhonor-efthimis-filippou portfolio-tag-christos-stergioglou-ca portfolio-tag-efthimis-filippou-ca-2 portfolio-tag-michele-valley-ca portfolio-tag-mostra-de-valencia-ca-2 portfolio-tag-yorgos-lanthimos-ca-2\">\n\t<div class=\"edgtf-pl-item-inner\">\n\t\t<div class=\"edgtf-pli-image\">\n\t<img loading=\"lazy\" decoding=\"async\" width=\"714\" height=\"1000\" src=\"https:\/\/lamostradevalencia.com\/wp-content\/uploads\/2018\/10\/Canino.jpg\" class=\"attachment-full size-full wp-post-image\" alt=\"\" srcset=\"https:\/\/lamostradevalencia.com\/wp-content\/uploads\/2018\/10\/Canino.jpg 714w, https:\/\/lamostradevalencia.com\/wp-content\/uploads\/2018\/10\/Canino-214x300.jpg 214w\" sizes=\"auto, (max-width: 714px) 100vw, 714px\" \/><\/div>\n<div class=\"edgtf-pli-text-holder\" >\n\t<div class=\"edgtf-pli-text-wrapper\">\n\t\t<div class=\"edgtf-pli-text\">\n\t\t\t\t<h4 itemprop=\"name\" class=\"edgtf-pli-title entry-title\" >\n\t\tCANINO\t<\/h4>\n\n\t\t\t\t\t<div class=\"edgtf-pli-category-holder\">\n\t\t\t\t\t\t\t<a itemprop=\"url\" class=\"edgtf-pli-category\" href=\"https:\/\/lamostradevalencia.com\/ca\/categoria-portfolio-1\/festival-2018-2\/\">Festival 2018<\/a>\n\t\t\t\t\t\t\t<a itemprop=\"url\" class=\"edgtf-pli-category\" href=\"https:\/\/lamostradevalencia.com\/ca\/categoria-portfolio-1\/palmera-dhonor-efthimis-filippou\/\">Palmera d&#039;Honor. Efthimis Filippou<\/a>\n\t\t\t\t\t<\/div>\n\t\n\t\t\t\n\t\t\t\t\t<\/div>\n\t<\/div>\n<\/div>\n\t\t<a itemprop=\"url\" class=\"edgtf-pli-link edgtf-block-drag-link\" href=\"https:\/\/lamostradevalencia.com\/ca\/peliculas\/cani\/\" target=\"_self\"><\/a>\n\t<\/div>\n<\/article><article class=\"edgtf-pl-item edgtf-item-space edgtf-masonry-size-default post-771 portfolio-item type-portfolio-item status-publish has-post-thumbnail hentry portfolio-category-festival-2018-2 portfolio-category-palmera-dhonor-efthimis-filippou portfolio-tag-athina-rachel-tsangari-ca portfolio-tag-efthimis-filippou-ca-2 portfolio-tag-mostra-de-valencia-ca-2 portfolio-tag-panos-koronis-ca portfolio-tag-yiorgos-kendros-ca\">\n\t<div class=\"edgtf-pl-item-inner\">\n\t\t<div class=\"edgtf-pli-image\">\n\t<img loading=\"lazy\" decoding=\"async\" width=\"679\" height=\"1000\" src=\"https:\/\/lamostradevalencia.com\/wp-content\/uploads\/2018\/10\/Chevalier.jpg\" class=\"attachment-full size-full wp-post-image\" alt=\"\" srcset=\"https:\/\/lamostradevalencia.com\/wp-content\/uploads\/2018\/10\/Chevalier.jpg 679w, https:\/\/lamostradevalencia.com\/wp-content\/uploads\/2018\/10\/Chevalier-204x300.jpg 204w\" sizes=\"auto, (max-width: 679px) 100vw, 679px\" \/><\/div>\n<div class=\"edgtf-pli-text-holder\" >\n\t<div class=\"edgtf-pli-text-wrapper\">\n\t\t<div class=\"edgtf-pli-text\">\n\t\t\t\t<h4 itemprop=\"name\" class=\"edgtf-pli-title entry-title\" >\n\t\tCHEVALIER\t<\/h4>\n\n\t\t\t\t\t<div class=\"edgtf-pli-category-holder\">\n\t\t\t\t\t\t\t<a itemprop=\"url\" class=\"edgtf-pli-category\" href=\"https:\/\/lamostradevalencia.com\/ca\/categoria-portfolio-1\/festival-2018-2\/\">Festival 2018<\/a>\n\t\t\t\t\t\t\t<a itemprop=\"url\" class=\"edgtf-pli-category\" href=\"https:\/\/lamostradevalencia.com\/ca\/categoria-portfolio-1\/palmera-dhonor-efthimis-filippou\/\">Palmera d&#039;Honor. Efthimis Filippou<\/a>\n\t\t\t\t\t<\/div>\n\t\n\t\t\t\n\t\t\t\t\t<\/div>\n\t<\/div>\n<\/div>\n\t\t<a itemprop=\"url\" class=\"edgtf-pli-link edgtf-block-drag-link\" href=\"https:\/\/lamostradevalencia.com\/ca\/peliculas\/chevalier\/\" target=\"_self\"><\/a>\n\t<\/div>\n<\/article><article class=\"edgtf-pl-item edgtf-item-space edgtf-masonry-size-default post-772 portfolio-item type-portfolio-item status-publish has-post-thumbnail hentry portfolio-category-festival-2018-2 portfolio-category-palmera-dhonor-efthimis-filippou portfolio-tag-colin-farrell-ca portfolio-tag-efthimis-filippou-ca-2 portfolio-tag-mostra-de-valencia-ca-2 portfolio-tag-nicole-kidman-ca portfolio-tag-yorgos-lanthimos-ca-2\">\n\t<div class=\"edgtf-pl-item-inner\">\n\t\t<div class=\"edgtf-pli-image\">\n\t<img loading=\"lazy\" decoding=\"async\" width=\"674\" height=\"1000\" src=\"https:\/\/lamostradevalencia.com\/wp-content\/uploads\/2018\/10\/El-sacrificio-de-un-ciervo-sagrado.jpg\" class=\"attachment-full size-full wp-post-image\" alt=\"\" srcset=\"https:\/\/lamostradevalencia.com\/wp-content\/uploads\/2018\/10\/El-sacrificio-de-un-ciervo-sagrado.jpg 674w, https:\/\/lamostradevalencia.com\/wp-content\/uploads\/2018\/10\/El-sacrificio-de-un-ciervo-sagrado-202x300.jpg 202w\" sizes=\"auto, (max-width: 674px) 100vw, 674px\" \/><\/div>\n<div class=\"edgtf-pli-text-holder\" >\n\t<div class=\"edgtf-pli-text-wrapper\">\n\t\t<div class=\"edgtf-pli-text\">\n\t\t\t\t<h4 itemprop=\"name\" class=\"edgtf-pli-title entry-title\" >\n\t\tEL SACRIFICIO DE UN CIERVO SAGRADO\t<\/h4>\n\n\t\t\t\t\t<div class=\"edgtf-pli-category-holder\">\n\t\t\t\t\t\t\t<a itemprop=\"url\" class=\"edgtf-pli-category\" href=\"https:\/\/lamostradevalencia.com\/ca\/categoria-portfolio-1\/festival-2018-2\/\">Festival 2018<\/a>\n\t\t\t\t\t\t\t<a itemprop=\"url\" class=\"edgtf-pli-category\" href=\"https:\/\/lamostradevalencia.com\/ca\/categoria-portfolio-1\/palmera-dhonor-efthimis-filippou\/\">Palmera d&#039;Honor. Efthimis Filippou<\/a>\n\t\t\t\t\t<\/div>\n\t\n\t\t\t\n\t\t\t\t\t<\/div>\n\t<\/div>\n<\/div>\n\t\t<a itemprop=\"url\" class=\"edgtf-pli-link edgtf-block-drag-link\" href=\"https:\/\/lamostradevalencia.com\/ca\/peliculas\/el-sacrifici-dun-cervol-sagrat\/\" target=\"_self\"><\/a>\n\t<\/div>\n<\/article><article class=\"edgtf-pl-item edgtf-item-space edgtf-masonry-size-default post-773 portfolio-item type-portfolio-item status-publish has-post-thumbnail hentry portfolio-category-festival-2018-2 portfolio-category-palmera-dhonor-efthimis-filippou portfolio-tag-aris-servetalis-ca portfolio-tag-babis-makridis-ca portfolio-tag-efthimis-filippou-ca portfolio-tag-makis-papadimitriou-ca portfolio-tag-mostra-de-valencia-ca-2\">\n\t<div class=\"edgtf-pl-item-inner\">\n\t\t<div class=\"edgtf-pli-image\">\n\t<img loading=\"lazy\" decoding=\"async\" width=\"693\" height=\"1000\" src=\"https:\/\/lamostradevalencia.com\/wp-content\/uploads\/2018\/10\/L.jpg\" class=\"attachment-full size-full wp-post-image\" alt=\"\" srcset=\"https:\/\/lamostradevalencia.com\/wp-content\/uploads\/2018\/10\/L.jpg 693w, https:\/\/lamostradevalencia.com\/wp-content\/uploads\/2018\/10\/L-208x300.jpg 208w\" sizes=\"auto, (max-width: 693px) 100vw, 693px\" \/><\/div>\n<div class=\"edgtf-pli-text-holder\" >\n\t<div class=\"edgtf-pli-text-wrapper\">\n\t\t<div class=\"edgtf-pli-text\">\n\t\t\t\t<h4 itemprop=\"name\" class=\"edgtf-pli-title entry-title\" >\n\t\tL\t<\/h4>\n\n\t\t\t\t\t<div class=\"edgtf-pli-category-holder\">\n\t\t\t\t\t\t\t<a itemprop=\"url\" class=\"edgtf-pli-category\" href=\"https:\/\/lamostradevalencia.com\/ca\/categoria-portfolio-1\/festival-2018-2\/\">Festival 2018<\/a>\n\t\t\t\t\t\t\t<a itemprop=\"url\" class=\"edgtf-pli-category\" href=\"https:\/\/lamostradevalencia.com\/ca\/categoria-portfolio-1\/palmera-dhonor-efthimis-filippou\/\">Palmera d&#039;Honor. Efthimis Filippou<\/a>\n\t\t\t\t\t<\/div>\n\t\n\t\t\t\n\t\t\t\t\t<\/div>\n\t<\/div>\n<\/div>\n\t\t<a itemprop=\"url\" class=\"edgtf-pli-link edgtf-block-drag-link\" href=\"https:\/\/lamostradevalencia.com\/ca\/peliculas\/l\/\" target=\"_self\"><\/a>\n\t<\/div>\n<\/article><article class=\"edgtf-pl-item edgtf-item-space edgtf-masonry-size-default post-1005 portfolio-item type-portfolio-item status-publish has-post-thumbnail hentry portfolio-category-festival-2018-2 portfolio-category-palmera-dhonor-efthimis-filippou portfolio-tag-collin-farrel portfolio-tag-palmera-dhonor portfolio-tag-rachel-weisz-ca-2 portfolio-tag-yorgos-lanthimos-ca-2\">\n\t<div class=\"edgtf-pl-item-inner\">\n\t\t<div class=\"edgtf-pli-image\">\n\t<img loading=\"lazy\" decoding=\"async\" width=\"705\" height=\"1000\" src=\"https:\/\/lamostradevalencia.com\/wp-content\/uploads\/2018\/10\/Langosta.jpg\" class=\"attachment-full size-full wp-post-image\" alt=\"\" srcset=\"https:\/\/lamostradevalencia.com\/wp-content\/uploads\/2018\/10\/Langosta.jpg 705w, https:\/\/lamostradevalencia.com\/wp-content\/uploads\/2018\/10\/Langosta-212x300.jpg 212w\" sizes=\"auto, (max-width: 705px) 100vw, 705px\" \/><\/div>\n<div class=\"edgtf-pli-text-holder\" >\n\t<div class=\"edgtf-pli-text-wrapper\">\n\t\t<div class=\"edgtf-pli-text\">\n\t\t\t\t<h4 itemprop=\"name\" class=\"edgtf-pli-title entry-title\" >\n\t\tLLAGOSTA\t<\/h4>\n\n\t\t\t\t\t<div class=\"edgtf-pli-category-holder\">\n\t\t\t\t\t\t\t<a itemprop=\"url\" class=\"edgtf-pli-category\" href=\"https:\/\/lamostradevalencia.com\/ca\/categoria-portfolio-1\/festival-2018-2\/\">Festival 2018<\/a>\n\t\t\t\t\t\t\t<a itemprop=\"url\" class=\"edgtf-pli-category\" href=\"https:\/\/lamostradevalencia.com\/ca\/categoria-portfolio-1\/palmera-dhonor-efthimis-filippou\/\">Palmera d&#039;Honor. Efthimis Filippou<\/a>\n\t\t\t\t\t<\/div>\n\t\n\t\t\t\n\t\t\t\t\t<\/div>\n\t<\/div>\n<\/div>\n\t\t<a itemprop=\"url\" class=\"edgtf-pli-link edgtf-block-drag-link\" href=\"https:\/\/lamostradevalencia.com\/ca\/peliculas\/llagosta\/\" target=\"_self\"><\/a>\n\t<\/div>\n<\/article>\t<\/div>\n\t\n\t<\/div>[\/vc_column][\/vc_row]<\/p>\n<\/div>","protected":false},"excerpt":{"rendered":"LLAGOSTA THE LOBSTER IRLANDA, REGNE UNIT, HOLANDA, FRAN\u00c7A, GRECIA. 2015. COLOR. 119\u00b4. VOSE PALMERA D&#039;HONOR. EFTHIMIS FILIPPOU En un m\u00f3n dist\u00f2pic, els fadrins s\u00f3n arrestats [...]","protected":false},"author":1,"featured_media":0,"parent":2838,"menu_order":4,"comment_status":"closed","ping_status":"closed","template":"full-width.php","meta":{"_uag_custom_page_level_css":"","_jet_sm_ready_style":"","_jet_sm_style":"","_jet_sm_controls_values":"","_jet_sm_fonts_collection":"","_jet_sm_fonts_links":"","footnotes":""},"class_list":["post-2126","page","type-page","status-publish","hentry"],"yoast_head":"<!-- This site is optimized with the Yoast SEO plugin v27.5 - https:\/\/yoast.com\/product\/yoast-seo-wordpress\/ -->\n<title>Palmera d&#039;Honor. Efthimis Filippou - Mostra de Val\u00e8ncia<\/title>\n<meta name=\"robots\" content=\"index, follow, max-snippet:-1, max-image-preview:large, max-video-preview:-1\" \/>\n<link rel=\"canonical\" href=\"https:\/\/lamostradevalencia.com\/ca\/edicio-2018\/palmera-dhonor-efthimis-filippou\/\" \/>\n<meta property=\"og:locale\" content=\"ca_ES\" \/>\n<meta property=\"og:type\" content=\"article\" \/>\n<meta property=\"og:title\" content=\"Palmera d&#039;Honor. Efthimis Filippou - Mostra de Val\u00e8ncia\" \/>\n<meta property=\"og:url\" content=\"https:\/\/lamostradevalencia.com\/ca\/edicio-2018\/palmera-dhonor-efthimis-filippou\/\" \/>\n<meta property=\"og:site_name\" content=\"Mostra de Val\u00e8ncia\" \/>\n<meta property=\"article:modified_time\" content=\"2019-08-02T22:37:21+00:00\" \/>\n<meta name=\"twitter:card\" content=\"summary_large_image\" \/>\n<meta name=\"twitter:label1\" content=\"Temps estimat de lectura\" \/>\n\t<meta name=\"twitter:data1\" content=\"2 minuts\" \/>\n<script type=\"application\/ld+json\" class=\"yoast-schema-graph\">{\"@context\":\"https:\\\/\\\/schema.org\",\"@graph\":[{\"@type\":\"WebPage\",\"@id\":\"https:\\\/\\\/lamostradevalencia.com\\\/ca\\\/edicio-2018\\\/palmera-dhonor-efthimis-filippou\\\/\",\"url\":\"https:\\\/\\\/lamostradevalencia.com\\\/ca\\\/edicio-2018\\\/palmera-dhonor-efthimis-filippou\\\/\",\"name\":\"Palmera d'Honor. Efthimis Filippou - Mostra de Val\u00e8ncia\",\"isPartOf\":{\"@id\":\"https:\\\/\\\/lamostradevalencia.com\\\/ca\\\/#website\"},\"datePublished\":\"2018-08-06T05:50:54+00:00\",\"dateModified\":\"2019-08-02T22:37:21+00:00\",\"breadcrumb\":{\"@id\":\"https:\\\/\\\/lamostradevalencia.com\\\/ca\\\/edicio-2018\\\/palmera-dhonor-efthimis-filippou\\\/#breadcrumb\"},\"inLanguage\":\"ca\",\"potentialAction\":[{\"@type\":\"ReadAction\",\"target\":[\"https:\\\/\\\/lamostradevalencia.com\\\/ca\\\/edicio-2018\\\/palmera-dhonor-efthimis-filippou\\\/\"]}]},{\"@type\":\"BreadcrumbList\",\"@id\":\"https:\\\/\\\/lamostradevalencia.com\\\/ca\\\/edicio-2018\\\/palmera-dhonor-efthimis-filippou\\\/#breadcrumb\",\"itemListElement\":[{\"@type\":\"ListItem\",\"position\":1,\"name\":\"Portada\",\"item\":\"https:\\\/\\\/lamostradevalencia.com\\\/ca\\\/\"},{\"@type\":\"ListItem\",\"position\":2,\"name\":\"Edici\u00f3 2018\",\"item\":\"https:\\\/\\\/lamostradevalencia.com\\\/ca\\\/edicion-2018\\\/\"},{\"@type\":\"ListItem\",\"position\":3,\"name\":\"Palmera d&#8217;Honor. Efthimis Filippou\"}]},{\"@type\":\"WebSite\",\"@id\":\"https:\\\/\\\/lamostradevalencia.com\\\/ca\\\/#website\",\"url\":\"https:\\\/\\\/lamostradevalencia.com\\\/ca\\\/\",\"name\":\"Mostra de Val\u00e8ncia\",\"description\":\"Cinema del Mediterrani\",\"potentialAction\":[{\"@type\":\"SearchAction\",\"target\":{\"@type\":\"EntryPoint\",\"urlTemplate\":\"https:\\\/\\\/lamostradevalencia.com\\\/ca\\\/?s={search_term_string}\"},\"query-input\":{\"@type\":\"PropertyValueSpecification\",\"valueRequired\":true,\"valueName\":\"search_term_string\"}}],\"inLanguage\":\"ca\"}]}<\/script>\n<!-- \/ Yoast SEO plugin. -->","yoast_head_json":{"title":"Palmera d'Honor. Efthimis Filippou - Mostra de Val\u00e8ncia","robots":{"index":"index","follow":"follow","max-snippet":"max-snippet:-1","max-image-preview":"max-image-preview:large","max-video-preview":"max-video-preview:-1"},"canonical":"https:\/\/lamostradevalencia.com\/ca\/edicio-2018\/palmera-dhonor-efthimis-filippou\/","og_locale":"ca_ES","og_type":"article","og_title":"Palmera d'Honor. Efthimis Filippou - Mostra de Val\u00e8ncia","og_url":"https:\/\/lamostradevalencia.com\/ca\/edicio-2018\/palmera-dhonor-efthimis-filippou\/","og_site_name":"Mostra de Val\u00e8ncia","article_modified_time":"2019-08-02T22:37:21+00:00","twitter_card":"summary_large_image","twitter_misc":{"Temps estimat de lectura":"2 minuts"},"schema":{"@context":"https:\/\/schema.org","@graph":[{"@type":"WebPage","@id":"https:\/\/lamostradevalencia.com\/ca\/edicio-2018\/palmera-dhonor-efthimis-filippou\/","url":"https:\/\/lamostradevalencia.com\/ca\/edicio-2018\/palmera-dhonor-efthimis-filippou\/","name":"Palmera d'Honor. Efthimis Filippou - Mostra de Val\u00e8ncia","isPartOf":{"@id":"https:\/\/lamostradevalencia.com\/ca\/#website"},"datePublished":"2018-08-06T05:50:54+00:00","dateModified":"2019-08-02T22:37:21+00:00","breadcrumb":{"@id":"https:\/\/lamostradevalencia.com\/ca\/edicio-2018\/palmera-dhonor-efthimis-filippou\/#breadcrumb"},"inLanguage":"ca","potentialAction":[{"@type":"ReadAction","target":["https:\/\/lamostradevalencia.com\/ca\/edicio-2018\/palmera-dhonor-efthimis-filippou\/"]}]},{"@type":"BreadcrumbList","@id":"https:\/\/lamostradevalencia.com\/ca\/edicio-2018\/palmera-dhonor-efthimis-filippou\/#breadcrumb","itemListElement":[{"@type":"ListItem","position":1,"name":"Portada","item":"https:\/\/lamostradevalencia.com\/ca\/"},{"@type":"ListItem","position":2,"name":"Edici\u00f3 2018","item":"https:\/\/lamostradevalencia.com\/ca\/edicion-2018\/"},{"@type":"ListItem","position":3,"name":"Palmera d&#8217;Honor. Efthimis Filippou"}]},{"@type":"WebSite","@id":"https:\/\/lamostradevalencia.com\/ca\/#website","url":"https:\/\/lamostradevalencia.com\/ca\/","name":"Mostra de Val\u00e8ncia","description":"Cinema del Mediterrani","potentialAction":[{"@type":"SearchAction","target":{"@type":"EntryPoint","urlTemplate":"https:\/\/lamostradevalencia.com\/ca\/?s={search_term_string}"},"query-input":{"@type":"PropertyValueSpecification","valueRequired":true,"valueName":"search_term_string"}}],"inLanguage":"ca"}]}},"uagb_featured_image_src":{"full":false,"thumbnail":false,"medium":false,"medium_large":false,"large":false,"1536x1536":false,"2048x2048":false,"cinerama_edge_image_square":false,"cinerama_edge_image_landscape":false,"cinerama_edge_image_portrait":false,"cinerama_edge_image_huge":false,"gform-image-choice-sm":false,"gform-image-choice-md":false,"gform-image-choice-lg":false},"uagb_author_info":{"display_name":"Mostra de Val\u00e8ncia","author_link":"https:\/\/lamostradevalencia.com\/ca\/author\/mostravalencia\/"},"uagb_comment_info":0,"uagb_excerpt":null,"_links":{"self":[{"href":"https:\/\/lamostradevalencia.com\/ca\/wp-json\/wp\/v2\/pages\/2126","targetHints":{"allow":["GET"]}}],"collection":[{"href":"https:\/\/lamostradevalencia.com\/ca\/wp-json\/wp\/v2\/pages"}],"about":[{"href":"https:\/\/lamostradevalencia.com\/ca\/wp-json\/wp\/v2\/types\/page"}],"author":[{"embeddable":true,"href":"https:\/\/lamostradevalencia.com\/ca\/wp-json\/wp\/v2\/users\/1"}],"replies":[{"embeddable":true,"href":"https:\/\/lamostradevalencia.com\/ca\/wp-json\/wp\/v2\/comments?post=2126"}],"version-history":[{"count":6,"href":"https:\/\/lamostradevalencia.com\/ca\/wp-json\/wp\/v2\/pages\/2126\/revisions"}],"predecessor-version":[{"id":2980,"href":"https:\/\/lamostradevalencia.com\/ca\/wp-json\/wp\/v2\/pages\/2126\/revisions\/2980"}],"up":[{"embeddable":true,"href":"https:\/\/lamostradevalencia.com\/ca\/wp-json\/wp\/v2\/pages\/2838"}],"wp:attachment":[{"href":"https:\/\/lamostradevalencia.com\/ca\/wp-json\/wp\/v2\/media?parent=2126"}],"curies":[{"name":"wp","href":"https:\/\/api.w.org\/{rel}","templated":true}]}}