{"id":2120,"date":"2018-08-06T07:55:38","date_gmt":"2018-08-06T05:55:38","guid":{"rendered":"https:\/\/lamostradevalencia.com\/el-festival\/seccions\/activitats-paral%c2%b7leles\/"},"modified":"2019-10-04T13:40:30","modified_gmt":"2019-10-04T11:40:30","slug":"activitats-paral%c2%b7leles","status":"publish","type":"page","link":"https:\/\/lamostradevalencia.com\/ca\/edicio-2019\/activitats-paral%c2%b7leles\/","title":{"rendered":"Activitats paral\u00b7leles"},"content":{"rendered":"<div class=\"wpb-content-wrapper\"><p>[vc_row css=&#8221;.vc_custom_1538935916155{padding-top: 90px !important;padding-right: 40px !important;padding-bottom: 50px !important;padding-left: 40px !important;}&#8221;][vc_column]<div class=\"edgtf-portfolio-list-holder edgtf-pl-masonry  edgtf-large-space edgtf-pl-two-columns edgtf-pl-standard-shader    edgtf-pl-pag-no-pagination     \"  data-type=masonry data-number-of-columns=2 data-space-between-items=large data-number-of-items=-1 data-image-proportions=full data-enable-fixed-proportions=no data-enable-image-shadow=no data-category=activitats-paral-leles-2019 data-orderby=date data-order=ASC data-item-style=standard-shader data-enable-title=yes data-title-tag=h4 data-enable-category=yes data-enable-count-images=yes data-enable-excerpt=no data-excerpt-length=20 data-pagination-type=no-pagination data-filter=no data-filter-order-by=name data-enable-article-animation=no data-portfolio-slider-on=no data-enable-loop=yes data-enable-autoplay=yes data-slider-speed=5000 data-slider-speed-animation=600 data-enable-navigation=yes data-enable-pagination=yes data-max-num-pages=0 data-next-page=2>\n\t\t<div class=\"edgtf-pl-inner edgtf-outer-space clearfix\">\n\t\t<div class=\"edgtf-pl-grid-sizer\"><\/div>\n\t\t<div class=\"edgtf-pl-grid-gutter\"><\/div>\n\t\t<article class=\"edgtf-pl-item edgtf-item-space edgtf-masonry-size-default post-4107 portfolio-item type-portfolio-item status-publish has-post-thumbnail hentry portfolio-category-activitats-paral-leles-2019 portfolio-category-festival-2019-ca portfolio-tag-activitats-paralleles portfolio-tag-liliana-cavani-ca portfolio-tag-massimo-lechi-ca portfolio-tag-masterclass-ca portfolio-tag-mostra-de-valencia-ca-2\">\n\t<div class=\"edgtf-pl-item-inner\">\n\t\t<div class=\"edgtf-pli-image\">\n\t<img loading=\"lazy\" decoding=\"async\" width=\"3500\" height=\"1936\" src=\"https:\/\/lamostradevalencia.com\/wp-content\/uploads\/2019\/10\/Liliana-Cavani.jpg\" class=\"attachment-full size-full wp-post-image\" alt=\"\" srcset=\"https:\/\/lamostradevalencia.com\/wp-content\/uploads\/2019\/10\/Liliana-Cavani.jpg 3500w, https:\/\/lamostradevalencia.com\/wp-content\/uploads\/2019\/10\/Liliana-Cavani-300x166.jpg 300w, https:\/\/lamostradevalencia.com\/wp-content\/uploads\/2019\/10\/Liliana-Cavani-768x425.jpg 768w, https:\/\/lamostradevalencia.com\/wp-content\/uploads\/2019\/10\/Liliana-Cavani-1024x566.jpg 1024w\" sizes=\"auto, (max-width: 3500px) 100vw, 3500px\" \/><\/div>\n<div class=\"edgtf-pli-text-holder\" >\n\t<div class=\"edgtf-pli-text-wrapper\">\n\t\t<div class=\"edgtf-pli-text\">\n\t\t\t\t<h4 itemprop=\"name\" class=\"edgtf-pli-title entry-title\" >\n\t\tMasterclass Liliana Cavani\t<\/h4>\n\n\t\t\t\t\t<div class=\"edgtf-pli-category-holder\">\n\t\t\t\t\t\t\t<a itemprop=\"url\" class=\"edgtf-pli-category\" href=\"https:\/\/lamostradevalencia.com\/ca\/categoria-portfolio-1\/activitats-paral-leles-2019\/\">Activitats paral\u00b7leles 2019<\/a>\n\t\t\t\t\t\t\t<a itemprop=\"url\" class=\"edgtf-pli-category\" href=\"https:\/\/lamostradevalencia.com\/ca\/categoria-portfolio-1\/festival-2019-ca\/\">Festival 2019<\/a>\n\t\t\t\t\t<\/div>\n\t\n\t\t\t\n\t\t\t\t\t<\/div>\n\t<\/div>\n<\/div>\n\t\t<a itemprop=\"url\" class=\"edgtf-pli-link edgtf-block-drag-link\" href=\"https:\/\/lamostradevalencia.com\/ca\/peliculas\/masterclass-liliana-cavani\/\" target=\"_self\"><\/a>\n\t<\/div>\n<\/article><article class=\"edgtf-pl-item edgtf-item-space edgtf-masonry-size-default post-4106 portfolio-item type-portfolio-item status-publish has-post-thumbnail hentry portfolio-category-activitats-paral-leles-2019 portfolio-category-festival-2019-ca portfolio-tag-activitats-paralleles portfolio-tag-ferzan-ozpetek-ca portfolio-tag-manel-haro-ca portfolio-tag-masterclass-ca portfolio-tag-mostra-de-valencia-ca-2\">\n\t<div class=\"edgtf-pl-item-inner\">\n\t\t<div class=\"edgtf-pli-image\">\n\t<img loading=\"lazy\" decoding=\"async\" width=\"1200\" height=\"1200\" src=\"https:\/\/lamostradevalencia.com\/wp-content\/uploads\/2019\/10\/Ferzan-Ozpetek.jpg\" class=\"attachment-full size-full wp-post-image\" alt=\"\" srcset=\"https:\/\/lamostradevalencia.com\/wp-content\/uploads\/2019\/10\/Ferzan-Ozpetek.jpg 1200w, https:\/\/lamostradevalencia.com\/wp-content\/uploads\/2019\/10\/Ferzan-Ozpetek-150x150.jpg 150w, https:\/\/lamostradevalencia.com\/wp-content\/uploads\/2019\/10\/Ferzan-Ozpetek-300x300.jpg 300w, https:\/\/lamostradevalencia.com\/wp-content\/uploads\/2019\/10\/Ferzan-Ozpetek-768x768.jpg 768w, https:\/\/lamostradevalencia.com\/wp-content\/uploads\/2019\/10\/Ferzan-Ozpetek-1024x1024.jpg 1024w, https:\/\/lamostradevalencia.com\/wp-content\/uploads\/2019\/10\/Ferzan-Ozpetek-550x550.jpg 550w, https:\/\/lamostradevalencia.com\/wp-content\/uploads\/2019\/10\/Ferzan-Ozpetek-1100x1100.jpg 1100w\" sizes=\"auto, (max-width: 1200px) 100vw, 1200px\" \/><\/div>\n<div class=\"edgtf-pli-text-holder\" >\n\t<div class=\"edgtf-pli-text-wrapper\">\n\t\t<div class=\"edgtf-pli-text\">\n\t\t\t\t<h4 itemprop=\"name\" class=\"edgtf-pli-title entry-title\" >\n\t\tMasterclass Ferzan Ozpetek\t<\/h4>\n\n\t\t\t\t\t<div class=\"edgtf-pli-category-holder\">\n\t\t\t\t\t\t\t<a itemprop=\"url\" class=\"edgtf-pli-category\" href=\"https:\/\/lamostradevalencia.com\/ca\/categoria-portfolio-1\/activitats-paral-leles-2019\/\">Activitats paral\u00b7leles 2019<\/a>\n\t\t\t\t\t\t\t<a itemprop=\"url\" class=\"edgtf-pli-category\" href=\"https:\/\/lamostradevalencia.com\/ca\/categoria-portfolio-1\/festival-2019-ca\/\">Festival 2019<\/a>\n\t\t\t\t\t<\/div>\n\t\n\t\t\t\n\t\t\t\t\t<\/div>\n\t<\/div>\n<\/div>\n\t\t<a itemprop=\"url\" class=\"edgtf-pli-link edgtf-block-drag-link\" href=\"https:\/\/lamostradevalencia.com\/ca\/peliculas\/masterclass-ferzan-ozpetek\/\" target=\"_self\"><\/a>\n\t<\/div>\n<\/article><article class=\"edgtf-pl-item edgtf-item-space edgtf-masonry-size-default post-4105 portfolio-item type-portfolio-item status-publish has-post-thumbnail hentry portfolio-category-activitats-paral-leles-2019 portfolio-category-festival-2019-ca portfolio-tag-activitats-paralleles portfolio-tag-carles-salvador-ca portfolio-tag-concierto-ca-2 portfolio-tag-free-town-ca portfolio-tag-jesus-salvador-chapi-ca portfolio-tag-mostra-de-valencia-ca-2\">\n\t<div class=\"edgtf-pl-item-inner\">\n\t\t<div class=\"edgtf-pli-image\">\n\t<img loading=\"lazy\" decoding=\"async\" width=\"639\" height=\"412\" src=\"https:\/\/lamostradevalencia.com\/wp-content\/uploads\/2019\/10\/Free-Town.jpeg\" class=\"attachment-full size-full wp-post-image\" alt=\"\" srcset=\"https:\/\/lamostradevalencia.com\/wp-content\/uploads\/2019\/10\/Free-Town.jpeg 639w, https:\/\/lamostradevalencia.com\/wp-content\/uploads\/2019\/10\/Free-Town-300x193.jpeg 300w\" sizes=\"auto, (max-width: 639px) 100vw, 639px\" \/><\/div>\n<div class=\"edgtf-pli-text-holder\" >\n\t<div class=\"edgtf-pli-text-wrapper\">\n\t\t<div class=\"edgtf-pli-text\">\n\t\t\t\t<h4 itemprop=\"name\" class=\"edgtf-pli-title entry-title\" >\n\t\tConcert Free Town\t<\/h4>\n\n\t\t\t\t\t<div class=\"edgtf-pli-category-holder\">\n\t\t\t\t\t\t\t<a itemprop=\"url\" class=\"edgtf-pli-category\" href=\"https:\/\/lamostradevalencia.com\/ca\/categoria-portfolio-1\/activitats-paral-leles-2019\/\">Activitats paral\u00b7leles 2019<\/a>\n\t\t\t\t\t\t\t<a itemprop=\"url\" class=\"edgtf-pli-category\" href=\"https:\/\/lamostradevalencia.com\/ca\/categoria-portfolio-1\/festival-2019-ca\/\">Festival 2019<\/a>\n\t\t\t\t\t<\/div>\n\t\n\t\t\t\n\t\t\t\t\t<\/div>\n\t<\/div>\n<\/div>\n\t\t<a itemprop=\"url\" class=\"edgtf-pli-link edgtf-block-drag-link\" href=\"https:\/\/lamostradevalencia.com\/ca\/peliculas\/concert-free-town\/\" target=\"_self\"><\/a>\n\t<\/div>\n<\/article><article class=\"edgtf-pl-item edgtf-item-space edgtf-masonry-size-default post-4104 portfolio-item type-portfolio-item status-publish has-post-thumbnail hentry portfolio-category-activitats-paral-leles-2019 portfolio-category-festival-2019-ca portfolio-tag-activitats-paralleles portfolio-tag-guy-debord-ca portfolio-tag-jornada-academica-ca portfolio-tag-manuel-de-la-fuente-ca portfolio-tag-mostra-de-valencia-ca-2 portfolio-tag-universitat-de-valencia-ca\">\n\t<div class=\"edgtf-pl-item-inner\">\n\t\t<div class=\"edgtf-pli-image\">\n\t<img loading=\"lazy\" decoding=\"async\" width=\"784\" height=\"1354\" src=\"https:\/\/lamostradevalencia.com\/wp-content\/uploads\/2019\/10\/Guy-Debord.jpg\" class=\"attachment-full size-full wp-post-image\" alt=\"\" srcset=\"https:\/\/lamostradevalencia.com\/wp-content\/uploads\/2019\/10\/Guy-Debord.jpg 784w, https:\/\/lamostradevalencia.com\/wp-content\/uploads\/2019\/10\/Guy-Debord-174x300.jpg 174w, https:\/\/lamostradevalencia.com\/wp-content\/uploads\/2019\/10\/Guy-Debord-768x1326.jpg 768w, https:\/\/lamostradevalencia.com\/wp-content\/uploads\/2019\/10\/Guy-Debord-593x1024.jpg 593w\" sizes=\"auto, (max-width: 784px) 100vw, 784px\" \/><\/div>\n<div class=\"edgtf-pli-text-holder\" >\n\t<div class=\"edgtf-pli-text-wrapper\">\n\t\t<div class=\"edgtf-pli-text\">\n\t\t\t\t<h4 itemprop=\"name\" class=\"edgtf-pli-title entry-title\" >\n\t\tJornada Acad\u00e8mica. \u201cGuy Debord: Del text a la imatge\u201d\t<\/h4>\n\n\t\t\t\t\t<div class=\"edgtf-pli-category-holder\">\n\t\t\t\t\t\t\t<a itemprop=\"url\" class=\"edgtf-pli-category\" href=\"https:\/\/lamostradevalencia.com\/ca\/categoria-portfolio-1\/activitats-paral-leles-2019\/\">Activitats paral\u00b7leles 2019<\/a>\n\t\t\t\t\t\t\t<a itemprop=\"url\" class=\"edgtf-pli-category\" href=\"https:\/\/lamostradevalencia.com\/ca\/categoria-portfolio-1\/festival-2019-ca\/\">Festival 2019<\/a>\n\t\t\t\t\t<\/div>\n\t\n\t\t\t\n\t\t\t\t\t<\/div>\n\t<\/div>\n<\/div>\n\t\t<a itemprop=\"url\" class=\"edgtf-pli-link edgtf-block-drag-link\" href=\"https:\/\/lamostradevalencia.com\/ca\/peliculas\/jornada-academica-guy-debord-del-text-a-la-imatge\/\" target=\"_self\"><\/a>\n\t<\/div>\n<\/article><article class=\"edgtf-pl-item edgtf-item-space edgtf-masonry-size-default post-4085 portfolio-item type-portfolio-item status-publish has-post-thumbnail hentry portfolio-category-activitats-paral-leles-2019 portfolio-category-festival-2019-ca portfolio-tag-activitats-paralleles portfolio-tag-concierto-ca-2 portfolio-tag-ennio-morricone-ca-2 portfolio-tag-francis-lai-ca portfolio-tag-jordi-peiro-ca portfolio-tag-miguel-asins-arbo-ca portfolio-tag-mikis-theodorakis-ca portfolio-tag-mostra-de-valencia-ca-2 portfolio-tag-musica-de-cinema portfolio-tag-nino-rota-ca portfolio-tag-rafael-sanz-espert-ca portfolio-tag-vangelis-ca-2 portfolio-tag-vicent-ortiz-gimeno-ca\">\n\t<div class=\"edgtf-pl-item-inner\">\n\t\t<div class=\"edgtf-pli-image\">\n\t<img loading=\"lazy\" decoding=\"async\" width=\"1294\" height=\"839\" src=\"https:\/\/lamostradevalencia.com\/wp-content\/uploads\/2019\/10\/Banda.jpg\" class=\"attachment-full size-full wp-post-image\" alt=\"\" srcset=\"https:\/\/lamostradevalencia.com\/wp-content\/uploads\/2019\/10\/Banda.jpg 1294w, https:\/\/lamostradevalencia.com\/wp-content\/uploads\/2019\/10\/Banda-300x195.jpg 300w, https:\/\/lamostradevalencia.com\/wp-content\/uploads\/2019\/10\/Banda-768x498.jpg 768w, https:\/\/lamostradevalencia.com\/wp-content\/uploads\/2019\/10\/Banda-1024x664.jpg 1024w\" sizes=\"auto, (max-width: 1294px) 100vw, 1294px\" \/><\/div>\n<div class=\"edgtf-pli-text-holder\" >\n\t<div class=\"edgtf-pli-text-wrapper\">\n\t\t<div class=\"edgtf-pli-text\">\n\t\t\t\t<h4 itemprop=\"name\" class=\"edgtf-pli-title entry-title\" >\n\t\tConcert Banda Municipal de Val\u00e8ncia\t<\/h4>\n\n\t\t\t\t\t<div class=\"edgtf-pli-category-holder\">\n\t\t\t\t\t\t\t<a itemprop=\"url\" class=\"edgtf-pli-category\" href=\"https:\/\/lamostradevalencia.com\/ca\/categoria-portfolio-1\/activitats-paral-leles-2019\/\">Activitats paral\u00b7leles 2019<\/a>\n\t\t\t\t\t\t\t<a itemprop=\"url\" class=\"edgtf-pli-category\" href=\"https:\/\/lamostradevalencia.com\/ca\/categoria-portfolio-1\/festival-2019-ca\/\">Festival 2019<\/a>\n\t\t\t\t\t<\/div>\n\t\n\t\t\t\n\t\t\t\t\t<\/div>\n\t<\/div>\n<\/div>\n\t\t<a itemprop=\"url\" class=\"edgtf-pli-link edgtf-block-drag-link\" href=\"https:\/\/lamostradevalencia.com\/ca\/peliculas\/concert-banda-municipal-de-valencia\/\" target=\"_self\"><\/a>\n\t<\/div>\n<\/article><article class=\"edgtf-pl-item edgtf-item-space edgtf-masonry-size-default post-4084 portfolio-item type-portfolio-item status-publish has-post-thumbnail hentry portfolio-category-activitats-paral-leles-2019 portfolio-category-festival-2019-ca portfolio-tag-activitats-paralleles portfolio-tag-amal-ramsis-ca portfolio-tag-awatef-ketiti-ca portfolio-tag-cinema-egipci portfolio-tag-hala-khalil-ca portfolio-tag-kamla-abu-zekry-ca portfolio-tag-mariam-abou-ouf-ca portfolio-tag-mostra-de-valencia-ca-2 portfolio-tag-nadine-khan-ca portfolio-tag-taula-redona\">\n\t<div class=\"edgtf-pl-item-inner\">\n\t\t<div class=\"edgtf-pli-image\">\n\t<img loading=\"lazy\" decoding=\"async\" width=\"1280\" height=\"720\" src=\"https:\/\/lamostradevalencia.com\/wp-content\/uploads\/2019\/10\/Day-Women.jpg\" class=\"attachment-full size-full wp-post-image\" alt=\"\" srcset=\"https:\/\/lamostradevalencia.com\/wp-content\/uploads\/2019\/10\/Day-Women.jpg 1280w, https:\/\/lamostradevalencia.com\/wp-content\/uploads\/2019\/10\/Day-Women-300x169.jpg 300w, https:\/\/lamostradevalencia.com\/wp-content\/uploads\/2019\/10\/Day-Women-768x432.jpg 768w, https:\/\/lamostradevalencia.com\/wp-content\/uploads\/2019\/10\/Day-Women-1024x576.jpg 1024w\" sizes=\"auto, (max-width: 1280px) 100vw, 1280px\" \/><\/div>\n<div class=\"edgtf-pli-text-holder\" >\n\t<div class=\"edgtf-pli-text-wrapper\">\n\t\t<div class=\"edgtf-pli-text\">\n\t\t\t\t<h4 itemprop=\"name\" class=\"edgtf-pli-title entry-title\" >\n\t\tTaula redona &#8220;La revoluci\u00f3 de la dona al cinema egipci&#8221;\t<\/h4>\n\n\t\t\t\t\t<div class=\"edgtf-pli-category-holder\">\n\t\t\t\t\t\t\t<a itemprop=\"url\" class=\"edgtf-pli-category\" href=\"https:\/\/lamostradevalencia.com\/ca\/categoria-portfolio-1\/activitats-paral-leles-2019\/\">Activitats paral\u00b7leles 2019<\/a>\n\t\t\t\t\t\t\t<a itemprop=\"url\" class=\"edgtf-pli-category\" href=\"https:\/\/lamostradevalencia.com\/ca\/categoria-portfolio-1\/festival-2019-ca\/\">Festival 2019<\/a>\n\t\t\t\t\t<\/div>\n\t\n\t\t\t\n\t\t\t\t\t<\/div>\n\t<\/div>\n<\/div>\n\t\t<a itemprop=\"url\" class=\"edgtf-pli-link edgtf-block-drag-link\" href=\"https:\/\/lamostradevalencia.com\/ca\/peliculas\/taula-redona-la-revolucio-de-la-dona-al-cinema-egipci\/\" target=\"_self\"><\/a>\n\t<\/div>\n<\/article><article class=\"edgtf-pl-item edgtf-item-space edgtf-masonry-size-default post-4173 portfolio-item type-portfolio-item status-publish has-post-thumbnail hentry portfolio-category-activitats-paral-leles-2019 portfolio-category-festival-2019-ca portfolio-tag-activitats-paralleles portfolio-tag-cinema-valencia portfolio-tag-circuit-cultural-valencia-ca portfolio-tag-mostra-de-valencia-ca-2\">\n\t<div class=\"edgtf-pl-item-inner\">\n\t\t<div class=\"edgtf-pli-image\">\n\t<img loading=\"lazy\" decoding=\"async\" width=\"1200\" height=\"675\" src=\"https:\/\/lamostradevalencia.com\/wp-content\/uploads\/2019\/10\/Circuit-Cultural-Valencia.jpg\" class=\"attachment-full size-full wp-post-image\" alt=\"\" srcset=\"https:\/\/lamostradevalencia.com\/wp-content\/uploads\/2019\/10\/Circuit-Cultural-Valencia.jpg 1200w, https:\/\/lamostradevalencia.com\/wp-content\/uploads\/2019\/10\/Circuit-Cultural-Valencia-300x169.jpg 300w, https:\/\/lamostradevalencia.com\/wp-content\/uploads\/2019\/10\/Circuit-Cultural-Valencia-768x432.jpg 768w, https:\/\/lamostradevalencia.com\/wp-content\/uploads\/2019\/10\/Circuit-Cultural-Valencia-1024x576.jpg 1024w\" sizes=\"auto, (max-width: 1200px) 100vw, 1200px\" \/><\/div>\n<div class=\"edgtf-pli-text-holder\" >\n\t<div class=\"edgtf-pli-text-wrapper\">\n\t\t<div class=\"edgtf-pli-text\">\n\t\t\t\t<h4 itemprop=\"name\" class=\"edgtf-pli-title entry-title\" >\n\t\tPresentaci\u00f3 de l&#8217;oferta audiovisual del Circuit Cultural Valenci\u00e0\t<\/h4>\n\n\t\t\t\t\t<div class=\"edgtf-pli-category-holder\">\n\t\t\t\t\t\t\t<a itemprop=\"url\" class=\"edgtf-pli-category\" href=\"https:\/\/lamostradevalencia.com\/ca\/categoria-portfolio-1\/activitats-paral-leles-2019\/\">Activitats paral\u00b7leles 2019<\/a>\n\t\t\t\t\t\t\t<a itemprop=\"url\" class=\"edgtf-pli-category\" href=\"https:\/\/lamostradevalencia.com\/ca\/categoria-portfolio-1\/festival-2019-ca\/\">Festival 2019<\/a>\n\t\t\t\t\t<\/div>\n\t\n\t\t\t\n\t\t\t\t\t<\/div>\n\t<\/div>\n<\/div>\n\t\t<a itemprop=\"url\" class=\"edgtf-pli-link edgtf-block-drag-link\" href=\"https:\/\/lamostradevalencia.com\/ca\/peliculas\/presentacio-de-loferta-audiovisual-del-circuit-cultural-valencia\/\" target=\"_self\"><\/a>\n\t<\/div>\n<\/article><article class=\"edgtf-pl-item edgtf-item-space edgtf-masonry-size-default post-4511 portfolio-item type-portfolio-item status-publish has-post-thumbnail hentry portfolio-category-activitats-paral-leles-2019 portfolio-category-festival-2019-ca portfolio-tag-activitats-paralleles portfolio-tag-mostra-de-valencia-ca-2\">\n\t<div class=\"edgtf-pl-item-inner\">\n\t\t<div class=\"edgtf-pli-image\">\n\t<img loading=\"lazy\" decoding=\"async\" width=\"2400\" height=\"1350\" src=\"https:\/\/lamostradevalencia.com\/wp-content\/uploads\/2019\/10\/Italia.png\" class=\"attachment-full size-full wp-post-image\" alt=\"\" srcset=\"https:\/\/lamostradevalencia.com\/wp-content\/uploads\/2019\/10\/Italia.png 2400w, https:\/\/lamostradevalencia.com\/wp-content\/uploads\/2019\/10\/Italia-300x169.png 300w, https:\/\/lamostradevalencia.com\/wp-content\/uploads\/2019\/10\/Italia-768x432.png 768w, https:\/\/lamostradevalencia.com\/wp-content\/uploads\/2019\/10\/Italia-1024x576.png 1024w\" sizes=\"auto, (max-width: 2400px) 100vw, 2400px\" \/><\/div>\n<div class=\"edgtf-pli-text-holder\" >\n\t<div class=\"edgtf-pli-text-wrapper\">\n\t\t<div class=\"edgtf-pli-text\">\n\t\t\t\t<h4 itemprop=\"name\" class=\"edgtf-pli-title entry-title\" >\n\t\tObrint fronteres: Coproduir amb It\u00e0lia\t<\/h4>\n\n\t\t\t\t\t<div class=\"edgtf-pli-category-holder\">\n\t\t\t\t\t\t\t<a itemprop=\"url\" class=\"edgtf-pli-category\" href=\"https:\/\/lamostradevalencia.com\/ca\/categoria-portfolio-1\/activitats-paral-leles-2019\/\">Activitats paral\u00b7leles 2019<\/a>\n\t\t\t\t\t\t\t<a itemprop=\"url\" class=\"edgtf-pli-category\" href=\"https:\/\/lamostradevalencia.com\/ca\/categoria-portfolio-1\/festival-2019-ca\/\">Festival 2019<\/a>\n\t\t\t\t\t<\/div>\n\t\n\t\t\t\n\t\t\t\t\t<\/div>\n\t<\/div>\n<\/div>\n\t\t<a itemprop=\"url\" class=\"edgtf-pli-link edgtf-block-drag-link\" href=\"https:\/\/lamostradevalencia.com\/ca\/peliculas\/obrint-fronteres-coproduir-amb-italia\/\" target=\"_self\"><\/a>\n\t<\/div>\n<\/article>\t<\/div>\n\t\n\t<\/div>[\/vc_column][\/vc_row][vc_row disable_element=&#8221;yes&#8221; css=&#8221;.vc_custom_1570189400342{padding-top: 0px !important;padding-right: 0px !important;padding-bottom: 0px !important;padding-left: 0px !important;}&#8221;][vc_column css=&#8221;.vc_custom_1538935891854{padding: 0px !important;}&#8221;][vc_separator][\/vc_column][\/vc_row][vc_row disable_element=&#8221;yes&#8221; css=&#8221;.vc_custom_1570189386465{padding-top: 90px !important;padding-right: 40px !important;padding-bottom: 90px !important;padding-left: 40px !important;}&#8221;][vc_column width=&#8221;1\/4&#8243;][\/vc_column][vc_column width=&#8221;1\/2&#8243;][vc_column_text]<\/p>\n<h3><strong>Jornada de presentaci\u00f3 de llargmetratges valencians al Circuit Cultural Valenci\u00e0<\/strong><\/h3>\n<h5>Sala Luis G. Berlanga. Institut Valenci\u00e0 de Cultura. Dijous, 25. 11h<\/h5>\n<p>Segona jornada de presentaci\u00f3 de llargmetratges valencians dirigida a programadors i programadores culturals de la Comunitat Valenciana, amb l\u2019objectiu que conegan de primera m\u00e0 la oferta audiovisual del Circuit Comunitat Valenciana per a 2018-2019.<\/p>\n<p>La relaci\u00f3 de llargmetratges que se inclouen en aquesta segona fase son llargmetratges documentals i de ficci\u00f3 que hagen obtingut ajuda a la producci\u00f3 audiovisual en les convocat\u00f2ries de 2014 a 2016, i que tinguen la qualificaci\u00f3 per edats de l\u2019ICAA per a poder ser projectades en sales. Aproximadament, uns 30 t\u00edtols entre les dos categories: ficci\u00f3 i documental.<\/p>\n<p>&nbsp;<\/p>\n<h5>Programa:<\/h5>\n<h4>11h Inaguraci\u00f3.<\/h4>\n<p>Amb Abel Guarinos, Director del IVC, i Rosa Roig, Directora T\u00e8cnica de la Mostra de Val\u00e8ncia\u2013Cinema del Mediterrani<\/p>\n<h4>11.10h<\/h4>\n<p>Els representants de cada pel\u00b7l\u00edcula disposaran de 5 minuts, dels quals un m\u00e0xim de 2 seran per a projectar el tr\u00e0iler, 1 minut per a exposar els continguts que vulguen destacar, i el temps restant per a preguntes del p\u00fablic. Al finalitzar cada bloc hi haur\u00e0 uns minuts per a preguntes del p\u00fablic. Els autors de les pel\u00b7l\u00edcules podran portar els materials promocionals que consideren.<\/p>\n<p>Als programadors se\u2019ls facilitar\u00e0 un llistat amb una breu fitxa t\u00e8cnica de cada pel\u00b7l\u00edcula i el contacte de la productora.<\/p>\n<p>A les productores se\u2019ls facilitar\u00e0 un llistat amb els programadors asistents i el seu contacte.<\/p>\n<p>&nbsp;<\/p>\n<p>Organitzen: Institut Valenci\u00e0 de Cultura y Mostra de Valencia-Cinema del Mediterrani[\/vc_column_text][\/vc_column][vc_column width=&#8221;1\/4&#8243;][\/vc_column][\/vc_row]<\/p>\n<\/div>","protected":false},"excerpt":{"rendered":"<p>[vc_row css=&#8221;.vc_custom_1538935916155{padding-top: 90px !important;padding-right: 40px !important;padding-bottom: 50px !important;padding-left: 40px !important;}&#8221;][vc_column][\/vc_column][\/vc_row][vc_row disable_element=&#8221;yes&#8221; css=&#8221;.vc_custom_1570189400342{padding-top: 0px !important;padding-right: 0px !important;padding-bottom: 0px !important;padding-left: 0px !important;}&#8221;][vc_column css=&#8221;.vc_custom_1538935891854{padding: 0px !important;}&#8221;][vc_separator][\/vc_column][\/vc_row][vc_row disable_element=&#8221;yes&#8221; css=&#8221;.vc_custom_1570189386465{padding-top: [&hellip;]<\/p>\n","protected":false},"author":1,"featured_media":0,"parent":3013,"menu_order":11,"comment_status":"closed","ping_status":"closed","template":"full-width.php","meta":{"_uag_custom_page_level_css":"","_jet_sm_ready_style":"","_jet_sm_style":"","_jet_sm_controls_values":"","_jet_sm_fonts_collection":"","_jet_sm_fonts_links":"","footnotes":""},"class_list":["post-2120","page","type-page","status-publish","hentry"],"yoast_head":"<!-- This site is optimized with the Yoast SEO plugin v27.5 - https:\/\/yoast.com\/product\/yoast-seo-wordpress\/ -->\n<title>Activitats paral\u00b7leles - Mostra de Val\u00e8ncia<\/title>\n<meta name=\"robots\" content=\"index, follow, max-snippet:-1, max-image-preview:large, max-video-preview:-1\" \/>\n<link rel=\"canonical\" href=\"https:\/\/lamostradevalencia.com\/ca\/edicio-2019\/activitats-paral%c2%b7leles\/\" \/>\n<meta property=\"og:locale\" content=\"ca_ES\" \/>\n<meta property=\"og:type\" content=\"article\" \/>\n<meta property=\"og:title\" content=\"Activitats paral\u00b7leles - Mostra de Val\u00e8ncia\" \/>\n<meta property=\"og:description\" content=\"[vc_row css=&#8221;.vc_custom_1538935916155{padding-top: 90px !important;padding-right: 40px !important;padding-bottom: 50px !important;padding-left: 40px !important;}&#8221;][vc_column][\/vc_column][\/vc_row][vc_row disable_element=&#8221;yes&#8221; css=&#8221;.vc_custom_1570189400342{padding-top: 0px !important;padding-right: 0px !important;padding-bottom: 0px !important;padding-left: 0px !important;}&#8221;][vc_column css=&#8221;.vc_custom_1538935891854{padding: 0px !important;}&#8221;][vc_separator][\/vc_column][\/vc_row][vc_row disable_element=&#8221;yes&#8221; css=&#8221;.vc_custom_1570189386465{padding-top: [&hellip;]\" \/>\n<meta property=\"og:url\" content=\"https:\/\/lamostradevalencia.com\/ca\/edicio-2019\/activitats-paral%c2%b7leles\/\" \/>\n<meta property=\"og:site_name\" content=\"Mostra de Val\u00e8ncia\" \/>\n<meta property=\"article:modified_time\" content=\"2019-10-04T11:40:30+00:00\" \/>\n<meta name=\"twitter:card\" content=\"summary_large_image\" \/>\n<meta name=\"twitter:label1\" content=\"Temps estimat de lectura\" \/>\n\t<meta name=\"twitter:data1\" content=\"2 minuts\" \/>\n<script type=\"application\/ld+json\" class=\"yoast-schema-graph\">{\"@context\":\"https:\\\/\\\/schema.org\",\"@graph\":[{\"@type\":\"WebPage\",\"@id\":\"https:\\\/\\\/lamostradevalencia.com\\\/ca\\\/edicio-2019\\\/activitats-paral%c2%b7leles\\\/\",\"url\":\"https:\\\/\\\/lamostradevalencia.com\\\/ca\\\/edicio-2019\\\/activitats-paral%c2%b7leles\\\/\",\"name\":\"Activitats paral\u00b7leles - Mostra de Val\u00e8ncia\",\"isPartOf\":{\"@id\":\"https:\\\/\\\/lamostradevalencia.com\\\/ca\\\/#website\"},\"datePublished\":\"2018-08-06T05:55:38+00:00\",\"dateModified\":\"2019-10-04T11:40:30+00:00\",\"breadcrumb\":{\"@id\":\"https:\\\/\\\/lamostradevalencia.com\\\/ca\\\/edicio-2019\\\/activitats-paral%c2%b7leles\\\/#breadcrumb\"},\"inLanguage\":\"ca\",\"potentialAction\":[{\"@type\":\"ReadAction\",\"target\":[\"https:\\\/\\\/lamostradevalencia.com\\\/ca\\\/edicio-2019\\\/activitats-paral%c2%b7leles\\\/\"]}]},{\"@type\":\"BreadcrumbList\",\"@id\":\"https:\\\/\\\/lamostradevalencia.com\\\/ca\\\/edicio-2019\\\/activitats-paral%c2%b7leles\\\/#breadcrumb\",\"itemListElement\":[{\"@type\":\"ListItem\",\"position\":1,\"name\":\"Portada\",\"item\":\"https:\\\/\\\/lamostradevalencia.com\\\/ca\\\/\"},{\"@type\":\"ListItem\",\"position\":2,\"name\":\"Edici\u00f3 2019\",\"item\":\"https:\\\/\\\/lamostradevalencia.com\\\/ca\\\/edicion-2019\\\/\"},{\"@type\":\"ListItem\",\"position\":3,\"name\":\"Activitats paral\u00b7leles\"}]},{\"@type\":\"WebSite\",\"@id\":\"https:\\\/\\\/lamostradevalencia.com\\\/ca\\\/#website\",\"url\":\"https:\\\/\\\/lamostradevalencia.com\\\/ca\\\/\",\"name\":\"Mostra de Val\u00e8ncia\",\"description\":\"Cinema del Mediterrani\",\"potentialAction\":[{\"@type\":\"SearchAction\",\"target\":{\"@type\":\"EntryPoint\",\"urlTemplate\":\"https:\\\/\\\/lamostradevalencia.com\\\/ca\\\/?s={search_term_string}\"},\"query-input\":{\"@type\":\"PropertyValueSpecification\",\"valueRequired\":true,\"valueName\":\"search_term_string\"}}],\"inLanguage\":\"ca\"}]}<\/script>\n<!-- \/ Yoast SEO plugin. -->","yoast_head_json":{"title":"Activitats paral\u00b7leles - Mostra de Val\u00e8ncia","robots":{"index":"index","follow":"follow","max-snippet":"max-snippet:-1","max-image-preview":"max-image-preview:large","max-video-preview":"max-video-preview:-1"},"canonical":"https:\/\/lamostradevalencia.com\/ca\/edicio-2019\/activitats-paral%c2%b7leles\/","og_locale":"ca_ES","og_type":"article","og_title":"Activitats paral\u00b7leles - Mostra de Val\u00e8ncia","og_description":"[vc_row css=&#8221;.vc_custom_1538935916155{padding-top: 90px !important;padding-right: 40px !important;padding-bottom: 50px !important;padding-left: 40px !important;}&#8221;][vc_column][\/vc_column][\/vc_row][vc_row disable_element=&#8221;yes&#8221; css=&#8221;.vc_custom_1570189400342{padding-top: 0px !important;padding-right: 0px !important;padding-bottom: 0px !important;padding-left: 0px !important;}&#8221;][vc_column css=&#8221;.vc_custom_1538935891854{padding: 0px !important;}&#8221;][vc_separator][\/vc_column][\/vc_row][vc_row disable_element=&#8221;yes&#8221; css=&#8221;.vc_custom_1570189386465{padding-top: [&hellip;]","og_url":"https:\/\/lamostradevalencia.com\/ca\/edicio-2019\/activitats-paral%c2%b7leles\/","og_site_name":"Mostra de Val\u00e8ncia","article_modified_time":"2019-10-04T11:40:30+00:00","twitter_card":"summary_large_image","twitter_misc":{"Temps estimat de lectura":"2 minuts"},"schema":{"@context":"https:\/\/schema.org","@graph":[{"@type":"WebPage","@id":"https:\/\/lamostradevalencia.com\/ca\/edicio-2019\/activitats-paral%c2%b7leles\/","url":"https:\/\/lamostradevalencia.com\/ca\/edicio-2019\/activitats-paral%c2%b7leles\/","name":"Activitats paral\u00b7leles - Mostra de Val\u00e8ncia","isPartOf":{"@id":"https:\/\/lamostradevalencia.com\/ca\/#website"},"datePublished":"2018-08-06T05:55:38+00:00","dateModified":"2019-10-04T11:40:30+00:00","breadcrumb":{"@id":"https:\/\/lamostradevalencia.com\/ca\/edicio-2019\/activitats-paral%c2%b7leles\/#breadcrumb"},"inLanguage":"ca","potentialAction":[{"@type":"ReadAction","target":["https:\/\/lamostradevalencia.com\/ca\/edicio-2019\/activitats-paral%c2%b7leles\/"]}]},{"@type":"BreadcrumbList","@id":"https:\/\/lamostradevalencia.com\/ca\/edicio-2019\/activitats-paral%c2%b7leles\/#breadcrumb","itemListElement":[{"@type":"ListItem","position":1,"name":"Portada","item":"https:\/\/lamostradevalencia.com\/ca\/"},{"@type":"ListItem","position":2,"name":"Edici\u00f3 2019","item":"https:\/\/lamostradevalencia.com\/ca\/edicion-2019\/"},{"@type":"ListItem","position":3,"name":"Activitats paral\u00b7leles"}]},{"@type":"WebSite","@id":"https:\/\/lamostradevalencia.com\/ca\/#website","url":"https:\/\/lamostradevalencia.com\/ca\/","name":"Mostra de Val\u00e8ncia","description":"Cinema del Mediterrani","potentialAction":[{"@type":"SearchAction","target":{"@type":"EntryPoint","urlTemplate":"https:\/\/lamostradevalencia.com\/ca\/?s={search_term_string}"},"query-input":{"@type":"PropertyValueSpecification","valueRequired":true,"valueName":"search_term_string"}}],"inLanguage":"ca"}]}},"uagb_featured_image_src":{"full":false,"thumbnail":false,"medium":false,"medium_large":false,"large":false,"1536x1536":false,"2048x2048":false,"cinerama_edge_image_square":false,"cinerama_edge_image_landscape":false,"cinerama_edge_image_portrait":false,"cinerama_edge_image_huge":false,"gform-image-choice-sm":false,"gform-image-choice-md":false,"gform-image-choice-lg":false},"uagb_author_info":{"display_name":"Mostra de Val\u00e8ncia","author_link":"https:\/\/lamostradevalencia.com\/ca\/author\/mostravalencia\/"},"uagb_comment_info":0,"uagb_excerpt":"[vc_row css=&#8221;.vc_custom_1538935916155{padding-top: 90px !important;padding-right: 40px !important;padding-bottom: 50px !important;padding-left: 40px !important;}&#8221;][vc_column][\/vc_column][\/vc_row][vc_row disable_element=&#8221;yes&#8221; css=&#8221;.vc_custom_1570189400342{padding-top: 0px !important;padding-right: 0px !important;padding-bottom: 0px !important;padding-left: 0px !important;}&#8221;][vc_column css=&#8221;.vc_custom_1538935891854{padding: 0px !important;}&#8221;][vc_separator][\/vc_column][\/vc_row][vc_row disable_element=&#8221;yes&#8221; css=&#8221;.vc_custom_1570189386465{padding-top: [&hellip;]","_links":{"self":[{"href":"https:\/\/lamostradevalencia.com\/ca\/wp-json\/wp\/v2\/pages\/2120","targetHints":{"allow":["GET"]}}],"collection":[{"href":"https:\/\/lamostradevalencia.com\/ca\/wp-json\/wp\/v2\/pages"}],"about":[{"href":"https:\/\/lamostradevalencia.com\/ca\/wp-json\/wp\/v2\/types\/page"}],"author":[{"embeddable":true,"href":"https:\/\/lamostradevalencia.com\/ca\/wp-json\/wp\/v2\/users\/1"}],"replies":[{"embeddable":true,"href":"https:\/\/lamostradevalencia.com\/ca\/wp-json\/wp\/v2\/comments?post=2120"}],"version-history":[{"count":5,"href":"https:\/\/lamostradevalencia.com\/ca\/wp-json\/wp\/v2\/pages\/2120\/revisions"}],"predecessor-version":[{"id":4031,"href":"https:\/\/lamostradevalencia.com\/ca\/wp-json\/wp\/v2\/pages\/2120\/revisions\/4031"}],"up":[{"embeddable":true,"href":"https:\/\/lamostradevalencia.com\/ca\/wp-json\/wp\/v2\/pages\/3013"}],"wp:attachment":[{"href":"https:\/\/lamostradevalencia.com\/ca\/wp-json\/wp\/v2\/media?parent=2120"}],"curies":[{"name":"wp","href":"https:\/\/api.w.org\/{rel}","templated":true}]}}