{"id":13937,"date":"2022-08-19T12:57:19","date_gmt":"2022-08-19T10:57:19","guid":{"rendered":"https:\/\/lamostradevalencia.com\/?page_id=13937"},"modified":"2022-09-18T19:00:34","modified_gmt":"2022-09-18T17:00:34","slug":"palmera-dhonor-2022","status":"publish","type":"page","link":"https:\/\/lamostradevalencia.com\/ca\/edicio-2022\/palmera-dhonor-2022\/","title":{"rendered":"Palmera d\u2019Honor. Robert Gu\u00e9diguian"},"content":{"rendered":"<div class=\"wpb-content-wrapper\"><p>[vc_row disable_element=&#8221;yes&#8221;][vc_column]<div class=\"templatera_shortcode\"><style type=\"text\/css\" data-type=\"vc_shortcodes-default-css\">.vc_do_custom_heading{margin-bottom:0.625rem;margin-top:0;}<\/style><style type=\"text\/css\" data-type=\"vc_shortcodes-custom-css\">.vc_custom_1600184094996{padding-top: 100px !important;padding-bottom: 100px !important;}<\/style><div class=\"vc_row wpb_row vc_row-fluid vc_custom_1600184094996\" ><div class=\"wpb_column vc_column_container vc_col-sm-12\"><div class=\"vc_column-inner\"><div class=\"wpb_wrapper\"><h2 style=\"text-align: center\" class=\"vc_custom_heading vc_do_custom_heading\" >Coming soon...<\/h2><\/div><\/div><\/div><\/div><\/div>[\/vc_column][\/vc_row][vc_row css=&#8221;.vc_custom_1663520058648{padding-top: 90px !important;padding-right: 40px !important;padding-bottom: 100px !important;padding-left: 40px !important;}&#8221;][vc_column]<div class=\"edgtf-portfolio-list-holder edgtf-pl-masonry  edgtf-large-space edgtf-pl-three-columns edgtf-pl-standard-shader    edgtf-pl-pag-no-pagination     \"  data-type=masonry data-space-between-items=large data-number-of-items=-1 data-image-proportions=full data-enable-fixed-proportions=no data-enable-image-shadow=no data-category=palmera-dhonor-2022 data-orderby=date data-order=ASC data-item-style=standard-shader data-enable-title=yes data-title-tag=h4 data-enable-category=yes data-enable-count-images=yes data-enable-excerpt=no data-excerpt-length=20 data-pagination-type=no-pagination data-filter=no data-filter-order-by=name data-enable-article-animation=no data-portfolio-slider-on=no data-enable-loop=yes data-enable-autoplay=yes data-slider-speed=5000 data-slider-speed-animation=600 data-enable-navigation=yes data-enable-pagination=yes data-max-num-pages=0 data-next-page=2>\n\t\t<div class=\"edgtf-pl-inner edgtf-outer-space clearfix\">\n\t\t<div class=\"edgtf-pl-grid-sizer\"><\/div>\n\t\t<div class=\"edgtf-pl-grid-gutter\"><\/div>\n\t\t<article class=\"edgtf-pl-item edgtf-item-space edgtf-masonry-size-default post-16392 portfolio-item type-portfolio-item status-publish has-post-thumbnail hentry portfolio-category-festival-2022-ca portfolio-category-palmera-dhonor-2022 portfolio-tag-palmera-dhonor\">\n\t<div class=\"edgtf-pl-item-inner\">\n\t\t<div class=\"edgtf-pli-image\">\n\t<img loading=\"lazy\" decoding=\"async\" width=\"641\" height=\"625\" src=\"https:\/\/lamostradevalencia.com\/wp-content\/uploads\/2022\/09\/Largent-fait-le-bonheur-1.png\" class=\"attachment-full size-full wp-post-image\" alt=\"\" srcset=\"https:\/\/lamostradevalencia.com\/wp-content\/uploads\/2022\/09\/Largent-fait-le-bonheur-1.png 641w, https:\/\/lamostradevalencia.com\/wp-content\/uploads\/2022\/09\/Largent-fait-le-bonheur-1-300x293.png 300w\" sizes=\"auto, (max-width: 641px) 100vw, 641px\" \/><\/div>\n<div class=\"edgtf-pli-text-holder\" >\n\t<div class=\"edgtf-pli-text-wrapper\">\n\t\t<div class=\"edgtf-pli-text\">\n\t\t\t\t<h4 itemprop=\"name\" class=\"edgtf-pli-title entry-title\" >\n\t\tEL DINERO DA LA FELICIDAD\t<\/h4>\n\n\t\t\t\t\t<div class=\"edgtf-pli-category-holder\">\n\t\t\t\t\t\t\t<a itemprop=\"url\" class=\"edgtf-pli-category\" href=\"https:\/\/lamostradevalencia.com\/ca\/categoria-portfolio-1\/festival-2022-ca\/\">Festival 2022<\/a>\n\t\t\t\t\t\t\t<a itemprop=\"url\" class=\"edgtf-pli-category\" href=\"https:\/\/lamostradevalencia.com\/ca\/categoria-portfolio-1\/palmera-dhonor-2022\/\">Palmera d&#039;Honor 2022. Robert Gu\u00e9diguian<\/a>\n\t\t\t\t\t<\/div>\n\t\n\t\t\t\n\t\t\t\t\t<\/div>\n\t<\/div>\n<\/div>\n\t\t<a itemprop=\"url\" class=\"edgtf-pli-link edgtf-block-drag-link\" href=\"https:\/\/lamostradevalencia.com\/ca\/peliculas\/el-dinero-da-la-felicidad\/\" target=\"_self\"><\/a>\n\t<\/div>\n<\/article><article class=\"edgtf-pl-item edgtf-item-space edgtf-masonry-size-default post-16391 portfolio-item type-portfolio-item status-publish has-post-thumbnail hentry portfolio-category-festival-2022-ca portfolio-category-palmera-dhonor-2022 portfolio-tag-mostra-de-valencia-ca-2 portfolio-tag-palmera-dhonor portfolio-tag-robert-guediguian-ca\">\n\t<div class=\"edgtf-pl-item-inner\">\n\t\t<div class=\"edgtf-pli-image\">\n\t<img loading=\"lazy\" decoding=\"async\" width=\"480\" height=\"360\" src=\"https:\/\/lamostradevalencia.com\/wp-content\/uploads\/2022\/09\/Dernier-ete.jpg\" class=\"attachment-full size-full wp-post-image\" alt=\"\" srcset=\"https:\/\/lamostradevalencia.com\/wp-content\/uploads\/2022\/09\/Dernier-ete.jpg 480w, https:\/\/lamostradevalencia.com\/wp-content\/uploads\/2022\/09\/Dernier-ete-300x225.jpg 300w\" sizes=\"auto, (max-width: 480px) 100vw, 480px\" \/><\/div>\n<div class=\"edgtf-pli-text-holder\" >\n\t<div class=\"edgtf-pli-text-wrapper\">\n\t\t<div class=\"edgtf-pli-text\">\n\t\t\t\t<h4 itemprop=\"name\" class=\"edgtf-pli-title entry-title\" >\n\t\tDERNIER \u00c9TE\t<\/h4>\n\n\t\t\t\t\t<div class=\"edgtf-pli-category-holder\">\n\t\t\t\t\t\t\t<a itemprop=\"url\" class=\"edgtf-pli-category\" href=\"https:\/\/lamostradevalencia.com\/ca\/categoria-portfolio-1\/festival-2022-ca\/\">Festival 2022<\/a>\n\t\t\t\t\t\t\t<a itemprop=\"url\" class=\"edgtf-pli-category\" href=\"https:\/\/lamostradevalencia.com\/ca\/categoria-portfolio-1\/palmera-dhonor-2022\/\">Palmera d&#039;Honor 2022. Robert Gu\u00e9diguian<\/a>\n\t\t\t\t\t<\/div>\n\t\n\t\t\t\n\t\t\t\t\t<\/div>\n\t<\/div>\n<\/div>\n\t\t<a itemprop=\"url\" class=\"edgtf-pli-link edgtf-block-drag-link\" href=\"https:\/\/lamostradevalencia.com\/ca\/peliculas\/dernier-ete\/\" target=\"_self\"><\/a>\n\t<\/div>\n<\/article><article class=\"edgtf-pl-item edgtf-item-space edgtf-masonry-size-default post-16390 portfolio-item type-portfolio-item status-publish has-post-thumbnail hentry portfolio-category-festival-2022-ca portfolio-category-palmera-dhonor-2022 portfolio-tag-mostra-de-valencia-ca-2 portfolio-tag-palmera-dhonor portfolio-tag-robert-guediguian-ca\">\n\t<div class=\"edgtf-pl-item-inner\">\n\t\t<div class=\"edgtf-pli-image\">\n\t<img loading=\"lazy\" decoding=\"async\" width=\"1280\" height=\"720\" src=\"https:\/\/lamostradevalencia.com\/wp-content\/uploads\/2022\/09\/Rouge-midi.png\" class=\"attachment-full size-full wp-post-image\" alt=\"\" srcset=\"https:\/\/lamostradevalencia.com\/wp-content\/uploads\/2022\/09\/Rouge-midi.png 1280w, https:\/\/lamostradevalencia.com\/wp-content\/uploads\/2022\/09\/Rouge-midi-300x169.png 300w, https:\/\/lamostradevalencia.com\/wp-content\/uploads\/2022\/09\/Rouge-midi-1024x576.png 1024w, https:\/\/lamostradevalencia.com\/wp-content\/uploads\/2022\/09\/Rouge-midi-768x432.png 768w\" sizes=\"auto, (max-width: 1280px) 100vw, 1280px\" \/><\/div>\n<div class=\"edgtf-pli-text-holder\" >\n\t<div class=\"edgtf-pli-text-wrapper\">\n\t\t<div class=\"edgtf-pli-text\">\n\t\t\t\t<h4 itemprop=\"name\" class=\"edgtf-pli-title entry-title\" >\n\t\tROUGE MIDI\t<\/h4>\n\n\t\t\t\t\t<div class=\"edgtf-pli-category-holder\">\n\t\t\t\t\t\t\t<a itemprop=\"url\" class=\"edgtf-pli-category\" href=\"https:\/\/lamostradevalencia.com\/ca\/categoria-portfolio-1\/festival-2022-ca\/\">Festival 2022<\/a>\n\t\t\t\t\t\t\t<a itemprop=\"url\" class=\"edgtf-pli-category\" href=\"https:\/\/lamostradevalencia.com\/ca\/categoria-portfolio-1\/palmera-dhonor-2022\/\">Palmera d&#039;Honor 2022. Robert Gu\u00e9diguian<\/a>\n\t\t\t\t\t<\/div>\n\t\n\t\t\t\n\t\t\t\t\t<\/div>\n\t<\/div>\n<\/div>\n\t\t<a itemprop=\"url\" class=\"edgtf-pli-link edgtf-block-drag-link\" href=\"https:\/\/lamostradevalencia.com\/ca\/peliculas\/rouge-midi\/\" target=\"_self\"><\/a>\n\t<\/div>\n<\/article><article class=\"edgtf-pl-item edgtf-item-space edgtf-masonry-size-default post-16389 portfolio-item type-portfolio-item status-publish has-post-thumbnail hentry portfolio-category-festival-2022-ca portfolio-category-palmera-dhonor-2022 portfolio-tag-palmera-dhonor\">\n\t<div class=\"edgtf-pl-item-inner\">\n\t\t<div class=\"edgtf-pli-image\">\n\t<img loading=\"lazy\" decoding=\"async\" width=\"640\" height=\"396\" src=\"https:\/\/lamostradevalencia.com\/wp-content\/uploads\/2022\/09\/Ki-lo-sa.png\" class=\"attachment-full size-full wp-post-image\" alt=\"\" srcset=\"https:\/\/lamostradevalencia.com\/wp-content\/uploads\/2022\/09\/Ki-lo-sa.png 640w, https:\/\/lamostradevalencia.com\/wp-content\/uploads\/2022\/09\/Ki-lo-sa-300x186.png 300w\" sizes=\"auto, (max-width: 640px) 100vw, 640px\" \/><\/div>\n<div class=\"edgtf-pli-text-holder\" >\n\t<div class=\"edgtf-pli-text-wrapper\">\n\t\t<div class=\"edgtf-pli-text\">\n\t\t\t\t<h4 itemprop=\"name\" class=\"edgtf-pli-title entry-title\" >\n\t\tKI LO SA?\t<\/h4>\n\n\t\t\t\t\t<div class=\"edgtf-pli-category-holder\">\n\t\t\t\t\t\t\t<a itemprop=\"url\" class=\"edgtf-pli-category\" href=\"https:\/\/lamostradevalencia.com\/ca\/categoria-portfolio-1\/festival-2022-ca\/\">Festival 2022<\/a>\n\t\t\t\t\t\t\t<a itemprop=\"url\" class=\"edgtf-pli-category\" href=\"https:\/\/lamostradevalencia.com\/ca\/categoria-portfolio-1\/palmera-dhonor-2022\/\">Palmera d&#039;Honor 2022. Robert Gu\u00e9diguian<\/a>\n\t\t\t\t\t<\/div>\n\t\n\t\t\t\n\t\t\t\t\t<\/div>\n\t<\/div>\n<\/div>\n\t\t<a itemprop=\"url\" class=\"edgtf-pli-link edgtf-block-drag-link\" href=\"https:\/\/lamostradevalencia.com\/ca\/peliculas\/ki-lo-sa\/\" target=\"_self\"><\/a>\n\t<\/div>\n<\/article><article class=\"edgtf-pl-item edgtf-item-space edgtf-masonry-size-default post-16388 portfolio-item type-portfolio-item status-publish has-post-thumbnail hentry portfolio-category-festival-2022-ca portfolio-category-palmera-dhonor-2022 portfolio-tag-palmera-dhonor\">\n\t<div class=\"edgtf-pl-item-inner\">\n\t\t<div class=\"edgtf-pli-image\">\n\t<img loading=\"lazy\" decoding=\"async\" width=\"900\" height=\"600\" src=\"https:\/\/lamostradevalencia.com\/wp-content\/uploads\/2022\/09\/Dieu-vomit-les-tiedes.jpg\" class=\"attachment-full size-full wp-post-image\" alt=\"\" srcset=\"https:\/\/lamostradevalencia.com\/wp-content\/uploads\/2022\/09\/Dieu-vomit-les-tiedes.jpg 900w, https:\/\/lamostradevalencia.com\/wp-content\/uploads\/2022\/09\/Dieu-vomit-les-tiedes-300x200.jpg 300w, https:\/\/lamostradevalencia.com\/wp-content\/uploads\/2022\/09\/Dieu-vomit-les-tiedes-768x512.jpg 768w\" sizes=\"auto, (max-width: 900px) 100vw, 900px\" \/><\/div>\n<div class=\"edgtf-pli-text-holder\" >\n\t<div class=\"edgtf-pli-text-wrapper\">\n\t\t<div class=\"edgtf-pli-text\">\n\t\t\t\t<h4 itemprop=\"name\" class=\"edgtf-pli-title entry-title\" >\n\t\tDIEU VOMIT LES TI\u00c8DES\t<\/h4>\n\n\t\t\t\t\t<div class=\"edgtf-pli-category-holder\">\n\t\t\t\t\t\t\t<a itemprop=\"url\" class=\"edgtf-pli-category\" href=\"https:\/\/lamostradevalencia.com\/ca\/categoria-portfolio-1\/festival-2022-ca\/\">Festival 2022<\/a>\n\t\t\t\t\t\t\t<a itemprop=\"url\" class=\"edgtf-pli-category\" href=\"https:\/\/lamostradevalencia.com\/ca\/categoria-portfolio-1\/palmera-dhonor-2022\/\">Palmera d&#039;Honor 2022. Robert Gu\u00e9diguian<\/a>\n\t\t\t\t\t<\/div>\n\t\n\t\t\t\n\t\t\t\t\t<\/div>\n\t<\/div>\n<\/div>\n\t\t<a itemprop=\"url\" class=\"edgtf-pli-link edgtf-block-drag-link\" href=\"https:\/\/lamostradevalencia.com\/ca\/peliculas\/dieu-vomit-les-tiedes\/\" target=\"_self\"><\/a>\n\t<\/div>\n<\/article><article class=\"edgtf-pl-item edgtf-item-space edgtf-masonry-size-default post-16387 portfolio-item type-portfolio-item status-publish has-post-thumbnail hentry portfolio-category-festival-2022-ca portfolio-category-palmera-dhonor-2022 portfolio-tag-palmera-dhonor\">\n\t<div class=\"edgtf-pl-item-inner\">\n\t\t<div class=\"edgtf-pli-image\">\n\t<img loading=\"lazy\" decoding=\"async\" width=\"900\" height=\"506\" src=\"https:\/\/lamostradevalencia.com\/wp-content\/uploads\/2022\/09\/A-la-vie-a-la-mort.jpg\" class=\"attachment-full size-full wp-post-image\" alt=\"\" srcset=\"https:\/\/lamostradevalencia.com\/wp-content\/uploads\/2022\/09\/A-la-vie-a-la-mort.jpg 900w, https:\/\/lamostradevalencia.com\/wp-content\/uploads\/2022\/09\/A-la-vie-a-la-mort-300x169.jpg 300w, https:\/\/lamostradevalencia.com\/wp-content\/uploads\/2022\/09\/A-la-vie-a-la-mort-768x432.jpg 768w\" sizes=\"auto, (max-width: 900px) 100vw, 900px\" \/><\/div>\n<div class=\"edgtf-pli-text-holder\" >\n\t<div class=\"edgtf-pli-text-wrapper\">\n\t\t<div class=\"edgtf-pli-text\">\n\t\t\t\t<h4 itemprop=\"name\" class=\"edgtf-pli-title entry-title\" >\n\t\t\u00c0 LA VIE, \u00c0 LA MORT!\t<\/h4>\n\n\t\t\t\t\t<div class=\"edgtf-pli-category-holder\">\n\t\t\t\t\t\t\t<a itemprop=\"url\" class=\"edgtf-pli-category\" href=\"https:\/\/lamostradevalencia.com\/ca\/categoria-portfolio-1\/festival-2022-ca\/\">Festival 2022<\/a>\n\t\t\t\t\t\t\t<a itemprop=\"url\" class=\"edgtf-pli-category\" href=\"https:\/\/lamostradevalencia.com\/ca\/categoria-portfolio-1\/palmera-dhonor-2022\/\">Palmera d&#039;Honor 2022. Robert Gu\u00e9diguian<\/a>\n\t\t\t\t\t<\/div>\n\t\n\t\t\t\n\t\t\t\t\t<\/div>\n\t<\/div>\n<\/div>\n\t\t<a itemprop=\"url\" class=\"edgtf-pli-link edgtf-block-drag-link\" href=\"https:\/\/lamostradevalencia.com\/ca\/peliculas\/a-la-vie-a-la-mort\/\" target=\"_self\"><\/a>\n\t<\/div>\n<\/article><article class=\"edgtf-pl-item edgtf-item-space edgtf-masonry-size-default post-16386 portfolio-item type-portfolio-item status-publish has-post-thumbnail hentry portfolio-category-festival-2022-ca portfolio-category-palmera-dhonor-2022 portfolio-tag-palmera-dhonor\">\n\t<div class=\"edgtf-pl-item-inner\">\n\t\t<div class=\"edgtf-pli-image\">\n\t<img loading=\"lazy\" decoding=\"async\" width=\"2000\" height=\"1289\" src=\"https:\/\/lamostradevalencia.com\/wp-content\/uploads\/2022\/09\/Marius-y-Jeanette.jpg\" class=\"attachment-full size-full wp-post-image\" alt=\"\" srcset=\"https:\/\/lamostradevalencia.com\/wp-content\/uploads\/2022\/09\/Marius-y-Jeanette.jpg 2000w, https:\/\/lamostradevalencia.com\/wp-content\/uploads\/2022\/09\/Marius-y-Jeanette-300x193.jpg 300w, https:\/\/lamostradevalencia.com\/wp-content\/uploads\/2022\/09\/Marius-y-Jeanette-1024x660.jpg 1024w, https:\/\/lamostradevalencia.com\/wp-content\/uploads\/2022\/09\/Marius-y-Jeanette-768x495.jpg 768w, https:\/\/lamostradevalencia.com\/wp-content\/uploads\/2022\/09\/Marius-y-Jeanette-1536x990.jpg 1536w\" sizes=\"auto, (max-width: 2000px) 100vw, 2000px\" \/><\/div>\n<div class=\"edgtf-pli-text-holder\" >\n\t<div class=\"edgtf-pli-text-wrapper\">\n\t\t<div class=\"edgtf-pli-text\">\n\t\t\t\t<h4 itemprop=\"name\" class=\"edgtf-pli-title entry-title\" >\n\t\tMARIUS Y JEANETTE\t<\/h4>\n\n\t\t\t\t\t<div class=\"edgtf-pli-category-holder\">\n\t\t\t\t\t\t\t<a itemprop=\"url\" class=\"edgtf-pli-category\" href=\"https:\/\/lamostradevalencia.com\/ca\/categoria-portfolio-1\/festival-2022-ca\/\">Festival 2022<\/a>\n\t\t\t\t\t\t\t<a itemprop=\"url\" class=\"edgtf-pli-category\" href=\"https:\/\/lamostradevalencia.com\/ca\/categoria-portfolio-1\/palmera-dhonor-2022\/\">Palmera d&#039;Honor 2022. Robert Gu\u00e9diguian<\/a>\n\t\t\t\t\t<\/div>\n\t\n\t\t\t\n\t\t\t\t\t<\/div>\n\t<\/div>\n<\/div>\n\t\t<a itemprop=\"url\" class=\"edgtf-pli-link edgtf-block-drag-link\" href=\"https:\/\/lamostradevalencia.com\/ca\/peliculas\/marius-y-jeanette\/\" target=\"_self\"><\/a>\n\t<\/div>\n<\/article><article class=\"edgtf-pl-item edgtf-item-space edgtf-masonry-size-default post-16385 portfolio-item type-portfolio-item status-publish has-post-thumbnail hentry portfolio-category-festival-2022-ca portfolio-category-palmera-dhonor-2022 portfolio-tag-palmera-dhonor\">\n\t<div class=\"edgtf-pl-item-inner\">\n\t\t<div class=\"edgtf-pli-image\">\n\t<img loading=\"lazy\" decoding=\"async\" width=\"1280\" height=\"720\" src=\"https:\/\/lamostradevalencia.com\/wp-content\/uploads\/2022\/09\/De-todo-corazon.jpg\" class=\"attachment-full size-full wp-post-image\" alt=\"\" srcset=\"https:\/\/lamostradevalencia.com\/wp-content\/uploads\/2022\/09\/De-todo-corazon.jpg 1280w, https:\/\/lamostradevalencia.com\/wp-content\/uploads\/2022\/09\/De-todo-corazon-300x169.jpg 300w, https:\/\/lamostradevalencia.com\/wp-content\/uploads\/2022\/09\/De-todo-corazon-1024x576.jpg 1024w, https:\/\/lamostradevalencia.com\/wp-content\/uploads\/2022\/09\/De-todo-corazon-768x432.jpg 768w\" sizes=\"auto, (max-width: 1280px) 100vw, 1280px\" \/><\/div>\n<div class=\"edgtf-pli-text-holder\" >\n\t<div class=\"edgtf-pli-text-wrapper\">\n\t\t<div class=\"edgtf-pli-text\">\n\t\t\t\t<h4 itemprop=\"name\" class=\"edgtf-pli-title entry-title\" >\n\t\tDE TODO CORAZ\u00d3N\t<\/h4>\n\n\t\t\t\t\t<div class=\"edgtf-pli-category-holder\">\n\t\t\t\t\t\t\t<a itemprop=\"url\" class=\"edgtf-pli-category\" href=\"https:\/\/lamostradevalencia.com\/ca\/categoria-portfolio-1\/festival-2022-ca\/\">Festival 2022<\/a>\n\t\t\t\t\t\t\t<a itemprop=\"url\" class=\"edgtf-pli-category\" href=\"https:\/\/lamostradevalencia.com\/ca\/categoria-portfolio-1\/palmera-dhonor-2022\/\">Palmera d&#039;Honor 2022. Robert Gu\u00e9diguian<\/a>\n\t\t\t\t\t<\/div>\n\t\n\t\t\t\n\t\t\t\t\t<\/div>\n\t<\/div>\n<\/div>\n\t\t<a itemprop=\"url\" class=\"edgtf-pli-link edgtf-block-drag-link\" href=\"https:\/\/lamostradevalencia.com\/ca\/peliculas\/de-todo-corazon\/\" target=\"_self\"><\/a>\n\t<\/div>\n<\/article><article class=\"edgtf-pl-item edgtf-item-space edgtf-masonry-size-default post-16384 portfolio-item type-portfolio-item status-publish has-post-thumbnail hentry portfolio-category-festival-2022-ca portfolio-category-palmera-dhonor-2022 portfolio-tag-palmera-dhonor\">\n\t<div class=\"edgtf-pl-item-inner\">\n\t\t<div class=\"edgtf-pli-image\">\n\t<img loading=\"lazy\" decoding=\"async\" width=\"583\" height=\"317\" src=\"https:\/\/lamostradevalencia.com\/wp-content\/uploads\/2022\/09\/Al-ataque.jpg\" class=\"attachment-full size-full wp-post-image\" alt=\"\" srcset=\"https:\/\/lamostradevalencia.com\/wp-content\/uploads\/2022\/09\/Al-ataque.jpg 583w, https:\/\/lamostradevalencia.com\/wp-content\/uploads\/2022\/09\/Al-ataque-300x163.jpg 300w\" sizes=\"auto, (max-width: 583px) 100vw, 583px\" \/><\/div>\n<div class=\"edgtf-pli-text-holder\" >\n\t<div class=\"edgtf-pli-text-wrapper\">\n\t\t<div class=\"edgtf-pli-text\">\n\t\t\t\t<h4 itemprop=\"name\" class=\"edgtf-pli-title entry-title\" >\n\t\t\u00a1AL ATAQUE!\t<\/h4>\n\n\t\t\t\t\t<div class=\"edgtf-pli-category-holder\">\n\t\t\t\t\t\t\t<a itemprop=\"url\" class=\"edgtf-pli-category\" href=\"https:\/\/lamostradevalencia.com\/ca\/categoria-portfolio-1\/festival-2022-ca\/\">Festival 2022<\/a>\n\t\t\t\t\t\t\t<a itemprop=\"url\" class=\"edgtf-pli-category\" href=\"https:\/\/lamostradevalencia.com\/ca\/categoria-portfolio-1\/palmera-dhonor-2022\/\">Palmera d&#039;Honor 2022. Robert Gu\u00e9diguian<\/a>\n\t\t\t\t\t<\/div>\n\t\n\t\t\t\n\t\t\t\t\t<\/div>\n\t<\/div>\n<\/div>\n\t\t<a itemprop=\"url\" class=\"edgtf-pli-link edgtf-block-drag-link\" href=\"https:\/\/lamostradevalencia.com\/ca\/peliculas\/al-ataque\/\" target=\"_self\"><\/a>\n\t<\/div>\n<\/article><article class=\"edgtf-pl-item edgtf-item-space edgtf-masonry-size-default post-16383 portfolio-item type-portfolio-item status-publish has-post-thumbnail hentry portfolio-category-festival-2022-ca portfolio-category-palmera-dhonor-2022 portfolio-tag-palmera-dhonor\">\n\t<div class=\"edgtf-pl-item-inner\">\n\t\t<div class=\"edgtf-pli-image\">\n\t<img loading=\"lazy\" decoding=\"async\" width=\"1200\" height=\"780\" src=\"https:\/\/lamostradevalencia.com\/wp-content\/uploads\/2022\/09\/La-ciudad-esta-tranquila.jpg\" class=\"attachment-full size-full wp-post-image\" alt=\"\" srcset=\"https:\/\/lamostradevalencia.com\/wp-content\/uploads\/2022\/09\/La-ciudad-esta-tranquila.jpg 1200w, https:\/\/lamostradevalencia.com\/wp-content\/uploads\/2022\/09\/La-ciudad-esta-tranquila-300x195.jpg 300w, https:\/\/lamostradevalencia.com\/wp-content\/uploads\/2022\/09\/La-ciudad-esta-tranquila-1024x666.jpg 1024w, https:\/\/lamostradevalencia.com\/wp-content\/uploads\/2022\/09\/La-ciudad-esta-tranquila-768x499.jpg 768w\" sizes=\"auto, (max-width: 1200px) 100vw, 1200px\" \/><\/div>\n<div class=\"edgtf-pli-text-holder\" >\n\t<div class=\"edgtf-pli-text-wrapper\">\n\t\t<div class=\"edgtf-pli-text\">\n\t\t\t\t<h4 itemprop=\"name\" class=\"edgtf-pli-title entry-title\" >\n\t\tLA CIUDAD EST\u00c1 TRANQUILA\t<\/h4>\n\n\t\t\t\t\t<div class=\"edgtf-pli-category-holder\">\n\t\t\t\t\t\t\t<a itemprop=\"url\" class=\"edgtf-pli-category\" href=\"https:\/\/lamostradevalencia.com\/ca\/categoria-portfolio-1\/festival-2022-ca\/\">Festival 2022<\/a>\n\t\t\t\t\t\t\t<a itemprop=\"url\" class=\"edgtf-pli-category\" href=\"https:\/\/lamostradevalencia.com\/ca\/categoria-portfolio-1\/palmera-dhonor-2022\/\">Palmera d&#039;Honor 2022. Robert Gu\u00e9diguian<\/a>\n\t\t\t\t\t<\/div>\n\t\n\t\t\t\n\t\t\t\t\t<\/div>\n\t<\/div>\n<\/div>\n\t\t<a itemprop=\"url\" class=\"edgtf-pli-link edgtf-block-drag-link\" href=\"https:\/\/lamostradevalencia.com\/ca\/peliculas\/la-ciudad-esta-tranquila\/\" target=\"_self\"><\/a>\n\t<\/div>\n<\/article><article class=\"edgtf-pl-item edgtf-item-space edgtf-masonry-size-default post-16382 portfolio-item type-portfolio-item status-publish has-post-thumbnail hentry portfolio-category-festival-2022-ca portfolio-category-palmera-dhonor-2022 portfolio-tag-palmera-dhonor\">\n\t<div class=\"edgtf-pl-item-inner\">\n\t\t<div class=\"edgtf-pli-image\">\n\t<img loading=\"lazy\" decoding=\"async\" width=\"1200\" height=\"800\" src=\"https:\/\/lamostradevalencia.com\/wp-content\/uploads\/2022\/09\/Marie-Jo-y-sus-dos-amores.jpg\" class=\"attachment-full size-full wp-post-image\" alt=\"\" srcset=\"https:\/\/lamostradevalencia.com\/wp-content\/uploads\/2022\/09\/Marie-Jo-y-sus-dos-amores.jpg 1200w, https:\/\/lamostradevalencia.com\/wp-content\/uploads\/2022\/09\/Marie-Jo-y-sus-dos-amores-300x200.jpg 300w, https:\/\/lamostradevalencia.com\/wp-content\/uploads\/2022\/09\/Marie-Jo-y-sus-dos-amores-1024x683.jpg 1024w, https:\/\/lamostradevalencia.com\/wp-content\/uploads\/2022\/09\/Marie-Jo-y-sus-dos-amores-768x512.jpg 768w\" sizes=\"auto, (max-width: 1200px) 100vw, 1200px\" \/><\/div>\n<div class=\"edgtf-pli-text-holder\" >\n\t<div class=\"edgtf-pli-text-wrapper\">\n\t\t<div class=\"edgtf-pli-text\">\n\t\t\t\t<h4 itemprop=\"name\" class=\"edgtf-pli-title entry-title\" >\n\t\tMARIE-JO Y SUS DOS AMORES\t<\/h4>\n\n\t\t\t\t\t<div class=\"edgtf-pli-category-holder\">\n\t\t\t\t\t\t\t<a itemprop=\"url\" class=\"edgtf-pli-category\" href=\"https:\/\/lamostradevalencia.com\/ca\/categoria-portfolio-1\/festival-2022-ca\/\">Festival 2022<\/a>\n\t\t\t\t\t\t\t<a itemprop=\"url\" class=\"edgtf-pli-category\" href=\"https:\/\/lamostradevalencia.com\/ca\/categoria-portfolio-1\/palmera-dhonor-2022\/\">Palmera d&#039;Honor 2022. Robert Gu\u00e9diguian<\/a>\n\t\t\t\t\t<\/div>\n\t\n\t\t\t\n\t\t\t\t\t<\/div>\n\t<\/div>\n<\/div>\n\t\t<a itemprop=\"url\" class=\"edgtf-pli-link edgtf-block-drag-link\" href=\"https:\/\/lamostradevalencia.com\/ca\/peliculas\/marie-jo-y-sus-dos-amores\/\" target=\"_self\"><\/a>\n\t<\/div>\n<\/article><article class=\"edgtf-pl-item edgtf-item-space edgtf-masonry-size-default post-16381 portfolio-item type-portfolio-item status-publish has-post-thumbnail hentry portfolio-category-festival-2022-ca portfolio-category-palmera-dhonor-2022 portfolio-tag-palmera-dhonor\">\n\t<div class=\"edgtf-pl-item-inner\">\n\t\t<div class=\"edgtf-pli-image\">\n\t<img loading=\"lazy\" decoding=\"async\" width=\"1100\" height=\"740\" src=\"https:\/\/lamostradevalencia.com\/wp-content\/uploads\/2022\/09\/Mi-padre-es-ingeniero.jpg.png\" class=\"attachment-full size-full wp-post-image\" alt=\"\" srcset=\"https:\/\/lamostradevalencia.com\/wp-content\/uploads\/2022\/09\/Mi-padre-es-ingeniero.jpg.png 1100w, https:\/\/lamostradevalencia.com\/wp-content\/uploads\/2022\/09\/Mi-padre-es-ingeniero.jpg-300x202.png 300w, https:\/\/lamostradevalencia.com\/wp-content\/uploads\/2022\/09\/Mi-padre-es-ingeniero.jpg-1024x689.png 1024w, https:\/\/lamostradevalencia.com\/wp-content\/uploads\/2022\/09\/Mi-padre-es-ingeniero.jpg-768x517.png 768w\" sizes=\"auto, (max-width: 1100px) 100vw, 1100px\" \/><\/div>\n<div class=\"edgtf-pli-text-holder\" >\n\t<div class=\"edgtf-pli-text-wrapper\">\n\t\t<div class=\"edgtf-pli-text\">\n\t\t\t\t<h4 itemprop=\"name\" class=\"edgtf-pli-title entry-title\" >\n\t\tMI PADRE ES INGENIERO\t<\/h4>\n\n\t\t\t\t\t<div class=\"edgtf-pli-category-holder\">\n\t\t\t\t\t\t\t<a itemprop=\"url\" class=\"edgtf-pli-category\" href=\"https:\/\/lamostradevalencia.com\/ca\/categoria-portfolio-1\/festival-2022-ca\/\">Festival 2022<\/a>\n\t\t\t\t\t\t\t<a itemprop=\"url\" class=\"edgtf-pli-category\" href=\"https:\/\/lamostradevalencia.com\/ca\/categoria-portfolio-1\/palmera-dhonor-2022\/\">Palmera d&#039;Honor 2022. Robert Gu\u00e9diguian<\/a>\n\t\t\t\t\t<\/div>\n\t\n\t\t\t\n\t\t\t\t\t<\/div>\n\t<\/div>\n<\/div>\n\t\t<a itemprop=\"url\" class=\"edgtf-pli-link edgtf-block-drag-link\" href=\"https:\/\/lamostradevalencia.com\/ca\/peliculas\/mi-padre-es-ingeniero\/\" target=\"_self\"><\/a>\n\t<\/div>\n<\/article><article class=\"edgtf-pl-item edgtf-item-space edgtf-masonry-size-default post-16380 portfolio-item type-portfolio-item status-publish has-post-thumbnail hentry portfolio-category-festival-2022-ca portfolio-category-palmera-dhonor-2022 portfolio-tag-palmera-dhonor\">\n\t<div class=\"edgtf-pl-item-inner\">\n\t\t<div class=\"edgtf-pli-image\">\n\t<img loading=\"lazy\" decoding=\"async\" width=\"1200\" height=\"800\" src=\"https:\/\/lamostradevalencia.com\/wp-content\/uploads\/2022\/09\/Presidente-Mitterrand.jpg\" class=\"attachment-full size-full wp-post-image\" alt=\"\" srcset=\"https:\/\/lamostradevalencia.com\/wp-content\/uploads\/2022\/09\/Presidente-Mitterrand.jpg 1200w, https:\/\/lamostradevalencia.com\/wp-content\/uploads\/2022\/09\/Presidente-Mitterrand-300x200.jpg 300w, https:\/\/lamostradevalencia.com\/wp-content\/uploads\/2022\/09\/Presidente-Mitterrand-1024x683.jpg 1024w, https:\/\/lamostradevalencia.com\/wp-content\/uploads\/2022\/09\/Presidente-Mitterrand-768x512.jpg 768w\" sizes=\"auto, (max-width: 1200px) 100vw, 1200px\" \/><\/div>\n<div class=\"edgtf-pli-text-holder\" >\n\t<div class=\"edgtf-pli-text-wrapper\">\n\t\t<div class=\"edgtf-pli-text\">\n\t\t\t\t<h4 itemprop=\"name\" class=\"edgtf-pli-title entry-title\" >\n\t\tPRESIDENTE MITTERRAND (EL PASEANTE DEL CHAMP DE MARS)\t<\/h4>\n\n\t\t\t\t\t<div class=\"edgtf-pli-category-holder\">\n\t\t\t\t\t\t\t<a itemprop=\"url\" class=\"edgtf-pli-category\" href=\"https:\/\/lamostradevalencia.com\/ca\/categoria-portfolio-1\/festival-2022-ca\/\">Festival 2022<\/a>\n\t\t\t\t\t\t\t<a itemprop=\"url\" class=\"edgtf-pli-category\" href=\"https:\/\/lamostradevalencia.com\/ca\/categoria-portfolio-1\/palmera-dhonor-2022\/\">Palmera d&#039;Honor 2022. Robert Gu\u00e9diguian<\/a>\n\t\t\t\t\t<\/div>\n\t\n\t\t\t\n\t\t\t\t\t<\/div>\n\t<\/div>\n<\/div>\n\t\t<a itemprop=\"url\" class=\"edgtf-pli-link edgtf-block-drag-link\" href=\"https:\/\/lamostradevalencia.com\/ca\/peliculas\/presidente-mitterrand-el-paseante-del-champ-de-mars\/\" target=\"_self\"><\/a>\n\t<\/div>\n<\/article><article class=\"edgtf-pl-item edgtf-item-space edgtf-masonry-size-default post-16379 portfolio-item type-portfolio-item status-publish has-post-thumbnail hentry portfolio-category-festival-2022-ca portfolio-category-palmera-dhonor-2022 portfolio-tag-palmera-dhonor\">\n\t<div class=\"edgtf-pl-item-inner\">\n\t\t<div class=\"edgtf-pli-image\">\n\t<img loading=\"lazy\" decoding=\"async\" width=\"1646\" height=\"926\" src=\"https:\/\/lamostradevalencia.com\/wp-content\/uploads\/2022\/09\/Le-voyage-en-Armenie.png\" class=\"attachment-full size-full wp-post-image\" alt=\"\" srcset=\"https:\/\/lamostradevalencia.com\/wp-content\/uploads\/2022\/09\/Le-voyage-en-Armenie.png 1646w, https:\/\/lamostradevalencia.com\/wp-content\/uploads\/2022\/09\/Le-voyage-en-Armenie-300x169.png 300w, https:\/\/lamostradevalencia.com\/wp-content\/uploads\/2022\/09\/Le-voyage-en-Armenie-1024x576.png 1024w, https:\/\/lamostradevalencia.com\/wp-content\/uploads\/2022\/09\/Le-voyage-en-Armenie-768x432.png 768w, https:\/\/lamostradevalencia.com\/wp-content\/uploads\/2022\/09\/Le-voyage-en-Armenie-1536x864.png 1536w\" sizes=\"auto, (max-width: 1646px) 100vw, 1646px\" \/><\/div>\n<div class=\"edgtf-pli-text-holder\" >\n\t<div class=\"edgtf-pli-text-wrapper\">\n\t\t<div class=\"edgtf-pli-text\">\n\t\t\t\t<h4 itemprop=\"name\" class=\"edgtf-pli-title entry-title\" >\n\t\tLE VOYAGE EN ARM\u00c9NIE\t<\/h4>\n\n\t\t\t\t\t<div class=\"edgtf-pli-category-holder\">\n\t\t\t\t\t\t\t<a itemprop=\"url\" class=\"edgtf-pli-category\" href=\"https:\/\/lamostradevalencia.com\/ca\/categoria-portfolio-1\/festival-2022-ca\/\">Festival 2022<\/a>\n\t\t\t\t\t\t\t<a itemprop=\"url\" class=\"edgtf-pli-category\" href=\"https:\/\/lamostradevalencia.com\/ca\/categoria-portfolio-1\/palmera-dhonor-2022\/\">Palmera d&#039;Honor 2022. Robert Gu\u00e9diguian<\/a>\n\t\t\t\t\t<\/div>\n\t\n\t\t\t\n\t\t\t\t\t<\/div>\n\t<\/div>\n<\/div>\n\t\t<a itemprop=\"url\" class=\"edgtf-pli-link edgtf-block-drag-link\" href=\"https:\/\/lamostradevalencia.com\/ca\/peliculas\/le-voyage-en-armenie\/\" target=\"_self\"><\/a>\n\t<\/div>\n<\/article><article class=\"edgtf-pl-item edgtf-item-space edgtf-masonry-size-default post-16378 portfolio-item type-portfolio-item status-publish has-post-thumbnail hentry portfolio-category-festival-2022-ca portfolio-category-palmera-dhonor-2022 portfolio-tag-palmera-dhonor\">\n\t<div class=\"edgtf-pl-item-inner\">\n\t\t<div class=\"edgtf-pli-image\">\n\t<img loading=\"lazy\" decoding=\"async\" width=\"1000\" height=\"544\" src=\"https:\/\/lamostradevalencia.com\/wp-content\/uploads\/2022\/09\/Lady-Jane.jpg\" class=\"attachment-full size-full wp-post-image\" alt=\"\" srcset=\"https:\/\/lamostradevalencia.com\/wp-content\/uploads\/2022\/09\/Lady-Jane.jpg 1000w, https:\/\/lamostradevalencia.com\/wp-content\/uploads\/2022\/09\/Lady-Jane-300x163.jpg 300w, https:\/\/lamostradevalencia.com\/wp-content\/uploads\/2022\/09\/Lady-Jane-768x418.jpg 768w\" sizes=\"auto, (max-width: 1000px) 100vw, 1000px\" \/><\/div>\n<div class=\"edgtf-pli-text-holder\" >\n\t<div class=\"edgtf-pli-text-wrapper\">\n\t\t<div class=\"edgtf-pli-text\">\n\t\t\t\t<h4 itemprop=\"name\" class=\"edgtf-pli-title entry-title\" >\n\t\tLADY JANE\t<\/h4>\n\n\t\t\t\t\t<div class=\"edgtf-pli-category-holder\">\n\t\t\t\t\t\t\t<a itemprop=\"url\" class=\"edgtf-pli-category\" href=\"https:\/\/lamostradevalencia.com\/ca\/categoria-portfolio-1\/festival-2022-ca\/\">Festival 2022<\/a>\n\t\t\t\t\t\t\t<a itemprop=\"url\" class=\"edgtf-pli-category\" href=\"https:\/\/lamostradevalencia.com\/ca\/categoria-portfolio-1\/palmera-dhonor-2022\/\">Palmera d&#039;Honor 2022. Robert Gu\u00e9diguian<\/a>\n\t\t\t\t\t<\/div>\n\t\n\t\t\t\n\t\t\t\t\t<\/div>\n\t<\/div>\n<\/div>\n\t\t<a itemprop=\"url\" class=\"edgtf-pli-link edgtf-block-drag-link\" href=\"https:\/\/lamostradevalencia.com\/ca\/peliculas\/lady-jane\/\" target=\"_self\"><\/a>\n\t<\/div>\n<\/article><article class=\"edgtf-pl-item edgtf-item-space edgtf-masonry-size-default post-16377 portfolio-item type-portfolio-item status-publish has-post-thumbnail hentry portfolio-category-festival-2022-ca portfolio-category-palmera-dhonor-2022 portfolio-tag-palmera-dhonor\">\n\t<div class=\"edgtf-pl-item-inner\">\n\t\t<div class=\"edgtf-pli-image\">\n\t<img loading=\"lazy\" decoding=\"async\" width=\"967\" height=\"550\" src=\"https:\/\/lamostradevalencia.com\/wp-content\/uploads\/2022\/09\/Larmee-du-crime.jpg\" class=\"attachment-full size-full wp-post-image\" alt=\"\" srcset=\"https:\/\/lamostradevalencia.com\/wp-content\/uploads\/2022\/09\/Larmee-du-crime.jpg 967w, https:\/\/lamostradevalencia.com\/wp-content\/uploads\/2022\/09\/Larmee-du-crime-300x171.jpg 300w, https:\/\/lamostradevalencia.com\/wp-content\/uploads\/2022\/09\/Larmee-du-crime-768x437.jpg 768w\" sizes=\"auto, (max-width: 967px) 100vw, 967px\" \/><\/div>\n<div class=\"edgtf-pli-text-holder\" >\n\t<div class=\"edgtf-pli-text-wrapper\">\n\t\t<div class=\"edgtf-pli-text\">\n\t\t\t\t<h4 itemprop=\"name\" class=\"edgtf-pli-title entry-title\" >\n\t\tL\u2019ARM\u00c9E DU CRIME\t<\/h4>\n\n\t\t\t\t\t<div class=\"edgtf-pli-category-holder\">\n\t\t\t\t\t\t\t<a itemprop=\"url\" class=\"edgtf-pli-category\" href=\"https:\/\/lamostradevalencia.com\/ca\/categoria-portfolio-1\/festival-2022-ca\/\">Festival 2022<\/a>\n\t\t\t\t\t\t\t<a itemprop=\"url\" class=\"edgtf-pli-category\" href=\"https:\/\/lamostradevalencia.com\/ca\/categoria-portfolio-1\/palmera-dhonor-2022\/\">Palmera d&#039;Honor 2022. Robert Gu\u00e9diguian<\/a>\n\t\t\t\t\t<\/div>\n\t\n\t\t\t\n\t\t\t\t\t<\/div>\n\t<\/div>\n<\/div>\n\t\t<a itemprop=\"url\" class=\"edgtf-pli-link edgtf-block-drag-link\" href=\"https:\/\/lamostradevalencia.com\/ca\/peliculas\/larmee-du-crime\/\" target=\"_self\"><\/a>\n\t<\/div>\n<\/article><article class=\"edgtf-pl-item edgtf-item-space edgtf-masonry-size-default post-16376 portfolio-item type-portfolio-item status-publish has-post-thumbnail hentry portfolio-category-festival-2022-ca portfolio-category-palmera-dhonor-2022 portfolio-tag-palmera-dhonor\">\n\t<div class=\"edgtf-pl-item-inner\">\n\t\t<div class=\"edgtf-pli-image\">\n\t<img loading=\"lazy\" decoding=\"async\" width=\"1024\" height=\"613\" src=\"https:\/\/lamostradevalencia.com\/wp-content\/uploads\/2022\/09\/Las-nieves-del-Kilimanjaro.jpg\" class=\"attachment-full size-full wp-post-image\" alt=\"\" srcset=\"https:\/\/lamostradevalencia.com\/wp-content\/uploads\/2022\/09\/Las-nieves-del-Kilimanjaro.jpg 1024w, https:\/\/lamostradevalencia.com\/wp-content\/uploads\/2022\/09\/Las-nieves-del-Kilimanjaro-300x180.jpg 300w, https:\/\/lamostradevalencia.com\/wp-content\/uploads\/2022\/09\/Las-nieves-del-Kilimanjaro-768x460.jpg 768w\" sizes=\"auto, (max-width: 1024px) 100vw, 1024px\" \/><\/div>\n<div class=\"edgtf-pli-text-holder\" >\n\t<div class=\"edgtf-pli-text-wrapper\">\n\t\t<div class=\"edgtf-pli-text\">\n\t\t\t\t<h4 itemprop=\"name\" class=\"edgtf-pli-title entry-title\" >\n\t\tLAS NIEVES DEL KILIMANJARO\t<\/h4>\n\n\t\t\t\t\t<div class=\"edgtf-pli-category-holder\">\n\t\t\t\t\t\t\t<a itemprop=\"url\" class=\"edgtf-pli-category\" href=\"https:\/\/lamostradevalencia.com\/ca\/categoria-portfolio-1\/festival-2022-ca\/\">Festival 2022<\/a>\n\t\t\t\t\t\t\t<a itemprop=\"url\" class=\"edgtf-pli-category\" href=\"https:\/\/lamostradevalencia.com\/ca\/categoria-portfolio-1\/palmera-dhonor-2022\/\">Palmera d&#039;Honor 2022. Robert Gu\u00e9diguian<\/a>\n\t\t\t\t\t<\/div>\n\t\n\t\t\t\n\t\t\t\t\t<\/div>\n\t<\/div>\n<\/div>\n\t\t<a itemprop=\"url\" class=\"edgtf-pli-link edgtf-block-drag-link\" href=\"https:\/\/lamostradevalencia.com\/ca\/peliculas\/las-nieves-del-kilimanjaro\/\" target=\"_self\"><\/a>\n\t<\/div>\n<\/article><article class=\"edgtf-pl-item edgtf-item-space edgtf-masonry-size-default post-16375 portfolio-item type-portfolio-item status-publish has-post-thumbnail hentry portfolio-category-festival-2022-ca portfolio-category-palmera-dhonor-2022 portfolio-tag-palmera-dhonor\">\n\t<div class=\"edgtf-pl-item-inner\">\n\t\t<div class=\"edgtf-pli-image\">\n\t<img loading=\"lazy\" decoding=\"async\" width=\"1023\" height=\"683\" src=\"https:\/\/lamostradevalencia.com\/wp-content\/uploads\/2022\/09\/El-cumpleanos-de-Ariane.jpg\" class=\"attachment-full size-full wp-post-image\" alt=\"\" srcset=\"https:\/\/lamostradevalencia.com\/wp-content\/uploads\/2022\/09\/El-cumpleanos-de-Ariane.jpg 1023w, https:\/\/lamostradevalencia.com\/wp-content\/uploads\/2022\/09\/El-cumpleanos-de-Ariane-300x200.jpg 300w, https:\/\/lamostradevalencia.com\/wp-content\/uploads\/2022\/09\/El-cumpleanos-de-Ariane-768x513.jpg 768w\" sizes=\"auto, (max-width: 1023px) 100vw, 1023px\" \/><\/div>\n<div class=\"edgtf-pli-text-holder\" >\n\t<div class=\"edgtf-pli-text-wrapper\">\n\t\t<div class=\"edgtf-pli-text\">\n\t\t\t\t<h4 itemprop=\"name\" class=\"edgtf-pli-title entry-title\" >\n\t\tEL CUMPLEA\u00d1OS DE ARIANE\t<\/h4>\n\n\t\t\t\t\t<div class=\"edgtf-pli-category-holder\">\n\t\t\t\t\t\t\t<a itemprop=\"url\" class=\"edgtf-pli-category\" href=\"https:\/\/lamostradevalencia.com\/ca\/categoria-portfolio-1\/festival-2022-ca\/\">Festival 2022<\/a>\n\t\t\t\t\t\t\t<a itemprop=\"url\" class=\"edgtf-pli-category\" href=\"https:\/\/lamostradevalencia.com\/ca\/categoria-portfolio-1\/palmera-dhonor-2022\/\">Palmera d&#039;Honor 2022. Robert Gu\u00e9diguian<\/a>\n\t\t\t\t\t<\/div>\n\t\n\t\t\t\n\t\t\t\t\t<\/div>\n\t<\/div>\n<\/div>\n\t\t<a itemprop=\"url\" class=\"edgtf-pli-link edgtf-block-drag-link\" href=\"https:\/\/lamostradevalencia.com\/ca\/peliculas\/el-cumpleanos-de-ariane\/\" target=\"_self\"><\/a>\n\t<\/div>\n<\/article><article class=\"edgtf-pl-item edgtf-item-space edgtf-masonry-size-default post-16374 portfolio-item type-portfolio-item status-publish has-post-thumbnail hentry portfolio-category-festival-2022-ca portfolio-category-palmera-dhonor-2022 portfolio-tag-palmera-dhonor\">\n\t<div class=\"edgtf-pl-item-inner\">\n\t\t<div class=\"edgtf-pli-image\">\n\t<img loading=\"lazy\" decoding=\"async\" width=\"935\" height=\"506\" src=\"https:\/\/lamostradevalencia.com\/wp-content\/uploads\/2022\/09\/Una-historia-de-locos.jpg\" class=\"attachment-full size-full wp-post-image\" alt=\"\" srcset=\"https:\/\/lamostradevalencia.com\/wp-content\/uploads\/2022\/09\/Una-historia-de-locos.jpg 935w, https:\/\/lamostradevalencia.com\/wp-content\/uploads\/2022\/09\/Una-historia-de-locos-300x162.jpg 300w, https:\/\/lamostradevalencia.com\/wp-content\/uploads\/2022\/09\/Una-historia-de-locos-768x416.jpg 768w\" sizes=\"auto, (max-width: 935px) 100vw, 935px\" \/><\/div>\n<div class=\"edgtf-pli-text-holder\" >\n\t<div class=\"edgtf-pli-text-wrapper\">\n\t\t<div class=\"edgtf-pli-text\">\n\t\t\t\t<h4 itemprop=\"name\" class=\"edgtf-pli-title entry-title\" >\n\t\tUNA HISTORIA DE LOCOS\t<\/h4>\n\n\t\t\t\t\t<div class=\"edgtf-pli-category-holder\">\n\t\t\t\t\t\t\t<a itemprop=\"url\" class=\"edgtf-pli-category\" href=\"https:\/\/lamostradevalencia.com\/ca\/categoria-portfolio-1\/festival-2022-ca\/\">Festival 2022<\/a>\n\t\t\t\t\t\t\t<a itemprop=\"url\" class=\"edgtf-pli-category\" href=\"https:\/\/lamostradevalencia.com\/ca\/categoria-portfolio-1\/palmera-dhonor-2022\/\">Palmera d&#039;Honor 2022. Robert Gu\u00e9diguian<\/a>\n\t\t\t\t\t<\/div>\n\t\n\t\t\t\n\t\t\t\t\t<\/div>\n\t<\/div>\n<\/div>\n\t\t<a itemprop=\"url\" class=\"edgtf-pli-link edgtf-block-drag-link\" href=\"https:\/\/lamostradevalencia.com\/ca\/peliculas\/una-historia-de-locos\/\" target=\"_self\"><\/a>\n\t<\/div>\n<\/article><article class=\"edgtf-pl-item edgtf-item-space edgtf-masonry-size-default post-16373 portfolio-item type-portfolio-item status-publish has-post-thumbnail hentry portfolio-category-festival-2022-ca portfolio-category-palmera-dhonor-2022 portfolio-tag-palmera-dhonor\">\n\t<div class=\"edgtf-pl-item-inner\">\n\t\t<div class=\"edgtf-pli-image\">\n\t<img loading=\"lazy\" decoding=\"async\" width=\"1600\" height=\"1067\" src=\"https:\/\/lamostradevalencia.com\/wp-content\/uploads\/2022\/09\/La-casa-junto-al-mar.jpg\" class=\"attachment-full size-full wp-post-image\" alt=\"\" srcset=\"https:\/\/lamostradevalencia.com\/wp-content\/uploads\/2022\/09\/La-casa-junto-al-mar.jpg 1600w, https:\/\/lamostradevalencia.com\/wp-content\/uploads\/2022\/09\/La-casa-junto-al-mar-300x200.jpg 300w, https:\/\/lamostradevalencia.com\/wp-content\/uploads\/2022\/09\/La-casa-junto-al-mar-1024x683.jpg 1024w, https:\/\/lamostradevalencia.com\/wp-content\/uploads\/2022\/09\/La-casa-junto-al-mar-768x512.jpg 768w, https:\/\/lamostradevalencia.com\/wp-content\/uploads\/2022\/09\/La-casa-junto-al-mar-1536x1024.jpg 1536w\" sizes=\"auto, (max-width: 1600px) 100vw, 1600px\" \/><\/div>\n<div class=\"edgtf-pli-text-holder\" >\n\t<div class=\"edgtf-pli-text-wrapper\">\n\t\t<div class=\"edgtf-pli-text\">\n\t\t\t\t<h4 itemprop=\"name\" class=\"edgtf-pli-title entry-title\" >\n\t\tLA CASA JUNTO AL MAR\t<\/h4>\n\n\t\t\t\t\t<div class=\"edgtf-pli-category-holder\">\n\t\t\t\t\t\t\t<a itemprop=\"url\" class=\"edgtf-pli-category\" href=\"https:\/\/lamostradevalencia.com\/ca\/categoria-portfolio-1\/festival-2022-ca\/\">Festival 2022<\/a>\n\t\t\t\t\t\t\t<a itemprop=\"url\" class=\"edgtf-pli-category\" href=\"https:\/\/lamostradevalencia.com\/ca\/categoria-portfolio-1\/palmera-dhonor-2022\/\">Palmera d&#039;Honor 2022. Robert Gu\u00e9diguian<\/a>\n\t\t\t\t\t<\/div>\n\t\n\t\t\t\n\t\t\t\t\t<\/div>\n\t<\/div>\n<\/div>\n\t\t<a itemprop=\"url\" class=\"edgtf-pli-link edgtf-block-drag-link\" href=\"https:\/\/lamostradevalencia.com\/ca\/peliculas\/la-casa-junto-al-mar\/\" target=\"_self\"><\/a>\n\t<\/div>\n<\/article><article class=\"edgtf-pl-item edgtf-item-space edgtf-masonry-size-default post-16372 portfolio-item type-portfolio-item status-publish has-post-thumbnail hentry portfolio-category-festival-2022-ca portfolio-category-palmera-dhonor-2022 portfolio-tag-palmera-dhonor\">\n\t<div class=\"edgtf-pl-item-inner\">\n\t\t<div class=\"edgtf-pli-image\">\n\t<img loading=\"lazy\" decoding=\"async\" width=\"1600\" height=\"867\" src=\"https:\/\/lamostradevalencia.com\/wp-content\/uploads\/2022\/09\/Gloria-mundi.jpg\" class=\"attachment-full size-full wp-post-image\" alt=\"\" srcset=\"https:\/\/lamostradevalencia.com\/wp-content\/uploads\/2022\/09\/Gloria-mundi.jpg 1600w, https:\/\/lamostradevalencia.com\/wp-content\/uploads\/2022\/09\/Gloria-mundi-300x163.jpg 300w, https:\/\/lamostradevalencia.com\/wp-content\/uploads\/2022\/09\/Gloria-mundi-1024x555.jpg 1024w, https:\/\/lamostradevalencia.com\/wp-content\/uploads\/2022\/09\/Gloria-mundi-768x416.jpg 768w, https:\/\/lamostradevalencia.com\/wp-content\/uploads\/2022\/09\/Gloria-mundi-1536x832.jpg 1536w\" sizes=\"auto, (max-width: 1600px) 100vw, 1600px\" \/><\/div>\n<div class=\"edgtf-pli-text-holder\" >\n\t<div class=\"edgtf-pli-text-wrapper\">\n\t\t<div class=\"edgtf-pli-text\">\n\t\t\t\t<h4 itemprop=\"name\" class=\"edgtf-pli-title entry-title\" >\n\t\tGLORIA MUNDI\t<\/h4>\n\n\t\t\t\t\t<div class=\"edgtf-pli-category-holder\">\n\t\t\t\t\t\t\t<a itemprop=\"url\" class=\"edgtf-pli-category\" href=\"https:\/\/lamostradevalencia.com\/ca\/categoria-portfolio-1\/festival-2022-ca\/\">Festival 2022<\/a>\n\t\t\t\t\t\t\t<a itemprop=\"url\" class=\"edgtf-pli-category\" href=\"https:\/\/lamostradevalencia.com\/ca\/categoria-portfolio-1\/palmera-dhonor-2022\/\">Palmera d&#039;Honor 2022. Robert Gu\u00e9diguian<\/a>\n\t\t\t\t\t<\/div>\n\t\n\t\t\t\n\t\t\t\t\t<\/div>\n\t<\/div>\n<\/div>\n\t\t<a itemprop=\"url\" class=\"edgtf-pli-link edgtf-block-drag-link\" href=\"https:\/\/lamostradevalencia.com\/ca\/peliculas\/gloria-mundi\/\" target=\"_self\"><\/a>\n\t<\/div>\n<\/article><article class=\"edgtf-pl-item edgtf-item-space edgtf-masonry-size-default post-16371 portfolio-item type-portfolio-item status-publish has-post-thumbnail hentry portfolio-category-festival-2022-ca portfolio-category-palmera-dhonor-2022 portfolio-tag-palmera-dhonor\">\n\t<div class=\"edgtf-pl-item-inner\">\n\t\t<div class=\"edgtf-pli-image\">\n\t<img loading=\"lazy\" decoding=\"async\" width=\"1200\" height=\"675\" src=\"https:\/\/lamostradevalencia.com\/wp-content\/uploads\/2022\/09\/Mali-Twist.png\" class=\"attachment-full size-full wp-post-image\" alt=\"\" srcset=\"https:\/\/lamostradevalencia.com\/wp-content\/uploads\/2022\/09\/Mali-Twist.png 1200w, https:\/\/lamostradevalencia.com\/wp-content\/uploads\/2022\/09\/Mali-Twist-300x169.png 300w, https:\/\/lamostradevalencia.com\/wp-content\/uploads\/2022\/09\/Mali-Twist-1024x576.png 1024w, https:\/\/lamostradevalencia.com\/wp-content\/uploads\/2022\/09\/Mali-Twist-768x432.png 768w\" sizes=\"auto, (max-width: 1200px) 100vw, 1200px\" \/><\/div>\n<div class=\"edgtf-pli-text-holder\" >\n\t<div class=\"edgtf-pli-text-wrapper\">\n\t\t<div class=\"edgtf-pli-text\">\n\t\t\t\t<h4 itemprop=\"name\" class=\"edgtf-pli-title entry-title\" >\n\t\tMALI TWIST\t<\/h4>\n\n\t\t\t\t\t<div class=\"edgtf-pli-category-holder\">\n\t\t\t\t\t\t\t<a itemprop=\"url\" class=\"edgtf-pli-category\" href=\"https:\/\/lamostradevalencia.com\/ca\/categoria-portfolio-1\/festival-2022-ca\/\">Festival 2022<\/a>\n\t\t\t\t\t\t\t<a itemprop=\"url\" class=\"edgtf-pli-category\" href=\"https:\/\/lamostradevalencia.com\/ca\/categoria-portfolio-1\/palmera-dhonor-2022\/\">Palmera d&#039;Honor 2022. Robert Gu\u00e9diguian<\/a>\n\t\t\t\t\t<\/div>\n\t\n\t\t\t\n\t\t\t\t\t<\/div>\n\t<\/div>\n<\/div>\n\t\t<a itemprop=\"url\" class=\"edgtf-pli-link edgtf-block-drag-link\" href=\"https:\/\/lamostradevalencia.com\/ca\/peliculas\/mali-twist\/\" target=\"_self\"><\/a>\n\t<\/div>\n<\/article>\t<\/div>\n\t\n\t<\/div>[\/vc_column][\/vc_row]<\/p>\n<\/div>","protected":false},"excerpt":{"rendered":"MALI TWIST Twist \u00e0 Bamako Francia, Italia, Canad\u00e1, Senegal, Mali. 2021. Color. 129\u2019. VOSE PALMERA D&#039;HONOR. ROBERT GU\u00c9DIGUIAN En la d\u00e8cada de 1960, just despr\u00e9s [...]","protected":false},"author":1,"featured_media":0,"parent":13888,"menu_order":11,"comment_status":"closed","ping_status":"closed","template":"full-width.php","meta":{"_uag_custom_page_level_css":"","_jet_sm_ready_style":"","_jet_sm_style":"","_jet_sm_controls_values":"","_jet_sm_fonts_collection":"","_jet_sm_fonts_links":"","footnotes":""},"class_list":["post-13937","page","type-page","status-publish","hentry"],"yoast_head":"<!-- This site is optimized with the Yoast SEO plugin v27.5 - https:\/\/yoast.com\/product\/yoast-seo-wordpress\/ -->\n<title>Palmera d\u2019Honor. Robert Gu\u00e9diguian - Mostra de Val\u00e8ncia<\/title>\n<meta name=\"robots\" content=\"index, follow, max-snippet:-1, max-image-preview:large, max-video-preview:-1\" \/>\n<link rel=\"canonical\" href=\"https:\/\/lamostradevalencia.com\/ca\/edicio-2022\/palmera-dhonor-2022\/\" \/>\n<meta property=\"og:locale\" content=\"ca_ES\" \/>\n<meta property=\"og:type\" content=\"article\" \/>\n<meta property=\"og:title\" content=\"Palmera d\u2019Honor. Robert Gu\u00e9diguian - Mostra de Val\u00e8ncia\" \/>\n<meta property=\"og:url\" content=\"https:\/\/lamostradevalencia.com\/ca\/edicio-2022\/palmera-dhonor-2022\/\" \/>\n<meta property=\"og:site_name\" content=\"Mostra de Val\u00e8ncia\" \/>\n<meta property=\"article:modified_time\" content=\"2022-09-18T17:00:34+00:00\" \/>\n<meta name=\"twitter:card\" content=\"summary_large_image\" \/>\n<script type=\"application\/ld+json\" class=\"yoast-schema-graph\">{\"@context\":\"https:\\\/\\\/schema.org\",\"@graph\":[{\"@type\":\"WebPage\",\"@id\":\"https:\\\/\\\/lamostradevalencia.com\\\/ca\\\/edicio-2022\\\/palmera-dhonor-2022\\\/\",\"url\":\"https:\\\/\\\/lamostradevalencia.com\\\/ca\\\/edicio-2022\\\/palmera-dhonor-2022\\\/\",\"name\":\"Palmera d\u2019Honor. Robert Gu\u00e9diguian - Mostra de Val\u00e8ncia\",\"isPartOf\":{\"@id\":\"https:\\\/\\\/lamostradevalencia.com\\\/ca\\\/#website\"},\"datePublished\":\"2022-08-19T10:57:19+00:00\",\"dateModified\":\"2022-09-18T17:00:34+00:00\",\"breadcrumb\":{\"@id\":\"https:\\\/\\\/lamostradevalencia.com\\\/ca\\\/edicio-2022\\\/palmera-dhonor-2022\\\/#breadcrumb\"},\"inLanguage\":\"ca\",\"potentialAction\":[{\"@type\":\"ReadAction\",\"target\":[\"https:\\\/\\\/lamostradevalencia.com\\\/ca\\\/edicio-2022\\\/palmera-dhonor-2022\\\/\"]}]},{\"@type\":\"BreadcrumbList\",\"@id\":\"https:\\\/\\\/lamostradevalencia.com\\\/ca\\\/edicio-2022\\\/palmera-dhonor-2022\\\/#breadcrumb\",\"itemListElement\":[{\"@type\":\"ListItem\",\"position\":1,\"name\":\"Portada\",\"item\":\"https:\\\/\\\/lamostradevalencia.com\\\/ca\\\/\"},{\"@type\":\"ListItem\",\"position\":2,\"name\":\"Edici\u00f3 2022\",\"item\":\"https:\\\/\\\/lamostradevalencia.com\\\/ca\\\/edicio-2022\\\/\"},{\"@type\":\"ListItem\",\"position\":3,\"name\":\"Palmera d\u2019Honor. Robert Gu\u00e9diguian\"}]},{\"@type\":\"WebSite\",\"@id\":\"https:\\\/\\\/lamostradevalencia.com\\\/ca\\\/#website\",\"url\":\"https:\\\/\\\/lamostradevalencia.com\\\/ca\\\/\",\"name\":\"Mostra de Val\u00e8ncia\",\"description\":\"Cinema del Mediterrani\",\"potentialAction\":[{\"@type\":\"SearchAction\",\"target\":{\"@type\":\"EntryPoint\",\"urlTemplate\":\"https:\\\/\\\/lamostradevalencia.com\\\/ca\\\/?s={search_term_string}\"},\"query-input\":{\"@type\":\"PropertyValueSpecification\",\"valueRequired\":true,\"valueName\":\"search_term_string\"}}],\"inLanguage\":\"ca\"}]}<\/script>\n<!-- \/ Yoast SEO plugin. -->","yoast_head_json":{"title":"Palmera d\u2019Honor. Robert Gu\u00e9diguian - Mostra de Val\u00e8ncia","robots":{"index":"index","follow":"follow","max-snippet":"max-snippet:-1","max-image-preview":"max-image-preview:large","max-video-preview":"max-video-preview:-1"},"canonical":"https:\/\/lamostradevalencia.com\/ca\/edicio-2022\/palmera-dhonor-2022\/","og_locale":"ca_ES","og_type":"article","og_title":"Palmera d\u2019Honor. Robert Gu\u00e9diguian - Mostra de Val\u00e8ncia","og_url":"https:\/\/lamostradevalencia.com\/ca\/edicio-2022\/palmera-dhonor-2022\/","og_site_name":"Mostra de Val\u00e8ncia","article_modified_time":"2022-09-18T17:00:34+00:00","twitter_card":"summary_large_image","schema":{"@context":"https:\/\/schema.org","@graph":[{"@type":"WebPage","@id":"https:\/\/lamostradevalencia.com\/ca\/edicio-2022\/palmera-dhonor-2022\/","url":"https:\/\/lamostradevalencia.com\/ca\/edicio-2022\/palmera-dhonor-2022\/","name":"Palmera d\u2019Honor. Robert Gu\u00e9diguian - Mostra de Val\u00e8ncia","isPartOf":{"@id":"https:\/\/lamostradevalencia.com\/ca\/#website"},"datePublished":"2022-08-19T10:57:19+00:00","dateModified":"2022-09-18T17:00:34+00:00","breadcrumb":{"@id":"https:\/\/lamostradevalencia.com\/ca\/edicio-2022\/palmera-dhonor-2022\/#breadcrumb"},"inLanguage":"ca","potentialAction":[{"@type":"ReadAction","target":["https:\/\/lamostradevalencia.com\/ca\/edicio-2022\/palmera-dhonor-2022\/"]}]},{"@type":"BreadcrumbList","@id":"https:\/\/lamostradevalencia.com\/ca\/edicio-2022\/palmera-dhonor-2022\/#breadcrumb","itemListElement":[{"@type":"ListItem","position":1,"name":"Portada","item":"https:\/\/lamostradevalencia.com\/ca\/"},{"@type":"ListItem","position":2,"name":"Edici\u00f3 2022","item":"https:\/\/lamostradevalencia.com\/ca\/edicio-2022\/"},{"@type":"ListItem","position":3,"name":"Palmera d\u2019Honor. Robert Gu\u00e9diguian"}]},{"@type":"WebSite","@id":"https:\/\/lamostradevalencia.com\/ca\/#website","url":"https:\/\/lamostradevalencia.com\/ca\/","name":"Mostra de Val\u00e8ncia","description":"Cinema del Mediterrani","potentialAction":[{"@type":"SearchAction","target":{"@type":"EntryPoint","urlTemplate":"https:\/\/lamostradevalencia.com\/ca\/?s={search_term_string}"},"query-input":{"@type":"PropertyValueSpecification","valueRequired":true,"valueName":"search_term_string"}}],"inLanguage":"ca"}]}},"uagb_featured_image_src":{"full":false,"thumbnail":false,"medium":false,"medium_large":false,"large":false,"1536x1536":false,"2048x2048":false,"cinerama_edge_image_square":false,"cinerama_edge_image_landscape":false,"cinerama_edge_image_portrait":false,"cinerama_edge_image_huge":false,"gform-image-choice-sm":false,"gform-image-choice-md":false,"gform-image-choice-lg":false},"uagb_author_info":{"display_name":"Mostra de Val\u00e8ncia","author_link":"https:\/\/lamostradevalencia.com\/ca\/author\/mostravalencia\/"},"uagb_comment_info":0,"uagb_excerpt":null,"_links":{"self":[{"href":"https:\/\/lamostradevalencia.com\/ca\/wp-json\/wp\/v2\/pages\/13937","targetHints":{"allow":["GET"]}}],"collection":[{"href":"https:\/\/lamostradevalencia.com\/ca\/wp-json\/wp\/v2\/pages"}],"about":[{"href":"https:\/\/lamostradevalencia.com\/ca\/wp-json\/wp\/v2\/types\/page"}],"author":[{"embeddable":true,"href":"https:\/\/lamostradevalencia.com\/ca\/wp-json\/wp\/v2\/users\/1"}],"replies":[{"embeddable":true,"href":"https:\/\/lamostradevalencia.com\/ca\/wp-json\/wp\/v2\/comments?post=13937"}],"version-history":[{"count":5,"href":"https:\/\/lamostradevalencia.com\/ca\/wp-json\/wp\/v2\/pages\/13937\/revisions"}],"predecessor-version":[{"id":15205,"href":"https:\/\/lamostradevalencia.com\/ca\/wp-json\/wp\/v2\/pages\/13937\/revisions\/15205"}],"up":[{"embeddable":true,"href":"https:\/\/lamostradevalencia.com\/ca\/wp-json\/wp\/v2\/pages\/13888"}],"wp:attachment":[{"href":"https:\/\/lamostradevalencia.com\/ca\/wp-json\/wp\/v2\/media?parent=13937"}],"curies":[{"name":"wp","href":"https:\/\/api.w.org\/{rel}","templated":true}]}}